{"id":98,"date":"2019-01-25T10:30:51","date_gmt":"2019-01-25T09:30:51","guid":{"rendered":"http:\/\/archiv.siov.sk\/?page_id=98"},"modified":"2025-01-13T11:37:26","modified_gmt":"2025-01-13T10:37:26","slug":"slovenske-narodne-observatorium-odborneho-vzdelavania-a-pripravy","status":"publish","type":"page","link":"https:\/\/archiv.siov.sk\/en\/medzinarodna-spolupraca\/europske-iniciativy\/slovenske-narodne-observatorium-odborneho-vzdelavania-a-pripravy\/","title":{"rendered":"Slovak National Observatory of Vocational Education and Training"},"content":{"rendered":"<div data-elementor-type=\"wp-page\" data-elementor-id=\"98\" class=\"elementor elementor-98\" data-elementor-post-type=\"page\">\n\t\t\t\t\t\t<section class=\"elementor-section elementor-top-section elementor-element elementor-element-5252106 elementor-section-boxed elementor-section-height-default elementor-section-height-default\" data-id=\"5252106\" data-element_type=\"section\" data-e-type=\"section\">\n\t\t\t\t\t\t<div class=\"elementor-container elementor-column-gap-default\">\n\t\t\t\t\t<div class=\"elementor-column elementor-col-100 elementor-top-column elementor-element elementor-element-21f784f\" data-id=\"21f784f\" data-element_type=\"column\" data-e-type=\"column\">\n\t\t\t<div class=\"elementor-widget-wrap elementor-element-populated\">\n\t\t\t\t\t\t<div class=\"elementor-element elementor-element-cf4e337 elementor-widget-divider--view-line elementor-widget elementor-widget-divider\" data-id=\"cf4e337\" data-element_type=\"widget\" data-e-type=\"widget\" data-widget_type=\"divider.default\">\n\t\t\t\t<div class=\"elementor-widget-container\">\n\t\t\t\t\t\t\t<div class=\"elementor-divider\">\n\t\t\t<span class=\"elementor-divider-separator\">\n\t\t\t\t\t\t<\/span>\n\t\t<\/div>\n\t\t\t\t\t\t<\/div>\n\t\t\t\t<\/div>\n\t\t\t\t<div class=\"elementor-element elementor-element-f5a9e03 elementor-widget elementor-widget-heading\" data-id=\"f5a9e03\" data-element_type=\"widget\" data-e-type=\"widget\" data-widget_type=\"heading.default\">\n\t\t\t\t<div class=\"elementor-widget-container\">\n\t\t\t\t\t<h2 class=\"elementor-heading-title elementor-size-default\">Slovak National Observatory of Vocational Education and Training<\/h2>\t\t\t\t<\/div>\n\t\t\t\t<\/div>\n\t\t\t\t\t<\/div>\n\t\t<\/div>\n\t\t\t\t\t<\/div>\n\t\t<\/section>\n\t\t\t\t<section class=\"elementor-section elementor-top-section elementor-element elementor-element-52be9c59 elementor-section-boxed elementor-section-height-default elementor-section-height-default\" data-id=\"52be9c59\" data-element_type=\"section\" data-e-type=\"section\">\n\t\t\t\t\t\t<div class=\"elementor-container elementor-column-gap-default\">\n\t\t\t\t\t<div class=\"elementor-column elementor-col-100 elementor-top-column elementor-element elementor-element-3098c130\" data-id=\"3098c130\" data-element_type=\"column\" data-e-type=\"column\">\n\t\t\t<div class=\"elementor-widget-wrap elementor-element-populated\">\n\t\t\t\t\t\t<div class=\"elementor-element elementor-element-1ac0fb33 elementor-widget elementor-widget-text-editor\" data-id=\"1ac0fb33\" data-element_type=\"widget\" data-e-type=\"widget\" data-widget_type=\"text-editor.default\">\n\t\t\t\t<div class=\"elementor-widget-container\">\n\t\t\t\t\t\t\t\t\t<p style=\"text-align: justify;\"><strong>Slovak National Observatory of Vocational Education and Training<\/strong> (SNO) was established by\u00a0<a href=\"http:\/\/www.etf.europa.eu\/web.nsf\/pages\/home\">the European Training Foundation (ETF)<\/a>\u00a0in Turin in cooperation with the Ministry of Education and the Ministry of Labour, Social Affairs and Family. The SNO office started functioning on 1 August 1998 at the State Institute of Vocational Education, the SNO\u2019s hosting institution.<\/p><p style=\"text-align: justify;\">The SNO focused on collecting, analysing and disseminating information about vocational education in the Slovak Republic and confronted it with the situation in the European Union (EU) and other countries seeking to join the EU.<\/p><p style=\"text-align: justify;\">As part of Slovakia\u2019s integration process into EU structures, the observatory expanded its activities to include cooperation with the\u00a0<a href=\"http:\/\/www.cedefop.europa.eu\/\">European Centre for the Development of Vocational Education (Cedefop)<\/a>.<\/p><p style=\"text-align: justify;\">After Slovakia acceded to the EU, the SNO switched to full cooperation with Cedefop and became the national coordinator of Cedefop\u2019s ReferNet network in Slovakia. The network\u2019s task is to collect, process and disseminate information on developments in vocational education in EU countries, and support contacts between experts and key organisations.<\/p><p style=\"text-align: justify;\">You can access information about the activities and products of the ReferNet network by clicking on the link\u00a0<a href=\"http:\/\/www.refernet.sk\/\">http:\/\/www.refernet.sk\/<\/a>.<\/p>\t\t\t\t\t\t\t\t<\/div>\n\t\t\t\t<\/div>\n\t\t\t\t\t<\/div>\n\t\t<\/div>\n\t\t\t\t\t<\/div>\n\t\t<\/section>\n\t\t\t\t<\/div>","protected":false},"excerpt":{"rendered":"<p>Slovensk\u00e9 n\u00e1rodn\u00e9 observat\u00f3rium odborn\u00e9ho vzdel\u00e1vania a pr\u00edpravy Slovensk\u00e9 n\u00e1rodn\u00e9 observat\u00f3rium odborn\u00e9ho vzdel\u00e1vania a pr\u00edpravy (SNO) bolo zriaden\u00e9\u00a0Eur\u00f3pskou vzdel\u00e1vacou nad\u00e1ciou (ETF)\u00a0v Tur\u00edne v spolupr\u00e1ci s Ministerstvom \u0161kolstva a Ministerstvom pr\u00e1ce, soci\u00e1lnych vec\u00ed a rodiny. Kancel\u00e1ria SNO za\u010dala fungova\u0165 od 1. augusta 1998 na \u0160IOV-e ako hostite\u013eskej organiz\u00e1cii observat\u00f3ria. Cie\u013eom SNO bolo zhroma\u017e\u010fova\u0165, analyzova\u0165 a \u0161\u00edri\u0165 inform\u00e1cie [&hellip;]<\/p>\n","protected":false},"author":1,"featured_media":0,"parent":87,"menu_order":0,"comment_status":"closed","ping_status":"closed","template":"","meta":{"site-sidebar-layout":"default","site-content-layout":"default","ast-site-content-layout":"default","site-content-style":"default","site-sidebar-style":"default","ast-global-header-display":"","ast-banner-title-visibility":"","ast-main-header-display":"","ast-hfb-above-header-display":"","ast-hfb-below-header-display":"","ast-hfb-mobile-header-display":"","site-post-title":"disabled","ast-breadcrumbs-content":"","ast-featured-img":"","footer-sml-layout":"","ast-disable-related-posts":"","theme-transparent-header-meta":"default","adv-header-id-meta":"","stick-header-meta":"","header-above-stick-meta":"","header-main-stick-meta":"","header-below-stick-meta":"","astra-migrate-meta-layouts":"default","ast-page-background-enabled":"default","ast-page-background-meta":{"desktop":{"background-color":"var(--ast-global-color-4)","background-image":"","background-repeat":"repeat","background-position":"center center","background-size":"auto","background-attachment":"scroll","background-type":"","background-media":"","overlay-type":"","overlay-color":"","overlay-opacity":"","overlay-gradient":""},"tablet":{"background-color":"","background-image":"","background-repeat":"repeat","background-position":"center center","background-size":"auto","background-attachment":"scroll","background-type":"","background-media":"","overlay-type":"","overlay-color":"","overlay-opacity":"","overlay-gradient":""},"mobile":{"background-color":"","background-image":"","background-repeat":"repeat","background-position":"center center","background-size":"auto","background-attachment":"scroll","background-type":"","background-media":"","overlay-type":"","overlay-color":"","overlay-opacity":"","overlay-gradient":""}},"ast-content-background-meta":{"desktop":{"background-color":"var(--ast-global-color-5)","background-image":"","background-repeat":"repeat","background-position":"center center","background-size":"auto","background-attachment":"scroll","background-type":"","background-media":"","overlay-type":"","overlay-color":"","overlay-opacity":"","overlay-gradient":""},"tablet":{"background-color":"var(--ast-global-color-5)","background-image":"","background-repeat":"repeat","background-position":"center center","background-size":"auto","background-attachment":"scroll","background-type":"","background-media":"","overlay-type":"","overlay-color":"","overlay-opacity":"","overlay-gradient":""},"mobile":{"background-color":"var(--ast-global-color-5)","background-image":"","background-repeat":"repeat","background-position":"center center","background-size":"auto","background-attachment":"scroll","background-type":"","background-media":"","overlay-type":"","overlay-color":"","overlay-opacity":"","overlay-gradient":""}},"footnotes":""},"class_list":["post-98","page","type-page","status-publish","hentry"],"yoast_head":"<!-- This site is optimized with the Yoast SEO plugin v27.5 - https:\/\/yoast.com\/product\/yoast-seo-wordpress\/ -->\n<title>Slovensk\u00e9 n\u00e1rodn\u00e9 observat\u00f3rium odborn\u00e9ho vzdel\u00e1vania a pr\u00edpravy - \u0160IOV - \u0161t\u00e1tny in\u0161tit\u00fat odborn\u00e9ho vzdel\u00e1vania<\/title>\n<meta name=\"robots\" content=\"index, follow, max-snippet:-1, max-image-preview:large, max-video-preview:-1\" \/>\n<link rel=\"canonical\" href=\"https:\/\/archiv.siov.sk\/en\/medzinarodna-spolupraca\/europske-iniciativy\/slovenske-narodne-observatorium-odborneho-vzdelavania-a-pripravy\/\" \/>\n<meta property=\"og:locale\" content=\"en_GB\" \/>\n<meta property=\"og:type\" content=\"article\" \/>\n<meta property=\"og:title\" content=\"Slovensk\u00e9 n\u00e1rodn\u00e9 observat\u00f3rium odborn\u00e9ho vzdel\u00e1vania a pr\u00edpravy - \u0160IOV - \u0161t\u00e1tny in\u0161tit\u00fat odborn\u00e9ho vzdel\u00e1vania\" \/>\n<meta property=\"og:description\" content=\"Slovensk\u00e9 n\u00e1rodn\u00e9 observat\u00f3rium odborn\u00e9ho vzdel\u00e1vania a pr\u00edpravy Slovensk\u00e9 n\u00e1rodn\u00e9 observat\u00f3rium odborn\u00e9ho vzdel\u00e1vania a pr\u00edpravy (SNO) bolo zriaden\u00e9\u00a0Eur\u00f3pskou vzdel\u00e1vacou nad\u00e1ciou (ETF)\u00a0v Tur\u00edne v spolupr\u00e1ci s Ministerstvom \u0161kolstva a Ministerstvom pr\u00e1ce, soci\u00e1lnych vec\u00ed a rodiny. Kancel\u00e1ria SNO za\u010dala fungova\u0165 od 1. augusta 1998 na \u0160IOV-e ako hostite\u013eskej organiz\u00e1cii observat\u00f3ria. Cie\u013eom SNO bolo zhroma\u017e\u010fova\u0165, analyzova\u0165 a \u0161\u00edri\u0165 inform\u00e1cie [&hellip;]\" \/>\n<meta property=\"og:url\" content=\"https:\/\/archiv.siov.sk\/en\/medzinarodna-spolupraca\/europske-iniciativy\/slovenske-narodne-observatorium-odborneho-vzdelavania-a-pripravy\/\" \/>\n<meta property=\"og:site_name\" content=\"\u0160IOV - \u0161t\u00e1tny in\u0161tit\u00fat odborn\u00e9ho vzdel\u00e1vania\" \/>\n<meta property=\"article:publisher\" content=\"https:\/\/www.facebook.com\/Statnyinstitutodbornehovzdelavania\" \/>\n<meta property=\"article:modified_time\" content=\"2025-01-13T10:37:26+00:00\" \/>\n<meta name=\"twitter:card\" content=\"summary_large_image\" \/>\n<meta name=\"twitter:label1\" content=\"Estimated reading time\" \/>\n\t<meta name=\"twitter:data1\" content=\"1 minute\" \/>\n<script type=\"application\/ld+json\" class=\"yoast-schema-graph\">{\"@context\":\"https:\\\/\\\/schema.org\",\"@graph\":[{\"@type\":\"WebPage\",\"@id\":\"https:\\\/\\\/archiv.siov.sk\\\/medzinarodna-spolupraca\\\/europske-iniciativy\\\/slovenske-narodne-observatorium-odborneho-vzdelavania-a-pripravy\\\/\",\"url\":\"https:\\\/\\\/archiv.siov.sk\\\/medzinarodna-spolupraca\\\/europske-iniciativy\\\/slovenske-narodne-observatorium-odborneho-vzdelavania-a-pripravy\\\/\",\"name\":\"Slovensk\u00e9 n\u00e1rodn\u00e9 observat\u00f3rium odborn\u00e9ho vzdel\u00e1vania a pr\u00edpravy - \u0160IOV - \u0161t\u00e1tny in\u0161tit\u00fat odborn\u00e9ho vzdel\u00e1vania\",\"isPartOf\":{\"@id\":\"https:\\\/\\\/archiv.siov.sk\\\/#website\"},\"datePublished\":\"2019-01-25T09:30:51+00:00\",\"dateModified\":\"2025-01-13T10:37:26+00:00\",\"breadcrumb\":{\"@id\":\"https:\\\/\\\/archiv.siov.sk\\\/medzinarodna-spolupraca\\\/europske-iniciativy\\\/slovenske-narodne-observatorium-odborneho-vzdelavania-a-pripravy\\\/#breadcrumb\"},\"inLanguage\":\"en-GB\",\"potentialAction\":[{\"@type\":\"ReadAction\",\"target\":[\"https:\\\/\\\/archiv.siov.sk\\\/medzinarodna-spolupraca\\\/europske-iniciativy\\\/slovenske-narodne-observatorium-odborneho-vzdelavania-a-pripravy\\\/\"]}]},{\"@type\":\"BreadcrumbList\",\"@id\":\"https:\\\/\\\/archiv.siov.sk\\\/medzinarodna-spolupraca\\\/europske-iniciativy\\\/slovenske-narodne-observatorium-odborneho-vzdelavania-a-pripravy\\\/#breadcrumb\",\"itemListElement\":[{\"@type\":\"ListItem\",\"position\":1,\"name\":\"Home\",\"item\":\"https:\\\/\\\/archiv.siov.sk\\\/\"},{\"@type\":\"ListItem\",\"position\":2,\"name\":\"Medzin\u00e1rodn\u00e1 spolupr\u00e1ca\",\"item\":\"https:\\\/\\\/archiv.siov.sk\\\/en\\\/medzinarodna-spolupraca\\\/\"},{\"@type\":\"ListItem\",\"position\":3,\"name\":\"Eur\u00f3pske iniciat\u00edvy\",\"item\":\"https:\\\/\\\/archiv.siov.sk\\\/en\\\/medzinarodna-spolupraca\\\/europske-iniciativy\\\/\"},{\"@type\":\"ListItem\",\"position\":4,\"name\":\"Slovensk\u00e9 n\u00e1rodn\u00e9 observat\u00f3rium odborn\u00e9ho vzdel\u00e1vania a pr\u00edpravy\"}]},{\"@type\":\"WebSite\",\"@id\":\"https:\\\/\\\/archiv.siov.sk\\\/#website\",\"url\":\"https:\\\/\\\/archiv.siov.sk\\\/\",\"name\":\"\u0160IOV - \u0161t\u00e1tny in\u0161tit\u00fat odborn\u00e9ho vzdel\u00e1vania\",\"description\":\"\",\"publisher\":{\"@id\":\"https:\\\/\\\/archiv.siov.sk\\\/#organization\"},\"potentialAction\":[{\"@type\":\"SearchAction\",\"target\":{\"@type\":\"EntryPoint\",\"urlTemplate\":\"https:\\\/\\\/archiv.siov.sk\\\/?s={search_term_string}\"},\"query-input\":{\"@type\":\"PropertyValueSpecification\",\"valueRequired\":true,\"valueName\":\"search_term_string\"}}],\"inLanguage\":\"en-GB\"},{\"@type\":\"Organization\",\"@id\":\"https:\\\/\\\/archiv.siov.sk\\\/#organization\",\"name\":\"\u0160IOV - \u0161t\u00e1tny in\u0161tit\u00fat odborn\u00e9ho vzdel\u00e1vania\",\"url\":\"https:\\\/\\\/archiv.siov.sk\\\/\",\"logo\":{\"@type\":\"ImageObject\",\"inLanguage\":\"en-GB\",\"@id\":\"https:\\\/\\\/archiv.siov.sk\\\/#\\\/schema\\\/logo\\\/image\\\/\",\"url\":\"https:\\\/\\\/archiv.siov.sk\\\/wp-content\\\/uploads\\\/2024\\\/02\\\/logo-SIOV.png\",\"contentUrl\":\"https:\\\/\\\/archiv.siov.sk\\\/wp-content\\\/uploads\\\/2024\\\/02\\\/logo-SIOV.png\",\"width\":431,\"height\":143,\"caption\":\"\u0160IOV - \u0161t\u00e1tny in\u0161tit\u00fat odborn\u00e9ho vzdel\u00e1vania\"},\"image\":{\"@id\":\"https:\\\/\\\/archiv.siov.sk\\\/#\\\/schema\\\/logo\\\/image\\\/\"},\"sameAs\":[\"https:\\\/\\\/www.facebook.com\\\/Statnyinstitutodbornehovzdelavania\"]}]}<\/script>\n<!-- \/ Yoast SEO plugin. -->","yoast_head_json":{"title":"Slovensk\u00e9 n\u00e1rodn\u00e9 observat\u00f3rium odborn\u00e9ho vzdel\u00e1vania a pr\u00edpravy - \u0160IOV - \u0161t\u00e1tny in\u0161tit\u00fat odborn\u00e9ho vzdel\u00e1vania","robots":{"index":"index","follow":"follow","max-snippet":"max-snippet:-1","max-image-preview":"max-image-preview:large","max-video-preview":"max-video-preview:-1"},"canonical":"https:\/\/archiv.siov.sk\/en\/medzinarodna-spolupraca\/europske-iniciativy\/slovenske-narodne-observatorium-odborneho-vzdelavania-a-pripravy\/","og_locale":"en_GB","og_type":"article","og_title":"Slovensk\u00e9 n\u00e1rodn\u00e9 observat\u00f3rium odborn\u00e9ho vzdel\u00e1vania a pr\u00edpravy - \u0160IOV - \u0161t\u00e1tny in\u0161tit\u00fat odborn\u00e9ho vzdel\u00e1vania","og_description":"Slovensk\u00e9 n\u00e1rodn\u00e9 observat\u00f3rium odborn\u00e9ho vzdel\u00e1vania a pr\u00edpravy Slovensk\u00e9 n\u00e1rodn\u00e9 observat\u00f3rium odborn\u00e9ho vzdel\u00e1vania a pr\u00edpravy (SNO) bolo zriaden\u00e9\u00a0Eur\u00f3pskou vzdel\u00e1vacou nad\u00e1ciou (ETF)\u00a0v Tur\u00edne v spolupr\u00e1ci s Ministerstvom \u0161kolstva a Ministerstvom pr\u00e1ce, soci\u00e1lnych vec\u00ed a rodiny. Kancel\u00e1ria SNO za\u010dala fungova\u0165 od 1. augusta 1998 na \u0160IOV-e ako hostite\u013eskej organiz\u00e1cii observat\u00f3ria. Cie\u013eom SNO bolo zhroma\u017e\u010fova\u0165, analyzova\u0165 a \u0161\u00edri\u0165 inform\u00e1cie [&hellip;]","og_url":"https:\/\/archiv.siov.sk\/en\/medzinarodna-spolupraca\/europske-iniciativy\/slovenske-narodne-observatorium-odborneho-vzdelavania-a-pripravy\/","og_site_name":"\u0160IOV - \u0161t\u00e1tny in\u0161tit\u00fat odborn\u00e9ho vzdel\u00e1vania","article_publisher":"https:\/\/www.facebook.com\/Statnyinstitutodbornehovzdelavania","article_modified_time":"2025-01-13T10:37:26+00:00","twitter_card":"summary_large_image","twitter_misc":{"Estimated reading time":"1 minute"},"schema":{"@context":"https:\/\/schema.org","@graph":[{"@type":"WebPage","@id":"https:\/\/archiv.siov.sk\/medzinarodna-spolupraca\/europske-iniciativy\/slovenske-narodne-observatorium-odborneho-vzdelavania-a-pripravy\/","url":"https:\/\/archiv.siov.sk\/medzinarodna-spolupraca\/europske-iniciativy\/slovenske-narodne-observatorium-odborneho-vzdelavania-a-pripravy\/","name":"Slovensk\u00e9 n\u00e1rodn\u00e9 observat\u00f3rium odborn\u00e9ho vzdel\u00e1vania a pr\u00edpravy - \u0160IOV - \u0161t\u00e1tny in\u0161tit\u00fat odborn\u00e9ho vzdel\u00e1vania","isPartOf":{"@id":"https:\/\/archiv.siov.sk\/#website"},"datePublished":"2019-01-25T09:30:51+00:00","dateModified":"2025-01-13T10:37:26+00:00","breadcrumb":{"@id":"https:\/\/archiv.siov.sk\/medzinarodna-spolupraca\/europske-iniciativy\/slovenske-narodne-observatorium-odborneho-vzdelavania-a-pripravy\/#breadcrumb"},"inLanguage":"en-GB","potentialAction":[{"@type":"ReadAction","target":["https:\/\/archiv.siov.sk\/medzinarodna-spolupraca\/europske-iniciativy\/slovenske-narodne-observatorium-odborneho-vzdelavania-a-pripravy\/"]}]},{"@type":"BreadcrumbList","@id":"https:\/\/archiv.siov.sk\/medzinarodna-spolupraca\/europske-iniciativy\/slovenske-narodne-observatorium-odborneho-vzdelavania-a-pripravy\/#breadcrumb","itemListElement":[{"@type":"ListItem","position":1,"name":"Home","item":"https:\/\/archiv.siov.sk\/"},{"@type":"ListItem","position":2,"name":"Medzin\u00e1rodn\u00e1 spolupr\u00e1ca","item":"https:\/\/archiv.siov.sk\/en\/medzinarodna-spolupraca\/"},{"@type":"ListItem","position":3,"name":"Eur\u00f3pske iniciat\u00edvy","item":"https:\/\/archiv.siov.sk\/en\/medzinarodna-spolupraca\/europske-iniciativy\/"},{"@type":"ListItem","position":4,"name":"Slovensk\u00e9 n\u00e1rodn\u00e9 observat\u00f3rium odborn\u00e9ho vzdel\u00e1vania a pr\u00edpravy"}]},{"@type":"WebSite","@id":"https:\/\/archiv.siov.sk\/#website","url":"https:\/\/archiv.siov.sk\/","name":"\u0160IOV - \u0161t\u00e1tny in\u0161tit\u00fat odborn\u00e9ho vzdel\u00e1vania","description":"","publisher":{"@id":"https:\/\/archiv.siov.sk\/#organization"},"potentialAction":[{"@type":"SearchAction","target":{"@type":"EntryPoint","urlTemplate":"https:\/\/archiv.siov.sk\/?s={search_term_string}"},"query-input":{"@type":"PropertyValueSpecification","valueRequired":true,"valueName":"search_term_string"}}],"inLanguage":"en-GB"},{"@type":"Organization","@id":"https:\/\/archiv.siov.sk\/#organization","name":"\u0160IOV - \u0161t\u00e1tny in\u0161tit\u00fat odborn\u00e9ho vzdel\u00e1vania","url":"https:\/\/archiv.siov.sk\/","logo":{"@type":"ImageObject","inLanguage":"en-GB","@id":"https:\/\/archiv.siov.sk\/#\/schema\/logo\/image\/","url":"https:\/\/archiv.siov.sk\/wp-content\/uploads\/2024\/02\/logo-SIOV.png","contentUrl":"https:\/\/archiv.siov.sk\/wp-content\/uploads\/2024\/02\/logo-SIOV.png","width":431,"height":143,"caption":"\u0160IOV - \u0161t\u00e1tny in\u0161tit\u00fat odborn\u00e9ho vzdel\u00e1vania"},"image":{"@id":"https:\/\/archiv.siov.sk\/#\/schema\/logo\/image\/"},"sameAs":["https:\/\/www.facebook.com\/Statnyinstitutodbornehovzdelavania"]}]}},"_links":{"self":[{"href":"https:\/\/archiv.siov.sk\/en\/wp-json\/wp\/v2\/pages\/98","targetHints":{"allow":["GET"]}}],"collection":[{"href":"https:\/\/archiv.siov.sk\/en\/wp-json\/wp\/v2\/pages"}],"about":[{"href":"https:\/\/archiv.siov.sk\/en\/wp-json\/wp\/v2\/types\/page"}],"author":[{"embeddable":true,"href":"https:\/\/archiv.siov.sk\/en\/wp-json\/wp\/v2\/users\/1"}],"replies":[{"embeddable":true,"href":"https:\/\/archiv.siov.sk\/en\/wp-json\/wp\/v2\/comments?post=98"}],"version-history":[{"count":18,"href":"https:\/\/archiv.siov.sk\/en\/wp-json\/wp\/v2\/pages\/98\/revisions"}],"predecessor-version":[{"id":17590,"href":"https:\/\/archiv.siov.sk\/en\/wp-json\/wp\/v2\/pages\/98\/revisions\/17590"}],"up":[{"embeddable":true,"href":"https:\/\/archiv.siov.sk\/en\/wp-json\/wp\/v2\/pages\/87"}],"wp:attachment":[{"href":"https:\/\/archiv.siov.sk\/en\/wp-json\/wp\/v2\/media?parent=98"}],"curies":[{"name":"wp","href":"https:\/\/api.w.org\/{rel}","templated":true}]}}