{"id":91,"date":"2019-01-25T10:25:59","date_gmt":"2019-01-25T09:25:59","guid":{"rendered":"http:\/\/archiv.siov.sk\/?page_id=91"},"modified":"2021-07-27T08:45:24","modified_gmt":"2021-07-27T06:45:24","slug":"narodne-koordinacne-miesto-pre-ekr","status":"publish","type":"page","link":"https:\/\/archiv.siov.sk\/en\/medzinarodna-spolupraca\/europske-iniciativy\/narodne-koordinacne-miesto-pre-ekr\/","title":{"rendered":"National Coordination Point for the EQF"},"content":{"rendered":"<div data-elementor-type=\"wp-page\" data-elementor-id=\"91\" class=\"elementor elementor-91\" data-elementor-post-type=\"page\">\n\t\t\t\t\t\t<section class=\"elementor-section elementor-top-section elementor-element elementor-element-0c4a5b9 elementor-section-boxed elementor-section-height-default elementor-section-height-default\" data-id=\"0c4a5b9\" data-element_type=\"section\" data-e-type=\"section\">\n\t\t\t\t\t\t<div class=\"elementor-container elementor-column-gap-default\">\n\t\t\t\t\t<div class=\"elementor-column elementor-col-100 elementor-top-column elementor-element elementor-element-fb78dea\" data-id=\"fb78dea\" data-element_type=\"column\" data-e-type=\"column\">\n\t\t\t<div class=\"elementor-widget-wrap elementor-element-populated\">\n\t\t\t\t\t\t<div class=\"elementor-element elementor-element-142ccdc elementor-widget-divider--view-line elementor-widget elementor-widget-divider\" data-id=\"142ccdc\" data-element_type=\"widget\" data-e-type=\"widget\" data-widget_type=\"divider.default\">\n\t\t\t\t<div class=\"elementor-widget-container\">\n\t\t\t\t\t\t\t<div class=\"elementor-divider\">\n\t\t\t<span class=\"elementor-divider-separator\">\n\t\t\t\t\t\t<\/span>\n\t\t<\/div>\n\t\t\t\t\t\t<\/div>\n\t\t\t\t<\/div>\n\t\t\t\t<div class=\"elementor-element elementor-element-a117069 elementor-widget elementor-widget-heading\" data-id=\"a117069\" data-element_type=\"widget\" data-e-type=\"widget\" data-widget_type=\"heading.default\">\n\t\t\t\t<div class=\"elementor-widget-container\">\n\t\t\t\t\t<h2 class=\"elementor-heading-title elementor-size-default\">National Coordination Point for the EQF<\/h2>\t\t\t\t<\/div>\n\t\t\t\t<\/div>\n\t\t\t\t\t<\/div>\n\t\t<\/div>\n\t\t\t\t\t<\/div>\n\t\t<\/section>\n\t\t\t\t<section class=\"elementor-section elementor-top-section elementor-element elementor-element-14fcfff elementor-section-boxed elementor-section-height-default elementor-section-height-default\" data-id=\"14fcfff\" data-element_type=\"section\" data-e-type=\"section\">\n\t\t\t\t\t\t<div class=\"elementor-container elementor-column-gap-default\">\n\t\t\t\t\t<div class=\"elementor-column elementor-col-100 elementor-top-column elementor-element elementor-element-b59c2dd\" data-id=\"b59c2dd\" data-element_type=\"column\" data-e-type=\"column\">\n\t\t\t<div class=\"elementor-widget-wrap elementor-element-populated\">\n\t\t\t\t\t\t<div class=\"elementor-element elementor-element-77c19ba elementor-widget elementor-widget-text-editor\" data-id=\"77c19ba\" data-element_type=\"widget\" data-e-type=\"widget\" data-widget_type=\"text-editor.default\">\n\t\t\t\t<div class=\"elementor-widget-container\">\n\t\t\t\t\t\t\t\t\t<p>Contact: Department of Lifelong Learning<br \/>Head of Department\u00a0<span style=\"font-weight: bold;\">Mgr. \u013dubica G\u00e1llov\u00e1<br \/><\/span>Email:\u00a0<a style=\"background-color: #ffffff;\" href=\"mailto:lubica.gallova@siov.sk\">lubica.gallova@siov.sk<\/a><br \/>Tel:\u00a0<span style=\"font-weight: bold;\">0911 469 793<\/span><\/p>\t\t\t\t\t\t\t\t<\/div>\n\t\t\t\t<\/div>\n\t\t\t\t\t<\/div>\n\t\t<\/div>\n\t\t\t\t\t<\/div>\n\t\t<\/section>\n\t\t\t\t<section class=\"elementor-section elementor-top-section elementor-element elementor-element-1566c9a elementor-section-boxed elementor-section-height-default elementor-section-height-default\" data-id=\"1566c9a\" data-element_type=\"section\" data-e-type=\"section\">\n\t\t\t\t\t\t<div class=\"elementor-container elementor-column-gap-default\">\n\t\t\t\t\t<div class=\"elementor-column elementor-col-100 elementor-top-column elementor-element elementor-element-153568e\" data-id=\"153568e\" data-element_type=\"column\" data-e-type=\"column\">\n\t\t\t<div class=\"elementor-widget-wrap elementor-element-populated\">\n\t\t\t\t\t\t<div class=\"elementor-element elementor-element-2c62025 elementor-widget elementor-widget-text-editor\" data-id=\"2c62025\" data-element_type=\"widget\" data-e-type=\"widget\" data-widget_type=\"text-editor.default\">\n\t\t\t\t<div class=\"elementor-widget-container\">\n\t\t\t\t\t\t\t\t\t<p style=\"font-size: 15px; font-style: normal; font-weight: 400;\"><a href=\"http:\/\/ec.europa.eu\/ploteus\/sites\/eac-eqf\/files\/broch_sk.pdf\"><span style=\"font-weight: bold;\">Eur\u00f3psky kvalifika\u010dn\u00fd r\u00e1mec<\/span><\/a>\u00a0(EQF) for lifelong learning is a common European instrument to support the recognition of learning outcomes and the mobility of individuals across Europe. It was adopted in 2008 as a tool to increase the transparency of qualifications\u00a0<a href=\"http:\/\/eur-lex.europa.eu\/legal-content\/SK\/TXT\/?uri=uriserv%3AOJ.C_.2008.111.01.0001.01.SLK\">Odpor\u00fa\u010dan\u00edm Eur\u00f3pskeho parlamentu a Rady 2008\/C 111\/01\/ES<\/a>, updated in 2017\u00a0<a href=\"https:\/\/ec.europa.eu\/ploteus\/sites\/eac-eqf\/files\/sk.pdf\" target=\"_blank\" rel=\"noopener\">Odpor\u00fa\u010dan\u00edm Eur\u00f3pskeho parlamentu a\u00a0Rady (2017\/C 189\/03)<\/a>.<\/p><p style=\"font-size: 15px; font-style: normal; font-weight: 400;\">The State Institute of Vocational Training was designated as the National Focal Point in February 2014. The main tasks of the NKB are:<\/p><p style=\"font-size: 15px; font-style: normal; font-weight: 400;\">Coordination of the preparation of documents related to the development and implementation of the Slovak Qualifications Framework (SQF) at different stages of its introduction,<\/p><p style=\"font-size: 15px; font-style: normal; font-weight: 400;\">Ensuring transparency of all processes in the development and implementation of the SKKR,<\/p><p style=\"font-size: 15px; font-style: normal; font-weight: 400;\">collaborating on the development of the National Qualifications Framework,<br \/>working together to create the conditions for the recognition of qualifications (validation of non-formal and informal learning),<\/p><p style=\"font-size: 15px; font-style: normal; font-weight: 400;\">Working together to strengthen the use and definition of learning outcomes for the JQF and the description of qualifications, the development of curricula and similar documents,<\/p><p style=\"font-size: 15px; font-style: normal; font-weight: 400;\">making recommendations on the recognition of education and qualifications and on vocational education and training (VET) and lifelong learning (LLL),<\/p><p style=\"font-size: 15px; font-style: normal; font-weight: 400;\">Cooperation in the development of related legal norms in the field of C\u017dV, the National Qualifications Framework and the SKKR,<\/p><p style=\"font-size: 15px; font-style: normal; font-weight: 400;\">informing and strengthening the understanding of the SKKR among the professional and general public in the Slovak Republic and abroad.<\/p><p style=\"font-size: 15px; font-style: normal; font-weight: 400;\">cooperation in strengthening the position, functions and provision of VET and C\u017dV in the Slovak Republic,<\/p><p style=\"font-size: 15px; font-style: normal; font-weight: 400;\">Cooperation on linking the SKKR to other European initiatives and instruments (in particular ECVET and EQAVET),<\/p><p style=\"font-size: 15px; font-style: normal; font-weight: 400;\">\u00a0informing the European Commission on the status of the implementation of the SCCR in its different phases,<\/p><p style=\"font-size: 15px; font-style: normal; font-weight: 400;\">Participation in the EC Advisory Group on the European Qualifications Framework and close cooperation with the EC, Cedefop, Member States and other institutions and organisations in the implementation of the EQF and the EQF,<\/p><p style=\"font-size: 15px; font-style: normal; font-weight: 400;\">cooperation with state and public authorities, social partners, employers, trade unions, students and other stakeholders,<\/p><p style=\"font-size: 15px; font-style: normal; font-weight: 400;\">establishing relations and cooperation with social partners represented by representatives of public administrations, employers, trade unions, students and other stakeholders,<\/p><p style=\"font-size: 15px; font-style: normal; font-weight: 400;\">drafting opinions, providing methodological guidance and advice on the SCCR,<\/p><p style=\"font-size: 15px; font-style: normal; font-weight: 400;\">providing a link to the Lifelong Learning Information System.<\/p><p style=\"font-size: 15px; font-style: normal; font-weight: 400; text-align: justify;\">In October 2017, the NQF, in cooperation with the Department of Lifelong Learning of the Ministry of Education and Science of the Slovak Republic, completed the first stage of the alignment process of the Slovak Qualifications Framework to the European Qualifications Framework by submitting\u00a0<a href=\"https:\/\/ec.europa.eu\/ploteus\/en\/referencing-reports-and-contacts\" target=\"_blank\" rel=\"noopener\">Prira\u010fovacej spr\u00e1vy<\/a>\u00a0to the European Commission, and its endorsement by the EQF Advisory Group.<\/p><p style=\"font-size: 15px; font-style: normal; font-weight: 400;\">In 2018-2020, the European Policy Department (EPD) is implementing the project National Europass centre + European Qualifications Framework 2018-2020 with the support of the European Commission, project number: VS\/2018\/0265; as well as the project Databases and registers for qualifications (EQF-NCPs), project number: VS\/2018\/0188.<\/p>\t\t\t\t\t\t\t\t<\/div>\n\t\t\t\t<\/div>\n\t\t\t\t\t<\/div>\n\t\t<\/div>\n\t\t\t\t\t<\/div>\n\t\t<\/section>\n\t\t\t\t<section class=\"elementor-section elementor-top-section elementor-element elementor-element-0bef7ce elementor-section-content-middle elementor-section-boxed elementor-section-height-default elementor-section-height-default\" data-id=\"0bef7ce\" data-element_type=\"section\" data-e-type=\"section\">\n\t\t\t\t\t\t<div class=\"elementor-container elementor-column-gap-default\">\n\t\t\t\t\t<div class=\"elementor-column elementor-col-50 elementor-top-column elementor-element elementor-element-40ce87d\" data-id=\"40ce87d\" data-element_type=\"column\" data-e-type=\"column\">\n\t\t\t<div class=\"elementor-widget-wrap elementor-element-populated\">\n\t\t\t\t\t\t<div class=\"elementor-element elementor-element-577dc59 elementor-shape-rounded elementor-grid-0 e-grid-align-center elementor-widget elementor-widget-social-icons\" data-id=\"577dc59\" data-element_type=\"widget\" data-e-type=\"widget\" data-widget_type=\"social-icons.default\">\n\t\t\t\t<div class=\"elementor-widget-container\">\n\t\t\t\t\t\t\t<div class=\"elementor-social-icons-wrapper elementor-grid\" role=\"list\">\n\t\t\t\t\t\t\t<span class=\"elementor-grid-item\" role=\"listitem\">\n\t\t\t\t\t<a class=\"elementor-icon elementor-social-icon elementor-social-icon-facebook elementor-repeater-item-86496a1\" href=\"https:\/\/www.facebook.com\/TvorbaNSK\/\" target=\"_blank\">\n\t\t\t\t\t\t<span class=\"elementor-screen-only\">Facebook<\/span>\n\t\t\t\t\t\t<i aria-hidden=\"true\" class=\"fab fa-facebook\"><\/i>\t\t\t\t\t<\/a>\n\t\t\t\t<\/span>\n\t\t\t\t\t\t\t<span class=\"elementor-grid-item\" role=\"listitem\">\n\t\t\t\t\t<a class=\"elementor-icon elementor-social-icon elementor-social-icon-windows elementor-repeater-item-cb95b60\" href=\"https:\/\/www.kvalifikacie.sk\/\" target=\"_blank\">\n\t\t\t\t\t\t<span class=\"elementor-screen-only\">Windows<\/span>\n\t\t\t\t\t\t<i aria-hidden=\"true\" class=\"fab fa-windows\"><\/i>\t\t\t\t\t<\/a>\n\t\t\t\t<\/span>\n\t\t\t\t\t<\/div>\n\t\t\t\t\t\t<\/div>\n\t\t\t\t<\/div>\n\t\t\t\t\t<\/div>\n\t\t<\/div>\n\t\t\t\t<div class=\"elementor-column elementor-col-50 elementor-top-column elementor-element elementor-element-db9cb72\" data-id=\"db9cb72\" data-element_type=\"column\" data-e-type=\"column\">\n\t\t\t<div class=\"elementor-widget-wrap elementor-element-populated\">\n\t\t\t\t\t\t<div class=\"elementor-element elementor-element-6b262da elementor-widget elementor-widget-heading\" data-id=\"6b262da\" data-element_type=\"widget\" data-e-type=\"widget\" data-widget_type=\"heading.default\">\n\t\t\t\t<div class=\"elementor-widget-container\">\n\t\t\t\t\t<h4 class=\"elementor-heading-title elementor-size-default\">Spolufinancovan\u00e9 z prostriedkov Eur\u00f3pskej \u00fanie<\/h4>\t\t\t\t<\/div>\n\t\t\t\t<\/div>\n\t\t\t\t<div class=\"elementor-element elementor-element-0fff4af elementor-widget elementor-widget-image\" data-id=\"0fff4af\" data-element_type=\"widget\" data-e-type=\"widget\" data-widget_type=\"image.default\">\n\t\t\t\t<div class=\"elementor-widget-container\">\n\t\t\t\t\t\t\t\t\t\t\t\t\t\t\t<img fetchpriority=\"high\" decoding=\"async\" width=\"600\" height=\"401\" src=\"https:\/\/archiv.siov.sk\/wp-content\/uploads\/2020\/01\/flag_EU_low.jpg\" class=\"attachment-large size-large wp-image-4672\" alt=\"\" srcset=\"https:\/\/archiv.siov.sk\/wp-content\/uploads\/2020\/01\/flag_EU_low.jpg 600w, https:\/\/archiv.siov.sk\/wp-content\/uploads\/2020\/01\/flag_EU_low-300x201.jpg 300w, https:\/\/archiv.siov.sk\/wp-content\/uploads\/2020\/01\/flag_EU_low-480x321.jpg 480w, https:\/\/archiv.siov.sk\/wp-content\/uploads\/2020\/01\/flag_EU_low-272x182.jpg 272w\" sizes=\"(max-width: 600px) 100vw, 600px\" \/>\t\t\t\t\t\t\t\t\t\t\t\t\t\t\t<\/div>\n\t\t\t\t<\/div>\n\t\t\t\t\t<\/div>\n\t\t<\/div>\n\t\t\t\t\t<\/div>\n\t\t<\/section>\n\t\t\t\t<\/div>","protected":false},"excerpt":{"rendered":"<p>N\u00e1rodn\u00e9 koordina\u010dn\u00e9 miesto pre EKR Kontakt: \u00dasek celo\u017eivotn\u00e9ho vzdel\u00e1vaniaVed\u00faca odboru:\u00a0Mgr. \u013dubica G\u00e1llov\u00e1Email:\u00a0lubica.gallova@siov.skTel:\u00a00911 469 793 Eur\u00f3psky kvalifika\u010dn\u00fd r\u00e1mec\u00a0(EKR) pre celo\u017eivotn\u00e9 vzdel\u00e1vanie je spolo\u010dn\u00fdm eur\u00f3pskym n\u00e1strojom podporuj\u00facim uzn\u00e1vanie vzdel\u00e1vac\u00edch v\u00fdstupov a\u00a0mobilitu jednotlivcov naprie\u010d Eur\u00f3pou. Ako n\u00e1stroj zvy\u0161uj\u00faci transparentnos\u0165 kvalifik\u00e1ci\u00ed bol prijat\u00fd v\u00a0roku 2008\u00a0Odpor\u00fa\u010dan\u00edm Eur\u00f3pskeho parlamentu a Rady 2008\/C 111\/01\/ES, v\u00a0roku 2017 aktualizovan\u00fdm\u00a0Odpor\u00fa\u010dan\u00edm Eur\u00f3pskeho parlamentu a\u00a0Rady (2017\/C 189\/03). [&hellip;]<\/p>\n","protected":false},"author":1,"featured_media":0,"parent":87,"menu_order":0,"comment_status":"closed","ping_status":"closed","template":"","meta":{"site-sidebar-layout":"default","site-content-layout":"default","ast-site-content-layout":"default","site-content-style":"default","site-sidebar-style":"default","ast-global-header-display":"","ast-banner-title-visibility":"","ast-main-header-display":"","ast-hfb-above-header-display":"","ast-hfb-below-header-display":"","ast-hfb-mobile-header-display":"","site-post-title":"disabled","ast-breadcrumbs-content":"","ast-featured-img":"","footer-sml-layout":"","ast-disable-related-posts":"","theme-transparent-header-meta":"default","adv-header-id-meta":"","stick-header-meta":"","header-above-stick-meta":"","header-main-stick-meta":"","header-below-stick-meta":"","astra-migrate-meta-layouts":"default","ast-page-background-enabled":"default","ast-page-background-meta":{"desktop":{"background-color":"var(--ast-global-color-4)","background-image":"","background-repeat":"repeat","background-position":"center center","background-size":"auto","background-attachment":"scroll","background-type":"","background-media":"","overlay-type":"","overlay-color":"","overlay-opacity":"","overlay-gradient":""},"tablet":{"background-color":"","background-image":"","background-repeat":"repeat","background-position":"center center","background-size":"auto","background-attachment":"scroll","background-type":"","background-media":"","overlay-type":"","overlay-color":"","overlay-opacity":"","overlay-gradient":""},"mobile":{"background-color":"","background-image":"","background-repeat":"repeat","background-position":"center center","background-size":"auto","background-attachment":"scroll","background-type":"","background-media":"","overlay-type":"","overlay-color":"","overlay-opacity":"","overlay-gradient":""}},"ast-content-background-meta":{"desktop":{"background-color":"var(--ast-global-color-5)","background-image":"","background-repeat":"repeat","background-position":"center center","background-size":"auto","background-attachment":"scroll","background-type":"","background-media":"","overlay-type":"","overlay-color":"","overlay-opacity":"","overlay-gradient":""},"tablet":{"background-color":"var(--ast-global-color-5)","background-image":"","background-repeat":"repeat","background-position":"center center","background-size":"auto","background-attachment":"scroll","background-type":"","background-media":"","overlay-type":"","overlay-color":"","overlay-opacity":"","overlay-gradient":""},"mobile":{"background-color":"var(--ast-global-color-5)","background-image":"","background-repeat":"repeat","background-position":"center center","background-size":"auto","background-attachment":"scroll","background-type":"","background-media":"","overlay-type":"","overlay-color":"","overlay-opacity":"","overlay-gradient":""}},"footnotes":""},"class_list":["post-91","page","type-page","status-publish","hentry"],"yoast_head":"<!-- This site is optimized with the Yoast SEO plugin v27.5 - https:\/\/yoast.com\/product\/yoast-seo-wordpress\/ -->\n<title>N\u00e1rodn\u00e9 koordina\u010dn\u00e9 miesto pre EKR - \u0160IOV - \u0161t\u00e1tny in\u0161tit\u00fat odborn\u00e9ho vzdel\u00e1vania<\/title>\n<meta name=\"robots\" content=\"index, follow, max-snippet:-1, max-image-preview:large, max-video-preview:-1\" \/>\n<link rel=\"canonical\" href=\"https:\/\/archiv.siov.sk\/en\/medzinarodna-spolupraca\/europske-iniciativy\/narodne-koordinacne-miesto-pre-ekr\/\" \/>\n<meta property=\"og:locale\" content=\"en_GB\" \/>\n<meta property=\"og:type\" content=\"article\" \/>\n<meta property=\"og:title\" content=\"N\u00e1rodn\u00e9 koordina\u010dn\u00e9 miesto pre EKR - \u0160IOV - \u0161t\u00e1tny in\u0161tit\u00fat odborn\u00e9ho vzdel\u00e1vania\" \/>\n<meta property=\"og:description\" content=\"N\u00e1rodn\u00e9 koordina\u010dn\u00e9 miesto pre EKR Kontakt: \u00dasek celo\u017eivotn\u00e9ho vzdel\u00e1vaniaVed\u00faca odboru:\u00a0Mgr. \u013dubica G\u00e1llov\u00e1Email:\u00a0lubica.gallova@siov.skTel:\u00a00911 469 793 Eur\u00f3psky kvalifika\u010dn\u00fd r\u00e1mec\u00a0(EKR) pre celo\u017eivotn\u00e9 vzdel\u00e1vanie je spolo\u010dn\u00fdm eur\u00f3pskym n\u00e1strojom podporuj\u00facim uzn\u00e1vanie vzdel\u00e1vac\u00edch v\u00fdstupov a\u00a0mobilitu jednotlivcov naprie\u010d Eur\u00f3pou. Ako n\u00e1stroj zvy\u0161uj\u00faci transparentnos\u0165 kvalifik\u00e1ci\u00ed bol prijat\u00fd v\u00a0roku 2008\u00a0Odpor\u00fa\u010dan\u00edm Eur\u00f3pskeho parlamentu a Rady 2008\/C 111\/01\/ES, v\u00a0roku 2017 aktualizovan\u00fdm\u00a0Odpor\u00fa\u010dan\u00edm Eur\u00f3pskeho parlamentu a\u00a0Rady (2017\/C 189\/03). [&hellip;]\" \/>\n<meta property=\"og:url\" content=\"https:\/\/archiv.siov.sk\/en\/medzinarodna-spolupraca\/europske-iniciativy\/narodne-koordinacne-miesto-pre-ekr\/\" \/>\n<meta property=\"og:site_name\" content=\"\u0160IOV - \u0161t\u00e1tny in\u0161tit\u00fat odborn\u00e9ho vzdel\u00e1vania\" \/>\n<meta property=\"article:publisher\" content=\"https:\/\/www.facebook.com\/Statnyinstitutodbornehovzdelavania\" \/>\n<meta property=\"article:modified_time\" content=\"2021-07-27T06:45:24+00:00\" \/>\n<meta property=\"og:image\" content=\"https:\/\/archiv.siov.sk\/wp-content\/uploads\/2020\/01\/flag_EU_low.jpg\" \/>\n<meta name=\"twitter:card\" content=\"summary_large_image\" \/>\n<meta name=\"twitter:label1\" content=\"Estimated reading time\" \/>\n\t<meta name=\"twitter:data1\" content=\"2 minutes\" \/>\n<script type=\"application\/ld+json\" class=\"yoast-schema-graph\">{\"@context\":\"https:\\\/\\\/schema.org\",\"@graph\":[{\"@type\":\"WebPage\",\"@id\":\"https:\\\/\\\/archiv.siov.sk\\\/en\\\/medzinarodna-spolupraca\\\/europske-iniciativy\\\/narodne-koordinacne-miesto-pre-ekr\\\/\",\"url\":\"https:\\\/\\\/archiv.siov.sk\\\/en\\\/medzinarodna-spolupraca\\\/europske-iniciativy\\\/narodne-koordinacne-miesto-pre-ekr\\\/\",\"name\":\"N\u00e1rodn\u00e9 koordina\u010dn\u00e9 miesto pre EKR - \u0160IOV - \u0161t\u00e1tny in\u0161tit\u00fat odborn\u00e9ho vzdel\u00e1vania\",\"isPartOf\":{\"@id\":\"https:\\\/\\\/archiv.siov.sk\\\/#website\"},\"primaryImageOfPage\":{\"@id\":\"https:\\\/\\\/archiv.siov.sk\\\/en\\\/medzinarodna-spolupraca\\\/europske-iniciativy\\\/narodne-koordinacne-miesto-pre-ekr\\\/#primaryimage\"},\"image\":{\"@id\":\"https:\\\/\\\/archiv.siov.sk\\\/en\\\/medzinarodna-spolupraca\\\/europske-iniciativy\\\/narodne-koordinacne-miesto-pre-ekr\\\/#primaryimage\"},\"thumbnailUrl\":\"https:\\\/\\\/archiv.siov.sk\\\/wp-content\\\/uploads\\\/2020\\\/01\\\/flag_EU_low.jpg\",\"datePublished\":\"2019-01-25T09:25:59+00:00\",\"dateModified\":\"2021-07-27T06:45:24+00:00\",\"breadcrumb\":{\"@id\":\"https:\\\/\\\/archiv.siov.sk\\\/en\\\/medzinarodna-spolupraca\\\/europske-iniciativy\\\/narodne-koordinacne-miesto-pre-ekr\\\/#breadcrumb\"},\"inLanguage\":\"en-GB\",\"potentialAction\":[{\"@type\":\"ReadAction\",\"target\":[\"https:\\\/\\\/archiv.siov.sk\\\/en\\\/medzinarodna-spolupraca\\\/europske-iniciativy\\\/narodne-koordinacne-miesto-pre-ekr\\\/\"]}]},{\"@type\":\"ImageObject\",\"inLanguage\":\"en-GB\",\"@id\":\"https:\\\/\\\/archiv.siov.sk\\\/en\\\/medzinarodna-spolupraca\\\/europske-iniciativy\\\/narodne-koordinacne-miesto-pre-ekr\\\/#primaryimage\",\"url\":\"https:\\\/\\\/archiv.siov.sk\\\/wp-content\\\/uploads\\\/2020\\\/01\\\/flag_EU_low.jpg\",\"contentUrl\":\"https:\\\/\\\/archiv.siov.sk\\\/wp-content\\\/uploads\\\/2020\\\/01\\\/flag_EU_low.jpg\"},{\"@type\":\"BreadcrumbList\",\"@id\":\"https:\\\/\\\/archiv.siov.sk\\\/en\\\/medzinarodna-spolupraca\\\/europske-iniciativy\\\/narodne-koordinacne-miesto-pre-ekr\\\/#breadcrumb\",\"itemListElement\":[{\"@type\":\"ListItem\",\"position\":1,\"name\":\"Home\",\"item\":\"https:\\\/\\\/archiv.siov.sk\\\/\"},{\"@type\":\"ListItem\",\"position\":2,\"name\":\"Medzin\u00e1rodn\u00e1 spolupr\u00e1ca\",\"item\":\"https:\\\/\\\/archiv.siov.sk\\\/en\\\/medzinarodna-spolupraca\\\/\"},{\"@type\":\"ListItem\",\"position\":3,\"name\":\"Eur\u00f3pske iniciat\u00edvy\",\"item\":\"https:\\\/\\\/archiv.siov.sk\\\/en\\\/medzinarodna-spolupraca\\\/europske-iniciativy\\\/\"},{\"@type\":\"ListItem\",\"position\":4,\"name\":\"N\u00e1rodn\u00e9 koordina\u010dn\u00e9 miesto pre EKR\"}]},{\"@type\":\"WebSite\",\"@id\":\"https:\\\/\\\/archiv.siov.sk\\\/#website\",\"url\":\"https:\\\/\\\/archiv.siov.sk\\\/\",\"name\":\"\u0160IOV - \u0161t\u00e1tny in\u0161tit\u00fat odborn\u00e9ho vzdel\u00e1vania\",\"description\":\"\",\"publisher\":{\"@id\":\"https:\\\/\\\/archiv.siov.sk\\\/#organization\"},\"potentialAction\":[{\"@type\":\"SearchAction\",\"target\":{\"@type\":\"EntryPoint\",\"urlTemplate\":\"https:\\\/\\\/archiv.siov.sk\\\/?s={search_term_string}\"},\"query-input\":{\"@type\":\"PropertyValueSpecification\",\"valueRequired\":true,\"valueName\":\"search_term_string\"}}],\"inLanguage\":\"en-GB\"},{\"@type\":\"Organization\",\"@id\":\"https:\\\/\\\/archiv.siov.sk\\\/#organization\",\"name\":\"\u0160IOV - \u0161t\u00e1tny in\u0161tit\u00fat odborn\u00e9ho vzdel\u00e1vania\",\"url\":\"https:\\\/\\\/archiv.siov.sk\\\/\",\"logo\":{\"@type\":\"ImageObject\",\"inLanguage\":\"en-GB\",\"@id\":\"https:\\\/\\\/archiv.siov.sk\\\/#\\\/schema\\\/logo\\\/image\\\/\",\"url\":\"https:\\\/\\\/archiv.siov.sk\\\/wp-content\\\/uploads\\\/2024\\\/02\\\/logo-SIOV.png\",\"contentUrl\":\"https:\\\/\\\/archiv.siov.sk\\\/wp-content\\\/uploads\\\/2024\\\/02\\\/logo-SIOV.png\",\"width\":431,\"height\":143,\"caption\":\"\u0160IOV - \u0161t\u00e1tny in\u0161tit\u00fat odborn\u00e9ho vzdel\u00e1vania\"},\"image\":{\"@id\":\"https:\\\/\\\/archiv.siov.sk\\\/#\\\/schema\\\/logo\\\/image\\\/\"},\"sameAs\":[\"https:\\\/\\\/www.facebook.com\\\/Statnyinstitutodbornehovzdelavania\"]}]}<\/script>\n<!-- \/ Yoast SEO plugin. -->","yoast_head_json":{"title":"N\u00e1rodn\u00e9 koordina\u010dn\u00e9 miesto pre EKR - \u0160IOV - \u0161t\u00e1tny in\u0161tit\u00fat odborn\u00e9ho vzdel\u00e1vania","robots":{"index":"index","follow":"follow","max-snippet":"max-snippet:-1","max-image-preview":"max-image-preview:large","max-video-preview":"max-video-preview:-1"},"canonical":"https:\/\/archiv.siov.sk\/en\/medzinarodna-spolupraca\/europske-iniciativy\/narodne-koordinacne-miesto-pre-ekr\/","og_locale":"en_GB","og_type":"article","og_title":"N\u00e1rodn\u00e9 koordina\u010dn\u00e9 miesto pre EKR - \u0160IOV - \u0161t\u00e1tny in\u0161tit\u00fat odborn\u00e9ho vzdel\u00e1vania","og_description":"N\u00e1rodn\u00e9 koordina\u010dn\u00e9 miesto pre EKR Kontakt: \u00dasek celo\u017eivotn\u00e9ho vzdel\u00e1vaniaVed\u00faca odboru:\u00a0Mgr. \u013dubica G\u00e1llov\u00e1Email:\u00a0lubica.gallova@siov.skTel:\u00a00911 469 793 Eur\u00f3psky kvalifika\u010dn\u00fd r\u00e1mec\u00a0(EKR) pre celo\u017eivotn\u00e9 vzdel\u00e1vanie je spolo\u010dn\u00fdm eur\u00f3pskym n\u00e1strojom podporuj\u00facim uzn\u00e1vanie vzdel\u00e1vac\u00edch v\u00fdstupov a\u00a0mobilitu jednotlivcov naprie\u010d Eur\u00f3pou. Ako n\u00e1stroj zvy\u0161uj\u00faci transparentnos\u0165 kvalifik\u00e1ci\u00ed bol prijat\u00fd v\u00a0roku 2008\u00a0Odpor\u00fa\u010dan\u00edm Eur\u00f3pskeho parlamentu a Rady 2008\/C 111\/01\/ES, v\u00a0roku 2017 aktualizovan\u00fdm\u00a0Odpor\u00fa\u010dan\u00edm Eur\u00f3pskeho parlamentu a\u00a0Rady (2017\/C 189\/03). [&hellip;]","og_url":"https:\/\/archiv.siov.sk\/en\/medzinarodna-spolupraca\/europske-iniciativy\/narodne-koordinacne-miesto-pre-ekr\/","og_site_name":"\u0160IOV - \u0161t\u00e1tny in\u0161tit\u00fat odborn\u00e9ho vzdel\u00e1vania","article_publisher":"https:\/\/www.facebook.com\/Statnyinstitutodbornehovzdelavania","article_modified_time":"2021-07-27T06:45:24+00:00","og_image":[{"url":"https:\/\/archiv.siov.sk\/wp-content\/uploads\/2020\/01\/flag_EU_low.jpg","type":"","width":"","height":""}],"twitter_card":"summary_large_image","twitter_misc":{"Estimated reading time":"2 minutes"},"schema":{"@context":"https:\/\/schema.org","@graph":[{"@type":"WebPage","@id":"https:\/\/archiv.siov.sk\/en\/medzinarodna-spolupraca\/europske-iniciativy\/narodne-koordinacne-miesto-pre-ekr\/","url":"https:\/\/archiv.siov.sk\/en\/medzinarodna-spolupraca\/europske-iniciativy\/narodne-koordinacne-miesto-pre-ekr\/","name":"N\u00e1rodn\u00e9 koordina\u010dn\u00e9 miesto pre EKR - \u0160IOV - \u0161t\u00e1tny in\u0161tit\u00fat odborn\u00e9ho vzdel\u00e1vania","isPartOf":{"@id":"https:\/\/archiv.siov.sk\/#website"},"primaryImageOfPage":{"@id":"https:\/\/archiv.siov.sk\/en\/medzinarodna-spolupraca\/europske-iniciativy\/narodne-koordinacne-miesto-pre-ekr\/#primaryimage"},"image":{"@id":"https:\/\/archiv.siov.sk\/en\/medzinarodna-spolupraca\/europske-iniciativy\/narodne-koordinacne-miesto-pre-ekr\/#primaryimage"},"thumbnailUrl":"https:\/\/archiv.siov.sk\/wp-content\/uploads\/2020\/01\/flag_EU_low.jpg","datePublished":"2019-01-25T09:25:59+00:00","dateModified":"2021-07-27T06:45:24+00:00","breadcrumb":{"@id":"https:\/\/archiv.siov.sk\/en\/medzinarodna-spolupraca\/europske-iniciativy\/narodne-koordinacne-miesto-pre-ekr\/#breadcrumb"},"inLanguage":"en-GB","potentialAction":[{"@type":"ReadAction","target":["https:\/\/archiv.siov.sk\/en\/medzinarodna-spolupraca\/europske-iniciativy\/narodne-koordinacne-miesto-pre-ekr\/"]}]},{"@type":"ImageObject","inLanguage":"en-GB","@id":"https:\/\/archiv.siov.sk\/en\/medzinarodna-spolupraca\/europske-iniciativy\/narodne-koordinacne-miesto-pre-ekr\/#primaryimage","url":"https:\/\/archiv.siov.sk\/wp-content\/uploads\/2020\/01\/flag_EU_low.jpg","contentUrl":"https:\/\/archiv.siov.sk\/wp-content\/uploads\/2020\/01\/flag_EU_low.jpg"},{"@type":"BreadcrumbList","@id":"https:\/\/archiv.siov.sk\/en\/medzinarodna-spolupraca\/europske-iniciativy\/narodne-koordinacne-miesto-pre-ekr\/#breadcrumb","itemListElement":[{"@type":"ListItem","position":1,"name":"Home","item":"https:\/\/archiv.siov.sk\/"},{"@type":"ListItem","position":2,"name":"Medzin\u00e1rodn\u00e1 spolupr\u00e1ca","item":"https:\/\/archiv.siov.sk\/en\/medzinarodna-spolupraca\/"},{"@type":"ListItem","position":3,"name":"Eur\u00f3pske iniciat\u00edvy","item":"https:\/\/archiv.siov.sk\/en\/medzinarodna-spolupraca\/europske-iniciativy\/"},{"@type":"ListItem","position":4,"name":"N\u00e1rodn\u00e9 koordina\u010dn\u00e9 miesto pre EKR"}]},{"@type":"WebSite","@id":"https:\/\/archiv.siov.sk\/#website","url":"https:\/\/archiv.siov.sk\/","name":"\u0160IOV - \u0161t\u00e1tny in\u0161tit\u00fat odborn\u00e9ho vzdel\u00e1vania","description":"","publisher":{"@id":"https:\/\/archiv.siov.sk\/#organization"},"potentialAction":[{"@type":"SearchAction","target":{"@type":"EntryPoint","urlTemplate":"https:\/\/archiv.siov.sk\/?s={search_term_string}"},"query-input":{"@type":"PropertyValueSpecification","valueRequired":true,"valueName":"search_term_string"}}],"inLanguage":"en-GB"},{"@type":"Organization","@id":"https:\/\/archiv.siov.sk\/#organization","name":"\u0160IOV - \u0161t\u00e1tny in\u0161tit\u00fat odborn\u00e9ho vzdel\u00e1vania","url":"https:\/\/archiv.siov.sk\/","logo":{"@type":"ImageObject","inLanguage":"en-GB","@id":"https:\/\/archiv.siov.sk\/#\/schema\/logo\/image\/","url":"https:\/\/archiv.siov.sk\/wp-content\/uploads\/2024\/02\/logo-SIOV.png","contentUrl":"https:\/\/archiv.siov.sk\/wp-content\/uploads\/2024\/02\/logo-SIOV.png","width":431,"height":143,"caption":"\u0160IOV - \u0161t\u00e1tny in\u0161tit\u00fat odborn\u00e9ho vzdel\u00e1vania"},"image":{"@id":"https:\/\/archiv.siov.sk\/#\/schema\/logo\/image\/"},"sameAs":["https:\/\/www.facebook.com\/Statnyinstitutodbornehovzdelavania"]}]}},"_links":{"self":[{"href":"https:\/\/archiv.siov.sk\/en\/wp-json\/wp\/v2\/pages\/91","targetHints":{"allow":["GET"]}}],"collection":[{"href":"https:\/\/archiv.siov.sk\/en\/wp-json\/wp\/v2\/pages"}],"about":[{"href":"https:\/\/archiv.siov.sk\/en\/wp-json\/wp\/v2\/types\/page"}],"author":[{"embeddable":true,"href":"https:\/\/archiv.siov.sk\/en\/wp-json\/wp\/v2\/users\/1"}],"replies":[{"embeddable":true,"href":"https:\/\/archiv.siov.sk\/en\/wp-json\/wp\/v2\/comments?post=91"}],"version-history":[{"count":17,"href":"https:\/\/archiv.siov.sk\/en\/wp-json\/wp\/v2\/pages\/91\/revisions"}],"predecessor-version":[{"id":9123,"href":"https:\/\/archiv.siov.sk\/en\/wp-json\/wp\/v2\/pages\/91\/revisions\/9123"}],"up":[{"embeddable":true,"href":"https:\/\/archiv.siov.sk\/en\/wp-json\/wp\/v2\/pages\/87"}],"wp:attachment":[{"href":"https:\/\/archiv.siov.sk\/en\/wp-json\/wp\/v2\/media?parent=91"}],"curies":[{"name":"wp","href":"https:\/\/api.w.org\/{rel}","templated":true}]}}