{"id":89,"date":"2019-01-25T10:24:31","date_gmt":"2019-01-25T09:24:31","guid":{"rendered":"http:\/\/archiv.siov.sk\/?page_id=89"},"modified":"2024-04-11T14:40:25","modified_gmt":"2024-04-11T12:40:25","slug":"narodne-centrum-pre-europass","status":"publish","type":"page","link":"https:\/\/archiv.siov.sk\/en\/medzinarodna-spolupraca\/europske-iniciativy\/narodne-centrum-pre-europass\/","title":{"rendered":"National Europass Centre Slovakia"},"content":{"rendered":"<h2>National EUROPASS Centre<\/h2>\n<p><strong>Department of Lifelong Learning<\/strong><\/p>\n<p><strong>Contact persons<\/strong><\/p>\n<p>Mgr. Tatiana Haviarov\u00e1\u00a0 \u00a0 \u00a0 \u00a0 \u00a0 \u00a0 \u00a0 \u00a0 \u00a0 \u00a0 \u00a0 \u00a0 \u00a0 \u00a0 Tel: 0911 610 115<\/p>\n<p>Ing. Radka Repisk\u00e1<\/p>\n<p>Mgr. et Mgr. M\u00e1ria Gregorov\u00e1<\/p>\n<p>E-mail: <a href=\"mailto:europass@siov.sk\">europass@siov.sk<\/a><\/p>\n<p>Website: <a href=\"http:\/\/europass.sk\/\">www.europass.sk<\/a><\/p>\n<p><img fetchpriority=\"high\" decoding=\"async\" src=\"https:\/\/archiv.siov.sk\/wp-content\/uploads\/2020\/02\/3-Europass-Full-Colour-Brand-Mark-1024x187.png\" sizes=\"(max-width: 1024px) 100vw, 1024px\" srcset=\"https:\/\/archiv.siov.sk\/wp-content\/uploads\/2020\/02\/3-Europass-Full-Colour-Brand-Mark-1024x187.png 1024w, https:\/\/archiv.siov.sk\/wp-content\/uploads\/2020\/02\/3-Europass-Full-Colour-Brand-Mark-300x55.png 300w, https:\/\/archiv.siov.sk\/wp-content\/uploads\/2020\/02\/3-Europass-Full-Colour-Brand-Mark-768x140.png 768w, https:\/\/archiv.siov.sk\/wp-content\/uploads\/2020\/02\/3-Europass-Full-Colour-Brand-Mark-1536x280.png 1536w, https:\/\/archiv.siov.sk\/wp-content\/uploads\/2020\/02\/3-Europass-Full-Colour-Brand-Mark-480x88.png 480w, https:\/\/archiv.siov.sk\/wp-content\/uploads\/2020\/02\/3-Europass-Full-Colour-Brand-Mark.png 1787w\" alt=\"\" width=\"1024\" height=\"187\" \/><\/p>\n<p>The National Europass Centre has been part of the National Institute of Vocational Education since 1 February 2018. The main tasks are:<\/p>\n<ul>\n<li>raise awareness of Europass and contribute to its better understanding and use by different users,<\/li>\n<li>Develop Europass tools to support better documentation of users' skills and qualifications,<\/li>\n<li>cooperate with the European Commission, the network of national centres in the EU Member States and other institutions and organisations involved in the implementation of Europass at national and international level.<\/li>\n<\/ul>\n<p style=\"text-align: justify;\">Europass was created in 2004 by the European Union and a new, modern version was launched in 2020. It contains a set of free online tools that support you to effectively summarise and present your skills, qualifications and other qualities.<\/p>\n<p style=\"text-align: justify;\">Europass je osobn\u00fd online priestor na zaznamen\u00e1vanie v\u00e1\u0161ho vzdel\u00e1vania a pracovn\u00fdch sk\u00fasenost\u00ed. M\u00f4\u017eete tu zd\u00f4razni\u0165 svoje zru\u010dnosti, predstavi\u0165 svoje siln\u00e9 str\u00e1nky a objavova\u0165 v\u0161etky pr\u00edle\u017eitosti, ktor\u00e9 Eur\u00f3pa pon\u00faka. Europass je dostupn\u00fd v 31 jazykoch a pon\u00faka n\u00e1stroje, ktor\u00e9 v\u00e1m pom\u00f4\u017eu v ka\u017edej f\u00e1ze va\u0161ej kari\u00e9ry \u010di vzdel\u00e1vania. Pustite sa do objavovania pr\u00edle\u017eitost\u00ed a preneste svoje vzdel\u00e1vanie a kari\u00e9ru o krok \u010falej.<\/p>\n<p>If you are interested in more information, please contact us by e-mail at <a href=\"mailto:europass@siov.sk\">europass@siov.sk<\/a> or visit our website\u00a0<a href=\"http:\/\/www.europass.sk\">www.europass.sk<\/a><\/p>\n<p><a href=\"https:\/\/www.facebook.com\/SVKEUROPASS\/\" target=\"_blank\" rel=\"noopener\"><br \/>\nFacebook<br \/>\n<\/a><a href=\"http:\/\/www.instagram.com\/europass_slovensko\/\" target=\"_blank\" rel=\"noopener\"><br \/>\nInstagram<br \/>\n<\/a><\/p>\n<p><a href=\"https:\/\/www.linkedin.com\/company\/europass-slovensko\/\" target=\"_blank\" rel=\"noopener\">LinkedIN<\/a><\/p>\n<p><strong>Postal address:<\/strong><br \/>\nState Vocational Education Institute<br \/>\nLifelong Learning Unit<br \/>\nBellova 3277\/54A<br \/>\n831 01 Bratislava<\/p>\n<p>&nbsp;<\/p>","protected":false},"excerpt":{"rendered":"<p>N\u00e1rodn\u00e9 centrum EUROPASS Slovensko \u00dasek Celo\u017eivotn\u00e9ho vzdel\u00e1vania Kontaktn\u00e9 osoby Mgr. Tatiana Haviarov\u00e1\u00a0 \u00a0 \u00a0 \u00a0 \u00a0 \u00a0 \u00a0 \u00a0 \u00a0 \u00a0 \u00a0 \u00a0 \u00a0 \u00a0 Tel: 0911 610 115 Ing. Radka Repisk\u00e1 Mgr. et Mgr. M\u00e1ria Gregorov\u00e1 E-mail: europass@siov.sk Web str\u00e1nka: www.europass.sk N\u00e1rodn\u00e9 centrum Europass je od 1. febru\u00e1ra 2018 s\u00fa\u010das\u0165ou \u0160t\u00e1tneho in\u0161tit\u00fatu odborn\u00e9ho vzdel\u00e1vania. [&hellip;]<\/p>\n","protected":false},"author":1,"featured_media":0,"parent":87,"menu_order":0,"comment_status":"closed","ping_status":"closed","template":"","meta":{"site-sidebar-layout":"default","site-content-layout":"default","ast-site-content-layout":"default","site-content-style":"default","site-sidebar-style":"default","ast-global-header-display":"","ast-banner-title-visibility":"","ast-main-header-display":"","ast-hfb-above-header-display":"","ast-hfb-below-header-display":"","ast-hfb-mobile-header-display":"","site-post-title":"disabled","ast-breadcrumbs-content":"","ast-featured-img":"","footer-sml-layout":"","ast-disable-related-posts":"","theme-transparent-header-meta":"default","adv-header-id-meta":"","stick-header-meta":"","header-above-stick-meta":"","header-main-stick-meta":"","header-below-stick-meta":"","astra-migrate-meta-layouts":"set","ast-page-background-enabled":"default","ast-page-background-meta":{"desktop":{"background-color":"var(--ast-global-color-4)","background-image":"","background-repeat":"repeat","background-position":"center center","background-size":"auto","background-attachment":"scroll","background-type":"","background-media":"","overlay-type":"","overlay-color":"","overlay-opacity":"","overlay-gradient":""},"tablet":{"background-color":"","background-image":"","background-repeat":"repeat","background-position":"center center","background-size":"auto","background-attachment":"scroll","background-type":"","background-media":"","overlay-type":"","overlay-color":"","overlay-opacity":"","overlay-gradient":""},"mobile":{"background-color":"","background-image":"","background-repeat":"repeat","background-position":"center center","background-size":"auto","background-attachment":"scroll","background-type":"","background-media":"","overlay-type":"","overlay-color":"","overlay-opacity":"","overlay-gradient":""}},"ast-content-background-meta":{"desktop":{"background-color":"var(--ast-global-color-5)","background-image":"","background-repeat":"repeat","background-position":"center center","background-size":"auto","background-attachment":"scroll","background-type":"","background-media":"","overlay-type":"","overlay-color":"","overlay-opacity":"","overlay-gradient":""},"tablet":{"background-color":"var(--ast-global-color-5)","background-image":"","background-repeat":"repeat","background-position":"center center","background-size":"auto","background-attachment":"scroll","background-type":"","background-media":"","overlay-type":"","overlay-color":"","overlay-opacity":"","overlay-gradient":""},"mobile":{"background-color":"var(--ast-global-color-5)","background-image":"","background-repeat":"repeat","background-position":"center center","background-size":"auto","background-attachment":"scroll","background-type":"","background-media":"","overlay-type":"","overlay-color":"","overlay-opacity":"","overlay-gradient":""}},"footnotes":""},"class_list":["post-89","page","type-page","status-publish","hentry"],"yoast_head":"<!-- This site is optimized with the Yoast SEO plugin v27.5 - https:\/\/yoast.com\/product\/yoast-seo-wordpress\/ -->\n<title>N\u00e1rodn\u00e9 centrum Europass Slovensko - \u0160IOV - \u0161t\u00e1tny in\u0161tit\u00fat odborn\u00e9ho vzdel\u00e1vania<\/title>\n<meta name=\"robots\" content=\"index, follow, max-snippet:-1, max-image-preview:large, max-video-preview:-1\" \/>\n<link rel=\"canonical\" href=\"https:\/\/archiv.siov.sk\/en\/medzinarodna-spolupraca\/europske-iniciativy\/narodne-centrum-pre-europass\/\" \/>\n<meta property=\"og:locale\" content=\"en_GB\" \/>\n<meta property=\"og:type\" content=\"article\" \/>\n<meta property=\"og:title\" content=\"N\u00e1rodn\u00e9 centrum Europass Slovensko - \u0160IOV - \u0161t\u00e1tny in\u0161tit\u00fat odborn\u00e9ho vzdel\u00e1vania\" \/>\n<meta property=\"og:description\" content=\"N\u00e1rodn\u00e9 centrum EUROPASS Slovensko \u00dasek Celo\u017eivotn\u00e9ho vzdel\u00e1vania Kontaktn\u00e9 osoby Mgr. Tatiana Haviarov\u00e1\u00a0 \u00a0 \u00a0 \u00a0 \u00a0 \u00a0 \u00a0 \u00a0 \u00a0 \u00a0 \u00a0 \u00a0 \u00a0 \u00a0 Tel: 0911 610 115 Ing. Radka Repisk\u00e1 Mgr. et Mgr. M\u00e1ria Gregorov\u00e1 E-mail: europass@siov.sk Web str\u00e1nka: www.europass.sk N\u00e1rodn\u00e9 centrum Europass je od 1. febru\u00e1ra 2018 s\u00fa\u010das\u0165ou \u0160t\u00e1tneho in\u0161tit\u00fatu odborn\u00e9ho vzdel\u00e1vania. [&hellip;]\" \/>\n<meta property=\"og:url\" content=\"https:\/\/archiv.siov.sk\/en\/medzinarodna-spolupraca\/europske-iniciativy\/narodne-centrum-pre-europass\/\" \/>\n<meta property=\"og:site_name\" content=\"\u0160IOV - \u0161t\u00e1tny in\u0161tit\u00fat odborn\u00e9ho vzdel\u00e1vania\" \/>\n<meta property=\"article:publisher\" content=\"https:\/\/www.facebook.com\/Statnyinstitutodbornehovzdelavania\" \/>\n<meta property=\"article:modified_time\" content=\"2024-04-11T12:40:25+00:00\" \/>\n<meta property=\"og:image\" content=\"https:\/\/archiv.siov.sk\/wp-content\/uploads\/2020\/02\/3-Europass-Full-Colour-Brand-Mark-1024x187.png\" \/>\n<meta name=\"twitter:card\" content=\"summary_large_image\" \/>\n<meta name=\"twitter:label1\" content=\"Estimated reading time\" \/>\n\t<meta name=\"twitter:data1\" content=\"2 minutes\" \/>\n<script type=\"application\/ld+json\" class=\"yoast-schema-graph\">{\"@context\":\"https:\\\/\\\/schema.org\",\"@graph\":[{\"@type\":\"WebPage\",\"@id\":\"https:\\\/\\\/archiv.siov.sk\\\/medzinarodna-spolupraca\\\/europske-iniciativy\\\/narodne-centrum-pre-europass\\\/\",\"url\":\"https:\\\/\\\/archiv.siov.sk\\\/medzinarodna-spolupraca\\\/europske-iniciativy\\\/narodne-centrum-pre-europass\\\/\",\"name\":\"N\u00e1rodn\u00e9 centrum Europass Slovensko - \u0160IOV - \u0161t\u00e1tny in\u0161tit\u00fat odborn\u00e9ho vzdel\u00e1vania\",\"isPartOf\":{\"@id\":\"https:\\\/\\\/archiv.siov.sk\\\/#website\"},\"primaryImageOfPage\":{\"@id\":\"https:\\\/\\\/archiv.siov.sk\\\/medzinarodna-spolupraca\\\/europske-iniciativy\\\/narodne-centrum-pre-europass\\\/#primaryimage\"},\"image\":{\"@id\":\"https:\\\/\\\/archiv.siov.sk\\\/medzinarodna-spolupraca\\\/europske-iniciativy\\\/narodne-centrum-pre-europass\\\/#primaryimage\"},\"thumbnailUrl\":\"https:\\\/\\\/archiv.siov.sk\\\/wp-content\\\/uploads\\\/2020\\\/02\\\/3-Europass-Full-Colour-Brand-Mark-1024x187.png\",\"datePublished\":\"2019-01-25T09:24:31+00:00\",\"dateModified\":\"2024-04-11T12:40:25+00:00\",\"breadcrumb\":{\"@id\":\"https:\\\/\\\/archiv.siov.sk\\\/medzinarodna-spolupraca\\\/europske-iniciativy\\\/narodne-centrum-pre-europass\\\/#breadcrumb\"},\"inLanguage\":\"en-GB\",\"potentialAction\":[{\"@type\":\"ReadAction\",\"target\":[\"https:\\\/\\\/archiv.siov.sk\\\/medzinarodna-spolupraca\\\/europske-iniciativy\\\/narodne-centrum-pre-europass\\\/\"]}]},{\"@type\":\"ImageObject\",\"inLanguage\":\"en-GB\",\"@id\":\"https:\\\/\\\/archiv.siov.sk\\\/medzinarodna-spolupraca\\\/europske-iniciativy\\\/narodne-centrum-pre-europass\\\/#primaryimage\",\"url\":\"https:\\\/\\\/archiv.siov.sk\\\/wp-content\\\/uploads\\\/2020\\\/02\\\/3-Europass-Full-Colour-Brand-Mark-1024x187.png\",\"contentUrl\":\"https:\\\/\\\/archiv.siov.sk\\\/wp-content\\\/uploads\\\/2020\\\/02\\\/3-Europass-Full-Colour-Brand-Mark-1024x187.png\"},{\"@type\":\"BreadcrumbList\",\"@id\":\"https:\\\/\\\/archiv.siov.sk\\\/medzinarodna-spolupraca\\\/europske-iniciativy\\\/narodne-centrum-pre-europass\\\/#breadcrumb\",\"itemListElement\":[{\"@type\":\"ListItem\",\"position\":1,\"name\":\"Home\",\"item\":\"https:\\\/\\\/archiv.siov.sk\\\/\"},{\"@type\":\"ListItem\",\"position\":2,\"name\":\"Medzin\u00e1rodn\u00e1 spolupr\u00e1ca\",\"item\":\"https:\\\/\\\/archiv.siov.sk\\\/en\\\/medzinarodna-spolupraca\\\/\"},{\"@type\":\"ListItem\",\"position\":3,\"name\":\"Eur\u00f3pske iniciat\u00edvy\",\"item\":\"https:\\\/\\\/archiv.siov.sk\\\/en\\\/medzinarodna-spolupraca\\\/europske-iniciativy\\\/\"},{\"@type\":\"ListItem\",\"position\":4,\"name\":\"N\u00e1rodn\u00e9 centrum Europass Slovensko\"}]},{\"@type\":\"WebSite\",\"@id\":\"https:\\\/\\\/archiv.siov.sk\\\/#website\",\"url\":\"https:\\\/\\\/archiv.siov.sk\\\/\",\"name\":\"\u0160IOV - \u0161t\u00e1tny in\u0161tit\u00fat odborn\u00e9ho vzdel\u00e1vania\",\"description\":\"\",\"publisher\":{\"@id\":\"https:\\\/\\\/archiv.siov.sk\\\/#organization\"},\"potentialAction\":[{\"@type\":\"SearchAction\",\"target\":{\"@type\":\"EntryPoint\",\"urlTemplate\":\"https:\\\/\\\/archiv.siov.sk\\\/?s={search_term_string}\"},\"query-input\":{\"@type\":\"PropertyValueSpecification\",\"valueRequired\":true,\"valueName\":\"search_term_string\"}}],\"inLanguage\":\"en-GB\"},{\"@type\":\"Organization\",\"@id\":\"https:\\\/\\\/archiv.siov.sk\\\/#organization\",\"name\":\"\u0160IOV - \u0161t\u00e1tny in\u0161tit\u00fat odborn\u00e9ho vzdel\u00e1vania\",\"url\":\"https:\\\/\\\/archiv.siov.sk\\\/\",\"logo\":{\"@type\":\"ImageObject\",\"inLanguage\":\"en-GB\",\"@id\":\"https:\\\/\\\/archiv.siov.sk\\\/#\\\/schema\\\/logo\\\/image\\\/\",\"url\":\"https:\\\/\\\/archiv.siov.sk\\\/wp-content\\\/uploads\\\/2024\\\/02\\\/logo-SIOV.png\",\"contentUrl\":\"https:\\\/\\\/archiv.siov.sk\\\/wp-content\\\/uploads\\\/2024\\\/02\\\/logo-SIOV.png\",\"width\":431,\"height\":143,\"caption\":\"\u0160IOV - \u0161t\u00e1tny in\u0161tit\u00fat odborn\u00e9ho vzdel\u00e1vania\"},\"image\":{\"@id\":\"https:\\\/\\\/archiv.siov.sk\\\/#\\\/schema\\\/logo\\\/image\\\/\"},\"sameAs\":[\"https:\\\/\\\/www.facebook.com\\\/Statnyinstitutodbornehovzdelavania\"]}]}<\/script>\n<!-- \/ Yoast SEO plugin. -->","yoast_head_json":{"title":"N\u00e1rodn\u00e9 centrum Europass Slovensko - \u0160IOV - \u0161t\u00e1tny in\u0161tit\u00fat odborn\u00e9ho vzdel\u00e1vania","robots":{"index":"index","follow":"follow","max-snippet":"max-snippet:-1","max-image-preview":"max-image-preview:large","max-video-preview":"max-video-preview:-1"},"canonical":"https:\/\/archiv.siov.sk\/en\/medzinarodna-spolupraca\/europske-iniciativy\/narodne-centrum-pre-europass\/","og_locale":"en_GB","og_type":"article","og_title":"N\u00e1rodn\u00e9 centrum Europass Slovensko - \u0160IOV - \u0161t\u00e1tny in\u0161tit\u00fat odborn\u00e9ho vzdel\u00e1vania","og_description":"N\u00e1rodn\u00e9 centrum EUROPASS Slovensko \u00dasek Celo\u017eivotn\u00e9ho vzdel\u00e1vania Kontaktn\u00e9 osoby Mgr. Tatiana Haviarov\u00e1\u00a0 \u00a0 \u00a0 \u00a0 \u00a0 \u00a0 \u00a0 \u00a0 \u00a0 \u00a0 \u00a0 \u00a0 \u00a0 \u00a0 Tel: 0911 610 115 Ing. Radka Repisk\u00e1 Mgr. et Mgr. M\u00e1ria Gregorov\u00e1 E-mail: europass@siov.sk Web str\u00e1nka: www.europass.sk N\u00e1rodn\u00e9 centrum Europass je od 1. febru\u00e1ra 2018 s\u00fa\u010das\u0165ou \u0160t\u00e1tneho in\u0161tit\u00fatu odborn\u00e9ho vzdel\u00e1vania. [&hellip;]","og_url":"https:\/\/archiv.siov.sk\/en\/medzinarodna-spolupraca\/europske-iniciativy\/narodne-centrum-pre-europass\/","og_site_name":"\u0160IOV - \u0161t\u00e1tny in\u0161tit\u00fat odborn\u00e9ho vzdel\u00e1vania","article_publisher":"https:\/\/www.facebook.com\/Statnyinstitutodbornehovzdelavania","article_modified_time":"2024-04-11T12:40:25+00:00","og_image":[{"url":"https:\/\/archiv.siov.sk\/wp-content\/uploads\/2020\/02\/3-Europass-Full-Colour-Brand-Mark-1024x187.png","type":"","width":"","height":""}],"twitter_card":"summary_large_image","twitter_misc":{"Estimated reading time":"2 minutes"},"schema":{"@context":"https:\/\/schema.org","@graph":[{"@type":"WebPage","@id":"https:\/\/archiv.siov.sk\/medzinarodna-spolupraca\/europske-iniciativy\/narodne-centrum-pre-europass\/","url":"https:\/\/archiv.siov.sk\/medzinarodna-spolupraca\/europske-iniciativy\/narodne-centrum-pre-europass\/","name":"N\u00e1rodn\u00e9 centrum Europass Slovensko - \u0160IOV - \u0161t\u00e1tny in\u0161tit\u00fat odborn\u00e9ho vzdel\u00e1vania","isPartOf":{"@id":"https:\/\/archiv.siov.sk\/#website"},"primaryImageOfPage":{"@id":"https:\/\/archiv.siov.sk\/medzinarodna-spolupraca\/europske-iniciativy\/narodne-centrum-pre-europass\/#primaryimage"},"image":{"@id":"https:\/\/archiv.siov.sk\/medzinarodna-spolupraca\/europske-iniciativy\/narodne-centrum-pre-europass\/#primaryimage"},"thumbnailUrl":"https:\/\/archiv.siov.sk\/wp-content\/uploads\/2020\/02\/3-Europass-Full-Colour-Brand-Mark-1024x187.png","datePublished":"2019-01-25T09:24:31+00:00","dateModified":"2024-04-11T12:40:25+00:00","breadcrumb":{"@id":"https:\/\/archiv.siov.sk\/medzinarodna-spolupraca\/europske-iniciativy\/narodne-centrum-pre-europass\/#breadcrumb"},"inLanguage":"en-GB","potentialAction":[{"@type":"ReadAction","target":["https:\/\/archiv.siov.sk\/medzinarodna-spolupraca\/europske-iniciativy\/narodne-centrum-pre-europass\/"]}]},{"@type":"ImageObject","inLanguage":"en-GB","@id":"https:\/\/archiv.siov.sk\/medzinarodna-spolupraca\/europske-iniciativy\/narodne-centrum-pre-europass\/#primaryimage","url":"https:\/\/archiv.siov.sk\/wp-content\/uploads\/2020\/02\/3-Europass-Full-Colour-Brand-Mark-1024x187.png","contentUrl":"https:\/\/archiv.siov.sk\/wp-content\/uploads\/2020\/02\/3-Europass-Full-Colour-Brand-Mark-1024x187.png"},{"@type":"BreadcrumbList","@id":"https:\/\/archiv.siov.sk\/medzinarodna-spolupraca\/europske-iniciativy\/narodne-centrum-pre-europass\/#breadcrumb","itemListElement":[{"@type":"ListItem","position":1,"name":"Home","item":"https:\/\/archiv.siov.sk\/"},{"@type":"ListItem","position":2,"name":"Medzin\u00e1rodn\u00e1 spolupr\u00e1ca","item":"https:\/\/archiv.siov.sk\/en\/medzinarodna-spolupraca\/"},{"@type":"ListItem","position":3,"name":"Eur\u00f3pske iniciat\u00edvy","item":"https:\/\/archiv.siov.sk\/en\/medzinarodna-spolupraca\/europske-iniciativy\/"},{"@type":"ListItem","position":4,"name":"N\u00e1rodn\u00e9 centrum Europass Slovensko"}]},{"@type":"WebSite","@id":"https:\/\/archiv.siov.sk\/#website","url":"https:\/\/archiv.siov.sk\/","name":"\u0160IOV - \u0161t\u00e1tny in\u0161tit\u00fat odborn\u00e9ho vzdel\u00e1vania","description":"","publisher":{"@id":"https:\/\/archiv.siov.sk\/#organization"},"potentialAction":[{"@type":"SearchAction","target":{"@type":"EntryPoint","urlTemplate":"https:\/\/archiv.siov.sk\/?s={search_term_string}"},"query-input":{"@type":"PropertyValueSpecification","valueRequired":true,"valueName":"search_term_string"}}],"inLanguage":"en-GB"},{"@type":"Organization","@id":"https:\/\/archiv.siov.sk\/#organization","name":"\u0160IOV - \u0161t\u00e1tny in\u0161tit\u00fat odborn\u00e9ho vzdel\u00e1vania","url":"https:\/\/archiv.siov.sk\/","logo":{"@type":"ImageObject","inLanguage":"en-GB","@id":"https:\/\/archiv.siov.sk\/#\/schema\/logo\/image\/","url":"https:\/\/archiv.siov.sk\/wp-content\/uploads\/2024\/02\/logo-SIOV.png","contentUrl":"https:\/\/archiv.siov.sk\/wp-content\/uploads\/2024\/02\/logo-SIOV.png","width":431,"height":143,"caption":"\u0160IOV - \u0161t\u00e1tny in\u0161tit\u00fat odborn\u00e9ho vzdel\u00e1vania"},"image":{"@id":"https:\/\/archiv.siov.sk\/#\/schema\/logo\/image\/"},"sameAs":["https:\/\/www.facebook.com\/Statnyinstitutodbornehovzdelavania"]}]}},"_links":{"self":[{"href":"https:\/\/archiv.siov.sk\/en\/wp-json\/wp\/v2\/pages\/89","targetHints":{"allow":["GET"]}}],"collection":[{"href":"https:\/\/archiv.siov.sk\/en\/wp-json\/wp\/v2\/pages"}],"about":[{"href":"https:\/\/archiv.siov.sk\/en\/wp-json\/wp\/v2\/types\/page"}],"author":[{"embeddable":true,"href":"https:\/\/archiv.siov.sk\/en\/wp-json\/wp\/v2\/users\/1"}],"replies":[{"embeddable":true,"href":"https:\/\/archiv.siov.sk\/en\/wp-json\/wp\/v2\/comments?post=89"}],"version-history":[{"count":47,"href":"https:\/\/archiv.siov.sk\/en\/wp-json\/wp\/v2\/pages\/89\/revisions"}],"predecessor-version":[{"id":15051,"href":"https:\/\/archiv.siov.sk\/en\/wp-json\/wp\/v2\/pages\/89\/revisions\/15051"}],"up":[{"embeddable":true,"href":"https:\/\/archiv.siov.sk\/en\/wp-json\/wp\/v2\/pages\/87"}],"wp:attachment":[{"href":"https:\/\/archiv.siov.sk\/en\/wp-json\/wp\/v2\/media?parent=89"}],"curies":[{"name":"wp","href":"https:\/\/api.w.org\/{rel}","templated":true}]}}