{"id":78,"date":"2019-01-25T10:19:47","date_gmt":"2019-01-25T09:19:47","guid":{"rendered":"http:\/\/archiv.siov.sk\/?page_id=78"},"modified":"2021-07-23T07:46:19","modified_gmt":"2021-07-23T05:46:19","slug":"ovp-pre-trh-prace","status":"publish","type":"page","link":"https:\/\/archiv.siov.sk\/en\/medzinarodna-spolupraca\/medzinarodne-projekty\/ovp-pre-trh-prace\/","title":{"rendered":"OVP pre trh pr\u00e1ce"},"content":{"rendered":"<div data-elementor-type=\"wp-page\" data-elementor-id=\"78\" class=\"elementor elementor-78\" data-elementor-post-type=\"page\">\n\t\t\t\t\t\t<section class=\"elementor-section elementor-top-section elementor-element elementor-element-1cb9dc7 elementor-section-boxed elementor-section-height-default elementor-section-height-default\" data-id=\"1cb9dc7\" data-element_type=\"section\" data-e-type=\"section\">\n\t\t\t\t\t\t<div class=\"elementor-container elementor-column-gap-default\">\n\t\t\t\t\t<div class=\"elementor-column elementor-col-100 elementor-top-column elementor-element elementor-element-299bdab\" data-id=\"299bdab\" data-element_type=\"column\" data-e-type=\"column\">\n\t\t\t<div class=\"elementor-widget-wrap elementor-element-populated\">\n\t\t\t\t\t\t<div class=\"elementor-element elementor-element-14403a4 elementor-widget-divider--view-line elementor-widget elementor-widget-divider\" data-id=\"14403a4\" data-element_type=\"widget\" data-e-type=\"widget\" data-widget_type=\"divider.default\">\n\t\t\t\t<div class=\"elementor-widget-container\">\n\t\t\t\t\t\t\t<div class=\"elementor-divider\">\n\t\t\t<span class=\"elementor-divider-separator\">\n\t\t\t\t\t\t<\/span>\n\t\t<\/div>\n\t\t\t\t\t\t<\/div>\n\t\t\t\t<\/div>\n\t\t\t\t<div class=\"elementor-element elementor-element-476a7cf elementor-widget elementor-widget-heading\" data-id=\"476a7cf\" data-element_type=\"widget\" data-e-type=\"widget\" data-widget_type=\"heading.default\">\n\t\t\t\t<div class=\"elementor-widget-container\">\n\t\t\t\t\t<h2 class=\"elementor-heading-title elementor-size-default\">OVP pre trh pr\u00e1ce<\/h2>\t\t\t\t<\/div>\n\t\t\t\t<\/div>\n\t\t\t\t\t<\/div>\n\t\t<\/div>\n\t\t\t\t\t<\/div>\n\t\t<\/section>\n\t\t\t\t<section class=\"elementor-section elementor-top-section elementor-element elementor-element-7670fb88 elementor-section-boxed elementor-section-height-default elementor-section-height-default\" data-id=\"7670fb88\" data-element_type=\"section\" data-e-type=\"section\">\n\t\t\t\t\t\t<div class=\"elementor-container elementor-column-gap-default\">\n\t\t\t\t\t<div class=\"elementor-column elementor-col-100 elementor-top-column elementor-element elementor-element-704f53b1\" data-id=\"704f53b1\" data-element_type=\"column\" data-e-type=\"column\">\n\t\t\t<div class=\"elementor-widget-wrap elementor-element-populated\">\n\t\t\t\t\t\t<div class=\"elementor-element elementor-element-6d952b15 elementor-widget elementor-widget-text-editor\" data-id=\"6d952b15\" data-element_type=\"widget\" data-e-type=\"widget\" data-widget_type=\"text-editor.default\">\n\t\t\t\t<div class=\"elementor-widget-container\">\n\t\t\t\t\t\t\t\t\t<img decoding=\"async\" class=\"alignright wp-image-79 size-medium\" src=\"http:\/\/siov.sk\/wp-content\/uploads\/2019\/01\/odborne-vzdelavanie-a-priprava-pre-trh-prace-300x49.jpg\" alt=\"Odborn\u00e9 vzdel\u00e1vanie a pr\u00edprava pre trh pr\u00e1ce\" width=\"300\" height=\"49\" hspace=\"20\" srcset=\"https:\/\/archiv.siov.sk\/wp-content\/uploads\/2019\/01\/odborne-vzdelavanie-a-priprava-pre-trh-prace-300x49.jpg 300w, https:\/\/archiv.siov.sk\/wp-content\/uploads\/2019\/01\/odborne-vzdelavanie-a-priprava-pre-trh-prace-768x124.jpg 768w, https:\/\/archiv.siov.sk\/wp-content\/uploads\/2019\/01\/odborne-vzdelavanie-a-priprava-pre-trh-prace-1024x166.jpg 1024w, https:\/\/archiv.siov.sk\/wp-content\/uploads\/2019\/01\/odborne-vzdelavanie-a-priprava-pre-trh-prace-480x78.jpg 480w, https:\/\/archiv.siov.sk\/wp-content\/uploads\/2019\/01\/odborne-vzdelavanie-a-priprava-pre-trh-prace.jpg 1747w\" sizes=\"(max-width: 300px) 100vw, 300px\" \/>\r\n<p style=\"text-align: justify;\">\u0160t\u00e1tny in\u0161tit\u00fat odborn\u00e9ho vzdel\u00e1vania (\u0160IOV) od\u0161tartoval trojro\u010dn\u00fd projekt na zlep\u0161enie \u00farovne odborn\u00e9ho vzdel\u00e1vania na Slovensku a jeho propag\u00e1ciu medzi potenci\u00e1lnymi \u0161tudentmi a zamestn\u00e1vate\u013emi. V pilotnom projekte sa m\u00e1 overi\u0165 funguj\u00faca a v\u00fdsledky prin\u00e1\u0161aj\u00faca metodika prevzat\u00e1 zo \u0160vaj\u010diarska.<\/p>\r\n\r\n<blockquote>Cie\u013eom projektu je posilni\u0165 a rozvin\u00fa\u0165 spolupr\u00e1cu medzi zamestn\u00e1vate\u013emi a stredn\u00fdmi odborn\u00fdmi \u0161kolami tak, aby sa \u010do najviac \u0161tudentov z t\u00fdchto \u0161k\u00f4l umiestnilo na trhu pr\u00e1ce.<\/blockquote>\r\n<p style=\"text-align: justify;\">Hlavn\u00fd koordin\u00e1tor projektu je \u0160IOV v spolupr\u00e1ci s \u00daradom vl\u00e1dy Slovenskej republiky a Ve\u013evyslanectvom \u0160vaj\u010diarskej konfeder\u00e1cie. V\u00fdsledkom aktiv\u00edt tohto projektu by malo by\u0165 obojstranne prospe\u0161n\u00e9 partnerstvo na \u00farovni zamestn\u00e1vate\u013e \u2013 sektorov\u00e1 rada&nbsp; (resp. profesijn\u00e1 alebo stavovsk\u00e1 organiz\u00e1cia) \u2013 stredn\u00e1 odborn\u00e1 \u0161kola.<\/p>\r\n\r\n<blockquote>D\u00f4le\u017eitou s\u00fa\u010das\u0165ou s\u00fa aj aktualizovan\u00e9 \u0161kolsk\u00e9 vzdel\u00e1vacie programy pre pr\u00edslu\u0161n\u00fd \u0161tudijn\u00fd\/u\u010debn\u00fd odbor, aktualizovan\u00e9 \u0161t\u00e1tne vzdel\u00e1vacie programy pre pr\u00edslu\u0161n\u00fa skupinu odborov a stupe\u0148 vzdelania, realiz\u00e1cia praktick\u00fdch foriem vyu\u010dovania (odborn\u00fd v\u00fdcvik alebo odborn\u00e1 prax) priamo vo v\u00fdrobe a v prev\u00e1dzkach zamestn\u00e1vate\u013eov, vytvorenie vzdel\u00e1vac\u00edch programov pre in\u0161truktorov, pod veden\u00edm ktor\u00fdch vykon\u00e1vaj\u00fa \u017eiaci stredn\u00fdch odborn\u00fdch \u0161k\u00f4l odborn\u00fd v\u00fdcvik alebo odborn\u00fa prax, \u010di pilotn\u00e9 vy\u0161kolenie in\u0161truktorov.<\/blockquote>\r\n<p style=\"text-align: justify;\">Po\u010d\u00edta sa aj s \u00fa\u010das\u0165ou z\u00e1stupcov zamestn\u00e1vate\u013eov\/profesijn\u00fdch a stavovsk\u00fdch organiz\u00e1ci\u00ed v procese ukon\u010dovania odborn\u00e9ho vzdel\u00e1vania a pr\u00edpravy v r\u00e1mci maturitn\u00fdch sk\u00fa\u0161ok, ako aj s \u00fa\u010das\u0165ou na z\u00e1vere\u010dn\u00fdch sk\u00fa\u0161kach. Vzdel\u00e1vacie aktivity pre u\u010dite\u013eov odborn\u00fdch predmetov s\u00fa zameran\u00e9 na aktu\u00e1lne trendy v odbore, netradi\u010dn\u00e9 met\u00f3dy a formy v\u00fdu\u010dby.&nbsp; \u0160peci\u00e1lna pozornos\u0165 bude venovan\u00e1 t\u00fdm \u0161tudijn\u00fdm\/u\u010debn\u00fdm odborom, o ktor\u00e9 maj\u00fa \u017eiaci kon\u010diacich ro\u010dn\u00edkov z\u00e1kladn\u00fdch \u0161k\u00f4l (resp. ich z\u00e1konn\u00ed z\u00e1stupcovia) minim\u00e1lny alebo \u017eiadny z\u00e1ujem, av\u0161ak trh pr\u00e1ce ich po\u017eaduje.<\/p>\r\n\r\n<blockquote>\u0160vaj\u010diarsky vzdel\u00e1vac\u00ed syst\u00e9m, ktor\u00fd sa v tomto projekte uplat\u0148uje, je pre slovensk\u00e9 odborn\u00e9 \u0161kolstvo v mnohom in\u0161pirat\u00edvny. V\u00fdsledkom m\u00f4\u017ee by\u0165 ve\u013emi n\u00edzka nezamestnanos\u0165 mladistv\u00fdch pod 25 rokov.<\/blockquote>\r\nV s\u00fa\u010dasnosti dosahuje v krajin\u00e1ch OECD v priemere 12,4 %, av\u0161ak vo \u0160vaj\u010diarskej konfeder\u00e1cii iba sedem percent.\r\n<ul class=\"svp_links\">\r\n \t<li><a href=\"http:\/\/siov.sk\/wp-content\/uploads\/2019\/02\/Analyza-kvality-multiplikacnych-skoleni-1.pdf\">Anal\u00fdza kvality multiplika\u010dn\u00fdch \u0161kolen\u00ed<\/a><\/li>\r\n \t<li><a href=\"http:\/\/siov.sk\/wp-content\/uploads\/2019\/02\/Analyza-kvality-pilotnych-skoleni-org.pdf\">Anal\u00fdza kvality pilotn\u00fdch \u0161kolen\u00ed<\/a><\/li>\r\n \t<li><a href=\"http:\/\/siov.sk\/wp-content\/uploads\/2019\/02\/SPOLUPRACA_VYHODNOTENIE_nova_H_P_final.pdf\">Spolupr\u00e1ca stredn\u00fdch odborn\u00fdch \u0161k\u00f4l a zamestn\u00e1vate\u013eov<\/a><\/li>\r\n \t<li><a href=\"http:\/\/siov.sk\/wp-content\/uploads\/2019\/02\/PILOTNA_REALIZACIA_VYHODNOTENIE_nova_H_P_final.pdf\">Pilotn\u00e1 realiz\u00e1cia v\u00fdu\u010dby v u\u010debn\u00fdch a v \u0161tudijn\u00fdch odboroch &#8211; vyhodnotenie<\/a><\/li>\r\n \t<li><a href=\"http:\/\/siov.sk\/wp-content\/uploads\/2019\/02\/brozura_Skola-pre-Vas.pdf\">Bro\u017e\u00fara \u0160kola pre V\u00e1s<\/a><\/li>\r\n \t<li><a href=\"http:\/\/siov.sk\/wp-content\/uploads\/2019\/02\/Kroky-k-uspechu-SIOV-brozura.pdf\">Bro\u017e\u00fara Kroky k \u00faspechu<\/a><\/li>\r\n \t<li><a href=\"http:\/\/siov.sk\/wp-content\/uploads\/2019\/02\/aktivity-milniky.pdf\">Aktivity &#8211; mi\u013en\u00edky<\/a><\/li>\r\n \t<li><a href=\"http:\/\/siov.sk\/wp-content\/uploads\/2019\/02\/Vystupove-ukazovatele.pdf\">V\u00fdstupov\u00e9 ukazovatele<\/a><\/li>\r\n \t<li><a href=\"http:\/\/siov.sk\/wp-content\/uploads\/2019\/02\/metodika-spoluprace-final-1-7-2016.pdf\">Metodika spolupr\u00e1ce<\/a><\/li>\r\n \t<li><a href=\"http:\/\/siov.sk\/wp-content\/uploads\/2019\/02\/Prirucka-pre-instruktora_maketa.pdf\">Pr\u00edru\u010dka pre in\u0161truktorov<\/a><\/li>\r\n<\/ul>\r\n&nbsp;\r\n\r\nViac inform\u00e1ci\u00ed o \u0161vaj\u010diarskom finan\u010dnom mechanizme sa dozviete tu: <a href=\"http:\/\/www.swiss-contribution.sk\">www.swiss-contribution.sk.<\/a>\t\t\t\t\t\t\t\t<\/div>\n\t\t\t\t<\/div>\n\t\t\t\t\t<\/div>\n\t\t<\/div>\n\t\t\t\t\t<\/div>\n\t\t<\/section>\n\t\t\t\t<\/div>","protected":false},"excerpt":{"rendered":"<p>OVP pre trh pr\u00e1ce \u0160t\u00e1tny in\u0161tit\u00fat odborn\u00e9ho vzdel\u00e1vania (\u0160IOV) od\u0161tartoval trojro\u010dn\u00fd projekt na zlep\u0161enie \u00farovne odborn\u00e9ho vzdel\u00e1vania na Slovensku a jeho propag\u00e1ciu medzi potenci\u00e1lnymi \u0161tudentmi a zamestn\u00e1vate\u013emi. V pilotnom projekte sa m\u00e1 overi\u0165 funguj\u00faca a v\u00fdsledky prin\u00e1\u0161aj\u00faca metodika prevzat\u00e1 zo \u0160vaj\u010diarska. Cie\u013eom projektu je posilni\u0165 a rozvin\u00fa\u0165 spolupr\u00e1cu medzi zamestn\u00e1vate\u013emi a stredn\u00fdmi odborn\u00fdmi \u0161kolami tak, [&hellip;]<\/p>\n","protected":false},"author":1,"featured_media":0,"parent":67,"menu_order":0,"comment_status":"closed","ping_status":"closed","template":"","meta":{"site-sidebar-layout":"default","site-content-layout":"default","ast-site-content-layout":"default","site-content-style":"default","site-sidebar-style":"default","ast-global-header-display":"","ast-banner-title-visibility":"","ast-main-header-display":"","ast-hfb-above-header-display":"","ast-hfb-below-header-display":"","ast-hfb-mobile-header-display":"","site-post-title":"disabled","ast-breadcrumbs-content":"","ast-featured-img":"","footer-sml-layout":"","ast-disable-related-posts":"","theme-transparent-header-meta":"default","adv-header-id-meta":"","stick-header-meta":"","header-above-stick-meta":"","header-main-stick-meta":"","header-below-stick-meta":"","astra-migrate-meta-layouts":"default","ast-page-background-enabled":"default","ast-page-background-meta":{"desktop":{"background-color":"var(--ast-global-color-4)","background-image":"","background-repeat":"repeat","background-position":"center center","background-size":"auto","background-attachment":"scroll","background-type":"","background-media":"","overlay-type":"","overlay-color":"","overlay-opacity":"","overlay-gradient":""},"tablet":{"background-color":"","background-image":"","background-repeat":"repeat","background-position":"center center","background-size":"auto","background-attachment":"scroll","background-type":"","background-media":"","overlay-type":"","overlay-color":"","overlay-opacity":"","overlay-gradient":""},"mobile":{"background-color":"","background-image":"","background-repeat":"repeat","background-position":"center center","background-size":"auto","background-attachment":"scroll","background-type":"","background-media":"","overlay-type":"","overlay-color":"","overlay-opacity":"","overlay-gradient":""}},"ast-content-background-meta":{"desktop":{"background-color":"var(--ast-global-color-5)","background-image":"","background-repeat":"repeat","background-position":"center center","background-size":"auto","background-attachment":"scroll","background-type":"","background-media":"","overlay-type":"","overlay-color":"","overlay-opacity":"","overlay-gradient":""},"tablet":{"background-color":"var(--ast-global-color-5)","background-image":"","background-repeat":"repeat","background-position":"center center","background-size":"auto","background-attachment":"scroll","background-type":"","background-media":"","overlay-type":"","overlay-color":"","overlay-opacity":"","overlay-gradient":""},"mobile":{"background-color":"var(--ast-global-color-5)","background-image":"","background-repeat":"repeat","background-position":"center center","background-size":"auto","background-attachment":"scroll","background-type":"","background-media":"","overlay-type":"","overlay-color":"","overlay-opacity":"","overlay-gradient":""}},"footnotes":""},"class_list":["post-78","page","type-page","status-publish","hentry"],"yoast_head":"<!-- This site is optimized with the Yoast SEO plugin v27.5 - https:\/\/yoast.com\/product\/yoast-seo-wordpress\/ -->\n<title>OVP pre trh pr\u00e1ce - \u0160IOV - \u0161t\u00e1tny in\u0161tit\u00fat odborn\u00e9ho vzdel\u00e1vania<\/title>\n<meta name=\"robots\" content=\"index, follow, max-snippet:-1, max-image-preview:large, max-video-preview:-1\" \/>\n<link rel=\"canonical\" href=\"https:\/\/archiv.siov.sk\/en\/medzinarodna-spolupraca\/medzinarodne-projekty\/ovp-pre-trh-prace\/\" \/>\n<meta property=\"og:locale\" content=\"en_GB\" \/>\n<meta property=\"og:type\" content=\"article\" \/>\n<meta property=\"og:title\" content=\"OVP pre trh pr\u00e1ce - \u0160IOV - \u0161t\u00e1tny in\u0161tit\u00fat odborn\u00e9ho vzdel\u00e1vania\" \/>\n<meta property=\"og:description\" content=\"OVP pre trh pr\u00e1ce \u0160t\u00e1tny in\u0161tit\u00fat odborn\u00e9ho vzdel\u00e1vania (\u0160IOV) od\u0161tartoval trojro\u010dn\u00fd projekt na zlep\u0161enie \u00farovne odborn\u00e9ho vzdel\u00e1vania na Slovensku a jeho propag\u00e1ciu medzi potenci\u00e1lnymi \u0161tudentmi a zamestn\u00e1vate\u013emi. V pilotnom projekte sa m\u00e1 overi\u0165 funguj\u00faca a v\u00fdsledky prin\u00e1\u0161aj\u00faca metodika prevzat\u00e1 zo \u0160vaj\u010diarska. Cie\u013eom projektu je posilni\u0165 a rozvin\u00fa\u0165 spolupr\u00e1cu medzi zamestn\u00e1vate\u013emi a stredn\u00fdmi odborn\u00fdmi \u0161kolami tak, [&hellip;]\" \/>\n<meta property=\"og:url\" content=\"https:\/\/archiv.siov.sk\/en\/medzinarodna-spolupraca\/medzinarodne-projekty\/ovp-pre-trh-prace\/\" \/>\n<meta property=\"og:site_name\" content=\"\u0160IOV - \u0161t\u00e1tny in\u0161tit\u00fat odborn\u00e9ho vzdel\u00e1vania\" \/>\n<meta property=\"article:publisher\" content=\"https:\/\/www.facebook.com\/Statnyinstitutodbornehovzdelavania\" \/>\n<meta property=\"article:modified_time\" content=\"2021-07-23T05:46:19+00:00\" \/>\n<meta property=\"og:image\" content=\"https:\/\/archiv.siov.sk\/wp-content\/uploads\/2019\/01\/odborne-vzdelavanie-a-priprava-pre-trh-prace-300x49.jpg\" \/>\n<meta name=\"twitter:card\" content=\"summary_large_image\" \/>\n<meta name=\"twitter:label1\" content=\"Estimated reading time\" \/>\n\t<meta name=\"twitter:data1\" content=\"2 minutes\" \/>\n<script type=\"application\/ld+json\" class=\"yoast-schema-graph\">{\"@context\":\"https:\\\/\\\/schema.org\",\"@graph\":[{\"@type\":\"WebPage\",\"@id\":\"https:\\\/\\\/archiv.siov.sk\\\/medzinarodna-spolupraca\\\/medzinarodne-projekty\\\/ovp-pre-trh-prace\\\/\",\"url\":\"https:\\\/\\\/archiv.siov.sk\\\/medzinarodna-spolupraca\\\/medzinarodne-projekty\\\/ovp-pre-trh-prace\\\/\",\"name\":\"OVP pre trh pr\u00e1ce - \u0160IOV - \u0161t\u00e1tny in\u0161tit\u00fat odborn\u00e9ho vzdel\u00e1vania\",\"isPartOf\":{\"@id\":\"https:\\\/\\\/archiv.siov.sk\\\/#website\"},\"primaryImageOfPage\":{\"@id\":\"https:\\\/\\\/archiv.siov.sk\\\/medzinarodna-spolupraca\\\/medzinarodne-projekty\\\/ovp-pre-trh-prace\\\/#primaryimage\"},\"image\":{\"@id\":\"https:\\\/\\\/archiv.siov.sk\\\/medzinarodna-spolupraca\\\/medzinarodne-projekty\\\/ovp-pre-trh-prace\\\/#primaryimage\"},\"thumbnailUrl\":\"https:\\\/\\\/archiv.siov.sk\\\/wp-content\\\/uploads\\\/2019\\\/01\\\/odborne-vzdelavanie-a-priprava-pre-trh-prace-300x49.jpg\",\"datePublished\":\"2019-01-25T09:19:47+00:00\",\"dateModified\":\"2021-07-23T05:46:19+00:00\",\"breadcrumb\":{\"@id\":\"https:\\\/\\\/archiv.siov.sk\\\/medzinarodna-spolupraca\\\/medzinarodne-projekty\\\/ovp-pre-trh-prace\\\/#breadcrumb\"},\"inLanguage\":\"en-GB\",\"potentialAction\":[{\"@type\":\"ReadAction\",\"target\":[\"https:\\\/\\\/archiv.siov.sk\\\/medzinarodna-spolupraca\\\/medzinarodne-projekty\\\/ovp-pre-trh-prace\\\/\"]}]},{\"@type\":\"ImageObject\",\"inLanguage\":\"en-GB\",\"@id\":\"https:\\\/\\\/archiv.siov.sk\\\/medzinarodna-spolupraca\\\/medzinarodne-projekty\\\/ovp-pre-trh-prace\\\/#primaryimage\",\"url\":\"https:\\\/\\\/archiv.siov.sk\\\/wp-content\\\/uploads\\\/2019\\\/01\\\/odborne-vzdelavanie-a-priprava-pre-trh-prace-300x49.jpg\",\"contentUrl\":\"https:\\\/\\\/archiv.siov.sk\\\/wp-content\\\/uploads\\\/2019\\\/01\\\/odborne-vzdelavanie-a-priprava-pre-trh-prace-300x49.jpg\"},{\"@type\":\"BreadcrumbList\",\"@id\":\"https:\\\/\\\/archiv.siov.sk\\\/medzinarodna-spolupraca\\\/medzinarodne-projekty\\\/ovp-pre-trh-prace\\\/#breadcrumb\",\"itemListElement\":[{\"@type\":\"ListItem\",\"position\":1,\"name\":\"Home\",\"item\":\"https:\\\/\\\/archiv.siov.sk\\\/\"},{\"@type\":\"ListItem\",\"position\":2,\"name\":\"Medzin\u00e1rodn\u00e1 spolupr\u00e1ca\",\"item\":\"https:\\\/\\\/archiv.siov.sk\\\/en\\\/medzinarodna-spolupraca\\\/\"},{\"@type\":\"ListItem\",\"position\":3,\"name\":\"Medzin\u00e1rodn\u00e9 projekty\",\"item\":\"https:\\\/\\\/archiv.siov.sk\\\/medzinarodna-spolupraca\\\/medzinarodne-projekty\\\/\"},{\"@type\":\"ListItem\",\"position\":4,\"name\":\"OVP pre trh pr\u00e1ce\"}]},{\"@type\":\"WebSite\",\"@id\":\"https:\\\/\\\/archiv.siov.sk\\\/#website\",\"url\":\"https:\\\/\\\/archiv.siov.sk\\\/\",\"name\":\"\u0160IOV - \u0161t\u00e1tny in\u0161tit\u00fat odborn\u00e9ho vzdel\u00e1vania\",\"description\":\"\",\"publisher\":{\"@id\":\"https:\\\/\\\/archiv.siov.sk\\\/#organization\"},\"potentialAction\":[{\"@type\":\"SearchAction\",\"target\":{\"@type\":\"EntryPoint\",\"urlTemplate\":\"https:\\\/\\\/archiv.siov.sk\\\/?s={search_term_string}\"},\"query-input\":{\"@type\":\"PropertyValueSpecification\",\"valueRequired\":true,\"valueName\":\"search_term_string\"}}],\"inLanguage\":\"en-GB\"},{\"@type\":\"Organization\",\"@id\":\"https:\\\/\\\/archiv.siov.sk\\\/#organization\",\"name\":\"\u0160IOV - \u0161t\u00e1tny in\u0161tit\u00fat odborn\u00e9ho vzdel\u00e1vania\",\"url\":\"https:\\\/\\\/archiv.siov.sk\\\/\",\"logo\":{\"@type\":\"ImageObject\",\"inLanguage\":\"en-GB\",\"@id\":\"https:\\\/\\\/archiv.siov.sk\\\/#\\\/schema\\\/logo\\\/image\\\/\",\"url\":\"https:\\\/\\\/archiv.siov.sk\\\/wp-content\\\/uploads\\\/2024\\\/02\\\/logo-SIOV.png\",\"contentUrl\":\"https:\\\/\\\/archiv.siov.sk\\\/wp-content\\\/uploads\\\/2024\\\/02\\\/logo-SIOV.png\",\"width\":431,\"height\":143,\"caption\":\"\u0160IOV - \u0161t\u00e1tny in\u0161tit\u00fat odborn\u00e9ho vzdel\u00e1vania\"},\"image\":{\"@id\":\"https:\\\/\\\/archiv.siov.sk\\\/#\\\/schema\\\/logo\\\/image\\\/\"},\"sameAs\":[\"https:\\\/\\\/www.facebook.com\\\/Statnyinstitutodbornehovzdelavania\"]}]}<\/script>\n<!-- \/ Yoast SEO plugin. -->","yoast_head_json":{"title":"OVP pre trh pr\u00e1ce - \u0160IOV - \u0161t\u00e1tny in\u0161tit\u00fat odborn\u00e9ho vzdel\u00e1vania","robots":{"index":"index","follow":"follow","max-snippet":"max-snippet:-1","max-image-preview":"max-image-preview:large","max-video-preview":"max-video-preview:-1"},"canonical":"https:\/\/archiv.siov.sk\/en\/medzinarodna-spolupraca\/medzinarodne-projekty\/ovp-pre-trh-prace\/","og_locale":"en_GB","og_type":"article","og_title":"OVP pre trh pr\u00e1ce - \u0160IOV - \u0161t\u00e1tny in\u0161tit\u00fat odborn\u00e9ho vzdel\u00e1vania","og_description":"OVP pre trh pr\u00e1ce \u0160t\u00e1tny in\u0161tit\u00fat odborn\u00e9ho vzdel\u00e1vania (\u0160IOV) od\u0161tartoval trojro\u010dn\u00fd projekt na zlep\u0161enie \u00farovne odborn\u00e9ho vzdel\u00e1vania na Slovensku a jeho propag\u00e1ciu medzi potenci\u00e1lnymi \u0161tudentmi a zamestn\u00e1vate\u013emi. V pilotnom projekte sa m\u00e1 overi\u0165 funguj\u00faca a v\u00fdsledky prin\u00e1\u0161aj\u00faca metodika prevzat\u00e1 zo \u0160vaj\u010diarska. Cie\u013eom projektu je posilni\u0165 a rozvin\u00fa\u0165 spolupr\u00e1cu medzi zamestn\u00e1vate\u013emi a stredn\u00fdmi odborn\u00fdmi \u0161kolami tak, [&hellip;]","og_url":"https:\/\/archiv.siov.sk\/en\/medzinarodna-spolupraca\/medzinarodne-projekty\/ovp-pre-trh-prace\/","og_site_name":"\u0160IOV - \u0161t\u00e1tny in\u0161tit\u00fat odborn\u00e9ho vzdel\u00e1vania","article_publisher":"https:\/\/www.facebook.com\/Statnyinstitutodbornehovzdelavania","article_modified_time":"2021-07-23T05:46:19+00:00","og_image":[{"url":"https:\/\/archiv.siov.sk\/wp-content\/uploads\/2019\/01\/odborne-vzdelavanie-a-priprava-pre-trh-prace-300x49.jpg","type":"","width":"","height":""}],"twitter_card":"summary_large_image","twitter_misc":{"Estimated reading time":"2 minutes"},"schema":{"@context":"https:\/\/schema.org","@graph":[{"@type":"WebPage","@id":"https:\/\/archiv.siov.sk\/medzinarodna-spolupraca\/medzinarodne-projekty\/ovp-pre-trh-prace\/","url":"https:\/\/archiv.siov.sk\/medzinarodna-spolupraca\/medzinarodne-projekty\/ovp-pre-trh-prace\/","name":"OVP pre trh pr\u00e1ce - \u0160IOV - \u0161t\u00e1tny in\u0161tit\u00fat odborn\u00e9ho vzdel\u00e1vania","isPartOf":{"@id":"https:\/\/archiv.siov.sk\/#website"},"primaryImageOfPage":{"@id":"https:\/\/archiv.siov.sk\/medzinarodna-spolupraca\/medzinarodne-projekty\/ovp-pre-trh-prace\/#primaryimage"},"image":{"@id":"https:\/\/archiv.siov.sk\/medzinarodna-spolupraca\/medzinarodne-projekty\/ovp-pre-trh-prace\/#primaryimage"},"thumbnailUrl":"https:\/\/archiv.siov.sk\/wp-content\/uploads\/2019\/01\/odborne-vzdelavanie-a-priprava-pre-trh-prace-300x49.jpg","datePublished":"2019-01-25T09:19:47+00:00","dateModified":"2021-07-23T05:46:19+00:00","breadcrumb":{"@id":"https:\/\/archiv.siov.sk\/medzinarodna-spolupraca\/medzinarodne-projekty\/ovp-pre-trh-prace\/#breadcrumb"},"inLanguage":"en-GB","potentialAction":[{"@type":"ReadAction","target":["https:\/\/archiv.siov.sk\/medzinarodna-spolupraca\/medzinarodne-projekty\/ovp-pre-trh-prace\/"]}]},{"@type":"ImageObject","inLanguage":"en-GB","@id":"https:\/\/archiv.siov.sk\/medzinarodna-spolupraca\/medzinarodne-projekty\/ovp-pre-trh-prace\/#primaryimage","url":"https:\/\/archiv.siov.sk\/wp-content\/uploads\/2019\/01\/odborne-vzdelavanie-a-priprava-pre-trh-prace-300x49.jpg","contentUrl":"https:\/\/archiv.siov.sk\/wp-content\/uploads\/2019\/01\/odborne-vzdelavanie-a-priprava-pre-trh-prace-300x49.jpg"},{"@type":"BreadcrumbList","@id":"https:\/\/archiv.siov.sk\/medzinarodna-spolupraca\/medzinarodne-projekty\/ovp-pre-trh-prace\/#breadcrumb","itemListElement":[{"@type":"ListItem","position":1,"name":"Home","item":"https:\/\/archiv.siov.sk\/"},{"@type":"ListItem","position":2,"name":"Medzin\u00e1rodn\u00e1 spolupr\u00e1ca","item":"https:\/\/archiv.siov.sk\/en\/medzinarodna-spolupraca\/"},{"@type":"ListItem","position":3,"name":"Medzin\u00e1rodn\u00e9 projekty","item":"https:\/\/archiv.siov.sk\/medzinarodna-spolupraca\/medzinarodne-projekty\/"},{"@type":"ListItem","position":4,"name":"OVP pre trh pr\u00e1ce"}]},{"@type":"WebSite","@id":"https:\/\/archiv.siov.sk\/#website","url":"https:\/\/archiv.siov.sk\/","name":"\u0160IOV - \u0161t\u00e1tny in\u0161tit\u00fat odborn\u00e9ho vzdel\u00e1vania","description":"","publisher":{"@id":"https:\/\/archiv.siov.sk\/#organization"},"potentialAction":[{"@type":"SearchAction","target":{"@type":"EntryPoint","urlTemplate":"https:\/\/archiv.siov.sk\/?s={search_term_string}"},"query-input":{"@type":"PropertyValueSpecification","valueRequired":true,"valueName":"search_term_string"}}],"inLanguage":"en-GB"},{"@type":"Organization","@id":"https:\/\/archiv.siov.sk\/#organization","name":"\u0160IOV - \u0161t\u00e1tny in\u0161tit\u00fat odborn\u00e9ho vzdel\u00e1vania","url":"https:\/\/archiv.siov.sk\/","logo":{"@type":"ImageObject","inLanguage":"en-GB","@id":"https:\/\/archiv.siov.sk\/#\/schema\/logo\/image\/","url":"https:\/\/archiv.siov.sk\/wp-content\/uploads\/2024\/02\/logo-SIOV.png","contentUrl":"https:\/\/archiv.siov.sk\/wp-content\/uploads\/2024\/02\/logo-SIOV.png","width":431,"height":143,"caption":"\u0160IOV - \u0161t\u00e1tny in\u0161tit\u00fat odborn\u00e9ho vzdel\u00e1vania"},"image":{"@id":"https:\/\/archiv.siov.sk\/#\/schema\/logo\/image\/"},"sameAs":["https:\/\/www.facebook.com\/Statnyinstitutodbornehovzdelavania"]}]}},"_links":{"self":[{"href":"https:\/\/archiv.siov.sk\/en\/wp-json\/wp\/v2\/pages\/78","targetHints":{"allow":["GET"]}}],"collection":[{"href":"https:\/\/archiv.siov.sk\/en\/wp-json\/wp\/v2\/pages"}],"about":[{"href":"https:\/\/archiv.siov.sk\/en\/wp-json\/wp\/v2\/types\/page"}],"author":[{"embeddable":true,"href":"https:\/\/archiv.siov.sk\/en\/wp-json\/wp\/v2\/users\/1"}],"replies":[{"embeddable":true,"href":"https:\/\/archiv.siov.sk\/en\/wp-json\/wp\/v2\/comments?post=78"}],"version-history":[{"count":10,"href":"https:\/\/archiv.siov.sk\/en\/wp-json\/wp\/v2\/pages\/78\/revisions"}],"predecessor-version":[{"id":8739,"href":"https:\/\/archiv.siov.sk\/en\/wp-json\/wp\/v2\/pages\/78\/revisions\/8739"}],"up":[{"embeddable":true,"href":"https:\/\/archiv.siov.sk\/en\/wp-json\/wp\/v2\/pages\/67"}],"wp:attachment":[{"href":"https:\/\/archiv.siov.sk\/en\/wp-json\/wp\/v2\/media?parent=78"}],"curies":[{"name":"wp","href":"https:\/\/api.w.org\/{rel}","templated":true}]}}