{"id":63,"date":"2019-01-25T10:13:13","date_gmt":"2019-01-25T09:13:13","guid":{"rendered":"http:\/\/archiv.siov.sk\/?page_id=63"},"modified":"2021-07-23T08:01:00","modified_gmt":"2021-07-23T06:01:00","slug":"tvorive-dielne-2","status":"publish","type":"page","link":"https:\/\/archiv.siov.sk\/en\/projekty\/zrealizovane-projekty\/tvorive-dielne-2\/","title":{"rendered":"Tvoriv\u00e9 dielne 2"},"content":{"rendered":"<div data-elementor-type=\"wp-page\" data-elementor-id=\"63\" class=\"elementor elementor-63\" data-elementor-post-type=\"page\">\n\t\t\t\t\t\t<section class=\"elementor-section elementor-top-section elementor-element elementor-element-1884507 elementor-section-boxed elementor-section-height-default elementor-section-height-default\" data-id=\"1884507\" data-element_type=\"section\" data-e-type=\"section\">\n\t\t\t\t\t\t<div class=\"elementor-container elementor-column-gap-default\">\n\t\t\t\t\t<div class=\"elementor-column elementor-col-100 elementor-top-column elementor-element elementor-element-5749b4c\" data-id=\"5749b4c\" data-element_type=\"column\" data-e-type=\"column\">\n\t\t\t<div class=\"elementor-widget-wrap elementor-element-populated\">\n\t\t\t\t\t\t<div class=\"elementor-element elementor-element-f3e0297 elementor-widget-divider--view-line elementor-widget elementor-widget-divider\" data-id=\"f3e0297\" data-element_type=\"widget\" data-e-type=\"widget\" data-widget_type=\"divider.default\">\n\t\t\t\t<div class=\"elementor-widget-container\">\n\t\t\t\t\t\t\t<div class=\"elementor-divider\">\n\t\t\t<span class=\"elementor-divider-separator\">\n\t\t\t\t\t\t<\/span>\n\t\t<\/div>\n\t\t\t\t\t\t<\/div>\n\t\t\t\t<\/div>\n\t\t\t\t<div class=\"elementor-element elementor-element-93aaf26 elementor-widget elementor-widget-heading\" data-id=\"93aaf26\" data-element_type=\"widget\" data-e-type=\"widget\" data-widget_type=\"heading.default\">\n\t\t\t\t<div class=\"elementor-widget-container\">\n\t\t\t\t\t<h2 class=\"elementor-heading-title elementor-size-default\">Tvoriv\u00e9 dielne 2<\/h2>\t\t\t\t<\/div>\n\t\t\t\t<\/div>\n\t\t\t\t\t<\/div>\n\t\t<\/div>\n\t\t\t\t\t<\/div>\n\t\t<\/section>\n\t\t\t\t<section class=\"elementor-section elementor-top-section elementor-element elementor-element-252d035d elementor-section-boxed elementor-section-height-default elementor-section-height-default\" data-id=\"252d035d\" data-element_type=\"section\" data-e-type=\"section\">\n\t\t\t\t\t\t<div class=\"elementor-container elementor-column-gap-default\">\n\t\t\t\t\t<div class=\"elementor-column elementor-col-100 elementor-top-column elementor-element elementor-element-6b84734e\" data-id=\"6b84734e\" data-element_type=\"column\" data-e-type=\"column\">\n\t\t\t<div class=\"elementor-widget-wrap elementor-element-populated\">\n\t\t\t\t\t\t<div class=\"elementor-element elementor-element-60b5c469 elementor-widget elementor-widget-text-editor\" data-id=\"60b5c469\" data-element_type=\"widget\" data-e-type=\"widget\" data-widget_type=\"text-editor.default\">\n\t\t\t\t<div class=\"elementor-widget-container\">\n\t\t\t\t\t\t\t\t\t<div id=\"pl-63\" class=\"panel-layout\">\r\n<div id=\"pg-63-0\" class=\"panel-grid panel-no-style\">\r\n<div id=\"pgc-63-0-0\" class=\"panel-grid-cell\" data-weight=\"1\">\r\n<div id=\"panel-63-0-0-0\" class=\"so-panel widget widget_sow-editor panel-first-child panel-last-child\" data-index=\"0\" data-style=\"{&quot;background_image_attachment&quot;:false,&quot;background_display&quot;:&quot;tile&quot;}\">\r\n<div class=\"so-widget-sow-editor so-widget-sow-editor-base\">\r\n<div class=\"siteorigin-widget-tinymce textwidget\">\r\n<p style=\"text-align: justify;\">N\u00e1rodn\u00fd projekt \u201ePodpora polytechnickej v\u00fdchovy na z\u00e1kladn\u00fdch \u0161kol\u00e1ch\u201c je zrkadlov\u00fd projekt zlo\u017een\u00fd z dvoch \u010dast\u00ed &#8211; Konvergencia a Region\u00e1lna konkurencieschopnos\u0165 a zamestnate\u013enos\u0165. Projekt nadv\u00e4zuje na \u00faspe\u0161n\u00fd n\u00e1rodn\u00fd projekt \u201ePodpora profesijnej orient\u00e1cie \u017eiakov Z\u0160 na OVP prostredn\u00edctvom rozvoja polytechnickej v\u00fdchovy zameranej na rozvoj pracovn\u00fdch zru\u010dnost\u00ed a pr\u00e1ca s talentami\u201c, \u010d\u00edm umo\u017en\u00ed roz\u0161\u00edri\u0165 skupinu podporen\u00fdch z\u00e1kladn\u00fdch \u0161k\u00f4l a z\u00e1mer zatrakt\u00edvni\u0165 a zv\u00fd\u0161i\u0165 kvalitu vyu\u010dovacieho procesu v oblastiach zameran\u00fdch na polytechnick\u00fa v\u00fdchovu.<\/p>\r\n\r\n<table>\r\n<tbody>\r\n<tr>\r\n<td>N\u00e1rodn\u00fd projekt:<\/td>\r\n<td><strong>Podpora polytechnickej v\u00fdchovy na z\u00e1kladn\u00fdch \u0161kol\u00e1ch<\/strong><\/td>\r\n<\/tr>\r\n<tr>\r\n<td>K\u00f3d ITMS projektu:<\/td>\r\n<td><strong>K \u2013 26110130738, RKZ \u2013 26140130044<\/strong><\/td>\r\n<\/tr>\r\n<tr>\r\n<td>Prioritn\u00e1 os 1:<\/td>\r\n<td><strong>Reforma syst\u00e9mu vzdel\u00e1vania a odbornej pr\u00edpravy<\/strong><\/td>\r\n<\/tr>\r\n<tr>\r\n<td>Opatrenie 1.1:<\/td>\r\n<td><strong>Premena tradi\u010dnej \u0161koly na modern\u00fa.<\/strong><\/td>\r\n<\/tr>\r\n<tr>\r\n<td>Prioritn\u00e1 os 4:<\/td>\r\n<td><strong>Modern\u00e9 vzdel\u00e1vanie pre vedomostn\u00fa spolo\u010dnos\u0165 pre Bratislavsk\u00fd kraj<\/strong><\/td>\r\n<\/tr>\r\n<tr>\r\n<td>Opatrenie 4.1:<\/td>\r\n<td><strong>Premena tradi\u010dnej \u0161koly na modern\u00fa pre Bratislavsk\u00fd kraj<\/strong><\/td>\r\n<\/tr>\r\n<tr>\r\n<td>Cie\u013e:<\/td>\r\n<td><strong>Konvergencia a Region\u00e1lna konkurencieschopnos\u0165 a zamestnanos\u0165<\/strong><\/td>\r\n<\/tr>\r\n<\/tbody>\r\n<\/table>\r\n<\/div>\r\n<\/div>\r\n<\/div>\r\n<\/div>\r\n<\/div>\r\n<div id=\"pg-63-1\" class=\"panel-grid panel-no-style\" data-style=\"{&quot;background_image_attachment&quot;:false,&quot;background_display&quot;:&quot;tile&quot;,&quot;cell_alignment&quot;:&quot;flex-start&quot;}\">\r\n<div id=\"pgc-63-1-0\" class=\"panel-grid-cell\" data-weight=\"0.4\">\r\n<div id=\"panel-63-1-0-0\" class=\"so-panel widget widget_sow-editor panel-first-child panel-last-child\" data-index=\"1\" data-style=\"{&quot;background_image_attachment&quot;:false,&quot;background_display&quot;:&quot;tile&quot;}\">\r\n<div class=\"so-widget-sow-editor so-widget-sow-editor-base\">\r\n<div class=\"siteorigin-widget-tinymce textwidget\">\r\n<ul class=\"svp_links\">\r\n \t<li><a href=\"http:\/\/pvodborne.sk\/\" target=\"_blank\" rel=\"noopener\">Viac inform\u00e1ci\u00ed o projekte<\/a><\/li>\r\n \t<li><a href=\"http:\/\/siov.sk\/wp-content\/uploads\/2019\/02\/Metodicky-manual-pre-predmet-Biologia.pdf\" target=\"_blank\" rel=\"noopener\">Metodick\u00fd manu\u00e1l pre predmet Biol\u00f3gia<\/a><\/li>\r\n \t<li><a href=\"http:\/\/siov.sk\/wp-content\/uploads\/2019\/02\/Metodicky-manual-pre-predmet-Technika.pdf\" target=\"_blank\" rel=\"noopener\">Metodick\u00fd manu\u00e1l pre predmet Technika<\/a><\/li>\r\n<\/ul>\r\n<\/div>\r\n<\/div>\r\n<\/div>\r\n<\/div>\r\n<div id=\"pgc-63-1-1\" class=\"panel-grid-cell\" data-weight=\"0.6\">\r\n<div id=\"panel-63-1-1-0\" class=\"so-panel widget widget_sow-editor panel-first-child panel-last-child\" data-index=\"2\" data-style=\"{&quot;background_image_attachment&quot;:false,&quot;background_display&quot;:&quot;tile&quot;}\">\r\n<div class=\"so-widget-sow-editor so-widget-sow-editor-base\">\r\n<div class=\"siteorigin-widget-tinymce textwidget\">\r\n<ul class=\"svp_links\">\r\n \t<li><a href=\"http:\/\/siov.sk\/wp-content\/uploads\/2019\/02\/Metodicky-manual-pre-predmet-Fyzika.pdf\" target=\"_blank\" rel=\"noopener\">Metodick\u00fd manu\u00e1l pre predmet Fyzika<\/a><\/li>\r\n \t<li><a href=\"http:\/\/siov.sk\/wp-content\/uploads\/2019\/02\/Metodicky-manual-pre-predmet-Chemia.pdf\" target=\"_blank\" rel=\"noopener\">Metodick\u00fd manu\u00e1l pre predmet Ch\u00e9mia<\/a><\/li>\r\n \t<li><a href=\"http:\/\/siov.sk\/wp-content\/uploads\/2019\/02\/Manual-pre-organizaciu-novych-foriem-ziakov-ZS-na-povolanie.pdf\" target=\"_blank\" rel=\"noopener\">Metodick\u00fd manu\u00e1l pre organiz\u00e1ciu nov\u00fdch foriem \u017eiakov Z\u0160 na povolanie<\/a><\/li>\r\n<\/ul>\r\n<\/div>\r\n<\/div>\r\n<\/div>\r\n<\/div>\r\n<\/div>\r\n<div id=\"pg-63-2\" class=\"panel-grid panel-no-style\" data-style=\"{&quot;background_image_attachment&quot;:false,&quot;background_display&quot;:&quot;tile&quot;,&quot;cell_alignment&quot;:&quot;flex-start&quot;}\" data-ratio=\"1\" data-ratio-direction=\"right\">\r\n<div id=\"pgc-63-2-0\" class=\"panel-grid-cell\" data-weight=\"1\">\r\n<div id=\"panel-63-2-0-0\" class=\"so-panel widget widget_sow-editor panel-first-child panel-last-child\" data-index=\"3\" data-style=\"{&quot;background_image_attachment&quot;:false,&quot;background_display&quot;:&quot;tile&quot;}\">\r\n<div class=\"so-widget-sow-editor so-widget-sow-editor-base\">\r\n<div class=\"siteorigin-widget-tinymce textwidget\">\r\n<p style=\"text-align: justify;\">Cie\u013eom n\u00e1rodn\u00e9ho projektu je zv\u00fd\u0161enie z\u00e1ujmu \u017eiakov z\u00e1kladn\u00fdch \u0161k\u00f4l o predmety zameran\u00e9 na polytechnick\u00fa v\u00fdchovu, rozvoj pracovn\u00fdch zru\u010dnost\u00ed \u017eiakov hlavne v oblastiach vzdel\u00e1vania predmetov fyziky, techniky, biol\u00f3gie a ch\u00e9mie a z toho vypl\u00fdvaj\u00faca podpora profesijnej orient\u00e1cie \u017eiakov Z\u0160 na odborn\u00e9 vzdel\u00e1vanie a pr\u00edpravu. Prioritou aktiv\u00edt n\u00e1rodn\u00e9ho projektu je skvalitni\u0165 a zatrakt\u00edvni\u0165 vyu\u010dovac\u00ed proces prostredn\u00edctvom vybavenia odborn\u00fdch u\u010debn\u00ed ch\u00e9mie, fyziky, biol\u00f3gie, techniky s vyu\u017eit\u00edm modern\u00fdch met\u00f3d a foriem vzdel\u00e1vania, aby sme mohli uskuto\u010dni\u0165 obsahov\u00fa prestavbu vzdel\u00e1vania na Z\u0160 a pripravi\u0165 absolventa pre aktu\u00e1lne a perspekt\u00edvne potreby trhu pr\u00e1ce. Do projektu bude zapojen\u00fdch 161 pilotn\u00fdch \u0161k\u00f4l z Konvergencie a 16 pilotn\u00fdch z\u00e1kladn\u00fdch \u0161k\u00f4l z Bratislavsk\u00e9ho kraja.<\/p>\r\n<p style=\"text-align: justify;\">Dokopy m\u00e1 projekt za cie\u013e vybavi\u0165 177 z\u00e1kladn\u00fdch \u0161k\u00f4l z cel\u00e9ho Slovenska nov\u00fdmi pom\u00f4ckami do odborn\u00fdch u\u010debn\u00ed techniky, fyziky ch\u00e9mie a biol\u00f3gie a n\u00e1sledn\u00fdm v\u00fdstupom bude zameranie \u017eiaka na OVP na SO\u0160.<\/p>\r\n<p style=\"text-align: justify;\">Hlavn\u00fdm v\u00fdstupom projektu v Aktivite 1.1 bude n\u00e1vrh minim\u00e1lneho \u0161tandardu vybavenia didaktick\u00fdch pom\u00f4cok pre praktick\u00e9 vyu\u010dovanie a tvorba metodologick\u00e9ho manu\u00e1lu pre predmety zameran\u00e9 na polytechnick\u00fa v\u00fdchovu. Inovovan\u00e9 formy a met\u00f3dy vyu\u010dovania bud\u00fa zameran\u00e9 na vyu\u017e\u00edvanie viac praktick\u00fdch \u00faloh v laborat\u00f3rnych podmienkach, v pr\u00edrode \u010di v dom\u00e1cnosti, aby podporovali pracovn\u00e9 zru\u010dnosti \u017eiakov zaveden\u00edm polytechnickej v\u00fdchovy, teda viac praxe do vyu\u010dovania, \u010do podporuje predstavivos\u0165, kreativitu a flexibilitu \u017eiakov.<\/p>\r\n<p style=\"text-align: justify;\"><b>V Aktivite 2.1.<\/b> bude hlavn\u00fdm v\u00fdstupom tvorba manu\u00e1lu pre organiz\u00e1ciu nov\u00fdch foriem pr\u00edpravy \u017eiakov Z\u0160 na povolanie<\/p>\r\n\r\n<h4 style=\"text-align: justify;\"><strong>N\u00e1rodn\u00fd projekt sa bude koncentrova\u0165 najm\u00e4 na:<\/strong><\/h4>\r\n<ul class=\"check_links\">\r\n \t<li>zatrakt\u00edvnenie kvality vzdel\u00e1vania zameran\u00e9ho na polytechnick\u00fa v\u00fdchovu<\/li>\r\n \t<li>podporu zv\u00fd\u0161enia kvality vzdel\u00e1vania na Z\u0160 v oblasti polytechnickej v\u00fdchovy<\/li>\r\n \t<li>vytvorenie \u0161tandardov nov\u00fdch foriem pr\u00edpravy \u017eiakov Z\u0160 na povolanie s vyu\u017eit\u00edm inovovan\u00fdch foriem a met\u00f3d v\u00fdu\u010dby<\/li>\r\n<\/ul>\r\n<h4 style=\"text-align: justify;\"><strong>Cie\u013eov\u00e1 skupina<\/strong><\/h4>\r\n<ul class=\"check_links\">\r\n \t<li>\u017eiaci z\u00e1kladn\u00fdch \u0161k\u00f4l<\/li>\r\n \t<li>pedagogick\u00ed zamestnanci z\u00e1kladn\u00fdch \u0161k\u00f4l<\/li>\r\n<\/ul>\r\n<h4 style=\"text-align: justify;\"><strong>Miesto realiz\u00e1cie projektu:<\/strong><\/h4>\r\n<p style=\"text-align: justify;\">Cel\u00e9 \u00fazemie Slovenskej republiky \u2013 8 krajov SR:<\/p>\r\n\r\n<ul class=\"check_links\">\r\n \t<li>Bratislavsk\u00fd kraj<\/li>\r\n \t<li>Nitriansky kraj<\/li>\r\n \t<li>Tren\u010diansky kraj<\/li>\r\n \t<li>Trnavsk\u00fd kraj<\/li>\r\n \t<li>\u017dilinsk\u00fd kraj<\/li>\r\n \t<li>Banskobystrick\u00fd kraj<\/li>\r\n \t<li>Pre\u0161ovsk\u00fd kraj<\/li>\r\n \t<li style=\"text-align: justify;\">Ko\u0161ick\u00fd kraj<\/li>\r\n<\/ul>\r\n<\/div>\r\n<\/div>\r\n<\/div>\r\n<\/div>\r\n<\/div>\r\n<\/div>\t\t\t\t\t\t\t\t<\/div>\n\t\t\t\t<\/div>\n\t\t\t\t\t<\/div>\n\t\t<\/div>\n\t\t\t\t\t<\/div>\n\t\t<\/section>\n\t\t\t\t<\/div>","protected":false},"excerpt":{"rendered":"<p>Tvoriv\u00e9 dielne 2 N\u00e1rodn\u00fd projekt \u201ePodpora polytechnickej v\u00fdchovy na z\u00e1kladn\u00fdch \u0161kol\u00e1ch\u201c je zrkadlov\u00fd projekt zlo\u017een\u00fd z dvoch \u010dast\u00ed &#8211; Konvergencia a Region\u00e1lna konkurencieschopnos\u0165 a zamestnate\u013enos\u0165. Projekt nadv\u00e4zuje na \u00faspe\u0161n\u00fd n\u00e1rodn\u00fd projekt \u201ePodpora profesijnej orient\u00e1cie \u017eiakov Z\u0160 na OVP prostredn\u00edctvom rozvoja polytechnickej v\u00fdchovy zameranej na rozvoj pracovn\u00fdch zru\u010dnost\u00ed a pr\u00e1ca s talentami\u201c, \u010d\u00edm umo\u017en\u00ed roz\u0161\u00edri\u0165 skupinu [&hellip;]<\/p>\n","protected":false},"author":1,"featured_media":0,"parent":55,"menu_order":0,"comment_status":"closed","ping_status":"closed","template":"","meta":{"site-sidebar-layout":"default","site-content-layout":"default","ast-site-content-layout":"default","site-content-style":"default","site-sidebar-style":"default","ast-global-header-display":"","ast-banner-title-visibility":"","ast-main-header-display":"","ast-hfb-above-header-display":"","ast-hfb-below-header-display":"","ast-hfb-mobile-header-display":"","site-post-title":"disabled","ast-breadcrumbs-content":"","ast-featured-img":"","footer-sml-layout":"","ast-disable-related-posts":"","theme-transparent-header-meta":"default","adv-header-id-meta":"","stick-header-meta":"","header-above-stick-meta":"","header-main-stick-meta":"","header-below-stick-meta":"","astra-migrate-meta-layouts":"default","ast-page-background-enabled":"default","ast-page-background-meta":{"desktop":{"background-color":"var(--ast-global-color-4)","background-image":"","background-repeat":"repeat","background-position":"center center","background-size":"auto","background-attachment":"scroll","background-type":"","background-media":"","overlay-type":"","overlay-color":"","overlay-opacity":"","overlay-gradient":""},"tablet":{"background-color":"","background-image":"","background-repeat":"repeat","background-position":"center center","background-size":"auto","background-attachment":"scroll","background-type":"","background-media":"","overlay-type":"","overlay-color":"","overlay-opacity":"","overlay-gradient":""},"mobile":{"background-color":"","background-image":"","background-repeat":"repeat","background-position":"center center","background-size":"auto","background-attachment":"scroll","background-type":"","background-media":"","overlay-type":"","overlay-color":"","overlay-opacity":"","overlay-gradient":""}},"ast-content-background-meta":{"desktop":{"background-color":"var(--ast-global-color-5)","background-image":"","background-repeat":"repeat","background-position":"center center","background-size":"auto","background-attachment":"scroll","background-type":"","background-media":"","overlay-type":"","overlay-color":"","overlay-opacity":"","overlay-gradient":""},"tablet":{"background-color":"var(--ast-global-color-5)","background-image":"","background-repeat":"repeat","background-position":"center center","background-size":"auto","background-attachment":"scroll","background-type":"","background-media":"","overlay-type":"","overlay-color":"","overlay-opacity":"","overlay-gradient":""},"mobile":{"background-color":"var(--ast-global-color-5)","background-image":"","background-repeat":"repeat","background-position":"center center","background-size":"auto","background-attachment":"scroll","background-type":"","background-media":"","overlay-type":"","overlay-color":"","overlay-opacity":"","overlay-gradient":""}},"footnotes":""},"class_list":["post-63","page","type-page","status-publish","hentry"],"yoast_head":"<!-- This site is optimized with the Yoast SEO plugin v27.5 - https:\/\/yoast.com\/product\/yoast-seo-wordpress\/ -->\n<title>Tvoriv\u00e9 dielne 2 - \u0160IOV - \u0161t\u00e1tny in\u0161tit\u00fat odborn\u00e9ho vzdel\u00e1vania<\/title>\n<meta name=\"robots\" content=\"index, follow, max-snippet:-1, max-image-preview:large, max-video-preview:-1\" \/>\n<link rel=\"canonical\" href=\"https:\/\/archiv.siov.sk\/en\/projekty\/zrealizovane-projekty\/tvorive-dielne-2\/\" \/>\n<meta property=\"og:locale\" content=\"en_GB\" \/>\n<meta property=\"og:type\" content=\"article\" \/>\n<meta property=\"og:title\" content=\"Tvoriv\u00e9 dielne 2 - \u0160IOV - \u0161t\u00e1tny in\u0161tit\u00fat odborn\u00e9ho vzdel\u00e1vania\" \/>\n<meta property=\"og:description\" content=\"Tvoriv\u00e9 dielne 2 N\u00e1rodn\u00fd projekt \u201ePodpora polytechnickej v\u00fdchovy na z\u00e1kladn\u00fdch \u0161kol\u00e1ch\u201c je zrkadlov\u00fd projekt zlo\u017een\u00fd z dvoch \u010dast\u00ed &#8211; Konvergencia a Region\u00e1lna konkurencieschopnos\u0165 a zamestnate\u013enos\u0165. Projekt nadv\u00e4zuje na \u00faspe\u0161n\u00fd n\u00e1rodn\u00fd projekt \u201ePodpora profesijnej orient\u00e1cie \u017eiakov Z\u0160 na OVP prostredn\u00edctvom rozvoja polytechnickej v\u00fdchovy zameranej na rozvoj pracovn\u00fdch zru\u010dnost\u00ed a pr\u00e1ca s talentami\u201c, \u010d\u00edm umo\u017en\u00ed roz\u0161\u00edri\u0165 skupinu [&hellip;]\" \/>\n<meta property=\"og:url\" content=\"https:\/\/archiv.siov.sk\/en\/projekty\/zrealizovane-projekty\/tvorive-dielne-2\/\" \/>\n<meta property=\"og:site_name\" content=\"\u0160IOV - \u0161t\u00e1tny in\u0161tit\u00fat odborn\u00e9ho vzdel\u00e1vania\" \/>\n<meta property=\"article:publisher\" content=\"https:\/\/www.facebook.com\/Statnyinstitutodbornehovzdelavania\" \/>\n<meta property=\"article:modified_time\" content=\"2021-07-23T06:01:00+00:00\" \/>\n<meta name=\"twitter:card\" content=\"summary_large_image\" \/>\n<meta name=\"twitter:label1\" content=\"Estimated reading time\" \/>\n\t<meta name=\"twitter:data1\" content=\"3 minutes\" \/>\n<script type=\"application\/ld+json\" class=\"yoast-schema-graph\">{\"@context\":\"https:\\\/\\\/schema.org\",\"@graph\":[{\"@type\":\"WebPage\",\"@id\":\"https:\\\/\\\/archiv.siov.sk\\\/projekty\\\/zrealizovane-projekty\\\/tvorive-dielne-2\\\/\",\"url\":\"https:\\\/\\\/archiv.siov.sk\\\/projekty\\\/zrealizovane-projekty\\\/tvorive-dielne-2\\\/\",\"name\":\"Tvoriv\u00e9 dielne 2 - \u0160IOV - \u0161t\u00e1tny in\u0161tit\u00fat odborn\u00e9ho vzdel\u00e1vania\",\"isPartOf\":{\"@id\":\"https:\\\/\\\/archiv.siov.sk\\\/#website\"},\"datePublished\":\"2019-01-25T09:13:13+00:00\",\"dateModified\":\"2021-07-23T06:01:00+00:00\",\"breadcrumb\":{\"@id\":\"https:\\\/\\\/archiv.siov.sk\\\/projekty\\\/zrealizovane-projekty\\\/tvorive-dielne-2\\\/#breadcrumb\"},\"inLanguage\":\"en-GB\",\"potentialAction\":[{\"@type\":\"ReadAction\",\"target\":[\"https:\\\/\\\/archiv.siov.sk\\\/projekty\\\/zrealizovane-projekty\\\/tvorive-dielne-2\\\/\"]}]},{\"@type\":\"BreadcrumbList\",\"@id\":\"https:\\\/\\\/archiv.siov.sk\\\/projekty\\\/zrealizovane-projekty\\\/tvorive-dielne-2\\\/#breadcrumb\",\"itemListElement\":[{\"@type\":\"ListItem\",\"position\":1,\"name\":\"Home\",\"item\":\"https:\\\/\\\/archiv.siov.sk\\\/\"},{\"@type\":\"ListItem\",\"position\":2,\"name\":\"Projekty\",\"item\":\"https:\\\/\\\/archiv.siov.sk\\\/en\\\/projekty\\\/\"},{\"@type\":\"ListItem\",\"position\":3,\"name\":\"Zrealizovan\u00e9 projekty\",\"item\":\"https:\\\/\\\/archiv.siov.sk\\\/en\\\/projekty\\\/zrealizovane-projekty\\\/\"},{\"@type\":\"ListItem\",\"position\":4,\"name\":\"Tvoriv\u00e9 dielne 2\"}]},{\"@type\":\"WebSite\",\"@id\":\"https:\\\/\\\/archiv.siov.sk\\\/#website\",\"url\":\"https:\\\/\\\/archiv.siov.sk\\\/\",\"name\":\"\u0160IOV - \u0161t\u00e1tny in\u0161tit\u00fat odborn\u00e9ho vzdel\u00e1vania\",\"description\":\"\",\"publisher\":{\"@id\":\"https:\\\/\\\/archiv.siov.sk\\\/#organization\"},\"potentialAction\":[{\"@type\":\"SearchAction\",\"target\":{\"@type\":\"EntryPoint\",\"urlTemplate\":\"https:\\\/\\\/archiv.siov.sk\\\/?s={search_term_string}\"},\"query-input\":{\"@type\":\"PropertyValueSpecification\",\"valueRequired\":true,\"valueName\":\"search_term_string\"}}],\"inLanguage\":\"en-GB\"},{\"@type\":\"Organization\",\"@id\":\"https:\\\/\\\/archiv.siov.sk\\\/#organization\",\"name\":\"\u0160IOV - \u0161t\u00e1tny in\u0161tit\u00fat odborn\u00e9ho vzdel\u00e1vania\",\"url\":\"https:\\\/\\\/archiv.siov.sk\\\/\",\"logo\":{\"@type\":\"ImageObject\",\"inLanguage\":\"en-GB\",\"@id\":\"https:\\\/\\\/archiv.siov.sk\\\/#\\\/schema\\\/logo\\\/image\\\/\",\"url\":\"https:\\\/\\\/archiv.siov.sk\\\/wp-content\\\/uploads\\\/2024\\\/02\\\/logo-SIOV.png\",\"contentUrl\":\"https:\\\/\\\/archiv.siov.sk\\\/wp-content\\\/uploads\\\/2024\\\/02\\\/logo-SIOV.png\",\"width\":431,\"height\":143,\"caption\":\"\u0160IOV - \u0161t\u00e1tny in\u0161tit\u00fat odborn\u00e9ho vzdel\u00e1vania\"},\"image\":{\"@id\":\"https:\\\/\\\/archiv.siov.sk\\\/#\\\/schema\\\/logo\\\/image\\\/\"},\"sameAs\":[\"https:\\\/\\\/www.facebook.com\\\/Statnyinstitutodbornehovzdelavania\"]}]}<\/script>\n<!-- \/ Yoast SEO plugin. -->","yoast_head_json":{"title":"Tvoriv\u00e9 dielne 2 - \u0160IOV - \u0161t\u00e1tny in\u0161tit\u00fat odborn\u00e9ho vzdel\u00e1vania","robots":{"index":"index","follow":"follow","max-snippet":"max-snippet:-1","max-image-preview":"max-image-preview:large","max-video-preview":"max-video-preview:-1"},"canonical":"https:\/\/archiv.siov.sk\/en\/projekty\/zrealizovane-projekty\/tvorive-dielne-2\/","og_locale":"en_GB","og_type":"article","og_title":"Tvoriv\u00e9 dielne 2 - \u0160IOV - \u0161t\u00e1tny in\u0161tit\u00fat odborn\u00e9ho vzdel\u00e1vania","og_description":"Tvoriv\u00e9 dielne 2 N\u00e1rodn\u00fd projekt \u201ePodpora polytechnickej v\u00fdchovy na z\u00e1kladn\u00fdch \u0161kol\u00e1ch\u201c je zrkadlov\u00fd projekt zlo\u017een\u00fd z dvoch \u010dast\u00ed &#8211; Konvergencia a Region\u00e1lna konkurencieschopnos\u0165 a zamestnate\u013enos\u0165. Projekt nadv\u00e4zuje na \u00faspe\u0161n\u00fd n\u00e1rodn\u00fd projekt \u201ePodpora profesijnej orient\u00e1cie \u017eiakov Z\u0160 na OVP prostredn\u00edctvom rozvoja polytechnickej v\u00fdchovy zameranej na rozvoj pracovn\u00fdch zru\u010dnost\u00ed a pr\u00e1ca s talentami\u201c, \u010d\u00edm umo\u017en\u00ed roz\u0161\u00edri\u0165 skupinu [&hellip;]","og_url":"https:\/\/archiv.siov.sk\/en\/projekty\/zrealizovane-projekty\/tvorive-dielne-2\/","og_site_name":"\u0160IOV - \u0161t\u00e1tny in\u0161tit\u00fat odborn\u00e9ho vzdel\u00e1vania","article_publisher":"https:\/\/www.facebook.com\/Statnyinstitutodbornehovzdelavania","article_modified_time":"2021-07-23T06:01:00+00:00","twitter_card":"summary_large_image","twitter_misc":{"Estimated reading time":"3 minutes"},"schema":{"@context":"https:\/\/schema.org","@graph":[{"@type":"WebPage","@id":"https:\/\/archiv.siov.sk\/projekty\/zrealizovane-projekty\/tvorive-dielne-2\/","url":"https:\/\/archiv.siov.sk\/projekty\/zrealizovane-projekty\/tvorive-dielne-2\/","name":"Tvoriv\u00e9 dielne 2 - \u0160IOV - \u0161t\u00e1tny in\u0161tit\u00fat odborn\u00e9ho vzdel\u00e1vania","isPartOf":{"@id":"https:\/\/archiv.siov.sk\/#website"},"datePublished":"2019-01-25T09:13:13+00:00","dateModified":"2021-07-23T06:01:00+00:00","breadcrumb":{"@id":"https:\/\/archiv.siov.sk\/projekty\/zrealizovane-projekty\/tvorive-dielne-2\/#breadcrumb"},"inLanguage":"en-GB","potentialAction":[{"@type":"ReadAction","target":["https:\/\/archiv.siov.sk\/projekty\/zrealizovane-projekty\/tvorive-dielne-2\/"]}]},{"@type":"BreadcrumbList","@id":"https:\/\/archiv.siov.sk\/projekty\/zrealizovane-projekty\/tvorive-dielne-2\/#breadcrumb","itemListElement":[{"@type":"ListItem","position":1,"name":"Home","item":"https:\/\/archiv.siov.sk\/"},{"@type":"ListItem","position":2,"name":"Projekty","item":"https:\/\/archiv.siov.sk\/en\/projekty\/"},{"@type":"ListItem","position":3,"name":"Zrealizovan\u00e9 projekty","item":"https:\/\/archiv.siov.sk\/en\/projekty\/zrealizovane-projekty\/"},{"@type":"ListItem","position":4,"name":"Tvoriv\u00e9 dielne 2"}]},{"@type":"WebSite","@id":"https:\/\/archiv.siov.sk\/#website","url":"https:\/\/archiv.siov.sk\/","name":"\u0160IOV - \u0161t\u00e1tny in\u0161tit\u00fat odborn\u00e9ho vzdel\u00e1vania","description":"","publisher":{"@id":"https:\/\/archiv.siov.sk\/#organization"},"potentialAction":[{"@type":"SearchAction","target":{"@type":"EntryPoint","urlTemplate":"https:\/\/archiv.siov.sk\/?s={search_term_string}"},"query-input":{"@type":"PropertyValueSpecification","valueRequired":true,"valueName":"search_term_string"}}],"inLanguage":"en-GB"},{"@type":"Organization","@id":"https:\/\/archiv.siov.sk\/#organization","name":"\u0160IOV - \u0161t\u00e1tny in\u0161tit\u00fat odborn\u00e9ho vzdel\u00e1vania","url":"https:\/\/archiv.siov.sk\/","logo":{"@type":"ImageObject","inLanguage":"en-GB","@id":"https:\/\/archiv.siov.sk\/#\/schema\/logo\/image\/","url":"https:\/\/archiv.siov.sk\/wp-content\/uploads\/2024\/02\/logo-SIOV.png","contentUrl":"https:\/\/archiv.siov.sk\/wp-content\/uploads\/2024\/02\/logo-SIOV.png","width":431,"height":143,"caption":"\u0160IOV - \u0161t\u00e1tny in\u0161tit\u00fat odborn\u00e9ho vzdel\u00e1vania"},"image":{"@id":"https:\/\/archiv.siov.sk\/#\/schema\/logo\/image\/"},"sameAs":["https:\/\/www.facebook.com\/Statnyinstitutodbornehovzdelavania"]}]}},"_links":{"self":[{"href":"https:\/\/archiv.siov.sk\/en\/wp-json\/wp\/v2\/pages\/63","targetHints":{"allow":["GET"]}}],"collection":[{"href":"https:\/\/archiv.siov.sk\/en\/wp-json\/wp\/v2\/pages"}],"about":[{"href":"https:\/\/archiv.siov.sk\/en\/wp-json\/wp\/v2\/types\/page"}],"author":[{"embeddable":true,"href":"https:\/\/archiv.siov.sk\/en\/wp-json\/wp\/v2\/users\/1"}],"replies":[{"embeddable":true,"href":"https:\/\/archiv.siov.sk\/en\/wp-json\/wp\/v2\/comments?post=63"}],"version-history":[{"count":11,"href":"https:\/\/archiv.siov.sk\/en\/wp-json\/wp\/v2\/pages\/63\/revisions"}],"predecessor-version":[{"id":8779,"href":"https:\/\/archiv.siov.sk\/en\/wp-json\/wp\/v2\/pages\/63\/revisions\/8779"}],"up":[{"embeddable":true,"href":"https:\/\/archiv.siov.sk\/en\/wp-json\/wp\/v2\/pages\/55"}],"wp:attachment":[{"href":"https:\/\/archiv.siov.sk\/en\/wp-json\/wp\/v2\/media?parent=63"}],"curies":[{"name":"wp","href":"https:\/\/api.w.org\/{rel}","templated":true}]}}