{"id":4822,"date":"2020-01-22T13:30:34","date_gmt":"2020-01-22T12:30:34","guid":{"rendered":"https:\/\/archiv.siov.sk\/?page_id=4822"},"modified":"2023-12-11T10:11:31","modified_gmt":"2023-12-11T09:11:31","slug":"sutaz-v-odbornych-teoretickych-a-odbornych-praktickych-zrucnostiach-garden-semmelrock","status":"publish","type":"page","link":"https:\/\/archiv.siov.sk\/en\/sutaze\/sutaz-v-odbornych-teoretickych-a-odbornych-praktickych-zrucnostiach-garden-semmelrock\/","title":{"rendered":"S\u00fa\u0165a\u017e v odborn\u00fdch teoretick\u00fdch a praktick\u00fdch zru\u010dnostiach &#8222;OKOLO N\u00c1S&#8220;"},"content":{"rendered":"<h2>S\u00fa\u0165a\u017e v odborn\u00fdch teoretick\u00fdch a praktick\u00fdch zru\u010dnostiach &#8220; OKOLO N\u00c1S&#8220;<\/h2>\n<p>&nbsp;<\/p>\n<p style=\"text-align: justify;\">Oblas\u0165 pr\u00e1ce s talentami s hospod\u00e1rskou praxou predstavuje akt\u00edvne s\u00fa\u0165a\u017e v odborn\u00fdch teoretick\u00fdch a odborn\u00fdch praktick\u00fdch zru\u010dnostiach \u201eOKOLO N\u00c1S\u201c v zameran\u00ed na stavite\u013estvo alebo krajinn\u00fa tvorbu pre\u00a0 \u0161tudijn\u00e9 odbory M 36 Stavebn\u00edctvo, geod\u00e9zia a kartografia, M 42 Po\u013enohospod\u00e1rstvo, lesn\u00e9 hospod\u00e1rstvo a rozvoj vidieka, u\u010debn\u00e9 odbory 36 Stavebn\u00edctvo, geod\u00e9zia a kartografia. Predmetom s\u00fa\u0165a\u017ee je akt\u00edvna podpora vzdel\u00e1vania v zameran\u00ed na oblas\u0165 urbanistick\u00e9ho a technick\u00e9ho rie\u0161enia objektov formou vypracovania \u0161t\u00fadie\/n\u00e1vrhu z\u00e1hradnej architekt\u00fary verejn\u00fdch priestorov vybranej organiz\u00e1cie a\u00a0to pod\u013ea krit\u00e9ri\u00ed stanoven\u00fdch vyhlasovate\u013eom s\u00fa\u0165a\u017ee, spolo\u010dnos\u0165ou SEMMELROCK STEIN + DESIGN Dla\u017eby s.r.o.<\/p>\n<p>\u0160kolsk\u00fd rok 2023\/2024<\/p>\n<ul>\n<li><a href=\"https:\/\/archiv.siov.sk\/wp-content\/uploads\/2023\/12\/STATUT-SUTAZE_OKOLO-NAS-2.pdf\" target=\"_blank\" rel=\"noopener\">\u0160tat\u00fat\u00a0 1. ro\u010dn\u00edka s\u00fa\u0165a\u017ee OKOLO N\u00c1S<\/a><\/li>\n<li><a href=\"https:\/\/archiv.siov.sk\/wp-content\/uploads\/2023\/12\/MEMORANDUM-Okolo-nas.pdf\" target=\"_blank\" rel=\"noopener\">Memorandum o spolupr\u00e1ci<\/a><\/li>\n<\/ul>\n<p style=\"font-size: 15px; font-style: normal; font-weight: 400;\">\u0160kolsk\u00fd rok 2022\/2023<\/p>\n<ul style=\"font-size: 15px; font-style: normal; font-weight: 400;\">\n<li style=\"font-size: 15px;\"><a href=\"https:\/\/archiv.siov.sk\/wp-content\/uploads\/2022\/11\/Sutaz_Garden_semmelrock_statut_2022_23.pdf\" target=\"_blank\" rel=\"noopener\">\u0160tat\u00fat\u00a0 5. ro\u010dn\u00edk<\/a><\/li>\n<li style=\"font-size: 15px;\"><a href=\"https:\/\/archiv.siov.sk\/wp-content\/uploads\/2022\/11\/Zadanie_c_2_situacia.pdf\" target=\"_blank\" rel=\"noopener\">Zadanie \u010d.2<\/a><\/li>\n<li style=\"font-size: 15px;\"><a href=\"https:\/\/archiv.siov.sk\/wp-content\/uploads\/2022\/11\/Zadanie_c_4_situacia.pdf\" target=\"_blank\" rel=\"noopener\">Zadanie \u010d.4<\/a><\/li>\n<li style=\"font-size: 15px;\"><a href=\"https:\/\/archiv.siov.sk\/wp-content\/uploads\/2022\/11\/MEMORANDUM-GARDEN-SEMMELROCK.pdf\" target=\"_blank\" rel=\"noopener\">Memorandum o spolupr\u00e1ci<\/a><\/li>\n<\/ul>\n<p style=\"font-size: 15px; font-style: normal; font-weight: 400;\">\u0160kolsk\u00fd rok 2021\/2022<\/p>\n<ul style=\"font-size: 15px; font-style: normal; font-weight: 400;\">\n<li style=\"font-size: 15px;\"><a href=\"https:\/\/archiv.siov.sk\/wp-content\/uploads\/2022\/08\/Garden-Semmelrock-4.-rocnik-statut-sutaze.pdf\" target=\"_blank\" rel=\"noopener\">\u0160tat\u00fat Garden Semmelrock 4. ro\u010dn\u00edk<\/a><\/li>\n<\/ul>\n<p style=\"font-size: 15px; font-style: normal; font-weight: 400;\">\u0160kolsk\u00fd rok 2020\/2021<\/p>\n<ul style=\"font-size: 15px; font-style: normal; font-weight: 400;\">\n<li style=\"font-size: 15px;\"><a href=\"https:\/\/archiv.siov.sk\/wp-content\/uploads\/2021\/04\/Vitazi-3.rocnika-Garden-Semmelrock-docx.pdf\">V\u00fdsledky 3. ro\u010dn\u00edka s\u00fa\u0165a\u017ee<\/a><\/li>\n<li style=\"font-size: 15px;\"><a href=\"https:\/\/archiv.siov.sk\/wp-content\/uploads\/2020\/10\/Statut_Garden_Semmelrock_3rocnik_2020.pdf\" target=\"_blank\" rel=\"noopener noreferrer\">\u0160tat\u00fat Garden Semmelrock 3. ro\u010dn\u00edk<\/a><\/li>\n<li style=\"font-size: 15px;\"><a href=\"https:\/\/archiv.siov.sk\/wp-content\/uploads\/2020\/10\/zadanie_1_podklad.pdf\" target=\"_blank\" rel=\"noopener noreferrer\">Zadanie 1<\/a><\/li>\n<li style=\"font-size: 15px;\"><a href=\"https:\/\/archiv.siov.sk\/wp-content\/uploads\/2020\/10\/zadanie_2_podklad.pdf\" target=\"_blank\" rel=\"noopener noreferrer\">Zadanie 2<\/a><\/li>\n<li style=\"font-size: 15px;\"><a href=\"https:\/\/archiv.siov.sk\/wp-content\/uploads\/2020\/10\/zadanie_3_podklad.pdf\" target=\"_blank\" rel=\"noopener noreferrer\">Zadanie 3<\/a><\/li>\n<li style=\"font-size: 15px;\"><a href=\"https:\/\/archiv.siov.sk\/wp-content\/uploads\/2020\/10\/zadanie_4_podklad.pdf\" target=\"_blank\" rel=\"noopener noreferrer\">Zadanie 4<\/a><\/li>\n<li style=\"font-size: 15px;\"><a href=\"https:\/\/archiv.siov.sk\/wp-content\/uploads\/2020\/10\/Prihlaska_Garden_Semmelrock_2020.pdf\" target=\"_blank\" rel=\"noopener noreferrer\">Prihl\u00e1\u0161ka do s\u00fa\u0165a\u017ee<\/a><\/li>\n<\/ul>\n<ul style=\"font-size: 15px; font-style: normal; font-weight: 400;\">\n<li style=\"font-size: 15px;\"><a href=\"https:\/\/archiv.siov.sk\/wp-content\/uploads\/2020\/05\/Zoznam-zapojenych-skol-a-vysledky-sutaze-GARDEN-Semmerlock.pdf\" target=\"_blank\" rel=\"noopener noreferrer\">Zoznam zapojen\u00fdch \u0161k\u00f4l a v\u00fdsledky s\u00fa\u0165a\u017ee GARDEN Semmelrock&#8220;<\/a><\/li>\n<li style=\"font-size: 15px;\"><a href=\"https:\/\/archiv.siov.sk\/wp-content\/uploads\/2020\/01\/Memoramdum-2020-Garden-Semmerlock.pdf\" target=\"_blank\" rel=\"noopener noreferrer\">Memorandum<\/a><\/li>\n<li style=\"font-size: 15px;\"><a href=\"https:\/\/archiv.siov.sk\/wp-content\/uploads\/2020\/01\/Garden_semmelrock_2rocnik_statut.pdf\" target=\"_blank\" rel=\"noopener noreferrer\">\u0160tat\u00fat 2. ro\u010dn\u00edka s\u00fa\u0165a\u017ee a prihl\u00e1\u0161ka<\/a><\/li>\n<\/ul>","protected":false},"excerpt":{"rendered":"<p>S\u00fa\u0165a\u017e v odborn\u00fdch teoretick\u00fdch a praktick\u00fdch zru\u010dnostiach &#8220; OKOLO N\u00c1S&#8220; &nbsp; Oblas\u0165 pr\u00e1ce s talentami s hospod\u00e1rskou praxou predstavuje akt\u00edvne s\u00fa\u0165a\u017e v odborn\u00fdch teoretick\u00fdch a odborn\u00fdch praktick\u00fdch zru\u010dnostiach \u201eOKOLO N\u00c1S\u201c v zameran\u00ed na stavite\u013estvo alebo krajinn\u00fa tvorbu pre\u00a0 \u0161tudijn\u00e9 odbory M 36 Stavebn\u00edctvo, geod\u00e9zia a kartografia, M 42 Po\u013enohospod\u00e1rstvo, lesn\u00e9 hospod\u00e1rstvo a rozvoj vidieka, u\u010debn\u00e9 [&hellip;]<\/p>\n","protected":false},"author":1,"featured_media":0,"parent":144,"menu_order":0,"comment_status":"closed","ping_status":"closed","template":"","meta":{"site-sidebar-layout":"default","site-content-layout":"default","ast-site-content-layout":"default","site-content-style":"default","site-sidebar-style":"default","ast-global-header-display":"","ast-banner-title-visibility":"","ast-main-header-display":"","ast-hfb-above-header-display":"","ast-hfb-below-header-display":"","ast-hfb-mobile-header-display":"","site-post-title":"disabled","ast-breadcrumbs-content":"","ast-featured-img":"","footer-sml-layout":"","ast-disable-related-posts":"","theme-transparent-header-meta":"default","adv-header-id-meta":"","stick-header-meta":"","header-above-stick-meta":"","header-main-stick-meta":"","header-below-stick-meta":"","astra-migrate-meta-layouts":"set","ast-page-background-enabled":"default","ast-page-background-meta":{"desktop":{"background-color":"var(--ast-global-color-4)","background-image":"","background-repeat":"repeat","background-position":"center center","background-size":"auto","background-attachment":"scroll","background-type":"","background-media":"","overlay-type":"","overlay-color":"","overlay-opacity":"","overlay-gradient":""},"tablet":{"background-color":"","background-image":"","background-repeat":"repeat","background-position":"center center","background-size":"auto","background-attachment":"scroll","background-type":"","background-media":"","overlay-type":"","overlay-color":"","overlay-opacity":"","overlay-gradient":""},"mobile":{"background-color":"","background-image":"","background-repeat":"repeat","background-position":"center center","background-size":"auto","background-attachment":"scroll","background-type":"","background-media":"","overlay-type":"","overlay-color":"","overlay-opacity":"","overlay-gradient":""}},"ast-content-background-meta":{"desktop":{"background-color":"var(--ast-global-color-5)","background-image":"","background-repeat":"repeat","background-position":"center center","background-size":"auto","background-attachment":"scroll","background-type":"","background-media":"","overlay-type":"","overlay-color":"","overlay-opacity":"","overlay-gradient":""},"tablet":{"background-color":"var(--ast-global-color-5)","background-image":"","background-repeat":"repeat","background-position":"center center","background-size":"auto","background-attachment":"scroll","background-type":"","background-media":"","overlay-type":"","overlay-color":"","overlay-opacity":"","overlay-gradient":""},"mobile":{"background-color":"var(--ast-global-color-5)","background-image":"","background-repeat":"repeat","background-position":"center center","background-size":"auto","background-attachment":"scroll","background-type":"","background-media":"","overlay-type":"","overlay-color":"","overlay-opacity":"","overlay-gradient":""}},"footnotes":""},"class_list":["post-4822","page","type-page","status-publish","hentry"],"yoast_head":"<!-- This site is optimized with the Yoast SEO plugin v27.5 - https:\/\/yoast.com\/product\/yoast-seo-wordpress\/ -->\n<title>S\u00fa\u0165a\u017e v odborn\u00fdch teoretick\u00fdch a praktick\u00fdch zru\u010dnostiach &quot;OKOLO N\u00c1S&quot; - \u0160IOV - \u0161t\u00e1tny in\u0161tit\u00fat odborn\u00e9ho vzdel\u00e1vania<\/title>\n<meta name=\"description\" content=\"S\u00fa\u0165a\u017e v odborn\u00fdch teoretick\u00fdch a odborn\u00fdch praktick\u00fdch zru\u010dnostiach &quot;Garden Semmelrock&quot;\" \/>\n<meta name=\"robots\" content=\"index, follow, max-snippet:-1, max-image-preview:large, max-video-preview:-1\" \/>\n<link rel=\"canonical\" href=\"https:\/\/archiv.siov.sk\/en\/sutaze\/sutaz-v-odbornych-teoretickych-a-odbornych-praktickych-zrucnostiach-garden-semmelrock\/\" \/>\n<meta property=\"og:locale\" content=\"en_GB\" \/>\n<meta property=\"og:type\" content=\"article\" \/>\n<meta property=\"og:title\" content=\"S\u00fa\u0165a\u017e v odborn\u00fdch teoretick\u00fdch a praktick\u00fdch zru\u010dnostiach &quot;OKOLO N\u00c1S&quot; - \u0160IOV - \u0161t\u00e1tny in\u0161tit\u00fat odborn\u00e9ho vzdel\u00e1vania\" \/>\n<meta property=\"og:description\" content=\"S\u00fa\u0165a\u017e v odborn\u00fdch teoretick\u00fdch a odborn\u00fdch praktick\u00fdch zru\u010dnostiach &quot;Garden Semmelrock&quot;\" \/>\n<meta property=\"og:url\" content=\"https:\/\/archiv.siov.sk\/en\/sutaze\/sutaz-v-odbornych-teoretickych-a-odbornych-praktickych-zrucnostiach-garden-semmelrock\/\" \/>\n<meta property=\"og:site_name\" content=\"\u0160IOV - \u0161t\u00e1tny in\u0161tit\u00fat odborn\u00e9ho vzdel\u00e1vania\" \/>\n<meta property=\"article:publisher\" content=\"https:\/\/www.facebook.com\/Statnyinstitutodbornehovzdelavania\" \/>\n<meta property=\"article:modified_time\" content=\"2023-12-11T09:11:31+00:00\" \/>\n<meta name=\"twitter:card\" content=\"summary_large_image\" \/>\n<meta name=\"twitter:label1\" content=\"Estimated reading time\" \/>\n\t<meta name=\"twitter:data1\" content=\"1 minute\" \/>\n<script type=\"application\/ld+json\" class=\"yoast-schema-graph\">{\"@context\":\"https:\\\/\\\/schema.org\",\"@graph\":[{\"@type\":\"WebPage\",\"@id\":\"https:\\\/\\\/archiv.siov.sk\\\/sutaze\\\/sutaz-v-odbornych-teoretickych-a-odbornych-praktickych-zrucnostiach-garden-semmelrock\\\/\",\"url\":\"https:\\\/\\\/archiv.siov.sk\\\/sutaze\\\/sutaz-v-odbornych-teoretickych-a-odbornych-praktickych-zrucnostiach-garden-semmelrock\\\/\",\"name\":\"S\u00fa\u0165a\u017e v odborn\u00fdch teoretick\u00fdch a praktick\u00fdch zru\u010dnostiach \\\"OKOLO N\u00c1S\\\" - \u0160IOV - \u0161t\u00e1tny in\u0161tit\u00fat odborn\u00e9ho vzdel\u00e1vania\",\"isPartOf\":{\"@id\":\"https:\\\/\\\/archiv.siov.sk\\\/#website\"},\"datePublished\":\"2020-01-22T12:30:34+00:00\",\"dateModified\":\"2023-12-11T09:11:31+00:00\",\"description\":\"S\u00fa\u0165a\u017e v odborn\u00fdch teoretick\u00fdch a odborn\u00fdch praktick\u00fdch zru\u010dnostiach \\\"Garden Semmelrock\\\"\",\"breadcrumb\":{\"@id\":\"https:\\\/\\\/archiv.siov.sk\\\/sutaze\\\/sutaz-v-odbornych-teoretickych-a-odbornych-praktickych-zrucnostiach-garden-semmelrock\\\/#breadcrumb\"},\"inLanguage\":\"en-GB\",\"potentialAction\":[{\"@type\":\"ReadAction\",\"target\":[\"https:\\\/\\\/archiv.siov.sk\\\/sutaze\\\/sutaz-v-odbornych-teoretickych-a-odbornych-praktickych-zrucnostiach-garden-semmelrock\\\/\"]}]},{\"@type\":\"BreadcrumbList\",\"@id\":\"https:\\\/\\\/archiv.siov.sk\\\/sutaze\\\/sutaz-v-odbornych-teoretickych-a-odbornych-praktickych-zrucnostiach-garden-semmelrock\\\/#breadcrumb\",\"itemListElement\":[{\"@type\":\"ListItem\",\"position\":1,\"name\":\"Home\",\"item\":\"https:\\\/\\\/archiv.siov.sk\\\/\"},{\"@type\":\"ListItem\",\"position\":2,\"name\":\"S\u00fa\u0165a\u017ee\",\"item\":\"https:\\\/\\\/archiv.siov.sk\\\/sutaze\\\/\"},{\"@type\":\"ListItem\",\"position\":3,\"name\":\"S\u00fa\u0165a\u017e v odborn\u00fdch teoretick\u00fdch a praktick\u00fdch zru\u010dnostiach &#8222;OKOLO N\u00c1S&#8220;\"}]},{\"@type\":\"WebSite\",\"@id\":\"https:\\\/\\\/archiv.siov.sk\\\/#website\",\"url\":\"https:\\\/\\\/archiv.siov.sk\\\/\",\"name\":\"\u0160IOV - \u0161t\u00e1tny in\u0161tit\u00fat odborn\u00e9ho vzdel\u00e1vania\",\"description\":\"\",\"publisher\":{\"@id\":\"https:\\\/\\\/archiv.siov.sk\\\/#organization\"},\"potentialAction\":[{\"@type\":\"SearchAction\",\"target\":{\"@type\":\"EntryPoint\",\"urlTemplate\":\"https:\\\/\\\/archiv.siov.sk\\\/?s={search_term_string}\"},\"query-input\":{\"@type\":\"PropertyValueSpecification\",\"valueRequired\":true,\"valueName\":\"search_term_string\"}}],\"inLanguage\":\"en-GB\"},{\"@type\":\"Organization\",\"@id\":\"https:\\\/\\\/archiv.siov.sk\\\/#organization\",\"name\":\"\u0160IOV - \u0161t\u00e1tny in\u0161tit\u00fat odborn\u00e9ho vzdel\u00e1vania\",\"url\":\"https:\\\/\\\/archiv.siov.sk\\\/\",\"logo\":{\"@type\":\"ImageObject\",\"inLanguage\":\"en-GB\",\"@id\":\"https:\\\/\\\/archiv.siov.sk\\\/#\\\/schema\\\/logo\\\/image\\\/\",\"url\":\"https:\\\/\\\/archiv.siov.sk\\\/wp-content\\\/uploads\\\/2024\\\/02\\\/logo-SIOV.png\",\"contentUrl\":\"https:\\\/\\\/archiv.siov.sk\\\/wp-content\\\/uploads\\\/2024\\\/02\\\/logo-SIOV.png\",\"width\":431,\"height\":143,\"caption\":\"\u0160IOV - \u0161t\u00e1tny in\u0161tit\u00fat odborn\u00e9ho vzdel\u00e1vania\"},\"image\":{\"@id\":\"https:\\\/\\\/archiv.siov.sk\\\/#\\\/schema\\\/logo\\\/image\\\/\"},\"sameAs\":[\"https:\\\/\\\/www.facebook.com\\\/Statnyinstitutodbornehovzdelavania\"]}]}<\/script>\n<!-- \/ Yoast SEO plugin. -->","yoast_head_json":{"title":"S\u00fa\u0165a\u017e v odborn\u00fdch teoretick\u00fdch a praktick\u00fdch zru\u010dnostiach \"OKOLO N\u00c1S\" - \u0160IOV - \u0161t\u00e1tny in\u0161tit\u00fat odborn\u00e9ho vzdel\u00e1vania","description":"S\u00fa\u0165a\u017e v odborn\u00fdch teoretick\u00fdch a odborn\u00fdch praktick\u00fdch zru\u010dnostiach \"Garden Semmelrock\"","robots":{"index":"index","follow":"follow","max-snippet":"max-snippet:-1","max-image-preview":"max-image-preview:large","max-video-preview":"max-video-preview:-1"},"canonical":"https:\/\/archiv.siov.sk\/en\/sutaze\/sutaz-v-odbornych-teoretickych-a-odbornych-praktickych-zrucnostiach-garden-semmelrock\/","og_locale":"en_GB","og_type":"article","og_title":"S\u00fa\u0165a\u017e v odborn\u00fdch teoretick\u00fdch a praktick\u00fdch zru\u010dnostiach \"OKOLO N\u00c1S\" - \u0160IOV - \u0161t\u00e1tny in\u0161tit\u00fat odborn\u00e9ho vzdel\u00e1vania","og_description":"S\u00fa\u0165a\u017e v odborn\u00fdch teoretick\u00fdch a odborn\u00fdch praktick\u00fdch zru\u010dnostiach \"Garden Semmelrock\"","og_url":"https:\/\/archiv.siov.sk\/en\/sutaze\/sutaz-v-odbornych-teoretickych-a-odbornych-praktickych-zrucnostiach-garden-semmelrock\/","og_site_name":"\u0160IOV - \u0161t\u00e1tny in\u0161tit\u00fat odborn\u00e9ho vzdel\u00e1vania","article_publisher":"https:\/\/www.facebook.com\/Statnyinstitutodbornehovzdelavania","article_modified_time":"2023-12-11T09:11:31+00:00","twitter_card":"summary_large_image","twitter_misc":{"Estimated reading time":"1 minute"},"schema":{"@context":"https:\/\/schema.org","@graph":[{"@type":"WebPage","@id":"https:\/\/archiv.siov.sk\/sutaze\/sutaz-v-odbornych-teoretickych-a-odbornych-praktickych-zrucnostiach-garden-semmelrock\/","url":"https:\/\/archiv.siov.sk\/sutaze\/sutaz-v-odbornych-teoretickych-a-odbornych-praktickych-zrucnostiach-garden-semmelrock\/","name":"S\u00fa\u0165a\u017e v odborn\u00fdch teoretick\u00fdch a praktick\u00fdch zru\u010dnostiach \"OKOLO N\u00c1S\" - \u0160IOV - \u0161t\u00e1tny in\u0161tit\u00fat odborn\u00e9ho vzdel\u00e1vania","isPartOf":{"@id":"https:\/\/archiv.siov.sk\/#website"},"datePublished":"2020-01-22T12:30:34+00:00","dateModified":"2023-12-11T09:11:31+00:00","description":"S\u00fa\u0165a\u017e v odborn\u00fdch teoretick\u00fdch a odborn\u00fdch praktick\u00fdch zru\u010dnostiach \"Garden Semmelrock\"","breadcrumb":{"@id":"https:\/\/archiv.siov.sk\/sutaze\/sutaz-v-odbornych-teoretickych-a-odbornych-praktickych-zrucnostiach-garden-semmelrock\/#breadcrumb"},"inLanguage":"en-GB","potentialAction":[{"@type":"ReadAction","target":["https:\/\/archiv.siov.sk\/sutaze\/sutaz-v-odbornych-teoretickych-a-odbornych-praktickych-zrucnostiach-garden-semmelrock\/"]}]},{"@type":"BreadcrumbList","@id":"https:\/\/archiv.siov.sk\/sutaze\/sutaz-v-odbornych-teoretickych-a-odbornych-praktickych-zrucnostiach-garden-semmelrock\/#breadcrumb","itemListElement":[{"@type":"ListItem","position":1,"name":"Home","item":"https:\/\/archiv.siov.sk\/"},{"@type":"ListItem","position":2,"name":"S\u00fa\u0165a\u017ee","item":"https:\/\/archiv.siov.sk\/sutaze\/"},{"@type":"ListItem","position":3,"name":"S\u00fa\u0165a\u017e v odborn\u00fdch teoretick\u00fdch a praktick\u00fdch zru\u010dnostiach &#8222;OKOLO N\u00c1S&#8220;"}]},{"@type":"WebSite","@id":"https:\/\/archiv.siov.sk\/#website","url":"https:\/\/archiv.siov.sk\/","name":"\u0160IOV - \u0161t\u00e1tny in\u0161tit\u00fat odborn\u00e9ho vzdel\u00e1vania","description":"","publisher":{"@id":"https:\/\/archiv.siov.sk\/#organization"},"potentialAction":[{"@type":"SearchAction","target":{"@type":"EntryPoint","urlTemplate":"https:\/\/archiv.siov.sk\/?s={search_term_string}"},"query-input":{"@type":"PropertyValueSpecification","valueRequired":true,"valueName":"search_term_string"}}],"inLanguage":"en-GB"},{"@type":"Organization","@id":"https:\/\/archiv.siov.sk\/#organization","name":"\u0160IOV - \u0161t\u00e1tny in\u0161tit\u00fat odborn\u00e9ho vzdel\u00e1vania","url":"https:\/\/archiv.siov.sk\/","logo":{"@type":"ImageObject","inLanguage":"en-GB","@id":"https:\/\/archiv.siov.sk\/#\/schema\/logo\/image\/","url":"https:\/\/archiv.siov.sk\/wp-content\/uploads\/2024\/02\/logo-SIOV.png","contentUrl":"https:\/\/archiv.siov.sk\/wp-content\/uploads\/2024\/02\/logo-SIOV.png","width":431,"height":143,"caption":"\u0160IOV - \u0161t\u00e1tny in\u0161tit\u00fat odborn\u00e9ho vzdel\u00e1vania"},"image":{"@id":"https:\/\/archiv.siov.sk\/#\/schema\/logo\/image\/"},"sameAs":["https:\/\/www.facebook.com\/Statnyinstitutodbornehovzdelavania"]}]}},"_links":{"self":[{"href":"https:\/\/archiv.siov.sk\/en\/wp-json\/wp\/v2\/pages\/4822","targetHints":{"allow":["GET"]}}],"collection":[{"href":"https:\/\/archiv.siov.sk\/en\/wp-json\/wp\/v2\/pages"}],"about":[{"href":"https:\/\/archiv.siov.sk\/en\/wp-json\/wp\/v2\/types\/page"}],"author":[{"embeddable":true,"href":"https:\/\/archiv.siov.sk\/en\/wp-json\/wp\/v2\/users\/1"}],"replies":[{"embeddable":true,"href":"https:\/\/archiv.siov.sk\/en\/wp-json\/wp\/v2\/comments?post=4822"}],"version-history":[{"count":25,"href":"https:\/\/archiv.siov.sk\/en\/wp-json\/wp\/v2\/pages\/4822\/revisions"}],"predecessor-version":[{"id":14418,"href":"https:\/\/archiv.siov.sk\/en\/wp-json\/wp\/v2\/pages\/4822\/revisions\/14418"}],"up":[{"embeddable":true,"href":"https:\/\/archiv.siov.sk\/en\/wp-json\/wp\/v2\/pages\/144"}],"wp:attachment":[{"href":"https:\/\/archiv.siov.sk\/en\/wp-json\/wp\/v2\/media?parent=4822"}],"curies":[{"name":"wp","href":"https:\/\/api.w.org\/{rel}","templated":true}]}}