{"id":4792,"date":"2020-01-21T15:10:39","date_gmt":"2020-01-21T14:10:39","guid":{"rendered":"https:\/\/archiv.siov.sk\/?page_id=4792"},"modified":"2021-11-18T12:00:01","modified_gmt":"2021-11-18T11:00:01","slug":"projekt-es-absvetpro","status":"publish","type":"page","link":"https:\/\/archiv.siov.sk\/en\/projekty\/zrealizovane-projekty\/projekt-es-absvetpro\/","title":{"rendered":"Projekt ES &#8211; ABSVETPRO"},"content":{"rendered":"<div data-elementor-type=\"wp-page\" data-elementor-id=\"4792\" class=\"elementor elementor-4792\" data-elementor-post-type=\"page\">\n\t\t\t\t\t\t<section class=\"elementor-section elementor-top-section elementor-element elementor-element-a819b26 elementor-section-boxed elementor-section-height-default elementor-section-height-default\" data-id=\"a819b26\" data-element_type=\"section\" data-e-type=\"section\">\n\t\t\t\t\t\t<div class=\"elementor-container elementor-column-gap-default\">\n\t\t\t\t\t<div class=\"elementor-column elementor-col-100 elementor-top-column elementor-element elementor-element-a368851\" data-id=\"a368851\" data-element_type=\"column\" data-e-type=\"column\">\n\t\t\t<div class=\"elementor-widget-wrap elementor-element-populated\">\n\t\t\t\t\t\t<div class=\"elementor-element elementor-element-96be193 elementor-widget-divider--view-line elementor-widget elementor-widget-divider\" data-id=\"96be193\" data-element_type=\"widget\" data-e-type=\"widget\" data-widget_type=\"divider.default\">\n\t\t\t\t<div class=\"elementor-widget-container\">\n\t\t\t\t\t\t\t<div class=\"elementor-divider\">\n\t\t\t<span class=\"elementor-divider-separator\">\n\t\t\t\t\t\t<\/span>\n\t\t<\/div>\n\t\t\t\t\t\t<\/div>\n\t\t\t\t<\/div>\n\t\t\t\t<div class=\"elementor-element elementor-element-f64a0d8 elementor-widget elementor-widget-heading\" data-id=\"f64a0d8\" data-element_type=\"widget\" data-e-type=\"widget\" data-widget_type=\"heading.default\">\n\t\t\t\t<div class=\"elementor-widget-container\">\n\t\t\t\t\t<h2 class=\"elementor-heading-title elementor-size-default\">Projekt ES - ABSVETPRO<\/h2>\t\t\t\t<\/div>\n\t\t\t\t<\/div>\n\t\t\t\t\t<\/div>\n\t\t<\/div>\n\t\t\t\t\t<\/div>\n\t\t<\/section>\n\t\t\t\t<section class=\"elementor-section elementor-top-section elementor-element elementor-element-72b11d89 elementor-section-boxed elementor-section-height-default elementor-section-height-default\" data-id=\"72b11d89\" data-element_type=\"section\" data-e-type=\"section\">\n\t\t\t\t\t\t<div class=\"elementor-container elementor-column-gap-default\">\n\t\t\t\t\t<div class=\"elementor-column elementor-col-100 elementor-top-column elementor-element elementor-element-66d83426\" data-id=\"66d83426\" data-element_type=\"column\" data-e-type=\"column\">\n\t\t\t<div class=\"elementor-widget-wrap elementor-element-populated\">\n\t\t\t\t\t\t<div class=\"elementor-element elementor-element-2fb29734 elementor-widget elementor-widget-text-editor\" data-id=\"2fb29734\" data-element_type=\"widget\" data-e-type=\"widget\" data-widget_type=\"text-editor.default\">\n\t\t\t\t<div class=\"elementor-widget-container\">\n\t\t\t\t\t\t\t\t\t<img fetchpriority=\"high\" decoding=\"async\" class=\"alignright size-medium wp-image-4793\" src=\"\/wp-content\/uploads\/2020\/01\/absvetpro-275x300.jpg\" alt=\"Projekt ES - ABSVETPRO\" width=\"275\" height=\"300\" srcset=\"https:\/\/archiv.siov.sk\/wp-content\/uploads\/2020\/01\/absvetpro-275x300.jpg 275w, https:\/\/archiv.siov.sk\/wp-content\/uploads\/2020\/01\/absvetpro.jpg 403w\" sizes=\"(max-width: 275px) 100vw, 275px\" \/>Jednou z&nbsp;vhodn\u00fdch met\u00f3d pre vzdel\u00e1vanie znev\u00fdhodnen\u00fdch skup\u00edn v&nbsp;celoeur\u00f3pskom kontexte (napr. mlad\u00ed \u013eudia bez ukon\u010denia odborn\u00e9ho vzdel\u00e1vania alebo mlad\u00ed \u013eudia s&nbsp;migra\u010dn\u00fdm p\u00f4vodom) a&nbsp;predch\u00e1dzanie v\u00fdpadku \u017eiakov stredn\u00fdch odborn\u00fdch \u0161k\u00f4l zo vzdel\u00e1vacieho procesu je uplatnenie motiva\u010dnej metodiky \u201e\u0161kolsk\u00e1 cvi\u010dn\u00e1 firma\u201c.\r\n\r\n\u0160t\u00e1tny in\u0161tit\u00fat odborn\u00e9ho vzdel\u00e1vania m\u00e1 so vzdel\u00e1van\u00edm cestou \u0161kolsk\u00fdch cvi\u010dn\u00fdch firiem dlhoro\u010dn\u00e9 pozit\u00edvne sk\u00fasenosti, ktor\u00e9 vyu\u017eije pri realiz\u00e1cii medzin\u00e1rodn\u00e9ho projektu ERASMUS+ (Nr. 2019-1-ES01-KA202-065847).\r\n\r\nCie\u013eom projektu je podpora tvorby \u0161kolsk\u00fdch cvi\u010dn\u00fdch firiem v krajin\u00e1ch z\u00fa\u010dast\u0148uj\u00facich sa projektu, odsk\u00fa\u0161anie typick\u00fdch vzdel\u00e1vac\u00edch procesov v tejto metodike a to &nbsp;v medzin\u00e1rodnom prostred\u00ed a prenos dobr\u00fdch sk\u00fasenost\u00ed v odbornom vzdel\u00e1van\u00ed k jednotliv\u00fdm participuj\u00facim partnerom.\r\n\r\nRealiz\u00e1cia projektu prebieha v&nbsp;obdob\u00ed od 1.9.2019 do 31.8.2021.\r\n\r\nProjektov\u00e9 realiza\u010dn\u00e9 konzorcium je tvoren\u00e9 organiz\u00e1ciami:\r\n<ul>\r\n \t<li>Stredn\u00e1 odborn\u00e1 \u0161kola IES Gustavo Adolfo B\u00e9cquer, Sevilla &#8211; \u0160panielsko<\/li>\r\n \t<li>\u0160t\u00e1tny in\u0161tit\u00fat odborn\u00e9ho vzdel\u00e1vania, Bratislava &#8211; Slovensko<\/li>\r\n \t<li>Stredn\u00e1 odborn\u00e1 \u0161kola Golbasi Mesleki ve Teknik Anadolu Lisesi, Ankara &#8211; Turecko<\/li>\r\n \t<li>Stredn\u00e1 odborn\u00e1 \u0161kola Liceul Technologic Elena Caragiani, Tecuci &#8211; Rumunsko<\/li>\r\n \t<li>Odborn\u00e1 \u0161kola DIEK, Agriniou &#8211; Gr\u00e9cko<\/li>\r\n<\/ul>\r\nBli\u017e\u0161ie inform\u00e1cie k&nbsp;realiz\u00e1cii projektu a&nbsp;zapojeniu \u0160IOV do projektov\u00fdch aktiv\u00edt V\u00e1m poskytne:\r\nLadislav \u0160atka, ladislav.satka@siov.sk\r\nKatar\u00edna Hazuchov\u00e1, hazuchova.katarina@gmail.com\r\nInforma\u010dn\u00e1 a&nbsp;komunika\u010dn\u00e1 platforma je k&nbsp;dispoz\u00edcii na: www.erasmusvet.eu\r\n\r\n<img decoding=\"async\" class=\"alignright size-medium wp-image-4207\" src=\"https:\/\/siov.sk\/wp-content\/uploads\/2019\/08\/eu-logo-300x86.jpg\" alt=\"EU\" width=\"300\" height=\"86\" srcset=\"https:\/\/archiv.siov.sk\/wp-content\/uploads\/2019\/08\/eu-logo-300x86.jpg 300w, https:\/\/archiv.siov.sk\/wp-content\/uploads\/2019\/08\/eu-logo.jpg 400w\" sizes=\"(max-width: 300px) 100vw, 300px\" \/>\t\t\t\t\t\t\t\t<\/div>\n\t\t\t\t<\/div>\n\t\t\t\t\t<\/div>\n\t\t<\/div>\n\t\t\t\t\t<\/div>\n\t\t<\/section>\n\t\t\t\t<\/div>","protected":false},"excerpt":{"rendered":"<p>Projekt ES &#8211; ABSVETPRO Jednou z&nbsp;vhodn\u00fdch met\u00f3d pre vzdel\u00e1vanie znev\u00fdhodnen\u00fdch skup\u00edn v&nbsp;celoeur\u00f3pskom kontexte (napr. mlad\u00ed \u013eudia bez ukon\u010denia odborn\u00e9ho vzdel\u00e1vania alebo mlad\u00ed \u013eudia s&nbsp;migra\u010dn\u00fdm p\u00f4vodom) a&nbsp;predch\u00e1dzanie v\u00fdpadku \u017eiakov stredn\u00fdch odborn\u00fdch \u0161k\u00f4l zo vzdel\u00e1vacieho procesu je uplatnenie motiva\u010dnej metodiky \u201e\u0161kolsk\u00e1 cvi\u010dn\u00e1 firma\u201c. \u0160t\u00e1tny in\u0161tit\u00fat odborn\u00e9ho vzdel\u00e1vania m\u00e1 so vzdel\u00e1van\u00edm cestou \u0161kolsk\u00fdch cvi\u010dn\u00fdch firiem dlhoro\u010dn\u00e9 pozit\u00edvne sk\u00fasenosti, [&hellip;]<\/p>\n","protected":false},"author":1,"featured_media":0,"parent":55,"menu_order":0,"comment_status":"closed","ping_status":"closed","template":"","meta":{"site-sidebar-layout":"default","site-content-layout":"default","ast-site-content-layout":"default","site-content-style":"default","site-sidebar-style":"default","ast-global-header-display":"","ast-banner-title-visibility":"","ast-main-header-display":"","ast-hfb-above-header-display":"","ast-hfb-below-header-display":"","ast-hfb-mobile-header-display":"","site-post-title":"disabled","ast-breadcrumbs-content":"","ast-featured-img":"","footer-sml-layout":"","ast-disable-related-posts":"","theme-transparent-header-meta":"default","adv-header-id-meta":"","stick-header-meta":"","header-above-stick-meta":"","header-main-stick-meta":"","header-below-stick-meta":"","astra-migrate-meta-layouts":"default","ast-page-background-enabled":"default","ast-page-background-meta":{"desktop":{"background-color":"var(--ast-global-color-4)","background-image":"","background-repeat":"repeat","background-position":"center center","background-size":"auto","background-attachment":"scroll","background-type":"","background-media":"","overlay-type":"","overlay-color":"","overlay-opacity":"","overlay-gradient":""},"tablet":{"background-color":"","background-image":"","background-repeat":"repeat","background-position":"center center","background-size":"auto","background-attachment":"scroll","background-type":"","background-media":"","overlay-type":"","overlay-color":"","overlay-opacity":"","overlay-gradient":""},"mobile":{"background-color":"","background-image":"","background-repeat":"repeat","background-position":"center center","background-size":"auto","background-attachment":"scroll","background-type":"","background-media":"","overlay-type":"","overlay-color":"","overlay-opacity":"","overlay-gradient":""}},"ast-content-background-meta":{"desktop":{"background-color":"var(--ast-global-color-5)","background-image":"","background-repeat":"repeat","background-position":"center center","background-size":"auto","background-attachment":"scroll","background-type":"","background-media":"","overlay-type":"","overlay-color":"","overlay-opacity":"","overlay-gradient":""},"tablet":{"background-color":"var(--ast-global-color-5)","background-image":"","background-repeat":"repeat","background-position":"center center","background-size":"auto","background-attachment":"scroll","background-type":"","background-media":"","overlay-type":"","overlay-color":"","overlay-opacity":"","overlay-gradient":""},"mobile":{"background-color":"var(--ast-global-color-5)","background-image":"","background-repeat":"repeat","background-position":"center center","background-size":"auto","background-attachment":"scroll","background-type":"","background-media":"","overlay-type":"","overlay-color":"","overlay-opacity":"","overlay-gradient":""}},"footnotes":""},"class_list":["post-4792","page","type-page","status-publish","hentry"],"yoast_head":"<!-- This site is optimized with the Yoast SEO plugin v27.5 - https:\/\/yoast.com\/product\/yoast-seo-wordpress\/ -->\n<title>Projekt ES - ABSVETPRO - \u0160IOV - \u0161t\u00e1tny in\u0161tit\u00fat odborn\u00e9ho vzdel\u00e1vania<\/title>\n<meta name=\"description\" content=\"Jednou z vhodn\u00fdch met\u00f3d pre vzdel\u00e1vanie znev\u00fdhodnen\u00fdch skup\u00edn v celoeur\u00f3pskom kontexte (napr. mlad\u00ed \u013eudia bez ukon\u010denia odborn\u00e9ho vzdel\u00e1vania alebo mlad\u00ed \u013eudia s migra\u010dn\u00fdm p\u00f4vodom) a predch\u00e1dzanie v\u00fdpadku \u017eiakov stredn\u00fdch odborn\u00fdch \u0161k\u00f4l zo vzdel\u00e1vacieho procesu je uplatnenie motiva\u010dnej metodiky \u201e\u0161kolsk\u00e1 cvi\u010dn\u00e1 firma\u201c.\" \/>\n<meta name=\"robots\" content=\"index, follow, max-snippet:-1, max-image-preview:large, max-video-preview:-1\" \/>\n<link rel=\"canonical\" href=\"https:\/\/archiv.siov.sk\/en\/projekty\/zrealizovane-projekty\/projekt-es-absvetpro\/\" \/>\n<meta property=\"og:locale\" content=\"en_GB\" \/>\n<meta property=\"og:type\" content=\"article\" \/>\n<meta property=\"og:title\" content=\"Projekt ES - ABSVETPRO - \u0160IOV - \u0161t\u00e1tny in\u0161tit\u00fat odborn\u00e9ho vzdel\u00e1vania\" \/>\n<meta property=\"og:description\" content=\"Jednou z vhodn\u00fdch met\u00f3d pre vzdel\u00e1vanie znev\u00fdhodnen\u00fdch skup\u00edn v celoeur\u00f3pskom kontexte (napr. mlad\u00ed \u013eudia bez ukon\u010denia odborn\u00e9ho vzdel\u00e1vania alebo mlad\u00ed \u013eudia s migra\u010dn\u00fdm p\u00f4vodom) a predch\u00e1dzanie v\u00fdpadku \u017eiakov stredn\u00fdch odborn\u00fdch \u0161k\u00f4l zo vzdel\u00e1vacieho procesu je uplatnenie motiva\u010dnej metodiky \u201e\u0161kolsk\u00e1 cvi\u010dn\u00e1 firma\u201c.\" \/>\n<meta property=\"og:url\" content=\"https:\/\/archiv.siov.sk\/en\/projekty\/zrealizovane-projekty\/projekt-es-absvetpro\/\" \/>\n<meta property=\"og:site_name\" content=\"\u0160IOV - \u0161t\u00e1tny in\u0161tit\u00fat odborn\u00e9ho vzdel\u00e1vania\" \/>\n<meta property=\"article:publisher\" content=\"https:\/\/www.facebook.com\/Statnyinstitutodbornehovzdelavania\" \/>\n<meta property=\"article:modified_time\" content=\"2021-11-18T11:00:01+00:00\" \/>\n<meta property=\"og:image\" content=\"https:\/\/archiv.siov.sk\/wp-content\/uploads\/2019\/08\/eu-logo-300x86.jpg\" \/>\n<meta name=\"twitter:card\" content=\"summary_large_image\" \/>\n<meta name=\"twitter:label1\" content=\"Estimated reading time\" \/>\n\t<meta name=\"twitter:data1\" content=\"2 minutes\" \/>\n<script type=\"application\/ld+json\" class=\"yoast-schema-graph\">{\"@context\":\"https:\\\/\\\/schema.org\",\"@graph\":[{\"@type\":\"WebPage\",\"@id\":\"https:\\\/\\\/archiv.siov.sk\\\/projekty\\\/zrealizovane-projekty\\\/projekt-es-absvetpro\\\/\",\"url\":\"https:\\\/\\\/archiv.siov.sk\\\/projekty\\\/zrealizovane-projekty\\\/projekt-es-absvetpro\\\/\",\"name\":\"Projekt ES - ABSVETPRO - \u0160IOV - \u0161t\u00e1tny in\u0161tit\u00fat odborn\u00e9ho vzdel\u00e1vania\",\"isPartOf\":{\"@id\":\"https:\\\/\\\/archiv.siov.sk\\\/#website\"},\"primaryImageOfPage\":{\"@id\":\"https:\\\/\\\/archiv.siov.sk\\\/projekty\\\/zrealizovane-projekty\\\/projekt-es-absvetpro\\\/#primaryimage\"},\"image\":{\"@id\":\"https:\\\/\\\/archiv.siov.sk\\\/projekty\\\/zrealizovane-projekty\\\/projekt-es-absvetpro\\\/#primaryimage\"},\"thumbnailUrl\":\"https:\\\/\\\/archiv.siov.sk\\\/wp-content\\\/uploads\\\/2019\\\/08\\\/eu-logo-300x86.jpg\",\"datePublished\":\"2020-01-21T14:10:39+00:00\",\"dateModified\":\"2021-11-18T11:00:01+00:00\",\"description\":\"Jednou z vhodn\u00fdch met\u00f3d pre vzdel\u00e1vanie znev\u00fdhodnen\u00fdch skup\u00edn v celoeur\u00f3pskom kontexte (napr. mlad\u00ed \u013eudia bez ukon\u010denia odborn\u00e9ho vzdel\u00e1vania alebo mlad\u00ed \u013eudia s migra\u010dn\u00fdm p\u00f4vodom) a predch\u00e1dzanie v\u00fdpadku \u017eiakov stredn\u00fdch odborn\u00fdch \u0161k\u00f4l zo vzdel\u00e1vacieho procesu je uplatnenie motiva\u010dnej metodiky \u201e\u0161kolsk\u00e1 cvi\u010dn\u00e1 firma\u201c.\",\"breadcrumb\":{\"@id\":\"https:\\\/\\\/archiv.siov.sk\\\/projekty\\\/zrealizovane-projekty\\\/projekt-es-absvetpro\\\/#breadcrumb\"},\"inLanguage\":\"en-GB\",\"potentialAction\":[{\"@type\":\"ReadAction\",\"target\":[\"https:\\\/\\\/archiv.siov.sk\\\/projekty\\\/zrealizovane-projekty\\\/projekt-es-absvetpro\\\/\"]}]},{\"@type\":\"ImageObject\",\"inLanguage\":\"en-GB\",\"@id\":\"https:\\\/\\\/archiv.siov.sk\\\/projekty\\\/zrealizovane-projekty\\\/projekt-es-absvetpro\\\/#primaryimage\",\"url\":\"https:\\\/\\\/archiv.siov.sk\\\/wp-content\\\/uploads\\\/2019\\\/08\\\/eu-logo-300x86.jpg\",\"contentUrl\":\"https:\\\/\\\/archiv.siov.sk\\\/wp-content\\\/uploads\\\/2019\\\/08\\\/eu-logo-300x86.jpg\"},{\"@type\":\"BreadcrumbList\",\"@id\":\"https:\\\/\\\/archiv.siov.sk\\\/projekty\\\/zrealizovane-projekty\\\/projekt-es-absvetpro\\\/#breadcrumb\",\"itemListElement\":[{\"@type\":\"ListItem\",\"position\":1,\"name\":\"Home\",\"item\":\"https:\\\/\\\/archiv.siov.sk\\\/\"},{\"@type\":\"ListItem\",\"position\":2,\"name\":\"Projekty\",\"item\":\"https:\\\/\\\/archiv.siov.sk\\\/en\\\/projekty\\\/\"},{\"@type\":\"ListItem\",\"position\":3,\"name\":\"Zrealizovan\u00e9 projekty\",\"item\":\"https:\\\/\\\/archiv.siov.sk\\\/en\\\/projekty\\\/zrealizovane-projekty\\\/\"},{\"@type\":\"ListItem\",\"position\":4,\"name\":\"Projekt ES &#8211; ABSVETPRO\"}]},{\"@type\":\"WebSite\",\"@id\":\"https:\\\/\\\/archiv.siov.sk\\\/#website\",\"url\":\"https:\\\/\\\/archiv.siov.sk\\\/\",\"name\":\"\u0160IOV - \u0161t\u00e1tny in\u0161tit\u00fat odborn\u00e9ho vzdel\u00e1vania\",\"description\":\"\",\"publisher\":{\"@id\":\"https:\\\/\\\/archiv.siov.sk\\\/#organization\"},\"potentialAction\":[{\"@type\":\"SearchAction\",\"target\":{\"@type\":\"EntryPoint\",\"urlTemplate\":\"https:\\\/\\\/archiv.siov.sk\\\/?s={search_term_string}\"},\"query-input\":{\"@type\":\"PropertyValueSpecification\",\"valueRequired\":true,\"valueName\":\"search_term_string\"}}],\"inLanguage\":\"en-GB\"},{\"@type\":\"Organization\",\"@id\":\"https:\\\/\\\/archiv.siov.sk\\\/#organization\",\"name\":\"\u0160IOV - \u0161t\u00e1tny in\u0161tit\u00fat odborn\u00e9ho vzdel\u00e1vania\",\"url\":\"https:\\\/\\\/archiv.siov.sk\\\/\",\"logo\":{\"@type\":\"ImageObject\",\"inLanguage\":\"en-GB\",\"@id\":\"https:\\\/\\\/archiv.siov.sk\\\/#\\\/schema\\\/logo\\\/image\\\/\",\"url\":\"https:\\\/\\\/archiv.siov.sk\\\/wp-content\\\/uploads\\\/2024\\\/02\\\/logo-SIOV.png\",\"contentUrl\":\"https:\\\/\\\/archiv.siov.sk\\\/wp-content\\\/uploads\\\/2024\\\/02\\\/logo-SIOV.png\",\"width\":431,\"height\":143,\"caption\":\"\u0160IOV - \u0161t\u00e1tny in\u0161tit\u00fat odborn\u00e9ho vzdel\u00e1vania\"},\"image\":{\"@id\":\"https:\\\/\\\/archiv.siov.sk\\\/#\\\/schema\\\/logo\\\/image\\\/\"},\"sameAs\":[\"https:\\\/\\\/www.facebook.com\\\/Statnyinstitutodbornehovzdelavania\"]}]}<\/script>\n<!-- \/ Yoast SEO plugin. -->","yoast_head_json":{"title":"Projekt ES - ABSVETPRO - \u0160IOV - \u0161t\u00e1tny in\u0161tit\u00fat odborn\u00e9ho vzdel\u00e1vania","description":"Jednou z vhodn\u00fdch met\u00f3d pre vzdel\u00e1vanie znev\u00fdhodnen\u00fdch skup\u00edn v celoeur\u00f3pskom kontexte (napr. mlad\u00ed \u013eudia bez ukon\u010denia odborn\u00e9ho vzdel\u00e1vania alebo mlad\u00ed \u013eudia s migra\u010dn\u00fdm p\u00f4vodom) a predch\u00e1dzanie v\u00fdpadku \u017eiakov stredn\u00fdch odborn\u00fdch \u0161k\u00f4l zo vzdel\u00e1vacieho procesu je uplatnenie motiva\u010dnej metodiky \u201e\u0161kolsk\u00e1 cvi\u010dn\u00e1 firma\u201c.","robots":{"index":"index","follow":"follow","max-snippet":"max-snippet:-1","max-image-preview":"max-image-preview:large","max-video-preview":"max-video-preview:-1"},"canonical":"https:\/\/archiv.siov.sk\/en\/projekty\/zrealizovane-projekty\/projekt-es-absvetpro\/","og_locale":"en_GB","og_type":"article","og_title":"Projekt ES - ABSVETPRO - \u0160IOV - \u0161t\u00e1tny in\u0161tit\u00fat odborn\u00e9ho vzdel\u00e1vania","og_description":"Jednou z vhodn\u00fdch met\u00f3d pre vzdel\u00e1vanie znev\u00fdhodnen\u00fdch skup\u00edn v celoeur\u00f3pskom kontexte (napr. mlad\u00ed \u013eudia bez ukon\u010denia odborn\u00e9ho vzdel\u00e1vania alebo mlad\u00ed \u013eudia s migra\u010dn\u00fdm p\u00f4vodom) a predch\u00e1dzanie v\u00fdpadku \u017eiakov stredn\u00fdch odborn\u00fdch \u0161k\u00f4l zo vzdel\u00e1vacieho procesu je uplatnenie motiva\u010dnej metodiky \u201e\u0161kolsk\u00e1 cvi\u010dn\u00e1 firma\u201c.","og_url":"https:\/\/archiv.siov.sk\/en\/projekty\/zrealizovane-projekty\/projekt-es-absvetpro\/","og_site_name":"\u0160IOV - \u0161t\u00e1tny in\u0161tit\u00fat odborn\u00e9ho vzdel\u00e1vania","article_publisher":"https:\/\/www.facebook.com\/Statnyinstitutodbornehovzdelavania","article_modified_time":"2021-11-18T11:00:01+00:00","og_image":[{"url":"https:\/\/archiv.siov.sk\/wp-content\/uploads\/2019\/08\/eu-logo-300x86.jpg","type":"","width":"","height":""}],"twitter_card":"summary_large_image","twitter_misc":{"Estimated reading time":"2 minutes"},"schema":{"@context":"https:\/\/schema.org","@graph":[{"@type":"WebPage","@id":"https:\/\/archiv.siov.sk\/projekty\/zrealizovane-projekty\/projekt-es-absvetpro\/","url":"https:\/\/archiv.siov.sk\/projekty\/zrealizovane-projekty\/projekt-es-absvetpro\/","name":"Projekt ES - ABSVETPRO - \u0160IOV - \u0161t\u00e1tny in\u0161tit\u00fat odborn\u00e9ho vzdel\u00e1vania","isPartOf":{"@id":"https:\/\/archiv.siov.sk\/#website"},"primaryImageOfPage":{"@id":"https:\/\/archiv.siov.sk\/projekty\/zrealizovane-projekty\/projekt-es-absvetpro\/#primaryimage"},"image":{"@id":"https:\/\/archiv.siov.sk\/projekty\/zrealizovane-projekty\/projekt-es-absvetpro\/#primaryimage"},"thumbnailUrl":"https:\/\/archiv.siov.sk\/wp-content\/uploads\/2019\/08\/eu-logo-300x86.jpg","datePublished":"2020-01-21T14:10:39+00:00","dateModified":"2021-11-18T11:00:01+00:00","description":"Jednou z vhodn\u00fdch met\u00f3d pre vzdel\u00e1vanie znev\u00fdhodnen\u00fdch skup\u00edn v celoeur\u00f3pskom kontexte (napr. mlad\u00ed \u013eudia bez ukon\u010denia odborn\u00e9ho vzdel\u00e1vania alebo mlad\u00ed \u013eudia s migra\u010dn\u00fdm p\u00f4vodom) a predch\u00e1dzanie v\u00fdpadku \u017eiakov stredn\u00fdch odborn\u00fdch \u0161k\u00f4l zo vzdel\u00e1vacieho procesu je uplatnenie motiva\u010dnej metodiky \u201e\u0161kolsk\u00e1 cvi\u010dn\u00e1 firma\u201c.","breadcrumb":{"@id":"https:\/\/archiv.siov.sk\/projekty\/zrealizovane-projekty\/projekt-es-absvetpro\/#breadcrumb"},"inLanguage":"en-GB","potentialAction":[{"@type":"ReadAction","target":["https:\/\/archiv.siov.sk\/projekty\/zrealizovane-projekty\/projekt-es-absvetpro\/"]}]},{"@type":"ImageObject","inLanguage":"en-GB","@id":"https:\/\/archiv.siov.sk\/projekty\/zrealizovane-projekty\/projekt-es-absvetpro\/#primaryimage","url":"https:\/\/archiv.siov.sk\/wp-content\/uploads\/2019\/08\/eu-logo-300x86.jpg","contentUrl":"https:\/\/archiv.siov.sk\/wp-content\/uploads\/2019\/08\/eu-logo-300x86.jpg"},{"@type":"BreadcrumbList","@id":"https:\/\/archiv.siov.sk\/projekty\/zrealizovane-projekty\/projekt-es-absvetpro\/#breadcrumb","itemListElement":[{"@type":"ListItem","position":1,"name":"Home","item":"https:\/\/archiv.siov.sk\/"},{"@type":"ListItem","position":2,"name":"Projekty","item":"https:\/\/archiv.siov.sk\/en\/projekty\/"},{"@type":"ListItem","position":3,"name":"Zrealizovan\u00e9 projekty","item":"https:\/\/archiv.siov.sk\/en\/projekty\/zrealizovane-projekty\/"},{"@type":"ListItem","position":4,"name":"Projekt ES &#8211; ABSVETPRO"}]},{"@type":"WebSite","@id":"https:\/\/archiv.siov.sk\/#website","url":"https:\/\/archiv.siov.sk\/","name":"\u0160IOV - \u0161t\u00e1tny in\u0161tit\u00fat odborn\u00e9ho vzdel\u00e1vania","description":"","publisher":{"@id":"https:\/\/archiv.siov.sk\/#organization"},"potentialAction":[{"@type":"SearchAction","target":{"@type":"EntryPoint","urlTemplate":"https:\/\/archiv.siov.sk\/?s={search_term_string}"},"query-input":{"@type":"PropertyValueSpecification","valueRequired":true,"valueName":"search_term_string"}}],"inLanguage":"en-GB"},{"@type":"Organization","@id":"https:\/\/archiv.siov.sk\/#organization","name":"\u0160IOV - \u0161t\u00e1tny in\u0161tit\u00fat odborn\u00e9ho vzdel\u00e1vania","url":"https:\/\/archiv.siov.sk\/","logo":{"@type":"ImageObject","inLanguage":"en-GB","@id":"https:\/\/archiv.siov.sk\/#\/schema\/logo\/image\/","url":"https:\/\/archiv.siov.sk\/wp-content\/uploads\/2024\/02\/logo-SIOV.png","contentUrl":"https:\/\/archiv.siov.sk\/wp-content\/uploads\/2024\/02\/logo-SIOV.png","width":431,"height":143,"caption":"\u0160IOV - \u0161t\u00e1tny in\u0161tit\u00fat odborn\u00e9ho vzdel\u00e1vania"},"image":{"@id":"https:\/\/archiv.siov.sk\/#\/schema\/logo\/image\/"},"sameAs":["https:\/\/www.facebook.com\/Statnyinstitutodbornehovzdelavania"]}]}},"_links":{"self":[{"href":"https:\/\/archiv.siov.sk\/en\/wp-json\/wp\/v2\/pages\/4792","targetHints":{"allow":["GET"]}}],"collection":[{"href":"https:\/\/archiv.siov.sk\/en\/wp-json\/wp\/v2\/pages"}],"about":[{"href":"https:\/\/archiv.siov.sk\/en\/wp-json\/wp\/v2\/types\/page"}],"author":[{"embeddable":true,"href":"https:\/\/archiv.siov.sk\/en\/wp-json\/wp\/v2\/users\/1"}],"replies":[{"embeddable":true,"href":"https:\/\/archiv.siov.sk\/en\/wp-json\/wp\/v2\/comments?post=4792"}],"version-history":[{"count":7,"href":"https:\/\/archiv.siov.sk\/en\/wp-json\/wp\/v2\/pages\/4792\/revisions"}],"predecessor-version":[{"id":10162,"href":"https:\/\/archiv.siov.sk\/en\/wp-json\/wp\/v2\/pages\/4792\/revisions\/10162"}],"up":[{"embeddable":true,"href":"https:\/\/archiv.siov.sk\/en\/wp-json\/wp\/v2\/pages\/55"}],"wp:attachment":[{"href":"https:\/\/archiv.siov.sk\/en\/wp-json\/wp\/v2\/media?parent=4792"}],"curies":[{"name":"wp","href":"https:\/\/api.w.org\/{rel}","templated":true}]}}