{"id":4747,"date":"2020-01-13T14:38:35","date_gmt":"2020-01-13T13:38:35","guid":{"rendered":"https:\/\/archiv.siov.sk\/?page_id=4747"},"modified":"2025-05-13T13:27:03","modified_gmt":"2025-05-13T11:27:03","slug":"gdpr","status":"publish","type":"page","link":"https:\/\/archiv.siov.sk\/en\/gdpr\/","title":{"rendered":"Data protection"},"content":{"rendered":"\t\t<div data-elementor-type=\"wp-page\" data-elementor-id=\"4747\" class=\"elementor elementor-4747\" data-elementor-post-type=\"page\">\n\t\t\t\t\t\t<section class=\"elementor-section elementor-top-section elementor-element elementor-element-195a67a elementor-section-boxed elementor-section-height-default elementor-section-height-default\" data-id=\"195a67a\" data-element_type=\"section\" data-e-type=\"section\">\n\t\t\t\t\t\t<div class=\"elementor-container elementor-column-gap-default\">\n\t\t\t\t\t<div class=\"elementor-column elementor-col-100 elementor-top-column elementor-element elementor-element-6bdf4e1\" data-id=\"6bdf4e1\" data-element_type=\"column\" data-e-type=\"column\">\n\t\t\t<div class=\"elementor-widget-wrap elementor-element-populated\">\n\t\t\t\t\t\t<div class=\"elementor-element elementor-element-0d10d2f elementor-widget-divider--view-line elementor-widget elementor-widget-divider\" data-id=\"0d10d2f\" data-element_type=\"widget\" data-e-type=\"widget\" data-widget_type=\"divider.default\">\n\t\t\t\t<div class=\"elementor-widget-container\">\n\t\t\t\t\t\t\t<div class=\"elementor-divider\">\n\t\t\t<span class=\"elementor-divider-separator\">\n\t\t\t\t\t\t<\/span>\n\t\t<\/div>\n\t\t\t\t\t\t<\/div>\n\t\t\t\t<\/div>\n\t\t\t\t<div class=\"elementor-element elementor-element-89b3ddd elementor-widget elementor-widget-heading\" data-id=\"89b3ddd\" data-element_type=\"widget\" data-e-type=\"widget\" data-widget_type=\"heading.default\">\n\t\t\t\t<div class=\"elementor-widget-container\">\n\t\t\t\t\t<h2 class=\"elementor-heading-title elementor-size-default\">Ochrana osobn\u00fdch \u00fadajov<\/h2>\t\t\t\t<\/div>\n\t\t\t\t<\/div>\n\t\t\t\t\t<\/div>\n\t\t<\/div>\n\t\t\t\t\t<\/div>\n\t\t<\/section>\n\t\t\t\t<section class=\"elementor-section elementor-top-section elementor-element elementor-element-98f5170 elementor-section-boxed elementor-section-height-default elementor-section-height-default\" data-id=\"98f5170\" data-element_type=\"section\" data-e-type=\"section\">\n\t\t\t\t\t\t<div class=\"elementor-container elementor-column-gap-default\">\n\t\t\t\t\t<div class=\"elementor-column elementor-col-100 elementor-top-column elementor-element elementor-element-4c5fbc8\" data-id=\"4c5fbc8\" data-element_type=\"column\" data-e-type=\"column\">\n\t\t\t<div class=\"elementor-widget-wrap elementor-element-populated\">\n\t\t\t\t\t\t<div class=\"elementor-element elementor-element-b0266cc elementor-widget elementor-widget-text-editor\" data-id=\"b0266cc\" data-element_type=\"widget\" data-e-type=\"widget\" data-widget_type=\"text-editor.default\">\n\t\t\t\t<div class=\"elementor-widget-container\">\n\t\t\t\t\t\t\t\t\t<p style=\"font-size: 15px; font-style: normal; font-weight: 400;\"><span style=\"font-weight: bold;\">Vyhl\u00e1senie o\u00a0sprac\u00favan\u00ed osobn\u00fdch \u00fadajov<\/span><\/p><p style=\"font-size: 15px; font-style: normal; font-weight: 400;\"><span style=\"font-weight: bold;\">\u00a0(v\u0161eobecn\u00e9)<\/span><\/p><p style=\"font-size: 15px; font-style: normal; font-weight: 400;\"><a href=\"https:\/\/siov.sk\/wp-content\/uploads\/2020\/01\/Vyhlasenie_vseobecne_web_final.pdf\">Vyhlasenie o sprac\u00favan\u00ed osobn\u00fdch \u00fadajov\u00a0<\/a>(pdf)<\/p><p style=\"font-size: 15px; font-style: normal; font-weight: 400; text-align: justify;\">V\u00a0s\u00falade s Nariaden\u00edm<a href=\"https:\/\/siov.sk\/gdpr\/?elementor-preview=4747&amp;ver=1627286983#_ftn1\" name=\"_ftnref1\">[1]<\/a>\u00a0a\u00a0Z\u00e1konom o\u00a0ochrane osobn\u00fdch \u00fadajov<a href=\"https:\/\/siov.sk\/gdpr\/?elementor-preview=4747&amp;ver=1627286983#_ftn2\" name=\"_ftnref2\">[2]<\/a>\u00a0prev\u00e1dzkovate\u013e \u00a0\u0160t\u00e1tny in\u0161tit\u00fat\u00a0 odborn\u00e9ho vzdel\u00e1vania so s\u00eddlom: Bellova 54\/a, 833 63 Bratislava, I\u010cO: 17314852 (\u010falej aj \u201e\u0160IOV\u201c alebo \u201eprev\u00e1dzkovate\u013e\u201c), sprac\u00fava va\u0161e osobn\u00e9 \u00fadaje na r\u00f4zne \u00fa\u010dely, ktor\u00e9 s\u00favisia so z\u00e1konn\u00fdmi \u010dinnos\u0165ami \u0160IOV.<\/p><p style=\"font-size: 15px; font-style: normal; font-weight: 400; text-align: justify;\">Ako prev\u00e1dzkovate\u013e m\u00e1me z\u00e1konn\u00fa povinnos\u0165 poskytn\u00fa\u0165 va\u0161e osobn\u00e9 \u00fadaje pri kontrole, dozornej \u010dinnosti alebo na \u017eiados\u0165 opr\u00e1vnen\u00fdch org\u00e1nov \u0161t\u00e1tu alebo in\u0161tit\u00faci\u00ed, ak to vypl\u00fdva z\u00a0osobitn\u00fdch predpisov<a href=\"https:\/\/siov.sk\/gdpr\/?elementor-preview=4747&amp;ver=1627286983#_ftn3\" name=\"_ftnref3\">[3]<\/a>.<\/p><p style=\"font-size: 15px; font-style: normal; font-weight: 400; text-align: justify;\">Va\u0161e osobn\u00e9 \u00fadaje spravidla z\u00edskavame od v\u00e1s alebo od tretej strany. Z\u00edskanie osobn\u00fdch \u00fadajov prebieha bu\u010f v\u00a0s\u00falade s\u00a0\u010dl. 14 ods. 5 p\u00edsm. c) Nariadenia na z\u00e1klade pr\u00e1vnych predpisov; o\u00a0plnen\u00ed z\u00e1konn\u00fdch povinnost\u00ed alebo sprac\u00favan\u00ed osobn\u00fdch \u00fadajov vo verejnom z\u00e1ujme ste informovan\u00ed v\u00a0pr\u00edlohe tohto Vyhl\u00e1senia o\u00a0sprac\u00favan\u00ed osobn\u00fdch \u00fadajov. Vo v\u00fdnimo\u010dn\u00fdch pr\u00edpadoch, ak sa na tak\u00e9 z\u00edskanie osobn\u00fdch \u00fadajov nebud\u00fa vz\u0165ahova\u0165 v\u00fdnimky pod\u013ea \u010dl. 14 ods. 5 nariadenia, v\u00e1s budeme o\u00a0z\u00edskan\u00ed osobn\u00fdch \u00fadajov informova\u0165 osobitne, v\u00a0s\u00falade s\u00a0podmienkami sprac\u00favania.\u00a0<\/p><p style=\"font-size: 15px; font-style: normal; font-weight: 400; text-align: justify;\">Va\u0161e osobn\u00e9 \u00fadaje bud\u00fa uchov\u00e1van\u00e9 bezpe\u010dne, v\u00a0s\u00falade s\u00a0bezpe\u010dnostnou politikou prev\u00e1dzkovate\u013ea a\u00a0sprostredkovate\u013ea (ak je poveren\u00fd) a\u00a0len po dobu nevyhnutn\u00fa na splnenie \u00fa\u010delu sprac\u00favania. Pr\u00edstup k\u00a0va\u0161im osobn\u00fdm \u00fadajom bud\u00fa ma\u0165 v\u00fdlu\u010dne osoby poveren\u00e9 prev\u00e1dzkovate\u013eom na sprac\u00favanie osobn\u00fdch \u00fadajov, ktor\u00e9 ich sprac\u00favaj\u00fa na z\u00e1klade pokynov prev\u00e1dzkovate\u013ea, v\u00a0s\u00falade s\u00a0bezpe\u010dnostnou politikou prev\u00e1dzkovate\u013ea.<\/p><p style=\"font-size: 15px; font-style: normal; font-weight: 400; text-align: justify;\">Va\u0161e osobn\u00e9 \u00fadaje s\u00fa z\u00e1lohovan\u00e9, v\u00a0s\u00falade s\u00a0reten\u010dn\u00fdmi pravidlami prev\u00e1dzkovate\u013ea. Zo z\u00e1lohov\u00fdch \u00falo\u017e\u00edsk bud\u00fa va\u0161e osobn\u00e9 \u00fadaje \u00faplne vymazan\u00e9 hne\u010f, ako v\u00a0s\u00falade s\u00a0pravidlami z\u00e1lohovania uveden\u00e9 bude mo\u017en\u00e9. Osobn\u00e9 \u00fadaje uchov\u00e1van\u00e9 na z\u00e1lo\u017en\u00fdch \u00falo\u017eisk\u00e1ch sl\u00fa\u017eia na predch\u00e1dzanie bezpe\u010dnostn\u00fdm incidentom, najm\u00e4 naru\u0161enia dostupnosti \u00fadajov v\u00a0d\u00f4sledku bezpe\u010dnostn\u00e9ho incidentu. Prev\u00e1dzkovate\u013e je povinn\u00fd zabezpe\u010dova\u0165 z\u00e1lohovanie \u00fadajov v\u00a0s\u00falade s\u00a0bezpe\u010dnostn\u00fdmi po\u017eiadavkami Nariadenia a\u00a0Z\u00e1kona o\u00a0ochrane osobn\u00fdch \u00fadajov. Va\u0161e osobn\u00e9 \u00fadaje uchov\u00e1vame len na obmedzen\u00fd \u010das, pri\u010dom k\u00a0ich vymazaniu d\u00f4jde, ke\u010f u\u017e nebud\u00fa potrebn\u00e9 na \u00fa\u010dely spracovania ako s\u00fa uveden\u00e9 v\u00a0pr\u00edlohe tohto vyhl\u00e1senia.\u00a0<span style=\"font-weight: bold;\">\u00a0<\/span><\/p><p style=\"font-size: 15px; font-style: normal; font-weight: 400; text-align: justify;\">Pri sprac\u00favan\u00ed osobn\u00fdch \u00fadajov prev\u00e1dzkovate\u013eom ste\u00a0<span style=\"font-weight: bold;\">dotknutou osobou<\/span>, t. j. osobou o\u00a0ktorej s\u00fa sprac\u00favan\u00e9 osobn\u00e9 \u00fadaje, ktor\u00e9 sa jej t\u00fdkaj\u00fa.<\/p><p style=\"font-size: 15px; font-style: normal; font-weight: 400; text-align: justify;\">Poskytnutie osobn\u00fdch \u00fadajov na realiz\u00e1ciu pracovnopr\u00e1vnych alebo obdobn\u00fdch vz\u0165ahov je z\u00e1konov povinnos\u0165ou dotknutej osoby a\u00a0tie\u017e je nevyhnutn\u00e9 pre uzatvorenie zmluvn\u00e9ho vz\u0165ahu medzi zamestn\u00e1vate\u013eom a\u00a0zamestnancom.<\/p><p style=\"font-size: 15px; font-style: normal; font-weight: 400; text-align: justify;\">V\u00a0pr\u00edpade neposkytnutia osobn\u00fdch \u00fadajov dotknutou osobu v rozsahu nevyhnutnom na plnenie z\u00e1konn\u00fdch povinnost\u00ed alebo na plnenie z\u00e1v\u00e4zkov vypl\u00fdvaj\u00facich zo zmluvn\u00fdch vz\u0165ahov, m\u00f4\u017ee ma\u0165 za n\u00e1sledok napr\u00edklad neposkytnutie inform\u00e1cie pod\u013ea infoz\u00e1kona, alebo nemo\u017enos\u0165 riadne vybavi\u0165 \u017eiados\u0165 dotknutej osoby, z\u00fa\u010dastni\u0165 sa aktiv\u00edt organizovan\u00fdch \u0160IOV (napr. konferencie, vzdel\u00e1vanie), finan\u010dn\u00fa ujmu na strane \u0160IOV aj na strane dotknutej osoby (napr\u00edklad nevyplatenie finan\u010dn\u00fdch n\u00e1rokov) a\u00a0pod. Prenos osobn\u00fdch \u00fadajov do tret\u00edch kraj\u00edn sa neuskuto\u010d\u0148uje.<\/p><p style=\"font-size: 15px; font-style: normal; font-weight: 400; text-align: justify;\"><span style=\"font-weight: bold;\">\u00da\u010dely sprac\u00favania osobn\u00fdch \u00fadajov, lehoty uchov\u00e1vania, pr\u00e1vny z\u00e1klad, pr\u00edjemca<\/span><\/p><p style=\"font-size: 15px; font-style: normal; font-weight: 400; text-align: justify;\">Va\u0161e osobn\u00e9 \u00fadaje sprac\u00favame na \u00fa\u010dely, ktor\u00e9 s\u00fa bli\u017e\u0161ie definovan\u00e9 v\u00a0pr\u00edlohe tohto Vyhl\u00e1senia o\u00a0sprac\u00favan\u00ed osobn\u00fdch \u00fadajov ur\u010denom pre zamestnancov prev\u00e1dzkovate\u013ea. V\u00a0pr\u00edlohe s\u00fa preh\u013eadne a\u00a0zrozumite\u013ene uveden\u00e9 v\u0161etky inform\u00e1cie v\u00a0s\u00falade s\u00a0Nariaden\u00edm a\u00a0Z\u00e1konom.<\/p><h5 style=\"font-size: 2.66667rem; font-style: normal;\"><span style=\"color: #1d2663;\"><strong>Zodpovedn\u00e1 osoba<\/strong><\/span><\/h5><p style=\"font-size: 15px; font-style: normal; font-weight: 400; text-align: justify;\">Na bezpe\u010dn\u00e9 sprac\u00favanie osobn\u00fdch \u00fadajov a\u00a0s\u00falad sprac\u00favania s\u00a0Nariaden\u00edm a\u00a0Z\u00e1konom o\u00a0ochrane osobn\u00fdch \u00fadajov dohliada Zodpovedn\u00e1 osoba, na ktor\u00fa sa v\u00a0pr\u00edpade uplatnenia svojich pr\u00e1v m\u00f4\u017eete obr\u00e1ti\u0165.<\/p><p style=\"font-size: 15px; font-style: normal; font-weight: 400;\"><span style=\"font-weight: bold;\">Kontaktn\u00e9 \u00fadaje zodpovednej osoby:<\/span><\/p><p style=\"font-size: 15px; font-style: normal; font-weight: 400;\">Mail: zodpovedna.osoba@algger.sk\u00a0\u00a0\u00a0\u00a0\u00a0\u00a0\u00a0\u00a0\u00a0\u00a0\u00a0\u00a0\u00a0\u00a0\u00a0\u00a0\u00a0\u00a0\u00a0\u00a0\u00a0\u00a0\u00a0\u00a0\u00a0\u00a0\u00a0\u00a0\u00a0\u00a0\u00a0 \u00a0<\/p><p style=\"font-size: 15px; font-style: normal; font-weight: 400;\">Kore\u0161ponden\u010dn\u00e1 adresa:\u00a0 \u00a0\u0160t\u00e1tny in\u0161tit\u00fat\u00a0 odborn\u00e9ho vzdel\u00e1vania, Bellova 54\/a, 833 63 Bratislava<\/p><p style=\"font-size: 15px; font-style: normal; font-weight: 400;\"><span style=\"font-weight: bold;\">\u00a0<\/span><\/p><h5 style=\"font-size: 2.66667rem; font-style: normal;\"><span style=\"color: #1d2663;\"><strong>Va\u0161e pr\u00e1va pod\u013ea Nariadenia a Z\u00e1kona o\u00a0ochrane osobn\u00fdch \u00fadajov<\/strong><\/span><\/h5><p style=\"font-size: 15px; font-style: normal; font-weight: 400;\"><span style=\"font-weight: bold;\">Pr\u00e1vo na pr\u00edstup<\/span><\/p><p style=\"font-size: 15px; font-style: normal; font-weight: 400; text-align: justify;\">M\u00e1te pr\u00e1vo na poskytnutie k\u00f3pie osobn\u00fdch \u00fadajov, ktor\u00e9 o v\u00e1s m\u00e1me k\u00a0dispoz\u00edcii, ako aj na inform\u00e1cie o tom, ako va\u0161e osobn\u00e9 \u00fadaje pou\u017e\u00edvame. Vo v\u00e4\u010d\u0161ine pr\u00edpadov v\u00e1m bud\u00fa va\u0161e osobn\u00e9 \u00fadaje poskytnut\u00e9 v\u00a0p\u00edsomnej listinnej forme, pokia\u013e nepo\u017eadujete in\u00fd sp\u00f4sob ich poskytnutia. Ak ste o\u00a0poskytnutie t\u00fdchto inform\u00e1ci\u00ed po\u017eiadali elektronick\u00fdmi prostriedkami, bud\u00fa v\u00e1m poskytnut\u00e9 elektronicky, ak to bude technicky mo\u017en\u00e9.<\/p><p style=\"font-size: 15px; font-style: normal; font-weight: 400;\"><span style=\"font-weight: bold;\">Pr\u00e1vo na opravu<\/span><\/p><p style=\"font-size: 15px; font-style: normal; font-weight: 400; text-align: justify;\">Prij\u00edmame primeran\u00e9 opatrenia, aby sme zabezpe\u010dili presnos\u0165, \u00faplnos\u0165 a\u00a0aktu\u00e1lnos\u0165 inform\u00e1ci\u00ed, ktor\u00e9 o v\u00e1s m\u00e1me k dispoz\u00edcii. Ak si mysl\u00edte, \u017ee \u00fadaje, ktor\u00fdmi disponujeme s\u00fa nepresn\u00e9, ne\u00fapln\u00e9 alebo neaktu\u00e1lne, pros\u00edm, nev\u00e1hajte n\u00e1s po\u017eiada\u0165, aby sme tieto inform\u00e1cie upravili, aktualizovali alebo doplnili.<\/p><p style=\"font-size: 15px; font-style: normal; font-weight: 400;\"><span style=\"font-weight: bold;\">Pr\u00e1vo na vymazanie<\/span><\/p><p style=\"font-size: 15px; font-style: normal; font-weight: 400; text-align: justify;\">M\u00e1te pr\u00e1vo n\u00e1s po\u017eiada\u0165 o vymazanie va\u0161ich osobn\u00fdch \u00fadajov, napr\u00edklad v\u00a0pr\u00edpade, ak osobn\u00e9 \u00fadaje, ktor\u00e9 sme o\u00a0v\u00e1s z\u00edskali, u\u017e viac nie s\u00fa potrebn\u00e9 na naplnenie p\u00f4vodn\u00e9ho \u00fa\u010delu sprac\u00favania. Va\u0161e pr\u00e1vo je v\u0161ak potrebn\u00e9 pos\u00fadi\u0165 z\u00a0poh\u013eadu v\u0161etk\u00fdch relevantn\u00fdch okolnost\u00ed. Napr\u00edklad, m\u00f4\u017eeme ma\u0165 ur\u010dit\u00e9 pr\u00e1vne a regula\u010dn\u00e9 povinnosti, \u010do znamen\u00e1, \u017ee nebudeme m\u00f4c\u0165 va\u0161ej \u017eiadosti vyhovie\u0165.<\/p><p style=\"font-size: 15px; font-style: normal; font-weight: 400;\"><span style=\"font-weight: bold;\">Pr\u00e1vo na obmedzenie sprac\u00favania<\/span><\/p><p style=\"font-size: 15px; font-style: normal; font-weight: 400; text-align: justify;\">Za ur\u010dit\u00fdch okolnost\u00ed ste opr\u00e1vnen\u00fd n\u00e1s po\u017eiada\u0165, aby sme prestali pou\u017e\u00edva\u0165 va\u0161e osobn\u00e9 \u00fadaje. Ide napr\u00edklad o\u00a0pr\u00edpady, ke\u010f si mysl\u00edte, \u017ee osobn\u00e9 \u00fadaje, ktor\u00e9 o v\u00e1s m\u00e1me, m\u00f4\u017eu by\u0165 nepresn\u00e9 alebo ke\u010f si mysl\u00edte, \u017ee u\u017e va\u0161e osobn\u00e9 \u00fadaje nepotrebujeme vyu\u017e\u00edva\u0165.<\/p><p style=\"font-size: 15px; font-style: normal; font-weight: 400;\"><span style=\"font-weight: bold;\">S\u00fahlas<\/span><\/p><p style=\"font-size: 15px; font-style: normal; font-weight: 400; text-align: justify;\">Vo v\u00fdnimo\u010dn\u00fdch pr\u00edpadoch m\u00f4\u017eeme va\u0161e osobn\u00e9 \u00fadaje sprac\u00fava\u0165 na z\u00e1klade s\u00fahlasu. O\u00a0takom sprac\u00favan\u00ed budeme vopred osobitne informovan\u00ed. V\u00a0pr\u00edpadoch, kedy va\u0161e osobn\u00e9 \u00fadaje sprac\u00favame na z\u00e1klade v\u00e1\u0161ho s\u00fahlasu, m\u00e1te pr\u00e1vo tento s\u00fahlas kedyko\u013evek odvola\u0165. S\u00fahlas m\u00f4\u017eete odvola\u0165 elektronicky, na adrese Zodpovednej osoby, p\u00edsomne, ozn\u00e1men\u00edm o\u00a0odvolan\u00ed s\u00fahlasu alebo osobne v\u00a0\u0160IOV.\u00a0 Odvolanie s\u00fahlasu nem\u00e1 vplyv na z\u00e1konnos\u0165 sprac\u00favania osobn\u00fdch \u00fadajov, ktor\u00e9 sme na jeho z\u00e1klade o\u00a0v\u00e1s sprac\u00favali.<\/p><p style=\"font-size: 15px; font-style: normal; font-weight: 400;\"><span style=\"font-weight: bold;\">Pr\u00e1vo na prenosnos\u0165 \u00fadajov<\/span><\/p><p style=\"font-size: 15px; font-style: normal; font-weight: 400; text-align: justify;\">Za ur\u010dit\u00fdch okolnost\u00ed m\u00e1te pr\u00e1vo po\u017eiada\u0165 n\u00e1s o prenos osobn\u00fdch \u00fadajov, ktor\u00e9 ste n\u00e1m poskytli, na in\u00fa tretiu stranu pod\u013ea v\u00e1\u0161ho v\u00fdberu. Pr\u00e1vo na prenosnos\u0165 sa v\u0161ak t\u00fdka len osobn\u00fdch \u00fadajov, ktor\u00e9 sme od v\u00e1s z\u00edskali na z\u00e1klade s\u00fahlasu alebo na z\u00e1klade zmluvy, ktorej ste jednou zo zmluvn\u00fdch str\u00e1n.<\/p><p style=\"font-size: 15px; font-style: normal; font-weight: 400;\"><span style=\"font-weight: bold;\">Pr\u00e1vo\u00a0 namieta\u0165<\/span><\/p><p style=\"font-size: 15px; font-style: normal; font-weight: 400; text-align: justify;\">M\u00e1te pr\u00e1vo namieta\u0165 vo\u010di sprac\u00favaniu \u00fadajov, ktor\u00e9 je zalo\u017een\u00e9 na na\u0161ich legit\u00edmnych opr\u00e1vnen\u00fdch z\u00e1ujmoch.\u00a0\u00a0 V\u00a0pr\u00edpade, ak nem\u00e1me presved\u010div\u00fd legit\u00edmny opr\u00e1vnen\u00fd d\u00f4vod na sprac\u00favanie a\u00a0vy pod\u00e1te n\u00e1mietku, nebudeme va\u0161e osobn\u00e9 \u00fadaje \u010falej sprac\u00fava\u0165.\u00a0<\/p><p style=\"font-size: 15px; font-style: normal; font-weight: 400;\"><span style=\"font-weight: bold;\">Pr\u00e1vo poda\u0165 s\u0165a\u017enos\u0165<\/span><\/p><p style=\"font-size: 15px; font-style: normal; font-weight: 400; text-align: justify;\">Ak sa domnievate, \u017ee va\u0161e osobn\u00e9 \u00fadaje sprac\u00favame nespravodlivo alebo nez\u00e1konne, m\u00f4\u017eete poda\u0165 s\u0165a\u017enos\u0165 na dozorn\u00fd org\u00e1n, ktor\u00fdm je \u00darad na ochranu osobn\u00fdch \u00fadajov Slovenskej republiky,\u00a0\u00a0<a href=\"https:\/\/dataprotection.gov.sk\/\">https:\/\/dataprotection.gov.sk<\/a>, Hrani\u010dn\u00e1 12, 820 07 Bratislava 27;\u00a0 tel. \u010d\u00edslo: +421 \/2\/ 3231 3214; E-mail:\u00a0<a href=\"mailto:statny.dozor@pdp.gov.sk\">statny.dozor@pdp.gov.sk<\/a>.\u00a0\u00a0<\/p><p style=\"font-size: 15px; font-style: normal; font-weight: 400; text-align: justify;\">V\u00a0pr\u00edpade ak\u00fdchko\u013evek ot\u00e1zok, t\u00fdkaj\u00facich sa sprac\u00favania va\u0161ich osobn\u00fdch \u00fadajov n\u00e1s m\u00f4\u017eete kontaktova\u0165 prostredn\u00edctvom na\u0161ej Zodpovednej osoby.\u00a0\u00a0<\/p><p style=\"font-size: 15px; font-style: normal; font-weight: 400;\"><span style=\"font-weight: bold;\">\u00a0<\/span><\/p><table style=\"width: 1280.5px;\" width=\"0\"><tbody><tr><td width=\"359\"><span style=\"font-weight: bold;\">\u00da\u010del sprac\u00favania<\/span><\/td><td width=\"482\"><span style=\"font-weight: bold;\">Pr\u00e1vny z\u00e1klad spracovate\u013eskej \u010dinnosti<br \/>lehota uchov\u00e1vania<\/span><\/td><td width=\"189\"><span style=\"font-weight: bold;\">Kateg\u00f3ria pr\u00edjemcov<\/span><\/td><\/tr><tr><td width=\"359\">Vybavovanie \u017eiadost\u00ed o spr\u00edstupnenie inform\u00e1ci\u00ed a opravn\u00fdch prostriedkoch uplatnen\u00fdch pod\u013ea z\u00e1kona o slobode inform\u00e1ci\u00ed<\/td><td width=\"482\"><p style=\"font-size: 15px;\">Z\u00e1konn\u00e1 povinnos\u0165<\/p><p style=\"font-size: 15px;\">Z\u00e1kon \u010d. 211\/2000 Z. z. o slobodnom pr\u00edstupe k inform\u00e1ci\u00e1m \u00a0<\/p><p style=\"font-size: 15px;\"><span style=\"font-weight: bold;\">5 rokov<\/span><\/p><\/td><td width=\"189\">\u017diadate\u013e a in\u00e9 osoby, ktor\u00fdch sa \u017eiados\u0165 t\u00fdka, zverej\u0148uj\u00fa sa v rozsahu povinn\u00e9ho zverej\u0148ovania (zmluvy, fakt\u00fary, objedn\u00e1vky)<\/td><\/tr><tr><td width=\"359\">Organizovanie podujat\u00ed, konferenci\u00ed, vzdel\u00e1vania, vr\u00e1tane propag\u00e1cie podujat\u00ed a informovania o ich priebehu<\/td><td width=\"482\"><p style=\"font-size: 15px;\">Verejn\u00fd z\u00e1ujem\u00a0\u00a0\u00a0\u00a0\u00a0\u00a0\u00a0\u00a0\u00a0\u00a0\u00a0\u00a0\u00a0\u00a0\u00a0\u00a0\u00a0\u00a0\u00a0\u00a0\u00a0\u00a0\u00a0\u00a0\u00a0\u00a0\u00a0\u00a0\u00a0\u00a0\u00a0\u00a0\u00a0\u00a0\u00a0\u00a0\u00a0\u00a0\u00a0\u00a0\u00a0\u00a0\u00a0\u00a0\u00a0\u00a0\u00a0\u00a0\u00a0\u00a0\u00a0\u00a0\u00a0\u00a0\u00a0\u00a0\u00a0\u00a0\u00a0\u00a0\u00a0\u00a0\u00a0\u00a0\u00a0\u00a0\u00a0\u00a0\u00a0\u00a0\u00a0\u00a0\u00a0\u00a0\u00a0\u00a0\u00a0\u00a0\u00a0\u00a0\u00a0\u00a0\u00a0\u00a0\u00a0\u00a0\u00a0\u00a0\u00a0\u00a0\u00a0\u00a0\u00a0\u00a0\u00a0\u00a0\u00a0\u00a0\u00a0\u00a0\u00a0\u00a0\u00a0\u00a0\u00a0\u00a0\u00a0\u00a0\u00a0\u00a0\u00a0 \u00a0\u00a0\u00a0\u00a0\u00a0\u00a0\u00a0\u00a0\u00a0\u00a0\u00a0\u00a0\u00a0\u00a0\u00a0Z\u00e1kon \u010d. 596\/2003 Z. z. o \u0161t\u00e1tnej spr\u00e1ve v \u0161kolstve a \u0161kolskej samospr\u00e1ve\u00a0\u00a0\u00a0\u00a0\u00a0\u00a0\u00a0\u00a0\u00a0\u00a0 \u00a0\u00a0\u00a0\u00a0\u00a0\u00a0\u00a0\u00a0\u00a0\u00a0\u00a0\u00a0\u00a0\u00a0\u00a0\u00a0\u00a0Z\u00e1kon \u010d. 523\/2004 Z. z. o rozpo\u010dtov\u00fdch pravidl\u00e1ch verejnej spr\u00e1vy\u00a0\u00a0\u00a0\u00a0\u00a0\u00a0\u00a0\u00a0\u00a0\u00a0\u00a0\u00a0\u00a0\u00a0\u00a0\u00a0\u00a0\u00a0\u00a0\u00a0\u00a0\u00a0\u00a0\u00a0\u00a0\u00a0\u00a0\u00a0\u00a0\u00a0\u00a0\u00a0\u00a0\u00a0\u00a0\u00a0\u00a0 Zria\u010fovacia listina \u0160IOV\u00a0\u00a0\u00a0\u00a0\u00a0\u00a0\u00a0\u00a0\u00a0\u00a0\u00a0\u00a0\u00a0\u00a0\u00a0\u00a0<\/p><p style=\"font-size: 15px;\"><span style=\"font-weight: bold;\">10 rokov<\/span><\/p><\/td><td width=\"189\">Z\u00fa\u010dastnen\u00e9 strany, zverejnenie v masm\u00e9di\u00e1ch, na webovom s\u00eddle\u00a0<\/td><\/tr><tr><td width=\"359\">Medi\u00e1lna a tla\u010dov\u00e1 \u010dinnos\u0165, vr\u00e1tane Newslettera<\/td><td width=\"482\"><p style=\"font-size: 15px;\">Verejn\u00fd z\u00e1ujem\u00a0\u00a0\u00a0\u00a0\u00a0\u00a0\u00a0\u00a0\u00a0\u00a0\u00a0\u00a0\u00a0\u00a0\u00a0\u00a0\u00a0\u00a0\u00a0\u00a0\u00a0\u00a0\u00a0\u00a0\u00a0\u00a0\u00a0\u00a0\u00a0\u00a0\u00a0\u00a0\u00a0\u00a0\u00a0\u00a0\u00a0\u00a0\u00a0\u00a0\u00a0\u00a0\u00a0\u00a0\u00a0\u00a0\u00a0\u00a0\u00a0\u00a0\u00a0\u00a0\u00a0\u00a0\u00a0\u00a0\u00a0\u00a0\u00a0\u00a0\u00a0\u00a0\u00a0\u00a0\u00a0\u00a0\u00a0\u00a0\u00a0\u00a0\u00a0\u00a0\u00a0\u00a0\u00a0\u00a0\u00a0\u00a0\u00a0\u00a0\u00a0\u00a0\u00a0\u00a0\u00a0\u00a0\u00a0\u00a0\u00a0\u00a0\u00a0\u00a0\u00a0\u00a0\u00a0 \u00a0\u00a0\u00a0\u00a0\u00a0\u00a0\u00a0\u00a0\u00a0\u00a0\u00a0\u00a0\u00a0\u00a0\u00a0\u00a0\u00a0\u00a0\u00a0\u00a0\u00a0\u00a0\u00a0\u00a0\u00a0\u00a0\u00a0\u00a0\u00a0\u00a0\u00a0Z\u00e1kon \u010d. 596\/2003 Z. z. o \u0161t\u00e1tnej spr\u00e1ve v \u0161kolstve a \u0161kolskej samospr\u00e1ve\u00a0\u00a0\u00a0\u00a0\u00a0\u00a0\u00a0\u00a0\u00a0\u00a0\u00a0\u00a0\u00a0\u00a0\u00a0 \u00a0\u00a0\u00a0\u00a0\u00a0\u00a0\u00a0\u00a0\u00a0\u00a0\u00a0\u00a0\u00a0\u00a0\u00a0Z\u00e1kon \u010d. 61\/2015 Z. z. o odbornom vzdel\u00e1van\u00ed a pr\u00edprave a o zmene a doplnen\u00ed niektor\u00fdch z\u00e1konov v znen\u00ed neskor\u0161\u00edch predpisov\u00a0\u00a0\u00a0\u00a0\u00a0\u00a0\u00a0\u00a0\u00a0\u00a0\u00a0\u00a0\u00a0\u00a0\u00a0\u00a0\u00a0\u00a0\u00a0\u00a0\u00a0\u00a0\u00a0\u00a0\u00a0\u00a0\u00a0\u00a0\u00a0\u00a0\u00a0\u00a0\u00a0\u00a0\u00a0\u00a0\u00a0\u00a0\u00a0\u00a0\u00a0\u00a0\u00a0\u00a0\u00a0\u00a0\u00a0\u00a0\u00a0\u00a0\u00a0\u00a0\u00a0\u00a0\u00a0\u00a0\u00a0\u00a0\u00a0\u00a0\u00a0\u00a0\u00a0\u00a0\u00a0\u00a0\u00a0\u00a0 \u00a0\u00a0\u00a0\u00a0\u00a0\u00a0\u00a0\u00a0\u00a0\u00a0\u00a0\u00a0\u00a0Zria\u010fovacia listina \u0160IOV\u00a0\u00a0\u00a0\u00a0\u00a0\u00a0\u00a0\u00a0\u00a0\u00a0\u00a0\u00a0\u00a0\u00a0\u00a0\u00a0\u00a0\u00a0\u00a0\u00a0\u00a0\u00a0\u00a0\u00a0\u00a0\u00a0\u00a0\u00a0\u00a0\u00a0\u00a0\u00a0\u00a0\u00a0\u00a0\u00a0 \u00a0\u00a0\u00a0\u00a0\u00a0\u00a0\u00a0\u00a0\u00a0\u00a0\u00a0\u00a0\u00a0\u00a0\u00a0\u00a0\u00a0\u00a0\u00a0\u00a0\u00a0\u00a0<\/p><p style=\"font-size: 15px;\"><span style=\"font-weight: bold;\">Archivuje sa<\/span><\/p><\/td><td width=\"189\">Z\u00fa\u010dastnen\u00e9 strany, zverejnenie v masm\u00e9di\u00e1ch, na webovom s\u00eddle<\/td><\/tr><tr><td width=\"359\">V\u00fdro\u010dn\u00e1 spr\u00e1va<\/td><td width=\"482\"><p style=\"font-size: 15px;\">Verejn\u00fd z\u00e1ujem\u00a0\u00a0\u00a0\u00a0\u00a0\u00a0\u00a0\u00a0\u00a0\u00a0\u00a0\u00a0 \u00a0\u00a0\u00a0\u00a0\u00a0\u00a0\u00a0\u00a0\u00a0\u00a0\u00a0\u00a0\u00a0\u00a0\u00a0\u00a0\u00a0\u00a0\u00a0\u00a0\u00a0\u00a0\u00a0\u00a0\u00a0\u00a0\u00a0\u00a0\u00a0\u00a0\u00a0\u00a0\u00a0\u00a0\u00a0\u00a0\u00a0\u00a0\u00a0\u00a0\u00a0\u00a0\u00a0\u00a0\u00a0\u00a0\u00a0\u00a0\u00a0\u00a0\u00a0\u00a0\u00a0\u00a0\u00a0\u00a0\u00a0\u00a0\u00a0\u00a0\u00a0\u00a0\u00a0\u00a0\u00a0\u00a0\u00a0\u00a0\u00a0\u00a0\u00a0\u00a0\u00a0\u00a0\u00a0\u00a0\u00a0\u00a0\u00a0\u00a0\u00a0\u00a0\u00a0\u00a0\u00a0\u00a0\u00a0\u00a0\u00a0\u00a0\u00a0\u00a0\u00a0\u00a0\u00a0\u00a0\u00a0\u00a0\u00a0\u00a0\u00a0\u00a0\u00a0\u00a0\u00a0\u00a0\u00a0\u00a0\u00a0\u00a0\u00a0\u00a0\u00a0\u00a0Z\u00e1kon \u010d. 596\/2003 Z. z. o \u0161t\u00e1tnej spr\u00e1ve v \u0161kolstve a \u0161kolskej samospr\u00e1ve\u00a0\u00a0\u00a0\u00a0\u00a0\u00a0\u00a0\u00a0\u00a0\u00a0\u00a0\u00a0\u00a0\u00a0\u00a0\u00a0\u00a0\u00a0\u00a0\u00a0\u00a0\u00a0\u00a0\u00a0\u00a0\u00a0\u00a0\u00a0\u00a0\u00a0\u00a0\u00a0\u00a0\u00a0\u00a0\u00a0\u00a0\u00a0\u00a0\u00a0\u00a0\u00a0\u00a0\u00a0\u00a0\u00a0\u00a0\u00a0\u00a0\u00a0\u00a0\u00a0\u00a0\u00a0\u00a0\u00a0\u00a0\u00a0\u00a0\u00a0\u00a0\u00a0\u00a0\u00a0\u00a0\u00a0\u00a0\u00a0\u00a0\u00a0\u00a0\u00a0\u00a0\u00a0\u00a0\u00a0\u00a0\u00a0 \u00a0\u00a0\u00a0\u00a0\u00a0\u00a0\u00a0\u00a0\u00a0\u00a0Zria\u010fovacia listina \u0160IOV\u00a0\u00a0\u00a0\u00a0<\/p><p style=\"font-size: 15px;\"><span style=\"font-weight: bold;\">Archivuje sa<\/span><\/p><\/td><td width=\"189\">Z\u00fa\u010dastnen\u00e9 strany, Ministerstvo \u0161kolstva, zverejnenie v m\u00e9di\u00e1ch, na webovom s\u00eddle<\/td><\/tr><tr><td width=\"359\">Vn\u00fatorn\u00e1 kontrola<\/td><td width=\"482\"><p style=\"font-size: 15px;\">Z\u00e1konn\u00e1 povinnos\u0165, verejn\u00fd z\u00e1ujem\u00a0\u00a0\u00a0\u00a0\u00a0\u00a0\u00a0\u00a0\u00a0\u00a0\u00a0\u00a0\u00a0\u00a0\u00a0\u00a0\u00a0\u00a0\u00a0\u00a0\u00a0\u00a0\u00a0\u00a0\u00a0\u00a0\u00a0\u00a0\u00a0\u00a0\u00a0\u00a0\u00a0\u00a0\u00a0\u00a0\u00a0\u00a0\u00a0\u00a0\u00a0\u00a0\u00a0\u00a0\u00a0\u00a0\u00a0\u00a0\u00a0\u00a0\u00a0\u00a0\u00a0\u00a0\u00a0\u00a0\u00a0\u00a0\u00a0\u00a0\u00a0\u00a0\u00a0\u00a0\u00a0\u00a0\u00a0\u00a0 \u00a0\u00a0\u00a0\u00a0\u00a0\u00a0\u00a0\u00a0\u00a0\u00a0\u00a0\u00a0\u00a0\u00a0\u00a0\u00a0\u00a0\u00a0\u00a0Z\u00e1kon \u010d.10\/1996 Z. z. o kontrole v \u0161t\u00e1tnej spr\u00e1ve\u00a0\u00a0\u00a0\u00a0\u00a0\u00a0\u00a0\u00a0\u00a0\u00a0\u00a0\u00a0\u00a0\u00a0\u00a0\u00a0\u00a0\u00a0\u00a0\u00a0\u00a0\u00a0\u00a0\u00a0\u00a0\u00a0\u00a0\u00a0\u00a0\u00a0\u00a0\u00a0\u00a0\u00a0\u00a0\u00a0\u00a0\u00a0\u00a0\u00a0\u00a0\u00a0\u00a0\u00a0\u00a0\u00a0\u00a0\u00a0\u00a0\u00a0\u00a0\u00a0\u00a0\u00a0\u00a0\u00a0\u00a0\u00a0\u00a0\u00a0\u00a0\u00a0 \u00a0\u00a0\u00a0\u00a0\u00a0\u00a0Z\u00e1kon \u010d. 357\/2015 Z. z. o finan\u010dnej kontrole a\u00a0audite<\/p><p style=\"font-size: 15px;\"><span style=\"font-weight: bold;\">5 rokov<\/span><\/p><\/td><td width=\"189\">Osobn\u00e9 \u00fadaje sa neposkytuj\u00fa (okrem opr\u00e1vnen\u00fdch org\u00e1nov \u0161t\u00e1tu)<\/td><\/tr><tr><td width=\"359\">Vybavovanie s\u0165a\u017enost\u00ed pod\u013ea z\u00e1kona o s\u0165a\u017enostiach<\/td><td width=\"482\"><p style=\"font-size: 15px;\">Z\u00e1konn\u00e1 povinnos\u0165\u00a0\u00a0\u00a0\u00a0\u00a0\u00a0\u00a0\u00a0\u00a0\u00a0\u00a0\u00a0\u00a0\u00a0\u00a0\u00a0\u00a0\u00a0\u00a0\u00a0\u00a0\u00a0\u00a0\u00a0\u00a0\u00a0\u00a0\u00a0\u00a0\u00a0\u00a0\u00a0\u00a0\u00a0\u00a0\u00a0\u00a0\u00a0\u00a0\u00a0\u00a0 \u00a0\u00a0\u00a0\u00a0\u00a0\u00a0\u00a0\u00a0\u00a0\u00a0\u00a0\u00a0\u00a0\u00a0\u00a0\u00a0\u00a0\u00a0\u00a0\u00a0\u00a0\u00a0\u00a0\u00a0\u00a0\u00a0\u00a0\u00a0\u00a0\u00a0\u00a0\u00a0\u00a0\u00a0\u00a0\u00a0\u00a0\u00a0\u00a0\u00a0\u00a0\u00a0\u00a0\u00a0\u00a0\u00a0\u00a0\u00a0\u00a0\u00a0\u00a0\u00a0\u00a0\u00a0\u00a0\u00a0\u00a0\u00a0\u00a0\u00a0\u00a0\u00a0\u00a0\u00a0\u00a0\u00a0\u00a0\u00a0\u00a0\u00a0\u00a0\u00a0Z\u00e1kon \u010d. 9\/2010 Z. z. o s\u0165a\u017enostiach v znen\u00ed z\u00e1kona \u010d. 289\/2012 Z. z.<\/p><p style=\"font-size: 15px;\"><span style=\"font-weight: bold;\">5 rokov<\/span><\/p><\/td><td width=\"189\">\u00da\u010dastn\u00edci konania, in\u00fd z\u00e1konom opr\u00e1vnen\u00fd subjekt<\/td><\/tr><tr><td width=\"359\">\u00a0<\/td><td width=\"482\"><p style=\"font-size: 15px;\">Verejn\u00fd z\u00e1ujem\u00a0\u00a0\u00a0\u00a0\u00a0\u00a0\u00a0\u00a0\u00a0\u00a0\u00a0\u00a0\u00a0\u00a0\u00a0\u00a0\u00a0\u00a0\u00a0\u00a0\u00a0\u00a0\u00a0\u00a0\u00a0\u00a0\u00a0\u00a0\u00a0\u00a0\u00a0\u00a0 \u00a0\u00a0\u00a0\u00a0\u00a0\u00a0\u00a0\u00a0\u00a0\u00a0\u00a0\u00a0\u00a0\u00a0\u00a0\u00a0\u00a0\u00a0\u00a0\u00a0\u00a0\u00a0\u00a0\u00a0\u00a0\u00a0\u00a0\u00a0\u00a0\u00a0\u00a0\u00a0\u00a0\u00a0\u00a0\u00a0\u00a0\u00a0\u00a0\u00a0\u00a0\u00a0\u00a0\u00a0\u00a0\u00a0\u00a0\u00a0\u00a0\u00a0\u00a0\u00a0\u00a0\u00a0\u00a0\u00a0\u00a0\u00a0\u00a0\u00a0\u00a0\u00a0\u00a0\u00a0\u00a0\u00a0\u00a0\u00a0\u00a0\u00a0\u00a0\u00a0\u00a0\u00a0\u00a0\u00a0\u00a0\u00a0\u00a0\u00a0\u00a0\u00a0\u00a0\u00a0\u00a0\u00a0\u00a0\u00a0\u00a0\u00a0\u00a0\u00a0Z\u00e1kon \u010d. 126\/2015 Z. z. o kni\u017eniciach a o zmene a doplnen\u00ed z\u00e1kona \u010d. 206\/2009 Z. z. o m\u00faze\u00e1ch a o gal\u00e9ri\u00e1ch a o ochrane predmetov kult\u00farnej hodnoty a o zmene z\u00e1kona Slovenskej n\u00e1rodnej rady \u010d. 372\/1990 Zb. o priestupkoch v znen\u00ed z\u00e1kona \u010d. 38\/2014 Z. z.<\/p><p style=\"font-size: 15px;\"><span style=\"font-weight: bold;\">1 rok<\/span><\/p><\/td><td width=\"189\">OU sa neposkytuj\u00fa<\/td><\/tr><tr><td width=\"359\">Spr\u00e1va registrat\u00fary, vr\u00e1tane evidencie po\u0161ty<\/td><td width=\"482\"><p style=\"font-size: 15px;\">Verejn\u00fd z\u00e1ujem\u00a0\u00a0\u00a0\u00a0\u00a0\u00a0\u00a0\u00a0\u00a0\u00a0\u00a0\u00a0\u00a0\u00a0\u00a0\u00a0\u00a0\u00a0\u00a0\u00a0\u00a0\u00a0\u00a0\u00a0\u00a0\u00a0\u00a0\u00a0\u00a0\u00a0\u00a0\u00a0\u00a0\u00a0 \u00a0\u00a0\u00a0\u00a0\u00a0\u00a0\u00a0\u00a0\u00a0\u00a0\u00a0\u00a0\u00a0\u00a0\u00a0\u00a0\u00a0\u00a0\u00a0\u00a0\u00a0\u00a0\u00a0\u00a0\u00a0\u00a0\u00a0\u00a0\u00a0\u00a0\u00a0\u00a0\u00a0\u00a0\u00a0\u00a0\u00a0\u00a0\u00a0\u00a0\u00a0\u00a0\u00a0\u00a0\u00a0\u00a0\u00a0\u00a0\u00a0\u00a0\u00a0\u00a0\u00a0\u00a0\u00a0\u00a0\u00a0\u00a0\u00a0\u00a0\u00a0\u00a0\u00a0\u00a0\u00a0\u00a0\u00a0\u00a0\u00a0\u00a0\u00a0\u00a0\u00a0\u00a0\u00a0\u00a0\u00a0\u00a0\u00a0\u00a0\u00a0\u00a0\u00a0\u00a0\u00a0\u00a0\u00a0\u00a0Z\u00e1kon \u010d. 395\/2002 Z. z. o arch\u00edvoch a registrat\u00farach \u00a0<\/p><p style=\"font-size: 15px;\"><span style=\"font-weight: bold;\">10 rokov<\/span><\/p><\/td><td width=\"189\">Ministerstvo vn\u00fatra Slovenskej republiky, in\u00fd opr\u00e1vnen\u00fd subjekt<\/td><\/tr><tr><td width=\"359\">Vedenie \u00fa\u010dtovn\u00edctva a st\u00fdm s\u00favisiace povinnosti<\/td><td width=\"482\"><p style=\"font-size: 15px;\">Z\u00e1konn\u00e1 povinnos\u0165 v spojen\u00ed s verejn\u00fdm z\u00e1ujmom\u00a0\u00a0\u00a0\u00a0\u00a0\u00a0\u00a0\u00a0\u00a0\u00a0\u00a0\u00a0\u00a0\u00a0\u00a0\u00a0\u00a0\u00a0\u00a0\u00a0\u00a0\u00a0\u00a0\u00a0\u00a0\u00a0\u00a0\u00a0\u00a0\u00a0\u00a0\u00a0\u00a0\u00a0\u00a0\u00a0\u00a0\u00a0\u00a0\u00a0\u00a0\u00a0\u00a0\u00a0\u00a0\u00a0\u00a0\u00a0\u00a0\u00a0\u00a0\u00a0\u00a0\u00a0\u00a0\u00a0\u00a0\u00a0\u00a0\u00a0\u00a0\u00a0\u00a0\u00a0\u00a0\u00a0 Z\u00e1kon \u010d. 431\/2002 Z. z. o \u00fa\u010dtovn\u00edctve v znen\u00ed neskor\u0161\u00edch predpisov,\u00a0\u00a0\u00a0\u00a0\u00a0 \u00a0\u00a0\u00a0\u00a0\u00a0\u00a0\u00a0\u00a0\u00a0\u00a0\u00a0\u00a0\u00a0\u00a0\u00a0\u00a0\u00a0\u00a0\u00a0\u00a0\u00a0\u00a0\u00a0\u00a0\u00a0\u00a0\u00a0\u00a0\u00a0\u00a0Z\u00e1kon \u010d. 222\/2004 Z. z. o dani z pridanej hodnoty v znen\u00ed neskor\u0161\u00edch predpisov\u00a0\u00a0\u00a0\u00a0\u00a0\u00a0\u00a0\u00a0\u00a0\u00a0\u00a0\u00a0\u00a0\u00a0\u00a0\u00a0\u00a0\u00a0\u00a0\u00a0\u00a0\u00a0\u00a0\u00a0\u00a0\u00a0\u00a0 Z\u00e1kon \u010d. 40\/1964 Zb. Ob\u010diansky z\u00e1konn\u00edk v znen\u00ed neskor\u0161\u00edch predpisov\u00a0\u00a0\u00a0\u00a0\u00a0\u00a0\u00a0\u00a0\u00a0\u00a0\u00a0\u00a0\u00a0\u00a0\u00a0\u00a0\u00a0\u00a0\u00a0 \u00a0\u00a0\u00a0\u00a0\u00a0\u00a0\u00a0\u00a0\u00a0\u00a0Z\u00e1kon \u010d. 152\/1994 Z. z. o soci\u00e1lnom fonde a o zmene a doplnen\u00ed z\u00e1kona \u010d. 286\/1992 Zb. o daniach z pr\u00edjmov \u00a0\u00a0\u00a0\u00a0\u00a0\u00a0\u00a0\u00a0\u00a0\u00a0\u00a0\u00a0\u00a0\u00a0\u00a0\u00a0\u00a0\u00a0\u00a0\u00a0\u00a0\u00a0\u00a0\u00a0\u00a0\u00a0\u00a0\u00a0\u00a0\u00a0\u00a0\u00a0\u00a0\u00a0\u00a0\u00a0\u00a0\u00a0\u00a0\u00a0\u00a0\u00a0\u00a0\u00a0\u00a0\u00a0\u00a0\u00a0\u00a0\u00a0\u00a0\u00a0\u00a0\u00a0\u00a0\u00a0\u00a0\u00a0\u00a0\u00a0\u00a0\u00a0\u00a0\u00a0\u00a0\u00a0\u00a0\u00a0\u00a0\u00a0\u00a0\u00a0\u00a0\u00a0\u00a0\u00a0\u00a0\u00a0\u00a0\u00a0\u00a0\u00a0\u00a0\u00a0\u00a0\u00a0\u00a0\u00a0\u00a0\u00a0\u00a0\u00a0\u00a0\u00a0\u00a0\u00a0\u00a0\u00a0\u00a0\u00a0\u00a0\u00a0\u00a0\u00a0\u00a0\u00a0\u00a0\u00a0\u00a0\u00a0\u00a0\u00a0\u00a0\u00a0\u00a0\u00a0Z\u00e1kon \u010d. 311\/2001 Z. z. Z\u00e1konn\u00edk pr\u00e1ce v znen\u00ed neskor\u0161\u00edch predpisov\u00a0\u00a0\u00a0 \u00a0\u00a0\u00a0\u00a0\u00a0\u00a0\u00a0\u00a0\u00a0\u00a0\u00a0\u00a0\u00a0\u00a0\u00a0\u00a0\u00a0\u00a0\u00a0\u00a0\u00a0\u00a0\u00a0\u00a0\u00a0\u00a0\u00a0\u00a0\u00a0\u00a0Z\u00e1kon \u010d. 553\/2003 Z. z. o odme\u0148ovan\u00ed niektor\u00fdch zamestnancov pri v\u00fdkone pr\u00e1ce vo verejnom z\u00e1ujme\u00a0\u00a0\u00a0\u00a0\u00a0\u00a0\u00a0\u00a0\u00a0 \u00a0\u00a0\u00a0\u00a0\u00a0\u00a0\u00a0\u00a0\u00a0\u00a0\u00a0\u00a0\u00a0\u00a0\u00a0\u00a0\u00a0\u00a0\u00a0\u00a0\u00a0\u00a0\u00a0\u00a0\u00a0\u00a0\u00a0\u00a0\u00a0\u00a0\u00a0\u00a0\u00a0\u00a0\u00a0\u00a0\u00a0\u00a0\u00a0\u00a0\u00a0\u00a0\u00a0\u00a0\u00a0\u00a0\u00a0\u00a0\u00a0\u00a0\u00a0\u00a0\u00a0\u00a0\u00a0\u00a0\u00a0\u00a0\u00a0\u00a0\u00a0\u00a0\u00a0\u00a0\u00a0\u00a0\u00a0\u00a0\u00a0\u00a0\u00a0\u00a0\u00a0\u00a0\u00a0\u00a0\u00a0\u00a0\u00a0\u00a0\u00a0\u00a0\u00a0\u00a0\u00a0\u00a0\u00a0\u00a0\u00a0\u00a0\u00a0\u00a0\u00a0\u00a0\u00a0\u00a0\u00a0\u00a0\u00a0\u00a0\u00a0\u00a0\u00a0\u00a0\u00a0\u00a0\u00a0\u00a0\u00a0\u00a0\u00a0\u00a0\u00a0\u00a0\u00a0\u00a0\u00a0\u00a0\u00a0\u00a0\u00a0\u00a0\u00a0\u00a0Z\u00e1kon \u010d. 91\/2010 Z. z. o podpore cestovn\u00e9ho ruchu<\/p><p style=\"font-size: 15px;\"><span style=\"font-weight: bold;\">10 rokov<\/span><\/p><\/td><td width=\"189\">Da\u0148ov\u00fd \u00farad, objedn\u00e1vky, fakt\u00fary a zmluvy sa zverej\u0148uj\u00fa na webovom s\u00eddle a v Centr\u00e1lnom registri zml\u00fav<\/td><\/tr><tr><td width=\"359\">Sprac\u00favanie osobn\u00fdch \u00fadajov na \u0161tatistick\u00e9 \u00fa\u010dely a\u00a0historick\u00e9 \u00fa\u010dely s\u00a0cie\u013eom dokumentova\u0165 a\u00a0zaznamen\u00e1va\u0165 \u010dinnos\u0165 \u00a0\u0160IOV<\/td><td width=\"482\"><p style=\"font-size: 15px;\">Verejn\u00fd z\u00e1ujem, \u00fa\u010del zlu\u010dite\u013en\u00fd z\u00a0p\u00f4vodn\u00fdm \u00fa\u010delom pod\u013ea \u010dl. 6 ods. 4 Nariadenia<\/p><p style=\"font-size: 15px;\">Z\u00e1kon \u010d. 596\/2003 Z. z. o \u0161t\u00e1tnej spr\u00e1ve v \u0161kolstve a \u0161kolskej samospr\u00e1ve\u00a0\u00a0\u00a0\u00a0\u00a0\u00a0\u00a0\u00a0\u00a0\u00a0\u00a0\u00a0\u00a0\u00a0\u00a0\u00a0\u00a0\u00a0\u00a0\u00a0\u00a0\u00a0\u00a0\u00a0\u00a0\u00a0\u00a0\u00a0\u00a0\u00a0\u00a0\u00a0\u00a0\u00a0\u00a0\u00a0\u00a0\u00a0\u00a0\u00a0\u00a0\u00a0\u00a0\u00a0\u00a0\u00a0\u00a0\u00a0\u00a0\u00a0\u00a0\u00a0\u00a0\u00a0\u00a0\u00a0\u00a0\u00a0\u00a0\u00a0\u00a0\u00a0\u00a0\u00a0\u00a0\u00a0\u00a0\u00a0\u00a0\u00a0\u00a0\u00a0\u00a0\u00a0\u00a0\u00a0\u00a0\u00a0\u00a0\u00a0\u00a0\u00a0\u00a0\u00a0\u00a0\u00a0\u00a0\u00a0 Zria\u010fovacia listina \u0160IOV\u00a0\u00a0 \u00a0\u00a0<\/p><p style=\"font-size: 15px;\"><span style=\"font-weight: bold;\">Archivuje sa<\/span>\u00a0 \u00a0<\/p><\/td><td width=\"189\">\u0160tatistick\u00fd \u00farad, zverej\u0148ovanie na webovom s\u00eddle a\u00a0v\u00a0masm\u00e9di\u00e1ch (agregovan\u00e9 d\u00e1ta)<\/td><\/tr><tr><td width=\"359\">Pre\u0161etrovanie podnetov\u00a0 s\u00favisiacich s oznamovan\u00edm protispolo\u010denskej \u010dinnosti<\/td><td width=\"482\"><p style=\"font-size: 15px;\">Z\u00e1konn\u00e1 povinnos\u0165\u00a0\u00a0\u00a0\u00a0\u00a0\u00a0\u00a0\u00a0\u00a0\u00a0\u00a0\u00a0\u00a0\u00a0\u00a0\u00a0\u00a0\u00a0\u00a0\u00a0\u00a0\u00a0\u00a0\u00a0\u00a0\u00a0\u00a0\u00a0\u00a0\u00a0\u00a0\u00a0\u00a0\u00a0\u00a0\u00a0\u00a0\u00a0\u00a0\u00a0\u00a0\u00a0\u00a0\u00a0\u00a0\u00a0\u00a0\u00a0\u00a0\u00a0\u00a0\u00a0\u00a0\u00a0\u00a0\u00a0\u00a0\u00a0\u00a0\u00a0\u00a0\u00a0\u00a0\u00a0\u00a0\u00a0\u00a0\u00a0\u00a0\u00a0\u00a0\u00a0\u00a0\u00a0\u00a0\u00a0\u00a0\u00a0\u00a0\u00a0\u00a0\u00a0\u00a0\u00a0\u00a0\u00a0\u00a0\u00a0\u00a0\u00a0\u00a0\u00a0\u00a0\u00a0\u00a0\u00a0\u00a0\u00a0\u00a0\u00a0\u00a0\u00a0\u00a0\u00a0\u00a0\u00a0\u00a0\u00a0\u00a0\u00a0\u00a0\u00a0\u00a0\u00a0\u00a0\u00a0 Z\u00e1kon \u010d. 307\/2014 Z. z. o niektor\u00fdch opatreniach s\u00favisiacich s oznamovan\u00edm protispolo\u010denskej \u010dinnosti a o zmene a doplnen\u00ed niektor\u00fdch z\u00e1konov (zru\u0161en\u00fd k 01.03.2019)\u00a0\u00a0\u00a0\u00a0\u00a0\u00a0\u00a0\u00a0\u00a0\u00a0\u00a0\u00a0\u00a0\u00a0\u00a0\u00a0\u00a0\u00a0\u00a0\u00a0\u00a0\u00a0\u00a0\u00a0\u00a0\u00a0\u00a0\u00a0\u00a0\u00a0\u00a0\u00a0\u00a0\u00a0\u00a0\u00a0\u00a0\u00a0\u00a0\u00a0\u00a0\u00a0\u00a0\u00a0\u00a0\u00a0\u00a0\u00a0\u00a0\u00a0\u00a0\u00a0\u00a0\u00a0\u00a0\u00a0\u00a0\u00a0\u00a0\u00a0\u00a0\u00a0\u00a0\u00a0\u00a0\u00a0\u00a0\u00a0\u00a0\u00a0\u00a0\u00a0\u00a0\u00a0\u00a0\u00a0\u00a0\u00a0\u00a0\u00a0\u00a0\u00a0\u00a0\u00a0\u00a0\u00a0\u00a0\u00a0\u00a0\u00a0\u00a0\u00a0\u00a0\u00a0\u00a0\u00a0\u00a0\u00a0\u00a0\u00a0\u00a0\u00a0\u00a0\u00a0\u00a0\u00a0\u00a0\u00a0\u00a0\u00a0\u00a0\u00a0\u00a0\u00a0\u00a0\u00a0\u00a0\u00a0\u00a0\u00a0\u00a0\u00a0\u00a0\u00a0\u00a0\u00a0 Z\u00e1kon \u010d. 54\/2019 Z. z., Z\u00e1kon o ochrane oznamovate\u013eov protispolo\u010denskej \u010dinnosti a o zmene a doplnen\u00ed niektor\u00fdch z\u00e1konov,\u00a0\u00a0\u00a0\u00a0\u00a0\u00a0\u00a0\u00a0\u00a0\u00a0\u00a0\u00a0\u00a0\u00a0\u00a0\u00a0\u00a0\u00a0\u00a0\u00a0\u00a0\u00a0\u00a0\u00a0\u00a0\u00a0\u00a0\u00a0\u00a0\u00a0\u00a0\u00a0\u00a0\u00a0\u00a0\u00a0\u00a0\u00a0\u00a0\u00a0\u00a0\u00a0\u00a0\u00a0\u00a0\u00a0\u00a0\u00a0\u00a0\u00a0\u00a0\u00a0\u00a0\u00a0\u00a0\u00a0\u00a0\u00a0\u00a0\u00a0\u00a0\u00a0\u00a0\u00a0\u00a0\u00a0\u00a0\u00a0\u00a0\u00a0\u00a0\u00a0\u00a0\u00a0\u00a0\u00a0\u00a0\u00a0\u00a0\u00a0\u00a0<\/p><p style=\"font-size: 15px;\"><span style=\"font-weight: bold;\">5 rokov<\/span><\/p><\/td><td width=\"189\">\u00da\u010dastn\u00edci konania<\/td><\/tr><tr><td width=\"359\">Bezpe\u010dnos\u0165 a ochrana majetku, inform\u00e1ci\u00ed, \u017eivota a zdravia, akt\u00edv (vr\u00e1tane sie\u0165ovej bezpe\u010dnosti, bezpe\u010dnosti objektov a monitorovania kamerov\u00fdm syst\u00e9mom)<\/td><td width=\"482\"><p style=\"font-size: 15px;\">Verejn\u00fd z\u00e1ujem v spojen\u00ed so Z\u00e1konnou povinnos\u0165ou\u00a0\u00a0\u00a0\u00a0\u00a0\u00a0\u00a0\u00a0\u00a0\u00a0\u00a0\u00a0\u00a0\u00a0\u00a0\u00a0\u00a0\u00a0\u00a0\u00a0\u00a0\u00a0\u00a0\u00a0\u00a0\u00a0\u00a0\u00a0\u00a0\u00a0\u00a0\u00a0\u00a0\u00a0\u00a0\u00a0\u00a0\u00a0\u00a0\u00a0\u00a0\u00a0\u00a0\u00a0\u00a0\u00a0\u00a0\u00a0\u00a0\u00a0\u00a0\u00a0\u00a0\u00a0\u00a0\u00a0\u00a0\u00a0\u00a0\u00a0\u00a0\u00a0\u00a0\u00a0\u00a0\u00a0\u00a0\u00a0\u00a0\u00a0\u00a0\u00a0\u00a0\u00a0\u00a0\u00a0\u00a0\u00a0\u00a0\u00a0\u00a0\u00a0\u00a0\u00a0\u00a0\u00a0\u00a0\u00a0\u00a0\u00a0\u00a0\u00a0\u00a0\u00a0\u00a0\u00a0\u00a0\u00a0\u00a0\u00a0\u00a0\u00a0\u00a0\u00a0\u00a0\u00a0\u00a0\u00a0\u00a0\u00a0\u00a0\u00a0\u00a0\u00a0\u00a0\u00a0\u00a0\u00a0\u00a0\u00a0\u00a0\u00a0\u00a0\u00a0\u00a0\u00a0\u00a0\u00a0\u00a0\u00a0\u00a0\u00a0\u00a0\u00a0\u00a0\u00a0\u00a0\u00a0\u00a0\u00a0\u00a0\u00a0\u00a0\u00a0\u00a0\u00a0\u00a0\u00a0\u00a0\u00a0\u00a0\u00a0\u00a0 Z\u00e1kon N\u00e1rodnej rady Slovenskej republiky o spr\u00e1ve majetku \u0161t\u00e1tu 278\/1993\u00a0\u00a0\u00a0 \u00a0\u00a0\u00a0\u00a0\u00a0\u00a0\u00a0\u00a0\u00a0\u00a0\u00a0\u00a0\u00a0\u00a0\u00a0\u00a0\u00a0\u00a0\u00a0\u00a0Z\u00e1kon \u010d. 357\/2015 Z. z. o finan\u010dnej kontrole a audite a o zmene a doplnen\u00ed niektor\u00fdch z\u00e1konov\u00a0\u00a0\u00a0\u00a0\u00a0\u00a0\u00a0\u00a0 \u00a0\u00a0\u00a0\u00a0\u00a0\u00a0\u00a0\u00a0\u00a0\u00a0\u00a0\u00a0\u00a0\u00a0\u00a0\u00a0\u00a0\u00a0\u00a0\u00a0\u00a0\u00a0\u00a0\u00a0\u00a0\u00a0\u00a0\u00a0\u00a0\u00a0\u00a0\u00a0\u00a0\u00a0\u00a0\u00a0\u00a0\u00a0\u00a0\u00a0\u00a0\u00a0\u00a0\u00a0\u00a0\u00a0\u00a0\u00a0\u00a0\u00a0\u00a0\u00a0\u00a0\u00a0\u00a0\u00a0\u00a0\u00a0\u00a0\u00a0\u00a0\u00a0\u00a0\u00a0\u00a0\u00a0\u00a0\u00a0\u00a0\u00a0\u00a0\u00a0\u00a0\u00a0\u00a0\u00a0\u00a0\u00a0\u00a0\u00a0\u00a0\u00a0\u00a0\u00a0\u00a0\u00a0\u00a0\u00a0\u00a0\u00a0\u00a0\u00a0\u00a0\u00a0\u00a0\u00a0\u00a0\u00a0\u00a0\u00a0\u00a0\u00a0\u00a0\u00a0\u00a0\u00a0\u00a0\u00a0\u00a0\u00a0\u00a0\u00a0\u00a0\u00a0\u00a0\u00a0\u00a0Z\u00e1kon \u010d. 343\/2015 Z. z. o verejnom obstar\u00e1van\u00ed a o zmene a doplnen\u00ed niektor\u00fdch z\u00e1konov\u00a0\u00a0 Nariadenie 2016\/679 o ochrane fyzick\u00fdch os\u00f4b pri sprac\u00favan\u00ed osobn\u00fdch \u00fadajov a o vo\u013enom pohybe tak\u00fdchto \u00fadajov<\/p><p style=\"font-size: 15px;\"><span style=\"font-weight: bold;\">2 roky (objektov\u00e1 bezpe\u010dnos\u0165)\u00a0\u00a0\u00a0 1 rok (sie\u0165ov\u00e1 bezpe\u010dnos\u0165)\u00a0\u00a0\u00a0 7 dn\u00ed (kamerov\u00e9 z\u00e1znamy)<\/span><\/p><\/td><td width=\"189\">\u00da\u010dastn\u00edci konania<\/td><\/tr><tr><td width=\"359\">Exek\u00facie<\/td><td width=\"482\"><p style=\"font-size: 15px;\">Verejn\u00fd z\u00e1ujem\u00a0\u00a0\u00a0\u00a0\u00a0\u00a0\u00a0\u00a0\u00a0\u00a0\u00a0\u00a0\u00a0\u00a0\u00a0\u00a0\u00a0\u00a0\u00a0\u00a0\u00a0\u00a0\u00a0\u00a0\u00a0\u00a0\u00a0\u00a0\u00a0 \u00a0\u00a0\u00a0\u00a0\u00a0\u00a0\u00a0\u00a0\u00a0\u00a0\u00a0\u00a0\u00a0\u00a0\u00a0\u00a0\u00a0\u00a0\u00a0\u00a0\u00a0\u00a0\u00a0\u00a0\u00a0\u00a0\u00a0\u00a0\u00a0\u00a0\u00a0\u00a0\u00a0\u00a0\u00a0\u00a0\u00a0\u00a0\u00a0\u00a0\u00a0\u00a0\u00a0\u00a0\u00a0\u00a0\u00a0\u00a0\u00a0\u00a0\u00a0\u00a0\u00a0\u00a0\u00a0\u00a0\u00a0\u00a0\u00a0\u00a0\u00a0\u00a0\u00a0\u00a0\u00a0\u00a0\u00a0\u00a0\u00a0\u00a0\u00a0\u00a0\u00a0\u00a0\u00a0\u00a0\u00a0\u00a0\u00a0\u00a0\u00a0\u00a0\u00a0\u00a0\u00a0\u00a0\u00a0\u00a0\u00a0\u00a0\u00a0Z\u00e1kon \u010d. 59\/2018 Z. z. o s\u00fadnych exek\u00fatoroch a exeku\u010dnej \u010dinnosti (Exeku\u010dn\u00fd poriadok),\u00a0\u00a0\u00a0\u00a0\u00a0\u00a0\u00a0\u00a0\u00a0\u00a0\u00a0\u00a0\u00a0\u00a0\u00a0\u00a0\u00a0\u00a0\u00a0\u00a0\u00a0\u00a0\u00a0\u00a0\u00a0\u00a0\u00a0\u00a0\u00a0\u00a0\u00a0\u00a0\u00a0\u00a0\u00a0\u00a0\u00a0\u00a0\u00a0\u00a0\u00a0\u00a0\u00a0\u00a0\u00a0\u00a0\u00a0\u00a0\u00a0\u00a0\u00a0\u00a0\u00a0\u00a0\u00a0\u00a0\u00a0\u00a0\u00a0\u00a0\u00a0\u00a0\u00a0\u00a0\u00a0\u00a0\u00a0\u00a0\u00a0\u00a0\u00a0\u00a0\u00a0\u00a0\u00a0\u00a0\u00a0\u00a0\u00a0\u00a0\u00a0\u00a0\u00a0\u00a0\u00a0\u00a0\u00a0\u00a0\u00a0\u00a0\u00a0\u00a0\u00a0\u00a0\u00a0\u00a0\u00a0\u00a0\u00a0\u00a0\u00a0\u00a0\u00a0\u00a0\u00a0\u00a0\u00a0\u00a0\u00a0\u00a0\u00a0 Z\u00e1kon N\u00e1rodnej rady Slovenskej republiky o spr\u00e1ve majetku \u0161t\u00e1tu 278\/1993\u00a0 v znen\u00ed neskor\u0161\u00edch predpisov\u00a0\u00a0\u00a0\u00a0 \u00a0\u00a0\u00a0\u00a0\u00a0\u00a0\u00a0\u00a0\u00a0\u00a0\u00a0\u00a0\u00a0\u00a0\u00a0\u00a0\u00a0\u00a0\u00a0\u00a0\u00a0\u00a0\u00a0\u00a0\u00a0\u00a0\u00a0\u00a0\u00a0\u00a0\u00a0\u00a0\u00a0\u00a0\u00a0\u00a0\u00a0\u00a0\u00a0\u00a0\u00a0\u00a0\u00a0\u00a0\u00a0\u00a0\u00a0\u00a0\u00a0\u00a0\u00a0\u00a0\u00a0\u00a0\u00a0\u00a0\u00a0\u00a0\u00a0\u00a0\u00a0\u00a0\u00a0\u00a0\u00a0\u00a0\u00a0\u00a0\u00a0\u00a0\u00a0\u00a0\u00a0\u00a0\u00a0\u00a0\u00a0\u00a0\u00a0\u00a0\u00a0\u00a0\u00a0\u00a0\u00a0\u00a0\u00a0\u00a0\u00a0\u00a0\u00a0\u00a0\u00a0\u00a0\u00a0\u00a0\u00a0\u00a0\u00a0\u00a0\u00a0\u00a0\u00a0\u00a0\u00a0\u00a0\u00a0\u00a0\u00a0\u00a0\u00a0\u00a0\u00a0\u00a0\u00a0\u00a0\u00a0\u00a0\u00a0\u00a0\u00a0\u00a0\u00a0\u00a0\u00a0\u00a0Z\u00e1kon \u010d. 357\/2015 Z. z. o finan\u010dnej kontrole a audite a o zmene a doplnen\u00ed niektor\u00fdch z\u00e1konov<\/p><p style=\"font-size: 15px;\"><span style=\"font-weight: bold;\">5 rokov\u00a0\u00a0<\/span><\/p><\/td><td width=\"189\">Osoby opr\u00e1vnen\u00e9 v zmysle pr\u00edslu\u0161n\u00fdch predpisov, not\u00e1ri<\/td><\/tr><tr><td width=\"359\">Kontaktn\u00e9 \u00fadaje<\/td><td width=\"482\"><p style=\"font-size: 15px;\">Verejn\u00fd z\u00e1ujem\u00a0\u00a0\u00a0\u00a0\u00a0\u00a0\u00a0\u00a0\u00a0\u00a0\u00a0\u00a0\u00a0\u00a0\u00a0\u00a0\u00a0\u00a0\u00a0\u00a0\u00a0\u00a0\u00a0\u00a0\u00a0\u00a0\u00a0\u00a0\u00a0\u00a0\u00a0\u00a0\u00a0 \u00a0\u00a0\u00a0\u00a0\u00a0\u00a0\u00a0\u00a0\u00a0\u00a0\u00a0\u00a0\u00a0\u00a0\u00a0\u00a0\u00a0\u00a0\u00a0\u00a0\u00a0\u00a0\u00a0\u00a0\u00a0\u00a0\u00a0\u00a0\u00a0\u00a0\u00a0\u00a0\u00a0\u00a0\u00a0\u00a0\u00a0\u00a0\u00a0\u00a0\u00a0\u00a0\u00a0\u00a0\u00a0\u00a0\u00a0\u00a0\u00a0\u00a0\u00a0\u00a0\u00a0\u00a0\u00a0\u00a0\u00a0\u00a0\u00a0\u00a0\u00a0\u00a0\u00a0\u00a0\u00a0\u00a0\u00a0\u00a0\u00a0\u00a0\u00a0\u00a0\u00a0\u00a0\u00a0\u00a0\u00a0\u00a0\u00a0\u00a0\u00a0\u00a0\u00a0\u00a0\u00a0\u00a0Z\u00e1kony s\u00favisiace s plnen\u00edm \u00faloh a povinnost\u00ed \u0160IOV pod\u013ea jednotliv\u00fdch \u00fa\u010delov sprac\u00favania v spojen\u00ed s \u00a7 78 z\u00e1kona \u010d. 18\/2018 Z. z. o ochrane osobn\u00fdch \u00fadajov<\/p><p style=\"font-size: 15px;\"><span style=\"font-weight: bold;\">10 rokov alebo po dobu, kedy je osoba hl\u00e1sen\u00e1 ako kontaktn\u00e1<\/span><\/p><\/td><td width=\"189\">Zmluvn\u00e9 strany, strany komunik\u00e1cie<\/td><\/tr><tr><td width=\"359\">Vybavenie a evidencia uplatnen\u00fdch pr\u00e1v dotknut\u00fdch os\u00f4b<\/td><td width=\"482\"><p style=\"font-size: 15px;\">Z\u00e1konn\u00e1 povinnos\u0165\u00a0\u00a0\u00a0\u00a0\u00a0\u00a0\u00a0\u00a0\u00a0\u00a0\u00a0\u00a0\u00a0\u00a0\u00a0\u00a0\u00a0\u00a0\u00a0\u00a0\u00a0\u00a0\u00a0\u00a0\u00a0\u00a0\u00a0\u00a0\u00a0\u00a0\u00a0\u00a0\u00a0\u00a0\u00a0\u00a0\u00a0\u00a0\u00a0\u00a0\u00a0\u00a0\u00a0\u00a0\u00a0\u00a0\u00a0\u00a0\u00a0\u00a0\u00a0\u00a0\u00a0\u00a0\u00a0\u00a0\u00a0\u00a0\u00a0 \u00a0\u00a0\u00a0\u00a0\u00a0\u00a0\u00a0\u00a0\u00a0\u00a0\u00a0\u00a0\u00a0\u00a0\u00a0\u00a0\u00a0\u00a0\u00a0\u00a0\u00a0\u00a0\u00a0\u00a0\u00a0\u00a0\u00a0\u00a0\u00a0\u00a0\u00a0\u00a0\u00a0\u00a0\u00a0\u00a0\u00a0\u00a0\u00a0\u00a0\u00a0\u00a0\u00a0\u00a0\u00a0\u00a0\u00a0\u00a0\u00a0\u00a0\u00a0\u00a0\u00a0\u00a0\u00a0pod\u013ea Kapitoly III Nariadenia 2016\/679 o ochrane fyzick\u00fdch os\u00f4b pri sprac\u00favan\u00ed osobn\u00fdch \u00fadajov a o vo\u013enom pohybe tak\u00fdchto \u00fadajov<\/p><p style=\"font-size: 15px;\"><span style=\"font-weight: bold;\">5 rokov<\/span><\/p><\/td><td width=\"189\">Fyzick\u00e9 osoby uplat\u0148uj\u00face pr\u00e1va dotknut\u00fdch os\u00f4b<\/td><\/tr><tr><td width=\"359\">S\u00fadne spory, uplat\u0148ovanie pr\u00e1vnych n\u00e1rokov (v\u0161eobecne, nielen na s\u00fade) a s\u00fadnych pr\u00e1vomoc\u00ed<\/td><td width=\"482\"><p style=\"font-size: 15px;\">Verejn\u00fd z\u00e1ujem\u00a0\u00a0\u00a0\u00a0\u00a0\u00a0\u00a0\u00a0\u00a0\u00a0\u00a0\u00a0\u00a0\u00a0\u00a0\u00a0\u00a0\u00a0\u00a0\u00a0\u00a0\u00a0\u00a0\u00a0\u00a0\u00a0\u00a0\u00a0\u00a0\u00a0\u00a0\u00a0\u00a0\u00a0\u00a0\u00a0\u00a0\u00a0\u00a0\u00a0\u00a0\u00a0\u00a0\u00a0\u00a0\u00a0\u00a0\u00a0\u00a0\u00a0\u00a0\u00a0\u00a0\u00a0\u00a0\u00a0\u00a0\u00a0\u00a0\u00a0\u00a0\u00a0\u00a0\u00a0\u00a0\u00a0\u00a0\u00a0\u00a0\u00a0\u00a0\u00a0\u00a0\u00a0\u00a0\u00a0\u00a0\u00a0\u00a0\u00a0\u00a0\u00a0\u00a0\u00a0\u00a0\u00a0\u00a0\u00a0\u00a0\u00a0\u00a0\u00a0\u00a0\u00a0\u00a0\u00a0\u00a0\u00a0\u00a0\u00a0\u00a0\u00a0\u00a0\u00a0\u00a0\u00a0 \u00a0\u00a0\u00a0\u00a0\u00a0\u00a0\u00a0\u00a0\u00a0\u00a0\u00a0\u00a0\u00a0\u00a0\u00a0Z\u00e1kon \u010d. 160\/2015 Z. z. Civiln\u00fd sporov\u00fd poriadok\u00a0\u00a0\u00a0\u00a0\u00a0\u00a0\u00a0\u00a0\u00a0\u00a0\u00a0\u00a0\u00a0\u00a0\u00a0\u00a0\u00a0\u00a0\u00a0\u00a0\u00a0\u00a0 \u00a0\u00a0\u00a0\u00a0\u00a0\u00a0\u00a0\u00a0\u00a0\u00a0\u00a0\u00a0\u00a0\u00a0\u00a0\u00a0\u00a0\u00a0\u00a0\u00a0\u00a0\u00a0\u00a0\u00a0\u00a0\u00a0\u00a0\u00a0\u00a0\u00a0\u00a0\u00a0\u00a0\u00a0\u00a0\u00a0\u00a0\u00a0\u00a0\u00a0\u00a0\u00a0\u00a0\u00a0Z\u00e1kon \u010d. 160\/2015 Z. z. Spr\u00e1vny s\u00fadny poriadok\u00a0\u00a0\u00a0\u00a0\u00a0\u00a0\u00a0\u00a0\u00a0\u00a0\u00a0\u00a0\u00a0\u00a0\u00a0\u00a0\u00a0\u00a0\u00a0\u00a0\u00a0\u00a0\u00a0\u00a0\u00a0\u00a0\u00a0\u00a0\u00a0\u00a0\u00a0\u00a0\u00a0\u00a0\u00a0\u00a0\u00a0\u00a0\u00a0\u00a0 \u00a0\u00a0\u00a0\u00a0\u00a0\u00a0\u00a0\u00a0\u00a0\u00a0\u00a0\u00a0\u00a0\u00a0\u00a0\u00a0\u00a0\u00a0\u00a0\u00a0\u00a0\u00a0\u00a0\u00a0\u00a0\u00a0\u00a0\u00a0\u00a0\u00a0\u00a0\u00a0\u010dl.9 ods. 2 p\u00edsm. c) Nariadenia (GDPR), ak s\u00fa pre uplat\u0148ovanie pr\u00e1vnych n\u00e1rokov a s\u00fadnych pr\u00e1vomoc\u00ed nevyhnutn\u00e9 osobn\u00e9 \u00fadaje osobitnej kateg\u00f3rie pod\u013ea \u010dl. 9 Nariadenia (GDPR)<\/p><p style=\"font-size: 15px;\">Z\u00e1kon \u010d. 575\/2001 Z. z. o organiz\u00e1cii \u010dinnosti vl\u00e1dy a organiz\u00e1cii \u00fastrednej \u0161t\u00e1tnej spr\u00e1vy \u00a0\u00a0\u00a0\u00a0\u00a0\u00a0Z\u00e1kon \u010d. 136\/2001 Z. z. o ochrane hospod\u00e1rskej s\u00fa\u0165a\u017ee\u00a0\u00a0\u00a0\u00a0\u00a0\u00a0\u00a0\u00a0\u00a0\u00a0\u00a0\u00a0\u00a0\u00a0\u00a0\u00a0\u00a0\u00a0\u00a0\u00a0\u00a0\u00a0\u00a0 \u00a0\u00a0\u00a0\u00a0\u00a0\u00a0\u00a0\u00a0\u00a0\u00a0\u00a0\u00a0\u00a0\u00a0\u00a0\u00a0\u00a0\u00a0\u00a0\u00a0\u00a0\u00a0\u00a0\u00a0\u00a0\u00a0\u00a0\u00a0\u00a0\u00a0\u00a0\u00a0\u00a0\u00a0\u00a0\u00a0Z\u00e1kon \u010d. 358\/2015 Z. z. o \u00faprave niektor\u00fdch vz\u0165ahov v oblasti \u0161t\u00e1tnej pomoci a minim\u00e1lnej pomoci a o zmene a doplnen\u00ed niektor\u00fdch z\u00e1konov (z\u00e1kon o \u0161t\u00e1tnej pomoci)\u00a0\u00a0 \u00a0\u00a0\u00a0\u00a0\u00a0\u00a0\u00a0\u00a0\u00a0\u00a0\u00a0\u00a0\u00a0\u00a0\u00a0\u00a0\u00a0\u00a0\u00a0\u00a0\u00a0\u00a0\u00a0\u00a0\u00a0\u00a0\u00a0\u00a0\u00a0\u00a0\u00a0\u00a0\u00a0\u0160tat\u00fat \u0160IOV<\/p><p style=\"font-size: 15px;\">Z\u00e1kon \u010d. 71\/1967 Zb. Z\u00e1kon o\u00a0spr\u00e1vnom konan\u00ed<\/p><p style=\"font-size: 15px;\">Z\u00e1kon \u010d. 372\/1990 Zb. Slovenskej n\u00e1rodnej rady o priestupkoch<\/p><p style=\"font-size: 15px;\">In\u00e9 pr\u00e1vne predpisy, ktor\u00fdmi sa pri v\u00fdkone svojich \u010dinnost\u00ed a\u00a0plnen\u00ed \u00faloh \u0160IOV riadi, v\u00a0s\u00falade s\u00a0tu definovan\u00fdmi spracovate\u013esk\u00fdmi \u010dinnos\u0165ami.<\/p><p style=\"font-size: 15px;\"><span style=\"font-weight: bold;\">10 rokov<\/span><\/p><\/td><td width=\"189\">\u00da\u010dastn\u00edci konania, pr\u00edslu\u0161n\u00fd s\u00fad, subjekty opr\u00e1vnen\u00e9 pod\u013ea osobitn\u00fdch predpisov vyjadrova\u0165 sa k\u00a0predmetu konania, komory, zdru\u017eenia zriaden\u00e9 z\u00e1konom, s\u00fadny znalci, opr\u00e1vnen\u00fd org\u00e1n \u0161t\u00e1tu<\/td><\/tr><tr><td width=\"359\">Mimos\u00fadne vym\u00e1hanie poh\u013ead\u00e1vok<\/td><td width=\"482\"><p style=\"font-size: 15px;\">Verejn\u00fd z\u00e1ujem\u00a0\u00a0\u00a0\u00a0\u00a0\u00a0\u00a0\u00a0\u00a0\u00a0\u00a0\u00a0\u00a0\u00a0\u00a0\u00a0\u00a0\u00a0\u00a0\u00a0\u00a0\u00a0\u00a0\u00a0\u00a0\u00a0\u00a0\u00a0\u00a0\u00a0\u00a0\u00a0\u00a0\u00a0\u00a0\u00a0\u00a0\u00a0\u00a0\u00a0\u00a0\u00a0\u00a0\u00a0\u00a0\u00a0\u00a0\u00a0\u00a0\u00a0\u00a0\u00a0\u00a0\u00a0\u00a0\u00a0\u00a0\u00a0\u00a0\u00a0\u00a0\u00a0\u00a0\u00a0\u00a0\u00a0\u00a0\u00a0\u00a0\u00a0\u00a0\u00a0\u00a0\u00a0\u00a0\u00a0\u00a0\u00a0\u00a0\u00a0\u00a0 \u00a0\u00a0\u00a0\u00a0\u00a0\u00a0\u00a0\u00a0\u00a0\u00a0\u00a0\u00a0\u00a0\u00a0\u00a0\u00a0\u00a0\u00a0\u00a0\u00a0\u00a0\u00a0\u00a0\u00a0\u00a0\u00a0\u00a0\u00a0\u00a0\u00a0\u00a0\u00a0\u00a0\u00a0\u00a0\u00a0\u00a0\u00a0\u00a0Z\u00e1kon \u010d. 523\/2004 Z. z. o rozpo\u010dtov\u00fdch pravidl\u00e1ch verejnej spr\u00e1vy\u00a0\u00a0\u00a0 \u00a0\u00a0\u00a0\u00a0\u00a0\u00a0\u00a0\u00a0\u00a0\u00a0\u00a0\u00a0\u00a0\u00a0\u00a0\u00a0\u00a0\u00a0\u00a0\u00a0\u00a0\u00a0\u00a0\u00a0\u00a0\u00a0\u00a0\u00a0\u00a0\u00a0\u00a0\u00a0\u00a0\u00a0\u00a0Z\u00e1kon NR SR \u010d. 278\/1993 Z. z. o spr\u00e1ve majetku \u0161t\u00e1tu<\/p><p style=\"font-size: 15px;\"><span style=\"font-weight: bold;\">5 rokov<\/span><\/p><\/td><td width=\"189\">Subjekt poskytuj\u00faci pr\u00e1vnu podporu, subjekty opr\u00e1vnen\u00e9 pod\u013ea osobitn\u00fdch predpisov vyjadrova\u0165 sa k\u00a0predmetu konania<\/td><\/tr><tr><td width=\"359\">E\u0160IF (Eur\u00f3pske \u0161truktur\u00e1lne a investi\u010dn\u00e9 fondy)<\/td><td width=\"482\"><p style=\"font-size: 15px;\">Verejn\u00fd z\u00e1ujem,\u00a0 Z\u00e1konn\u00e1 povinnos\u0165\u00a0\u00a0\u00a0\u00a0\u00a0\u00a0\u00a0\u00a0\u00a0\u00a0\u00a0\u00a0 \u00a0\u00a0\u00a0\u00a0\u00a0\u00a0\u00a0\u00a0\u00a0\u00a0\u00a0\u00a0\u00a0\u00a0\u00a0\u00a0\u00a0\u00a0\u00a0\u00a0\u00a0\u00a0\u00a0\u00a0\u00a0\u00a0\u00a0\u00a0\u00a0\u00a0\u00a0\u00a0\u00a0\u00a0\u00a0\u00a0\u00a0\u00a0\u00a0\u00a0\u00a0\u00a0\u00a0\u00a0\u00a0\u00a0\u00a0\u00a0\u00a0\u00a0\u00a0\u00a0\u00a0\u00a0\u00a0\u00a0\u00a0\u00a0\u00a0\u00a0\u00a0\u00a0NARIADENIE EUR\u00d3PSKEHO PARLAMENTU A RADY (E\u00da) \u010d. 1303\/2013<\/p><p style=\"font-size: 15px;\">NARIADENIE EUR\u00d3PSKEHO PARLAMENTU A RADY (E\u00da) \u010d. 1304\/2013<\/p><p style=\"font-size: 15px;\">Z\u00e1kon \u010d. 292\/2014 Z. z. o poskytovan\u00ed pr\u00edspevku z E\u0160IF<\/p><p style=\"font-size: 15px;\">Zmluva alebo predzmluvn\u00fd vz\u0165ah\u00a0\u00a0\u00a0 \u00a0\u00a0\u00a0\u00a0\u00a0\u00a0\u00a0\u00a0\u00a0\u00a0\u00a0\u00a0\u00a0\u00a0\u00a0\u00a0\u00a0\u00a0\u00a0\u00a0\u00a0\u00a0\u00a0\u00a0\u00a0\u00a0\u00a0\u00a0\u00a0\u00a0\u00a0\u00a0\u00a0\u00a0\u00a0\u00a0\u00a0\u00a0\u00a0\u00a0\u00a0\u00a0\u00a0\u00a0\u00a0\u00a0\u00a0\u00a0\u00a0\u00a0\u00a0\u00a0\u00a0\u00a0\u00a0\u00a0\u00a0\u00a0\u00a0\u00a0\u00a0\u00a0\u00a0\u00a0\u00a0\u00a0\u00a0\u00a0\u00a0\u00a0\u00a0\u00a0\u00a0\u00a0\u00a0\u00a0\u00a0\u00a0\u00a0\u00a0\u00a0\u00a0\u00a0\u00a0\u00a0\u00a0\u00a0\u00a0\u00a0\u00a0\u00a0\u00a0\u00a0\u0160tat\u00fat \u0160IOV<\/p><p style=\"font-size: 15px;\"><span style=\"font-weight: bold;\">10 rokov<\/span><\/p><\/td><td width=\"189\">Opr\u00e1vnen\u00e9 org\u00e1ny (zodpovedn\u00e9 subjekty), \u00fa\u010dastn\u00edci projektu, zmluvn\u00e9 strany<\/td><\/tr><tr><td width=\"359\">\u0160t\u00e1tna pomoc\u00a0\u00a0\u00a0\u00a0\u00a0\u00a0\u00a0\u00a0\u00a0\u00a0\u00a0\u00a0\u00a0\u00a0\u00a0\u00a0\u00a0\u00a0\u00a0\u00a0\u00a0\u00a0\u00a0\u00a0\u00a0\u00a0\u00a0\u00a0\u00a0\u00a0\u00a0\u00a0\u00a0\u00a0\u00a0\u00a0\u00a0\u00a0\u00a0\u00a0\u00a0\u00a0 \u00a0\u00a0\u00a0\u00a0\u00a0\u00a0\u00a0\u00a0\u00a0\u00a0\u00a0\u00a0\u00a0\u00a0\u00a0\u00a0\u00a0\u00a0\u00a0\u00a0\u00a0\u00a0\u00a0\u00a0\u00a0\u00a0\u00a0\u00a0\u00a0\u00a0\u00a0\u00a0\u00a0\u00a0\u00a0\u00a0\u00a0\u00a0\u00a0\u00a0\u00a0\u00a0\u00a0\u00a0Poskytnutie pr\u00edspevku na \u010diasto\u010dn\u00fa kompenz\u00e1ciu dodato\u010dn\u00fdch n\u00e1kladov s\u00favisiacich so zapojen\u00edm \u00fa\u010dastn\u00edkov vzdel\u00e1vania do syst\u00e9mu du\u00e1lneho vzdel\u00e1vania<\/td><td width=\"482\"><p style=\"font-size: 15px;\">Z\u00e1konn\u00e1 povinnos\u0165, Verejn\u00fd z\u00e1ujem\u00a0\u00a0\u00a0\u00a0\u00a0\u00a0\u00a0\u00a0\u00a0\u00a0\u00a0\u00a0\u00a0\u00a0\u00a0\u00a0\u00a0\u00a0\u00a0\u00a0\u00a0\u00a0\u00a0\u00a0\u00a0\u00a0\u00a0\u00a0\u00a0\u00a0 \u00a0\u00a0\u00a0\u00a0\u00a0\u00a0\u00a0\u00a0\u00a0\u00a0\u00a0\u00a0\u00a0\u00a0\u00a0\u00a0\u00a0\u00a0\u00a0\u00a0\u00a0\u00a0\u00a0\u00a0\u00a0\u00a0\u00a0\u00a0\u00a0\u00a0\u00a0\u00a0\u00a0\u00a0\u00a0\u00a0\u00a0\u00a0\u00a0\u00a0\u00a0\u00a0\u00a0\u00a0\u00a0\u00a0\u00a0\u00a0\u00a0\u00a0\u00a0\u00a0\u00a0\u00a0\u00a0\u00a0\u00a0\u00a0\u00a0\u00a0\u00a0Z\u00e1kon \u010d. . 61\/2015 Z. z. o odbornom vzdel\u00e1van\u00ed a pr\u00edprave a o zmene a doplnen\u00ed niektor\u00fdch z\u00e1konov v znen\u00ed neskor\u0161\u00edch predpisov\u00a0\u00a0\u00a0\u00a0\u00a0\u00a0\u00a0\u00a0\u00a0\u00a0\u00a0\u00a0\u00a0\u00a0\u00a0\u00a0\u00a0\u00a0\u00a0\u00a0\u00a0\u00a0\u00a0\u00a0\u00a0\u00a0\u00a0\u00a0\u00a0\u00a0\u00a0\u00a0\u00a0\u00a0\u00a0\u00a0\u00a0\u00a0\u00a0\u00a0\u00a0\u00a0 \u00a0\u00a0\u00a0\u00a0\u00a0\u00a0\u00a0\u00a0\u00a0\u00a0\u00a0\u00a0\u00a0\u00a0\u00a0\u00a0\u00a0\u00a0\u00a0\u00a0\u00a0\u00a0\u00a0\u00a0\u00a0\u00a0\u00a0\u00a0\u00a0\u00a0\u00a0\u00a0\u00a0\u00a0\u00a0\u00a0\u00a0\u00a0\u00a0\u00a0\u00a0\u00a0Z\u00e1kon \u010d. 372\/1990 Zb. Z\u00e1kon Slovenskej n\u00e1rodnej rady o priestupkoch\u00a0\u00a0\u00a0\u00a0\u00a0 \u00a0\u00a0\u00a0\u00a0\u00a0\u00a0\u00a0\u00a0\u00a0\u00a0\u00a0\u00a0\u00a0\u00a0\u00a0\u00a0\u00a0\u00a0\u00a0\u00a0\u00a0\u00a0\u00a0\u00a0\u00a0\u00a0\u00a0\u00a0\u00a0\u00a0\u00a0\u00a0\u00a0\u00a0\u00a0\u00a0\u00a0\u00a0\u00a0\u00a0\u00a0\u00a0\u00a0\u00a0\u00a0\u00a0\u00a0\u00a0\u00a0\u00a0\u00a0Z\u00e1kon \u010d. 523\/2004 Z. z. o rozpo\u010dtov\u00fdch pravidl\u00e1ch verejnej spr\u00e1vy\u00a0<\/p><p style=\"font-size: 15px;\"><span style=\"font-weight: bold;\">10 rokov\u00a0\u00a0\u00a0\u00a0\u00a0\u00a0\u00a0\u00a0\u00a0\u00a0\u00a0\u00a0\u00a0\u00a0\u00a0\u00a0\u00a0\u00a0\u00a0\u00a0\u00a0\u00a0\u00a0\u00a0\u00a0\u00a0\u00a0\u00a0\u00a0\u00a0\u00a0\u00a0\u00a0\u00a0\u00a0<\/span><\/p><\/td><td width=\"189\">Koordin\u00e1tor pomoci, pr\u00edjemca, poskytovate\u013e,\u00a0 Ministerstvo \u0161kolstva<\/td><\/tr><tr><td width=\"359\">\u010cinnos\u0165 odborn\u00fdch komisi\u00ed, expertn\u00fdch skup\u00edn a predmetov\u00fdch komisi\u00ed pre tvorbu \u0161t\u00e1tnych vzdel\u00e1vac\u00edch programov a in\u00fdch metodick\u00fdch materi\u00e1lov<\/td><td width=\"482\">Verejn\u00fd z\u00e1ujem\u00a0\u00a0\u00a0\u00a0\u00a0\u00a0\u00a0\u00a0\u00a0\u00a0\u00a0\u00a0\u00a0\u00a0\u00a0\u00a0\u00a0\u00a0\u00a0\u00a0\u00a0\u00a0\u00a0\u00a0\u00a0\u00a0\u00a0\u00a0\u00a0\u00a0\u00a0\u00a0\u00a0\u00a0\u00a0\u00a0\u00a0\u00a0\u00a0\u00a0\u00a0\u00a0\u00a0\u00a0\u00a0\u00a0\u00a0\u00a0\u00a0\u00a0\u00a0\u00a0\u00a0\u00a0\u00a0\u00a0\u00a0\u00a0\u00a0\u00a0\u00a0\u00a0\u00a0\u00a0\u00a0\u00a0\u00a0\u00a0\u00a0\u00a0\u00a0\u00a0\u00a0\u00a0\u00a0\u00a0\u00a0\u00a0\u00a0\u00a0\u00a0\u00a0\u00a0\u00a0\u00a0\u00a0\u00a0\u00a0\u00a0\u00a0\u00a0\u00a0\u00a0\u00a0\u00a0\u00a0\u00a0\u00a0\u00a0\u00a0\u00a0\u00a0\u00a0\u00a0\u00a0\u00a0\u00a0\u00a0\u00a0\u00a0\u00a0\u00a0\u00a0\u00a0\u00a0\u00a0\u00a0\u00a0\u00a0\u00a0 Z\u00e1kon \u010d. 596\/2003 Z. z. o \u0161t\u00e1tnej spr\u00e1ve v \u0161kolstve a \u0161kolskej samospr\u00e1ve\u00a0\u00a0\u00a0\u00a0\u00a0\u00a0\u00a0\u00a0 \u00a0\u00a0\u00a0\u00a0\u00a0\u00a0\u00a0\u00a0\u00a0\u00a0\u00a0\u00a0\u00a0\u00a0\u00a0\u00a0\u00a0\u00a0\u00a0\u00a0\u00a0\u00a0\u00a0\u00a0Z\u00e1kon \u010d. 61\/2015 Z. z. o odbornom vzdel\u00e1van\u00ed a pr\u00edprave a o zmene a doplnen\u00ed niektor\u00fdch z\u00e1konov v znen\u00ed neskor\u0161\u00edch predpisov\u00a0\u00a0\u00a0\u00a0\u00a0\u00a0\u00a0\u00a0\u00a0\u00a0\u00a0\u00a0\u00a0\u00a0\u00a0\u00a0\u00a0\u00a0\u00a0\u00a0\u00a0\u00a0\u00a0\u00a0\u00a0\u00a0\u00a0\u00a0\u00a0\u00a0\u00a0\u00a0\u00a0\u00a0\u00a0\u00a0\u00a0\u00a0\u00a0\u00a0\u00a0\u00a0\u00a0\u00a0\u00a0\u00a0\u00a0\u00a0\u00a0\u00a0\u00a0\u00a0\u00a0\u00a0\u00a0\u00a0\u00a0\u00a0\u00a0\u00a0\u00a0\u00a0\u00a0\u00a0\u00a0\u00a0\u00a0\u00a0\u00a0\u00a0\u00a0\u00a0\u00a0\u00a0\u00a0 Zria\u010fovacia listina \u0160IOV<span style=\"font-weight: bold;\">\u00a0\u00a0\u00a0\u00a0\u00a0\u00a0\u00a0\u00a0\u00a0\u00a0\u00a0\u00a0\u00a0\u00a0\u00a0\u00a0\u00a0\u00a0 \u00a0\u00a0\u00a0\u00a0\u00a0\u00a0\u00a0\u00a0\u00a0\u00a0\u00a0\u00a0\u00a0\u00a0\u00a0\u00a0\u00a0\u00a0\u00a0\u00a0\u00a0\u00a0\u00a0\u00a0\u00a0\u00a0\u00a0\u00a0\u00a0\u00a0\u00a0\u00a0\u00a0\u00a0\u00a0\u00a0\u00a0\u00a0\u00a0\u00a0\u00a0\u00a0\u00a0\u00a0\u00a0\u00a0\u00a0\u00a0\u00a0\u00a0\u00a0\u00a0\u00a0\u00a0\u00a0\u00a0\u00a0\u00a0\u00a0\u00a0\u00a0\u00a0\u00a0\u00a0\u00a0\u00a0\u00a0\u00a0\u00a0\u00a0\u00a0\u00a0\u00a0\u00a0\u00a0\u00a0\u00a0\u00a0\u00a0\u00a0\u00a0\u00a0\u00a0\u00a0Archivuje sa (\u0161tat\u00fat, z\u00e1sady zria\u010fovania a \u010dinnosti, pozv\u00e1nky a z\u00e1znamy z rokovan\u00ed)\u00a0\u00a0\u00a0\u00a0\u00a0\u00a0\u00a0\u00a0\u00a0\u00a0\u00a0\u00a0\u00a0\u00a0\u00a0\u00a0\u00a0\u00a0\u00a0\u00a0\u00a0\u00a0\u00a0\u00a0\u00a0\u00a0\u00a0\u00a0\u00a0\u00a0\u00a0\u00a0\u00a0\u00a0\u00a0\u00a0\u00a0\u00a0\u00a0\u00a0\u00a0\u00a0\u00a0\u00a0\u00a0\u00a0\u00a0\u00a0\u00a0\u00a0\u00a0\u00a0\u00a0\u00a0\u00a0\u00a0\u00a0\u00a0\u00a0\u00a0\u00a0\u00a0\u00a0\u00a0\u00a0\u00a0\u00a0\u00a0\u00a0\u00a0\u00a0\u00a0\u00a0\u00a0\u00a0\u00a0\u00a0\u00a0\u00a0\u00a0\u00a0\u00a0\u00a0\u00a0\u00a0\u00a0\u00a0\u00a0\u00a0\u00a0\u00a0\u00a0\u00a0\u00a0\u00a0\u00a0\u00a0\u00a0\u00a0\u00a0\u00a0\u00a0\u00a0\u00a0\u00a0\u00a0\u00a0\u00a0\u00a0\u00a0\u00a0\u00a0\u00a0\u00a0\u00a0\u00a0 \u00a0\u00a0\u00a0\u00a0\u00a0\u00a0\u00a0\u00a0\u00a0\u00a0\u00a0\u00a0<\/span><\/td><td width=\"189\">Ministerstvo \u0161kolstva, z\u00fa\u010dastnen\u00e9 strany<\/td><\/tr><tr><td width=\"359\">Metodick\u00e9 a odborn\u00e9 \u010dinnosti spojen\u00e9 s pl\u00e1novan\u00edm, tvorbou, \u00a0\u00a0\u00a0\u00a0\u00a0\u00a0\u00a0\u00a0\u00a0\u00a0\u00a0\u00a0\u00a0\u00a0\u00a0\u00a0\u00a0\u00a0a hodnoten\u00edm u\u010debn\u00edc, u\u010debn\u00fdch textov, u\u010debn\u00fdch pom\u00f4cok<\/td><td width=\"482\"><p style=\"font-size: 15px;\">Verejn\u00fd z\u00e1ujem\u00a0\u00a0\u00a0\u00a0\u00a0\u00a0\u00a0\u00a0\u00a0\u00a0\u00a0\u00a0\u00a0\u00a0\u00a0\u00a0\u00a0\u00a0\u00a0\u00a0\u00a0\u00a0\u00a0\u00a0\u00a0\u00a0\u00a0\u00a0\u00a0\u00a0\u00a0\u00a0\u00a0\u00a0\u00a0\u00a0\u00a0\u00a0\u00a0\u00a0\u00a0\u00a0\u00a0\u00a0\u00a0\u00a0\u00a0\u00a0\u00a0\u00a0\u00a0\u00a0 \u00a0\u00a0\u00a0\u00a0\u00a0\u00a0\u00a0\u00a0\u00a0\u00a0\u00a0\u00a0\u00a0\u00a0\u00a0\u00a0\u00a0\u00a0\u00a0\u00a0\u00a0\u00a0\u00a0\u00a0\u00a0\u00a0\u00a0\u00a0\u00a0\u00a0\u00a0\u00a0\u00a0\u00a0\u00a0\u00a0\u00a0\u00a0\u00a0\u00a0\u00a0\u00a0\u00a0\u00a0\u00a0\u00a0\u00a0\u00a0\u00a0\u00a0\u00a0\u00a0\u00a0\u00a0\u00a0\u00a0\u00a0\u00a0\u00a0\u00a0\u00a0\u00a0\u00a0\u00a0\u00a0\u00a0\u00a0\u00a0\u00a0\u00a0\u00a0\u00a0Z\u00e1kon \u010d. 596\/2003 Z. z. o \u0161t\u00e1tnej spr\u00e1ve v \u0161kolstve a \u0161kolskej samospr\u00e1ve\u00a0\u00a0\u00a0\u00a0\u00a0\u00a0\u00a0\u00a0\u00a0\u00a0\u00a0\u00a0\u00a0\u00a0\u00a0\u00a0\u00a0\u00a0\u00a0\u00a0\u00a0\u00a0\u00a0\u00a0\u00a0\u00a0\u00a0\u00a0\u00a0\u00a0\u00a0\u00a0\u00a0\u00a0\u00a0\u00a0\u00a0\u00a0\u00a0\u00a0\u00a0\u00a0\u00a0\u00a0\u00a0\u00a0\u00a0\u00a0\u00a0\u00a0\u00a0\u00a0\u00a0\u00a0\u00a0\u00a0\u00a0\u00a0\u00a0\u00a0\u00a0\u00a0\u00a0\u00a0\u00a0\u00a0\u00a0\u00a0\u00a0\u00a0\u00a0\u00a0\u00a0\u00a0\u00a0\u00a0\u00a0\u00a0\u00a0\u00a0\u00a0\u00a0\u00a0\u00a0\u00a0\u00a0\u00a0\u00a0 Zria\u010fovacia listina \u0160IOV\u00a0\u00a0<\/p><p style=\"font-size: 15px;\"><span style=\"font-weight: bold;\">Archivuje sa\u00a0<\/span><\/p><\/td><td width=\"189\">Ministerstvo \u0161kolstva, z\u00fa\u010dastnen\u00e9 strany<\/td><\/tr><tr><td width=\"359\">N\u00e1rodn\u00e1 s\u00fastava kvalifik\u00e1ci\u00ed\u00a0\u00a0\u00a0\u00a0\u00a0\u00a0\u00a0\u00a0\u00a0\u00a0\u00a0\u00a0\u00a0\u00a0\u00a0\u00a0\u00a0\u00a0\u00a0\u00a0\u00a0\u00a0\u00a0\u00a0 \u00a0\u00a0\u00a0\u00a0\u00a0\u00a0\u00a0\u00a0\u00a0\u00a0\u00a0\u00a0\u00a0\u00a0\u00a0\u00a0\u00a0\u00a0\u00a0\u00a0\u00a0\u00a0\u00a0\u00a0\u00a0\u00a0\u00a0\u00a0\u00a0\u00a0\u00a0\u00a0\u00a0\u00a0\u00a0\u00a0\u00a0\u00a0\u00a0\u00a0\u00a0Rozvoj a aktualiz\u00e1cia NSK a Slovensk\u00e9ho kvalifika\u010dn\u00e9ho r\u00e1mca v spolupr\u00e1ci so Sektorov\u00fdmi radami a \u010fal\u0161\u00edmi in\u0161tit\u00faciami, vr\u00e1tane vyd\u00e1vania Bulletinu a jeho zverej\u0148ovania<\/td><td width=\"482\"><p style=\"font-size: 15px;\">Verejn\u00fd z\u00e1ujem\u00a0\u00a0\u00a0\u00a0\u00a0\u00a0\u00a0\u00a0\u00a0\u00a0\u00a0\u00a0\u00a0\u00a0\u00a0\u00a0\u00a0\u00a0\u00a0\u00a0\u00a0\u00a0\u00a0\u00a0\u00a0\u00a0\u00a0\u00a0\u00a0\u00a0\u00a0\u00a0\u00a0\u00a0\u00a0\u00a0\u00a0\u00a0\u00a0\u00a0\u00a0\u00a0\u00a0\u00a0\u00a0\u00a0\u00a0\u00a0\u00a0\u00a0\u00a0\u00a0\u00a0\u00a0\u00a0\u00a0\u00a0\u00a0\u00a0\u00a0\u00a0\u00a0\u00a0\u00a0\u00a0\u00a0\u00a0\u00a0\u00a0\u00a0\u00a0\u00a0\u00a0\u00a0\u00a0\u00a0\u00a0\u00a0\u00a0\u00a0\u00a0\u00a0\u00a0\u00a0\u00a0\u00a0 \u00a0\u00a0\u00a0\u00a0\u00a0\u00a0\u00a0\u00a0\u00a0\u00a0\u00a0\u00a0\u00a0\u00a0\u00a0\u00a0\u00a0\u00a0\u00a0\u00a0\u00a0\u00a0\u00a0\u00a0\u00a0\u00a0\u00a0\u00a0\u00a0\u00a0\u00a0\u00a0\u00a0\u00a0\u00a0\u00a0\u00a0\u00a0\u00a0\u00a0\u00a0Z\u00e1kon \u010d. 596\/2003 Z. z. o \u0161t\u00e1tnej spr\u00e1ve v \u0161kolstve a \u0161kolskej samospr\u00e1ve\u00a0\u00a0\u00a0\u00a0\u00a0\u00a0\u00a0\u00a0\u00a0\u00a0\u00a0\u00a0\u00a0\u00a0\u00a0\u00a0\u00a0\u00a0\u00a0\u00a0\u00a0\u00a0\u00a0\u00a0\u00a0\u00a0\u00a0\u00a0\u00a0\u00a0\u00a0\u00a0\u00a0\u00a0\u00a0\u00a0\u00a0\u00a0\u00a0\u00a0\u00a0\u00a0\u00a0\u00a0\u00a0\u00a0\u00a0\u00a0\u00a0\u00a0\u00a0\u00a0\u00a0\u00a0\u00a0\u00a0\u00a0\u00a0\u00a0\u00a0\u00a0\u00a0\u00a0\u00a0\u00a0\u00a0\u00a0\u00a0\u00a0\u00a0\u00a0\u00a0\u00a0\u00a0\u00a0\u00a0\u00a0\u00a0\u00a0\u00a0\u00a0\u00a0\u00a0\u00a0\u00a0\u00a0\u00a0\u00a0 Zria\u010fovacia listina \u0160IOV\u00a0\u00a0\u00a0\u00a0\u00a0\u00a0\u00a0\u00a0\u00a0\u00a0\u00a0\u00a0\u00a0\u00a0\u00a0\u00a0\u00a0\u00a0\u00a0\u00a0\u00a0\u00a0\u00a0\u00a0\u00a0\u00a0\u00a0\u00a0\u00a0\u00a0\u00a0\u00a0\u00a0\u00a0\u00a0\u00a0\u00a0\u00a0\u00a0\u00a0\u00a0\u00a0\u00a0\u00a0\u00a0\u00a0\u00a0\u00a0\u00a0\u00a0\u00a0\u00a0\u00a0\u00a0\u00a0\u00a0\u00a0\u00a0\u00a0\u00a0\u00a0\u00a0\u00a0\u00a0\u00a0\u00a0\u00a0\u00a0\u00a0\u00a0\u00a0\u00a0\u00a0\u00a0\u00a0\u00a0\u00a0\u00a0\u00a0\u00a0\u00a0\u00a0\u00a0\u00a0 \u00a0\u00a0\u00a0\u00a0\u00a0\u00a0\u00a0\u00a0\u00a0\u00a0\u00a0\u00a0\u00a0\u00a0\u00a0\u00a0\u00a0\u00a0\u00a0Odpor\u00fa\u010danie Eur\u00f3pskeho parlamentu a Rady \u010d. 2008\/C111\/ES z 23. apr\u00edla 2008 o vytvoren\u00ed eur\u00f3pskeho kvalifika\u010dn\u00e9ho r\u00e1mca pre celo\u017eivotn\u00e9 vzdel\u00e1vanie\u00a0\u00a0\u00a0\u00a0\u00a0\u00a0\u00a0\u00a0\u00a0\u00a0\u00a0\u00a0 \u00a0\u00a0\u00a0\u00a0\u00a0\u00a0\u00a0\u00a0\u00a0\u00a0\u00a0\u00a0\u00a0\u00a0\u00a0\u00a0\u00a0\u00a0\u00a0\u00a0\u00a0\u00a0\u00a0\u00a0\u00a0\u00a0\u00a0\u00a0\u00a0\u00a0\u00a0\u00a0Odpor\u00fa\u010danie Eur\u00f3pskeho parlamentu a Rady (2017\/C 189\/03)<\/p><p style=\"font-size: 15px;\"><span style=\"font-weight: bold;\">10 rokov<\/span><\/p><\/td><td width=\"189\">Ministerstvo \u0161kolstva, z\u00fa\u010dastnen\u00e9 strany, zverej\u0148uje sa na webovom port\u00e1ly kvalifikacie.sk (napr. info o \u010dlenoch rady), Eur\u00f3pska komisia<\/td><\/tr><tr><td width=\"359\">Eur\u00f3pske iniciat\u00edvy\u00a0\u00a0\u00a0\u00a0\u00a0\u00a0\u00a0\u00a0\u00a0\u00a0\u00a0\u00a0\u00a0\u00a0\u00a0\u00a0\u00a0\u00a0\u00a0\u00a0\u00a0\u00a0\u00a0\u00a0\u00a0\u00a0\u00a0\u00a0\u00a0\u00a0\u00a0\u00a0\u00a0\u00a0\u00a0\u00a0\u00a0\u00a0 \u00a0\u00a0\u00a0\u00a0\u00a0\u00a0\u00a0\u00a0\u00a0\u00a0\u00a0\u00a0\u00a0\u00a0\u00a0\u00a0\u00a0\u00a0\u00a0\u00a0\u00a0\u00a0\u00a0\u00a0\u00a0\u00a0\u00a0\u00a0\u00a0\u00a0\u00a0\u00a0\u00a0\u00a0Koordinovanie a zabezpe\u010dovanie \u010dinnosti n\u00e1rodn\u00fdch kontaktn\u00fdch , koordina\u010dn\u00fdch a referen\u010dn\u00fdch centier (administrat\u00edvne zabezpe\u010denie)<\/td><td width=\"482\"><p style=\"font-size: 15px;\">Verejn\u00fd z\u00e1ujem\u00a0\u00a0\u00a0\u00a0\u00a0\u00a0\u00a0\u00a0\u00a0\u00a0\u00a0\u00a0\u00a0\u00a0\u00a0\u00a0\u00a0\u00a0\u00a0\u00a0\u00a0\u00a0\u00a0\u00a0\u00a0\u00a0\u00a0\u00a0\u00a0\u00a0\u00a0\u00a0\u00a0\u00a0\u00a0\u00a0\u00a0\u00a0\u00a0\u00a0\u00a0\u00a0\u00a0\u00a0\u00a0\u00a0\u00a0\u00a0\u00a0\u00a0\u00a0\u00a0\u00a0\u00a0\u00a0\u00a0\u00a0\u00a0\u00a0\u00a0\u00a0\u00a0\u00a0\u00a0\u00a0\u00a0\u00a0\u00a0\u00a0\u00a0\u00a0\u00a0\u00a0\u00a0\u00a0\u00a0\u00a0\u00a0\u00a0\u00a0\u00a0\u00a0\u00a0\u00a0\u00a0\u00a0 \u00a0\u00a0\u00a0\u00a0\u00a0\u00a0\u00a0\u00a0\u00a0\u00a0\u00a0\u00a0\u00a0\u00a0\u00a0\u00a0\u00a0\u00a0\u00a0\u00a0\u00a0\u00a0\u00a0\u00a0\u00a0\u00a0\u00a0\u00a0\u00a0\u00a0\u00a0\u00a0\u00a0\u00a0\u00a0\u00a0\u00a0\u00a0\u00a0\u00a0\u00a0\u00a0\u00a0\u00a0\u00a0\u00a0Z\u00e1kon \u010d. 596\/2003 Z. z. o \u0161t\u00e1tnej spr\u00e1ve v \u0161kolstve a \u0161kolskej samospr\u00e1ve\u00a0\u00a0\u00a0\u00a0\u00a0\u00a0\u00a0\u00a0\u00a0\u00a0\u00a0\u00a0\u00a0\u00a0\u00a0\u00a0\u00a0\u00a0\u00a0\u00a0\u00a0\u00a0\u00a0\u00a0\u00a0\u00a0\u00a0\u00a0\u00a0\u00a0\u00a0\u00a0\u00a0\u00a0\u00a0\u00a0\u00a0\u00a0\u00a0\u00a0\u00a0\u00a0\u00a0\u00a0\u00a0\u00a0\u00a0\u00a0\u00a0\u00a0\u00a0\u00a0\u00a0\u00a0\u00a0\u00a0\u00a0\u00a0\u00a0\u00a0\u00a0\u00a0\u00a0\u00a0\u00a0\u00a0\u00a0\u00a0\u00a0\u00a0\u00a0\u00a0\u00a0\u00a0\u00a0\u00a0\u00a0\u00a0\u00a0\u00a0\u00a0\u00a0\u00a0\u00a0\u00a0\u00a0\u00a0\u00a0 Zria\u010fovacia listina \u0160IOV\u00a0\u00a0\u00a0\u00a0\u00a0\u00a0\u00a0\u00a0\u00a0\u00a0\u00a0\u00a0\u00a0\u00a0\u00a0\u00a0\u00a0\u00a0\u00a0\u00a0\u00a0\u00a0\u00a0\u00a0\u00a0\u00a0\u00a0\u00a0\u00a0\u00a0\u00a0\u00a0\u00a0\u00a0\u00a0\u00a0\u00a0\u00a0\u00a0 \u00a0\u00a0\u00a0\u00a0\u00a0\u00a0\u00a0\u00a0\u00a0\u00a0\u00a0\u00a0\u00a0\u00a0\u00a0\u00a0\u00a0\u00a0\u00a0\u00a0\u00a0\u00a0\u00a0\u00a0\u00a0\u00a0\u00a0\u00a0\u00a0\u00a0\u00a0\u00a0\u00a0\u00a0\u00a0\u00a0\u00a0\u00a0\u00a0\u00a0\u00a0\u00a0\u00a0\u00a0\u00a0\u00a0\u00a0\u00a0\u00a0\u00a0\u00a0\u00a0\u00a0\u00a0\u00a0\u00a0\u00a0\u00a0\u00a0\u00a0\u00a0\u00a0\u00a0\u00a0\u00a0Odpor\u00fa\u010dania Eur\u00f3pskeho parlamentu a rady, Rozhodnutia EP a R, in\u00e9 pr\u00e1vne predpisy a medzin\u00e1rodn\u00e9 zmluvy na \u00farovni E\u00da<\/p><p style=\"font-size: 15px;\"><span style=\"font-weight: bold;\">10 rokov<\/span><\/p><\/td><td width=\"189\">Ministerstvo \u0161kolstva, Eur\u00f3psky parlament<\/td><\/tr><tr><td width=\"359\">EUROPASS\u00a0\u00a0\u00a0\u00a0\u00a0\u00a0\u00a0\u00a0\u00a0\u00a0\u00a0\u00a0\u00a0\u00a0\u00a0\u00a0\u00a0\u00a0\u00a0\u00a0\u00a0\u00a0\u00a0\u00a0\u00a0\u00a0\u00a0\u00a0\u00a0\u00a0\u00a0\u00a0\u00a0\u00a0\u00a0\u00a0\u00a0\u00a0\u00a0\u00a0\u00a0\u00a0\u00a0\u00a0\u00a0\u00a0\u00a0\u00a0\u00a0\u00a0\u00a0\u00a0\u00a0 \u00a0\u00a0\u00a0\u00a0\u00a0\u00a0\u00a0\u00a0\u00a0\u00a0\u00a0\u00a0\u00a0\u00a0\u00a0\u00a0\u00a0\u00a0\u00a0\u00a0\u00a0\u00a0\u00a0\u00a0\u00a0\u00a0\u00a0\u00a0\u00a0\u00a0\u00a0\u00a0\u00a0Vyd\u00e1vanie registr\u00e1cie a zabezpe\u010denie komunik\u00e1cie vr\u00e1tane soci\u00e1lnych siet\u00ed<\/td><td width=\"482\"><p style=\"font-size: 15px;\">Verejn\u00fd z\u00e1ujem\u00a0\u00a0\u00a0\u00a0\u00a0\u00a0\u00a0\u00a0\u00a0\u00a0\u00a0\u00a0\u00a0\u00a0\u00a0\u00a0\u00a0\u00a0\u00a0\u00a0\u00a0\u00a0\u00a0\u00a0\u00a0\u00a0\u00a0\u00a0\u00a0\u00a0\u00a0\u00a0\u00a0\u00a0\u00a0\u00a0\u00a0\u00a0\u00a0\u00a0\u00a0\u00a0\u00a0\u00a0\u00a0\u00a0\u00a0\u00a0\u00a0\u00a0\u00a0\u00a0\u00a0\u00a0\u00a0\u00a0\u00a0\u00a0\u00a0\u00a0\u00a0\u00a0\u00a0\u00a0\u00a0\u00a0\u00a0\u00a0\u00a0\u00a0\u00a0\u00a0 \u00a0\u00a0\u00a0\u00a0\u00a0\u00a0\u00a0\u00a0\u00a0\u00a0\u00a0\u00a0\u00a0\u00a0\u00a0\u00a0\u00a0\u00a0\u00a0\u00a0\u00a0\u00a0\u00a0\u00a0\u00a0\u00a0\u00a0\u00a0\u00a0\u00a0\u00a0\u00a0\u00a0\u00a0\u00a0\u00a0\u00a0\u00a0\u00a0\u00a0\u00a0\u00a0\u00a0\u00a0\u00a0\u00a0\u00a0\u00a0\u00a0\u00a0\u00a0\u00a0\u00a0\u00a0Z\u00e1kon \u010d. 596\/2003 Z. z. o \u0161t\u00e1tnej spr\u00e1ve v \u0161kolstve a \u0161kolskej samospr\u00e1ve\u00a0\u00a0\u00a0\u00a0\u00a0\u00a0\u00a0\u00a0\u00a0\u00a0\u00a0\u00a0\u00a0\u00a0\u00a0\u00a0\u00a0\u00a0\u00a0\u00a0\u00a0\u00a0\u00a0\u00a0\u00a0\u00a0\u00a0\u00a0\u00a0\u00a0\u00a0\u00a0\u00a0\u00a0\u00a0\u00a0\u00a0\u00a0\u00a0\u00a0\u00a0\u00a0\u00a0\u00a0\u00a0\u00a0\u00a0\u00a0\u00a0\u00a0\u00a0\u00a0\u00a0\u00a0\u00a0\u00a0\u00a0\u00a0\u00a0\u00a0\u00a0\u00a0\u00a0\u00a0\u00a0\u00a0\u00a0\u00a0\u00a0\u00a0\u00a0\u00a0\u00a0\u00a0\u00a0\u00a0\u00a0\u00a0\u00a0\u00a0\u00a0\u00a0\u00a0\u00a0\u00a0\u00a0\u00a0\u00a0 Zria\u010fovacia listina \u0160IOV\u00a0\u00a0\u00a0\u00a0\u00a0\u00a0\u00a0\u00a0\u00a0\u00a0\u00a0\u00a0\u00a0\u00a0\u00a0 \u00a0\u00a0\u00a0\u00a0\u00a0\u00a0\u00a0\u00a0\u00a0\u00a0\u00a0\u00a0\u00a0\u00a0\u00a0\u00a0\u00a0\u00a0\u00a0\u00a0\u00a0\u00a0\u00a0\u00a0\u00a0\u00a0\u00a0\u00a0\u00a0\u00a0\u00a0\u00a0\u00a0\u00a0\u00a0\u00a0\u00a0\u00a0\u00a0\u00a0\u00a0\u00a0\u00a0\u00a0\u00a0\u00a0\u00a0\u00a0\u00a0\u00a0\u00a0\u00a0\u00a0\u00a0\u00a0\u00a0\u00a0\u00a0\u00a0\u00a0\u00a0\u00a0\u00a0\u00a0\u00a0\u00a0\u00a0\u00a0\u00a0\u00a0\u00a0\u00a0\u00a0\u00a0\u00a0\u00a0\u00a0\u00a0\u00a0\u00a0\u00a0\u00a0\u00a0\u00a0\u00a0\u00a0\u00a0\u00a0\u00a0\u00a0\u00a0Rozhodnutie Eur\u00f3pskeho parlamentu a Rady \u010d. 2241\/2004\/ES zo d\u0148a 15. decembra 2004 ,\u00a0\u00a0\u00a0\u00a0\u00a0\u00a0\u00a0\u00a0\u00a0\u00a0\u00a0\u00a0\u00a0\u00a0\u00a0\u00a0\u00a0\u00a0\u00a0\u00a0\u00a0\u00a0\u00a0\u00a0\u00a0\u00a0\u00a0\u00a0\u00a0\u00a0\u00a0\u00a0\u00a0\u00a0\u00a0\u00a0\u00a0\u00a0\u00a0\u00a0\u00a0\u00a0\u00a0\u00a0\u00a0\u00a0\u00a0\u00a0\u00a0\u00a0\u00a0\u00a0\u00a0\u00a0\u00a0\u00a0\u00a0\u00a0\u00a0\u00a0\u00a0\u00a0\u00a0\u00a0\u00a0\u00a0\u00a0\u00a0\u00a0\u00a0\u00a0\u00a0\u00a0\u00a0\u00a0\u00a0\u00a0\u00a0\u00a0\u00a0\u00a0 \u00a0\u00a0\u00a0\u00a0\u00a0\u00a0\u00a0\u00a0\u00a0\u00a0\u00a0\u00a0\u00a0\u00a0\u00a0\u00a0\u00a0\u00a0\u00a0\u00a0\u00a0\u00a0\u00a0\u00a0\u00a0\u00a0\u00a0\u00a0\u00a0\u00a0\u00a0\u00a0\u00a0\u00a0\u00a0\u00a0Vyhl\u00e1senie eur\u00f3pskych ministrov odborn\u00e9ho vzdel\u00e1vania a pr\u00edpravy,<\/p><p style=\"font-size: 15px;\">a Eur\u00f3pska komisia, zvolan\u00e1 v Kodani 29. a 30. novembra 2002, o posilnenej eur\u00f3pskej spolupr\u00e1ci v oblasti odborn\u00e9ho vzdel\u00e1vania a pr\u00edpravy \u201eKodansk\u00e9 vyhl\u00e1senie\u201c&#8220;<\/p><p style=\"font-size: 15px;\"><span style=\"font-weight: bold;\">10 rokov\u00a0\u00a0\u00a0\u00a0\u00a0\u00a0\u00a0\u00a0<\/span><\/p><\/td><td width=\"189\">Partnersk\u00e1 organiz\u00e1cia v hostite\u013eskej krajine (\u0161kola, \u0161koliace stredisko, spolo\u010dnos\u0165, mimovl\u00e1dna organiz\u00e1cia a pod.), Eur\u00f3pske stredisko pre rozvoj vzdel\u00e1vania (eur\u00f3pska agent\u00fara)<\/td><\/tr><tr><td width=\"359\">N\u00e1rodn\u00e9 kontaktn\u00e9 miesto pre ECVET (Eur\u00f3psky syst\u00e9m kreditov pre odborn\u00e9 vzdel\u00e1vanie a pr\u00edpravu)<\/td><td width=\"482\"><p style=\"font-size: 15px;\">Verejn\u00fd z\u00e1ujem\u00a0\u00a0\u00a0\u00a0\u00a0\u00a0\u00a0\u00a0\u00a0\u00a0\u00a0\u00a0\u00a0\u00a0\u00a0\u00a0\u00a0\u00a0\u00a0\u00a0\u00a0\u00a0\u00a0\u00a0\u00a0\u00a0\u00a0\u00a0\u00a0\u00a0\u00a0\u00a0\u00a0\u00a0\u00a0\u00a0\u00a0\u00a0\u00a0\u00a0\u00a0\u00a0\u00a0\u00a0\u00a0\u00a0\u00a0\u00a0\u00a0\u00a0\u00a0\u00a0\u00a0\u00a0\u00a0\u00a0\u00a0\u00a0\u00a0\u00a0\u00a0\u00a0\u00a0\u00a0\u00a0\u00a0\u00a0\u00a0\u00a0\u00a0\u00a0\u00a0\u00a0\u00a0\u00a0\u00a0\u00a0\u00a0\u00a0\u00a0\u00a0\u00a0\u00a0\u00a0\u00a0\u00a0\u00a0\u00a0\u00a0\u00a0\u00a0\u00a0\u00a0\u00a0\u00a0\u00a0\u00a0\u00a0\u00a0\u00a0\u00a0\u00a0 \u00a0\u00a0\u00a0\u00a0\u00a0\u00a0\u00a0\u00a0\u00a0\u00a0\u00a0\u00a0\u00a0\u00a0\u00a0\u00a0\u00a0\u00a0\u00a0\u00a0\u00a0\u00a0\u00a0\u00a0\u00a0Z\u00e1kon \u010d. 596\/2003 Z. z. o \u0161t\u00e1tnej spr\u00e1ve v \u0161kolstve a \u0161kolskej samospr\u00e1ve\u00a0\u00a0\u00a0 \u00a0\u00a0\u00a0\u00a0\u00a0\u00a0\u00a0\u00a0\u00a0\u00a0\u00a0\u00a0\u00a0\u00a0\u00a0\u00a0\u00a0\u00a0\u00a0\u00a0\u00a0\u00a0\u00a0\u00a0\u00a0\u00a0\u00a0\u00a0\u00a0\u00a0\u00a0\u00a0\u00a0\u00a0\u00a0\u00a0\u00a0\u00a0\u00a0\u00a0\u00a0\u00a0\u00a0\u00a0\u00a0\u00a0\u00a0\u00a0\u00a0\u00a0\u00a0\u00a0\u00a0\u00a0\u00a0\u00a0\u00a0\u00a0\u00a0\u00a0\u00a0\u00a0\u00a0\u00a0\u00a0\u00a0\u00a0\u00a0\u00a0\u00a0\u00a0\u00a0\u00a0\u00a0\u00a0\u00a0\u00a0\u00a0\u00a0\u00a0\u00a0\u00a0\u00a0\u00a0\u00a0\u00a0Zria\u010fovacia listina \u0160IOV\u00a0\u00a0\u00a0\u00a0\u00a0\u00a0\u00a0\u00a0\u00a0\u00a0\u00a0\u00a0\u00a0\u00a0\u00a0\u00a0\u00a0\u00a0\u00a0\u00a0\u00a0\u00a0\u00a0\u00a0\u00a0\u00a0\u00a0\u00a0\u00a0\u00a0\u00a0\u00a0\u00a0\u00a0\u00a0\u00a0\u00a0\u00a0\u00a0\u00a0\u00a0\u00a0\u00a0\u00a0\u00a0\u00a0\u00a0\u00a0\u00a0\u00a0\u00a0\u00a0\u00a0\u00a0\u00a0\u00a0\u00a0\u00a0\u00a0\u00a0\u00a0\u00a0\u00a0\u00a0\u00a0\u00a0\u00a0\u00a0\u00a0\u00a0\u00a0\u00a0\u00a0\u00a0\u00a0\u00a0\u00a0\u00a0\u00a0\u00a0 \u00a0\u00a0\u00a0\u00a0\u00a0\u00a0\u00a0\u00a0\u00a0\u00a0\u00a0\u00a0\u00a0\u00a0\u00a0\u00a0\u00a0\u00a0\u00a0\u00a0\u00a0\u00a0\u00a0Odpor\u00fa\u010danie Eur\u00f3pskeho parlamentu a Rady \u010d. 2009\/C 155\/02 o vytvoren\u00ed Eur\u00f3pskeho syst\u00e9mu kreditov pre odborn\u00e9 vzdel\u00e1vanie a pr\u00edpravu\u00a0\u00a0\u00a0\u00a0\u00a0\u00a0\u00a0\u00a0\u00a0\u00a0\u00a0\u00a0\u00a0\u00a0\u00a0\u00a0\u00a0\u00a0\u00a0\u00a0\u00a0\u00a0\u00a0\u00a0\u00a0\u00a0\u00a0\u00a0\u00a0\u00a0\u00a0\u00a0\u00a0\u00a0\u00a0\u00a0\u00a0\u00a0\u00a0\u00a0\u00a0\u00a0\u00a0\u00a0\u00a0 \u00a0\u00a0\u00a0\u00a0\u00a0\u00a0\u00a0\u00a0\u00a0\u00a0\u00a0\u00a0\u00a0\u00a0\u00a0\u00a0\u00a0\u00a0\u00a0\u00a0\u00a0\u00a0\u00a0\u00a0Rezol\u00facia Rady pre vzdel\u00e1vanie, ml\u00e1de\u017e a kult\u00faru z 12. novembra 2002\u00a0\u00a0\u00a0\u00a0\u00a0\u00a0\u00a0\u00a0\u00a0\u00a0\u00a0 \u00a0\u00a0\u00a0\u00a0\u00a0\u00a0\u00a0\u00a0\u00a0\u00a0\u00a0\u00a0\u00a0\u00a0\u00a0\u00a0\u00a0\u00a0\u00a0\u00a0\u00a0\u00a0\u00a0\u00a0\u00a0\u00a0\u00a0\u00a0\u00a0\u00a0\u00a0\u00a0\u00a0\u00a0\u00a0\u00a0\u00a0\u00a0\u00a0\u00a0\u00a0\u00a0\u00a0\u00a0\u00a0\u00a0\u00a0\u00a0\u00a0\u00a0\u00a0\u00a0\u00a0\u00a0\u00a0\u00a0\u00a0\u00a0\u00a0\u00a0\u00a0\u00a0\u00a0\u00a0\u00a0\u00a0\u00a0\u00a0\u00a0\u00a0\u00a0\u00a0\u00a0\u00a0\u00a0\u00a0\u00a0\u00a0\u00a0\u00a0\u00a0\u00a0\u00a0\u00a0\u00a0\u00a0\u00a0\u00a0\u00a0\u00a0\u00a0\u00a0\u00a0\u00a0\u00a0\u00a0\u00a0\u00a0\u00a0\u00a0\u00a0\u00a0\u00a0\u00a0\u00a0\u00a0\u00a0\u00a0\u00a0\u00a0\u00a0\u00a0\u00a0\u00a0\u00a0\u00a0\u00a0\u00a0\u00a0\u00a0\u00a0\u00a0\u00a0\u00a0\u00a0\u00a0\u00a0\u00a0\u00a0\u00a0\u00a0\u00a0\u00a0\u00a0\u00a0\u00a0\u00a0\u00a0\u00a0\u00a0\u00a0\u00a0\u00a0\u00a0\u00a0\u00a0\u00a0\u00a0\u00a0\u00a0\u00a0\u00a0\u00a0\u00a0\u00a0\u00a0\u00a0\u00a0\u00a0\u00a0\u00a0\u00a0\u00a0\u00a0\u00a0\u00a0\u00a0\u00a0\u00a0\u00a0\u00a0\u00a0\u00a0\u00a0\u00a0\u00a0\u00a0\u00a0\u00a0\u00a0\u00a0\u00a0\u00a0\u00a0\u00a0\u00a0Vyhl\u00e1senie eur\u00f3pskych ministrov odborn\u00e9ho vzdel\u00e1vania a pr\u00edpravy,<\/p><p style=\"font-size: 15px;\">a Eur\u00f3pska komisia, zvolan\u00e1 v Kodani 29. a 30. novembra 2002, o posilnenej eur\u00f3pskej spolupr\u00e1ci v oblasti odborn\u00e9ho vzdel\u00e1vania a pr\u00edpravy \u201eKodansk\u00e9 vyhl\u00e1senie\u201c<\/p><p style=\"font-size: 15px;\"><span style=\"font-weight: bold;\">10 rokov<\/span><\/p><\/td><td width=\"189\">Z\u00fa\u010dastnen\u00e9 strany, Eur\u00f3pska komisia<\/td><\/tr><tr><td width=\"359\">N\u00e1rodn\u00e9 referen\u010dn\u00e9 miesto pre EQAVET\u00a0 (Eur\u00f3psky referen\u010dn\u00fd r\u00e1mec zabezpe\u010denia kvality) &#8211; technick\u00fd n\u00e1stroj podpory a monitorovania zvy\u0161ovania kvality odborn\u00e9ho vzdel\u00e1vania a pr\u00edpravy, vyd\u00e1vanie newslettera a zverej\u0148ovanie noviniek a inform\u00e1ci\u00ed na webe a soci\u00e1lnej sieti<\/td><td width=\"482\"><p style=\"font-size: 15px;\">Verejn\u00fd z\u00e1ujem\u00a0\u00a0\u00a0\u00a0\u00a0\u00a0\u00a0\u00a0\u00a0\u00a0\u00a0\u00a0\u00a0\u00a0\u00a0\u00a0\u00a0\u00a0\u00a0\u00a0\u00a0\u00a0\u00a0\u00a0\u00a0\u00a0 \u00a0\u00a0\u00a0\u00a0\u00a0\u00a0\u00a0\u00a0\u00a0\u00a0\u00a0\u00a0\u00a0\u00a0\u00a0\u00a0\u00a0\u00a0\u00a0\u00a0\u00a0\u00a0\u00a0\u00a0\u00a0\u00a0\u00a0\u00a0\u00a0\u00a0\u00a0\u00a0\u00a0\u00a0\u00a0\u00a0\u00a0\u00a0\u00a0\u00a0\u00a0\u00a0\u00a0\u00a0\u00a0\u00a0\u00a0\u00a0\u00a0\u00a0\u00a0\u00a0\u00a0\u00a0\u00a0\u00a0\u00a0\u00a0\u00a0\u00a0\u00a0\u00a0\u00a0\u00a0\u00a0\u00a0\u00a0\u00a0\u00a0\u00a0\u00a0\u00a0\u00a0\u00a0\u00a0\u00a0\u00a0\u00a0\u00a0\u00a0\u00a0\u00a0\u00a0\u00a0\u00a0\u00a0\u00a0\u00a0\u00a0\u00a0\u00a0\u00a0\u00a0\u00a0\u00a0\u00a0\u00a0Z\u00e1kon \u010d. 596\/2003 Z. z. o \u0161t\u00e1tnej spr\u00e1ve v \u0161kolstve a \u0161kolskej samospr\u00e1ve\u00a0\u00a0\u00a0\u00a0\u00a0\u00a0\u00a0\u00a0\u00a0\u00a0\u00a0\u00a0\u00a0\u00a0\u00a0\u00a0\u00a0\u00a0\u00a0\u00a0\u00a0\u00a0\u00a0\u00a0\u00a0\u00a0\u00a0\u00a0\u00a0\u00a0 \u00a0\u00a0\u00a0\u00a0\u00a0\u00a0\u00a0\u00a0\u00a0\u00a0\u00a0\u00a0\u00a0\u00a0\u00a0\u00a0\u00a0\u00a0\u00a0\u00a0\u00a0\u00a0\u00a0\u00a0\u00a0\u00a0\u00a0\u00a0\u00a0\u00a0\u00a0\u00a0\u00a0\u00a0\u00a0\u00a0\u00a0\u00a0\u00a0\u00a0\u00a0\u00a0\u00a0\u00a0\u00a0\u00a0\u00a0\u00a0\u00a0\u00a0\u00a0\u00a0\u00a0\u00a0\u00a0\u00a0\u00a0\u00a0Zria\u010fovacia listina \u0160IOV\u00a0\u00a0\u00a0\u00a0\u00a0\u00a0\u00a0\u00a0\u00a0\u00a0\u00a0\u00a0\u00a0\u00a0\u00a0\u00a0\u00a0\u00a0\u00a0\u00a0\u00a0\u00a0\u00a0\u00a0\u00a0\u00a0\u00a0\u00a0\u00a0\u00a0\u00a0\u00a0\u00a0\u00a0\u00a0\u00a0\u00a0\u00a0\u00a0\u00a0\u00a0\u00a0\u00a0\u00a0\u00a0\u00a0\u00a0\u00a0\u00a0\u00a0\u00a0\u00a0\u00a0\u00a0\u00a0\u00a0\u00a0\u00a0\u00a0\u00a0\u00a0\u00a0\u00a0\u00a0\u00a0\u00a0\u00a0\u00a0\u00a0\u00a0\u00a0\u00a0\u00a0\u00a0\u00a0\u00a0\u00a0\u00a0\u00a0\u00a0\u00a0 \u00a0\u00a0\u00a0\u00a0\u00a0\u00a0\u00a0\u00a0\u00a0\u00a0\u00a0\u00a0\u00a0\u00a0\u00a0\u00a0ODPOR\u00da\u010cANIE EUR\u00d3PSKEHO PARLAMENTU A RADY z 18. j\u00fana 2009 o vytvoren\u00ed eur\u00f3pskeho referen\u010dn\u00e9ho r\u00e1mca zabezpe\u010denia kvality odborn\u00e9ho vzdel\u00e1vania a pr\u00edpravy\u00a0\u00a0\u00a0\u00a0\u00a0\u00a0\u00a0\u00a0\u00a0\u00a0\u00a0\u00a0\u00a0\u00a0\u00a0\u00a0\u00a0\u00a0\u00a0\u00a0\u00a0\u00a0\u00a0\u00a0\u00a0\u00a0\u00a0\u00a0\u00a0\u00a0\u00a0\u00a0\u00a0\u00a0\u00a0\u00a0\u00a0\u00a0\u00a0\u00a0\u00a0\u00a0\u00a0\u00a0\u00a0\u00a0\u00a0\u00a0\u00a0\u00a0\u00a0\u00a0\u00a0\u00a0\u00a0\u00a0\u00a0\u00a0\u00a0\u00a0\u00a0\u00a0\u00a0\u00a0\u00a0\u00a0\u00a0\u00a0\u00a0\u00a0\u00a0\u00a0\u00a0\u00a0\u00a0\u00a0\u00a0\u00a0\u00a0\u00a0\u00a0\u00a0\u00a0\u00a0\u00a0\u00a0\u00a0\u00a0\u00a0\u00a0\u00a0\u00a0\u00a0\u00a0\u00a0\u00a0\u00a0\u00a0\u00a0\u00a0\u00a0\u00a0\u00a0\u00a0\u00a0\u00a0\u00a0\u00a0\u00a0\u00a0\u00a0\u00a0\u00a0 OZN\u00c1MENIE KOMISIE EUR\u00d3PSKEMU PARLAMENTU, RADE, EUR\u00d3PSKEMU<\/p><p style=\"font-size: 15px;\">HOSPOD\u00c1RSKEMU A SOCI\u00c1LNEMU V\u00ddBORU A V\u00ddBORU REGI\u00d3NOV<\/p><p style=\"font-size: 15px;\">NOV\u00dd PROGRAM V OBLASTI ZRU\u010cNOST\u00cd PRE EUR\u00d3PU<\/p><p style=\"font-size: 15px;\">Spolupr\u00e1ca na posilnen\u00ed \u013eudsk\u00e9ho kapit\u00e1lu, zamestnate\u013enosti a konkurencieschopnosti\u00a0\u00a0\u00a0\u00a0\u00a0\u00a0\u00a0\u00a0\u00a0\u00a0\u00a0\u00a0\u00a0\u00a0\u00a0\u00a0\u00a0\u00a0\u00a0\u00a0\u00a0\u00a0\u00a0\u00a0 Z\u00e1very z Rigy Eur\u00f3pska spolupr\u00e1ca v oblasti odborn\u00e9ho vzdel\u00e1vania a pr\u00edpravy 2015 \u2013 2020\u00a0\u00a0\u00a0\u00a0\u00a0\u00a0\u00a0\u00a0\u00a0\u00a0\u00a0\u00a0\u00a0\u00a0\u00a0\u00a0\u00a0\u00a0\u00a0\u00a0\u00a0\u00a0\u00a0\u00a0\u00a0\u00a0\u00a0\u00a0\u00a0\u00a0\u00a0\u00a0\u00a0\u00a0\u00a0\u00a0\u00a0\u00a0\u00a0\u00a0\u00a0\u00a0\u00a0\u00a0\u00a0\u00a0\u00a0\u00a0\u00a0\u00a0\u00a0\u00a0\u00a0\u00a0\u00a0\u00a0\u00a0\u00a0\u00a0\u00a0\u00a0\u00a0\u00a0\u00a0\u00a0\u00a0\u00a0\u00a0\u00a0\u00a0\u00a0\u00a0\u00a0\u00a0\u00a0\u00a0\u00a0\u00a0\u00a0\u00a0\u00a0\u00a0\u00a0\u00a0\u00a0\u00a0\u00a0\u00a0\u00a0\u00a0\u00a0\u00a0\u00a0\u00a0\u00a0\u00a0\u00a0\u00a0\u00a0\u00a0\u00a0\u00a0\u00a0\u00a0\u00a0\u00a0\u00a0\u00a0\u00a0\u00a0\u00a0\u00a0\u00a0\u00a0\u00a0\u00a0 ODPOR\u00da\u010cANIE RADY z 15. marca 2018 t\u00fdkaj\u00face sa eur\u00f3pskeho r\u00e1mca pre kvalitn\u00fa a \u00fa\u010dinn\u00fa u\u010d\u0148ovsk\u00fa pr\u00edpravu (2018\/C 153\/01), 2017\/0100 (NLE)<\/p><p style=\"font-size: 15px;\">ODPOR\u00da\u010cANIE RADY t\u00fdkaj\u00face sa sledovania uplatnenia absolventov COM(2014) 30<\/p><p style=\"font-size: 15px;\">SPR\u00c1VA KOMISIE EUR\u00d3PSKEMU PARLAMENTU A RADE o vykon\u00e1van\u00ed odpor\u00fa\u010dania Eur\u00f3pskeho parlamentu a Rady z 18. j\u00fana 2009 o vytvoren\u00ed eur\u00f3pskeho referen\u010dn\u00e9ho r\u00e1mca zabezpe\u010denia kvality odborn\u00e9ho vzdel\u00e1vania a\u00a0pr\u00edpravy<\/p><p style=\"font-size: 15px;\"><span style=\"font-weight: bold;\">10 rokov<\/span><\/p><\/td><td width=\"189\">Z\u00fa\u010dastnen\u00e9 strany, Eur\u00f3pska komisia, zverej\u0148ovanie<\/td><\/tr><tr><td width=\"359\">EPALE &#8211; Elektronick\u00e1 platforma vzdel\u00e1vania dospel\u00fdch v Eur\u00f3pe\u00a0\u00a0\u00a0\u00a0\u00a0\u00a0\u00a0\u00a0\u00a0\u00a0\u00a0\u00a0\u00a0\u00a0\u00a0\u00a0\u00a0\u00a0\u00a0\u00a0\u00a0\u00a0\u00a0\u00a0\u00a0\u00a0\u00a0\u00a0\u00a0\u00a0\u00a0\u00a0\u00a0\u00a0\u00a0\u00a0 Slovensk\u00e1 podporn\u00e1 slu\u017eba pre EPALE<\/td><td width=\"482\"><p style=\"font-size: 15px;\">Verejn\u00fd z\u00e1ujem\u00a0\u00a0\u00a0\u00a0\u00a0\u00a0\u00a0\u00a0\u00a0\u00a0\u00a0\u00a0\u00a0\u00a0\u00a0\u00a0\u00a0\u00a0\u00a0\u00a0\u00a0\u00a0\u00a0\u00a0\u00a0\u00a0\u00a0\u00a0\u00a0\u00a0\u00a0\u00a0\u00a0\u00a0\u00a0\u00a0\u00a0\u00a0\u00a0\u00a0\u00a0\u00a0\u00a0\u00a0\u00a0\u00a0\u00a0\u00a0\u00a0\u00a0\u00a0\u00a0\u00a0\u00a0\u00a0\u00a0\u00a0\u00a0\u00a0\u00a0\u00a0\u00a0\u00a0\u00a0\u00a0\u00a0\u00a0\u00a0\u00a0\u00a0\u00a0\u00a0\u00a0\u00a0\u00a0\u00a0\u00a0\u00a0\u00a0\u00a0\u00a0\u00a0\u00a0\u00a0\u00a0\u00a0\u00a0\u00a0\u00a0\u00a0\u00a0\u00a0\u00a0\u00a0\u00a0\u00a0\u00a0 \u00a0\u00a0\u00a0\u00a0\u00a0\u00a0\u00a0\u00a0\u00a0\u00a0\u00a0\u00a0\u00a0\u00a0\u00a0\u00a0\u00a0\u00a0\u00a0\u00a0\u00a0\u00a0\u00a0\u00a0\u00a0\u00a0\u00a0\u00a0Z\u00e1kon \u010d. 596\/2003 Z. z. o \u0161t\u00e1tnej spr\u00e1ve v \u0161kolstve a \u0161kolskej samospr\u00e1ve\u00a0\u00a0\u00a0\u00a0\u00a0 \u00a0\u00a0\u00a0\u00a0\u00a0\u00a0\u00a0\u00a0\u00a0\u00a0\u00a0\u00a0\u00a0\u00a0\u00a0\u00a0\u00a0\u00a0\u00a0\u00a0\u00a0\u00a0Zria\u010fovacia listina \u0160IOV<\/p><p style=\"font-size: 15px;\"><span style=\"font-weight: bold;\">10 rokov\u00a0\u00a0\u00a0\u00a0\u00a0\u00a0\u00a0\u00a0\u00a0\u00a0\u00a0\u00a0\u00a0\u00a0\u00a0\u00a0\u00a0\u00a0\u00a0\u00a0\u00a0\u00a0\u00a0\u00a0\u00a0\u00a0\u00a0\u00a0\u00a0\u00a0\u00a0\u00a0\u00a0\u00a0\u00a0\u00a0\u00a0\u00a0\u00a0\u00a0\u00a0\u00a0\u00a0\u00a0\u00a0\u00a0\u00a0\u00a0\u00a0\u00a0\u00a0\u00a0\u00a0\u00a0\u00a0\u00a0\u00a0\u00a0\u00a0\u00a0\u00a0\u00a0\u00a0\u00a0\u00a0\u00a0\u00a0\u00a0\u00a0\u00a0\u00a0\u00a0\u00a0\u00a0\u00a0\u00a0\u00a0\u00a0\u00a0\u00a0\u00a0\u00a0\u00a0\u00a0\u00a0\u00a0<\/span><\/p><\/td><td width=\"189\">Z\u00fa\u010dastnen\u00e9 strany, zverejnenie na webe a soci\u00e1lnej sieti (v r\u00e1mci pr\u00edspevkov, blogov\u00a0 apod.)<\/td><\/tr><tr><td width=\"359\">N\u00e1rodn\u00fd koordin\u00e1tor Eur\u00f3pskeho programu vzdel\u00e1vania dospel\u00fdch<\/td><td width=\"482\"><p style=\"font-size: 15px;\">Verejn\u00fd z\u00e1ujem\u00a0\u00a0\u00a0\u00a0\u00a0\u00a0\u00a0\u00a0\u00a0\u00a0\u00a0\u00a0\u00a0\u00a0\u00a0\u00a0\u00a0\u00a0\u00a0\u00a0\u00a0\u00a0 \u00a0\u00a0\u00a0\u00a0\u00a0\u00a0\u00a0\u00a0\u00a0\u00a0\u00a0\u00a0\u00a0\u00a0\u00a0\u00a0\u00a0\u00a0\u00a0\u00a0\u00a0\u00a0\u00a0\u00a0\u00a0\u00a0\u00a0\u00a0\u00a0\u00a0\u00a0\u00a0\u00a0\u00a0\u00a0\u00a0\u00a0\u00a0\u00a0\u00a0\u00a0\u00a0\u00a0\u00a0\u00a0\u00a0\u00a0\u00a0\u00a0\u00a0\u00a0\u00a0\u00a0\u00a0\u00a0\u00a0\u00a0\u00a0\u00a0\u00a0\u00a0\u00a0\u00a0\u00a0\u00a0\u00a0\u00a0\u00a0\u00a0\u00a0\u00a0\u00a0\u00a0\u00a0\u00a0\u00a0\u00a0\u00a0\u00a0\u00a0\u00a0\u00a0\u00a0\u00a0\u00a0\u00a0\u00a0\u00a0\u00a0\u00a0\u00a0\u00a0\u00a0\u00a0\u00a0\u00a0\u00a0\u00a0\u00a0\u00a0\u00a0Z\u00e1kon \u010d. 596\/2003 Z. z. o \u0161t\u00e1tnej spr\u00e1ve v \u0161kolstve a \u0161kolskej samospr\u00e1ve\u00a0\u00a0\u00a0\u00a0\u00a0\u00a0 \u00a0\u00a0\u00a0\u00a0\u00a0\u00a0\u00a0\u00a0\u00a0\u00a0\u00a0\u00a0\u00a0\u00a0\u00a0\u00a0\u00a0Zria\u010fovacia listina \u0160IOV\u00a0\u00a0\u00a0\u00a0\u00a0\u00a0\u00a0\u00a0\u00a0\u00a0\u00a0\u00a0\u00a0\u00a0\u00a0\u00a0\u00a0\u00a0\u00a0\u00a0\u00a0\u00a0\u00a0\u00a0\u00a0\u00a0\u00a0\u00a0\u00a0\u00a0\u00a0\u00a0\u00a0\u00a0\u00a0\u00a0\u00a0\u00a0\u00a0\u00a0\u00a0\u00a0\u00a0\u00a0\u00a0\u00a0\u00a0\u00a0\u00a0\u00a0\u00a0\u00a0\u00a0\u00a0\u00a0\u00a0\u00a0\u00a0\u00a0\u00a0\u00a0\u00a0\u00a0\u00a0\u00a0\u00a0\u00a0\u00a0\u00a0\u00a0\u00a0\u00a0 \u00a0\u00a0\u00a0\u00a0\u00a0\u00a0\u00a0\u00a0\u00a0\u00a0\u00a0\u00a0\u00a0\u00a0\u00a0\u00a0\u00a0\u00a0\u00a0\u00a0\u00a0\u00a0\u00a0\u00a0\u00a0\u00a0\u00a0\u00a0\u00a0Eur\u00f3psky parlament a Rada &#8211; Odpor\u00fa\u010danie programu pre oblas\u0165 zru\u010dnost\u00ed pre Eur\u00f3pu (2016), Cesty zvy\u0161ovania \u00farovne zru\u010dnost\u00ed: nov\u00e9 pr\u00edle\u017eitosti pre dospel\u00fdch (2016), Eur\u00f3psky program vzdel\u00e1vania dospel\u00fdch EAAL (2011),\u00a0\u00a0\u00a0\u00a0\u00a0\u00a0\u00a0\u00a0\u00a0\u00a0\u00a0\u00a0\u00a0\u00a0\u00a0\u00a0\u00a0\u00a0\u00a0\u00a0\u00a0\u00a0\u00a0\u00a0\u00a0\u00a0\u00a0\u00a0\u00a0\u00a0\u00a0\u00a0\u00a0\u00a0\u00a0\u00a0\u00a0\u00a0\u00a0\u00a0\u00a0\u00a0\u00a0\u00a0 \u00a0\u00a0\u00a0\u00a0\u00a0\u00a0\u00a0\u00a0\u00a0\u00a0\u00a0\u00a0\u00a0\u00a0\u00a0\u00a0\u00a0\u00a0\u00a0\u00a0\u00a0\u00a0\u00a0\u00a0\u00a0\u00a0\u00a0\u00a0\u00a0\u00a0\u00a0\u00a0\u00a0\u00a0\u00a0\u00a0\u00a0\u00a0\u00a0\u00a0\u00a0Uznesenie Rady o obnovenom eur\u00f3pskom programe vzdel\u00e1vania dospel\u00fdch<\/p><p style=\"font-size: 15px;\">(2011\/C 372\/01)<\/p><p style=\"font-size: 15px;\"><span style=\"font-weight: bold;\">10 rokov<\/span><\/p><\/td><td width=\"189\">Z\u00fa\u010dastnen\u00e9 strany,\u00a0 Ministerstvo \u0161kolstva, Eur\u00f3pska komisia<\/td><\/tr><tr><td width=\"359\">Slovensk\u00e9 centrum cvi\u010dn\u00fdch firiem\u00a0\u00a0\u00a0\u00a0\u00a0\u00a0\u00a0\u00a0\u00a0\u00a0\u00a0\u00a0\u00a0\u00a0\u00a0\u00a0\u00a0\u00a0 \u00a0\u00a0\u00a0\u00a0\u00a0\u00a0\u00a0\u00a0\u00a0\u00a0\u00a0\u00a0\u00a0\u00a0\u00a0\u00a0\u00a0\u00a0\u00a0\u00a0\u00a0\u00a0\u00a0\u00a0\u00a0\u00a0\u00a0\u00a0\u00a0\u00a0Organiz\u00e1cia vzdel\u00e1vac\u00edch podujat\u00ed, semin\u00e1rov, kurzov, konferenci\u00ed, \u00a0pr\u00edprava a realiz\u00e1cia projektov odborn\u00e9ho vzdel\u00e1vania, kontraktn\u00e9 dni, region\u00e1lne ve\u013etrhy, spolupr\u00e1ca so zahrani\u010dn\u00fdmi firmami a\u00a0centr\u00e1lami<\/td><td width=\"482\"><p style=\"font-size: 15px;\">Verejn\u00fd z\u00e1ujem\u00a0\u00a0\u00a0\u00a0\u00a0\u00a0\u00a0\u00a0\u00a0\u00a0\u00a0\u00a0\u00a0\u00a0\u00a0\u00a0\u00a0\u00a0\u00a0\u00a0\u00a0\u00a0\u00a0\u00a0\u00a0\u00a0\u00a0\u00a0\u00a0\u00a0\u00a0\u00a0\u00a0\u00a0\u00a0\u00a0\u00a0\u00a0\u00a0\u00a0\u00a0\u00a0\u00a0\u00a0\u00a0\u00a0\u00a0\u00a0\u00a0\u00a0\u00a0\u00a0\u00a0\u00a0\u00a0\u00a0\u00a0\u00a0\u00a0\u00a0\u00a0\u00a0\u00a0\u00a0\u00a0\u00a0\u00a0\u00a0\u00a0\u00a0\u00a0\u00a0\u00a0\u00a0\u00a0\u00a0\u00a0\u00a0\u00a0\u00a0\u00a0\u00a0\u00a0\u00a0\u00a0\u00a0\u00a0\u00a0\u00a0\u00a0\u00a0\u00a0\u00a0\u00a0\u00a0\u00a0\u00a0\u00a0\u00a0\u00a0\u00a0\u00a0\u00a0\u00a0\u00a0\u00a0\u00a0\u00a0\u00a0\u00a0 \u00a0\u00a0\u00a0\u00a0\u00a0\u00a0\u00a0\u00a0\u00a0\u00a0Z\u00e1kon \u010d. 596\/2003 Z. z. o \u0161t\u00e1tnej spr\u00e1ve v \u0161kolstve a \u0161kolskej samospr\u00e1ve\u00a0\u00a0\u00a0\u00a0\u00a0\u00a0\u00a0\u00a0 \u00a0\u00a0\u00a0\u00a0\u00a0\u00a0\u00a0\u00a0\u00a0\u00a0Zria\u010fovacia listina \u0160IOV\u00a0\u00a0\u00a0\u00a0\u00a0\u00a0\u00a0\u00a0\u00a0\u00a0\u00a0\u00a0\u00a0\u00a0\u00a0\u00a0\u00a0\u00a0\u00a0\u00a0\u00a0\u00a0\u00a0\u00a0\u00a0\u00a0\u00a0\u00a0\u00a0\u00a0\u00a0\u00a0\u00a0\u00a0\u00a0\u00a0\u00a0\u00a0\u00a0\u00a0\u00a0\u00a0\u00a0\u00a0\u00a0\u00a0\u00a0\u00a0\u00a0\u00a0\u00a0\u00a0\u00a0\u00a0\u00a0\u00a0\u00a0\u00a0\u00a0\u00a0\u00a0\u00a0\u00a0\u00a0\u00a0\u00a0\u00a0\u00a0\u00a0\u00a0\u00a0\u00a0\u00a0\u00a0\u00a0\u00a0\u00a0\u00a0\u00a0\u00a0\u00a0\u00a0\u00a0\u00a0\u00a0\u00a0\u00a0\u00a0\u00a0\u00a0\u00a0 \u00a0\u00a0\u00a0\u00a0\u00a0\u00a0\u00a0\u00a0\u00a0\u00a0Zmluva, ktorej je dotknut\u00e1 osoba jednou zo zmluvn\u00fdch str\u00e1n\u00a0\u00a0\u00a0\u00a0\u00a0\u00a0\u00a0\u00a0\u00a0\u00a0\u00a0\u00a0\u00a0\u00a0\u00a0\u00a0\u00a0\u00a0\u00a0\u00a0\u00a0\u00a0\u00a0\u00a0\u00a0\u00a0\u00a0\u00a0\u00a0\u00a0\u00a0\u00a0\u00a0\u00a0\u00a0\u00a0\u00a0\u00a0\u00a0\u00a0\u00a0\u00a0\u00a0\u00a0\u00a0\u00a0\u00a0\u00a0\u00a0\u00a0 S\u00fahlas &#8211; v\u00fdnimo\u010dne m\u00f4\u017eu by\u0165 osobn\u00e9 \u00fadaje sprac\u00favan\u00e9 na z\u00e1klade s\u00fahlasu, pred jeho z\u00edskan\u00edm bud\u00fa dotknutej osobe poskytnut\u00e9 v\u0161etky relevantn\u00e9 inform\u00e1cie\u00a0<\/p><p style=\"font-size: 15px;\"><span style=\"font-weight: bold;\">10 rokov\u00a0\u00a0\u00a0\u00a0\u00a0\u00a0\u00a0\u00a0\u00a0\u00a0\u00a0\u00a0\u00a0\u00a0\u00a0\u00a0\u00a0\u00a0\u00a0 \u00a0\u00a0\u00a0\u00a0\u00a0\u00a0\u00a0\u00a0\u00a0\u00a0\u00a0\u00a0\u00a0\u00a0\u00a0\u00a0\u00a0\u00a0\u00a0\u00a0\u00a0\u00a0\u00a0\u00a0\u00a0\u00a0\u00a0\u00a0\u00a0\u00a0\u00a0\u00a0\u00a0\u00a0\u00a0\u00a0\u00a0\u00a0\u00a0\u00a0\u00a0\u00a0\u00a0\u00a0\u00a0\u00a0\u00a0\u00a0\u00a0\u00a0\u00a0\u00a0\u00a0\u00a0\u00a0\u00a0\u00a0\u00a0\u00a0\u00a0<\/span><\/p><\/td><td width=\"189\">Z\u00fa\u010dastnen\u00e9 strany,\u00a0 Ministerstvo \u0161kolstva, Eur\u00f3pska komisia, zverej\u0148ovanie na webe\u00a0 a v m\u00e9di\u00e1ch a soci\u00e1lnych sie\u0165ach<\/td><\/tr><tr><td width=\"359\">Realizovanie v\u00fdskumno-v\u00fdvojov\u00fdch \u00faloh a\u00a0prieskumov<\/td><td width=\"482\"><p style=\"font-size: 15px;\">Verejn\u00fd z\u00e1ujem\u00a0\u00a0\u00a0\u00a0\u00a0\u00a0\u00a0\u00a0\u00a0\u00a0\u00a0\u00a0\u00a0\u00a0 \u00a0\u00a0\u00a0\u00a0\u00a0\u00a0\u00a0\u00a0\u00a0\u00a0\u00a0\u00a0\u00a0\u00a0\u00a0\u00a0\u00a0\u00a0\u00a0\u00a0\u00a0\u00a0\u00a0\u00a0\u00a0\u00a0\u00a0\u00a0\u00a0\u00a0\u00a0\u00a0\u00a0\u00a0\u00a0\u00a0\u00a0\u00a0\u00a0\u00a0\u00a0\u00a0\u00a0\u00a0\u00a0\u00a0\u00a0\u00a0\u00a0\u00a0\u00a0\u00a0\u00a0\u00a0\u00a0\u00a0\u00a0\u00a0\u00a0\u00a0\u00a0\u00a0\u00a0\u00a0\u00a0\u00a0\u00a0\u00a0\u00a0\u00a0\u00a0\u00a0\u00a0\u00a0\u00a0\u00a0\u00a0\u00a0\u00a0\u00a0\u00a0\u00a0\u00a0\u00a0\u00a0\u00a0\u00a0\u00a0\u00a0\u00a0\u00a0\u00a0\u00a0\u00a0\u00a0\u00a0\u00a0\u00a0\u00a0\u00a0\u00a0\u00a0\u00a0\u00a0\u00a0\u00a0Z\u00e1kon \u010d. 596\/2003 Z. z. o \u0161t\u00e1tnej spr\u00e1ve v \u0161kolstve a \u0161kolskej samospr\u00e1ve\u00a0\u00a0\u00a0\u00a0\u00a0\u00a0\u00a0\u00a0\u00a0 \u00a0\u00a0\u00a0\u00a0\u00a0\u00a0\u00a0\u00a0\u00a0\u00a0\u00a0\u00a0\u00a0\u00a0\u00a0\u00a0\u00a0\u00a0Z\u00e1kon \u010d. 61\/2015 Z. z. o odbornom vzdel\u00e1van\u00ed a pr\u00edprave a o zmene a doplnen\u00ed niektor\u00fdch z\u00e1konov v znen\u00ed neskor\u0161\u00edch predpisov\u00a0\u00a0\u00a0\u00a0\u00a0\u00a0\u00a0\u00a0\u00a0\u00a0\u00a0\u00a0\u00a0\u00a0\u00a0\u00a0\u00a0\u00a0\u00a0\u00a0\u00a0\u00a0\u00a0\u00a0\u00a0\u00a0\u00a0\u00a0\u00a0\u00a0\u00a0\u00a0\u00a0\u00a0\u00a0\u00a0\u00a0\u00a0\u00a0\u00a0\u00a0\u00a0\u00a0\u00a0\u00a0\u00a0\u00a0\u00a0\u00a0\u00a0\u00a0\u00a0\u00a0\u00a0\u00a0\u00a0\u00a0\u00a0\u00a0\u00a0\u00a0\u00a0\u00a0\u00a0\u00a0\u00a0\u00a0\u00a0\u00a0\u00a0\u00a0\u00a0 \u00a0\u00a0\u00a0\u00a0\u00a0Zria\u010fovacia listina \u0160IOV<\/p><p style=\"font-size: 15px;\"><span style=\"font-weight: bold;\">Archivuje sa\u00a0\u00a0\u00a0\u00a0\u00a0\u00a0\u00a0\u00a0\u00a0\u00a0\u00a0\u00a0\u00a0\u00a0\u00a0\u00a0\u00a0\u00a0\u00a0\u00a0\u00a0\u00a0\u00a0\u00a0\u00a0\u00a0\u00a0\u00a0\u00a0\u00a0\u00a0\u00a0\u00a0\u00a0\u00a0\u00a0\u00a0\u00a0\u00a0\u00a0\u00a0\u00a0\u00a0\u00a0\u00a0\u00a0\u00a0\u00a0\u00a0\u00a0\u00a0\u00a0\u00a0\u00a0\u00a0\u00a0\u00a0\u00a0\u00a0\u00a0\u00a0\u00a0\u00a0\u00a0\u00a0\u00a0\u00a0\u00a0\u00a0\u00a0\u00a0\u00a0\u00a0\u00a0\u00a0\u00a0\u00a0\u00a0\u00a0\u00a0\u00a0\u00a0\u00a0\u00a0\u00a0\u00a0\u00a0\u00a0\u00a0\u00a0\u00a0\u00a0\u00a0\u00a0\u00a0\u00a0\u00a0\u00a0\u00a0\u00a0\u00a0\u00a0\u00a0\u00a0\u00a0\u00a0\u00a0\u00a0\u00a0\u00a0\u00a0\u00a0\u00a0\u00a0\u00a0\u00a0\u00a0\u00a0\u00a0\u00a0\u00a0\u00a0\u00a0\u00a0\u00a0\u00a0\u00a0\u00a0\u00a0\u00a0\u00a0\u00a0\u00a0\u00a0\u00a0\u00a0\u00a0\u00a0\u00a0\u00a0\u00a0\u00a0\u00a0\u00a0\u00a0\u00a0\u00a0\u00a0\u00a0\u00a0\u00a0<\/span><\/p><\/td><td width=\"189\">Ministerstvo \u0161kolstva, agregovan\u00e9 d\u00e1ta sa zverej\u0148uj\u00fa<\/td><\/tr><tr><td width=\"359\">V\u00fdber zamestnancov<\/td><td width=\"482\"><p style=\"font-size: 15px;\">Z\u00e1konn\u00e1 povinnos\u0165, verejn\u00fd z\u00e1ujem, zmluva\u00a0\u00a0\u00a0\u00a0\u00a0\u00a0\u00a0\u00a0\u00a0\u00a0\u00a0\u00a0\u00a0\u00a0\u00a0\u00a0\u00a0\u00a0\u00a0\u00a0\u00a0\u00a0\u00a0\u00a0\u00a0\u00a0\u00a0\u00a0\u00a0\u00a0\u00a0 \u00a0\u00a0\u00a0\u00a0\u00a0\u00a0\u00a0\u00a0\u00a0\u00a0\u00a0\u00a0\u00a0\u00a0\u00a0\u00a0\u00a0\u00a0\u00a0\u00a0\u00a0\u00a0\u00a0\u00a0\u00a0\u00a0\u00a0\u00a0\u00a0\u00a0\u00a0\u00a0\u00a0\u00a0\u00a0\u00a0\u00a0\u00a0\u00a0\u00a0\u00a0\u00a0\u00a0Z\u00e1kon \u010d. 311\/2001 Z. z. Z\u00e1konn\u00edk pr\u00e1ce v znen\u00ed neskor\u0161\u00edch predpisov<\/p><p style=\"font-size: 15px;\">Z\u00e1kon \u010d. 552\/2003 Z. z. o v\u00fdkone pr\u00e1ce vo verejnom z\u00e1ujme v znen\u00ed neskor\u0161\u00edch predpisov\u00a0\u00a0\u00a0\u00a0\u00a0\u00a0\u00a0\u00a0\u00a0\u00a0\u00a0\u00a0\u00a0\u00a0 \u00a0\u00a0\u00a0\u00a0\u00a0\u00a0\u00a0\u00a0\u00a0\u00a0\u00a0\u00a0\u00a0\u00a0\u00a0\u00a0\u00a0\u00a0\u00a0\u00a0\u00a0\u00a0\u00a0\u00a0\u00a0\u00a0\u00a0\u00a0\u00a0\u00a0\u00a0\u00a0\u00a0\u00a0\u00a0\u00a0\u00a0\u00a0\u00a0\u00a0\u00a0\u00a0\u00a0\u00a0\u00a0\u00a0\u00a0\u00a0\u00a0\u00a0\u00a0\u00a0\u00a0\u00a0\u00a0\u00a0\u00a0\u00a0\u00a0\u00a0\u00a0\u00a0\u00a0\u00a0\u00a0\u00a0\u00a0\u00a0\u00a0\u00a0\u00a0\u00a0\u00a0\u00a0\u00a0\u00a0\u00a0\u00a0\u00a0\u00a0\u00a0\u00a0\u00a0\u00a0\u00a0\u00a0\u00a0\u00a0\u00a0\u00a0\u00a0\u00a0\u00a0\u00a0\u00a0\u00a0\u00a0\u00a0\u00a0\u00a0\u00a0\u00a0<\/p><p style=\"font-size: 15px;\"><span style=\"font-weight: bold;\">1 rok\u00a0\u00a0\u00a0\u00a0\u00a0\u00a0\u00a0\u00a0\u00a0\u00a0\u00a0\u00a0\u00a0\u00a0\u00a0\u00a0\u00a0\u00a0\u00a0\u00a0\u00a0\u00a0\u00a0\u00a0\u00a0\u00a0\u00a0\u00a0\u00a0\u00a0\u00a0\u00a0\u00a0\u00a0\u00a0\u00a0\u00a0\u00a0\u00a0\u00a0\u00a0\u00a0\u00a0\u00a0\u00a0\u00a0\u00a0\u00a0\u00a0\u00a0\u00a0\u00a0\u00a0\u00a0\u00a0\u00a0\u00a0\u00a0\u00a0\u00a0\u00a0\u00a0\u00a0\u00a0\u00a0\u00a0\u00a0\u00a0\u00a0\u00a0\u00a0\u00a0\u00a0\u00a0\u00a0\u00a0\u00a0\u00a0\u00a0\u00a0\u00a0\u00a0\u00a0\u00a0\u00a0\u00a0\u00a0\u00a0\u00a0\u00a0\u00a0\u00a0\u00a0\u00a0\u00a0\u00a0\u00a0\u00a0\u00a0\u00a0\u00a0\u00a0\u00a0\u00a0\u00a0\u00a0\u00a0\u00a0\u00a0\u00a0\u00a0<\/span><\/p><\/td><td width=\"189\">Neposkytuj\u00fa sa<\/td><\/tr><tr><td width=\"359\">Realiz\u00e1cia pracovnopr\u00e1vnych vz\u0165ahov<\/td><td width=\"482\"><p style=\"font-size: 15px;\">Z\u00e1konn\u00e1 povinnos\u0165 v spojen\u00ed s verejn\u00fdm z\u00e1ujmom, zmluvn\u00fd vz\u0165ah\u00a0\u00a0\u00a0\u00a0\u00a0\u00a0\u00a0\u00a0\u00a0\u00a0\u00a0\u00a0\u00a0\u00a0\u00a0\u00a0 \u00a0\u00a0\u00a0\u00a0\u00a0\u00a0\u00a0\u00a0\u00a0\u00a0\u00a0\u00a0\u00a0\u00a0\u00a0\u00a0\u00a0\u00a0\u00a0\u00a0\u00a0\u00a0\u00a0\u00a0\u00a0\u00a0\u00a0\u00a0\u00a0\u00a0\u00a0\u00a0\u00a0\u00a0\u00a0\u00a0\u00a0\u00a0\u00a0\u00a0\u00a0\u00a0\u00a0\u00a0\u00a0\u00a0\u00a0\u00a0\u00a0\u00a0\u00a0\u00a0\u00a0\u00a0\u00a0\u00a0\u00a0\u00a0\u00a0\u00a0\u00a0\u00a0\u00a0\u00a0\u00a0\u00a0\u00a0\u00a0\u00a0\u00a0\u00a0Z\u00e1kon \u010d. 311\/2001 Z. z. Z\u00e1konn\u00edk pr\u00e1ce v znen\u00ed neskor\u0161\u00edch predpisov<\/p><p style=\"font-size: 15px;\">Z\u00e1kon \u010d. 552\/2003 Z. z. o v\u00fdkone pr\u00e1ce vo verejnom z\u00e1ujme v znen\u00ed neskor\u0161\u00edch predpisov<\/p><p style=\"font-size: 15px;\">Z\u00e1kon \u010d. 5\/2004 Z. z. o slu\u017eb\u00e1ch zamestnanosti \u00a0<\/p><p style=\"font-size: 15px;\">Z\u00e1kon \u010d. 553\/2003 Z. z. o odme\u0148ovan\u00ed niektor\u00fdch zamestnancov pri v\u00fdkone pr\u00e1ce vo verejnom z\u00e1ujme \u00a0\u00a0\u00a0\u00a0\u00a0\u00a0\u00a0\u00a0\u00a0\u00a0\u00a0\u00a0\u00a0\u00a0\u00a0\u00a0\u00a0\u00a0\u00a0\u00a0\u00a0\u00a0\u00a0\u00a0\u00a0\u00a0\u00a0\u00a0\u00a0\u00a0\u00a0\u00a0\u00a0\u00a0\u00a0\u00a0\u00a0\u00a0\u00a0\u00a0\u00a0\u00a0\u00a0\u00a0\u00a0\u00a0\u00a0\u00a0\u00a0\u00a0\u00a0\u00a0\u00a0\u00a0\u00a0\u00a0\u00a0\u00a0\u00a0\u00a0\u00a0\u00a0\u00a0\u00a0\u00a0\u00a0\u00a0\u00a0\u00a0\u00a0\u00a0\u00a0\u00a0\u00a0\u00a0\u00a0\u00a0\u00a0\u00a0\u00a0\u00a0\u00a0\u00a0\u00a0\u00a0\u00a0\u00a0\u00a0\u00a0\u00a0\u00a0\u00a0\u00a0\u00a0\u00a0\u00a0\u00a0\u00a0\u00a0\u00a0\u00a0\u00a0\u00a0\u00a0\u00a0\u00a0\u00a0\u00a0\u00a0\u00a0\u00a0\u00a0\u00a0\u00a0\u00a0\u00a0\u00a0\u00a0\u00a0\u00a0\u00a0\u00a0\u00a0\u00a0\u00a0\u00a0\u00a0\u00a0\u00a0\u00a0\u00a0\u00a0\u00a0\u00a0\u00a0\u00a0\u00a0\u00a0\u00a0\u00a0\u00a0\u00a0\u00a0\u00a0\u00a0\u00a0\u00a0\u00a0\u00a0Z\u00e1kon \u010d. 647\/2007 Z. z. o cestovn\u00fdch dokladoch (slu\u017eobn\u00e9 pasy)\u00a0\u00a0\u00a0\u00a0\u00a0\u00a0\u00a0\u00a0\u00a0\u00a0\u00a0\u00a0\u00a0\u00a0\u00a0\u00a0\u00a0\u00a0\u00a0\u00a0\u00a0 \u00a0\u00a0\u00a0\u00a0\u00a0\u00a0\u00a0\u00a0\u00a0\u00a0\u00a0\u00a0\u00a0\u00a0\u00a0\u00a0\u00a0\u00a0\u00a0Z\u00e1kon \u010d. 272\/2016 Z. z. o d\u00f4veryhodn\u00fdch slu\u017eb\u00e1ch pre elektronick\u00e9 transakcie na vn\u00fatornom trhu \u00a0\u00a0(z\u00e1kon o d\u00f4veryhodn\u00fdch slu\u017eb\u00e1ch)<\/p><p style=\"font-size: 15px;\"><span style=\"font-weight: bold;\">do 70 rokov veku zamestnanca<\/span><\/p><\/td><td width=\"189\">Zamestnanci, z\u00e1stupcovia zamestnancov, in\u00e9 opr\u00e1vnen\u00e9 org\u00e1ny \u0161t\u00e1tu, ak poskytovanie \u00fadajov prebieha na z\u00e1klade pravidelnej z\u00e1konnej povinnosti<\/td><\/tr><tr><td width=\"359\">Plnenie povinnost\u00ed zamestn\u00e1vate\u013ea vo\u010di soci\u00e1lnej pois\u0165ovni<\/td><td width=\"482\"><p style=\"font-size: 15px;\">Z\u00e1konn\u00e1 povinnos\u0165\u00a0\u00a0\u00a0\u00a0\u00a0\u00a0 \u00a0\u00a0\u00a0\u00a0\u00a0\u00a0\u00a0\u00a0\u00a0\u00a0\u00a0\u00a0\u00a0\u00a0\u00a0\u00a0\u00a0\u00a0\u00a0\u00a0\u00a0\u00a0\u00a0\u00a0\u00a0\u00a0\u00a0\u00a0\u00a0\u00a0\u00a0\u00a0\u00a0\u00a0\u00a0\u00a0\u00a0\u00a0\u00a0\u00a0\u00a0\u00a0\u00a0\u00a0\u00a0\u00a0\u00a0\u00a0\u00a0\u00a0\u00a0\u00a0\u00a0\u00a0\u00a0\u00a0\u00a0\u00a0\u00a0\u00a0\u00a0\u00a0\u00a0\u00a0\u00a0\u00a0\u00a0\u00a0\u00a0\u00a0\u00a0\u00a0\u00a0\u00a0\u00a0\u00a0\u00a0\u00a0\u00a0\u00a0\u00a0\u00a0\u00a0\u00a0\u00a0\u00a0\u00a0\u00a0\u00a0\u00a0\u00a0\u00a0\u00a0\u00a0\u00a0\u00a0\u00a0\u00a0\u00a0\u00a0\u00a0\u00a0\u00a0\u00a0\u00a0\u00a0\u00a0Z\u00e1kon \u010d. 461\/2003 Z. z. o soci\u00e1lnom poisten\u00ed v znen\u00ed neskor\u0161\u00edch predpisov<\/p><p style=\"font-size: 15px;\">Z\u00e1kon \u010d. 43\/2004 Z. z. o starobnom d\u00f4chodkovom sporen\u00ed v znen\u00ed neskor\u0161\u00edch predpisov<\/p><p style=\"font-size: 15px;\">Z\u00e1kon \u010d. 650\/2004 Z. z. o doplnkovom d\u00f4chodkovom sporen\u00ed a o zmene a doplnen\u00ed niektor\u00fdch z\u00e1konov v znen\u00ed neskor\u0161\u00edch predpisov<\/p><p style=\"font-size: 15px;\">Z\u00e1kon \u010d. 462\/2003 Z. z. o n\u00e1hrade pr\u00edjmu pri do\u010dasnej pracovnej neschopnosti zamestnanca a o zmene a doplnen\u00ed niektor\u00fdch z\u00e1konov v znen\u00ed neskor\u0161\u00edch predpisov<\/p><p style=\"font-size: 15px;\"><span style=\"font-weight: bold;\">10 rokov<\/span><\/p><\/td><td width=\"189\">Soci\u00e1lna pois\u0165ov\u0148a<\/td><\/tr><tr><td width=\"359\">Plnenie povinnost\u00ed zamestn\u00e1vate\u013ea vo\u010di zdravotnej pois\u0165ovni<\/td><td width=\"482\"><p style=\"font-size: 15px;\">Z\u00e1konn\u00e1 povinnos\u0165\u00a0\u00a0\u00a0 \u00a0\u00a0\u00a0\u00a0\u00a0\u00a0\u00a0\u00a0\u00a0\u00a0\u00a0\u00a0\u00a0\u00a0\u00a0\u00a0\u00a0\u00a0\u00a0\u00a0\u00a0\u00a0\u00a0\u00a0\u00a0\u00a0\u00a0\u00a0\u00a0\u00a0\u00a0\u00a0\u00a0\u00a0\u00a0\u00a0\u00a0\u00a0\u00a0\u00a0\u00a0\u00a0\u00a0\u00a0\u00a0\u00a0\u00a0\u00a0\u00a0\u00a0\u00a0\u00a0\u00a0\u00a0\u00a0\u00a0\u00a0\u00a0\u00a0\u00a0\u00a0\u00a0\u00a0\u00a0\u00a0\u00a0\u00a0\u00a0\u00a0\u00a0\u00a0\u00a0\u00a0\u00a0\u00a0\u00a0\u00a0\u00a0\u00a0\u00a0\u00a0\u00a0\u00a0\u00a0\u00a0\u00a0\u00a0\u00a0\u00a0\u00a0\u00a0\u00a0\u00a0\u00a0\u00a0\u00a0\u00a0\u00a0\u00a0\u00a0\u00a0\u00a0\u00a0\u00a0\u00a0\u00a0\u00a0\u00a0\u00a0\u00a0Z\u00e1kon \u010d. 580\/2004 Z. z. o zdravotnom poisten\u00ed o zmene a doplnen\u00ed z\u00e1kona \u010d. 95\/2002 Z. z. o pois\u0165ovn\u00edctve a o zmene a doplnen\u00ed niektor\u00fdch z\u00e1konov v znen\u00ed neskor\u0161\u00edch predpisov<\/p><p style=\"font-size: 15px;\"><span style=\"font-weight: bold;\">10 rokov<\/span><\/p><\/td><td width=\"189\">Zdravotn\u00e9 pois\u0165ovne<\/td><\/tr><tr><td width=\"359\">Kolekt\u00edvne pracovno-pr\u00e1vne vz\u0165ahy, benefity<\/td><td width=\"482\"><p style=\"font-size: 15px;\">Z\u00e1konn\u00e1 povinnos\u0165 v spojen\u00ed s verejn\u00fdm z\u00e1ujmom, Zmluva, S\u00fahlas \/vo v\u00fdnimo\u010dn\u00fdch pr\u00edpadoch\/<\/p><p style=\"font-size: 15px;\">Z\u00e1kon \u010d. 152\/1994 Z. z. o soci\u00e1lnom fonde a o zmene a doplnen\u00ed z\u00e1kona \u010d. 286\/1992 Zb. o daniach z pr\u00edjmov v znen\u00ed neskor\u0161\u00edch predpisov<\/p><p style=\"font-size: 15px;\">\u00a7 229 a\u017e \u00a7 250a z\u00e1kona \u010d.311\/2001 Z. z. Z\u00e1konn\u00edk pr\u00e1ce v znen\u00ed neskor\u0161\u00edch predpisov,\u00a0\u00a0\u00a0\u00a0\u00a0\u00a0\u00a0\u00a0\u00a0\u00a0\u00a0\u00a0\u00a0\u00a0\u00a0\u00a0\u00a0\u00a0\u00a0\u00a0\u00a0\u00a0\u00a0\u00a0\u00a0\u00a0\u00a0\u00a0\u00a0\u00a0\u00a0\u00a0\u00a0\u00a0\u00a0\u00a0\u00a0\u00a0\u00a0\u00a0\u00a0\u00a0\u00a0\u00a0\u00a0\u00a0\u00a0\u00a0\u00a0\u00a0\u00a0\u00a0\u00a0\u00a0\u00a0\u00a0\u00a0 \u00a0\u00a0\u00a0\u00a0\u00a0\u00a0\u00a0\u00a0\u00a0\u00a0\u00a0\u00a0\u00a0\u00a0\u00a0\u00a0\u00a0\u00a0\u00a0\u00a0\u00a0\u00a0\u00a0\u00a0\u00a0\u00a0\u00a0\u00a0\u00a0\u00a0\u00a0\u00a0\u00a0\u00a0\u00a0\u00a0\u00a0\u00a0\u00a0\u00a0\u00a0\u00a0\u00a0\u00a0\u00a0\u00a0\u00a0\u00a0\u00a0\u00a0\u00a0\u00a0\u00a0\u00a0\u00a0Kolekt\u00edvna zmluva\u00a0\u00a0\u00a0\u00a0\u00a0\u00a0\u00a0\u00a0\u00a0\u00a0\u00a0\u00a0\u00a0\u00a0\u00a0\u00a0\u00a0\u00a0\u00a0\u00a0\u00a0\u00a0\u00a0\u00a0\u00a0\u00a0\u00a0\u00a0\u00a0\u00a0\u00a0\u00a0\u00a0\u00a0\u00a0\u00a0\u00a0\u00a0\u00a0\u00a0\u00a0\u00a0\u00a0\u00a0\u00a0\u00a0\u00a0\u00a0\u00a0\u00a0\u00a0\u00a0\u00a0\u00a0\u00a0\u00a0\u00a0\u00a0\u00a0\u00a0\u00a0\u00a0\u00a0\u00a0\u00a0\u00a0\u00a0\u00a0\u00a0\u00a0 \u00a0\u00a0\u00a0\u00a0\u00a0\u00a0\u00a0\u00a0\u00a0\u00a0\u00a0\u00a0\u00a0\u00a0\u00a0\u00a0\u00a0\u00a0\u00a0\u00a0\u00a0\u00a0\u00a0\u00a0\u00a0\u00a0\u00a0\u00a0\u00a0\u00a0\u00a0\u00a0\u00a0\u00a0\u00a0\u00a0\u00a0\u00a0\u00a0\u00a0\u00a0\u00a0\u00a0\u00a0\u00a0Z\u00e1kon \u010d. 91\/2010 Z. z. o podpore cestovn\u00e9ho ruchu ,\u00a0\u00a0\u00a0\u00a0\u00a0\u00a0\u00a0\u00a0\u00a0\u00a0\u00a0\u00a0\u00a0\u00a0\u00a0\u00a0 \u00a0\u00a0\u00a0\u00a0\u00a0\u00a0\u00a0\u00a0\u00a0\u00a0\u00a0\u00a0\u00a0\u00a0\u00a0\u00a0\u00a0\u00a0\u00a0\u00a0\u00a0\u00a0\u00a0\u00a0\u00a0\u00a0\u00a0\u00a0\u00a0\u00a0\u00a0\u00a0\u00a0\u00a0\u00a0\u00a0\u00a0\u00a0\u00a0\u00a0\u00a0\u00a0\u00a0\u00a0Podrobnej\u0161ie inform\u00e1cie s\u00fa poskytnut\u00e9 v konkr\u00e9tnych pr\u00edpadoch.<\/p><p style=\"font-size: 15px;\"><span style=\"font-weight: bold;\">10 rokov<\/span><\/p><\/td><td width=\"189\">Z\u00e1stupcovia zamestnancov, zamestnanci, rodinn\u00ed pr\u00edslu\u0161n\u00edci zamestnancov<\/td><\/tr><tr><td width=\"359\">Plnenie povinnost\u00ed zamestn\u00e1vate\u013ea na \u00faseku bezpe\u010dnosti a ochrany zdravia a pracovnej zdravotnej slu\u017eby<\/td><td width=\"482\"><p style=\"font-size: 15px;\">Z\u00e1konn\u00e1 povinnos\u0165\u00a0\u00a0 \u00a0\u00a0\u00a0\u00a0\u00a0\u00a0\u00a0\u00a0\u00a0\u00a0\u00a0\u00a0\u00a0\u00a0\u00a0\u00a0\u00a0\u00a0\u00a0\u00a0\u00a0\u00a0\u00a0\u00a0\u00a0\u00a0\u00a0\u00a0\u00a0\u00a0\u00a0\u00a0\u00a0\u00a0\u00a0\u00a0\u00a0\u00a0\u00a0\u00a0\u00a0\u00a0\u00a0\u00a0\u00a0\u00a0\u00a0\u00a0\u00a0\u00a0\u00a0\u00a0\u00a0\u00a0\u00a0\u00a0\u00a0\u00a0\u00a0\u00a0\u00a0\u00a0\u00a0\u00a0\u00a0\u00a0\u00a0\u00a0\u00a0\u00a0\u00a0\u00a0\u00a0\u00a0\u00a0\u00a0\u00a0\u00a0\u00a0\u00a0\u00a0\u00a0\u00a0\u00a0\u00a0\u00a0\u00a0\u00a0\u00a0\u00a0\u00a0\u00a0\u00a0\u00a0\u00a0\u00a0\u00a0\u00a0\u00a0\u00a0\u00a0\u00a0\u00a0\u00a0\u00a0\u00a0\u00a0\u00a0\u00a0\u00a0\u00a0\u00a0Z\u00e1kon \u010d. 124\/2006 Z. z. o bezpe\u010dnosti a ochrane zdravia pri pr\u00e1ce a o zmene a doplnen\u00ed niektor\u00fdch z\u00e1konov v znen\u00ed neskor\u0161\u00edch predpisov\u00a0\u00a0\u00a0\u00a0\u00a0\u00a0\u00a0\u00a0\u00a0\u00a0\u00a0\u00a0\u00a0\u00a0\u00a0\u00a0\u00a0\u00a0\u00a0 \u00a0\u00a0\u00a0\u00a0\u00a0\u00a0\u00a0\u00a0\u00a0\u00a0\u00a0\u00a0\u00a0\u00a0\u00a0\u00a0\u00a0\u00a0\u00a0\u00a0\u00a0\u00a0\u00a0\u00a0\u00a0\u00a0\u00a0\u00a0\u00a0\u00a0\u00a0\u00a0\u00a0\u00a0\u00a0\u00a0\u00a0\u00a0\u00a0\u00a0\u00a0\u00a0\u00a0\u00a0\u00a0\u00a0\u00a0\u00a0\u00a0\u00a0\u00a0\u00a0\u00a0\u00a0\u00a0\u00a0\u00a0\u00a0\u00a0\u00a0\u00a0\u00a0Z\u00e1kon \u010d. 355\/2007 Z. z. o ochrane, podpore a rozvoji verejn\u00e9ho zdravia a o zmene a doplnen\u00ed niektor\u00fdch z\u00e1konov v znen\u00ed neskor\u0161\u00edch predpisov<\/p><p style=\"font-size: 15px;\"><span style=\"font-weight: bold;\">5 rokov po ukon\u010den\u00ed alebo z\u00e1niku povinnosti<\/span><\/p><\/td><td width=\"189\">\u0160koliaci subjekt, zamestn\u00e1vate\u013e<\/td><\/tr><tr><td width=\"359\">Plnenie da\u0148ov\u00fdch povinnost\u00ed<\/td><td width=\"482\"><p style=\"font-size: 15px;\">Z\u00e1konn\u00e1 povinnos\u0165\u00a0\u00a0\u00a0\u00a0\u00a0\u00a0\u00a0\u00a0\u00a0\u00a0\u00a0\u00a0\u00a0\u00a0\u00a0 \u00a0\u00a0\u00a0\u00a0\u00a0\u00a0\u00a0\u00a0\u00a0\u00a0\u00a0\u00a0\u00a0\u00a0\u00a0\u00a0\u00a0\u00a0\u00a0\u00a0\u00a0\u00a0\u00a0\u00a0\u00a0\u00a0\u00a0\u00a0\u00a0\u00a0\u00a0\u00a0\u00a0\u00a0\u00a0\u00a0\u00a0\u00a0\u00a0\u00a0\u00a0\u00a0\u00a0\u00a0\u00a0\u00a0\u00a0\u00a0\u00a0\u00a0\u00a0\u00a0\u00a0\u00a0\u00a0\u00a0\u00a0\u00a0\u00a0\u00a0\u00a0\u00a0\u00a0\u00a0\u00a0\u00a0\u00a0\u00a0\u00a0\u00a0\u00a0\u00a0\u00a0\u00a0\u00a0\u00a0\u00a0\u00a0\u00a0\u00a0\u00a0\u00a0\u00a0\u00a0\u00a0\u00a0\u00a0\u00a0\u00a0\u00a0\u00a0\u00a0\u00a0\u00a0\u00a0\u00a0\u00a0\u00a0\u00a0Z\u00e1kon \u010d.595\/2003 Z. z. o dani z pr\u00edjmov v znen\u00ed neskor\u0161\u00edch predpisov<\/p><p style=\"font-size: 15px;\"><span style=\"font-weight: bold;\">10 rokov<\/span><\/p><\/td><td width=\"189\">Da\u0148ov\u00fd \u00farad<\/td><\/tr><\/tbody><\/table><p style=\"font-size: 15px; font-style: normal; font-weight: 400;\"><span style=\"font-weight: bold;\">\u00a0<\/span><\/p><p style=\"font-size: 15px; font-style: normal; font-weight: 400;\"><span style=\"font-weight: bold;\">\u00a0<\/span><\/p><p style=\"font-size: 15px; font-style: normal; font-weight: 400;\"><a href=\"https:\/\/siov.sk\/gdpr\/?elementor-preview=4747&amp;ver=1627286983#_ftnref1\" name=\"_ftn1\">[1]<\/a>\u00a0Nariadenie Eur\u00f3pskeho parlamentu a Rady (E\u00da) 2016\/679 z 27. apr\u00edla 2016 o ochrane fyzick\u00fdch os\u00f4b pri sprac\u00favan\u00ed osobn\u00fdch \u00fadajov a o vo\u013enom pohybe tak\u00fdchto \u00fadajov, ktor\u00fdm sa zru\u0161uje smernica 95\/46\/ES (v\u0161eobecn\u00e9 nariadenie o ochrane \u00fadajov).<\/p><p style=\"font-size: 15px; font-style: normal; font-weight: 400;\"><a href=\"https:\/\/siov.sk\/gdpr\/?elementor-preview=4747&amp;ver=1627286983#_ftnref2\" name=\"_ftn2\">[2]<\/a>\u00a0Z\u00e1kon \u010d. 18\/2018 Z. z. o\u00a0ochrane osobn\u00fdch \u00fadajov.<\/p><p style=\"font-size: 15px; font-style: normal; font-weight: 400;\"><a href=\"https:\/\/siov.sk\/gdpr\/?elementor-preview=4747&amp;ver=1627286983#_ftnref3\" name=\"_ftn3\">[3]<\/a>\u00a0Napr\u00edklad Z\u00e1kon \u010d. 171\/1993 Z. z. o\u00a0Policajnom zbore; z\u00e1kon \u010d. 18\/2018 Z. z. o\u00a0ochrane osobn\u00fdch \u00fadajov.<\/p>\t\t\t\t\t\t\t\t<\/div>\n\t\t\t\t<\/div>\n\t\t\t\t\t<\/div>\n\t\t<\/div>\n\t\t\t\t\t<\/div>\n\t\t<\/section>\n\t\t\t\t<\/div>\n\t\t","protected":false},"excerpt":{"rendered":"<p>Ochrana osobn\u00fdch \u00fadajov Vyhl\u00e1senie o\u00a0sprac\u00favan\u00ed osobn\u00fdch \u00fadajov \u00a0(v\u0161eobecn\u00e9) Vyhlasenie o sprac\u00favan\u00ed osobn\u00fdch \u00fadajov\u00a0(pdf) V\u00a0s\u00falade s Nariaden\u00edm[1]\u00a0a\u00a0Z\u00e1konom o\u00a0ochrane osobn\u00fdch \u00fadajov[2]\u00a0prev\u00e1dzkovate\u013e \u00a0\u0160t\u00e1tny in\u0161tit\u00fat\u00a0 odborn\u00e9ho vzdel\u00e1vania so s\u00eddlom: Bellova 54\/a, 833 63 Bratislava, I\u010cO: 17314852 (\u010falej aj \u201e\u0160IOV\u201c alebo \u201eprev\u00e1dzkovate\u013e\u201c), sprac\u00fava va\u0161e osobn\u00e9 \u00fadaje na r\u00f4zne \u00fa\u010dely, ktor\u00e9 s\u00favisia so z\u00e1konn\u00fdmi \u010dinnos\u0165ami \u0160IOV. Ako prev\u00e1dzkovate\u013e m\u00e1me z\u00e1konn\u00fa povinnos\u0165 [&hellip;]<\/p>\n","protected":false},"author":6,"featured_media":0,"parent":0,"menu_order":0,"comment_status":"closed","ping_status":"closed","template":"","meta":{"site-sidebar-layout":"default","site-content-layout":"default","ast-site-content-layout":"default","site-content-style":"default","site-sidebar-style":"default","ast-global-header-display":"","ast-banner-title-visibility":"","ast-main-header-display":"","ast-hfb-above-header-display":"","ast-hfb-below-header-display":"","ast-hfb-mobile-header-display":"","site-post-title":"disabled","ast-breadcrumbs-content":"","ast-featured-img":"","footer-sml-layout":"","ast-disable-related-posts":"","theme-transparent-header-meta":"default","adv-header-id-meta":"","stick-header-meta":"","header-above-stick-meta":"","header-main-stick-meta":"","header-below-stick-meta":"","astra-migrate-meta-layouts":"default","ast-page-background-enabled":"default","ast-page-background-meta":{"desktop":{"background-color":"var(--ast-global-color-4)","background-image":"","background-repeat":"repeat","background-position":"center center","background-size":"auto","background-attachment":"scroll","background-type":"","background-media":"","overlay-type":"","overlay-color":"","overlay-opacity":"","overlay-gradient":""},"tablet":{"background-color":"","background-image":"","background-repeat":"repeat","background-position":"center center","background-size":"auto","background-attachment":"scroll","background-type":"","background-media":"","overlay-type":"","overlay-color":"","overlay-opacity":"","overlay-gradient":""},"mobile":{"background-color":"","background-image":"","background-repeat":"repeat","background-position":"center center","background-size":"auto","background-attachment":"scroll","background-type":"","background-media":"","overlay-type":"","overlay-color":"","overlay-opacity":"","overlay-gradient":""}},"ast-content-background-meta":{"desktop":{"background-color":"var(--ast-global-color-5)","background-image":"","background-repeat":"repeat","background-position":"center center","background-size":"auto","background-attachment":"scroll","background-type":"","background-media":"","overlay-type":"","overlay-color":"","overlay-opacity":"","overlay-gradient":""},"tablet":{"background-color":"var(--ast-global-color-5)","background-image":"","background-repeat":"repeat","background-position":"center center","background-size":"auto","background-attachment":"scroll","background-type":"","background-media":"","overlay-type":"","overlay-color":"","overlay-opacity":"","overlay-gradient":""},"mobile":{"background-color":"var(--ast-global-color-5)","background-image":"","background-repeat":"repeat","background-position":"center center","background-size":"auto","background-attachment":"scroll","background-type":"","background-media":"","overlay-type":"","overlay-color":"","overlay-opacity":"","overlay-gradient":""}},"footnotes":""},"class_list":["post-4747","page","type-page","status-publish","hentry"],"yoast_head":"<!-- This site is optimized with the Yoast SEO plugin v27.5 - https:\/\/yoast.com\/product\/yoast-seo-wordpress\/ -->\n<title>Ochrana osobn\u00fdch \u00fadajov - \u0160IOV - \u0161t\u00e1tny in\u0161tit\u00fat odborn\u00e9ho vzdel\u00e1vania<\/title>\n<meta name=\"robots\" content=\"index, follow, max-snippet:-1, max-image-preview:large, max-video-preview:-1\" \/>\n<link rel=\"canonical\" href=\"https:\/\/archiv.siov.sk\/en\/gdpr\/\" \/>\n<meta property=\"og:locale\" content=\"en_GB\" \/>\n<meta property=\"og:type\" content=\"article\" \/>\n<meta property=\"og:title\" content=\"Ochrana osobn\u00fdch \u00fadajov - \u0160IOV - \u0161t\u00e1tny in\u0161tit\u00fat odborn\u00e9ho vzdel\u00e1vania\" \/>\n<meta property=\"og:description\" content=\"Ochrana osobn\u00fdch \u00fadajov Vyhl\u00e1senie o\u00a0sprac\u00favan\u00ed osobn\u00fdch \u00fadajov \u00a0(v\u0161eobecn\u00e9) Vyhlasenie o sprac\u00favan\u00ed osobn\u00fdch \u00fadajov\u00a0(pdf) V\u00a0s\u00falade s Nariaden\u00edm[1]\u00a0a\u00a0Z\u00e1konom o\u00a0ochrane osobn\u00fdch \u00fadajov[2]\u00a0prev\u00e1dzkovate\u013e \u00a0\u0160t\u00e1tny in\u0161tit\u00fat\u00a0 odborn\u00e9ho vzdel\u00e1vania so s\u00eddlom: Bellova 54\/a, 833 63 Bratislava, I\u010cO: 17314852 (\u010falej aj \u201e\u0160IOV\u201c alebo \u201eprev\u00e1dzkovate\u013e\u201c), sprac\u00fava va\u0161e osobn\u00e9 \u00fadaje na r\u00f4zne \u00fa\u010dely, ktor\u00e9 s\u00favisia so z\u00e1konn\u00fdmi \u010dinnos\u0165ami \u0160IOV. Ako prev\u00e1dzkovate\u013e m\u00e1me z\u00e1konn\u00fa povinnos\u0165 [&hellip;]\" \/>\n<meta property=\"og:url\" content=\"https:\/\/archiv.siov.sk\/en\/gdpr\/\" \/>\n<meta property=\"og:site_name\" content=\"\u0160IOV - \u0161t\u00e1tny in\u0161tit\u00fat odborn\u00e9ho vzdel\u00e1vania\" \/>\n<meta property=\"article:publisher\" content=\"https:\/\/www.facebook.com\/Statnyinstitutodbornehovzdelavania\" \/>\n<meta property=\"article:modified_time\" content=\"2025-05-13T11:27:03+00:00\" \/>\n<meta name=\"twitter:card\" content=\"summary_large_image\" \/>\n<meta name=\"twitter:label1\" content=\"Estimated reading time\" \/>\n\t<meta name=\"twitter:data1\" content=\"20 minutes\" \/>\n<script type=\"application\/ld+json\" class=\"yoast-schema-graph\">{\"@context\":\"https:\\\/\\\/schema.org\",\"@graph\":[{\"@type\":\"WebPage\",\"@id\":\"https:\\\/\\\/archiv.siov.sk\\\/en\\\/gdpr\\\/\",\"url\":\"https:\\\/\\\/archiv.siov.sk\\\/en\\\/gdpr\\\/\",\"name\":\"Ochrana osobn\u00fdch \u00fadajov - \u0160IOV - \u0161t\u00e1tny in\u0161tit\u00fat odborn\u00e9ho vzdel\u00e1vania\",\"isPartOf\":{\"@id\":\"https:\\\/\\\/archiv.siov.sk\\\/#website\"},\"datePublished\":\"2020-01-13T13:38:35+00:00\",\"dateModified\":\"2025-05-13T11:27:03+00:00\",\"breadcrumb\":{\"@id\":\"https:\\\/\\\/archiv.siov.sk\\\/en\\\/gdpr\\\/#breadcrumb\"},\"inLanguage\":\"en-GB\",\"potentialAction\":[{\"@type\":\"ReadAction\",\"target\":[\"https:\\\/\\\/archiv.siov.sk\\\/en\\\/gdpr\\\/\"]}]},{\"@type\":\"BreadcrumbList\",\"@id\":\"https:\\\/\\\/archiv.siov.sk\\\/en\\\/gdpr\\\/#breadcrumb\",\"itemListElement\":[{\"@type\":\"ListItem\",\"position\":1,\"name\":\"Home\",\"item\":\"https:\\\/\\\/archiv.siov.sk\\\/\"},{\"@type\":\"ListItem\",\"position\":2,\"name\":\"Ochrana osobn\u00fdch \u00fadajov\"}]},{\"@type\":\"WebSite\",\"@id\":\"https:\\\/\\\/archiv.siov.sk\\\/#website\",\"url\":\"https:\\\/\\\/archiv.siov.sk\\\/\",\"name\":\"\u0160IOV - \u0161t\u00e1tny in\u0161tit\u00fat odborn\u00e9ho vzdel\u00e1vania\",\"description\":\"\",\"publisher\":{\"@id\":\"https:\\\/\\\/archiv.siov.sk\\\/#organization\"},\"potentialAction\":[{\"@type\":\"SearchAction\",\"target\":{\"@type\":\"EntryPoint\",\"urlTemplate\":\"https:\\\/\\\/archiv.siov.sk\\\/?s={search_term_string}\"},\"query-input\":{\"@type\":\"PropertyValueSpecification\",\"valueRequired\":true,\"valueName\":\"search_term_string\"}}],\"inLanguage\":\"en-GB\"},{\"@type\":\"Organization\",\"@id\":\"https:\\\/\\\/archiv.siov.sk\\\/#organization\",\"name\":\"\u0160IOV - \u0161t\u00e1tny in\u0161tit\u00fat odborn\u00e9ho vzdel\u00e1vania\",\"url\":\"https:\\\/\\\/archiv.siov.sk\\\/\",\"logo\":{\"@type\":\"ImageObject\",\"inLanguage\":\"en-GB\",\"@id\":\"https:\\\/\\\/archiv.siov.sk\\\/#\\\/schema\\\/logo\\\/image\\\/\",\"url\":\"https:\\\/\\\/archiv.siov.sk\\\/wp-content\\\/uploads\\\/2024\\\/02\\\/logo-SIOV.png\",\"contentUrl\":\"https:\\\/\\\/archiv.siov.sk\\\/wp-content\\\/uploads\\\/2024\\\/02\\\/logo-SIOV.png\",\"width\":431,\"height\":143,\"caption\":\"\u0160IOV - \u0161t\u00e1tny in\u0161tit\u00fat odborn\u00e9ho vzdel\u00e1vania\"},\"image\":{\"@id\":\"https:\\\/\\\/archiv.siov.sk\\\/#\\\/schema\\\/logo\\\/image\\\/\"},\"sameAs\":[\"https:\\\/\\\/www.facebook.com\\\/Statnyinstitutodbornehovzdelavania\"]}]}<\/script>\n<!-- \/ Yoast SEO plugin. -->","yoast_head_json":{"title":"Ochrana osobn\u00fdch \u00fadajov - \u0160IOV - \u0161t\u00e1tny in\u0161tit\u00fat odborn\u00e9ho vzdel\u00e1vania","robots":{"index":"index","follow":"follow","max-snippet":"max-snippet:-1","max-image-preview":"max-image-preview:large","max-video-preview":"max-video-preview:-1"},"canonical":"https:\/\/archiv.siov.sk\/en\/gdpr\/","og_locale":"en_GB","og_type":"article","og_title":"Ochrana osobn\u00fdch \u00fadajov - \u0160IOV - \u0161t\u00e1tny in\u0161tit\u00fat odborn\u00e9ho vzdel\u00e1vania","og_description":"Ochrana osobn\u00fdch \u00fadajov Vyhl\u00e1senie o\u00a0sprac\u00favan\u00ed osobn\u00fdch \u00fadajov \u00a0(v\u0161eobecn\u00e9) Vyhlasenie o sprac\u00favan\u00ed osobn\u00fdch \u00fadajov\u00a0(pdf) V\u00a0s\u00falade s Nariaden\u00edm[1]\u00a0a\u00a0Z\u00e1konom o\u00a0ochrane osobn\u00fdch \u00fadajov[2]\u00a0prev\u00e1dzkovate\u013e \u00a0\u0160t\u00e1tny in\u0161tit\u00fat\u00a0 odborn\u00e9ho vzdel\u00e1vania so s\u00eddlom: Bellova 54\/a, 833 63 Bratislava, I\u010cO: 17314852 (\u010falej aj \u201e\u0160IOV\u201c alebo \u201eprev\u00e1dzkovate\u013e\u201c), sprac\u00fava va\u0161e osobn\u00e9 \u00fadaje na r\u00f4zne \u00fa\u010dely, ktor\u00e9 s\u00favisia so z\u00e1konn\u00fdmi \u010dinnos\u0165ami \u0160IOV. Ako prev\u00e1dzkovate\u013e m\u00e1me z\u00e1konn\u00fa povinnos\u0165 [&hellip;]","og_url":"https:\/\/archiv.siov.sk\/en\/gdpr\/","og_site_name":"\u0160IOV - \u0161t\u00e1tny in\u0161tit\u00fat odborn\u00e9ho vzdel\u00e1vania","article_publisher":"https:\/\/www.facebook.com\/Statnyinstitutodbornehovzdelavania","article_modified_time":"2025-05-13T11:27:03+00:00","twitter_card":"summary_large_image","twitter_misc":{"Estimated reading time":"20 minutes"},"schema":{"@context":"https:\/\/schema.org","@graph":[{"@type":"WebPage","@id":"https:\/\/archiv.siov.sk\/en\/gdpr\/","url":"https:\/\/archiv.siov.sk\/en\/gdpr\/","name":"Ochrana osobn\u00fdch \u00fadajov - \u0160IOV - \u0161t\u00e1tny in\u0161tit\u00fat odborn\u00e9ho vzdel\u00e1vania","isPartOf":{"@id":"https:\/\/archiv.siov.sk\/#website"},"datePublished":"2020-01-13T13:38:35+00:00","dateModified":"2025-05-13T11:27:03+00:00","breadcrumb":{"@id":"https:\/\/archiv.siov.sk\/en\/gdpr\/#breadcrumb"},"inLanguage":"en-GB","potentialAction":[{"@type":"ReadAction","target":["https:\/\/archiv.siov.sk\/en\/gdpr\/"]}]},{"@type":"BreadcrumbList","@id":"https:\/\/archiv.siov.sk\/en\/gdpr\/#breadcrumb","itemListElement":[{"@type":"ListItem","position":1,"name":"Home","item":"https:\/\/archiv.siov.sk\/"},{"@type":"ListItem","position":2,"name":"Ochrana osobn\u00fdch \u00fadajov"}]},{"@type":"WebSite","@id":"https:\/\/archiv.siov.sk\/#website","url":"https:\/\/archiv.siov.sk\/","name":"\u0160IOV - \u0161t\u00e1tny in\u0161tit\u00fat odborn\u00e9ho vzdel\u00e1vania","description":"","publisher":{"@id":"https:\/\/archiv.siov.sk\/#organization"},"potentialAction":[{"@type":"SearchAction","target":{"@type":"EntryPoint","urlTemplate":"https:\/\/archiv.siov.sk\/?s={search_term_string}"},"query-input":{"@type":"PropertyValueSpecification","valueRequired":true,"valueName":"search_term_string"}}],"inLanguage":"en-GB"},{"@type":"Organization","@id":"https:\/\/archiv.siov.sk\/#organization","name":"\u0160IOV - \u0161t\u00e1tny in\u0161tit\u00fat odborn\u00e9ho vzdel\u00e1vania","url":"https:\/\/archiv.siov.sk\/","logo":{"@type":"ImageObject","inLanguage":"en-GB","@id":"https:\/\/archiv.siov.sk\/#\/schema\/logo\/image\/","url":"https:\/\/archiv.siov.sk\/wp-content\/uploads\/2024\/02\/logo-SIOV.png","contentUrl":"https:\/\/archiv.siov.sk\/wp-content\/uploads\/2024\/02\/logo-SIOV.png","width":431,"height":143,"caption":"\u0160IOV - \u0161t\u00e1tny in\u0161tit\u00fat odborn\u00e9ho vzdel\u00e1vania"},"image":{"@id":"https:\/\/archiv.siov.sk\/#\/schema\/logo\/image\/"},"sameAs":["https:\/\/www.facebook.com\/Statnyinstitutodbornehovzdelavania"]}]}},"_links":{"self":[{"href":"https:\/\/archiv.siov.sk\/en\/wp-json\/wp\/v2\/pages\/4747","targetHints":{"allow":["GET"]}}],"collection":[{"href":"https:\/\/archiv.siov.sk\/en\/wp-json\/wp\/v2\/pages"}],"about":[{"href":"https:\/\/archiv.siov.sk\/en\/wp-json\/wp\/v2\/types\/page"}],"author":[{"embeddable":true,"href":"https:\/\/archiv.siov.sk\/en\/wp-json\/wp\/v2\/users\/6"}],"replies":[{"embeddable":true,"href":"https:\/\/archiv.siov.sk\/en\/wp-json\/wp\/v2\/comments?post=4747"}],"version-history":[{"count":13,"href":"https:\/\/archiv.siov.sk\/en\/wp-json\/wp\/v2\/pages\/4747\/revisions"}],"predecessor-version":[{"id":18846,"href":"https:\/\/archiv.siov.sk\/en\/wp-json\/wp\/v2\/pages\/4747\/revisions\/18846"}],"wp:attachment":[{"href":"https:\/\/archiv.siov.sk\/en\/wp-json\/wp\/v2\/media?parent=4747"}],"curies":[{"name":"wp","href":"https:\/\/api.w.org\/{rel}","templated":true}]}}