{"id":4149,"date":"2019-08-09T07:50:48","date_gmt":"2019-08-09T05:50:48","guid":{"rendered":"http:\/\/archiv.siov.sk\/?page_id=4149"},"modified":"2021-11-09T13:29:52","modified_gmt":"2021-11-09T12:29:52","slug":"slovensky-kvalifikacny-ramec-a-europsky-kvalifikacny-ramec","status":"publish","type":"page","link":"https:\/\/archiv.siov.sk\/en\/medzinarodna-spolupraca\/slovensky-kvalifikacny-ramec-a-europsky-kvalifikacny-ramec\/","title":{"rendered":"Slovensk\u00fd kvalifika\u010dn\u00fd r\u00e1mec a\u00a0Eur\u00f3psky kvalifika\u010dn\u00fd r\u00e1mec"},"content":{"rendered":"<div data-elementor-type=\"wp-page\" data-elementor-id=\"4149\" class=\"elementor elementor-4149\" data-elementor-post-type=\"page\">\n\t\t\t\t\t\t<section class=\"elementor-section elementor-top-section elementor-element elementor-element-1b6ca37 elementor-section-boxed elementor-section-height-default elementor-section-height-default\" data-id=\"1b6ca37\" data-element_type=\"section\" data-e-type=\"section\">\n\t\t\t\t\t\t<div class=\"elementor-container elementor-column-gap-default\">\n\t\t\t\t\t<div class=\"elementor-column elementor-col-100 elementor-top-column elementor-element elementor-element-2607018\" data-id=\"2607018\" data-element_type=\"column\" data-e-type=\"column\">\n\t\t\t<div class=\"elementor-widget-wrap elementor-element-populated\">\n\t\t\t\t\t\t<div class=\"elementor-element elementor-element-5fb95cc elementor-widget-divider--view-line elementor-widget elementor-widget-divider\" data-id=\"5fb95cc\" data-element_type=\"widget\" data-e-type=\"widget\" data-widget_type=\"divider.default\">\n\t\t\t\t<div class=\"elementor-widget-container\">\n\t\t\t\t\t\t\t<div class=\"elementor-divider\">\n\t\t\t<span class=\"elementor-divider-separator\">\n\t\t\t\t\t\t<\/span>\n\t\t<\/div>\n\t\t\t\t\t\t<\/div>\n\t\t\t\t<\/div>\n\t\t\t\t<div class=\"elementor-element elementor-element-896f3de elementor-widget elementor-widget-heading\" data-id=\"896f3de\" data-element_type=\"widget\" data-e-type=\"widget\" data-widget_type=\"heading.default\">\n\t\t\t\t<div class=\"elementor-widget-container\">\n\t\t\t\t\t<h2 class=\"elementor-heading-title elementor-size-default\">Slovensk\u00fd kvalifika\u010dn\u00fd r\u00e1mec a Eur\u00f3psky kvalifika\u010dn\u00fd r\u00e1mec<\/h2>\t\t\t\t<\/div>\n\t\t\t\t<\/div>\n\t\t\t\t\t<\/div>\n\t\t<\/div>\n\t\t\t\t\t<\/div>\n\t\t<\/section>\n\t\t\t\t<section class=\"elementor-section elementor-top-section elementor-element elementor-element-6a1d423d elementor-section-boxed elementor-section-height-default elementor-section-height-default\" data-id=\"6a1d423d\" data-element_type=\"section\" data-e-type=\"section\">\n\t\t\t\t\t\t<div class=\"elementor-container elementor-column-gap-default\">\n\t\t\t\t\t<div class=\"elementor-column elementor-col-100 elementor-top-column elementor-element elementor-element-66e103a\" data-id=\"66e103a\" data-element_type=\"column\" data-e-type=\"column\">\n\t\t\t<div class=\"elementor-widget-wrap elementor-element-populated\">\n\t\t\t\t\t\t<div class=\"elementor-element elementor-element-2db6f804 elementor-widget elementor-widget-text-editor\" data-id=\"2db6f804\" data-element_type=\"widget\" data-e-type=\"widget\" data-widget_type=\"text-editor.default\">\n\t\t\t\t<div class=\"elementor-widget-container\">\n\t\t\t\t\t\t\t\t\t<p>Slovensk\u00fd kvalifika\u010dn\u00fd r\u00e1mec (SKKR) je komplexny\u0301 r\u00e1mec, ktor\u00fd obsahuje v\u0161etky kvalifik\u00e1cie ude\u013eovan\u00e9 v syst\u00e9me v\u0161eobecn\u00e9ho vzdel\u00e1vania, odborn\u00e9ho vzdel\u00e1vania, vysoko\u0161kolsk\u00e9ho vzdel\u00e1vania a \u010fal\u0161ieho vzdel\u00e1vania na Slovensku, ktor\u00e9 je mo\u017en\u00e9 z\u00edska\u0165 cestou form\u00e1lneho (\u0161kolsk\u00e9ho) vzdel\u00e1vania, neform\u00e1lneho (\u010fal\u0161ieho) vzdel\u00e1vania a inform\u00e1lneho u\u010denia sa.<\/p><p><strong>SKKR je n\u00e1strojom na:<\/strong><\/p><ul><li>klasifik\u00e1ciu kvalifik\u00e1ci\u00ed pod\u013ea s\u00faboru krit\u00e9ri\u00ed, ktor\u00e9 s\u00fa pop\u00edsan\u00e9 ako po\u017eadovan\u00e9 vedomosti, zru\u010dnosti a kompetencie (tzv. vzdel\u00e1vacie v\u00fdstupy),<\/li><li>zabezpe\u010denie transparentnosti a zrozumite\u013enosti kvalifik\u00e1ci\u00ed na Slovensku,<\/li><li>jednoduch\u0161\u00ed prenos potrieb trhu pr\u00e1ce do syst\u00e9mu vzdel\u00e1vania,<br \/>garantovanie kvality kvalifik\u00e1ci\u00ed.<\/li><\/ul><p><strong>Najd\u00f4le\u017eitej\u0161\u00edmi \u00falohami SKKR je podpora celo\u017eivotn\u00e9ho vzdel\u00e1vania a umo\u017enenie overovania a uzn\u00e1vania kvalifik\u00e1ci\u00ed (valid\u00e1cie).<\/strong><\/p><p><a href=\"https:\/\/siov.sk\/wp-content\/uploads\/2019\/08\/INFORM-brozura-SKKR-final.pdf\">Slovensk\u00fd kvalifika\u010dn\u00fd r\u00e1mec m\u00e1 8 \u00farovn\u00ed<\/a>, ktor\u00e9 s\u00fa prepojen\u00e9 na \u00farovne <a href=\"https:\/\/ec.europa.eu\/ploteus\/content\/descriptors-page\" target=\"_blank\" rel=\"noopener noreferrer\">Eur\u00f3pskeho kvalifika\u010dn\u00e9ho r\u00e1mca<\/a>. Eur\u00f3psky kvalifika\u010dn\u00fd r\u00e1mec (EKR) je spolo\u010dn\u00fd referen\u010dn\u00fd r\u00e1mec, ktor\u00fd pom\u00e1ha pochopi\u0165, porovna\u0165 a uzn\u00e1va\u0165 kvalifik\u00e1cie z\u00edskan\u00e9 v Eur\u00f3pskej \u00fanii. Toto vz\u00e1jomn\u00e9 prepojenie umo\u017e\u0148uje porozumenie slovensk\u00fdm kvalifik\u00e1ci\u00e1m kdeko\u013evek v Eur\u00f3pskej \u00fanii.<\/p><p><strong>Na zabezpe\u010denie tejto zrozumite\u013enosti sa \u00farovne SKRR a EKR od \u0161kolsk\u00e9ho roka 2018\/2019 uv\u00e1dzaj\u00fa na v\u0161etk\u00fdch vysved\u010deniach a osved\u010deniach o z\u00edskanej kvalifik\u00e1cii a na dodatkoch k vysoko\u0161kolsk\u00fdm diplomom.<\/strong><\/p><p>\u00darove\u0148 kvalifika\u010dn\u00e9ho r\u00e1mca sa uv\u00e1dza aj pri popisovan\u00ed z\u00edskan\u00e9ho vzdelania \/ kvalifik\u00e1cie vo form\u00e1te \u017eivotopisu <a href=\"https:\/\/europass.cedefop.europa.eu\/sk\" target=\"_blank\" rel=\"noopener noreferrer\">Europass<\/a>.<\/p><h2>Slovensk\u00fd kvalifika\u010dn\u00fd r\u00e1mec<\/h2><p><img fetchpriority=\"high\" decoding=\"async\" class=\"wp-image-4154 size-full\" src=\"http:\/\/siov.sk\/wp-content\/uploads\/2019\/08\/skkr.jpg\" alt=\"Slovensk\u00fd kvalifika\u010dn\u00fd r\u00e1mec\" width=\"986\" height=\"600\" srcset=\"https:\/\/archiv.siov.sk\/wp-content\/uploads\/2019\/08\/skkr.jpg 986w, https:\/\/archiv.siov.sk\/wp-content\/uploads\/2019\/08\/skkr-300x183.jpg 300w, https:\/\/archiv.siov.sk\/wp-content\/uploads\/2019\/08\/skkr-768x467.jpg 768w, https:\/\/archiv.siov.sk\/wp-content\/uploads\/2019\/08\/skkr-480x292.jpg 480w\" sizes=\"(max-width: 986px) 100vw, 986px\" \/><\/p><hr \/><h2>Preh\u013ead kvalifik\u00e1ci\u00ed v\u00a0r\u00e1mci Slovensk\u00e9ho kvalifika\u010dn\u00e9ho r\u00e1mca<\/h2><table class=\"table\" style=\"text-align: left; width: 100%;\" border=\"0\" cellspacing=\"5\" cellpadding=\"5\"><tbody><tr style=\"vertical-align: top;\" bgcolor=\"#e7ecf4\"><td><strong>\u00darove\u0148 SKKR<\/strong><\/td><td><strong>Vzdel\u00e1vacia cesta<\/strong><\/td><td><strong>Doklad o kvalifik\u00e1cii<\/strong><\/td><\/tr><tr><td style=\"text-align: center;\" bgcolor=\"#e7ecf4\"><strong>1<\/strong><\/td><td>form\u00e1lne vzdel\u00e1vanie<\/td><td>Vysved\u010denie s dolo\u017ekou<\/td><\/tr><tr><td style=\"text-align: center;\" rowspan=\"3\" bgcolor=\"#e7ecf4\"><strong>2<\/strong><\/td><td bgcolor=\"#f7f9fb\">form\u00e1lne vzdel\u00e1vanie<\/td><td bgcolor=\"#f7f9fb\">Vysved\u010denie s dolo\u017ekou<\/td><\/tr><tr style=\"vertical-align: top;\"><td>form\u00e1lne vzdel\u00e1vanie<\/td><td>Vysved\u010denie o z\u00e1vere\u010dnej sk\u00fa\u0161ke a\u00a0v\u00fdu\u010dn\u00fd list<\/td><\/tr><tr style=\"vertical-align: top;\"><td bgcolor=\"#f7f9fb\">neform\u00e1lne vzdel\u00e1vanie a inform\u00e1lne u\u010denie sa<\/td><td bgcolor=\"#f7f9fb\">Osved\u010denie o kvalifik\u00e1cii<\/td><\/tr><tr><td style=\"text-align: center;\" rowspan=\"2\" bgcolor=\"#e7ecf4\"><strong>3<\/strong><\/td><td>form\u00e1lne vzdel\u00e1vanie<\/td><td>Vysved\u010denie s dolo\u017ekou<\/td><\/tr><tr style=\"vertical-align: top;\"><td bgcolor=\"#f7f9fb\">neform\u00e1lne vzdel\u00e1vanie a inform\u00e1lne u\u010denie sa<\/td><td bgcolor=\"#f7f9fb\">Osved\u010denie o kvalifik\u00e1cii<\/td><\/tr><tr><td style=\"text-align: center;\" rowspan=\"3\" bgcolor=\"#e7ecf4\"><strong>4<\/strong><\/td><td>form\u00e1lne vzdel\u00e1vanie<\/td><td>Vysved\u010denie o maturitnej sk\u00fa\u0161ke a\u00a0v\u00fdu\u010dn\u00fd list<\/td><\/tr><tr style=\"vertical-align: top;\"><td bgcolor=\"#f7f9fb\">form\u00e1lne vzdel\u00e1vanie<\/td><td bgcolor=\"#f7f9fb\">Vysved\u010denie o maturitnej sk\u00fa\u0161ke<\/td><\/tr><tr style=\"vertical-align: top;\"><td>neform\u00e1lne vzdel\u00e1vanie a inform\u00e1lne u\u010denie sa<\/td><td>Osved\u010denie o kvalifik\u00e1cii<\/td><\/tr><tr><td style=\"text-align: center;\" rowspan=\"4\" bgcolor=\"#e7ecf4\"><strong>5<\/strong><\/td><td bgcolor=\"#f7f9fb\">form\u00e1lne vzdel\u00e1vanie<\/td><td bgcolor=\"#f7f9fb\">Vysved\u010denie o maturitnej sk\u00fa\u0161ke + v\u00fdu\u010dn\u00fd list<\/td><\/tr><tr style=\"vertical-align: top;\"><td>form\u00e1lne vzdel\u00e1vanie<\/td><td>Vysved\u010denie o maturitnej sk\u00fa\u0161ke<\/td><\/tr><tr style=\"vertical-align: top;\"><td bgcolor=\"#f7f9fb\">form\u00e1lne vzdel\u00e1vanie<\/td><td bgcolor=\"#f7f9fb\">Vysved\u010denie o absolventskej sk\u00fa\u0161ke + absolventsk\u00fd diplom<\/td><\/tr><tr style=\"vertical-align: top;\"><td>neform\u00e1lne vzdel\u00e1vanie a inform\u00e1lne u\u010denie sa<\/td><td>Osved\u010denie o kvalifik\u00e1cii<\/td><\/tr><tr><td style=\"text-align: center;\" rowspan=\"2\" bgcolor=\"#e7ecf4\"><strong>6<\/strong><\/td><td bgcolor=\"#f7f9fb\">form\u00e1lne vzdel\u00e1vanie<\/td><td bgcolor=\"#f7f9fb\">Vysoko\u0161kolsk\u00fd diplom (1. stupe\u0148) + vysved\u010denie o \u0161t\u00e1tnej sk\u00fa\u0161ke + dodatok k\u00a0diplomu<\/td><\/tr><tr style=\"vertical-align: top;\"><td>neform\u00e1lne vzdel\u00e1vanie a inform\u00e1lne u\u010denie sa<\/td><td>Osved\u010denie o kvalifik\u00e1cii<\/td><\/tr><tr><td style=\"text-align: center;\" rowspan=\"2\" bgcolor=\"#e7ecf4\"><strong>7<\/strong><\/td><td bgcolor=\"#f7f9fb\">form\u00e1lne vzdel\u00e1vanie<\/td><td bgcolor=\"#f7f9fb\">Vysoko\u0161kolsk\u00fd diplom (2. stupe\u0148) + vysved\u010denie o \u0161t\u00e1tnej sk\u00fa\u0161ke + dodatok k diplomu<\/td><\/tr><tr style=\"vertical-align: top;\"><td>neform\u00e1lne vzdel\u00e1vanie a inform\u00e1lne u\u010denie sa<\/td><td>Osved\u010denie o kvalifik\u00e1cii<\/td><\/tr><tr><td style=\"text-align: center;\" bgcolor=\"#e7ecf4\"><strong>8<\/strong><\/td><td bgcolor=\"#f7f9fb\">form\u00e1lne vzdel\u00e1vanie<\/td><td bgcolor=\"#f7f9fb\">Vysoko\u0161kolsk\u00fd diplom (3. stupe\u0148) + vysved\u010denie o \u0161t\u00e1tnej sk\u00fa\u0161ke + dodatok k diplomu<\/td><\/tr><\/tbody><\/table><p><strong>N\u00e1rodn\u00e9 kontaktn\u00e9 miesto pre Eur\u00f3psky kvalifika\u010dn\u00fd r\u00e1mec<\/strong><br \/>Odbor eur\u00f3pskych polit\u00edk<br \/>State Vocational Education Institute<br \/>mobil: 0911 469 793<br \/>e-mail: lubica.gallova@siov.sk<\/p><hr \/><p><strong>Dokumenty:<\/strong><\/p><ul><li><a href=\"http:\/\/siov.sk\/wp-content\/uploads\/2019\/08\/Zavedenie-urovne-SKKR-doklady-info-upd-2019-na-web.pdf\">Inform\u00e1cia o zaveden\u00ed \u00farovne SKKR a EKR na dokladoch o vzdelan\u00ed<\/a><\/li><li><a href=\"http:\/\/siov.sk\/wp-content\/uploads\/2019\/08\/INFORM-brozura-SKKR-final.pdf\">Informa\u010dn\u00e1 bro\u017e\u00fara SKKR<\/a><\/li><li><a href=\"http:\/\/siov.sk\/wp-content\/uploads\/2019\/08\/Preh\u013ead-kvalifikacii-v-SKKR.pdf\">Preh\u013ead kvalifik\u00e1ci\u00ed v SR<\/a><\/li><li>N\u00e1rodn\u00e1 s\u00fastava kvalifik\u00e1ci\u00ed <a href=\"http:\/\/www.kvalifikacie.sk\" target=\"_blank\" rel=\"noopener noreferrer\">www.kvalifikacie.sk<\/a><\/li><li><a href=\"https:\/\/www.minedu.sk\/data\/att\/15013.pdf\">Prira\u010fovacia spr\u00e1va Slovensk\u00e9ho kvalifika\u010dn\u00e9ho r\u00e1mca k Eur\u00f3pskemu kvalifika\u010dn\u00e9mu r\u00e1mcu, p<\/a><a href=\"https:\/\/www.minedu.sk\/data\/att\/15014.pdf\">r\u00edlohy k spr\u00e1ve<\/a><\/li><li><a href=\"http:\/\/siov.sk\/wp-content\/uploads\/2019\/08\/EQF-Infographic_SK_Interactive_v1.pdf\">Informa\u010dn\u00fd let\u00e1k k 10. v\u00fdro\u010diu EKR<\/a><\/li><li><a href=\"https:\/\/eur-lex.europa.eu\/legal-content\/SK\/TXT\/?uri=CELEX:32017H0615(01)\">Odpor\u00fa\u010danie Rady z 22. m\u00e1ja 2017 t\u00fdkaj\u00face sa eur\u00f3pskeho kvalifika\u010dn\u00e9ho r\u00e1mca pre celo\u017eivotn\u00e9 vzdel\u00e1vanie, ktor\u00fdm sa zru\u0161uje odpor\u00fa\u010danie Eur\u00f3pskeho parlamentu a Rady z 23. apr\u00edla 2008 o vytvoren\u00ed eur\u00f3pskeho kvalifika\u010dn\u00e9ho r\u00e1mca pre celo\u017eivotn\u00e9 vzdel\u00e1vanie<\/a><\/li><li><a href=\"https:\/\/www.minedu.sk\/slovensky-kvalifikacny-ramec-a-narodna-sustava-kvalifikacii\/\">Str\u00e1nka M\u0160VV\u0160 SR venovan\u00e1 SKKR<\/a><\/li><li><a href=\"https:\/\/siov.sk\/wp-content\/uploads\/2020\/01\/Definovanie-a-p\u00edsanie-vzdel\u00e1vac\u00edch-v\u00fdstupov-CEDEFOP.pdf\">Definovanie formulovanie a pou\u017e\u00edvanie vzdel\u00e1vac\u00edch v\u00fdstupov<\/a><\/li><li><a href=\"https:\/\/siov.sk\/wp-content\/uploads\/2020\/06\/Prirucka-pre-tvorcov-kvalifikacii.pdf\">Pr\u00edru\u010dka pre tvorcov kvalifik\u00e1cii<\/a><\/li><\/ul>\t\t\t\t\t\t\t\t<\/div>\n\t\t\t\t<\/div>\n\t\t\t\t\t<\/div>\n\t\t<\/div>\n\t\t\t\t\t<\/div>\n\t\t<\/section>\n\t\t\t\t<\/div>","protected":false},"excerpt":{"rendered":"<p>Slovensk\u00fd kvalifika\u010dn\u00fd r\u00e1mec a Eur\u00f3psky kvalifika\u010dn\u00fd r\u00e1mec Slovensk\u00fd kvalifika\u010dn\u00fd r\u00e1mec (SKKR) je komplexny\u0301 r\u00e1mec, ktor\u00fd obsahuje v\u0161etky kvalifik\u00e1cie ude\u013eovan\u00e9 v syst\u00e9me v\u0161eobecn\u00e9ho vzdel\u00e1vania, odborn\u00e9ho vzdel\u00e1vania, vysoko\u0161kolsk\u00e9ho vzdel\u00e1vania a \u010fal\u0161ieho vzdel\u00e1vania na Slovensku, ktor\u00e9 je mo\u017en\u00e9 z\u00edska\u0165 cestou form\u00e1lneho (\u0161kolsk\u00e9ho) vzdel\u00e1vania, neform\u00e1lneho (\u010fal\u0161ieho) vzdel\u00e1vania a inform\u00e1lneho u\u010denia sa. SKKR je n\u00e1strojom na: klasifik\u00e1ciu kvalifik\u00e1ci\u00ed pod\u013ea s\u00faboru [&hellip;]<\/p>\n","protected":false},"author":1,"featured_media":0,"parent":363,"menu_order":0,"comment_status":"closed","ping_status":"closed","template":"","meta":{"site-sidebar-layout":"default","site-content-layout":"default","ast-site-content-layout":"default","site-content-style":"default","site-sidebar-style":"default","ast-global-header-display":"","ast-banner-title-visibility":"","ast-main-header-display":"","ast-hfb-above-header-display":"","ast-hfb-below-header-display":"","ast-hfb-mobile-header-display":"","site-post-title":"disabled","ast-breadcrumbs-content":"","ast-featured-img":"","footer-sml-layout":"","ast-disable-related-posts":"","theme-transparent-header-meta":"default","adv-header-id-meta":"","stick-header-meta":"","header-above-stick-meta":"","header-main-stick-meta":"","header-below-stick-meta":"","astra-migrate-meta-layouts":"default","ast-page-background-enabled":"default","ast-page-background-meta":{"desktop":{"background-color":"var(--ast-global-color-4)","background-image":"","background-repeat":"repeat","background-position":"center center","background-size":"auto","background-attachment":"scroll","background-type":"","background-media":"","overlay-type":"","overlay-color":"","overlay-opacity":"","overlay-gradient":""},"tablet":{"background-color":"","background-image":"","background-repeat":"repeat","background-position":"center center","background-size":"auto","background-attachment":"scroll","background-type":"","background-media":"","overlay-type":"","overlay-color":"","overlay-opacity":"","overlay-gradient":""},"mobile":{"background-color":"","background-image":"","background-repeat":"repeat","background-position":"center center","background-size":"auto","background-attachment":"scroll","background-type":"","background-media":"","overlay-type":"","overlay-color":"","overlay-opacity":"","overlay-gradient":""}},"ast-content-background-meta":{"desktop":{"background-color":"var(--ast-global-color-5)","background-image":"","background-repeat":"repeat","background-position":"center center","background-size":"auto","background-attachment":"scroll","background-type":"","background-media":"","overlay-type":"","overlay-color":"","overlay-opacity":"","overlay-gradient":""},"tablet":{"background-color":"var(--ast-global-color-5)","background-image":"","background-repeat":"repeat","background-position":"center center","background-size":"auto","background-attachment":"scroll","background-type":"","background-media":"","overlay-type":"","overlay-color":"","overlay-opacity":"","overlay-gradient":""},"mobile":{"background-color":"var(--ast-global-color-5)","background-image":"","background-repeat":"repeat","background-position":"center center","background-size":"auto","background-attachment":"scroll","background-type":"","background-media":"","overlay-type":"","overlay-color":"","overlay-opacity":"","overlay-gradient":""}},"footnotes":""},"class_list":["post-4149","page","type-page","status-publish","hentry"],"yoast_head":"<!-- This site is optimized with the Yoast SEO plugin v27.5 - https:\/\/yoast.com\/product\/yoast-seo-wordpress\/ -->\n<title>Slovensk\u00fd kvalifika\u010dn\u00fd r\u00e1mec a\u00a0Eur\u00f3psky kvalifika\u010dn\u00fd r\u00e1mec - \u0160IOV - \u0161t\u00e1tny in\u0161tit\u00fat odborn\u00e9ho vzdel\u00e1vania<\/title>\n<meta name=\"description\" content=\"Slovensk\u00fd kvalifika\u010dn\u00fd r\u00e1mec (SKKR) je komplexny\u0301 r\u00e1mec, ktor\u00fd obsahuje v\u0161etky kvalifik\u00e1cie ude\u013eovan\u00e9 v syst\u00e9me v\u0161eobecn\u00e9ho vzdel\u00e1vania, odborn\u00e9ho vzdel\u00e1vania, vysoko\u0161kolsk\u00e9ho vzdel\u00e1vania a \u010fal\u0161ieho vzdel\u00e1vania na Slovensku, ktor\u00e9 je mo\u017en\u00e9 z\u00edska\u0165 cestou form\u00e1lneho (\u0161kolsk\u00e9ho) vzdel\u00e1vania, neform\u00e1lneho (\u010fal\u0161ieho) vzdel\u00e1vania a inform\u00e1lneho u\u010denia sa.\" \/>\n<meta name=\"robots\" content=\"index, follow, max-snippet:-1, max-image-preview:large, max-video-preview:-1\" \/>\n<link rel=\"canonical\" href=\"https:\/\/archiv.siov.sk\/en\/medzinarodna-spolupraca\/slovensky-kvalifikacny-ramec-a-europsky-kvalifikacny-ramec\/\" \/>\n<meta property=\"og:locale\" content=\"en_GB\" \/>\n<meta property=\"og:type\" content=\"article\" \/>\n<meta property=\"og:title\" content=\"Slovensk\u00fd kvalifika\u010dn\u00fd r\u00e1mec a\u00a0Eur\u00f3psky kvalifika\u010dn\u00fd r\u00e1mec - \u0160IOV - \u0161t\u00e1tny in\u0161tit\u00fat odborn\u00e9ho vzdel\u00e1vania\" \/>\n<meta property=\"og:description\" content=\"Slovensk\u00fd kvalifika\u010dn\u00fd r\u00e1mec (SKKR) je komplexny\u0301 r\u00e1mec, ktor\u00fd obsahuje v\u0161etky kvalifik\u00e1cie ude\u013eovan\u00e9 v syst\u00e9me v\u0161eobecn\u00e9ho vzdel\u00e1vania, odborn\u00e9ho vzdel\u00e1vania, vysoko\u0161kolsk\u00e9ho vzdel\u00e1vania a \u010fal\u0161ieho vzdel\u00e1vania na Slovensku, ktor\u00e9 je mo\u017en\u00e9 z\u00edska\u0165 cestou form\u00e1lneho (\u0161kolsk\u00e9ho) vzdel\u00e1vania, neform\u00e1lneho (\u010fal\u0161ieho) vzdel\u00e1vania a inform\u00e1lneho u\u010denia sa.\" \/>\n<meta property=\"og:url\" content=\"https:\/\/archiv.siov.sk\/en\/medzinarodna-spolupraca\/slovensky-kvalifikacny-ramec-a-europsky-kvalifikacny-ramec\/\" \/>\n<meta property=\"og:site_name\" content=\"\u0160IOV - \u0161t\u00e1tny in\u0161tit\u00fat odborn\u00e9ho vzdel\u00e1vania\" \/>\n<meta property=\"article:publisher\" content=\"https:\/\/www.facebook.com\/Statnyinstitutodbornehovzdelavania\" \/>\n<meta property=\"article:modified_time\" content=\"2021-11-09T12:29:52+00:00\" \/>\n<meta property=\"og:image\" content=\"https:\/\/archiv.siov.sk\/wp-content\/uploads\/2019\/08\/skkr.jpg\" \/>\n<meta name=\"twitter:card\" content=\"summary_large_image\" \/>\n<meta name=\"twitter:label1\" content=\"Estimated reading time\" \/>\n\t<meta name=\"twitter:data1\" content=\"3 minutes\" \/>\n<script type=\"application\/ld+json\" class=\"yoast-schema-graph\">{\"@context\":\"https:\\\/\\\/schema.org\",\"@graph\":[{\"@type\":\"WebPage\",\"@id\":\"https:\\\/\\\/archiv.siov.sk\\\/medzinarodna-spolupraca\\\/slovensky-kvalifikacny-ramec-a-europsky-kvalifikacny-ramec\\\/\",\"url\":\"https:\\\/\\\/archiv.siov.sk\\\/medzinarodna-spolupraca\\\/slovensky-kvalifikacny-ramec-a-europsky-kvalifikacny-ramec\\\/\",\"name\":\"Slovensk\u00fd kvalifika\u010dn\u00fd r\u00e1mec a\u00a0Eur\u00f3psky kvalifika\u010dn\u00fd r\u00e1mec - \u0160IOV - \u0161t\u00e1tny in\u0161tit\u00fat odborn\u00e9ho vzdel\u00e1vania\",\"isPartOf\":{\"@id\":\"https:\\\/\\\/archiv.siov.sk\\\/#website\"},\"primaryImageOfPage\":{\"@id\":\"https:\\\/\\\/archiv.siov.sk\\\/medzinarodna-spolupraca\\\/slovensky-kvalifikacny-ramec-a-europsky-kvalifikacny-ramec\\\/#primaryimage\"},\"image\":{\"@id\":\"https:\\\/\\\/archiv.siov.sk\\\/medzinarodna-spolupraca\\\/slovensky-kvalifikacny-ramec-a-europsky-kvalifikacny-ramec\\\/#primaryimage\"},\"thumbnailUrl\":\"https:\\\/\\\/archiv.siov.sk\\\/wp-content\\\/uploads\\\/2019\\\/08\\\/skkr.jpg\",\"datePublished\":\"2019-08-09T05:50:48+00:00\",\"dateModified\":\"2021-11-09T12:29:52+00:00\",\"description\":\"Slovensk\u00fd kvalifika\u010dn\u00fd r\u00e1mec (SKKR) je komplexny\u0301 r\u00e1mec, ktor\u00fd obsahuje v\u0161etky kvalifik\u00e1cie ude\u013eovan\u00e9 v syst\u00e9me v\u0161eobecn\u00e9ho vzdel\u00e1vania, odborn\u00e9ho vzdel\u00e1vania, vysoko\u0161kolsk\u00e9ho vzdel\u00e1vania a \u010fal\u0161ieho vzdel\u00e1vania na Slovensku, ktor\u00e9 je mo\u017en\u00e9 z\u00edska\u0165 cestou form\u00e1lneho (\u0161kolsk\u00e9ho) vzdel\u00e1vania, neform\u00e1lneho (\u010fal\u0161ieho) vzdel\u00e1vania a inform\u00e1lneho u\u010denia sa.\",\"breadcrumb\":{\"@id\":\"https:\\\/\\\/archiv.siov.sk\\\/medzinarodna-spolupraca\\\/slovensky-kvalifikacny-ramec-a-europsky-kvalifikacny-ramec\\\/#breadcrumb\"},\"inLanguage\":\"en-GB\",\"potentialAction\":[{\"@type\":\"ReadAction\",\"target\":[\"https:\\\/\\\/archiv.siov.sk\\\/medzinarodna-spolupraca\\\/slovensky-kvalifikacny-ramec-a-europsky-kvalifikacny-ramec\\\/\"]}]},{\"@type\":\"ImageObject\",\"inLanguage\":\"en-GB\",\"@id\":\"https:\\\/\\\/archiv.siov.sk\\\/medzinarodna-spolupraca\\\/slovensky-kvalifikacny-ramec-a-europsky-kvalifikacny-ramec\\\/#primaryimage\",\"url\":\"https:\\\/\\\/archiv.siov.sk\\\/wp-content\\\/uploads\\\/2019\\\/08\\\/skkr.jpg\",\"contentUrl\":\"https:\\\/\\\/archiv.siov.sk\\\/wp-content\\\/uploads\\\/2019\\\/08\\\/skkr.jpg\"},{\"@type\":\"BreadcrumbList\",\"@id\":\"https:\\\/\\\/archiv.siov.sk\\\/medzinarodna-spolupraca\\\/slovensky-kvalifikacny-ramec-a-europsky-kvalifikacny-ramec\\\/#breadcrumb\",\"itemListElement\":[{\"@type\":\"ListItem\",\"position\":1,\"name\":\"Home\",\"item\":\"https:\\\/\\\/archiv.siov.sk\\\/\"},{\"@type\":\"ListItem\",\"position\":2,\"name\":\"Medzin\u00e1rodn\u00e1 spolupr\u00e1ca\",\"item\":\"https:\\\/\\\/archiv.siov.sk\\\/en\\\/medzinarodna-spolupraca\\\/\"},{\"@type\":\"ListItem\",\"position\":3,\"name\":\"Slovensk\u00fd kvalifika\u010dn\u00fd r\u00e1mec a\u00a0Eur\u00f3psky kvalifika\u010dn\u00fd r\u00e1mec\"}]},{\"@type\":\"WebSite\",\"@id\":\"https:\\\/\\\/archiv.siov.sk\\\/#website\",\"url\":\"https:\\\/\\\/archiv.siov.sk\\\/\",\"name\":\"\u0160IOV - \u0161t\u00e1tny in\u0161tit\u00fat odborn\u00e9ho vzdel\u00e1vania\",\"description\":\"\",\"publisher\":{\"@id\":\"https:\\\/\\\/archiv.siov.sk\\\/#organization\"},\"potentialAction\":[{\"@type\":\"SearchAction\",\"target\":{\"@type\":\"EntryPoint\",\"urlTemplate\":\"https:\\\/\\\/archiv.siov.sk\\\/?s={search_term_string}\"},\"query-input\":{\"@type\":\"PropertyValueSpecification\",\"valueRequired\":true,\"valueName\":\"search_term_string\"}}],\"inLanguage\":\"en-GB\"},{\"@type\":\"Organization\",\"@id\":\"https:\\\/\\\/archiv.siov.sk\\\/#organization\",\"name\":\"\u0160IOV - \u0161t\u00e1tny in\u0161tit\u00fat odborn\u00e9ho vzdel\u00e1vania\",\"url\":\"https:\\\/\\\/archiv.siov.sk\\\/\",\"logo\":{\"@type\":\"ImageObject\",\"inLanguage\":\"en-GB\",\"@id\":\"https:\\\/\\\/archiv.siov.sk\\\/#\\\/schema\\\/logo\\\/image\\\/\",\"url\":\"https:\\\/\\\/archiv.siov.sk\\\/wp-content\\\/uploads\\\/2024\\\/02\\\/logo-SIOV.png\",\"contentUrl\":\"https:\\\/\\\/archiv.siov.sk\\\/wp-content\\\/uploads\\\/2024\\\/02\\\/logo-SIOV.png\",\"width\":431,\"height\":143,\"caption\":\"\u0160IOV - \u0161t\u00e1tny in\u0161tit\u00fat odborn\u00e9ho vzdel\u00e1vania\"},\"image\":{\"@id\":\"https:\\\/\\\/archiv.siov.sk\\\/#\\\/schema\\\/logo\\\/image\\\/\"},\"sameAs\":[\"https:\\\/\\\/www.facebook.com\\\/Statnyinstitutodbornehovzdelavania\"]}]}<\/script>\n<!-- \/ Yoast SEO plugin. -->","yoast_head_json":{"title":"Slovensk\u00fd kvalifika\u010dn\u00fd r\u00e1mec a\u00a0Eur\u00f3psky kvalifika\u010dn\u00fd r\u00e1mec - \u0160IOV - \u0161t\u00e1tny in\u0161tit\u00fat odborn\u00e9ho vzdel\u00e1vania","description":"Slovensk\u00fd kvalifika\u010dn\u00fd r\u00e1mec (SKKR) je komplexny\u0301 r\u00e1mec, ktor\u00fd obsahuje v\u0161etky kvalifik\u00e1cie ude\u013eovan\u00e9 v syst\u00e9me v\u0161eobecn\u00e9ho vzdel\u00e1vania, odborn\u00e9ho vzdel\u00e1vania, vysoko\u0161kolsk\u00e9ho vzdel\u00e1vania a \u010fal\u0161ieho vzdel\u00e1vania na Slovensku, ktor\u00e9 je mo\u017en\u00e9 z\u00edska\u0165 cestou form\u00e1lneho (\u0161kolsk\u00e9ho) vzdel\u00e1vania, neform\u00e1lneho (\u010fal\u0161ieho) vzdel\u00e1vania a inform\u00e1lneho u\u010denia sa.","robots":{"index":"index","follow":"follow","max-snippet":"max-snippet:-1","max-image-preview":"max-image-preview:large","max-video-preview":"max-video-preview:-1"},"canonical":"https:\/\/archiv.siov.sk\/en\/medzinarodna-spolupraca\/slovensky-kvalifikacny-ramec-a-europsky-kvalifikacny-ramec\/","og_locale":"en_GB","og_type":"article","og_title":"Slovensk\u00fd kvalifika\u010dn\u00fd r\u00e1mec a\u00a0Eur\u00f3psky kvalifika\u010dn\u00fd r\u00e1mec - \u0160IOV - \u0161t\u00e1tny in\u0161tit\u00fat odborn\u00e9ho vzdel\u00e1vania","og_description":"Slovensk\u00fd kvalifika\u010dn\u00fd r\u00e1mec (SKKR) je komplexny\u0301 r\u00e1mec, ktor\u00fd obsahuje v\u0161etky kvalifik\u00e1cie ude\u013eovan\u00e9 v syst\u00e9me v\u0161eobecn\u00e9ho vzdel\u00e1vania, odborn\u00e9ho vzdel\u00e1vania, vysoko\u0161kolsk\u00e9ho vzdel\u00e1vania a \u010fal\u0161ieho vzdel\u00e1vania na Slovensku, ktor\u00e9 je mo\u017en\u00e9 z\u00edska\u0165 cestou form\u00e1lneho (\u0161kolsk\u00e9ho) vzdel\u00e1vania, neform\u00e1lneho (\u010fal\u0161ieho) vzdel\u00e1vania a inform\u00e1lneho u\u010denia sa.","og_url":"https:\/\/archiv.siov.sk\/en\/medzinarodna-spolupraca\/slovensky-kvalifikacny-ramec-a-europsky-kvalifikacny-ramec\/","og_site_name":"\u0160IOV - \u0161t\u00e1tny in\u0161tit\u00fat odborn\u00e9ho vzdel\u00e1vania","article_publisher":"https:\/\/www.facebook.com\/Statnyinstitutodbornehovzdelavania","article_modified_time":"2021-11-09T12:29:52+00:00","og_image":[{"url":"https:\/\/archiv.siov.sk\/wp-content\/uploads\/2019\/08\/skkr.jpg","type":"","width":"","height":""}],"twitter_card":"summary_large_image","twitter_misc":{"Estimated reading time":"3 minutes"},"schema":{"@context":"https:\/\/schema.org","@graph":[{"@type":"WebPage","@id":"https:\/\/archiv.siov.sk\/medzinarodna-spolupraca\/slovensky-kvalifikacny-ramec-a-europsky-kvalifikacny-ramec\/","url":"https:\/\/archiv.siov.sk\/medzinarodna-spolupraca\/slovensky-kvalifikacny-ramec-a-europsky-kvalifikacny-ramec\/","name":"Slovensk\u00fd kvalifika\u010dn\u00fd r\u00e1mec a\u00a0Eur\u00f3psky kvalifika\u010dn\u00fd r\u00e1mec - \u0160IOV - \u0161t\u00e1tny in\u0161tit\u00fat odborn\u00e9ho vzdel\u00e1vania","isPartOf":{"@id":"https:\/\/archiv.siov.sk\/#website"},"primaryImageOfPage":{"@id":"https:\/\/archiv.siov.sk\/medzinarodna-spolupraca\/slovensky-kvalifikacny-ramec-a-europsky-kvalifikacny-ramec\/#primaryimage"},"image":{"@id":"https:\/\/archiv.siov.sk\/medzinarodna-spolupraca\/slovensky-kvalifikacny-ramec-a-europsky-kvalifikacny-ramec\/#primaryimage"},"thumbnailUrl":"https:\/\/archiv.siov.sk\/wp-content\/uploads\/2019\/08\/skkr.jpg","datePublished":"2019-08-09T05:50:48+00:00","dateModified":"2021-11-09T12:29:52+00:00","description":"Slovensk\u00fd kvalifika\u010dn\u00fd r\u00e1mec (SKKR) je komplexny\u0301 r\u00e1mec, ktor\u00fd obsahuje v\u0161etky kvalifik\u00e1cie ude\u013eovan\u00e9 v syst\u00e9me v\u0161eobecn\u00e9ho vzdel\u00e1vania, odborn\u00e9ho vzdel\u00e1vania, vysoko\u0161kolsk\u00e9ho vzdel\u00e1vania a \u010fal\u0161ieho vzdel\u00e1vania na Slovensku, ktor\u00e9 je mo\u017en\u00e9 z\u00edska\u0165 cestou form\u00e1lneho (\u0161kolsk\u00e9ho) vzdel\u00e1vania, neform\u00e1lneho (\u010fal\u0161ieho) vzdel\u00e1vania a inform\u00e1lneho u\u010denia sa.","breadcrumb":{"@id":"https:\/\/archiv.siov.sk\/medzinarodna-spolupraca\/slovensky-kvalifikacny-ramec-a-europsky-kvalifikacny-ramec\/#breadcrumb"},"inLanguage":"en-GB","potentialAction":[{"@type":"ReadAction","target":["https:\/\/archiv.siov.sk\/medzinarodna-spolupraca\/slovensky-kvalifikacny-ramec-a-europsky-kvalifikacny-ramec\/"]}]},{"@type":"ImageObject","inLanguage":"en-GB","@id":"https:\/\/archiv.siov.sk\/medzinarodna-spolupraca\/slovensky-kvalifikacny-ramec-a-europsky-kvalifikacny-ramec\/#primaryimage","url":"https:\/\/archiv.siov.sk\/wp-content\/uploads\/2019\/08\/skkr.jpg","contentUrl":"https:\/\/archiv.siov.sk\/wp-content\/uploads\/2019\/08\/skkr.jpg"},{"@type":"BreadcrumbList","@id":"https:\/\/archiv.siov.sk\/medzinarodna-spolupraca\/slovensky-kvalifikacny-ramec-a-europsky-kvalifikacny-ramec\/#breadcrumb","itemListElement":[{"@type":"ListItem","position":1,"name":"Home","item":"https:\/\/archiv.siov.sk\/"},{"@type":"ListItem","position":2,"name":"Medzin\u00e1rodn\u00e1 spolupr\u00e1ca","item":"https:\/\/archiv.siov.sk\/en\/medzinarodna-spolupraca\/"},{"@type":"ListItem","position":3,"name":"Slovensk\u00fd kvalifika\u010dn\u00fd r\u00e1mec a\u00a0Eur\u00f3psky kvalifika\u010dn\u00fd r\u00e1mec"}]},{"@type":"WebSite","@id":"https:\/\/archiv.siov.sk\/#website","url":"https:\/\/archiv.siov.sk\/","name":"\u0160IOV - \u0161t\u00e1tny in\u0161tit\u00fat odborn\u00e9ho vzdel\u00e1vania","description":"","publisher":{"@id":"https:\/\/archiv.siov.sk\/#organization"},"potentialAction":[{"@type":"SearchAction","target":{"@type":"EntryPoint","urlTemplate":"https:\/\/archiv.siov.sk\/?s={search_term_string}"},"query-input":{"@type":"PropertyValueSpecification","valueRequired":true,"valueName":"search_term_string"}}],"inLanguage":"en-GB"},{"@type":"Organization","@id":"https:\/\/archiv.siov.sk\/#organization","name":"\u0160IOV - \u0161t\u00e1tny in\u0161tit\u00fat odborn\u00e9ho vzdel\u00e1vania","url":"https:\/\/archiv.siov.sk\/","logo":{"@type":"ImageObject","inLanguage":"en-GB","@id":"https:\/\/archiv.siov.sk\/#\/schema\/logo\/image\/","url":"https:\/\/archiv.siov.sk\/wp-content\/uploads\/2024\/02\/logo-SIOV.png","contentUrl":"https:\/\/archiv.siov.sk\/wp-content\/uploads\/2024\/02\/logo-SIOV.png","width":431,"height":143,"caption":"\u0160IOV - \u0161t\u00e1tny in\u0161tit\u00fat odborn\u00e9ho vzdel\u00e1vania"},"image":{"@id":"https:\/\/archiv.siov.sk\/#\/schema\/logo\/image\/"},"sameAs":["https:\/\/www.facebook.com\/Statnyinstitutodbornehovzdelavania"]}]}},"_links":{"self":[{"href":"https:\/\/archiv.siov.sk\/en\/wp-json\/wp\/v2\/pages\/4149","targetHints":{"allow":["GET"]}}],"collection":[{"href":"https:\/\/archiv.siov.sk\/en\/wp-json\/wp\/v2\/pages"}],"about":[{"href":"https:\/\/archiv.siov.sk\/en\/wp-json\/wp\/v2\/types\/page"}],"author":[{"embeddable":true,"href":"https:\/\/archiv.siov.sk\/en\/wp-json\/wp\/v2\/users\/1"}],"replies":[{"embeddable":true,"href":"https:\/\/archiv.siov.sk\/en\/wp-json\/wp\/v2\/comments?post=4149"}],"version-history":[{"count":32,"href":"https:\/\/archiv.siov.sk\/en\/wp-json\/wp\/v2\/pages\/4149\/revisions"}],"predecessor-version":[{"id":10102,"href":"https:\/\/archiv.siov.sk\/en\/wp-json\/wp\/v2\/pages\/4149\/revisions\/10102"}],"up":[{"embeddable":true,"href":"https:\/\/archiv.siov.sk\/en\/wp-json\/wp\/v2\/pages\/363"}],"wp:attachment":[{"href":"https:\/\/archiv.siov.sk\/en\/wp-json\/wp\/v2\/media?parent=4149"}],"curies":[{"name":"wp","href":"https:\/\/api.w.org\/{rel}","templated":true}]}}