{"id":3989,"date":"2019-06-25T13:05:37","date_gmt":"2019-06-25T11:05:37","guid":{"rendered":"http:\/\/archiv.siov.sk\/?page_id=3989"},"modified":"2025-09-22T12:12:05","modified_gmt":"2025-09-22T10:12:05","slug":"rodinny-dom-velux","status":"publish","type":"page","link":"https:\/\/archiv.siov.sk\/en\/sutaze\/rodinny-dom-velux\/","title":{"rendered":"Rodinn\u00fd dom VELUX"},"content":{"rendered":"<h2>Rodinn\u00fd dom VELUX<\/h2>\n<p>VELUX SLOVENSKO spol. s r. o., vyhlasuje pod z\u00e1\u0161titou \u0160t\u00e1tneho in\u0161tit\u00fatu odborn\u00e9ho vzdel\u00e1vania 12. ro\u010dn\u00edk s\u00fa\u0165a\u017ee Rodinn\u00fd dom VELUX pre \u0161tudentov stredn\u00fdch odborn\u00fdch \u0161k\u00f4l so zameran\u00edm na stavite\u013estvo.<br \/>\n<strong><br \/>\nT\u00c9MA S\u00da\u0164A\u017dE<\/strong><br \/>\nPredmetom s\u00fa\u0165a\u017ee je vypracovanie \u0161t\u00fadie rodinn\u00e9ho domu, kde denn\u00e9 svetlo a pr\u00edsun \u010derstv\u00e9ho vzduchu prich\u00e1dza do objektu cez strechu,<br \/>\nprostredn\u00edctvom v\u00fdrobkov VELUX. N\u00e1vrh by mal tie\u017e sp\u013a\u0148a\u0165 po\u017eiadavku na energeticky hospod\u00e1rne rie\u0161enie budovy pri zabezpe\u010den\u00ed optim\u00e1lneho<br \/>\nvn\u00fatorn\u00e9ho prostredia pre zdrav\u00e9 a komfortn\u00e9 b\u00fdvanie.<\/p>\n<p><strong>\u0160kolsk\u00fd rok 2025\/2026<\/strong><\/p>\n<ul>\n<li><a href=\"https:\/\/archiv.siov.sk\/wp-content\/uploads\/2025\/09\/OP-RD-VELUX-platnost-2025_final-september-.pdf\" target=\"_blank\" rel=\"noopener\">Organiza\u010dn\u00fd poriadok<\/a><\/li>\n<\/ul>\n<p><strong>\u0160kolsk\u00fd rok 2024\/2025<\/strong><\/p>\n<ul>\n<li><a href=\"https:\/\/archiv.siov.sk\/en\/17-rocnik-studentskej-sutaze-rodinny-dom-velux-potvrdil-vysoku-uroven-stredoskolakov\/\" target=\"_blank\" rel=\"noopener\">Tla\u010dov\u00e1 spr\u00e1va s v\u00fdsledkami 17. ro\u010dn\u00edka s\u00fa\u0165a\u017ee<\/a><\/li>\n<li><a href=\"https:\/\/archiv.siov.sk\/wp-content\/uploads\/2025\/06\/Zoznam-sutaziacich-sutaze-Rodinny-dom-VELUX-2025.xlsx\">Zoznam s\u00fa\u0165a\u017eiacich na sl\u00e1vnostnom vyhl\u00e1sen\u00ed<\/a><\/li>\n<\/ul>\n<p><strong>\u0160kolsk\u00fd rok 2023\/2024<\/strong><\/p>\n<ul>\n<li><a href=\"https:\/\/archiv.siov.sk\/wp-content\/uploads\/2024\/07\/RDSK-16-kapa-deska-vyherni-plakat-2024-1800x800-navrh01.pdf\" target=\"_blank\" rel=\"noopener\">V\u00ed\u0165azn\u00e9 projekty 16. ro\u010dn\u00edka s\u00fa\u0165a\u017ee<\/a><\/li>\n<\/ul>\n<p><strong>\u0160kolsk\u00fd rok 2022\/2023<\/strong><\/p>\n<ul style=\"font-size: 15px; font-style: normal; font-weight: 400;\">\n<li><a href=\"https:\/\/archiv.siov.sk\/wp-content\/uploads\/2023\/07\/Vysledky-15.-r.-RD-VELUX-.docx\" target=\"_blank\" rel=\"noopener\">V\u00fdsledky 15. ro\u010dn\u00edka s\u00fa\u0165a\u017ee<\/a><\/li>\n<li style=\"font-size: 15px;\"><a href=\"https:\/\/archiv.siov.sk\/wp-content\/uploads\/2023\/02\/RDSK-15-plakat-A3-tisk.pdf\" target=\"_blank\" rel=\"noopener\">Plag\u00e1t 15. ro\u010dn\u00edka s\u00fa\u0165a\u017ee<\/a><\/li>\n<li style=\"font-size: 15px;\"><a href=\"https:\/\/archiv.siov.sk\/wp-content\/uploads\/2023\/02\/2023-RDSK-15-sutazne-podmienky-A4-web.pdf\" target=\"_blank\" rel=\"noopener\">Vyhl\u00e1senie 15. ro\u010dn\u00edka s\u00fa\u0165a\u017ee &#8211; s\u00fa\u0165a\u017en\u00e9 podmienky<\/a><\/li>\n<li style=\"font-size: 15px;\"><a href=\"https:\/\/archiv.siov.sk\/wp-content\/uploads\/2023\/02\/15-casova-osa-web-1280x263-1.jpg\" target=\"_blank\" rel=\"noopener\">Term\u00ednovn\u00edk prihlasovania a organiz\u00e1cie s\u00fa\u0165a\u017ee<\/a><\/li>\n<\/ul>\n<p><strong>\u0160kolsk\u00fd rok 2021\/2022<\/strong><\/p>\n<ul style=\"font-size: 15px; font-style: normal; font-weight: 400;\">\n<li style=\"font-size: 15px;\"><a href=\"https:\/\/archiv.siov.sk\/wp-content\/uploads\/2022\/07\/Vysledkova-listina_VELUX_vyhlasenieRD_.docx\" target=\"_blank\" rel=\"noopener\">V\u00fdsledkov\u00e1 listina 14. ro\u010dn\u00edka<\/a><\/li>\n<li style=\"font-size: 15px;\"><a href=\"https:\/\/archiv.siov.sk\/wp-content\/uploads\/2022\/02\/TS_022022_RD_VELUX.VPdocx.docx\" target=\"_blank\" rel=\"noopener\">Pozv\u00e1nka 14. ro\u010dn\u00edka s\u00fa\u0165a\u017ee<\/a><\/li>\n<li style=\"font-size: 15px;\"><a href=\"https:\/\/archiv.siov.sk\/wp-content\/uploads\/2022\/02\/RDSK-14-plakat-A3-tisk.pdf\" target=\"_blank\" rel=\"noopener\">Plag\u00e1t 14. ro\u010dn\u00edka s\u00fa\u0165a\u017ee<\/a><\/li>\n<li style=\"font-size: 15px;\"><a style=\"background-color: #ffffff; color: #349637; outline: 0px; font-family: var( --e-global-typography-text-font-family ), Sans-serif; font-size: 1rem; font-style: inherit; font-weight: var( --e-global-typography-text-font-weight );\" href=\"https:\/\/archiv.siov.sk\/wp-content\/uploads\/2022\/02\/2022-RDSK-14-sutazne-podmienky-A4-web.pdf\" target=\"_blank\" rel=\"noopener\">Vyhl\u00e1senie 14. ro\u010dn\u00edka s\u00fa\u0165a\u017ee &#8211; s\u00fa\u0165a\u017en\u00e9 podmienky<\/a><\/li>\n<li style=\"font-size: 15px;\"><a style=\"background-color: #ffffff; color: #349637; outline: 0px; font-family: var( --e-global-typography-text-font-family ), Sans-serif; font-size: 1rem; font-weight: var( --e-global-typography-text-font-weight );\" href=\"https:\/\/archiv.siov.sk\/wp-content\/uploads\/2022\/02\/14-casova-os-sutaz-GARDEN-S-2022-.jpg\" target=\"_blank\" rel=\"noopener\">Term\u00ednovn\u00edk prihlasovania a organiz\u00e1cie s\u00fa\u0165a\u017ee<\/a><\/li>\n<\/ul>\n<p><b>\u00a0<\/b><\/p>\n<p><strong style=\"font-style: inherit; color: var( --e-global-color-text ); font-family: var( --e-global-typography-text-font-family ), Sans-serif;\">\u0160kolsk\u00fd rok 2020\/2021<\/strong><\/p>\n<ul>\n<li style=\"list-style-type: none;\">\n<ul>\n<li><a href=\"https:\/\/archiv.siov.sk\/wp-content\/uploads\/2021\/06\/Vyhodnotenie-VELUX_2021-.docx\">Vyhodnotenie 13. ro\u010dn\u00edka\u00a0<\/a><\/li>\n<li><a href=\"https:\/\/archiv.siov.sk\/wp-content\/uploads\/2021\/06\/Final-Vysledkova-listina-Rodinny-dom-VELUX-2021-na-web.pdf\">V\u00fdsledkov\u00e1 listina 13. ro\u010dn\u00edka s\u00fa\u0165a\u017ee<\/a><\/li>\n<li><a href=\"https:\/\/archiv.siov.sk\/wp-content\/uploads\/2021\/06\/rodinny-dom-13-04-06-2021-26l.pdf\">Zoznam projektov s\u00fa\u0165a\u017ee<\/a><\/li>\n<li><a href=\"https:\/\/archiv.siov.sk\/wp-content\/uploads\/2021\/04\/POZVANKA_RD_VELUX_2021.docx\">Aktu\u00e1lne inform\u00e1cie k s\u00fa\u0165a\u017ei &#8211; pozv\u00e1nka<\/a><\/li>\n<li><a href=\"https:\/\/archiv.siov.sk\/wp-content\/uploads\/2021\/04\/Instruktazne-video-RD-VELUX-.docx\">In\u0161trukt\u00e1\u017ene video<\/a><\/li>\n<li><a href=\"https:\/\/archiv.siov.sk\/wp-content\/uploads\/2021\/03\/rodinny-dom-13-sutazne-podmienky.pdf\">Vyhl\u00e1senie 13. ro\u010dn\u00edka s\u00fa\u0165a\u017ee &#8211; s\u00fa\u0165a\u017en\u00e9 podmienky<\/a><\/li>\n<\/ul>\n<\/li>\n<\/ul>\n<p><strong>\u0160ko<\/strong><strong>lsk\u00fd rok 2019\/2020, 12. ro\u010dn\u00edk s\u00fa\u0165a\u017ee Rodinn\u00fd dom VELUX<\/strong><\/p>\n<ul>\n<li style=\"list-style-type: none;\">\n<ul>\n<li><a href=\"\/wp-content\/uploads\/2020\/06\/Vysledkova-listina-Rodinny-dom-VELUX-2020.pdf\" target=\"_blank\" rel=\"noopener noreferrer\">V\u00fdsledkov\u00e1 listina Rodinn\u00fd dom VELUX<\/a><\/li>\n<li><a href=\"\/wp-content\/uploads\/2020\/01\/2019-RDSK-12-sutazne-podmienky-a4-web.pdf\" target=\"_blank\" rel=\"noopener noreferrer\">S\u00fa\u0165a\u017en\u00e9 podmienky<\/a><\/li>\n<li><a href=\"\/wp-content\/uploads\/2020\/01\/OP-RD-VELUX-platnost-2020.pdf\" target=\"_blank\" rel=\"noopener noreferrer\">Organiza\u010dn\u00fd poriadok<\/a><\/li>\n<\/ul>\n<\/li>\n<\/ul>\n<h4>Video projektu \u017eiaka Luk\u00e1\u0161a Jurkovi\u010da zo SP\u0160 stavebnej v \u017diline, ktor\u00fd obsadil druh\u00e9 miesto v 12. ro\u010dn\u00edku \u0161tudentskej s\u00fa\u0165a\u017ee &#8211; Rodinn\u00fd dom VELUX<\/h4>\n<p><div class=\"ose-self-hosterd ose-uid-cc53d37c626d3e0ada4dbb42598f082d ose-embedpress-responsive\" style=\"width:600px; height:550px; max-height:550px; max-width:100%; display:inline-block;\" data-embed-type=\"document_mp4\"><video controls width=\"600\" height=\"550\"> <source src=\"https:\/\/archiv.siov.sk\/vystupy\/video-velux\/Zdeno-Bednar-SPSSZA-TOT-House.mp4\" > <\/video><\/div><\/p>","protected":false},"excerpt":{"rendered":"<p>Rodinn\u00fd dom VELUX VELUX SLOVENSKO spol. s r. o., vyhlasuje pod z\u00e1\u0161titou \u0160t\u00e1tneho in\u0161tit\u00fatu odborn\u00e9ho vzdel\u00e1vania 12. ro\u010dn\u00edk s\u00fa\u0165a\u017ee Rodinn\u00fd dom VELUX pre \u0161tudentov stredn\u00fdch odborn\u00fdch \u0161k\u00f4l so zameran\u00edm na stavite\u013estvo. T\u00c9MA S\u00da\u0164A\u017dE Predmetom s\u00fa\u0165a\u017ee je vypracovanie \u0161t\u00fadie rodinn\u00e9ho domu, kde denn\u00e9 svetlo a pr\u00edsun \u010derstv\u00e9ho vzduchu prich\u00e1dza do objektu cez strechu, prostredn\u00edctvom v\u00fdrobkov VELUX. [&hellip;]<\/p>\n","protected":false},"author":1,"featured_media":0,"parent":144,"menu_order":0,"comment_status":"closed","ping_status":"closed","template":"","meta":{"site-sidebar-layout":"default","site-content-layout":"default","ast-site-content-layout":"default","site-content-style":"default","site-sidebar-style":"default","ast-global-header-display":"","ast-banner-title-visibility":"","ast-main-header-display":"","ast-hfb-above-header-display":"","ast-hfb-below-header-display":"","ast-hfb-mobile-header-display":"","site-post-title":"disabled","ast-breadcrumbs-content":"","ast-featured-img":"","footer-sml-layout":"","ast-disable-related-posts":"","theme-transparent-header-meta":"default","adv-header-id-meta":"","stick-header-meta":"default","header-above-stick-meta":"","header-main-stick-meta":"","header-below-stick-meta":"","astra-migrate-meta-layouts":"set","ast-page-background-enabled":"default","ast-page-background-meta":{"desktop":{"background-color":"var(--ast-global-color-4)","background-image":"","background-repeat":"repeat","background-position":"center center","background-size":"auto","background-attachment":"scroll","background-type":"","background-media":"","overlay-type":"","overlay-color":"","overlay-opacity":"","overlay-gradient":""},"tablet":{"background-color":"","background-image":"","background-repeat":"repeat","background-position":"center center","background-size":"auto","background-attachment":"scroll","background-type":"","background-media":"","overlay-type":"","overlay-color":"","overlay-opacity":"","overlay-gradient":""},"mobile":{"background-color":"","background-image":"","background-repeat":"repeat","background-position":"center center","background-size":"auto","background-attachment":"scroll","background-type":"","background-media":"","overlay-type":"","overlay-color":"","overlay-opacity":"","overlay-gradient":""}},"ast-content-background-meta":{"desktop":{"background-color":"var(--ast-global-color-5)","background-image":"","background-repeat":"repeat","background-position":"center center","background-size":"auto","background-attachment":"scroll","background-type":"","background-media":"","overlay-type":"","overlay-color":"","overlay-opacity":"","overlay-gradient":""},"tablet":{"background-color":"var(--ast-global-color-5)","background-image":"","background-repeat":"repeat","background-position":"center center","background-size":"auto","background-attachment":"scroll","background-type":"","background-media":"","overlay-type":"","overlay-color":"","overlay-opacity":"","overlay-gradient":""},"mobile":{"background-color":"var(--ast-global-color-5)","background-image":"","background-repeat":"repeat","background-position":"center center","background-size":"auto","background-attachment":"scroll","background-type":"","background-media":"","overlay-type":"","overlay-color":"","overlay-opacity":"","overlay-gradient":""}},"footnotes":""},"class_list":["post-3989","page","type-page","status-publish","hentry"],"yoast_head":"<!-- This site is optimized with the Yoast SEO plugin v27.5 - https:\/\/yoast.com\/product\/yoast-seo-wordpress\/ -->\n<title>Rodinn\u00fd dom VELUX - \u0160IOV - \u0161t\u00e1tny in\u0161tit\u00fat odborn\u00e9ho vzdel\u00e1vania<\/title>\n<meta name=\"robots\" content=\"index, follow, max-snippet:-1, max-image-preview:large, max-video-preview:-1\" \/>\n<link rel=\"canonical\" href=\"https:\/\/archiv.siov.sk\/en\/sutaze\/rodinny-dom-velux\/\" \/>\n<meta property=\"og:locale\" content=\"en_GB\" \/>\n<meta property=\"og:type\" content=\"article\" \/>\n<meta property=\"og:title\" content=\"Rodinn\u00fd dom VELUX - \u0160IOV - \u0161t\u00e1tny in\u0161tit\u00fat odborn\u00e9ho vzdel\u00e1vania\" \/>\n<meta property=\"og:description\" content=\"Rodinn\u00fd dom VELUX VELUX SLOVENSKO spol. s r. o., vyhlasuje pod z\u00e1\u0161titou \u0160t\u00e1tneho in\u0161tit\u00fatu odborn\u00e9ho vzdel\u00e1vania 12. ro\u010dn\u00edk s\u00fa\u0165a\u017ee Rodinn\u00fd dom VELUX pre \u0161tudentov stredn\u00fdch odborn\u00fdch \u0161k\u00f4l so zameran\u00edm na stavite\u013estvo. T\u00c9MA S\u00da\u0164A\u017dE Predmetom s\u00fa\u0165a\u017ee je vypracovanie \u0161t\u00fadie rodinn\u00e9ho domu, kde denn\u00e9 svetlo a pr\u00edsun \u010derstv\u00e9ho vzduchu prich\u00e1dza do objektu cez strechu, prostredn\u00edctvom v\u00fdrobkov VELUX. [&hellip;]\" \/>\n<meta property=\"og:url\" content=\"https:\/\/archiv.siov.sk\/en\/sutaze\/rodinny-dom-velux\/\" \/>\n<meta property=\"og:site_name\" content=\"\u0160IOV - \u0161t\u00e1tny in\u0161tit\u00fat odborn\u00e9ho vzdel\u00e1vania\" \/>\n<meta property=\"article:publisher\" content=\"https:\/\/www.facebook.com\/Statnyinstitutodbornehovzdelavania\" \/>\n<meta property=\"article:modified_time\" content=\"2025-09-22T10:12:05+00:00\" \/>\n<meta name=\"twitter:card\" content=\"summary_large_image\" \/>\n<meta name=\"twitter:label1\" content=\"Estimated reading time\" \/>\n\t<meta name=\"twitter:data1\" content=\"2 minutes\" \/>\n<script type=\"application\/ld+json\" class=\"yoast-schema-graph\">{\"@context\":\"https:\\\/\\\/schema.org\",\"@graph\":[{\"@type\":\"WebPage\",\"@id\":\"https:\\\/\\\/archiv.siov.sk\\\/sutaze\\\/rodinny-dom-velux\\\/\",\"url\":\"https:\\\/\\\/archiv.siov.sk\\\/sutaze\\\/rodinny-dom-velux\\\/\",\"name\":\"Rodinn\u00fd dom VELUX - \u0160IOV - \u0161t\u00e1tny in\u0161tit\u00fat odborn\u00e9ho vzdel\u00e1vania\",\"isPartOf\":{\"@id\":\"https:\\\/\\\/archiv.siov.sk\\\/#website\"},\"datePublished\":\"2019-06-25T11:05:37+00:00\",\"dateModified\":\"2025-09-22T10:12:05+00:00\",\"breadcrumb\":{\"@id\":\"https:\\\/\\\/archiv.siov.sk\\\/sutaze\\\/rodinny-dom-velux\\\/#breadcrumb\"},\"inLanguage\":\"en-GB\",\"potentialAction\":[{\"@type\":\"ReadAction\",\"target\":[\"https:\\\/\\\/archiv.siov.sk\\\/sutaze\\\/rodinny-dom-velux\\\/\"]}]},{\"@type\":\"BreadcrumbList\",\"@id\":\"https:\\\/\\\/archiv.siov.sk\\\/sutaze\\\/rodinny-dom-velux\\\/#breadcrumb\",\"itemListElement\":[{\"@type\":\"ListItem\",\"position\":1,\"name\":\"Home\",\"item\":\"https:\\\/\\\/archiv.siov.sk\\\/\"},{\"@type\":\"ListItem\",\"position\":2,\"name\":\"S\u00fa\u0165a\u017ee\",\"item\":\"https:\\\/\\\/archiv.siov.sk\\\/sutaze\\\/\"},{\"@type\":\"ListItem\",\"position\":3,\"name\":\"Rodinn\u00fd dom VELUX\"}]},{\"@type\":\"WebSite\",\"@id\":\"https:\\\/\\\/archiv.siov.sk\\\/#website\",\"url\":\"https:\\\/\\\/archiv.siov.sk\\\/\",\"name\":\"\u0160IOV - \u0161t\u00e1tny in\u0161tit\u00fat odborn\u00e9ho vzdel\u00e1vania\",\"description\":\"\",\"publisher\":{\"@id\":\"https:\\\/\\\/archiv.siov.sk\\\/#organization\"},\"potentialAction\":[{\"@type\":\"SearchAction\",\"target\":{\"@type\":\"EntryPoint\",\"urlTemplate\":\"https:\\\/\\\/archiv.siov.sk\\\/?s={search_term_string}\"},\"query-input\":{\"@type\":\"PropertyValueSpecification\",\"valueRequired\":true,\"valueName\":\"search_term_string\"}}],\"inLanguage\":\"en-GB\"},{\"@type\":\"Organization\",\"@id\":\"https:\\\/\\\/archiv.siov.sk\\\/#organization\",\"name\":\"\u0160IOV - \u0161t\u00e1tny in\u0161tit\u00fat odborn\u00e9ho vzdel\u00e1vania\",\"url\":\"https:\\\/\\\/archiv.siov.sk\\\/\",\"logo\":{\"@type\":\"ImageObject\",\"inLanguage\":\"en-GB\",\"@id\":\"https:\\\/\\\/archiv.siov.sk\\\/#\\\/schema\\\/logo\\\/image\\\/\",\"url\":\"https:\\\/\\\/archiv.siov.sk\\\/wp-content\\\/uploads\\\/2024\\\/02\\\/logo-SIOV.png\",\"contentUrl\":\"https:\\\/\\\/archiv.siov.sk\\\/wp-content\\\/uploads\\\/2024\\\/02\\\/logo-SIOV.png\",\"width\":431,\"height\":143,\"caption\":\"\u0160IOV - \u0161t\u00e1tny in\u0161tit\u00fat odborn\u00e9ho vzdel\u00e1vania\"},\"image\":{\"@id\":\"https:\\\/\\\/archiv.siov.sk\\\/#\\\/schema\\\/logo\\\/image\\\/\"},\"sameAs\":[\"https:\\\/\\\/www.facebook.com\\\/Statnyinstitutodbornehovzdelavania\"]}]}<\/script>\n<!-- \/ Yoast SEO plugin. -->","yoast_head_json":{"title":"Rodinn\u00fd dom VELUX - \u0160IOV - \u0161t\u00e1tny in\u0161tit\u00fat odborn\u00e9ho vzdel\u00e1vania","robots":{"index":"index","follow":"follow","max-snippet":"max-snippet:-1","max-image-preview":"max-image-preview:large","max-video-preview":"max-video-preview:-1"},"canonical":"https:\/\/archiv.siov.sk\/en\/sutaze\/rodinny-dom-velux\/","og_locale":"en_GB","og_type":"article","og_title":"Rodinn\u00fd dom VELUX - \u0160IOV - \u0161t\u00e1tny in\u0161tit\u00fat odborn\u00e9ho vzdel\u00e1vania","og_description":"Rodinn\u00fd dom VELUX VELUX SLOVENSKO spol. s r. o., vyhlasuje pod z\u00e1\u0161titou \u0160t\u00e1tneho in\u0161tit\u00fatu odborn\u00e9ho vzdel\u00e1vania 12. ro\u010dn\u00edk s\u00fa\u0165a\u017ee Rodinn\u00fd dom VELUX pre \u0161tudentov stredn\u00fdch odborn\u00fdch \u0161k\u00f4l so zameran\u00edm na stavite\u013estvo. T\u00c9MA S\u00da\u0164A\u017dE Predmetom s\u00fa\u0165a\u017ee je vypracovanie \u0161t\u00fadie rodinn\u00e9ho domu, kde denn\u00e9 svetlo a pr\u00edsun \u010derstv\u00e9ho vzduchu prich\u00e1dza do objektu cez strechu, prostredn\u00edctvom v\u00fdrobkov VELUX. [&hellip;]","og_url":"https:\/\/archiv.siov.sk\/en\/sutaze\/rodinny-dom-velux\/","og_site_name":"\u0160IOV - \u0161t\u00e1tny in\u0161tit\u00fat odborn\u00e9ho vzdel\u00e1vania","article_publisher":"https:\/\/www.facebook.com\/Statnyinstitutodbornehovzdelavania","article_modified_time":"2025-09-22T10:12:05+00:00","twitter_card":"summary_large_image","twitter_misc":{"Estimated reading time":"2 minutes"},"schema":{"@context":"https:\/\/schema.org","@graph":[{"@type":"WebPage","@id":"https:\/\/archiv.siov.sk\/sutaze\/rodinny-dom-velux\/","url":"https:\/\/archiv.siov.sk\/sutaze\/rodinny-dom-velux\/","name":"Rodinn\u00fd dom VELUX - \u0160IOV - \u0161t\u00e1tny in\u0161tit\u00fat odborn\u00e9ho vzdel\u00e1vania","isPartOf":{"@id":"https:\/\/archiv.siov.sk\/#website"},"datePublished":"2019-06-25T11:05:37+00:00","dateModified":"2025-09-22T10:12:05+00:00","breadcrumb":{"@id":"https:\/\/archiv.siov.sk\/sutaze\/rodinny-dom-velux\/#breadcrumb"},"inLanguage":"en-GB","potentialAction":[{"@type":"ReadAction","target":["https:\/\/archiv.siov.sk\/sutaze\/rodinny-dom-velux\/"]}]},{"@type":"BreadcrumbList","@id":"https:\/\/archiv.siov.sk\/sutaze\/rodinny-dom-velux\/#breadcrumb","itemListElement":[{"@type":"ListItem","position":1,"name":"Home","item":"https:\/\/archiv.siov.sk\/"},{"@type":"ListItem","position":2,"name":"S\u00fa\u0165a\u017ee","item":"https:\/\/archiv.siov.sk\/sutaze\/"},{"@type":"ListItem","position":3,"name":"Rodinn\u00fd dom VELUX"}]},{"@type":"WebSite","@id":"https:\/\/archiv.siov.sk\/#website","url":"https:\/\/archiv.siov.sk\/","name":"\u0160IOV - \u0161t\u00e1tny in\u0161tit\u00fat odborn\u00e9ho vzdel\u00e1vania","description":"","publisher":{"@id":"https:\/\/archiv.siov.sk\/#organization"},"potentialAction":[{"@type":"SearchAction","target":{"@type":"EntryPoint","urlTemplate":"https:\/\/archiv.siov.sk\/?s={search_term_string}"},"query-input":{"@type":"PropertyValueSpecification","valueRequired":true,"valueName":"search_term_string"}}],"inLanguage":"en-GB"},{"@type":"Organization","@id":"https:\/\/archiv.siov.sk\/#organization","name":"\u0160IOV - \u0161t\u00e1tny in\u0161tit\u00fat odborn\u00e9ho vzdel\u00e1vania","url":"https:\/\/archiv.siov.sk\/","logo":{"@type":"ImageObject","inLanguage":"en-GB","@id":"https:\/\/archiv.siov.sk\/#\/schema\/logo\/image\/","url":"https:\/\/archiv.siov.sk\/wp-content\/uploads\/2024\/02\/logo-SIOV.png","contentUrl":"https:\/\/archiv.siov.sk\/wp-content\/uploads\/2024\/02\/logo-SIOV.png","width":431,"height":143,"caption":"\u0160IOV - \u0161t\u00e1tny in\u0161tit\u00fat odborn\u00e9ho vzdel\u00e1vania"},"image":{"@id":"https:\/\/archiv.siov.sk\/#\/schema\/logo\/image\/"},"sameAs":["https:\/\/www.facebook.com\/Statnyinstitutodbornehovzdelavania"]}]}},"_links":{"self":[{"href":"https:\/\/archiv.siov.sk\/en\/wp-json\/wp\/v2\/pages\/3989","targetHints":{"allow":["GET"]}}],"collection":[{"href":"https:\/\/archiv.siov.sk\/en\/wp-json\/wp\/v2\/pages"}],"about":[{"href":"https:\/\/archiv.siov.sk\/en\/wp-json\/wp\/v2\/types\/page"}],"author":[{"embeddable":true,"href":"https:\/\/archiv.siov.sk\/en\/wp-json\/wp\/v2\/users\/1"}],"replies":[{"embeddable":true,"href":"https:\/\/archiv.siov.sk\/en\/wp-json\/wp\/v2\/comments?post=3989"}],"version-history":[{"count":62,"href":"https:\/\/archiv.siov.sk\/en\/wp-json\/wp\/v2\/pages\/3989\/revisions"}],"predecessor-version":[{"id":21064,"href":"https:\/\/archiv.siov.sk\/en\/wp-json\/wp\/v2\/pages\/3989\/revisions\/21064"}],"up":[{"embeddable":true,"href":"https:\/\/archiv.siov.sk\/en\/wp-json\/wp\/v2\/pages\/144"}],"wp:attachment":[{"href":"https:\/\/archiv.siov.sk\/en\/wp-json\/wp\/v2\/media?parent=3989"}],"curies":[{"name":"wp","href":"https:\/\/api.w.org\/{rel}","templated":true}]}}