{"id":3763,"date":"2019-05-09T11:02:57","date_gmt":"2019-05-09T09:02:57","guid":{"rendered":"http:\/\/archiv.siov.sk\/?page_id=3763"},"modified":"2021-07-23T08:29:29","modified_gmt":"2021-07-23T06:29:29","slug":"regionalny-veltrh-a-kontraktacny-den-cvicnych-firiem-2019","status":"publish","type":"page","link":"https:\/\/archiv.siov.sk\/en\/cvicne-firmy\/veltrhy-a-sutaze\/regionalny-veltrh-a-kontraktacny-den-cvicnych-firiem-2019\/","title":{"rendered":"Region\u00e1lny ve\u013etrh a kontrakta\u010dn\u00fd de\u0148 cvi\u010dn\u00fdch firiem 2019"},"content":{"rendered":"<div data-elementor-type=\"wp-page\" data-elementor-id=\"3763\" class=\"elementor elementor-3763\" data-elementor-post-type=\"page\">\n\t\t\t\t\t\t<section class=\"elementor-section elementor-top-section elementor-element elementor-element-748ceec elementor-section-boxed elementor-section-height-default elementor-section-height-default\" data-id=\"748ceec\" data-element_type=\"section\" data-e-type=\"section\">\n\t\t\t\t\t\t<div class=\"elementor-container elementor-column-gap-default\">\n\t\t\t\t\t<div class=\"elementor-column elementor-col-100 elementor-top-column elementor-element elementor-element-245c161\" data-id=\"245c161\" data-element_type=\"column\" data-e-type=\"column\">\n\t\t\t<div class=\"elementor-widget-wrap elementor-element-populated\">\n\t\t\t\t\t\t<div class=\"elementor-element elementor-element-9585978 elementor-widget-divider--view-line elementor-widget elementor-widget-divider\" data-id=\"9585978\" data-element_type=\"widget\" data-e-type=\"widget\" data-widget_type=\"divider.default\">\n\t\t\t\t<div class=\"elementor-widget-container\">\n\t\t\t\t\t\t\t<div class=\"elementor-divider\">\n\t\t\t<span class=\"elementor-divider-separator\">\n\t\t\t\t\t\t<\/span>\n\t\t<\/div>\n\t\t\t\t\t\t<\/div>\n\t\t\t\t<\/div>\n\t\t\t\t<div class=\"elementor-element elementor-element-2b1d273 elementor-widget elementor-widget-heading\" data-id=\"2b1d273\" data-element_type=\"widget\" data-e-type=\"widget\" data-widget_type=\"heading.default\">\n\t\t\t\t<div class=\"elementor-widget-container\">\n\t\t\t\t\t<h2 class=\"elementor-heading-title elementor-size-default\">Region\u00e1lny ve\u013etrh a kontrakta\u010dn\u00fd de\u0148 cvi\u010dn\u00fdch firiem 2019<\/h2>\t\t\t\t<\/div>\n\t\t\t\t<\/div>\n\t\t\t\t\t<\/div>\n\t\t<\/div>\n\t\t\t\t\t<\/div>\n\t\t<\/section>\n\t\t\t\t<section class=\"elementor-section elementor-top-section elementor-element elementor-element-0f07095 elementor-section-boxed elementor-section-height-default elementor-section-height-default\" data-id=\"0f07095\" data-element_type=\"section\" data-e-type=\"section\">\n\t\t\t\t\t\t<div class=\"elementor-container elementor-column-gap-default\">\n\t\t\t\t\t<div class=\"elementor-column elementor-col-100 elementor-top-column elementor-element elementor-element-2781beb\" data-id=\"2781beb\" data-element_type=\"column\" data-e-type=\"column\">\n\t\t\t<div class=\"elementor-widget-wrap elementor-element-populated\">\n\t\t\t\t\t\t<div class=\"elementor-element elementor-element-2266b41 elementor-widget elementor-widget-text-editor\" data-id=\"2266b41\" data-element_type=\"widget\" data-e-type=\"widget\" data-widget_type=\"text-editor.default\">\n\t\t\t\t<div class=\"elementor-widget-container\">\n\t\t\t\t\t\t\t\t\t<p style=\"font-size: 15px; font-style: normal; font-weight: 400;\"><em>Bratislava \u2013 15. apr\u00edla 2019 \u2013 V Miestnom kult\u00farnom centre v \u017diari nad Hronom sa 3. apr\u00edla 2019 na 23. region\u00e1lnom ve\u013etrhu a 11. kontrakta\u010dnom dni prezentovalo 18 stredn\u00fdch odborn\u00fdch \u0161k\u00f4l z Banskobystrick\u00e9ho, Ko\u0161ick\u00e9ho, Nitrianskeho, Trnavsk\u00e9ho kraja a 4 zahrani\u010dn\u00e9 \u0161koly.<\/em><\/p><p style=\"font-size: 15px; font-style: normal; font-weight: 400;\">Region\u00e1lny ve\u013etrh v\u00a0\u017diari nad Hronom bol zauj\u00edmav\u00fd aj t\u00fdm, \u017ee sa na \u0148om z\u00fa\u010dastnila a\u00a0s\u00fa\u0165a\u017eila medzin\u00e1rodn\u00e1 slovensko \u2013 chorv\u00e1tsko \u2013 \u0161panielsko \u2013 talianska cvi\u010dn\u00e1 firma Yee travel agency, s.r.o., cestovn\u00e1 kancel\u00e1ria. T\u00e1to vznikla v\u00a0r\u00e1mci projektu ERASMUS+, ktor\u00fd realizuje S\u0160 OA Detva. Na ve\u013etrhu sa celkom z\u00fa\u010dastnilo 25 cvi\u010dn\u00fdch firiem.<\/p><p style=\"font-size: 15px; font-style: normal; font-weight: 400;\">Sme ve\u013emi radi, \u017ee n\u00e1s, zo Slovensk\u00e9ho centra cvi\u010dn\u00fdch firiem a Ing. O\u013egu Budinsk\u00fa, odborn\u00fa redaktorku Slovensk\u00e9ho pedagogick\u00e9ho nakladate\u013estva \u2013 Mlad\u00e9 let\u00e1 v\u00a0Bratislave, prijali \u00a0ako\u00a0vz\u00e1cnu n\u00e1v\u0161tevu. Pozvanie prijala aj Ing. O\u013ega \u010euricov\u00e1, ktor\u00e1 je so S\u00fakromnou obchodnou akad\u00e9miou v\u00a0\u017diari nad Hronom sp\u00e4t\u00e1 dlh\u00e9 roky nielen profesion\u00e1lne, ale aj tak rodinne, ako to u\u017e b\u00fdva pri u\u010dite\u013eskom povolan\u00ed a\u00a0pre \u0161kolu a\u00a0krajinu je aj v\u00fdnimo\u010dnou osobou ako jedna zo zakladateliek cvi\u010dn\u00fdch firiem na Slovensku. \u00a0<\/p><p style=\"font-size: 15px; font-style: normal; font-weight: 400;\">V\u00a0r\u00e1mci ve\u013etrhu ale aj pred n\u00edm, cvi\u010dn\u00e9 firmy s\u00fa\u0165a\u017eili v\u00a0kateg\u00f3ri\u00e1ch najlep\u0161ia elektronick\u00e1 prezent\u00e1cia,\u00a0 najlep\u0161\u00ed slogan, najlep\u0161\u00ed st\u00e1nok, najlep\u0161ie logo, najlep\u0161\u00ed katal\u00f3g.<\/p><p style=\"font-size: 15px; font-style: normal; font-weight: 400;\">Po\u010das sl\u00e1vnostn\u00e9ho vyhodnotenia s\u00fa\u0165a\u017e\u00ed ve\u013etrhu a\u00a0kontrakta\u010dn\u00e9ho d\u0148a cvi\u010dn\u00fdch firiem, bol vyhodnoten\u00fd aj 7. ro\u010dn\u00edk celoslovenskej s\u00fa\u0165a\u017ee \u201eNajlep\u0161\u00ed podnikate\u013esk\u00fd z\u00e1mer\u201c, ktor\u00fa vyhlasuje pravidelne \u0160IOV \u2013 Slovensk\u00e9 centrum cvi\u010dn\u00fdch firiem. Projekty hodnotili z\u00e1stupcovia Ekonomickej univerzity v\u00a0Bratislave, Zdru\u017eenia mlad\u00fdch podnikate\u013eov Slovenska a SCCF. Ceny za SCCF odovzdali\u00a0 Ing. Gabriela Horeck\u00e1 a\u00a0Mgr. Marta Maru\u0161incov\u00e1. V\u00ed\u0165azn\u00fdm t\u00edmom zo\u00a0<span style=\"font-weight: bold;\">S\u0160 OA \u0160t\u00farova 848, Detva<\/span>,\u00a0<span style=\"font-weight: bold;\">OA DM Janotu, \u010cadca<\/span>\u00a0a\u00a0SO\u0160, Kysuck\u00e1 14, Senec srde\u010dne gratulujeme. Vyhodnotenie n\u00e1jdete na\u00a0<a href=\"http:\/\/www.sccf.sk\/sutaz-o-najlepsi-podniktelsky-zamer-40.html\">http:\/\/www.sccf.sk\/sutaz-o-najlepsi-podniktelsky-zamer-40.html<\/a>. Album 136 fotografi\u00ed n\u00e1jdete na \u00a0FB str\u00e1nke pou\u017e\u00edvate\u013ea \u017diar nad Hronom vo fotografi\u00e1ch.<\/p><p style=\"font-size: 15px; font-style: normal; font-weight: 400;\">Cenu Slovensk\u00e9ho centra cvi\u010dn\u00fdch firiem v\u00a0r\u00e1mci aktu\u00e1lneho ve\u013etrhu a\u00a0kontrakta\u010dn\u00e9ho d\u0148a cvi\u010dn\u00fdch firiem pre stredoslovensk\u00fd kraj z\u00edskala CF Propag\u00e1tor, s.r.o. zo Spojenej \u0161koly Modr\u00fd Kame\u0148. Celkov\u00e9 vyhodnotenie 23. region\u00e1lneho ve\u013etrhu a\u00a011. kontrakta\u010dn\u00e9ho d\u0148a cvi\u010dn\u00fdch firiem bude zverejnen\u00e9 na str\u00e1nke \u0161koly\u00a0<a href=\"https:\/\/soazh.edupage.org\/\">www.oazh.sk<\/a><\/p>\t\t\t\t\t\t\t\t<\/div>\n\t\t\t\t<\/div>\n\t\t\t\t\t<\/div>\n\t\t<\/div>\n\t\t\t\t\t<\/div>\n\t\t<\/section>\n\t\t\t\t<\/div>","protected":false},"excerpt":{"rendered":"<p>Region\u00e1lny ve\u013etrh a kontrakta\u010dn\u00fd de\u0148 cvi\u010dn\u00fdch firiem 2019 Bratislava \u2013 15. apr\u00edla 2019 \u2013 V Miestnom kult\u00farnom centre v \u017diari nad Hronom sa 3. apr\u00edla 2019 na 23. region\u00e1lnom ve\u013etrhu a 11. kontrakta\u010dnom dni prezentovalo 18 stredn\u00fdch odborn\u00fdch \u0161k\u00f4l z Banskobystrick\u00e9ho, Ko\u0161ick\u00e9ho, Nitrianskeho, Trnavsk\u00e9ho kraja a 4 zahrani\u010dn\u00e9 \u0161koly. Region\u00e1lny ve\u013etrh v\u00a0\u017diari nad Hronom bol [&hellip;]<\/p>\n","protected":false},"author":6,"featured_media":0,"parent":114,"menu_order":0,"comment_status":"closed","ping_status":"closed","template":"","meta":{"site-sidebar-layout":"default","site-content-layout":"default","ast-site-content-layout":"default","site-content-style":"default","site-sidebar-style":"default","ast-global-header-display":"","ast-banner-title-visibility":"","ast-main-header-display":"","ast-hfb-above-header-display":"","ast-hfb-below-header-display":"","ast-hfb-mobile-header-display":"","site-post-title":"disabled","ast-breadcrumbs-content":"","ast-featured-img":"","footer-sml-layout":"","ast-disable-related-posts":"","theme-transparent-header-meta":"default","adv-header-id-meta":"","stick-header-meta":"","header-above-stick-meta":"","header-main-stick-meta":"","header-below-stick-meta":"","astra-migrate-meta-layouts":"default","ast-page-background-enabled":"default","ast-page-background-meta":{"desktop":{"background-color":"var(--ast-global-color-4)","background-image":"","background-repeat":"repeat","background-position":"center center","background-size":"auto","background-attachment":"scroll","background-type":"","background-media":"","overlay-type":"","overlay-color":"","overlay-opacity":"","overlay-gradient":""},"tablet":{"background-color":"","background-image":"","background-repeat":"repeat","background-position":"center center","background-size":"auto","background-attachment":"scroll","background-type":"","background-media":"","overlay-type":"","overlay-color":"","overlay-opacity":"","overlay-gradient":""},"mobile":{"background-color":"","background-image":"","background-repeat":"repeat","background-position":"center center","background-size":"auto","background-attachment":"scroll","background-type":"","background-media":"","overlay-type":"","overlay-color":"","overlay-opacity":"","overlay-gradient":""}},"ast-content-background-meta":{"desktop":{"background-color":"var(--ast-global-color-5)","background-image":"","background-repeat":"repeat","background-position":"center center","background-size":"auto","background-attachment":"scroll","background-type":"","background-media":"","overlay-type":"","overlay-color":"","overlay-opacity":"","overlay-gradient":""},"tablet":{"background-color":"var(--ast-global-color-5)","background-image":"","background-repeat":"repeat","background-position":"center center","background-size":"auto","background-attachment":"scroll","background-type":"","background-media":"","overlay-type":"","overlay-color":"","overlay-opacity":"","overlay-gradient":""},"mobile":{"background-color":"var(--ast-global-color-5)","background-image":"","background-repeat":"repeat","background-position":"center center","background-size":"auto","background-attachment":"scroll","background-type":"","background-media":"","overlay-type":"","overlay-color":"","overlay-opacity":"","overlay-gradient":""}},"footnotes":""},"class_list":["post-3763","page","type-page","status-publish","hentry"],"yoast_head":"<!-- This site is optimized with the Yoast SEO plugin v27.5 - https:\/\/yoast.com\/product\/yoast-seo-wordpress\/ -->\n<title>Region\u00e1lny ve\u013etrh a kontrakta\u010dn\u00fd de\u0148 cvi\u010dn\u00fdch firiem 2019 - \u0160IOV - \u0161t\u00e1tny in\u0161tit\u00fat odborn\u00e9ho vzdel\u00e1vania<\/title>\n<meta name=\"robots\" content=\"index, follow, max-snippet:-1, max-image-preview:large, max-video-preview:-1\" \/>\n<link rel=\"canonical\" href=\"https:\/\/archiv.siov.sk\/en\/cvicne-firmy\/veltrhy-a-sutaze\/regionalny-veltrh-a-kontraktacny-den-cvicnych-firiem-2019\/\" \/>\n<meta property=\"og:locale\" content=\"en_GB\" \/>\n<meta property=\"og:type\" content=\"article\" \/>\n<meta property=\"og:title\" content=\"Region\u00e1lny ve\u013etrh a kontrakta\u010dn\u00fd de\u0148 cvi\u010dn\u00fdch firiem 2019 - \u0160IOV - \u0161t\u00e1tny in\u0161tit\u00fat odborn\u00e9ho vzdel\u00e1vania\" \/>\n<meta property=\"og:description\" content=\"Region\u00e1lny ve\u013etrh a kontrakta\u010dn\u00fd de\u0148 cvi\u010dn\u00fdch firiem 2019 Bratislava \u2013 15. apr\u00edla 2019 \u2013 V Miestnom kult\u00farnom centre v \u017diari nad Hronom sa 3. apr\u00edla 2019 na 23. region\u00e1lnom ve\u013etrhu a 11. kontrakta\u010dnom dni prezentovalo 18 stredn\u00fdch odborn\u00fdch \u0161k\u00f4l z Banskobystrick\u00e9ho, Ko\u0161ick\u00e9ho, Nitrianskeho, Trnavsk\u00e9ho kraja a 4 zahrani\u010dn\u00e9 \u0161koly. Region\u00e1lny ve\u013etrh v\u00a0\u017diari nad Hronom bol [&hellip;]\" \/>\n<meta property=\"og:url\" content=\"https:\/\/archiv.siov.sk\/en\/cvicne-firmy\/veltrhy-a-sutaze\/regionalny-veltrh-a-kontraktacny-den-cvicnych-firiem-2019\/\" \/>\n<meta property=\"og:site_name\" content=\"\u0160IOV - \u0161t\u00e1tny in\u0161tit\u00fat odborn\u00e9ho vzdel\u00e1vania\" \/>\n<meta property=\"article:publisher\" content=\"https:\/\/www.facebook.com\/Statnyinstitutodbornehovzdelavania\" \/>\n<meta property=\"article:modified_time\" content=\"2021-07-23T06:29:29+00:00\" \/>\n<meta name=\"twitter:card\" content=\"summary_large_image\" \/>\n<meta name=\"twitter:label1\" content=\"Estimated reading time\" \/>\n\t<meta name=\"twitter:data1\" content=\"2 minutes\" \/>\n<script type=\"application\/ld+json\" class=\"yoast-schema-graph\">{\"@context\":\"https:\\\/\\\/schema.org\",\"@graph\":[{\"@type\":\"WebPage\",\"@id\":\"https:\\\/\\\/archiv.siov.sk\\\/cvicne-firmy\\\/veltrhy-a-sutaze\\\/regionalny-veltrh-a-kontraktacny-den-cvicnych-firiem-2019\\\/\",\"url\":\"https:\\\/\\\/archiv.siov.sk\\\/cvicne-firmy\\\/veltrhy-a-sutaze\\\/regionalny-veltrh-a-kontraktacny-den-cvicnych-firiem-2019\\\/\",\"name\":\"Region\u00e1lny ve\u013etrh a kontrakta\u010dn\u00fd de\u0148 cvi\u010dn\u00fdch firiem 2019 - \u0160IOV - \u0161t\u00e1tny in\u0161tit\u00fat odborn\u00e9ho vzdel\u00e1vania\",\"isPartOf\":{\"@id\":\"https:\\\/\\\/archiv.siov.sk\\\/#website\"},\"datePublished\":\"2019-05-09T09:02:57+00:00\",\"dateModified\":\"2021-07-23T06:29:29+00:00\",\"breadcrumb\":{\"@id\":\"https:\\\/\\\/archiv.siov.sk\\\/cvicne-firmy\\\/veltrhy-a-sutaze\\\/regionalny-veltrh-a-kontraktacny-den-cvicnych-firiem-2019\\\/#breadcrumb\"},\"inLanguage\":\"en-GB\",\"potentialAction\":[{\"@type\":\"ReadAction\",\"target\":[\"https:\\\/\\\/archiv.siov.sk\\\/cvicne-firmy\\\/veltrhy-a-sutaze\\\/regionalny-veltrh-a-kontraktacny-den-cvicnych-firiem-2019\\\/\"]}]},{\"@type\":\"BreadcrumbList\",\"@id\":\"https:\\\/\\\/archiv.siov.sk\\\/cvicne-firmy\\\/veltrhy-a-sutaze\\\/regionalny-veltrh-a-kontraktacny-den-cvicnych-firiem-2019\\\/#breadcrumb\",\"itemListElement\":[{\"@type\":\"ListItem\",\"position\":1,\"name\":\"Home\",\"item\":\"https:\\\/\\\/archiv.siov.sk\\\/\"},{\"@type\":\"ListItem\",\"position\":2,\"name\":\"SLOVENSK\u00c9 CENTRUM CVI\u010cN\u00ddCH FIRIEM\",\"item\":\"https:\\\/\\\/archiv.siov.sk\\\/cvicne-firmy\\\/\"},{\"@type\":\"ListItem\",\"position\":3,\"name\":\"Ve\u013etrhy a s\u00fa\u0165a\u017ee\",\"item\":\"https:\\\/\\\/archiv.siov.sk\\\/cvicne-firmy\\\/veltrhy-a-sutaze\\\/\"},{\"@type\":\"ListItem\",\"position\":4,\"name\":\"Region\u00e1lny ve\u013etrh a kontrakta\u010dn\u00fd de\u0148 cvi\u010dn\u00fdch firiem 2019\"}]},{\"@type\":\"WebSite\",\"@id\":\"https:\\\/\\\/archiv.siov.sk\\\/#website\",\"url\":\"https:\\\/\\\/archiv.siov.sk\\\/\",\"name\":\"\u0160IOV - \u0161t\u00e1tny in\u0161tit\u00fat odborn\u00e9ho vzdel\u00e1vania\",\"description\":\"\",\"publisher\":{\"@id\":\"https:\\\/\\\/archiv.siov.sk\\\/#organization\"},\"potentialAction\":[{\"@type\":\"SearchAction\",\"target\":{\"@type\":\"EntryPoint\",\"urlTemplate\":\"https:\\\/\\\/archiv.siov.sk\\\/?s={search_term_string}\"},\"query-input\":{\"@type\":\"PropertyValueSpecification\",\"valueRequired\":true,\"valueName\":\"search_term_string\"}}],\"inLanguage\":\"en-GB\"},{\"@type\":\"Organization\",\"@id\":\"https:\\\/\\\/archiv.siov.sk\\\/#organization\",\"name\":\"\u0160IOV - \u0161t\u00e1tny in\u0161tit\u00fat odborn\u00e9ho vzdel\u00e1vania\",\"url\":\"https:\\\/\\\/archiv.siov.sk\\\/\",\"logo\":{\"@type\":\"ImageObject\",\"inLanguage\":\"en-GB\",\"@id\":\"https:\\\/\\\/archiv.siov.sk\\\/#\\\/schema\\\/logo\\\/image\\\/\",\"url\":\"https:\\\/\\\/archiv.siov.sk\\\/wp-content\\\/uploads\\\/2024\\\/02\\\/logo-SIOV.png\",\"contentUrl\":\"https:\\\/\\\/archiv.siov.sk\\\/wp-content\\\/uploads\\\/2024\\\/02\\\/logo-SIOV.png\",\"width\":431,\"height\":143,\"caption\":\"\u0160IOV - \u0161t\u00e1tny in\u0161tit\u00fat odborn\u00e9ho vzdel\u00e1vania\"},\"image\":{\"@id\":\"https:\\\/\\\/archiv.siov.sk\\\/#\\\/schema\\\/logo\\\/image\\\/\"},\"sameAs\":[\"https:\\\/\\\/www.facebook.com\\\/Statnyinstitutodbornehovzdelavania\"]}]}<\/script>\n<!-- \/ Yoast SEO plugin. -->","yoast_head_json":{"title":"Region\u00e1lny ve\u013etrh a kontrakta\u010dn\u00fd de\u0148 cvi\u010dn\u00fdch firiem 2019 - \u0160IOV - \u0161t\u00e1tny in\u0161tit\u00fat odborn\u00e9ho vzdel\u00e1vania","robots":{"index":"index","follow":"follow","max-snippet":"max-snippet:-1","max-image-preview":"max-image-preview:large","max-video-preview":"max-video-preview:-1"},"canonical":"https:\/\/archiv.siov.sk\/en\/cvicne-firmy\/veltrhy-a-sutaze\/regionalny-veltrh-a-kontraktacny-den-cvicnych-firiem-2019\/","og_locale":"en_GB","og_type":"article","og_title":"Region\u00e1lny ve\u013etrh a kontrakta\u010dn\u00fd de\u0148 cvi\u010dn\u00fdch firiem 2019 - \u0160IOV - \u0161t\u00e1tny in\u0161tit\u00fat odborn\u00e9ho vzdel\u00e1vania","og_description":"Region\u00e1lny ve\u013etrh a kontrakta\u010dn\u00fd de\u0148 cvi\u010dn\u00fdch firiem 2019 Bratislava \u2013 15. apr\u00edla 2019 \u2013 V Miestnom kult\u00farnom centre v \u017diari nad Hronom sa 3. apr\u00edla 2019 na 23. region\u00e1lnom ve\u013etrhu a 11. kontrakta\u010dnom dni prezentovalo 18 stredn\u00fdch odborn\u00fdch \u0161k\u00f4l z Banskobystrick\u00e9ho, Ko\u0161ick\u00e9ho, Nitrianskeho, Trnavsk\u00e9ho kraja a 4 zahrani\u010dn\u00e9 \u0161koly. Region\u00e1lny ve\u013etrh v\u00a0\u017diari nad Hronom bol [&hellip;]","og_url":"https:\/\/archiv.siov.sk\/en\/cvicne-firmy\/veltrhy-a-sutaze\/regionalny-veltrh-a-kontraktacny-den-cvicnych-firiem-2019\/","og_site_name":"\u0160IOV - \u0161t\u00e1tny in\u0161tit\u00fat odborn\u00e9ho vzdel\u00e1vania","article_publisher":"https:\/\/www.facebook.com\/Statnyinstitutodbornehovzdelavania","article_modified_time":"2021-07-23T06:29:29+00:00","twitter_card":"summary_large_image","twitter_misc":{"Estimated reading time":"2 minutes"},"schema":{"@context":"https:\/\/schema.org","@graph":[{"@type":"WebPage","@id":"https:\/\/archiv.siov.sk\/cvicne-firmy\/veltrhy-a-sutaze\/regionalny-veltrh-a-kontraktacny-den-cvicnych-firiem-2019\/","url":"https:\/\/archiv.siov.sk\/cvicne-firmy\/veltrhy-a-sutaze\/regionalny-veltrh-a-kontraktacny-den-cvicnych-firiem-2019\/","name":"Region\u00e1lny ve\u013etrh a kontrakta\u010dn\u00fd de\u0148 cvi\u010dn\u00fdch firiem 2019 - \u0160IOV - \u0161t\u00e1tny in\u0161tit\u00fat odborn\u00e9ho vzdel\u00e1vania","isPartOf":{"@id":"https:\/\/archiv.siov.sk\/#website"},"datePublished":"2019-05-09T09:02:57+00:00","dateModified":"2021-07-23T06:29:29+00:00","breadcrumb":{"@id":"https:\/\/archiv.siov.sk\/cvicne-firmy\/veltrhy-a-sutaze\/regionalny-veltrh-a-kontraktacny-den-cvicnych-firiem-2019\/#breadcrumb"},"inLanguage":"en-GB","potentialAction":[{"@type":"ReadAction","target":["https:\/\/archiv.siov.sk\/cvicne-firmy\/veltrhy-a-sutaze\/regionalny-veltrh-a-kontraktacny-den-cvicnych-firiem-2019\/"]}]},{"@type":"BreadcrumbList","@id":"https:\/\/archiv.siov.sk\/cvicne-firmy\/veltrhy-a-sutaze\/regionalny-veltrh-a-kontraktacny-den-cvicnych-firiem-2019\/#breadcrumb","itemListElement":[{"@type":"ListItem","position":1,"name":"Home","item":"https:\/\/archiv.siov.sk\/"},{"@type":"ListItem","position":2,"name":"SLOVENSK\u00c9 CENTRUM CVI\u010cN\u00ddCH FIRIEM","item":"https:\/\/archiv.siov.sk\/cvicne-firmy\/"},{"@type":"ListItem","position":3,"name":"Ve\u013etrhy a s\u00fa\u0165a\u017ee","item":"https:\/\/archiv.siov.sk\/cvicne-firmy\/veltrhy-a-sutaze\/"},{"@type":"ListItem","position":4,"name":"Region\u00e1lny ve\u013etrh a kontrakta\u010dn\u00fd de\u0148 cvi\u010dn\u00fdch firiem 2019"}]},{"@type":"WebSite","@id":"https:\/\/archiv.siov.sk\/#website","url":"https:\/\/archiv.siov.sk\/","name":"\u0160IOV - \u0161t\u00e1tny in\u0161tit\u00fat odborn\u00e9ho vzdel\u00e1vania","description":"","publisher":{"@id":"https:\/\/archiv.siov.sk\/#organization"},"potentialAction":[{"@type":"SearchAction","target":{"@type":"EntryPoint","urlTemplate":"https:\/\/archiv.siov.sk\/?s={search_term_string}"},"query-input":{"@type":"PropertyValueSpecification","valueRequired":true,"valueName":"search_term_string"}}],"inLanguage":"en-GB"},{"@type":"Organization","@id":"https:\/\/archiv.siov.sk\/#organization","name":"\u0160IOV - \u0161t\u00e1tny in\u0161tit\u00fat odborn\u00e9ho vzdel\u00e1vania","url":"https:\/\/archiv.siov.sk\/","logo":{"@type":"ImageObject","inLanguage":"en-GB","@id":"https:\/\/archiv.siov.sk\/#\/schema\/logo\/image\/","url":"https:\/\/archiv.siov.sk\/wp-content\/uploads\/2024\/02\/logo-SIOV.png","contentUrl":"https:\/\/archiv.siov.sk\/wp-content\/uploads\/2024\/02\/logo-SIOV.png","width":431,"height":143,"caption":"\u0160IOV - \u0161t\u00e1tny in\u0161tit\u00fat odborn\u00e9ho vzdel\u00e1vania"},"image":{"@id":"https:\/\/archiv.siov.sk\/#\/schema\/logo\/image\/"},"sameAs":["https:\/\/www.facebook.com\/Statnyinstitutodbornehovzdelavania"]}]}},"_links":{"self":[{"href":"https:\/\/archiv.siov.sk\/en\/wp-json\/wp\/v2\/pages\/3763","targetHints":{"allow":["GET"]}}],"collection":[{"href":"https:\/\/archiv.siov.sk\/en\/wp-json\/wp\/v2\/pages"}],"about":[{"href":"https:\/\/archiv.siov.sk\/en\/wp-json\/wp\/v2\/types\/page"}],"author":[{"embeddable":true,"href":"https:\/\/archiv.siov.sk\/en\/wp-json\/wp\/v2\/users\/6"}],"replies":[{"embeddable":true,"href":"https:\/\/archiv.siov.sk\/en\/wp-json\/wp\/v2\/comments?post=3763"}],"version-history":[{"count":9,"href":"https:\/\/archiv.siov.sk\/en\/wp-json\/wp\/v2\/pages\/3763\/revisions"}],"predecessor-version":[{"id":8855,"href":"https:\/\/archiv.siov.sk\/en\/wp-json\/wp\/v2\/pages\/3763\/revisions\/8855"}],"up":[{"embeddable":true,"href":"https:\/\/archiv.siov.sk\/en\/wp-json\/wp\/v2\/pages\/114"}],"wp:attachment":[{"href":"https:\/\/archiv.siov.sk\/en\/wp-json\/wp\/v2\/media?parent=3763"}],"curies":[{"name":"wp","href":"https:\/\/api.w.org\/{rel}","templated":true}]}}