{"id":3149,"date":"2019-02-20T16:12:05","date_gmt":"2019-02-20T15:12:05","guid":{"rendered":"http:\/\/archiv.siov.sk\/?page_id=3149"},"modified":"2021-07-23T08:27:25","modified_gmt":"2021-07-23T06:27:25","slug":"regionalny-veltrh-cvicnych-firiem-olomouc-2019","status":"publish","type":"page","link":"https:\/\/archiv.siov.sk\/en\/cvicne-firmy\/veltrhy-a-sutaze\/regionalny-veltrh-cvicnych-firiem-olomouc-2019\/","title":{"rendered":"Region\u00e1lny ve\u013etrh Cvi\u010dn\u00fdch firiem\u00a0Olomouc 2019"},"content":{"rendered":"<div data-elementor-type=\"wp-page\" data-elementor-id=\"3149\" class=\"elementor elementor-3149\" data-elementor-post-type=\"page\">\n\t\t\t\t\t\t<section class=\"elementor-section elementor-top-section elementor-element elementor-element-d42fb9b elementor-section-boxed elementor-section-height-default elementor-section-height-default\" data-id=\"d42fb9b\" data-element_type=\"section\" data-e-type=\"section\">\n\t\t\t\t\t\t<div class=\"elementor-container elementor-column-gap-default\">\n\t\t\t\t\t<div class=\"elementor-column elementor-col-100 elementor-top-column elementor-element elementor-element-aa65aae\" data-id=\"aa65aae\" data-element_type=\"column\" data-e-type=\"column\">\n\t\t\t<div class=\"elementor-widget-wrap elementor-element-populated\">\n\t\t\t\t\t\t<div class=\"elementor-element elementor-element-cb811f6 elementor-widget-divider--view-line elementor-widget elementor-widget-divider\" data-id=\"cb811f6\" data-element_type=\"widget\" data-e-type=\"widget\" data-widget_type=\"divider.default\">\n\t\t\t\t<div class=\"elementor-widget-container\">\n\t\t\t\t\t\t\t<div class=\"elementor-divider\">\n\t\t\t<span class=\"elementor-divider-separator\">\n\t\t\t\t\t\t<\/span>\n\t\t<\/div>\n\t\t\t\t\t\t<\/div>\n\t\t\t\t<\/div>\n\t\t\t\t<div class=\"elementor-element elementor-element-baa351b elementor-widget elementor-widget-heading\" data-id=\"baa351b\" data-element_type=\"widget\" data-e-type=\"widget\" data-widget_type=\"heading.default\">\n\t\t\t\t<div class=\"elementor-widget-container\">\n\t\t\t\t\t<h2 class=\"elementor-heading-title elementor-size-default\">Region\u00e1lny ve\u013etrh Cvi\u010dn\u00fdch firiem Olomouc 2019<\/h2>\t\t\t\t<\/div>\n\t\t\t\t<\/div>\n\t\t\t\t\t<\/div>\n\t\t<\/div>\n\t\t\t\t\t<\/div>\n\t\t<\/section>\n\t\t\t\t<section class=\"elementor-section elementor-top-section elementor-element elementor-element-4d146768 elementor-section-boxed elementor-section-height-default elementor-section-height-default\" data-id=\"4d146768\" data-element_type=\"section\" data-e-type=\"section\">\n\t\t\t\t\t\t<div class=\"elementor-container elementor-column-gap-default\">\n\t\t\t\t\t<div class=\"elementor-column elementor-col-100 elementor-top-column elementor-element elementor-element-3d63eb7f\" data-id=\"3d63eb7f\" data-element_type=\"column\" data-e-type=\"column\">\n\t\t\t<div class=\"elementor-widget-wrap elementor-element-populated\">\n\t\t\t\t\t\t<div class=\"elementor-element elementor-element-1c33128b elementor-widget elementor-widget-text-editor\" data-id=\"1c33128b\" data-element_type=\"widget\" data-e-type=\"widget\" data-widget_type=\"text-editor.default\">\n\t\t\t\t<div class=\"elementor-widget-container\">\n\t\t\t\t\t\t\t\t\t<p style=\"text-align: justify;\">Region\u00e1lny ve\u013etrh cvi\u010dn\u00fdch firiem v&nbsp;Olomouci sme nav\u0161t\u00edvili v&nbsp;d\u0148och 24. -25. janu\u00e1ra 2019 ako pozorovatelia. Bolo to aj z&nbsp;toho d\u00f4vodu, \u017ee v&nbsp;porad\u00ed u\u017e 7. ro\u010dn\u00edk ve\u013etrh v&nbsp;Olomouci prin\u00e1\u0161a nov\u00e9 s\u00fa\u0165a\u017ee cvi\u010dn\u00fdch firiem ale&nbsp;aj in\u00fd sp\u00f4sob ich hodnotenia. Organiz\u00e1tori ve\u013etrhu zo Strednej odbornej \u0161koly logistiky a&nbsp;ch\u00e9mie z Olomouca zaviedli stretnutia poroty mesiac pred konan\u00edm samotn\u00e9ho ve\u013etrhu. Do niektor\u00fdch s\u00fa\u0165a\u017e\u00ed posielaj\u00fa prihl\u00e1sen\u00e9 cvi\u010dn\u00e9 firmy podklady e\u0161te pred ve\u013etrhom.<\/p>\r\n<p style=\"text-align: justify;\">Ve\u013etrhu cvi\u010dn\u00fdch firiem v&nbsp;Olomouci sa ka\u017edoro\u010dne z\u00fa\u010dast\u0148uj\u00fa aj cvi\u010dn\u00e9 firmy zo Slovenska. Ve\u013emi sa im p\u00e1\u010dia tu realizovan\u00e9 s\u00fa\u0165a\u017ee. Z&nbsp;toho d\u00f4vodu sme sa aj my zo Slovensk\u00e9ho centra cvi\u010dn\u00fdch firiem rozhodli z\u00fa\u010dastni\u0165 sa a&nbsp;vymeni\u0165 si s&nbsp;organiz\u00e1tormi sk\u00fasenosti. Na ve\u013etrhu sa takisto z\u00fa\u010dastnili aj dve kolegyne z&nbsp;\u010deskej centr\u00e1ly CF CEFIF. Okrem toho n\u00e1s milo prekvapilo aj&nbsp;pote\u0161ilo, \u017ee sa na ve\u013etrhu z\u00fa\u010dastnilo pomerne ve\u013ea z\u00e1stupcov re\u00e1lnych partnerov z&nbsp;firiem Edukol, s. r. o.; z&nbsp;Omnis Olomouc, a.s.; Okresnej hospod\u00e1rskej komory, oddelenie krajsk\u00e9ho vzdel\u00e1vania, Gatema, a. s.; \u010cesk\u00e1 po\u0161ta,s. p.; Spr\u00e1va kolej\u00ed a&nbsp;menz Univerzity Plack\u00e9ho, Olomouc; Moravsk\u00e1 vysok\u00e1 \u0161koal Olomouc; eDO Finance, a.s.; Serependity agency, s. r. o.; D\u0159evostavby Flexi domy, s.r.o.<\/p>\r\n<p style=\"text-align: justify;\">Celkovo sa na ve\u013etrhu z\u00fa\u010dastnilo 30 cvi\u010dn\u00fdch firiem a&nbsp;z&nbsp;toho 5 zo zahrani\u010dia z&nbsp;Rumunska, Ruska a Slovenska.<\/p>\r\n<p style=\"text-align: justify;\">Priebeh, program, hodnotenie ve\u013etrhu a&nbsp;s\u00fa\u0165a\u017e\u00ed cvi\u010dn\u00fdch firiem sa odli\u0161oval od ve\u013etrhov a&nbsp;kontrakta\u010dn\u00fdch dn\u00ed realizovan\u00fdch na Slovensku.<\/p>\r\n<p style=\"text-align: justify;\">S\u00fa\u0165a\u017ee boli rozdelen\u00e9 do dvoch \u010dast\u00ed. Podrobne s\u00fa rozp\u00edsan\u00e9 v&nbsp;programe ve\u013etrhu, ktor\u00fd je k&nbsp;dispoz\u00edcii na http:\/\/www.veletrh-fiktivnich-firem-olomouc.estranky.cz\/clanky\/souteze-veletrhu.html. Prv\u00e1 \u010das\u0165 bola hodnoten\u00e1 pred ve\u013etrhom a&nbsp;druh\u00e1 \u010das\u0165 po\u010das oboch dn\u00ed ve\u013etrhu. Bolo udelen\u00fdch mno\u017estvo cien. Organiz\u00e1tori zvolili syst\u00e9m oce\u0148ovania firiem z&nbsp;\u010ciech a&nbsp;zo zahrani\u010dia ako aj&nbsp;s\u00fa\u0165a\u017ee hodnoten\u00e9 pred ve\u013etrhom a&nbsp;hodnoten\u00e9 po\u010das ve\u013etrhu. S\u00fa\u0165a\u017en\u00fdch kateg\u00f3rii bolo 8 hodnoten\u00fdch pred ve\u013etrhom a&nbsp;6 po\u010das ve\u013etrhu. Ceny boli rozdelen\u00e9 na \u010desk\u00e9 a&nbsp;zahrani\u010dn\u00e9 a&nbsp;bolo ich naozaj ve\u013ea.<\/p>\r\n<img fetchpriority=\"high\" decoding=\"async\" class=\"size-full wp-image-3150 alignnone\" src=\"http:\/\/siov.sk\/wp-content\/uploads\/2019\/02\/cvicne-dni-olomouc-2019-01.jpg\" alt=\"Region\u00e1lny ve\u013etrh Cvi\u010dn\u00fdch firiem Olomouc 2019\" width=\"605\" height=\"341\" srcset=\"https:\/\/archiv.siov.sk\/wp-content\/uploads\/2019\/02\/cvicne-dni-olomouc-2019-01.jpg 605w, https:\/\/archiv.siov.sk\/wp-content\/uploads\/2019\/02\/cvicne-dni-olomouc-2019-01-300x169.jpg 300w, https:\/\/archiv.siov.sk\/wp-content\/uploads\/2019\/02\/cvicne-dni-olomouc-2019-01-480x271.jpg 480w\" sizes=\"(max-width: 605px) 100vw, 605px\" \/>\r\n<p style=\"text-align: justify;\">Zo Slovenska boli prihl\u00e1sen\u00e9 dve cvi\u010dn\u00e9 firmy, ktor\u00e9 zaslali podklady k&nbsp;s\u00fa\u0165a\u017eiam u\u017e pred ve\u013etrhom. Re\u00e1lne sa v\u0161ak na ve\u013etrhu v&nbsp;Olomouci z\u00fa\u010dastnila len jedna a&nbsp;to cvi\u010dn\u00e1 firma Plejsy, s.r.o. z&nbsp;Hotelovej akad\u00e9mie z Liptovsk\u00e9ho Mikul\u00e1\u0161a.<\/p>\r\n<img decoding=\"async\" class=\"size-full wp-image-3151 alignnone\" src=\"http:\/\/siov.sk\/wp-content\/uploads\/2019\/02\/cvicne-dni-olomouc-2019-02.jpg\" alt=\"Region\u00e1lny ve\u013etrh Cvi\u010dn\u00fdch firiem Olomouc 2019\" width=\"518\" height=\"561\" srcset=\"https:\/\/archiv.siov.sk\/wp-content\/uploads\/2019\/02\/cvicne-dni-olomouc-2019-02.jpg 518w, https:\/\/archiv.siov.sk\/wp-content\/uploads\/2019\/02\/cvicne-dni-olomouc-2019-02-277x300.jpg 277w, https:\/\/archiv.siov.sk\/wp-content\/uploads\/2019\/02\/cvicne-dni-olomouc-2019-02-480x520.jpg 480w\" sizes=\"(max-width: 518px) 100vw, 518px\" \/>\r\n<p style=\"text-align: justify;\">Obe boli zaraden\u00e9 medzi zahrani\u010dn\u00e9 firmy a z\u00edskali mno\u017estvo cien aj ke\u010f CF z&nbsp;Obchodnej akad\u00e9mie na Nev\u00e4dzovej ulici v&nbsp;Bratislave nepri\u0161la osobne, lebo ve\u013ea \u017eiakov ochorelo. CF Apollonas, s. r. o. z\u00edskala tri ceny a&nbsp;CF Plejsi, s.r.o. si odniesla domov celkom 12 cien a&nbsp;to 5 medail\u00ed a&nbsp;7 poh\u00e1rov.<\/p>\r\n<img decoding=\"async\" class=\"size-full wp-image-3152 alignnone\" src=\"http:\/\/siov.sk\/wp-content\/uploads\/2019\/02\/cvicne-dni-olomouc-2019-03.jpg\" alt=\"Region\u00e1lny ve\u013etrh Cvi\u010dn\u00fdch firiem Olomouc 2019\" width=\"605\" height=\"341\" srcset=\"https:\/\/archiv.siov.sk\/wp-content\/uploads\/2019\/02\/cvicne-dni-olomouc-2019-03.jpg 605w, https:\/\/archiv.siov.sk\/wp-content\/uploads\/2019\/02\/cvicne-dni-olomouc-2019-03-300x169.jpg 300w, https:\/\/archiv.siov.sk\/wp-content\/uploads\/2019\/02\/cvicne-dni-olomouc-2019-03-480x271.jpg 480w\" sizes=\"(max-width: 605px) 100vw, 605px\" \/>\r\n<p style=\"text-align: justify;\"><strong>Srde\u010dne gratulujeme.<\/strong>\r\n7. ro\u010dn\u00edk region\u00e1lneho ve\u013etrhu cvi\u010dn\u00fdch firiem v&nbsp;Olomouci n\u00e1s ur\u010dite obohatil o&nbsp;nov\u00e9 poznatky a niektor\u00e9 ur\u010dite vyu\u017eijeme aj pri organizovan\u00ed celoslovensk\u00e9ho ve\u013etrhu cvi\u010dn\u00fdch firiem 2019.<\/p>\t\t\t\t\t\t\t\t<\/div>\n\t\t\t\t<\/div>\n\t\t\t\t\t<\/div>\n\t\t<\/div>\n\t\t\t\t\t<\/div>\n\t\t<\/section>\n\t\t\t\t<\/div>","protected":false},"excerpt":{"rendered":"<p>Region\u00e1lny ve\u013etrh Cvi\u010dn\u00fdch firiem Olomouc 2019 Region\u00e1lny ve\u013etrh cvi\u010dn\u00fdch firiem v&nbsp;Olomouci sme nav\u0161t\u00edvili v&nbsp;d\u0148och 24. -25. janu\u00e1ra 2019 ako pozorovatelia. Bolo to aj z&nbsp;toho d\u00f4vodu, \u017ee v&nbsp;porad\u00ed u\u017e 7. ro\u010dn\u00edk ve\u013etrh v&nbsp;Olomouci prin\u00e1\u0161a nov\u00e9 s\u00fa\u0165a\u017ee cvi\u010dn\u00fdch firiem ale&nbsp;aj in\u00fd sp\u00f4sob ich hodnotenia. Organiz\u00e1tori ve\u013etrhu zo Strednej odbornej \u0161koly logistiky a&nbsp;ch\u00e9mie z Olomouca zaviedli stretnutia poroty [&hellip;]<\/p>\n","protected":false},"author":1,"featured_media":0,"parent":114,"menu_order":0,"comment_status":"closed","ping_status":"closed","template":"","meta":{"site-sidebar-layout":"default","site-content-layout":"default","ast-site-content-layout":"default","site-content-style":"default","site-sidebar-style":"default","ast-global-header-display":"","ast-banner-title-visibility":"","ast-main-header-display":"","ast-hfb-above-header-display":"","ast-hfb-below-header-display":"","ast-hfb-mobile-header-display":"","site-post-title":"disabled","ast-breadcrumbs-content":"","ast-featured-img":"","footer-sml-layout":"","ast-disable-related-posts":"","theme-transparent-header-meta":"default","adv-header-id-meta":"","stick-header-meta":"","header-above-stick-meta":"","header-main-stick-meta":"","header-below-stick-meta":"","astra-migrate-meta-layouts":"default","ast-page-background-enabled":"default","ast-page-background-meta":{"desktop":{"background-color":"var(--ast-global-color-4)","background-image":"","background-repeat":"repeat","background-position":"center center","background-size":"auto","background-attachment":"scroll","background-type":"","background-media":"","overlay-type":"","overlay-color":"","overlay-opacity":"","overlay-gradient":""},"tablet":{"background-color":"","background-image":"","background-repeat":"repeat","background-position":"center center","background-size":"auto","background-attachment":"scroll","background-type":"","background-media":"","overlay-type":"","overlay-color":"","overlay-opacity":"","overlay-gradient":""},"mobile":{"background-color":"","background-image":"","background-repeat":"repeat","background-position":"center center","background-size":"auto","background-attachment":"scroll","background-type":"","background-media":"","overlay-type":"","overlay-color":"","overlay-opacity":"","overlay-gradient":""}},"ast-content-background-meta":{"desktop":{"background-color":"var(--ast-global-color-5)","background-image":"","background-repeat":"repeat","background-position":"center center","background-size":"auto","background-attachment":"scroll","background-type":"","background-media":"","overlay-type":"","overlay-color":"","overlay-opacity":"","overlay-gradient":""},"tablet":{"background-color":"var(--ast-global-color-5)","background-image":"","background-repeat":"repeat","background-position":"center center","background-size":"auto","background-attachment":"scroll","background-type":"","background-media":"","overlay-type":"","overlay-color":"","overlay-opacity":"","overlay-gradient":""},"mobile":{"background-color":"var(--ast-global-color-5)","background-image":"","background-repeat":"repeat","background-position":"center center","background-size":"auto","background-attachment":"scroll","background-type":"","background-media":"","overlay-type":"","overlay-color":"","overlay-opacity":"","overlay-gradient":""}},"footnotes":""},"class_list":["post-3149","page","type-page","status-publish","hentry"],"yoast_head":"<!-- This site is optimized with the Yoast SEO plugin v27.5 - https:\/\/yoast.com\/product\/yoast-seo-wordpress\/ -->\n<title>Region\u00e1lny ve\u013etrh Cvi\u010dn\u00fdch firiem\u00a0Olomouc 2019 - \u0160IOV - \u0161t\u00e1tny in\u0161tit\u00fat odborn\u00e9ho vzdel\u00e1vania<\/title>\n<meta name=\"description\" content=\"7. ro\u010dn\u00edk region\u00e1lneho ve\u013etrhu cvi\u010dn\u00fdch firiem v Olomouci n\u00e1s ur\u010dite obohatil o nov\u00e9 poznatky a niektor\u00e9 ur\u010dite vyu\u017eijeme aj pri organizovan\u00ed celoslovensk\u00e9ho ve\u013etrhu cvi\u010dn\u00fdch firiem 2019.\" \/>\n<meta name=\"robots\" content=\"index, follow, max-snippet:-1, max-image-preview:large, max-video-preview:-1\" \/>\n<link rel=\"canonical\" href=\"https:\/\/archiv.siov.sk\/en\/cvicne-firmy\/veltrhy-a-sutaze\/regionalny-veltrh-cvicnych-firiem-olomouc-2019\/\" \/>\n<meta property=\"og:locale\" content=\"en_GB\" \/>\n<meta property=\"og:type\" content=\"article\" \/>\n<meta property=\"og:title\" content=\"Region\u00e1lny ve\u013etrh Cvi\u010dn\u00fdch firiem\u00a0Olomouc 2019 - \u0160IOV - \u0161t\u00e1tny in\u0161tit\u00fat odborn\u00e9ho vzdel\u00e1vania\" \/>\n<meta property=\"og:description\" content=\"7. ro\u010dn\u00edk region\u00e1lneho ve\u013etrhu cvi\u010dn\u00fdch firiem v Olomouci n\u00e1s ur\u010dite obohatil o nov\u00e9 poznatky a niektor\u00e9 ur\u010dite vyu\u017eijeme aj pri organizovan\u00ed celoslovensk\u00e9ho ve\u013etrhu cvi\u010dn\u00fdch firiem 2019.\" \/>\n<meta property=\"og:url\" content=\"https:\/\/archiv.siov.sk\/en\/cvicne-firmy\/veltrhy-a-sutaze\/regionalny-veltrh-cvicnych-firiem-olomouc-2019\/\" \/>\n<meta property=\"og:site_name\" content=\"\u0160IOV - \u0161t\u00e1tny in\u0161tit\u00fat odborn\u00e9ho vzdel\u00e1vania\" \/>\n<meta property=\"article:publisher\" content=\"https:\/\/www.facebook.com\/Statnyinstitutodbornehovzdelavania\" \/>\n<meta property=\"article:modified_time\" content=\"2021-07-23T06:27:25+00:00\" \/>\n<meta property=\"og:image\" content=\"https:\/\/archiv.siov.sk\/wp-content\/uploads\/2019\/02\/cvicne-dni-olomouc-2019-01.jpg\" \/>\n<meta name=\"twitter:card\" content=\"summary_large_image\" \/>\n<meta name=\"twitter:label1\" content=\"Estimated reading time\" \/>\n\t<meta name=\"twitter:data1\" content=\"3 minutes\" \/>\n<script type=\"application\/ld+json\" class=\"yoast-schema-graph\">{\"@context\":\"https:\\\/\\\/schema.org\",\"@graph\":[{\"@type\":\"WebPage\",\"@id\":\"https:\\\/\\\/archiv.siov.sk\\\/cvicne-firmy\\\/veltrhy-a-sutaze\\\/regionalny-veltrh-cvicnych-firiem-olomouc-2019\\\/\",\"url\":\"https:\\\/\\\/archiv.siov.sk\\\/cvicne-firmy\\\/veltrhy-a-sutaze\\\/regionalny-veltrh-cvicnych-firiem-olomouc-2019\\\/\",\"name\":\"Region\u00e1lny ve\u013etrh Cvi\u010dn\u00fdch firiem\u00a0Olomouc 2019 - \u0160IOV - \u0161t\u00e1tny in\u0161tit\u00fat odborn\u00e9ho vzdel\u00e1vania\",\"isPartOf\":{\"@id\":\"https:\\\/\\\/archiv.siov.sk\\\/#website\"},\"primaryImageOfPage\":{\"@id\":\"https:\\\/\\\/archiv.siov.sk\\\/cvicne-firmy\\\/veltrhy-a-sutaze\\\/regionalny-veltrh-cvicnych-firiem-olomouc-2019\\\/#primaryimage\"},\"image\":{\"@id\":\"https:\\\/\\\/archiv.siov.sk\\\/cvicne-firmy\\\/veltrhy-a-sutaze\\\/regionalny-veltrh-cvicnych-firiem-olomouc-2019\\\/#primaryimage\"},\"thumbnailUrl\":\"https:\\\/\\\/archiv.siov.sk\\\/wp-content\\\/uploads\\\/2019\\\/02\\\/cvicne-dni-olomouc-2019-01.jpg\",\"datePublished\":\"2019-02-20T15:12:05+00:00\",\"dateModified\":\"2021-07-23T06:27:25+00:00\",\"description\":\"7. ro\u010dn\u00edk region\u00e1lneho ve\u013etrhu cvi\u010dn\u00fdch firiem v Olomouci n\u00e1s ur\u010dite obohatil o nov\u00e9 poznatky a niektor\u00e9 ur\u010dite vyu\u017eijeme aj pri organizovan\u00ed celoslovensk\u00e9ho ve\u013etrhu cvi\u010dn\u00fdch firiem 2019.\",\"breadcrumb\":{\"@id\":\"https:\\\/\\\/archiv.siov.sk\\\/cvicne-firmy\\\/veltrhy-a-sutaze\\\/regionalny-veltrh-cvicnych-firiem-olomouc-2019\\\/#breadcrumb\"},\"inLanguage\":\"en-GB\",\"potentialAction\":[{\"@type\":\"ReadAction\",\"target\":[\"https:\\\/\\\/archiv.siov.sk\\\/cvicne-firmy\\\/veltrhy-a-sutaze\\\/regionalny-veltrh-cvicnych-firiem-olomouc-2019\\\/\"]}]},{\"@type\":\"ImageObject\",\"inLanguage\":\"en-GB\",\"@id\":\"https:\\\/\\\/archiv.siov.sk\\\/cvicne-firmy\\\/veltrhy-a-sutaze\\\/regionalny-veltrh-cvicnych-firiem-olomouc-2019\\\/#primaryimage\",\"url\":\"https:\\\/\\\/archiv.siov.sk\\\/wp-content\\\/uploads\\\/2019\\\/02\\\/cvicne-dni-olomouc-2019-01.jpg\",\"contentUrl\":\"https:\\\/\\\/archiv.siov.sk\\\/wp-content\\\/uploads\\\/2019\\\/02\\\/cvicne-dni-olomouc-2019-01.jpg\"},{\"@type\":\"BreadcrumbList\",\"@id\":\"https:\\\/\\\/archiv.siov.sk\\\/cvicne-firmy\\\/veltrhy-a-sutaze\\\/regionalny-veltrh-cvicnych-firiem-olomouc-2019\\\/#breadcrumb\",\"itemListElement\":[{\"@type\":\"ListItem\",\"position\":1,\"name\":\"Home\",\"item\":\"https:\\\/\\\/archiv.siov.sk\\\/\"},{\"@type\":\"ListItem\",\"position\":2,\"name\":\"SLOVENSK\u00c9 CENTRUM CVI\u010cN\u00ddCH FIRIEM\",\"item\":\"https:\\\/\\\/archiv.siov.sk\\\/cvicne-firmy\\\/\"},{\"@type\":\"ListItem\",\"position\":3,\"name\":\"Ve\u013etrhy a s\u00fa\u0165a\u017ee\",\"item\":\"https:\\\/\\\/archiv.siov.sk\\\/cvicne-firmy\\\/veltrhy-a-sutaze\\\/\"},{\"@type\":\"ListItem\",\"position\":4,\"name\":\"Region\u00e1lny ve\u013etrh Cvi\u010dn\u00fdch firiem\u00a0Olomouc 2019\"}]},{\"@type\":\"WebSite\",\"@id\":\"https:\\\/\\\/archiv.siov.sk\\\/#website\",\"url\":\"https:\\\/\\\/archiv.siov.sk\\\/\",\"name\":\"\u0160IOV - \u0161t\u00e1tny in\u0161tit\u00fat odborn\u00e9ho vzdel\u00e1vania\",\"description\":\"\",\"publisher\":{\"@id\":\"https:\\\/\\\/archiv.siov.sk\\\/#organization\"},\"potentialAction\":[{\"@type\":\"SearchAction\",\"target\":{\"@type\":\"EntryPoint\",\"urlTemplate\":\"https:\\\/\\\/archiv.siov.sk\\\/?s={search_term_string}\"},\"query-input\":{\"@type\":\"PropertyValueSpecification\",\"valueRequired\":true,\"valueName\":\"search_term_string\"}}],\"inLanguage\":\"en-GB\"},{\"@type\":\"Organization\",\"@id\":\"https:\\\/\\\/archiv.siov.sk\\\/#organization\",\"name\":\"\u0160IOV - \u0161t\u00e1tny in\u0161tit\u00fat odborn\u00e9ho vzdel\u00e1vania\",\"url\":\"https:\\\/\\\/archiv.siov.sk\\\/\",\"logo\":{\"@type\":\"ImageObject\",\"inLanguage\":\"en-GB\",\"@id\":\"https:\\\/\\\/archiv.siov.sk\\\/#\\\/schema\\\/logo\\\/image\\\/\",\"url\":\"https:\\\/\\\/archiv.siov.sk\\\/wp-content\\\/uploads\\\/2024\\\/02\\\/logo-SIOV.png\",\"contentUrl\":\"https:\\\/\\\/archiv.siov.sk\\\/wp-content\\\/uploads\\\/2024\\\/02\\\/logo-SIOV.png\",\"width\":431,\"height\":143,\"caption\":\"\u0160IOV - \u0161t\u00e1tny in\u0161tit\u00fat odborn\u00e9ho vzdel\u00e1vania\"},\"image\":{\"@id\":\"https:\\\/\\\/archiv.siov.sk\\\/#\\\/schema\\\/logo\\\/image\\\/\"},\"sameAs\":[\"https:\\\/\\\/www.facebook.com\\\/Statnyinstitutodbornehovzdelavania\"]}]}<\/script>\n<!-- \/ Yoast SEO plugin. -->","yoast_head_json":{"title":"Region\u00e1lny ve\u013etrh Cvi\u010dn\u00fdch firiem\u00a0Olomouc 2019 - \u0160IOV - \u0161t\u00e1tny in\u0161tit\u00fat odborn\u00e9ho vzdel\u00e1vania","description":"7. ro\u010dn\u00edk region\u00e1lneho ve\u013etrhu cvi\u010dn\u00fdch firiem v Olomouci n\u00e1s ur\u010dite obohatil o nov\u00e9 poznatky a niektor\u00e9 ur\u010dite vyu\u017eijeme aj pri organizovan\u00ed celoslovensk\u00e9ho ve\u013etrhu cvi\u010dn\u00fdch firiem 2019.","robots":{"index":"index","follow":"follow","max-snippet":"max-snippet:-1","max-image-preview":"max-image-preview:large","max-video-preview":"max-video-preview:-1"},"canonical":"https:\/\/archiv.siov.sk\/en\/cvicne-firmy\/veltrhy-a-sutaze\/regionalny-veltrh-cvicnych-firiem-olomouc-2019\/","og_locale":"en_GB","og_type":"article","og_title":"Region\u00e1lny ve\u013etrh Cvi\u010dn\u00fdch firiem\u00a0Olomouc 2019 - \u0160IOV - \u0161t\u00e1tny in\u0161tit\u00fat odborn\u00e9ho vzdel\u00e1vania","og_description":"7. ro\u010dn\u00edk region\u00e1lneho ve\u013etrhu cvi\u010dn\u00fdch firiem v Olomouci n\u00e1s ur\u010dite obohatil o nov\u00e9 poznatky a niektor\u00e9 ur\u010dite vyu\u017eijeme aj pri organizovan\u00ed celoslovensk\u00e9ho ve\u013etrhu cvi\u010dn\u00fdch firiem 2019.","og_url":"https:\/\/archiv.siov.sk\/en\/cvicne-firmy\/veltrhy-a-sutaze\/regionalny-veltrh-cvicnych-firiem-olomouc-2019\/","og_site_name":"\u0160IOV - \u0161t\u00e1tny in\u0161tit\u00fat odborn\u00e9ho vzdel\u00e1vania","article_publisher":"https:\/\/www.facebook.com\/Statnyinstitutodbornehovzdelavania","article_modified_time":"2021-07-23T06:27:25+00:00","og_image":[{"url":"https:\/\/archiv.siov.sk\/wp-content\/uploads\/2019\/02\/cvicne-dni-olomouc-2019-01.jpg","type":"","width":"","height":""}],"twitter_card":"summary_large_image","twitter_misc":{"Estimated reading time":"3 minutes"},"schema":{"@context":"https:\/\/schema.org","@graph":[{"@type":"WebPage","@id":"https:\/\/archiv.siov.sk\/cvicne-firmy\/veltrhy-a-sutaze\/regionalny-veltrh-cvicnych-firiem-olomouc-2019\/","url":"https:\/\/archiv.siov.sk\/cvicne-firmy\/veltrhy-a-sutaze\/regionalny-veltrh-cvicnych-firiem-olomouc-2019\/","name":"Region\u00e1lny ve\u013etrh Cvi\u010dn\u00fdch firiem\u00a0Olomouc 2019 - \u0160IOV - \u0161t\u00e1tny in\u0161tit\u00fat odborn\u00e9ho vzdel\u00e1vania","isPartOf":{"@id":"https:\/\/archiv.siov.sk\/#website"},"primaryImageOfPage":{"@id":"https:\/\/archiv.siov.sk\/cvicne-firmy\/veltrhy-a-sutaze\/regionalny-veltrh-cvicnych-firiem-olomouc-2019\/#primaryimage"},"image":{"@id":"https:\/\/archiv.siov.sk\/cvicne-firmy\/veltrhy-a-sutaze\/regionalny-veltrh-cvicnych-firiem-olomouc-2019\/#primaryimage"},"thumbnailUrl":"https:\/\/archiv.siov.sk\/wp-content\/uploads\/2019\/02\/cvicne-dni-olomouc-2019-01.jpg","datePublished":"2019-02-20T15:12:05+00:00","dateModified":"2021-07-23T06:27:25+00:00","description":"7. ro\u010dn\u00edk region\u00e1lneho ve\u013etrhu cvi\u010dn\u00fdch firiem v Olomouci n\u00e1s ur\u010dite obohatil o nov\u00e9 poznatky a niektor\u00e9 ur\u010dite vyu\u017eijeme aj pri organizovan\u00ed celoslovensk\u00e9ho ve\u013etrhu cvi\u010dn\u00fdch firiem 2019.","breadcrumb":{"@id":"https:\/\/archiv.siov.sk\/cvicne-firmy\/veltrhy-a-sutaze\/regionalny-veltrh-cvicnych-firiem-olomouc-2019\/#breadcrumb"},"inLanguage":"en-GB","potentialAction":[{"@type":"ReadAction","target":["https:\/\/archiv.siov.sk\/cvicne-firmy\/veltrhy-a-sutaze\/regionalny-veltrh-cvicnych-firiem-olomouc-2019\/"]}]},{"@type":"ImageObject","inLanguage":"en-GB","@id":"https:\/\/archiv.siov.sk\/cvicne-firmy\/veltrhy-a-sutaze\/regionalny-veltrh-cvicnych-firiem-olomouc-2019\/#primaryimage","url":"https:\/\/archiv.siov.sk\/wp-content\/uploads\/2019\/02\/cvicne-dni-olomouc-2019-01.jpg","contentUrl":"https:\/\/archiv.siov.sk\/wp-content\/uploads\/2019\/02\/cvicne-dni-olomouc-2019-01.jpg"},{"@type":"BreadcrumbList","@id":"https:\/\/archiv.siov.sk\/cvicne-firmy\/veltrhy-a-sutaze\/regionalny-veltrh-cvicnych-firiem-olomouc-2019\/#breadcrumb","itemListElement":[{"@type":"ListItem","position":1,"name":"Home","item":"https:\/\/archiv.siov.sk\/"},{"@type":"ListItem","position":2,"name":"SLOVENSK\u00c9 CENTRUM CVI\u010cN\u00ddCH FIRIEM","item":"https:\/\/archiv.siov.sk\/cvicne-firmy\/"},{"@type":"ListItem","position":3,"name":"Ve\u013etrhy a s\u00fa\u0165a\u017ee","item":"https:\/\/archiv.siov.sk\/cvicne-firmy\/veltrhy-a-sutaze\/"},{"@type":"ListItem","position":4,"name":"Region\u00e1lny ve\u013etrh Cvi\u010dn\u00fdch firiem\u00a0Olomouc 2019"}]},{"@type":"WebSite","@id":"https:\/\/archiv.siov.sk\/#website","url":"https:\/\/archiv.siov.sk\/","name":"\u0160IOV - \u0161t\u00e1tny in\u0161tit\u00fat odborn\u00e9ho vzdel\u00e1vania","description":"","publisher":{"@id":"https:\/\/archiv.siov.sk\/#organization"},"potentialAction":[{"@type":"SearchAction","target":{"@type":"EntryPoint","urlTemplate":"https:\/\/archiv.siov.sk\/?s={search_term_string}"},"query-input":{"@type":"PropertyValueSpecification","valueRequired":true,"valueName":"search_term_string"}}],"inLanguage":"en-GB"},{"@type":"Organization","@id":"https:\/\/archiv.siov.sk\/#organization","name":"\u0160IOV - \u0161t\u00e1tny in\u0161tit\u00fat odborn\u00e9ho vzdel\u00e1vania","url":"https:\/\/archiv.siov.sk\/","logo":{"@type":"ImageObject","inLanguage":"en-GB","@id":"https:\/\/archiv.siov.sk\/#\/schema\/logo\/image\/","url":"https:\/\/archiv.siov.sk\/wp-content\/uploads\/2024\/02\/logo-SIOV.png","contentUrl":"https:\/\/archiv.siov.sk\/wp-content\/uploads\/2024\/02\/logo-SIOV.png","width":431,"height":143,"caption":"\u0160IOV - \u0161t\u00e1tny in\u0161tit\u00fat odborn\u00e9ho vzdel\u00e1vania"},"image":{"@id":"https:\/\/archiv.siov.sk\/#\/schema\/logo\/image\/"},"sameAs":["https:\/\/www.facebook.com\/Statnyinstitutodbornehovzdelavania"]}]}},"_links":{"self":[{"href":"https:\/\/archiv.siov.sk\/en\/wp-json\/wp\/v2\/pages\/3149","targetHints":{"allow":["GET"]}}],"collection":[{"href":"https:\/\/archiv.siov.sk\/en\/wp-json\/wp\/v2\/pages"}],"about":[{"href":"https:\/\/archiv.siov.sk\/en\/wp-json\/wp\/v2\/types\/page"}],"author":[{"embeddable":true,"href":"https:\/\/archiv.siov.sk\/en\/wp-json\/wp\/v2\/users\/1"}],"replies":[{"embeddable":true,"href":"https:\/\/archiv.siov.sk\/en\/wp-json\/wp\/v2\/comments?post=3149"}],"version-history":[{"count":9,"href":"https:\/\/archiv.siov.sk\/en\/wp-json\/wp\/v2\/pages\/3149\/revisions"}],"predecessor-version":[{"id":8849,"href":"https:\/\/archiv.siov.sk\/en\/wp-json\/wp\/v2\/pages\/3149\/revisions\/8849"}],"up":[{"embeddable":true,"href":"https:\/\/archiv.siov.sk\/en\/wp-json\/wp\/v2\/pages\/114"}],"wp:attachment":[{"href":"https:\/\/archiv.siov.sk\/en\/wp-json\/wp\/v2\/media?parent=3149"}],"curies":[{"name":"wp","href":"https:\/\/api.w.org\/{rel}","templated":true}]}}