{"id":3129,"date":"2019-02-20T15:39:19","date_gmt":"2019-02-20T14:39:19","guid":{"rendered":"http:\/\/archiv.siov.sk\/?page_id=3129"},"modified":"2021-07-23T08:26:18","modified_gmt":"2021-07-23T06:26:18","slug":"kontraktacny-den-cvicnych-firiem-v-poprade","status":"publish","type":"page","link":"https:\/\/archiv.siov.sk\/en\/cvicne-firmy\/veltrhy-a-sutaze\/kontraktacny-den-cvicnych-firiem-v-poprade\/","title":{"rendered":"Kontrakta\u010dn\u00fd de\u0148 Cvi\u010dn\u00fdch firiem v Poprade"},"content":{"rendered":"<div data-elementor-type=\"wp-page\" data-elementor-id=\"3129\" class=\"elementor elementor-3129\" data-elementor-post-type=\"page\">\n\t\t\t\t\t\t<section class=\"elementor-section elementor-top-section elementor-element elementor-element-223cc5a elementor-section-boxed elementor-section-height-default elementor-section-height-default\" data-id=\"223cc5a\" data-element_type=\"section\" data-e-type=\"section\">\n\t\t\t\t\t\t<div class=\"elementor-container elementor-column-gap-default\">\n\t\t\t\t\t<div class=\"elementor-column elementor-col-100 elementor-top-column elementor-element elementor-element-bd7a4af\" data-id=\"bd7a4af\" data-element_type=\"column\" data-e-type=\"column\">\n\t\t\t<div class=\"elementor-widget-wrap elementor-element-populated\">\n\t\t\t\t\t\t<div class=\"elementor-element elementor-element-8061303 elementor-widget-divider--view-line elementor-widget elementor-widget-divider\" data-id=\"8061303\" data-element_type=\"widget\" data-e-type=\"widget\" data-widget_type=\"divider.default\">\n\t\t\t\t<div class=\"elementor-widget-container\">\n\t\t\t\t\t\t\t<div class=\"elementor-divider\">\n\t\t\t<span class=\"elementor-divider-separator\">\n\t\t\t\t\t\t<\/span>\n\t\t<\/div>\n\t\t\t\t\t\t<\/div>\n\t\t\t\t<\/div>\n\t\t\t\t<div class=\"elementor-element elementor-element-bfc3390 elementor-widget elementor-widget-heading\" data-id=\"bfc3390\" data-element_type=\"widget\" data-e-type=\"widget\" data-widget_type=\"heading.default\">\n\t\t\t\t<div class=\"elementor-widget-container\">\n\t\t\t\t\t<h2 class=\"elementor-heading-title elementor-size-default\">Kontrakta\u010dn\u00fd de\u0148 Cvi\u010dn\u00fdch firiem v Poprade<\/h2>\t\t\t\t<\/div>\n\t\t\t\t<\/div>\n\t\t\t\t\t<\/div>\n\t\t<\/div>\n\t\t\t\t\t<\/div>\n\t\t<\/section>\n\t\t\t\t<section class=\"elementor-section elementor-top-section elementor-element elementor-element-702e24de elementor-section-boxed elementor-section-height-default elementor-section-height-default\" data-id=\"702e24de\" data-element_type=\"section\" data-e-type=\"section\">\n\t\t\t\t\t\t<div class=\"elementor-container elementor-column-gap-default\">\n\t\t\t\t\t<div class=\"elementor-column elementor-col-100 elementor-top-column elementor-element elementor-element-b20f28\" data-id=\"b20f28\" data-element_type=\"column\" data-e-type=\"column\">\n\t\t\t<div class=\"elementor-widget-wrap elementor-element-populated\">\n\t\t\t\t\t\t<div class=\"elementor-element elementor-element-3275cb62 elementor-widget elementor-widget-text-editor\" data-id=\"3275cb62\" data-element_type=\"widget\" data-e-type=\"widget\" data-widget_type=\"text-editor.default\">\n\t\t\t\t<div class=\"elementor-widget-container\">\n\t\t\t\t\t\t\t\t\t<p style=\"text-align: justify;\">D\u0148a 7. febru\u00e1ra 2019 sa v&nbsp;priestoroch Obchodnej akad\u00e9mie v&nbsp;Poprade uskuto\u010dnil 11. ro\u010dn\u00edk Kontrakta\u010dn\u00e9ho d\u0148a cvi\u010dn\u00fdch firiem. Zav\u00edtali k&nbsp;n\u00e1m \u0161koly z&nbsp;r\u00f4znych k\u00fatov Slovenska ako napr\u00edklad \u017dilina, Levo\u010da, Ko\u0161ice alebo Trebi\u0161ov.<\/p>\r\n<p style=\"text-align: justify;\">Firmy s\u00fa\u0165a\u017eili v&nbsp;\u0161tyroch kateg\u00f3ri\u00e1ch: najkraj\u0161\u00ed st\u00e1nok, najlep\u0161\u00ed mana\u017e\u00e9rsky t\u00edm, najzauj\u00edmavej\u0161\u00ed katal\u00f3g a&nbsp;najlep\u0161ia prezent\u00e1cia.\r\n\u017diaci prezentovali \u010dinnos\u0165 svojej firmy pred \u017eiakmi a&nbsp;porotou, ktorou boli u\u010ditelia na\u0161ej \u0161koly, pedag\u00f3govia hos\u0165uj\u00facich firiem, riadite\u013e RPIC v&nbsp;Poprade a&nbsp;riadite\u013e Akad\u00e9mie vzdel\u00e1vania Tatry v Poprade.<\/p>\r\n<p style=\"text-align: justify;\">Nav\u0161t\u00edvili n\u00e1s aj \u017eiaci 2 tried s&nbsp;u\u010dite\u013emi z&nbsp;Obchodnej akad\u00e9mie v&nbsp;Liptovskom Mikul\u00e1\u0161i. Ka\u017ed\u00e1 firma sa sna\u017eila zauja\u0165 svoj\u00edm prezentovan\u00edm, ob\u010derstven\u00edm aj celkovou viz\u00e1\u017eou t\u00edmu,&nbsp;pestrou v\u00fdzdobou st\u00e1nku a&nbsp;elektronickou prezent\u00e1ciou. Porota kl\u00e1dla uch\u00e1dza\u010dom mnoh\u00e9 ot\u00e1zky oh\u013eadom ich cvi\u010dnej firmy.<\/p>\r\n<p style=\"text-align: justify;\">Mysl\u00edme si, \u017ee si \u0161tudenti odniesli ve\u013ea nov\u00fdch sk\u00fasenost\u00ed, poznatkov a&nbsp;radi zav\u00edtaj\u00fa do priestorov na\u0161ej \u0161koly aj na bud\u00faci rok.<\/p>\r\n\r\n<h2>V\u00fdsledky s\u00fa\u0165a\u017e\u00ed:<\/h2>\r\n<strong>S\u00fa\u0165a\u017e o&nbsp;najkraj\u0161\u00ed v\u00fdstavn\u00fd st\u00e1nok<\/strong>\r\n<ol>\r\n \t<li>Waffle House, s. r. o., Obchodn\u00e1 akad\u00e9mia, Daxnerova 88, Vranov n. Top\u013eou<\/li>\r\n \t<li>SPARKLES, s. r. o., Obchodn\u00e1 akad\u00e9mia, Watsonova 61, Ko\u0161ice<\/li>\r\n \t<li>Pr\u00faty, s. r. o., Spojen\u00e1 \u0161kola intern\u00e1tna, N\u00e1m. \u0160. Kluberta 1, Levo\u010da<\/li>\r\n<\/ol>\r\n<strong>S\u00fa\u0165a\u017e o&nbsp;najlep\u0161\u00ed mana\u017e\u00e9rsky t\u00edm<\/strong>\r\n<ol>\r\n \t<li>SPARKLES, s. r. o., Obchodn\u00e1 akad\u00e9mia, Watsonova 61, Ko\u0161ice<\/li>\r\n \t<li>Waffle House, s. r. o., Obchodn\u00e1 akad\u00e9mia, Daxnerova 88, Vranov n. Top\u013eou<\/li>\r\n \t<li>Vidiecky dom Nev\u00e4dza, s. r. o., Obchodn\u00e1 akad\u00e9mia, Murga\u0161ova 94, Poprad<\/li>\r\n<\/ol>\r\n<strong>S\u00fa\u0165a\u017e o&nbsp;najzauj\u00edmavej\u0161\u00ed katal\u00f3g<\/strong>\r\n<ol>\r\n \t<li>A&amp;G Area, s. r. o., Obchodn\u00e1 akad\u00e9mia, Murga\u0161ova 94, Poprad<\/li>\r\n \t<li>Pr\u00faty, s. r. o., Spojen\u00e1 \u0161kola intern\u00e1tna, N\u00e1m. \u0160. Kluberta 1, Levo\u010da<\/li>\r\n \t<li>SPARKLES, s. r. o., Obchodn\u00e1 akad\u00e9mia, Watsonova 61, Ko\u0161ice<\/li>\r\n<\/ol>\r\n<strong>S\u00fa\u0165a\u017e o&nbsp;najp\u00fatavej\u0161iu elektronick\u00fa prezent\u00e1ciu<\/strong>\r\n<ol>\r\n \t<li>SPARKLES, s. r. o., Obchodn\u00e1 akad\u00e9mia, Watsonova 61, Ko\u0161ice<\/li>\r\n \t<li>START GO, s. r. o., Ve\u013ek\u00e1 okru\u017en\u00e1 32, \u017dilina<\/li>\r\n \t<li>DEVU\u0160KA, s. r. o., Obchodn\u00e1 akad\u00e9mia, Komensk\u00e9ho 3425\/18, Trebi\u0161ov<\/li>\r\n<\/ol>\r\n11. kontrakta\u010dn\u00fd de\u0148 cvi\u010dn\u00fdch firiem OA Poprad &#8211; \u00fa\u010dastn\u00edci\r\n<table class=\"table\">\r\n<tbody>\r\n<tr>\r\n<td>FIRMA<\/td>\r\n<td>\u0160KOLA<\/td>\r\n<\/tr>\r\n<tr>\r\n<td>A&amp;G Area, s. r. o.<\/td>\r\n<td>OA Poprad<\/td>\r\n<\/tr>\r\n<tr>\r\n<td>BATH RELAX, s. r. o.<\/td>\r\n<td>OA Poprad<\/td>\r\n<\/tr>\r\n<tr>\r\n<td>DEVU\u0160KA, s. r. o.<\/td>\r\n<td>OA Trebi\u0161ov<\/td>\r\n<\/tr>\r\n<tr>\r\n<td>DIAMOND CAR, s. r. o.<\/td>\r\n<td>OA \u017dilina<\/td>\r\n<\/tr>\r\n<tr>\r\n<td>DIAMONDS, JA firma<\/td>\r\n<td>OA Poprad<\/td>\r\n<\/tr>\r\n<tr>\r\n<td>ELIT&#8217;S, s. r. o.<\/td>\r\n<td>SSO\u0160 Giraltovce<\/td>\r\n<\/tr>\r\n<tr>\r\n<td>ENDEMIT, JA firma<\/td>\r\n<td>OA Poprad<\/td>\r\n<\/tr>\r\n<tr>\r\n<td>GOLDEN JOY, s. r. o.<\/td>\r\n<td>OA Poprad<\/td>\r\n<\/tr>\r\n<tr>\r\n<td>JA FIRMA FLEX<\/td>\r\n<td>OA Trebi\u0161ov<\/td>\r\n<\/tr>\r\n<tr>\r\n<td>JA FIRMA DREAM FOOD<\/td>\r\n<td>OA Poprad<\/td>\r\n<\/tr>\r\n<tr>\r\n<td>P. A. W., JA Firma<\/td>\r\n<td>SSO\u0160 Ko\u0161ice<\/td>\r\n<\/tr>\r\n<tr>\r\n<td>PR\u00daTY, s. r. o.<\/td>\r\n<td>S\u0160I Levo\u010da<\/td>\r\n<\/tr>\r\n<tr>\r\n<td>SPARKLES, s. r. o.<\/td>\r\n<td>OA Ko\u0161ice<\/td>\r\n<\/tr>\r\n<tr>\r\n<td>START GO, s. r. o.<\/td>\r\n<td>OA \u017dilina<\/td>\r\n<\/tr>\r\n<tr>\r\n<td>Sweethearts, s. r. o.<\/td>\r\n<td>OA Poprad<\/td>\r\n<\/tr>\r\n<tr>\r\n<td>Victory Hotel, s. r. o.<\/td>\r\n<td>OA Poprad<\/td>\r\n<\/tr>\r\n<tr>\r\n<td>Vidiecky dom Nev\u00e4dza, s. r. o.<\/td>\r\n<td>OA Poprad<\/td>\r\n<\/tr>\r\n<tr>\r\n<td>Waffle House, s. r. o.<\/td>\r\n<td>OA Vranov n\/T<\/td>\r\n<\/tr>\r\n<tr>\r\n<td>WALL PAPERS, s. r. o.<\/td>\r\n<td>SSO\u0160 Giraltovce<\/td>\r\n<\/tr>\r\n<\/tbody>\r\n<\/table>\t\t\t\t\t\t\t\t<\/div>\n\t\t\t\t<\/div>\n\t\t\t\t\t<\/div>\n\t\t<\/div>\n\t\t\t\t\t<\/div>\n\t\t<\/section>\n\t\t\t\t<\/div>","protected":false},"excerpt":{"rendered":"<p>Kontrakta\u010dn\u00fd de\u0148 Cvi\u010dn\u00fdch firiem v Poprade D\u0148a 7. febru\u00e1ra 2019 sa v&nbsp;priestoroch Obchodnej akad\u00e9mie v&nbsp;Poprade uskuto\u010dnil 11. ro\u010dn\u00edk Kontrakta\u010dn\u00e9ho d\u0148a cvi\u010dn\u00fdch firiem. Zav\u00edtali k&nbsp;n\u00e1m \u0161koly z&nbsp;r\u00f4znych k\u00fatov Slovenska ako napr\u00edklad \u017dilina, Levo\u010da, Ko\u0161ice alebo Trebi\u0161ov. Firmy s\u00fa\u0165a\u017eili v&nbsp;\u0161tyroch kateg\u00f3ri\u00e1ch: najkraj\u0161\u00ed st\u00e1nok, najlep\u0161\u00ed mana\u017e\u00e9rsky t\u00edm, najzauj\u00edmavej\u0161\u00ed katal\u00f3g a&nbsp;najlep\u0161ia prezent\u00e1cia. \u017diaci prezentovali \u010dinnos\u0165 svojej firmy pred \u017eiakmi [&hellip;]<\/p>\n","protected":false},"author":1,"featured_media":0,"parent":114,"menu_order":0,"comment_status":"closed","ping_status":"closed","template":"","meta":{"site-sidebar-layout":"default","site-content-layout":"default","ast-site-content-layout":"default","site-content-style":"default","site-sidebar-style":"default","ast-global-header-display":"","ast-banner-title-visibility":"","ast-main-header-display":"","ast-hfb-above-header-display":"","ast-hfb-below-header-display":"","ast-hfb-mobile-header-display":"","site-post-title":"disabled","ast-breadcrumbs-content":"","ast-featured-img":"","footer-sml-layout":"","ast-disable-related-posts":"","theme-transparent-header-meta":"default","adv-header-id-meta":"","stick-header-meta":"","header-above-stick-meta":"","header-main-stick-meta":"","header-below-stick-meta":"","astra-migrate-meta-layouts":"default","ast-page-background-enabled":"default","ast-page-background-meta":{"desktop":{"background-color":"var(--ast-global-color-4)","background-image":"","background-repeat":"repeat","background-position":"center center","background-size":"auto","background-attachment":"scroll","background-type":"","background-media":"","overlay-type":"","overlay-color":"","overlay-opacity":"","overlay-gradient":""},"tablet":{"background-color":"","background-image":"","background-repeat":"repeat","background-position":"center center","background-size":"auto","background-attachment":"scroll","background-type":"","background-media":"","overlay-type":"","overlay-color":"","overlay-opacity":"","overlay-gradient":""},"mobile":{"background-color":"","background-image":"","background-repeat":"repeat","background-position":"center center","background-size":"auto","background-attachment":"scroll","background-type":"","background-media":"","overlay-type":"","overlay-color":"","overlay-opacity":"","overlay-gradient":""}},"ast-content-background-meta":{"desktop":{"background-color":"var(--ast-global-color-5)","background-image":"","background-repeat":"repeat","background-position":"center center","background-size":"auto","background-attachment":"scroll","background-type":"","background-media":"","overlay-type":"","overlay-color":"","overlay-opacity":"","overlay-gradient":""},"tablet":{"background-color":"var(--ast-global-color-5)","background-image":"","background-repeat":"repeat","background-position":"center center","background-size":"auto","background-attachment":"scroll","background-type":"","background-media":"","overlay-type":"","overlay-color":"","overlay-opacity":"","overlay-gradient":""},"mobile":{"background-color":"var(--ast-global-color-5)","background-image":"","background-repeat":"repeat","background-position":"center center","background-size":"auto","background-attachment":"scroll","background-type":"","background-media":"","overlay-type":"","overlay-color":"","overlay-opacity":"","overlay-gradient":""}},"footnotes":""},"class_list":["post-3129","page","type-page","status-publish","hentry"],"yoast_head":"<!-- This site is optimized with the Yoast SEO plugin v27.5 - https:\/\/yoast.com\/product\/yoast-seo-wordpress\/ -->\n<title>Kontrakta\u010dn\u00fd de\u0148 Cvi\u010dn\u00fdch firiem v Poprade - \u0160IOV - \u0161t\u00e1tny in\u0161tit\u00fat odborn\u00e9ho vzdel\u00e1vania<\/title>\n<meta name=\"description\" content=\"D\u0148a 7. febru\u00e1ra 2019 sa v priestoroch Obchodnej akad\u00e9mie v Poprade uskuto\u010dnil 11. ro\u010dn\u00edk Kontrakta\u010dn\u00e9ho d\u0148a cvi\u010dn\u00fdch firiem. Zav\u00edtali k n\u00e1m \u0161koly z r\u00f4znych k\u00fatov Slovenska ako napr\u00edklad \u017dilina, Levo\u010da, Ko\u0161ice alebo Trebi\u0161ov.\" \/>\n<meta name=\"robots\" content=\"index, follow, max-snippet:-1, max-image-preview:large, max-video-preview:-1\" \/>\n<link rel=\"canonical\" href=\"https:\/\/archiv.siov.sk\/en\/cvicne-firmy\/veltrhy-a-sutaze\/kontraktacny-den-cvicnych-firiem-v-poprade\/\" \/>\n<meta property=\"og:locale\" content=\"en_GB\" \/>\n<meta property=\"og:type\" content=\"article\" \/>\n<meta property=\"og:title\" content=\"Kontrakta\u010dn\u00fd de\u0148 Cvi\u010dn\u00fdch firiem v Poprade - \u0160IOV - \u0161t\u00e1tny in\u0161tit\u00fat odborn\u00e9ho vzdel\u00e1vania\" \/>\n<meta property=\"og:description\" content=\"D\u0148a 7. febru\u00e1ra 2019 sa v priestoroch Obchodnej akad\u00e9mie v Poprade uskuto\u010dnil 11. ro\u010dn\u00edk Kontrakta\u010dn\u00e9ho d\u0148a cvi\u010dn\u00fdch firiem. Zav\u00edtali k n\u00e1m \u0161koly z r\u00f4znych k\u00fatov Slovenska ako napr\u00edklad \u017dilina, Levo\u010da, Ko\u0161ice alebo Trebi\u0161ov.\" \/>\n<meta property=\"og:url\" content=\"https:\/\/archiv.siov.sk\/en\/cvicne-firmy\/veltrhy-a-sutaze\/kontraktacny-den-cvicnych-firiem-v-poprade\/\" \/>\n<meta property=\"og:site_name\" content=\"\u0160IOV - \u0161t\u00e1tny in\u0161tit\u00fat odborn\u00e9ho vzdel\u00e1vania\" \/>\n<meta property=\"article:publisher\" content=\"https:\/\/www.facebook.com\/Statnyinstitutodbornehovzdelavania\" \/>\n<meta property=\"article:modified_time\" content=\"2021-07-23T06:26:18+00:00\" \/>\n<meta name=\"twitter:card\" content=\"summary_large_image\" \/>\n<meta name=\"twitter:label1\" content=\"Estimated reading time\" \/>\n\t<meta name=\"twitter:data1\" content=\"2 minutes\" \/>\n<script type=\"application\/ld+json\" class=\"yoast-schema-graph\">{\"@context\":\"https:\\\/\\\/schema.org\",\"@graph\":[{\"@type\":\"WebPage\",\"@id\":\"https:\\\/\\\/archiv.siov.sk\\\/cvicne-firmy\\\/veltrhy-a-sutaze\\\/kontraktacny-den-cvicnych-firiem-v-poprade\\\/\",\"url\":\"https:\\\/\\\/archiv.siov.sk\\\/cvicne-firmy\\\/veltrhy-a-sutaze\\\/kontraktacny-den-cvicnych-firiem-v-poprade\\\/\",\"name\":\"Kontrakta\u010dn\u00fd de\u0148 Cvi\u010dn\u00fdch firiem v Poprade - \u0160IOV - \u0161t\u00e1tny in\u0161tit\u00fat odborn\u00e9ho vzdel\u00e1vania\",\"isPartOf\":{\"@id\":\"https:\\\/\\\/archiv.siov.sk\\\/#website\"},\"datePublished\":\"2019-02-20T14:39:19+00:00\",\"dateModified\":\"2021-07-23T06:26:18+00:00\",\"description\":\"D\u0148a 7. febru\u00e1ra 2019 sa v priestoroch Obchodnej akad\u00e9mie v Poprade uskuto\u010dnil 11. ro\u010dn\u00edk Kontrakta\u010dn\u00e9ho d\u0148a cvi\u010dn\u00fdch firiem. Zav\u00edtali k n\u00e1m \u0161koly z r\u00f4znych k\u00fatov Slovenska ako napr\u00edklad \u017dilina, Levo\u010da, Ko\u0161ice alebo Trebi\u0161ov.\",\"breadcrumb\":{\"@id\":\"https:\\\/\\\/archiv.siov.sk\\\/cvicne-firmy\\\/veltrhy-a-sutaze\\\/kontraktacny-den-cvicnych-firiem-v-poprade\\\/#breadcrumb\"},\"inLanguage\":\"en-GB\",\"potentialAction\":[{\"@type\":\"ReadAction\",\"target\":[\"https:\\\/\\\/archiv.siov.sk\\\/cvicne-firmy\\\/veltrhy-a-sutaze\\\/kontraktacny-den-cvicnych-firiem-v-poprade\\\/\"]}]},{\"@type\":\"BreadcrumbList\",\"@id\":\"https:\\\/\\\/archiv.siov.sk\\\/cvicne-firmy\\\/veltrhy-a-sutaze\\\/kontraktacny-den-cvicnych-firiem-v-poprade\\\/#breadcrumb\",\"itemListElement\":[{\"@type\":\"ListItem\",\"position\":1,\"name\":\"Home\",\"item\":\"https:\\\/\\\/archiv.siov.sk\\\/\"},{\"@type\":\"ListItem\",\"position\":2,\"name\":\"SLOVENSK\u00c9 CENTRUM CVI\u010cN\u00ddCH FIRIEM\",\"item\":\"https:\\\/\\\/archiv.siov.sk\\\/cvicne-firmy\\\/\"},{\"@type\":\"ListItem\",\"position\":3,\"name\":\"Ve\u013etrhy a s\u00fa\u0165a\u017ee\",\"item\":\"https:\\\/\\\/archiv.siov.sk\\\/cvicne-firmy\\\/veltrhy-a-sutaze\\\/\"},{\"@type\":\"ListItem\",\"position\":4,\"name\":\"Kontrakta\u010dn\u00fd de\u0148 Cvi\u010dn\u00fdch firiem v Poprade\"}]},{\"@type\":\"WebSite\",\"@id\":\"https:\\\/\\\/archiv.siov.sk\\\/#website\",\"url\":\"https:\\\/\\\/archiv.siov.sk\\\/\",\"name\":\"\u0160IOV - \u0161t\u00e1tny in\u0161tit\u00fat odborn\u00e9ho vzdel\u00e1vania\",\"description\":\"\",\"publisher\":{\"@id\":\"https:\\\/\\\/archiv.siov.sk\\\/#organization\"},\"potentialAction\":[{\"@type\":\"SearchAction\",\"target\":{\"@type\":\"EntryPoint\",\"urlTemplate\":\"https:\\\/\\\/archiv.siov.sk\\\/?s={search_term_string}\"},\"query-input\":{\"@type\":\"PropertyValueSpecification\",\"valueRequired\":true,\"valueName\":\"search_term_string\"}}],\"inLanguage\":\"en-GB\"},{\"@type\":\"Organization\",\"@id\":\"https:\\\/\\\/archiv.siov.sk\\\/#organization\",\"name\":\"\u0160IOV - \u0161t\u00e1tny in\u0161tit\u00fat odborn\u00e9ho vzdel\u00e1vania\",\"url\":\"https:\\\/\\\/archiv.siov.sk\\\/\",\"logo\":{\"@type\":\"ImageObject\",\"inLanguage\":\"en-GB\",\"@id\":\"https:\\\/\\\/archiv.siov.sk\\\/#\\\/schema\\\/logo\\\/image\\\/\",\"url\":\"https:\\\/\\\/archiv.siov.sk\\\/wp-content\\\/uploads\\\/2024\\\/02\\\/logo-SIOV.png\",\"contentUrl\":\"https:\\\/\\\/archiv.siov.sk\\\/wp-content\\\/uploads\\\/2024\\\/02\\\/logo-SIOV.png\",\"width\":431,\"height\":143,\"caption\":\"\u0160IOV - \u0161t\u00e1tny in\u0161tit\u00fat odborn\u00e9ho vzdel\u00e1vania\"},\"image\":{\"@id\":\"https:\\\/\\\/archiv.siov.sk\\\/#\\\/schema\\\/logo\\\/image\\\/\"},\"sameAs\":[\"https:\\\/\\\/www.facebook.com\\\/Statnyinstitutodbornehovzdelavania\"]}]}<\/script>\n<!-- \/ Yoast SEO plugin. -->","yoast_head_json":{"title":"Kontrakta\u010dn\u00fd de\u0148 Cvi\u010dn\u00fdch firiem v Poprade - \u0160IOV - \u0161t\u00e1tny in\u0161tit\u00fat odborn\u00e9ho vzdel\u00e1vania","description":"D\u0148a 7. febru\u00e1ra 2019 sa v priestoroch Obchodnej akad\u00e9mie v Poprade uskuto\u010dnil 11. ro\u010dn\u00edk Kontrakta\u010dn\u00e9ho d\u0148a cvi\u010dn\u00fdch firiem. Zav\u00edtali k n\u00e1m \u0161koly z r\u00f4znych k\u00fatov Slovenska ako napr\u00edklad \u017dilina, Levo\u010da, Ko\u0161ice alebo Trebi\u0161ov.","robots":{"index":"index","follow":"follow","max-snippet":"max-snippet:-1","max-image-preview":"max-image-preview:large","max-video-preview":"max-video-preview:-1"},"canonical":"https:\/\/archiv.siov.sk\/en\/cvicne-firmy\/veltrhy-a-sutaze\/kontraktacny-den-cvicnych-firiem-v-poprade\/","og_locale":"en_GB","og_type":"article","og_title":"Kontrakta\u010dn\u00fd de\u0148 Cvi\u010dn\u00fdch firiem v Poprade - \u0160IOV - \u0161t\u00e1tny in\u0161tit\u00fat odborn\u00e9ho vzdel\u00e1vania","og_description":"D\u0148a 7. febru\u00e1ra 2019 sa v priestoroch Obchodnej akad\u00e9mie v Poprade uskuto\u010dnil 11. ro\u010dn\u00edk Kontrakta\u010dn\u00e9ho d\u0148a cvi\u010dn\u00fdch firiem. Zav\u00edtali k n\u00e1m \u0161koly z r\u00f4znych k\u00fatov Slovenska ako napr\u00edklad \u017dilina, Levo\u010da, Ko\u0161ice alebo Trebi\u0161ov.","og_url":"https:\/\/archiv.siov.sk\/en\/cvicne-firmy\/veltrhy-a-sutaze\/kontraktacny-den-cvicnych-firiem-v-poprade\/","og_site_name":"\u0160IOV - \u0161t\u00e1tny in\u0161tit\u00fat odborn\u00e9ho vzdel\u00e1vania","article_publisher":"https:\/\/www.facebook.com\/Statnyinstitutodbornehovzdelavania","article_modified_time":"2021-07-23T06:26:18+00:00","twitter_card":"summary_large_image","twitter_misc":{"Estimated reading time":"2 minutes"},"schema":{"@context":"https:\/\/schema.org","@graph":[{"@type":"WebPage","@id":"https:\/\/archiv.siov.sk\/cvicne-firmy\/veltrhy-a-sutaze\/kontraktacny-den-cvicnych-firiem-v-poprade\/","url":"https:\/\/archiv.siov.sk\/cvicne-firmy\/veltrhy-a-sutaze\/kontraktacny-den-cvicnych-firiem-v-poprade\/","name":"Kontrakta\u010dn\u00fd de\u0148 Cvi\u010dn\u00fdch firiem v Poprade - \u0160IOV - \u0161t\u00e1tny in\u0161tit\u00fat odborn\u00e9ho vzdel\u00e1vania","isPartOf":{"@id":"https:\/\/archiv.siov.sk\/#website"},"datePublished":"2019-02-20T14:39:19+00:00","dateModified":"2021-07-23T06:26:18+00:00","description":"D\u0148a 7. febru\u00e1ra 2019 sa v priestoroch Obchodnej akad\u00e9mie v Poprade uskuto\u010dnil 11. ro\u010dn\u00edk Kontrakta\u010dn\u00e9ho d\u0148a cvi\u010dn\u00fdch firiem. Zav\u00edtali k n\u00e1m \u0161koly z r\u00f4znych k\u00fatov Slovenska ako napr\u00edklad \u017dilina, Levo\u010da, Ko\u0161ice alebo Trebi\u0161ov.","breadcrumb":{"@id":"https:\/\/archiv.siov.sk\/cvicne-firmy\/veltrhy-a-sutaze\/kontraktacny-den-cvicnych-firiem-v-poprade\/#breadcrumb"},"inLanguage":"en-GB","potentialAction":[{"@type":"ReadAction","target":["https:\/\/archiv.siov.sk\/cvicne-firmy\/veltrhy-a-sutaze\/kontraktacny-den-cvicnych-firiem-v-poprade\/"]}]},{"@type":"BreadcrumbList","@id":"https:\/\/archiv.siov.sk\/cvicne-firmy\/veltrhy-a-sutaze\/kontraktacny-den-cvicnych-firiem-v-poprade\/#breadcrumb","itemListElement":[{"@type":"ListItem","position":1,"name":"Home","item":"https:\/\/archiv.siov.sk\/"},{"@type":"ListItem","position":2,"name":"SLOVENSK\u00c9 CENTRUM CVI\u010cN\u00ddCH FIRIEM","item":"https:\/\/archiv.siov.sk\/cvicne-firmy\/"},{"@type":"ListItem","position":3,"name":"Ve\u013etrhy a s\u00fa\u0165a\u017ee","item":"https:\/\/archiv.siov.sk\/cvicne-firmy\/veltrhy-a-sutaze\/"},{"@type":"ListItem","position":4,"name":"Kontrakta\u010dn\u00fd de\u0148 Cvi\u010dn\u00fdch firiem v Poprade"}]},{"@type":"WebSite","@id":"https:\/\/archiv.siov.sk\/#website","url":"https:\/\/archiv.siov.sk\/","name":"\u0160IOV - \u0161t\u00e1tny in\u0161tit\u00fat odborn\u00e9ho vzdel\u00e1vania","description":"","publisher":{"@id":"https:\/\/archiv.siov.sk\/#organization"},"potentialAction":[{"@type":"SearchAction","target":{"@type":"EntryPoint","urlTemplate":"https:\/\/archiv.siov.sk\/?s={search_term_string}"},"query-input":{"@type":"PropertyValueSpecification","valueRequired":true,"valueName":"search_term_string"}}],"inLanguage":"en-GB"},{"@type":"Organization","@id":"https:\/\/archiv.siov.sk\/#organization","name":"\u0160IOV - \u0161t\u00e1tny in\u0161tit\u00fat odborn\u00e9ho vzdel\u00e1vania","url":"https:\/\/archiv.siov.sk\/","logo":{"@type":"ImageObject","inLanguage":"en-GB","@id":"https:\/\/archiv.siov.sk\/#\/schema\/logo\/image\/","url":"https:\/\/archiv.siov.sk\/wp-content\/uploads\/2024\/02\/logo-SIOV.png","contentUrl":"https:\/\/archiv.siov.sk\/wp-content\/uploads\/2024\/02\/logo-SIOV.png","width":431,"height":143,"caption":"\u0160IOV - \u0161t\u00e1tny in\u0161tit\u00fat odborn\u00e9ho vzdel\u00e1vania"},"image":{"@id":"https:\/\/archiv.siov.sk\/#\/schema\/logo\/image\/"},"sameAs":["https:\/\/www.facebook.com\/Statnyinstitutodbornehovzdelavania"]}]}},"_links":{"self":[{"href":"https:\/\/archiv.siov.sk\/en\/wp-json\/wp\/v2\/pages\/3129","targetHints":{"allow":["GET"]}}],"collection":[{"href":"https:\/\/archiv.siov.sk\/en\/wp-json\/wp\/v2\/pages"}],"about":[{"href":"https:\/\/archiv.siov.sk\/en\/wp-json\/wp\/v2\/types\/page"}],"author":[{"embeddable":true,"href":"https:\/\/archiv.siov.sk\/en\/wp-json\/wp\/v2\/users\/1"}],"replies":[{"embeddable":true,"href":"https:\/\/archiv.siov.sk\/en\/wp-json\/wp\/v2\/comments?post=3129"}],"version-history":[{"count":6,"href":"https:\/\/archiv.siov.sk\/en\/wp-json\/wp\/v2\/pages\/3129\/revisions"}],"predecessor-version":[{"id":8846,"href":"https:\/\/archiv.siov.sk\/en\/wp-json\/wp\/v2\/pages\/3129\/revisions\/8846"}],"up":[{"embeddable":true,"href":"https:\/\/archiv.siov.sk\/en\/wp-json\/wp\/v2\/pages\/114"}],"wp:attachment":[{"href":"https:\/\/archiv.siov.sk\/en\/wp-json\/wp\/v2\/media?parent=3129"}],"curies":[{"name":"wp","href":"https:\/\/api.w.org\/{rel}","templated":true}]}}