{"id":2968,"date":"2019-02-19T08:49:58","date_gmt":"2019-02-19T07:49:58","guid":{"rendered":"http:\/\/archiv.siov.sk\/?page_id=2968"},"modified":"2025-04-08T09:09:05","modified_gmt":"2025-04-08T07:09:05","slug":"narodny-koordinator-vzdelavania-dospelych","status":"publish","type":"page","link":"https:\/\/archiv.siov.sk\/en\/medzinarodna-spolupraca\/europske-iniciativy\/narodny-koordinator-vzdelavania-dospelych\/","title":{"rendered":"N\u00e1rodn\u00fd koordin\u00e1tor vzdel\u00e1vania dospel\u00fdch na Slovensku 2024 &#8211; 2025"},"content":{"rendered":"<div data-elementor-type=\"wp-page\" data-elementor-id=\"2968\" class=\"elementor elementor-2968\" data-elementor-post-type=\"page\">\n\t\t\t\t\t\t<section class=\"elementor-section elementor-top-section elementor-element elementor-element-64442a2 elementor-section-boxed elementor-section-height-default elementor-section-height-default\" data-id=\"64442a2\" data-element_type=\"section\" data-e-type=\"section\">\n\t\t\t\t\t\t<div class=\"elementor-container elementor-column-gap-default\">\n\t\t\t\t\t<div class=\"elementor-column elementor-col-100 elementor-top-column elementor-element elementor-element-08ac823\" data-id=\"08ac823\" data-element_type=\"column\" data-e-type=\"column\">\n\t\t\t<div class=\"elementor-widget-wrap elementor-element-populated\">\n\t\t\t\t\t\t<div class=\"elementor-element elementor-element-bed70da elementor-widget-divider--view-line elementor-widget elementor-widget-divider\" data-id=\"bed70da\" data-element_type=\"widget\" data-e-type=\"widget\" data-widget_type=\"divider.default\">\n\t\t\t\t<div class=\"elementor-widget-container\">\n\t\t\t\t\t\t\t<div class=\"elementor-divider\">\n\t\t\t<span class=\"elementor-divider-separator\">\n\t\t\t\t\t\t<\/span>\n\t\t<\/div>\n\t\t\t\t\t\t<\/div>\n\t\t\t\t<\/div>\n\t\t\t\t<div class=\"elementor-element elementor-element-ee31c0b elementor-widget elementor-widget-heading\" data-id=\"ee31c0b\" data-element_type=\"widget\" data-e-type=\"widget\" data-widget_type=\"heading.default\">\n\t\t\t\t<div class=\"elementor-widget-container\">\n\t\t\t\t\t<h2 class=\"elementor-heading-title elementor-size-default\">The National Coordinator for the Implementation of the European Agenda for Adult Learning in Slovakia 2024 - 2025<\/h2>\t\t\t\t<\/div>\n\t\t\t\t<\/div>\n\t\t\t\t\t<\/div>\n\t\t<\/div>\n\t\t\t\t\t<\/div>\n\t\t<\/section>\n\t\t\t\t<section class=\"elementor-section elementor-top-section elementor-element elementor-element-034b8cc elementor-section-boxed elementor-section-height-default elementor-section-height-default\" data-id=\"034b8cc\" data-element_type=\"section\" data-e-type=\"section\">\n\t\t\t\t\t\t<div class=\"elementor-container elementor-column-gap-default\">\n\t\t\t\t\t<div class=\"elementor-column elementor-col-100 elementor-top-column elementor-element elementor-element-77bab9f\" data-id=\"77bab9f\" data-element_type=\"column\" data-e-type=\"column\">\n\t\t\t<div class=\"elementor-widget-wrap elementor-element-populated\">\n\t\t\t\t\t\t<div class=\"elementor-element elementor-element-61e6422 elementor-widget elementor-widget-text-editor\" data-id=\"61e6422\" data-element_type=\"widget\" data-e-type=\"widget\" data-widget_type=\"text-editor.default\">\n\t\t\t\t<div class=\"elementor-widget-container\">\n\t\t\t\t\t\t\t\t\t<p style=\"font-size: 15px; font-style: normal; font-weight: 400;\"><strong>Lifelong Learning Unit<\/strong><\/p><p><strong>Contacts:\u00a0<\/strong><\/p><table style=\"border: 0;\"><tbody><tr><td style=\"border: 0;\">Mgr. \u013dubica G\u00e1llov\u00e1<br \/>Tel: 0910 925 089<br \/><a href=\"mailto:lubica.gallova@siov.sk\">lubica.gallova@siov.sk<\/a><br \/><a href=\"mailto:czv@siov.sk\">czv@siov.sk<\/a><\/td><td style=\"border: 0;\">Mgr. Lucia Bielikov\u00e1<br \/>Tel: 0910 925 089<br \/><a href=\"mailto:katarina.smalova@siov.sk\">lucia.bielikova@siov.sk<\/a><\/td><td style=\"border: 0;\">\u00a0<\/td><\/tr><\/tbody><\/table><p><strong>The National Coordinator for the implementation of the European Agenda for Adult Learning in Slovakia<\/strong> is part of a European network initiated by the European Commission to strengthen effective cooperation between all relevant partners in the field of adult education in each of the Member States, as well as to set coherent policies to reduce the number of low-skilled people and to promote their participation in education. The coordinators are working on various activities in the field, involving a wide network of stakeholders and sharing examples of good practice from both home and abroad.<\/p><p>The activities of the National Coordinator are a continuation of the activities implemented by the State Vocational Education Institute since 2018. The current project is being implemented by the Lifelong Learning Unit from 1 January 2024. In accordance with the Lifelong Learning and Guidance Strategy 2021 - 2030, its main objective is to support the development of adult skills in Slovakia in national skills policies, stakeholder cooperation and actions.<\/p><p>Adult participation in learning is generally low in Slovakia (except for an increase recorded in 2023). The results on long-term unemployment of the low-skilled, which is most pronounced in lower-educated groups, are not optimistic either. According to international measurements, more than a quarter of adults have no or only basic digital skills. Despite their importance for the individual, the state and the labour market, basic skills and skills for life (and their providers) are not given sufficient attention.<\/p><p>It is to these realities that the project responds through specific objectives and activities:<\/p><ul><li><strong>Raising awareness and knowledge of European and national policies, measures and instruments in the field of adult learning<\/strong><ul><li>Creation of an online catalogue of strategic documents in adult education<\/li><li>Cooperation with key stakeholders<\/li><li>Organising a series of regional seminars and round tables in Slovakia<\/li><\/ul><\/li><\/ul><ul><li><strong>Promoting networking, mutual learning and creating opportunities for exchange on issues of common interest in the field of adult learning<\/strong><ul><li>Formulating a national commitment in the framework of building a Pact for Adult Basic Skills in Slovakia<\/li><li>Networking key actors active in the field of basic skills development<\/li><li>Organising study visits abroad for adult education professionals at regional and national level<\/li><\/ul><\/li><\/ul><ul><li><strong>Promoting the importance and benefits of adult learning to the general public<\/strong><ul><li>Organising an awareness-raising campaign through videos promoting non-traditional and inspiring adult learning spaces<\/li><\/ul><\/li><\/ul><ul><li><strong>Promote evidence-based policy making in adult education<\/strong><ul><li>Mapping and promoting innovative adult learning spaces<\/li><\/ul><\/li><\/ul><p>One of the main activities of the National Coordinator is the awarding of the prestigious\u00a0<a href=\"https:\/\/www.minedu.sk\/ministerka-skolstva-po-prvykrat-ocenovala-pracu-v-oblasti-celozivotneho-vzdelavania\/\">Award of the Ministry of Education, Research, Development and Youth of the Slovak Republic for the Development of Lifelong Learning<\/a><\/p><p><img fetchpriority=\"high\" decoding=\"async\" class=\"aligncenter size-full wp-image-15350\" src=\"https:\/\/siov.sk\/wp-content\/uploads\/2024\/05\/eu-logo-spolufinancovanie.jpg\" alt=\"\" width=\"719\" height=\"162\" srcset=\"https:\/\/archiv.siov.sk\/wp-content\/uploads\/2024\/05\/eu-logo-spolufinancovanie.jpg 719w, https:\/\/archiv.siov.sk\/wp-content\/uploads\/2024\/05\/eu-logo-spolufinancovanie-300x68.jpg 300w, https:\/\/archiv.siov.sk\/wp-content\/uploads\/2024\/05\/eu-logo-spolufinancovanie-18x4.jpg 18w\" sizes=\"(max-width: 719px) 100vw, 719px\" \/><\/p><p>The Lifelong Learning Unit is implementing a project called National Coordinator for the implementation of the European Agenda for Adult Learning in Slovakia 2024 - 2025 with the financial support of the European Commission \/ ERASMUS-EDU-2023-AL-AGENDA-IBA in the period from 1 January 2024 - 31 December 2025. Project number: NC AL SK 2024-2025.<\/p><p>In case of questions, please contact us by e-mail at <a href=\"mailto:czv@siov.sk\">czv@siov.sk<\/a><\/p><p>Follow the news at:<\/p><p><a href=\"https:\/\/www.facebook.com\/czvsr\">Celo\u017eivotn\u00e9 vzdel\u00e1vanie v SR \/ FACEBOOK<\/a><\/p><p><a href=\"https:\/\/zakladnezrucnosti.sk\/\">Z\u00e1kladn\u00e9 zru\u010dnosti (zakladnezrucnosti.sk)<\/a><\/p>\t\t\t\t\t\t\t\t<\/div>\n\t\t\t\t<\/div>\n\t\t\t\t\t<\/div>\n\t\t<\/div>\n\t\t\t\t\t<\/div>\n\t\t<\/section>\n\t\t\t\t<\/div>","protected":false},"excerpt":{"rendered":"<p>N\u00e1rodn\u00fd koordin\u00e1tor eur\u00f3pskeho programu vzdel\u00e1vania dospel\u00fdch na Slovensku 2024 &#8211; 2025 \u00dasek celo\u017eivotn\u00e9ho vzdel\u00e1vania Kontaktn\u00e9 osoby:\u00a0 Mgr. \u013dubica G\u00e1llov\u00e1Tel: 0910 925 089lubica.gallova@siov.skczv@siov.sk Mgr. Lucia Bielikov\u00e1Tel: 0910 925 089lucia.bielikova@siov.sk \u00a0 N\u00e1rodn\u00fd koordin\u00e1tor eur\u00f3pskeho programu vzdel\u00e1vania dospel\u00fdch na Slovensku je s\u00fa\u010das\u0165ou eur\u00f3pskej siete, ktorej vznik iniciovala Eur\u00f3pska komisia s\u00a0cie\u013eom posilni\u0165 efekt\u00edvnu spolupr\u00e1cu v\u0161etk\u00fdch relevantn\u00fdch partnerov z\u00a0oblasti vzdel\u00e1vania [&hellip;]<\/p>\n","protected":false},"author":1,"featured_media":0,"parent":87,"menu_order":0,"comment_status":"closed","ping_status":"closed","template":"","meta":{"site-sidebar-layout":"default","site-content-layout":"default","ast-site-content-layout":"default","site-content-style":"default","site-sidebar-style":"default","ast-global-header-display":"","ast-banner-title-visibility":"","ast-main-header-display":"","ast-hfb-above-header-display":"","ast-hfb-below-header-display":"","ast-hfb-mobile-header-display":"","site-post-title":"disabled","ast-breadcrumbs-content":"","ast-featured-img":"","footer-sml-layout":"","ast-disable-related-posts":"","theme-transparent-header-meta":"default","adv-header-id-meta":"","stick-header-meta":"default","header-above-stick-meta":"","header-main-stick-meta":"","header-below-stick-meta":"","astra-migrate-meta-layouts":"set","ast-page-background-enabled":"default","ast-page-background-meta":{"desktop":{"background-color":"var(--ast-global-color-4)","background-image":"","background-repeat":"repeat","background-position":"center center","background-size":"auto","background-attachment":"scroll","background-type":"","background-media":"","overlay-type":"","overlay-color":"","overlay-opacity":"","overlay-gradient":""},"tablet":{"background-color":"","background-image":"","background-repeat":"repeat","background-position":"center center","background-size":"auto","background-attachment":"scroll","background-type":"","background-media":"","overlay-type":"","overlay-color":"","overlay-opacity":"","overlay-gradient":""},"mobile":{"background-color":"","background-image":"","background-repeat":"repeat","background-position":"center center","background-size":"auto","background-attachment":"scroll","background-type":"","background-media":"","overlay-type":"","overlay-color":"","overlay-opacity":"","overlay-gradient":""}},"ast-content-background-meta":{"desktop":{"background-color":"var(--ast-global-color-5)","background-image":"","background-repeat":"repeat","background-position":"center center","background-size":"auto","background-attachment":"scroll","background-type":"","background-media":"","overlay-type":"","overlay-color":"","overlay-opacity":"","overlay-gradient":""},"tablet":{"background-color":"var(--ast-global-color-5)","background-image":"","background-repeat":"repeat","background-position":"center center","background-size":"auto","background-attachment":"scroll","background-type":"","background-media":"","overlay-type":"","overlay-color":"","overlay-opacity":"","overlay-gradient":""},"mobile":{"background-color":"var(--ast-global-color-5)","background-image":"","background-repeat":"repeat","background-position":"center center","background-size":"auto","background-attachment":"scroll","background-type":"","background-media":"","overlay-type":"","overlay-color":"","overlay-opacity":"","overlay-gradient":""}},"footnotes":""},"class_list":["post-2968","page","type-page","status-publish","hentry"],"yoast_head":"<!-- This site is optimized with the Yoast SEO plugin v27.5 - https:\/\/yoast.com\/product\/yoast-seo-wordpress\/ -->\n<title>N\u00e1rodn\u00fd koordin\u00e1tor vzdel\u00e1vania dospel\u00fdch na Slovensku 2024 - 2025 - \u0160IOV - \u0161t\u00e1tny in\u0161tit\u00fat odborn\u00e9ho vzdel\u00e1vania<\/title>\n<meta name=\"robots\" content=\"index, follow, max-snippet:-1, max-image-preview:large, max-video-preview:-1\" \/>\n<link rel=\"canonical\" href=\"https:\/\/archiv.siov.sk\/en\/medzinarodna-spolupraca\/europske-iniciativy\/narodny-koordinator-vzdelavania-dospelych\/\" \/>\n<meta property=\"og:locale\" content=\"en_GB\" \/>\n<meta property=\"og:type\" content=\"article\" \/>\n<meta property=\"og:title\" content=\"N\u00e1rodn\u00fd koordin\u00e1tor vzdel\u00e1vania dospel\u00fdch na Slovensku 2024 - 2025 - \u0160IOV - \u0161t\u00e1tny in\u0161tit\u00fat odborn\u00e9ho vzdel\u00e1vania\" \/>\n<meta property=\"og:description\" content=\"N\u00e1rodn\u00fd koordin\u00e1tor eur\u00f3pskeho programu vzdel\u00e1vania dospel\u00fdch na Slovensku 2024 &#8211; 2025 \u00dasek celo\u017eivotn\u00e9ho vzdel\u00e1vania Kontaktn\u00e9 osoby:\u00a0 Mgr. \u013dubica G\u00e1llov\u00e1Tel: 0910 925 089lubica.gallova@siov.skczv@siov.sk Mgr. Lucia Bielikov\u00e1Tel: 0910 925 089lucia.bielikova@siov.sk \u00a0 N\u00e1rodn\u00fd koordin\u00e1tor eur\u00f3pskeho programu vzdel\u00e1vania dospel\u00fdch na Slovensku je s\u00fa\u010das\u0165ou eur\u00f3pskej siete, ktorej vznik iniciovala Eur\u00f3pska komisia s\u00a0cie\u013eom posilni\u0165 efekt\u00edvnu spolupr\u00e1cu v\u0161etk\u00fdch relevantn\u00fdch partnerov z\u00a0oblasti vzdel\u00e1vania [&hellip;]\" \/>\n<meta property=\"og:url\" content=\"https:\/\/archiv.siov.sk\/en\/medzinarodna-spolupraca\/europske-iniciativy\/narodny-koordinator-vzdelavania-dospelych\/\" \/>\n<meta property=\"og:site_name\" content=\"\u0160IOV - \u0161t\u00e1tny in\u0161tit\u00fat odborn\u00e9ho vzdel\u00e1vania\" \/>\n<meta property=\"article:publisher\" content=\"https:\/\/www.facebook.com\/Statnyinstitutodbornehovzdelavania\" \/>\n<meta property=\"article:modified_time\" content=\"2025-04-08T07:09:05+00:00\" \/>\n<meta property=\"og:image\" content=\"https:\/\/archiv.siov.sk\/wp-content\/uploads\/2024\/05\/eu-logo-spolufinancovanie.jpg\" \/>\n<meta name=\"twitter:card\" content=\"summary_large_image\" \/>\n<meta name=\"twitter:label1\" content=\"Estimated reading time\" \/>\n\t<meta name=\"twitter:data1\" content=\"3 minutes\" \/>\n<script type=\"application\/ld+json\" class=\"yoast-schema-graph\">{\"@context\":\"https:\\\/\\\/schema.org\",\"@graph\":[{\"@type\":\"WebPage\",\"@id\":\"https:\\\/\\\/archiv.siov.sk\\\/en\\\/medzinarodna-spolupraca\\\/europske-iniciativy\\\/narodny-koordinator-vzdelavania-dospelych\\\/\",\"url\":\"https:\\\/\\\/archiv.siov.sk\\\/en\\\/medzinarodna-spolupraca\\\/europske-iniciativy\\\/narodny-koordinator-vzdelavania-dospelych\\\/\",\"name\":\"N\u00e1rodn\u00fd koordin\u00e1tor vzdel\u00e1vania dospel\u00fdch na Slovensku 2024 - 2025 - \u0160IOV - \u0161t\u00e1tny in\u0161tit\u00fat odborn\u00e9ho vzdel\u00e1vania\",\"isPartOf\":{\"@id\":\"https:\\\/\\\/archiv.siov.sk\\\/#website\"},\"primaryImageOfPage\":{\"@id\":\"https:\\\/\\\/archiv.siov.sk\\\/en\\\/medzinarodna-spolupraca\\\/europske-iniciativy\\\/narodny-koordinator-vzdelavania-dospelych\\\/#primaryimage\"},\"image\":{\"@id\":\"https:\\\/\\\/archiv.siov.sk\\\/en\\\/medzinarodna-spolupraca\\\/europske-iniciativy\\\/narodny-koordinator-vzdelavania-dospelych\\\/#primaryimage\"},\"thumbnailUrl\":\"https:\\\/\\\/archiv.siov.sk\\\/wp-content\\\/uploads\\\/2024\\\/05\\\/eu-logo-spolufinancovanie.jpg\",\"datePublished\":\"2019-02-19T07:49:58+00:00\",\"dateModified\":\"2025-04-08T07:09:05+00:00\",\"breadcrumb\":{\"@id\":\"https:\\\/\\\/archiv.siov.sk\\\/en\\\/medzinarodna-spolupraca\\\/europske-iniciativy\\\/narodny-koordinator-vzdelavania-dospelych\\\/#breadcrumb\"},\"inLanguage\":\"en-GB\",\"potentialAction\":[{\"@type\":\"ReadAction\",\"target\":[\"https:\\\/\\\/archiv.siov.sk\\\/en\\\/medzinarodna-spolupraca\\\/europske-iniciativy\\\/narodny-koordinator-vzdelavania-dospelych\\\/\"]}]},{\"@type\":\"ImageObject\",\"inLanguage\":\"en-GB\",\"@id\":\"https:\\\/\\\/archiv.siov.sk\\\/en\\\/medzinarodna-spolupraca\\\/europske-iniciativy\\\/narodny-koordinator-vzdelavania-dospelych\\\/#primaryimage\",\"url\":\"https:\\\/\\\/archiv.siov.sk\\\/wp-content\\\/uploads\\\/2024\\\/05\\\/eu-logo-spolufinancovanie.jpg\",\"contentUrl\":\"https:\\\/\\\/archiv.siov.sk\\\/wp-content\\\/uploads\\\/2024\\\/05\\\/eu-logo-spolufinancovanie.jpg\"},{\"@type\":\"BreadcrumbList\",\"@id\":\"https:\\\/\\\/archiv.siov.sk\\\/en\\\/medzinarodna-spolupraca\\\/europske-iniciativy\\\/narodny-koordinator-vzdelavania-dospelych\\\/#breadcrumb\",\"itemListElement\":[{\"@type\":\"ListItem\",\"position\":1,\"name\":\"Home\",\"item\":\"https:\\\/\\\/archiv.siov.sk\\\/\"},{\"@type\":\"ListItem\",\"position\":2,\"name\":\"Medzin\u00e1rodn\u00e1 spolupr\u00e1ca\",\"item\":\"https:\\\/\\\/archiv.siov.sk\\\/en\\\/medzinarodna-spolupraca\\\/\"},{\"@type\":\"ListItem\",\"position\":3,\"name\":\"Eur\u00f3pske iniciat\u00edvy\",\"item\":\"https:\\\/\\\/archiv.siov.sk\\\/en\\\/medzinarodna-spolupraca\\\/europske-iniciativy\\\/\"},{\"@type\":\"ListItem\",\"position\":4,\"name\":\"N\u00e1rodn\u00fd koordin\u00e1tor vzdel\u00e1vania dospel\u00fdch na Slovensku 2024 &#8211; 2025\"}]},{\"@type\":\"WebSite\",\"@id\":\"https:\\\/\\\/archiv.siov.sk\\\/#website\",\"url\":\"https:\\\/\\\/archiv.siov.sk\\\/\",\"name\":\"\u0160IOV - \u0161t\u00e1tny in\u0161tit\u00fat odborn\u00e9ho vzdel\u00e1vania\",\"description\":\"\",\"publisher\":{\"@id\":\"https:\\\/\\\/archiv.siov.sk\\\/#organization\"},\"potentialAction\":[{\"@type\":\"SearchAction\",\"target\":{\"@type\":\"EntryPoint\",\"urlTemplate\":\"https:\\\/\\\/archiv.siov.sk\\\/?s={search_term_string}\"},\"query-input\":{\"@type\":\"PropertyValueSpecification\",\"valueRequired\":true,\"valueName\":\"search_term_string\"}}],\"inLanguage\":\"en-GB\"},{\"@type\":\"Organization\",\"@id\":\"https:\\\/\\\/archiv.siov.sk\\\/#organization\",\"name\":\"\u0160IOV - \u0161t\u00e1tny in\u0161tit\u00fat odborn\u00e9ho vzdel\u00e1vania\",\"url\":\"https:\\\/\\\/archiv.siov.sk\\\/\",\"logo\":{\"@type\":\"ImageObject\",\"inLanguage\":\"en-GB\",\"@id\":\"https:\\\/\\\/archiv.siov.sk\\\/#\\\/schema\\\/logo\\\/image\\\/\",\"url\":\"https:\\\/\\\/archiv.siov.sk\\\/wp-content\\\/uploads\\\/2024\\\/02\\\/logo-SIOV.png\",\"contentUrl\":\"https:\\\/\\\/archiv.siov.sk\\\/wp-content\\\/uploads\\\/2024\\\/02\\\/logo-SIOV.png\",\"width\":431,\"height\":143,\"caption\":\"\u0160IOV - \u0161t\u00e1tny in\u0161tit\u00fat odborn\u00e9ho vzdel\u00e1vania\"},\"image\":{\"@id\":\"https:\\\/\\\/archiv.siov.sk\\\/#\\\/schema\\\/logo\\\/image\\\/\"},\"sameAs\":[\"https:\\\/\\\/www.facebook.com\\\/Statnyinstitutodbornehovzdelavania\"]}]}<\/script>\n<!-- \/ Yoast SEO plugin. -->","yoast_head_json":{"title":"N\u00e1rodn\u00fd koordin\u00e1tor vzdel\u00e1vania dospel\u00fdch na Slovensku 2024 - 2025 - \u0160IOV - \u0161t\u00e1tny in\u0161tit\u00fat odborn\u00e9ho vzdel\u00e1vania","robots":{"index":"index","follow":"follow","max-snippet":"max-snippet:-1","max-image-preview":"max-image-preview:large","max-video-preview":"max-video-preview:-1"},"canonical":"https:\/\/archiv.siov.sk\/en\/medzinarodna-spolupraca\/europske-iniciativy\/narodny-koordinator-vzdelavania-dospelych\/","og_locale":"en_GB","og_type":"article","og_title":"N\u00e1rodn\u00fd koordin\u00e1tor vzdel\u00e1vania dospel\u00fdch na Slovensku 2024 - 2025 - \u0160IOV - \u0161t\u00e1tny in\u0161tit\u00fat odborn\u00e9ho vzdel\u00e1vania","og_description":"N\u00e1rodn\u00fd koordin\u00e1tor eur\u00f3pskeho programu vzdel\u00e1vania dospel\u00fdch na Slovensku 2024 &#8211; 2025 \u00dasek celo\u017eivotn\u00e9ho vzdel\u00e1vania Kontaktn\u00e9 osoby:\u00a0 Mgr. \u013dubica G\u00e1llov\u00e1Tel: 0910 925 089lubica.gallova@siov.skczv@siov.sk Mgr. Lucia Bielikov\u00e1Tel: 0910 925 089lucia.bielikova@siov.sk \u00a0 N\u00e1rodn\u00fd koordin\u00e1tor eur\u00f3pskeho programu vzdel\u00e1vania dospel\u00fdch na Slovensku je s\u00fa\u010das\u0165ou eur\u00f3pskej siete, ktorej vznik iniciovala Eur\u00f3pska komisia s\u00a0cie\u013eom posilni\u0165 efekt\u00edvnu spolupr\u00e1cu v\u0161etk\u00fdch relevantn\u00fdch partnerov z\u00a0oblasti vzdel\u00e1vania [&hellip;]","og_url":"https:\/\/archiv.siov.sk\/en\/medzinarodna-spolupraca\/europske-iniciativy\/narodny-koordinator-vzdelavania-dospelych\/","og_site_name":"\u0160IOV - \u0161t\u00e1tny in\u0161tit\u00fat odborn\u00e9ho vzdel\u00e1vania","article_publisher":"https:\/\/www.facebook.com\/Statnyinstitutodbornehovzdelavania","article_modified_time":"2025-04-08T07:09:05+00:00","og_image":[{"url":"https:\/\/archiv.siov.sk\/wp-content\/uploads\/2024\/05\/eu-logo-spolufinancovanie.jpg","type":"","width":"","height":""}],"twitter_card":"summary_large_image","twitter_misc":{"Estimated reading time":"3 minutes"},"schema":{"@context":"https:\/\/schema.org","@graph":[{"@type":"WebPage","@id":"https:\/\/archiv.siov.sk\/en\/medzinarodna-spolupraca\/europske-iniciativy\/narodny-koordinator-vzdelavania-dospelych\/","url":"https:\/\/archiv.siov.sk\/en\/medzinarodna-spolupraca\/europske-iniciativy\/narodny-koordinator-vzdelavania-dospelych\/","name":"N\u00e1rodn\u00fd koordin\u00e1tor vzdel\u00e1vania dospel\u00fdch na Slovensku 2024 - 2025 - \u0160IOV - \u0161t\u00e1tny in\u0161tit\u00fat odborn\u00e9ho vzdel\u00e1vania","isPartOf":{"@id":"https:\/\/archiv.siov.sk\/#website"},"primaryImageOfPage":{"@id":"https:\/\/archiv.siov.sk\/en\/medzinarodna-spolupraca\/europske-iniciativy\/narodny-koordinator-vzdelavania-dospelych\/#primaryimage"},"image":{"@id":"https:\/\/archiv.siov.sk\/en\/medzinarodna-spolupraca\/europske-iniciativy\/narodny-koordinator-vzdelavania-dospelych\/#primaryimage"},"thumbnailUrl":"https:\/\/archiv.siov.sk\/wp-content\/uploads\/2024\/05\/eu-logo-spolufinancovanie.jpg","datePublished":"2019-02-19T07:49:58+00:00","dateModified":"2025-04-08T07:09:05+00:00","breadcrumb":{"@id":"https:\/\/archiv.siov.sk\/en\/medzinarodna-spolupraca\/europske-iniciativy\/narodny-koordinator-vzdelavania-dospelych\/#breadcrumb"},"inLanguage":"en-GB","potentialAction":[{"@type":"ReadAction","target":["https:\/\/archiv.siov.sk\/en\/medzinarodna-spolupraca\/europske-iniciativy\/narodny-koordinator-vzdelavania-dospelych\/"]}]},{"@type":"ImageObject","inLanguage":"en-GB","@id":"https:\/\/archiv.siov.sk\/en\/medzinarodna-spolupraca\/europske-iniciativy\/narodny-koordinator-vzdelavania-dospelych\/#primaryimage","url":"https:\/\/archiv.siov.sk\/wp-content\/uploads\/2024\/05\/eu-logo-spolufinancovanie.jpg","contentUrl":"https:\/\/archiv.siov.sk\/wp-content\/uploads\/2024\/05\/eu-logo-spolufinancovanie.jpg"},{"@type":"BreadcrumbList","@id":"https:\/\/archiv.siov.sk\/en\/medzinarodna-spolupraca\/europske-iniciativy\/narodny-koordinator-vzdelavania-dospelych\/#breadcrumb","itemListElement":[{"@type":"ListItem","position":1,"name":"Home","item":"https:\/\/archiv.siov.sk\/"},{"@type":"ListItem","position":2,"name":"Medzin\u00e1rodn\u00e1 spolupr\u00e1ca","item":"https:\/\/archiv.siov.sk\/en\/medzinarodna-spolupraca\/"},{"@type":"ListItem","position":3,"name":"Eur\u00f3pske iniciat\u00edvy","item":"https:\/\/archiv.siov.sk\/en\/medzinarodna-spolupraca\/europske-iniciativy\/"},{"@type":"ListItem","position":4,"name":"N\u00e1rodn\u00fd koordin\u00e1tor vzdel\u00e1vania dospel\u00fdch na Slovensku 2024 &#8211; 2025"}]},{"@type":"WebSite","@id":"https:\/\/archiv.siov.sk\/#website","url":"https:\/\/archiv.siov.sk\/","name":"\u0160IOV - \u0161t\u00e1tny in\u0161tit\u00fat odborn\u00e9ho vzdel\u00e1vania","description":"","publisher":{"@id":"https:\/\/archiv.siov.sk\/#organization"},"potentialAction":[{"@type":"SearchAction","target":{"@type":"EntryPoint","urlTemplate":"https:\/\/archiv.siov.sk\/?s={search_term_string}"},"query-input":{"@type":"PropertyValueSpecification","valueRequired":true,"valueName":"search_term_string"}}],"inLanguage":"en-GB"},{"@type":"Organization","@id":"https:\/\/archiv.siov.sk\/#organization","name":"\u0160IOV - \u0161t\u00e1tny in\u0161tit\u00fat odborn\u00e9ho vzdel\u00e1vania","url":"https:\/\/archiv.siov.sk\/","logo":{"@type":"ImageObject","inLanguage":"en-GB","@id":"https:\/\/archiv.siov.sk\/#\/schema\/logo\/image\/","url":"https:\/\/archiv.siov.sk\/wp-content\/uploads\/2024\/02\/logo-SIOV.png","contentUrl":"https:\/\/archiv.siov.sk\/wp-content\/uploads\/2024\/02\/logo-SIOV.png","width":431,"height":143,"caption":"\u0160IOV - \u0161t\u00e1tny in\u0161tit\u00fat odborn\u00e9ho vzdel\u00e1vania"},"image":{"@id":"https:\/\/archiv.siov.sk\/#\/schema\/logo\/image\/"},"sameAs":["https:\/\/www.facebook.com\/Statnyinstitutodbornehovzdelavania"]}]}},"_links":{"self":[{"href":"https:\/\/archiv.siov.sk\/en\/wp-json\/wp\/v2\/pages\/2968","targetHints":{"allow":["GET"]}}],"collection":[{"href":"https:\/\/archiv.siov.sk\/en\/wp-json\/wp\/v2\/pages"}],"about":[{"href":"https:\/\/archiv.siov.sk\/en\/wp-json\/wp\/v2\/types\/page"}],"author":[{"embeddable":true,"href":"https:\/\/archiv.siov.sk\/en\/wp-json\/wp\/v2\/users\/1"}],"replies":[{"embeddable":true,"href":"https:\/\/archiv.siov.sk\/en\/wp-json\/wp\/v2\/comments?post=2968"}],"version-history":[{"count":43,"href":"https:\/\/archiv.siov.sk\/en\/wp-json\/wp\/v2\/pages\/2968\/revisions"}],"predecessor-version":[{"id":18277,"href":"https:\/\/archiv.siov.sk\/en\/wp-json\/wp\/v2\/pages\/2968\/revisions\/18277"}],"up":[{"embeddable":true,"href":"https:\/\/archiv.siov.sk\/en\/wp-json\/wp\/v2\/pages\/87"}],"wp:attachment":[{"href":"https:\/\/archiv.siov.sk\/en\/wp-json\/wp\/v2\/media?parent=2968"}],"curies":[{"name":"wp","href":"https:\/\/api.w.org\/{rel}","templated":true}]}}