{"id":29,"date":"2019-01-25T09:51:10","date_gmt":"2019-01-25T08:51:10","guid":{"rendered":"http:\/\/archiv.siov.sk\/?page_id=29"},"modified":"2025-07-22T13:20:47","modified_gmt":"2025-07-22T11:20:47","slug":"tanecne-konzervatorium","status":"publish","type":"page","link":"https:\/\/archiv.siov.sk\/en\/vzdelavanie\/konzervatorium\/tanecne-konzervatorium\/","title":{"rendered":"Dance Conservatory"},"content":{"rendered":"<div data-elementor-type=\"wp-page\" data-elementor-id=\"29\" class=\"elementor elementor-29\" data-elementor-post-type=\"page\">\n\t\t\t\t\t\t<section class=\"elementor-section elementor-top-section elementor-element elementor-element-0bbf3d4 elementor-section-boxed elementor-section-height-default elementor-section-height-default\" data-id=\"0bbf3d4\" data-element_type=\"section\" data-e-type=\"section\">\n\t\t\t\t\t\t<div class=\"elementor-container elementor-column-gap-default\">\n\t\t\t\t\t<div class=\"elementor-column elementor-col-100 elementor-top-column elementor-element elementor-element-74f2815\" data-id=\"74f2815\" data-element_type=\"column\" data-e-type=\"column\">\n\t\t\t<div class=\"elementor-widget-wrap elementor-element-populated\">\n\t\t\t\t\t\t<div class=\"elementor-element elementor-element-46ff3c7 elementor-widget-divider--view-line elementor-widget elementor-widget-divider\" data-id=\"46ff3c7\" data-element_type=\"widget\" data-e-type=\"widget\" data-widget_type=\"divider.default\">\n\t\t\t\t<div class=\"elementor-widget-container\">\n\t\t\t\t\t\t\t<div class=\"elementor-divider\">\n\t\t\t<span class=\"elementor-divider-separator\">\n\t\t\t\t\t\t<\/span>\n\t\t<\/div>\n\t\t\t\t\t\t<\/div>\n\t\t\t\t<\/div>\n\t\t\t\t<div class=\"elementor-element elementor-element-0c49e27 elementor-widget elementor-widget-heading\" data-id=\"0c49e27\" data-element_type=\"widget\" data-e-type=\"widget\" data-widget_type=\"heading.default\">\n\t\t\t\t<div class=\"elementor-widget-container\">\n\t\t\t\t\t<h2 class=\"elementor-heading-title elementor-size-default\">Dance Conservatory<\/h2>\t\t\t\t<\/div>\n\t\t\t\t<\/div>\n\t\t\t\t\t<\/div>\n\t\t<\/div>\n\t\t\t\t\t<\/div>\n\t\t<\/section>\n\t\t\t\t<section class=\"elementor-section elementor-top-section elementor-element elementor-element-3205d2cb elementor-section-boxed elementor-section-height-default elementor-section-height-default\" data-id=\"3205d2cb\" data-element_type=\"section\" data-e-type=\"section\">\n\t\t\t\t\t\t<div class=\"elementor-container elementor-column-gap-default\">\n\t\t\t\t\t<div class=\"elementor-column elementor-col-100 elementor-top-column elementor-element elementor-element-59026e94\" data-id=\"59026e94\" data-element_type=\"column\" data-e-type=\"column\">\n\t\t\t<div class=\"elementor-widget-wrap elementor-element-populated\">\n\t\t\t\t\t\t<div class=\"elementor-element elementor-element-50760d5 elementor-widget elementor-widget-text-editor\" data-id=\"50760d5\" data-element_type=\"widget\" data-e-type=\"widget\" data-widget_type=\"text-editor.default\">\n\t\t\t\t<div class=\"elementor-widget-container\">\n\t\t\t\t\t\t\t\t\t<p style=\"text-align: justify;\">Tane\u010dn\u00e9 konzervat\u00f3rium\u00a0je zo z\u00e1kona \u010d. 245\/2008 Z. z. o\u00a0v\u00fdchove a\u00a0vzdel\u00e1van\u00ed (\u0161kolsk\u00fd z\u00e1kon) a\u00a0o\u00a0zmene a\u00a0doplnen\u00ed niektor\u00fdch z\u00e1konov typom samostatn\u00e9ho druhu strednej \u0161koly, ktor\u00fd poskytuje komplexn\u00e9 umeleck\u00e9 a umelecko-pedagogick\u00e9 vzdelanie v osemro\u010dnom s\u00favislom vzdel\u00e1vacom programe v \u0161tudijnom odbore 8227 Q tanec a\u00a0jeho zameraniach. Pripravuje \u017eiakov na profesion\u00e1lne umeleck\u00e9 uplatnenie a na vyu\u010dovanie umeleck\u00fdch a odborn\u00fdch predmetov. Konzervat\u00f3rium sa zria\u010fuje ako \u0161kola s celodennou starostlivos\u0165ou alebo ako intern\u00e1tna \u0161kola, kde sa \u0161t\u00fadium v poslednom \u00f4smom ro\u010dn\u00edku ukon\u010duje maturitnou sk\u00fa\u0161kou aj absolventskou sk\u00fa\u0161kou. V tane\u010dnom konzervat\u00f3riu sa rozdielov\u00e1 sk\u00fa\u0161ka z odbornej teoretickej pripravenosti nevykon\u00e1va. Riadite\u013e konzervat\u00f3ria nem\u00f4\u017ee povoli\u0165 opravn\u00fa sk\u00fa\u0161ku z\u00a0profilov\u00fdch predmetov.<\/p><p><strong>Tane\u010dn\u00e9 konzervat\u00f3rium poskytuje<\/strong><\/p><ul><li>ni\u017e\u0161ie stredn\u00e9 vzdelanie pod\u013ea\u00a0<a href=\"https:\/\/www.slov-lex.sk\/pravne-predpisy\/SK\/ZZ\/2008\/245\/20160901#paragraf-16.odsek-3.pismeno-b\"><em>\u00a7 16 ods. 3 p\u00edsm. b)<\/em><\/a>\u00a0\u00faspe\u0161n\u00fdm skon\u010den\u00edm \u0161tvrt\u00e9ho ro\u010dn\u00edka v osemro\u010dnom vzdel\u00e1vacom programe,<\/li><li>\u00fapln\u00e9 stredn\u00e9 odborn\u00e9 vzdelanie pod\u013ea\u00a0<a href=\"https:\/\/www.slov-lex.sk\/pravne-predpisy\/SK\/ZZ\/2008\/245\/20160901#paragraf-16.odsek-4\"><em>\u00a7 16 ods. 4 p\u00edsm. d)<\/em><\/a>\u00a0\u00faspe\u0161n\u00fdm vykonan\u00edm maturitnej sk\u00fa\u0161ky,<\/li><li>vy\u0161\u0161ie odborn\u00e9 vzdelanie pod\u013ea\u00a0<a href=\"https:\/\/www.slov-lex.sk\/pravne-predpisy\/SK\/ZZ\/2008\/245\/20160901#paragraf-16.odsek-5.pismeno-b\"><em>\u00a7 16 ods. 5 p\u00edsm. b)<\/em><\/a>\u00a0\u00faspe\u0161n\u00fdm vykonan\u00edm absolventskej sk\u00fa\u0161ky.<\/li><\/ul><p>Ni\u017e\u0161ie sekund\u00e1rne vzdel\u00e1vanie\/druh\u00fd stupe\u0148\u00a0z\u00e1kladnej \u0161koly<\/p><p style=\"text-align: justify;\">Predpokladom dosiahnutia cie\u013eov ni\u017e\u0161ieho sekund\u00e1rneho vzdel\u00e1vania je zaistenie kontinuity a plynul\u00e9ho prechodu z prim\u00e1rneho na ni\u017e\u0161ie sekund\u00e1rne vzdel\u00e1vanie. Z\u00e1kladom ni\u017e\u0161ieho sekund\u00e1rneho vzdel\u00e1vania (1. a\u017e 4. ro\u010dn\u00edk tane\u010dn\u00e9ho konzervat\u00f3ria) je interdisciplin\u00e1rny (medzi predmetov\u00fd) pr\u00edstup pri osvojovan\u00ed znalost\u00ed a sp\u00f4sobilost\u00ed \u017eiakov a rozvoj ich analytick\u00fdch a kritick\u00fdch schopnost\u00ed. Aktu\u00e1lne znalosti a ich uplat\u0148ovanie v praxi s\u00fa v\u00fdchodiskov\u00fdm bodom pri z\u00edskavan\u00ed nov\u00fdch znalost\u00ed a \u010fal\u0161om rozvoji sp\u00f4sobilost\u00ed \u017eiakov. Nevyhnutnou s\u00fa\u010das\u0165ou cie\u013eov ni\u017e\u0161ieho sekund\u00e1rneho vzdel\u00e1vania je vypestova\u0165 u\u00a0\u017eiakov zodpovednos\u0165 za vlastn\u00e9 u\u010denie sa a poskytn\u00fa\u0165 im pr\u00edle\u017eitosti objavi\u0165 a rozvin\u00fa\u0165 ich schopnosti a talent v s\u00falade s ich re\u00e1lnymi mo\u017enos\u0165ami, aby z\u00edskali podklad pre optim\u00e1lne rozhodnutie o\u00a0\u010fal\u0161om, vy\u0161\u0161om sekund\u00e1rnom vzdel\u00e1van\u00ed.<\/p><p>Vy\u0161\u0161ie sekund\u00e1rne vzdel\u00e1vanie\/5. a\u017e 8. ro\u010dn\u00edk tane\u010dn\u00e9ho konzervat\u00f3ria<\/p><p style=\"text-align: justify;\">Vzdel\u00e1vanie v 5. a\u017e 8. ro\u010dn\u00edku tane\u010dn\u00e9ho konzervat\u00f3ria priamo nadv\u00e4zuje na ni\u017e\u0161ie sekund\u00e1rne vzdelanie z\u00e1kladn\u00fdch \u0161k\u00f4l. Je zameran\u00e9 na to, aby \u017eiak z\u00edskal v\u0161eobecn\u00fd vzdelanostn\u00fd z\u00e1klad a k\u013e\u00fa\u010dov\u00e9 sp\u00f4sobilosti (kompetencie) stredn\u00e9ho v\u0161eobecn\u00e9ho vzdelania s maturitou a stredn\u00e9ho odborn\u00e9ho vzdelania s maturitou. Pripravuje \u017eiakov predov\u0161etk\u00fdm na \u010fal\u0161ie univerzitn\u00e9 vzdel\u00e1vanie, pre uplatnenie v praxi, osobn\u00fd a soci\u00e1lny \u017eivot. Zmyslom tane\u010dn\u00e9ho konzervat\u00f3ria je vybavi\u0165 \u017eiakov systematickou \u0161trukt\u00farou pozn\u00e1vania, sp\u00f4sobilos\u0165ou pracova\u0165 s inform\u00e1ciami a zara\u010fova\u0165 ich do zmyslupln\u00e9ho kontextu \u017eivotnej praxe tak, aby sa v celom \u017eivote profesijne a osobnostne rozv\u00edjali. Predpokladom je uplat\u0148ovanie progres\u00edvnych vzdel\u00e1vac\u00edch postupov, nov\u00fdch organiza\u010dn\u00fdch foriem, strat\u00e9gi\u00ed a met\u00f3d, ktor\u00e9 podporuj\u00fa pozn\u00e1vaciu zvedavos\u0165, tvoriv\u00e9 myslenie a samostatnos\u0165 \u017eiakov. Vzdel\u00e1vac\u00ed obsah na tane\u010dn\u00fdch konzervat\u00f3ri\u00e1ch obohacuj\u00fa \u0161koly pod\u013ea vlastn\u00fdch vzdel\u00e1vac\u00edch z\u00e1merov, region\u00e1lnych potrieb a podmienok, potrieb a z\u00e1ujmov \u017eiakov.<\/p><p>Priebeh vzdel\u00e1vania v 5. a\u017e 8. ro\u010dn\u00edku tane\u010dn\u00e9ho konzervat\u00f3ria upravuje \u00a7 44 \u0161kolsk\u00e9ho z\u00e1kona:<\/p><p>Konzervat\u00f3rium pre odbor tanec sa zria\u010fuje ako \u0161kola s celodennou starostlivos\u0165ou alebo ako intern\u00e1tna \u0161kola.<\/p><p>Prijatie na uveden\u00e9 vzdel\u00e1vanie upravuje v\u00a0pr\u00edslu\u0161nej miere \u00a7 62 a\u017e \u00a7 71 \u0161kolsk\u00e9ho z\u00e1kona:<\/p><p style=\"text-align: justify;\">Do prv\u00e9ho ro\u010dn\u00edka osemro\u010dn\u00e9ho vzdel\u00e1vacieho programu v gymn\u00e1zi\u00e1ch alebo osemro\u010dn\u00e9ho vzdel\u00e1vacieho programu v konzervat\u00f3riu m\u00f4\u017ee by\u0165 prijat\u00fd uch\u00e1dza\u010d, ktor\u00fd z\u00edskal prim\u00e1rne vzdelanie pod\u013ea\u00a0<a href=\"https:\/\/www.slov-lex.sk\/pravne-predpisy\/SK\/ZZ\/2008\/245\/20160901#paragraf-16.odsek-3.pismeno-a\"><em>\u00a7 16 ods. 3 p\u00edsm. a)<\/em><\/a>\u00a0a \u00faspe\u0161ne ukon\u010dil piaty ro\u010dn\u00edk z\u00e1kladnej \u0161koly v pr\u00edslu\u0161nom \u0161kolskom roku a splnil podmienky prij\u00edmacieho konania, ak tento z\u00e1kon neustanovuje inak.<\/p><p style=\"text-align: justify;\">Do odborov vzdel\u00e1vania, v ktor\u00fdch sa vy\u017eaduje overenie \u0161peci\u00e1lnych schopnost\u00ed, zru\u010dnost\u00ed alebo nadania, sa prij\u00edmaj\u00fa uch\u00e1dza\u010di po ich overen\u00ed na prij\u00edmacej sk\u00fa\u0161ke (na tane\u010dn\u00e9 konzervat\u00f3rium aj po overen\u00ed zdravotnej sp\u00f4sobilosti). Prij\u00edmacia sk\u00fa\u0161ka pozost\u00e1va z overenia \u0161peci\u00e1lnych schopnost\u00ed, zru\u010dnost\u00ed alebo nadania potrebn\u00fdch na zvl\u00e1dnutie pr\u00edslu\u0161n\u00e9ho odboru vzdel\u00e1vania, pr\u00edpadne z oboch t\u00fdchto \u010dast\u00ed.<\/p><p>Vy\u0161\u0161ie odborn\u00e9 vzdel\u00e1vanie \/7. a 8. ro\u010dn\u00edk tane\u010dn\u00e9ho konzervat\u00f3ria<\/p><p style=\"text-align: justify;\">Pokro\u010dilej\u0161ie vzdel\u00e1vanie v 7. a 8. ro\u010dn\u00edku tane\u010dn\u00e9ho konzervat\u00f3ria je zameran\u00e9 na to, aby \u017eiak z\u00edskal vy\u0161\u0161ie odborn\u00e9 vzdelanie na z\u00e1klade typu programu pre povolania vy\u017eaduj\u00face \u0161pecifick\u00e9 praktick\u00e9\/technick\u00e9 schopnosti. Kvalifik\u00e1cie profesion\u00e1lneho tane\u010dn\u00e9ho umelca a pedag\u00f3ga umenia z\u00edskan\u00e9 \u0161t\u00fadiom programov v 7. a 8. ro\u010dn\u00edku tane\u010dn\u00e9ho konzervat\u00f3ria s\u00fa u\u017e\u0161ie \u0161pecifikovan\u00e9, prakticky orientovan\u00e9, \u0161pecializovan\u00e9 na umeleck\u00fa a pedagogicko-umeleck\u00fa profesiu, \u017eiaci z\u00edskavaj\u00fa praktick\u00e9 schopnosti, vedomosti potrebn\u00e9 pre zamestnanie, kvalifik\u00e1ciu na trhu pr\u00e1ce. Tane\u010dn\u00e9 konzervat\u00f3rium, ako samostatn\u00fd typ druhu stredn\u00fdch \u0161k\u00f4l poskytuje najvy\u0161\u0161iu mo\u017en\u00fa dosiahnute\u013en\u00fa \u00farove\u0148 vzdelania tane\u010dn\u00edka na t\u00fdchto typoch \u0161k\u00f4l. Priebeh vzdel\u00e1vania v tane\u010dnom konzervat\u00f3riu upravuje \u00a7 44 \u0161kolsk\u00e9ho z\u00e1kona. Sp\u00f4soby ukon\u010dovania vy\u0161\u0161ieho odborn\u00e9ho vzdel\u00e1vania a z\u00edskania dokladov upravuje \u00a7 79:<\/p><p>\u017d<em>iak m\u00f4\u017ee kona\u0165 absolventsk\u00fa sk\u00fa\u0161ku, ak \u00faspe\u0161ne ukon\u010dil posledn\u00fd ro\u010dn\u00edk \u0161t\u00fadia.<\/em><\/p><p style=\"text-align: justify;\"><strong>Absolventsk\u00e1 sk\u00fa\u0161ka<\/strong> je komplexn\u00e1 odborn\u00e1 sk\u00fa\u0161ka, ktorou sa overuje \u00farove\u0148 \u0161pecifick\u00fdch vedomost\u00ed a zru\u010dnost\u00ed \u017eiaka zameran\u00fdch na v\u00fdkon konkr\u00e9tnych pracovn\u00fdch \u010dinnost\u00ed. Sk\u00fa\u0161kou sa m\u00f4\u017ee overi\u0165 aj \u00farove\u0148 umeleck\u00fdch a pedagogicko-umeleck\u00fdch \u010dinnost\u00ed. S\u00fa\u010das\u0165ou absolventskej sk\u00fa\u0161ky je z\u00e1rove\u0148 aj maturitn\u00e1 sk\u00fa\u0161ka.<\/p><p><strong>Absolventsk\u00e1 sk\u00fa\u0161ka v\u00a0tane\u010dnom konzervat\u00f3riu obsahuje<\/strong><\/p><ul><li>absolventsk\u00fd v\u00fdkon z\u00a0profilov\u00e9ho\/profilov\u00fdch predmetov a s\u00faborn\u00fa sk\u00fa\u0161ku z pedagogickej pr\u00edpravy.<\/li><\/ul><p><strong>Ciele vzdel\u00e1vania<\/strong><\/p><p>Hlavn\u00fdmi cie\u013emi vzdel\u00e1vania v tane\u010dnom konzervat\u00f3riu s\u00fa rozvinut\u00e9 absolventove schopnosti, vedomosti, zru\u010dnosti a hodnotov\u00e9 postoje tak, aby<\/p><ul><li>bol absolvent pripraven\u00fd pre profesion\u00e1lnu umeleck\u00fa a pedagogicko-umeleck\u00fa pr\u00e1cu,<\/li><li>z\u00edskal nevyhnutn\u00fd vzdelanostn\u00fd z\u00e1klad pre pokra\u010dovacie (aj celo\u017eivotn\u00e9) vzdel\u00e1vanie a\u00a0pre svoj osobn\u00fd a soci\u00e1lny rozvoj.<\/li><\/ul><p style=\"text-align: justify;\">Z\u00e1merom je rozvin\u00fa\u0165 u absolventov k\u013e\u00fa\u010dov\u00e9 sp\u00f4sobilosti v umeleck\u00fdch, pedagogick\u00fdch, pedagogicko-umeleck\u00fdch a akademick\u00fdch oblastiach u\u010denia sa tak, aby:<\/p><ul><li>si mohli vybra\u0165 optim\u00e1lnu cestu k svojej \u0161tudijnej a profesijnej kari\u00e9re pod\u013ea svojich schopnost\u00ed, potrieb a z\u00e1ujmov,<\/li><li>z\u00edskali dostatok pr\u00edle\u017eitost\u00ed nadobudnut\u00e9 sp\u00f4sobilosti samostatne tvorivo uplat\u0148ova\u0165 v kontexte pracovnej a mimopracovnej praxe a z\u00e1rove\u0148 boli motivovan\u00ed k ich rozvoju v priebehu pokra\u010dovacieho vzdel\u00e1vania.<\/li><\/ul><p style=\"text-align: justify;\">Predpokladom dosiahnutia t\u00fdchto cie\u013eov je pou\u017e\u00edvanie u\u010debn\u00fdch postupov a pr\u00edstupov, ktor\u00e9 podporuj\u00fa rozvinutie vedeck\u00e9ho syst\u00e9mov\u00e9ho, kritick\u00e9ho a kreat\u00edvneho myslenia prostredn\u00edctvom inovat\u00edvnych organiza\u010dn\u00fdch foriem v\u00fdu\u010dby.<\/p><p><strong>\u00a0 Ciele vzdel\u00e1vania v\u00a0tane\u010dnom konzervat\u00f3riu mo\u017eno zoskupi\u0165 do \u0161tyroch kateg\u00f3ri\u00ed<\/strong><\/p><ul><li>person\u00e1lne, maxim\u00e1lne rozvinutie potenci\u00e1lu ka\u017ed\u00e9ho \u017eiaka pre osobnostn\u00e9 zrenie a st\u00e1vanie sa svojskou, samostatnou (nez\u00e1vislou) a tvorivou osobnos\u0165ou profesion\u00e1lneho umelca a umeleck\u00e9ho pedag\u00f3ga,<\/li><li>soci\u00e1lne, rozvinutie \u017eiakovho zmyslu pre soci\u00e1lnu vz\u00e1jomnos\u0165, starostlivos\u0165 a spravodlivos\u0165, upevnenie z\u00e1ujmu o uchovanie n\u00e1rodn\u00e9ho dedi\u010dstva a\u00a0akceptovanie kult\u00farnych odli\u0161nost\u00ed,<\/li><li>profesijno-orienta\u010dn\u00e9, rozvitie schopnost\u00ed k informovan\u00e9mu v\u00fdberu svojho profesion\u00e1lneho uplatnenia,<\/li><li>v\u0161eobecno-vzdel\u00e1vacie, rozvitie \u0161irok\u00e9ho kult\u00farneho (v\u0161eobecn\u00e9ho, najm\u00e4 umeleck\u00e9ho) vzdelanostn\u00e9ho z\u00e1kladu pre celo\u017eivotn\u00e9 zve\u013ea\u010fovanie pri s\u00fabe\u017enom pestovan\u00ed kreativity.<\/li><\/ul><p><strong>\u00a0<\/strong><strong>Profil absolventa<\/strong>\u00a0<\/p><p style=\"text-align: justify;\">Je zalo\u017een\u00fd na k\u013e\u00fa\u010dov\u00fdch sp\u00f4sobilostiach, ktor\u00e9 sa rozv\u00edjaj\u00fa a s\u00fa rozv\u00edjan\u00e9 na socio-kult\u00farnych obsahoch najm\u00e4 s\u00fa\u010dasn\u00e9ho umeleck\u00e9ho, pedagogick\u00e9ho a\u00a0vedn\u00e9ho vzdel\u00e1vania. Predstavuje odborn\u00fa vzdelanos\u0165, v\u0161eobecn\u00fa vzdelanos\u0165 (ako komplex zru\u010dnost\u00ed a vedomost\u00ed, schopnost\u00ed, hodnotov\u00fdch postojov, osobn\u00fdch \u010d\u0155t a in\u00fdch dispoz\u00edci\u00ed), ktor\u00e9 jednotlivcovi umo\u017e\u0148uj\u00fa pozn\u00e1va\u0165, kona\u0165, hodnoti\u0165 a dorozumieva\u0165 sa i porozumie\u0165 si. Umo\u017e\u0148uj\u00fa mu \u00faspe\u0161n\u00e9 za\u010dlenenie sa do pracovn\u00fdch a mimopracovn\u00fdch spolo\u010densk\u00fdch \u0161trukt\u00far. Nadv\u00e4zuj\u00fa na sp\u00f4sobilosti z\u00edskan\u00e9 v priebehu predch\u00e1dzaj\u00facich stup\u0148ov, najm\u00e4 vy\u0161\u0161ieho sekund\u00e1rneho vzdel\u00e1vania. Sp\u00f4sobilosti sa formuj\u00fa na z\u00e1klade osobnej praktickej \u010dinnosti a sk\u00fasenosti a z\u00e1rove\u0148 s\u00fa uplatnite\u013en\u00e9 v \u017eivotnej praxi. Nevyjadruj\u00fa trval\u00fd stav, ale menia svoju kvalitu a\u00a0hodnotu po\u010das cel\u00e9ho \u017eivota. Nezastar\u00e1vaj\u00fa ako vedomosti, ale maj\u00fa potenci\u00e1lnu vlastnos\u0165 neust\u00e1le sa rozv\u00edja\u0165, a preto m\u00f4\u017eu by\u0165 z\u00e1kladom celo\u017eivotn\u00e9ho u\u010denia sa a osobnej flexibility. S\u00fa v\u00fdsledkom a d\u00f4sledkom nielen form\u00e1lneho (\u0161kolsk\u00e9ho) vzdel\u00e1vania, semi-form\u00e1lneho (osvetov\u00e9ho, zamestn\u00e1vate\u013esk\u00e9ho a in\u00e9ho organiza\u010dn\u00e9ho) vzdel\u00e1vania ako aj nein\u0161titucion\u00e1lneho vzdel\u00e1vania. Jednotliv\u00e9 k\u013e\u00fa\u010dov\u00e9 sp\u00f4sobilosti (kompetentnosti) sa navz\u00e1jom prel\u00ednaj\u00fa, prep\u00e1jaj\u00fa a\u00a0maj\u00fa aj nadpredmetov\u00fd programov\u00fd charakter. Z\u00edskavaj\u00fa sa ako produkt celkov\u00e9ho procesu vzdel\u00e1vania a sebavzdel\u00e1vania, t. j. kompletn\u00e9ho vzdel\u00e1vacieho programu a rozv\u00edjac\u00edch aktiv\u00edt, ktor\u00e9 v r\u00e1mci \u0161koly skuto\u010dne prebiehali. Sp\u00f4sobilosti s\u00fa koncipovan\u00e9 ako ide\u00e1lny pl\u00e1novan\u00fd cie\u013eov\u00fd v\u00fdstup, dosahovan\u00fd procesom s\u00fastavy ich rozv\u00edjania na Tane\u010dnom konzervat\u00f3riu. \u00a0\u00a0<\/p><p><strong>Stupe\u0148\u00a0vzdelania<\/strong><\/p><p style=\"text-align: justify;\">Vy\u0161\u0161ie odborn\u00e9 vzdelanie z\u00edska \u017eiak \u00faspe\u0161n\u00fdm absolvovan\u00edm s\u00favisl\u00e9ho osemro\u010dn\u00e9ho vzdel\u00e1vacieho programu tane\u010dn\u00e9ho konzervat\u00f3ria, ktor\u00fd sa ukon\u010duje predp\u00edsanou \u0161tandardnou absolventskou sk\u00fa\u0161kou. Dokladom o z\u00edskanom\u00a0 vzdelan\u00ed je vysved\u010denie o absolventskej sk\u00fa\u0161ke a absolventsk\u00fd diplom s pr\u00e1vom pou\u017e\u00edva\u0165 titul p\u00edsan\u00fd za priezviskom \u201cd i p l o\u00a0m o v a n \u00fd\u00a0\u00a0 \u0161 p e c i\u00a0a\u00a0l i\u00a0s\u00a0t a\u00a0 \u00a0u\u00a0m e n i a \u201d so skratkou DiS. art., SKKR\/EKR 5. Je pripraven\u00fd v s\u00falade s medzin\u00e1rodn\u00fdmi pedagogick\u00fdmi dokumentmi pre trh pr\u00e1ce na Slovensku, v krajin\u00e1ch EU a v krajin\u00e1ch UNESCO. \u00a0Na z\u00e1ver s\u00favisl\u00e9ho osemro\u010dn\u00e9ho vzdel\u00e1vania \u017eiak\u00a0 \u00faspe\u0161ne vykon\u00e1va aj maturitn\u00fa sk\u00fa\u0161ku, SKKR\/EKR 4. Dokladom o maturitnom vzdelan\u00ed je vysved\u010denie o\u00a0maturitnej sk\u00fa\u0161ke. \u00a0\u00a0<\/p><p><strong>K\u013e\u00fa\u010dov\u00e9 kompetencie absolventa tane\u010dn\u00e9ho konzervat\u00f3ria<\/strong><\/p><ul><li>profesion\u00e1lne umelecky tvor\u00ed pod\u013ea charakteru profilov\u00fdch predmetov,<\/li><li>orientuje sa v tane\u010dn\u00fdch technik\u00e1ch a tane\u010dn\u00fdch \u0161t\u00fdloch a pou\u017e\u00edva ich hlavn\u00e9 vyjadrovacie prostriedky,<\/li><li>uvedomuje si v\u00fdznam umenia a kult\u00farnej komunik\u00e1cie vo svojom \u017eivote a v \u017eivote celej spolo\u010dnosti,<\/li><li>cen\u00ed si a re\u0161pektuje umenie a kult\u00farne historick\u00e9 trad\u00edcie,<\/li><li>pozn\u00e1 a\u00a0pou\u017e\u00edva pravidl\u00e1 spolo\u010densk\u00e9ho kontaktu (etiketu),<\/li><li>spr\u00e1va sa kultivovane, primerane okolnostiam a situ\u00e1ci\u00e1m,<\/li><li>je tolerantn\u00fd a empatick\u00fd k prejavom in\u00fdch kult\u00far,<\/li><li>reflektuje proces vlastn\u00e9ho u\u010denia sa a myslenia pri z\u00edskavan\u00ed a spracov\u00e1van\u00ed nov\u00fdch poznatkov a inform\u00e1ci\u00ed a uplat\u0148uje r\u00f4zne strat\u00e9gie u\u010denia sa,<\/li><li>kriticky hodnot\u00ed inform\u00e1cie a ich zdroj, tvorivo ich sprac\u00fava a prakticky vyu\u017e\u00edva,<\/li><li>efekt\u00edvne vyu\u017e\u00edva dostupn\u00e9 informa\u010dno-komunika\u010dn\u00e9 technol\u00f3gie,<\/li><li>uvedomuje si potrebu svojho auton\u00f3mneho u\u010denia sa ako prostriedku sebarealiz\u00e1cie a osobn\u00e9ho rozvoja,<\/li><li>kriticky hodnot\u00ed svoj pokrok, prij\u00edma sp\u00e4tn\u00fa v\u00e4zbu a uvedomuje si svoje \u010fal\u0161ie rozvojov\u00e9 mo\u017enosti,<\/li><li>vyu\u017e\u00edva v\u0161etky dostupn\u00e9 formy komunik\u00e1cie pri spracov\u00e1van\u00ed a vyjadrovan\u00ed inform\u00e1ci\u00ed r\u00f4zneho typu, jeho \u00fastny a p\u00edsomn\u00fd prejav je adekv\u00e1tny situ\u00e1cii a \u00fa\u010delu uplatnenia,<\/li><li>prezentuje s\u00e1m seba a v\u00fdsledky svojej pr\u00e1ce na verejnosti, pou\u017e\u00edva odborn\u00fd jazyk,<\/li><li>primerane komunikuje v materinskom a v dvoch cudz\u00edch jazykoch,<\/li><li>ch\u00e1pe v\u00fdznam a uplat\u0148uje formy tak\u00fdch komunika\u010dn\u00fdch sp\u00f4sobilosti, ktor\u00e9 s\u00fa z\u00e1kladom efekt\u00edvnej spolupr\u00e1ce zalo\u017eenej na vz\u00e1jomnom re\u0161pektovan\u00ed pr\u00e1v a povinnost\u00ed a na prevzat\u00ed osobnej zodpovednosti,<\/li><li>uplat\u0148uje pri rie\u0161en\u00ed probl\u00e9mov vhodn\u00e9 met\u00f3dy zalo\u017een\u00e9 na analyticko-kritickom a tvorivom myslen\u00ed,<\/li><li>je otvoren\u00fd (pri rie\u0161en\u00ed probl\u00e9mov) z\u00edskavaniu a vyu\u017e\u00edvaniu r\u00f4znych aj inovat\u00edvnych postupov, formuluje argumenty a d\u00f4kazy na obh\u00e1jenie svojich v\u00fdsledkov,<\/li><li>pozn\u00e1va pri jednotliv\u00fdch rie\u0161eniach ich klady a z\u00e1pory a uvedomuje si aj potrebu zva\u017eova\u0165 \u00farovne rizika,<\/li><li>kon\u0161trukt\u00edvne a kooperat\u00edvne rie\u0161i pr\u00edpadn\u00e9 konflikty,<\/li><li>uvedomuje si z\u00e1kladn\u00e9 humanistick\u00e9 hodnoty, zmysel n\u00e1rodn\u00e9ho kult\u00farneho dedi\u010dstva, uplat\u0148uje a ochra\u0148uje princ\u00edpy demokracie,<\/li><li>vyv\u00e1\u017eene ch\u00e1pe svoje osobn\u00e9 z\u00e1ujmy v spojen\u00ed so z\u00e1ujmami \u0161ir\u0161ej skupiny, resp. spolo\u010dnosti,<\/li><li>uvedomuje si svoje pr\u00e1va v kontexte so zodpovedn\u00fdm pr\u00edstupom k svojim povinnostiam, prispieva k naplneniu pr\u00e1v in\u00fdch,<\/li><li>je otvoren\u00fd kult\u00farnej a etnickej r\u00f4znorodosti,<\/li><li>zainteresovane sleduje a posudzuje udalosti a v\u00fdvoj verejn\u00e9ho \u017eivota, zauj\u00edma k nim stanovisk\u00e1 a akt\u00edvne podporuje udr\u017eate\u013enos\u0165 kvality \u017eivotn\u00e9ho prostredia,<\/li><li>reflektuje vlastn\u00fa identitu, buduje si vlastn\u00fa samostatnos\u0165\/nez\u00e1vislos\u0165 ako \u010dlen celku,<\/li><li>na z\u00e1klade sebareflexie si svoje ciele a priority stanovuje v s\u00falade so svojimi re\u00e1lnymi\u00a0schopnos\u0165ami, z\u00e1ujmami a potrebami,<\/li><li>efekt\u00edvne spolupracuje v skupine, uvedomuje si svoju zodpovednos\u0165 v t\u00edme, kde dok\u00e1\u017ee\u00a0tvorivo prispieva\u0165 pri dosahovan\u00ed spolo\u010dn\u00fdch cie\u013eov,<\/li><li>koriguje d\u00f4sledky vlastn\u00e9ho spr\u00e1vania a konania a uplat\u0148uje soci\u00e1lne prospe\u0161n\u00e9 zmeny v medzi\u013eudsk\u00fdch vz\u0165ahoch,<\/li><li>stanovuje vlastn\u00e9 ciele s oh\u013eadom na svoje profesijn\u00e9 z\u00e1ujmy, kriticky hodnot\u00ed svoje v\u00fdsledky a akt\u00edvne pristupuje k uskuto\u010dneniu svojich cie\u013eov,<\/li><li>je flexibiln\u00fd a schopn\u00fd prija\u0165 a zvl\u00e1da\u0165 inovat\u00edvne zmeny,<\/li><li>ch\u00e1pe princ\u00edpy podnikania a zva\u017euje svoje predpoklady pri jeho pl\u00e1novan\u00ed a uplatnen\u00ed,<\/li><li>z\u00edskava a vyu\u017e\u00edva inform\u00e1cie o vzdel\u00e1vac\u00edch a pracovn\u00fdch pr\u00edle\u017eitostiach,<\/li><li>pou\u017e\u00edva matematick\u00e9 modely logick\u00e9ho a priestorov\u00e9ho myslenia pri interpret\u00e1cii a\u00a0tvorbe\u00a0vlastn\u00e9ho umeleck\u00e9ho diela \u2013 choreografie,<\/li><li>kriticky pou\u017e\u00edva technol\u00f3gie informa\u010dnej spolo\u010dnosti pri vyu\u010dovan\u00ed a u\u010den\u00ed sa, vo vo\u013enom\u00a0\u010dase a na komunik\u00e1ciu (pou\u017e\u00edva po\u010d\u00edta\u010d na z\u00edskanie, posudzovanie, ukladanie, tvorbu, prezent\u00e1ciu a v\u00fdmenu inform\u00e1ci\u00ed a na komunik\u00e1ciu a \u00fa\u010das\u0165 v spolupracuj\u00facich sie\u0165ach prostredn\u00edctvom internetu), rozumie a pou\u017e\u00edva primerane zlo\u017eit\u00e9 postupy a algoritmy,<\/li><li>uvedomuje si rozdiel medzi re\u00e1lnym a virtu\u00e1lnym svetom,<\/li><li>rozumie pr\u00edle\u017eitostiam a mo\u017en\u00fdm rizik\u00e1m, ktor\u00e9 s\u00fa spojen\u00e9 s vyu\u017e\u00edvan\u00edm internetu a inej digit\u00e1lnej komunik\u00e1cie,<\/li><li>pou\u017e\u00edva informa\u010dn\u00e9 technol\u00f3gie v\u00a0umen\u00ed, je schopn\u00fd inovova\u0165 zau\u017e\u00edvan\u00e9 postupy pri rie\u0161en\u00ed \u00faloh, pl\u00e1nova\u0165 a riadi\u0165 nov\u00e9 projekty so z\u00e1merom dosiahnu\u0165 ciele, a to nielen v r\u00e1mci pr\u00e1ce, ale aj v ka\u017edodennom \u017eivote.<\/li><\/ul><p><strong>\u0160tyri hlavn\u00e9 k\u013e\u00fa\u010dov\u00e9 sp\u00f4sobilosti absolventa tane\u010dn\u00e9ho konzervat\u00f3ria s\u00fa<\/strong><\/p><ul><li>pod\u00e1va\u0165 profesion\u00e1lne umeleck\u00e9 v\u00fdkony\u00a0<\/li><li>profesion\u00e1lne umelecko-pedagogicky p\u00f4sobi\u0165<\/li><li>\u0161tudova\u0165 na univerzit\u00e1ch a\u00a0vysok\u00fdch \u0161kol\u00e1ch\u00a0<\/li><li>celo\u017eivotne sa vzdel\u00e1va\u0165\u00a0\u00a0<\/li><\/ul><p style=\"text-align: justify;\">Skupina \u0161tudijn\u00fdch odborov, do ktorej s\u00fa zaraden\u00e9 \u0161tudijn\u00e9 odbory a zamerania \u0161tudijn\u00fdch odborov v konzervat\u00f3ri\u00e1ch, je uveden\u00e1 v\u00a0Pr\u00edlohe \u010d.8 vyhl\u00e1\u0161ky Ministerstva \u0161kolstva, v\u00fdskumu, v\u00fdvoja a\u00a0ml\u00e1de\u017ee Slovenskej republiky \u010d.287\/2022 Z. z. o s\u00fastave odborov vzdel\u00e1vania pre stredn\u00e9 \u0161koly a o vecnej p\u00f4sobnosti k odborom vzdel\u00e1vania. \u00a0<\/p><p><img decoding=\"async\" class=\"alignnone wp-image-19941\" src=\"https:\/\/siov.sk\/wp-content\/uploads\/2025\/07\/QR-kod-Tanecne-konzervatorium.png\" alt=\"\" width=\"209\" height=\"209\" srcset=\"https:\/\/archiv.siov.sk\/wp-content\/uploads\/2025\/07\/QR-kod-Tanecne-konzervatorium.png 271w, https:\/\/archiv.siov.sk\/wp-content\/uploads\/2025\/07\/QR-kod-Tanecne-konzervatorium-150x150.png 150w, https:\/\/archiv.siov.sk\/wp-content\/uploads\/2025\/07\/QR-kod-Tanecne-konzervatorium-12x12.png 12w\" sizes=\"(max-width: 209px) 100vw, 209px\" \/><\/p>\t\t\t\t\t\t\t\t<\/div>\n\t\t\t\t<\/div>\n\t\t\t\t\t<\/div>\n\t\t<\/div>\n\t\t\t\t\t<\/div>\n\t\t<\/section>\n\t\t\t\t<\/div>","protected":false},"excerpt":{"rendered":"<p>Tane\u010dn\u00e9 konzervat\u00f3rium Tane\u010dn\u00e9 konzervat\u00f3rium\u00a0je zo z\u00e1kona \u010d. 245\/2008 Z. z. o\u00a0v\u00fdchove a\u00a0vzdel\u00e1van\u00ed (\u0161kolsk\u00fd z\u00e1kon) a\u00a0o\u00a0zmene a\u00a0doplnen\u00ed niektor\u00fdch z\u00e1konov typom samostatn\u00e9ho druhu strednej \u0161koly, ktor\u00fd poskytuje komplexn\u00e9 umeleck\u00e9 a umelecko-pedagogick\u00e9 vzdelanie v osemro\u010dnom s\u00favislom vzdel\u00e1vacom programe v \u0161tudijnom odbore 8227 Q tanec a\u00a0jeho zameraniach. Pripravuje \u017eiakov na profesion\u00e1lne umeleck\u00e9 uplatnenie a na vyu\u010dovanie umeleck\u00fdch a odborn\u00fdch [&hellip;]<\/p>\n","protected":false},"author":1,"featured_media":0,"parent":25,"menu_order":0,"comment_status":"closed","ping_status":"closed","template":"","meta":{"site-sidebar-layout":"default","site-content-layout":"default","ast-site-content-layout":"default","site-content-style":"default","site-sidebar-style":"default","ast-global-header-display":"","ast-banner-title-visibility":"","ast-main-header-display":"","ast-hfb-above-header-display":"","ast-hfb-below-header-display":"","ast-hfb-mobile-header-display":"","site-post-title":"disabled","ast-breadcrumbs-content":"","ast-featured-img":"","footer-sml-layout":"","ast-disable-related-posts":"","theme-transparent-header-meta":"default","adv-header-id-meta":"","stick-header-meta":"default","header-above-stick-meta":"","header-main-stick-meta":"","header-below-stick-meta":"","astra-migrate-meta-layouts":"set","ast-page-background-enabled":"default","ast-page-background-meta":{"desktop":{"background-color":"var(--ast-global-color-4)","background-image":"","background-repeat":"repeat","background-position":"center center","background-size":"auto","background-attachment":"scroll","background-type":"","background-media":"","overlay-type":"","overlay-color":"","overlay-opacity":"","overlay-gradient":""},"tablet":{"background-color":"","background-image":"","background-repeat":"repeat","background-position":"center center","background-size":"auto","background-attachment":"scroll","background-type":"","background-media":"","overlay-type":"","overlay-color":"","overlay-opacity":"","overlay-gradient":""},"mobile":{"background-color":"","background-image":"","background-repeat":"repeat","background-position":"center center","background-size":"auto","background-attachment":"scroll","background-type":"","background-media":"","overlay-type":"","overlay-color":"","overlay-opacity":"","overlay-gradient":""}},"ast-content-background-meta":{"desktop":{"background-color":"var(--ast-global-color-5)","background-image":"","background-repeat":"repeat","background-position":"center center","background-size":"auto","background-attachment":"scroll","background-type":"","background-media":"","overlay-type":"","overlay-color":"","overlay-opacity":"","overlay-gradient":""},"tablet":{"background-color":"var(--ast-global-color-5)","background-image":"","background-repeat":"repeat","background-position":"center center","background-size":"auto","background-attachment":"scroll","background-type":"","background-media":"","overlay-type":"","overlay-color":"","overlay-opacity":"","overlay-gradient":""},"mobile":{"background-color":"var(--ast-global-color-5)","background-image":"","background-repeat":"repeat","background-position":"center center","background-size":"auto","background-attachment":"scroll","background-type":"","background-media":"","overlay-type":"","overlay-color":"","overlay-opacity":"","overlay-gradient":""}},"footnotes":""},"class_list":["post-29","page","type-page","status-publish","hentry"],"yoast_head":"<!-- This site is optimized with the Yoast SEO plugin v27.5 - https:\/\/yoast.com\/product\/yoast-seo-wordpress\/ -->\n<title>Tane\u010dn\u00e9 konzervat\u00f3rium - \u0160IOV - \u0161t\u00e1tny in\u0161tit\u00fat odborn\u00e9ho vzdel\u00e1vania<\/title>\n<meta name=\"robots\" content=\"index, follow, max-snippet:-1, max-image-preview:large, max-video-preview:-1\" \/>\n<link rel=\"canonical\" href=\"https:\/\/archiv.siov.sk\/en\/vzdelavanie\/konzervatorium\/tanecne-konzervatorium\/\" \/>\n<meta property=\"og:locale\" content=\"en_GB\" \/>\n<meta property=\"og:type\" content=\"article\" \/>\n<meta property=\"og:title\" content=\"Tane\u010dn\u00e9 konzervat\u00f3rium - \u0160IOV - \u0161t\u00e1tny in\u0161tit\u00fat odborn\u00e9ho vzdel\u00e1vania\" \/>\n<meta property=\"og:description\" content=\"Tane\u010dn\u00e9 konzervat\u00f3rium Tane\u010dn\u00e9 konzervat\u00f3rium\u00a0je zo z\u00e1kona \u010d. 245\/2008 Z. z. o\u00a0v\u00fdchove a\u00a0vzdel\u00e1van\u00ed (\u0161kolsk\u00fd z\u00e1kon) a\u00a0o\u00a0zmene a\u00a0doplnen\u00ed niektor\u00fdch z\u00e1konov typom samostatn\u00e9ho druhu strednej \u0161koly, ktor\u00fd poskytuje komplexn\u00e9 umeleck\u00e9 a umelecko-pedagogick\u00e9 vzdelanie v osemro\u010dnom s\u00favislom vzdel\u00e1vacom programe v \u0161tudijnom odbore 8227 Q tanec a\u00a0jeho zameraniach. Pripravuje \u017eiakov na profesion\u00e1lne umeleck\u00e9 uplatnenie a na vyu\u010dovanie umeleck\u00fdch a odborn\u00fdch [&hellip;]\" \/>\n<meta property=\"og:url\" content=\"https:\/\/archiv.siov.sk\/en\/vzdelavanie\/konzervatorium\/tanecne-konzervatorium\/\" \/>\n<meta property=\"og:site_name\" content=\"\u0160IOV - \u0161t\u00e1tny in\u0161tit\u00fat odborn\u00e9ho vzdel\u00e1vania\" \/>\n<meta property=\"article:publisher\" content=\"https:\/\/www.facebook.com\/Statnyinstitutodbornehovzdelavania\" \/>\n<meta property=\"article:modified_time\" content=\"2025-07-22T11:20:47+00:00\" \/>\n<meta property=\"og:image\" content=\"https:\/\/archiv.siov.sk\/wp-content\/uploads\/2025\/07\/QR-kod-Tanecne-konzervatorium.png\" \/>\n<meta name=\"twitter:card\" content=\"summary_large_image\" \/>\n<meta name=\"twitter:label1\" content=\"Estimated reading time\" \/>\n\t<meta name=\"twitter:data1\" content=\"11 minutes\" \/>\n<script type=\"application\/ld+json\" class=\"yoast-schema-graph\">{\"@context\":\"https:\\\/\\\/schema.org\",\"@graph\":[{\"@type\":\"WebPage\",\"@id\":\"https:\\\/\\\/archiv.siov.sk\\\/en\\\/vzdelavanie\\\/konzervatorium\\\/tanecne-konzervatorium\\\/\",\"url\":\"https:\\\/\\\/archiv.siov.sk\\\/en\\\/vzdelavanie\\\/konzervatorium\\\/tanecne-konzervatorium\\\/\",\"name\":\"Tane\u010dn\u00e9 konzervat\u00f3rium - \u0160IOV - \u0161t\u00e1tny in\u0161tit\u00fat odborn\u00e9ho vzdel\u00e1vania\",\"isPartOf\":{\"@id\":\"https:\\\/\\\/archiv.siov.sk\\\/#website\"},\"primaryImageOfPage\":{\"@id\":\"https:\\\/\\\/archiv.siov.sk\\\/en\\\/vzdelavanie\\\/konzervatorium\\\/tanecne-konzervatorium\\\/#primaryimage\"},\"image\":{\"@id\":\"https:\\\/\\\/archiv.siov.sk\\\/en\\\/vzdelavanie\\\/konzervatorium\\\/tanecne-konzervatorium\\\/#primaryimage\"},\"thumbnailUrl\":\"https:\\\/\\\/archiv.siov.sk\\\/wp-content\\\/uploads\\\/2025\\\/07\\\/QR-kod-Tanecne-konzervatorium.png\",\"datePublished\":\"2019-01-25T08:51:10+00:00\",\"dateModified\":\"2025-07-22T11:20:47+00:00\",\"breadcrumb\":{\"@id\":\"https:\\\/\\\/archiv.siov.sk\\\/en\\\/vzdelavanie\\\/konzervatorium\\\/tanecne-konzervatorium\\\/#breadcrumb\"},\"inLanguage\":\"en-GB\",\"potentialAction\":[{\"@type\":\"ReadAction\",\"target\":[\"https:\\\/\\\/archiv.siov.sk\\\/en\\\/vzdelavanie\\\/konzervatorium\\\/tanecne-konzervatorium\\\/\"]}]},{\"@type\":\"ImageObject\",\"inLanguage\":\"en-GB\",\"@id\":\"https:\\\/\\\/archiv.siov.sk\\\/en\\\/vzdelavanie\\\/konzervatorium\\\/tanecne-konzervatorium\\\/#primaryimage\",\"url\":\"https:\\\/\\\/archiv.siov.sk\\\/wp-content\\\/uploads\\\/2025\\\/07\\\/QR-kod-Tanecne-konzervatorium.png\",\"contentUrl\":\"https:\\\/\\\/archiv.siov.sk\\\/wp-content\\\/uploads\\\/2025\\\/07\\\/QR-kod-Tanecne-konzervatorium.png\"},{\"@type\":\"BreadcrumbList\",\"@id\":\"https:\\\/\\\/archiv.siov.sk\\\/en\\\/vzdelavanie\\\/konzervatorium\\\/tanecne-konzervatorium\\\/#breadcrumb\",\"itemListElement\":[{\"@type\":\"ListItem\",\"position\":1,\"name\":\"Home\",\"item\":\"https:\\\/\\\/archiv.siov.sk\\\/\"},{\"@type\":\"ListItem\",\"position\":2,\"name\":\"Vzdel\u00e1vanie\",\"item\":\"https:\\\/\\\/archiv.siov.sk\\\/vzdelavanie\\\/\"},{\"@type\":\"ListItem\",\"position\":3,\"name\":\"Konzervat\u00f3rium\",\"item\":\"https:\\\/\\\/archiv.siov.sk\\\/vzdelavanie\\\/konzervatorium\\\/\"},{\"@type\":\"ListItem\",\"position\":4,\"name\":\"Tane\u010dn\u00e9 konzervat\u00f3rium\"}]},{\"@type\":\"WebSite\",\"@id\":\"https:\\\/\\\/archiv.siov.sk\\\/#website\",\"url\":\"https:\\\/\\\/archiv.siov.sk\\\/\",\"name\":\"\u0160IOV - \u0161t\u00e1tny in\u0161tit\u00fat odborn\u00e9ho vzdel\u00e1vania\",\"description\":\"\",\"publisher\":{\"@id\":\"https:\\\/\\\/archiv.siov.sk\\\/#organization\"},\"potentialAction\":[{\"@type\":\"SearchAction\",\"target\":{\"@type\":\"EntryPoint\",\"urlTemplate\":\"https:\\\/\\\/archiv.siov.sk\\\/?s={search_term_string}\"},\"query-input\":{\"@type\":\"PropertyValueSpecification\",\"valueRequired\":true,\"valueName\":\"search_term_string\"}}],\"inLanguage\":\"en-GB\"},{\"@type\":\"Organization\",\"@id\":\"https:\\\/\\\/archiv.siov.sk\\\/#organization\",\"name\":\"\u0160IOV - \u0161t\u00e1tny in\u0161tit\u00fat odborn\u00e9ho vzdel\u00e1vania\",\"url\":\"https:\\\/\\\/archiv.siov.sk\\\/\",\"logo\":{\"@type\":\"ImageObject\",\"inLanguage\":\"en-GB\",\"@id\":\"https:\\\/\\\/archiv.siov.sk\\\/#\\\/schema\\\/logo\\\/image\\\/\",\"url\":\"https:\\\/\\\/archiv.siov.sk\\\/wp-content\\\/uploads\\\/2024\\\/02\\\/logo-SIOV.png\",\"contentUrl\":\"https:\\\/\\\/archiv.siov.sk\\\/wp-content\\\/uploads\\\/2024\\\/02\\\/logo-SIOV.png\",\"width\":431,\"height\":143,\"caption\":\"\u0160IOV - \u0161t\u00e1tny in\u0161tit\u00fat odborn\u00e9ho vzdel\u00e1vania\"},\"image\":{\"@id\":\"https:\\\/\\\/archiv.siov.sk\\\/#\\\/schema\\\/logo\\\/image\\\/\"},\"sameAs\":[\"https:\\\/\\\/www.facebook.com\\\/Statnyinstitutodbornehovzdelavania\"]}]}<\/script>\n<!-- \/ Yoast SEO plugin. -->","yoast_head_json":{"title":"Tane\u010dn\u00e9 konzervat\u00f3rium - \u0160IOV - \u0161t\u00e1tny in\u0161tit\u00fat odborn\u00e9ho vzdel\u00e1vania","robots":{"index":"index","follow":"follow","max-snippet":"max-snippet:-1","max-image-preview":"max-image-preview:large","max-video-preview":"max-video-preview:-1"},"canonical":"https:\/\/archiv.siov.sk\/en\/vzdelavanie\/konzervatorium\/tanecne-konzervatorium\/","og_locale":"en_GB","og_type":"article","og_title":"Tane\u010dn\u00e9 konzervat\u00f3rium - \u0160IOV - \u0161t\u00e1tny in\u0161tit\u00fat odborn\u00e9ho vzdel\u00e1vania","og_description":"Tane\u010dn\u00e9 konzervat\u00f3rium Tane\u010dn\u00e9 konzervat\u00f3rium\u00a0je zo z\u00e1kona \u010d. 245\/2008 Z. z. o\u00a0v\u00fdchove a\u00a0vzdel\u00e1van\u00ed (\u0161kolsk\u00fd z\u00e1kon) a\u00a0o\u00a0zmene a\u00a0doplnen\u00ed niektor\u00fdch z\u00e1konov typom samostatn\u00e9ho druhu strednej \u0161koly, ktor\u00fd poskytuje komplexn\u00e9 umeleck\u00e9 a umelecko-pedagogick\u00e9 vzdelanie v osemro\u010dnom s\u00favislom vzdel\u00e1vacom programe v \u0161tudijnom odbore 8227 Q tanec a\u00a0jeho zameraniach. Pripravuje \u017eiakov na profesion\u00e1lne umeleck\u00e9 uplatnenie a na vyu\u010dovanie umeleck\u00fdch a odborn\u00fdch [&hellip;]","og_url":"https:\/\/archiv.siov.sk\/en\/vzdelavanie\/konzervatorium\/tanecne-konzervatorium\/","og_site_name":"\u0160IOV - \u0161t\u00e1tny in\u0161tit\u00fat odborn\u00e9ho vzdel\u00e1vania","article_publisher":"https:\/\/www.facebook.com\/Statnyinstitutodbornehovzdelavania","article_modified_time":"2025-07-22T11:20:47+00:00","og_image":[{"url":"https:\/\/archiv.siov.sk\/wp-content\/uploads\/2025\/07\/QR-kod-Tanecne-konzervatorium.png","type":"","width":"","height":""}],"twitter_card":"summary_large_image","twitter_misc":{"Estimated reading time":"11 minutes"},"schema":{"@context":"https:\/\/schema.org","@graph":[{"@type":"WebPage","@id":"https:\/\/archiv.siov.sk\/en\/vzdelavanie\/konzervatorium\/tanecne-konzervatorium\/","url":"https:\/\/archiv.siov.sk\/en\/vzdelavanie\/konzervatorium\/tanecne-konzervatorium\/","name":"Tane\u010dn\u00e9 konzervat\u00f3rium - \u0160IOV - \u0161t\u00e1tny in\u0161tit\u00fat odborn\u00e9ho vzdel\u00e1vania","isPartOf":{"@id":"https:\/\/archiv.siov.sk\/#website"},"primaryImageOfPage":{"@id":"https:\/\/archiv.siov.sk\/en\/vzdelavanie\/konzervatorium\/tanecne-konzervatorium\/#primaryimage"},"image":{"@id":"https:\/\/archiv.siov.sk\/en\/vzdelavanie\/konzervatorium\/tanecne-konzervatorium\/#primaryimage"},"thumbnailUrl":"https:\/\/archiv.siov.sk\/wp-content\/uploads\/2025\/07\/QR-kod-Tanecne-konzervatorium.png","datePublished":"2019-01-25T08:51:10+00:00","dateModified":"2025-07-22T11:20:47+00:00","breadcrumb":{"@id":"https:\/\/archiv.siov.sk\/en\/vzdelavanie\/konzervatorium\/tanecne-konzervatorium\/#breadcrumb"},"inLanguage":"en-GB","potentialAction":[{"@type":"ReadAction","target":["https:\/\/archiv.siov.sk\/en\/vzdelavanie\/konzervatorium\/tanecne-konzervatorium\/"]}]},{"@type":"ImageObject","inLanguage":"en-GB","@id":"https:\/\/archiv.siov.sk\/en\/vzdelavanie\/konzervatorium\/tanecne-konzervatorium\/#primaryimage","url":"https:\/\/archiv.siov.sk\/wp-content\/uploads\/2025\/07\/QR-kod-Tanecne-konzervatorium.png","contentUrl":"https:\/\/archiv.siov.sk\/wp-content\/uploads\/2025\/07\/QR-kod-Tanecne-konzervatorium.png"},{"@type":"BreadcrumbList","@id":"https:\/\/archiv.siov.sk\/en\/vzdelavanie\/konzervatorium\/tanecne-konzervatorium\/#breadcrumb","itemListElement":[{"@type":"ListItem","position":1,"name":"Home","item":"https:\/\/archiv.siov.sk\/"},{"@type":"ListItem","position":2,"name":"Vzdel\u00e1vanie","item":"https:\/\/archiv.siov.sk\/vzdelavanie\/"},{"@type":"ListItem","position":3,"name":"Konzervat\u00f3rium","item":"https:\/\/archiv.siov.sk\/vzdelavanie\/konzervatorium\/"},{"@type":"ListItem","position":4,"name":"Tane\u010dn\u00e9 konzervat\u00f3rium"}]},{"@type":"WebSite","@id":"https:\/\/archiv.siov.sk\/#website","url":"https:\/\/archiv.siov.sk\/","name":"\u0160IOV - \u0161t\u00e1tny in\u0161tit\u00fat odborn\u00e9ho vzdel\u00e1vania","description":"","publisher":{"@id":"https:\/\/archiv.siov.sk\/#organization"},"potentialAction":[{"@type":"SearchAction","target":{"@type":"EntryPoint","urlTemplate":"https:\/\/archiv.siov.sk\/?s={search_term_string}"},"query-input":{"@type":"PropertyValueSpecification","valueRequired":true,"valueName":"search_term_string"}}],"inLanguage":"en-GB"},{"@type":"Organization","@id":"https:\/\/archiv.siov.sk\/#organization","name":"\u0160IOV - \u0161t\u00e1tny in\u0161tit\u00fat odborn\u00e9ho vzdel\u00e1vania","url":"https:\/\/archiv.siov.sk\/","logo":{"@type":"ImageObject","inLanguage":"en-GB","@id":"https:\/\/archiv.siov.sk\/#\/schema\/logo\/image\/","url":"https:\/\/archiv.siov.sk\/wp-content\/uploads\/2024\/02\/logo-SIOV.png","contentUrl":"https:\/\/archiv.siov.sk\/wp-content\/uploads\/2024\/02\/logo-SIOV.png","width":431,"height":143,"caption":"\u0160IOV - \u0161t\u00e1tny in\u0161tit\u00fat odborn\u00e9ho vzdel\u00e1vania"},"image":{"@id":"https:\/\/archiv.siov.sk\/#\/schema\/logo\/image\/"},"sameAs":["https:\/\/www.facebook.com\/Statnyinstitutodbornehovzdelavania"]}]}},"_links":{"self":[{"href":"https:\/\/archiv.siov.sk\/en\/wp-json\/wp\/v2\/pages\/29","targetHints":{"allow":["GET"]}}],"collection":[{"href":"https:\/\/archiv.siov.sk\/en\/wp-json\/wp\/v2\/pages"}],"about":[{"href":"https:\/\/archiv.siov.sk\/en\/wp-json\/wp\/v2\/types\/page"}],"author":[{"embeddable":true,"href":"https:\/\/archiv.siov.sk\/en\/wp-json\/wp\/v2\/users\/1"}],"replies":[{"embeddable":true,"href":"https:\/\/archiv.siov.sk\/en\/wp-json\/wp\/v2\/comments?post=29"}],"version-history":[{"count":13,"href":"https:\/\/archiv.siov.sk\/en\/wp-json\/wp\/v2\/pages\/29\/revisions"}],"predecessor-version":[{"id":19963,"href":"https:\/\/archiv.siov.sk\/en\/wp-json\/wp\/v2\/pages\/29\/revisions\/19963"}],"up":[{"embeddable":true,"href":"https:\/\/archiv.siov.sk\/en\/wp-json\/wp\/v2\/pages\/25"}],"wp:attachment":[{"href":"https:\/\/archiv.siov.sk\/en\/wp-json\/wp\/v2\/media?parent=29"}],"curies":[{"name":"wp","href":"https:\/\/api.w.org\/{rel}","templated":true}]}}