{"id":20405,"date":"2025-08-20T14:09:39","date_gmt":"2025-08-20T12:09:39","guid":{"rendered":"https:\/\/archiv.siov.sk\/?page_id=20405"},"modified":"2025-10-23T15:13:53","modified_gmt":"2025-10-23T13:13:53","slug":"festival-zrucnosti","status":"publish","type":"page","link":"https:\/\/archiv.siov.sk\/en\/festival-zrucnosti\/","title":{"rendered":"Festival zru\u010dnost\u00ed"},"content":{"rendered":"<div data-elementor-type=\"wp-page\" data-elementor-id=\"20405\" class=\"elementor elementor-20405\" data-elementor-post-type=\"page\">\n\t\t\t\t\t\t<section class=\"elementor-section elementor-top-section elementor-element elementor-element-e3d8453 elementor-section-boxed elementor-section-height-default elementor-section-height-default\" data-id=\"e3d8453\" data-element_type=\"section\" data-e-type=\"section\">\n\t\t\t\t\t\t<div class=\"elementor-container elementor-column-gap-default\">\n\t\t\t\t\t<div class=\"elementor-column elementor-col-100 elementor-top-column elementor-element elementor-element-31b8ba4\" data-id=\"31b8ba4\" data-element_type=\"column\" data-e-type=\"column\">\n\t\t\t<div class=\"elementor-widget-wrap elementor-element-populated\">\n\t\t\t\t\t\t<div class=\"elementor-element elementor-element-f865125 elementor-widget-divider--view-line elementor-widget elementor-widget-divider\" data-id=\"f865125\" data-element_type=\"widget\" data-e-type=\"widget\" data-widget_type=\"divider.default\">\n\t\t\t\t<div class=\"elementor-widget-container\">\n\t\t\t\t\t\t\t<div class=\"elementor-divider\">\n\t\t\t<span class=\"elementor-divider-separator\">\n\t\t\t\t\t\t<\/span>\n\t\t<\/div>\n\t\t\t\t\t\t<\/div>\n\t\t\t\t<\/div>\n\t\t\t\t<div class=\"elementor-element elementor-element-4744151 elementor-widget elementor-widget-heading\" data-id=\"4744151\" data-element_type=\"widget\" data-e-type=\"widget\" data-widget_type=\"heading.default\">\n\t\t\t\t<div class=\"elementor-widget-container\">\n\t\t\t\t\t<h2 class=\"elementor-heading-title elementor-size-default\">Festival zru\u010dnost\u00ed<\/h2>\t\t\t\t<\/div>\n\t\t\t\t<\/div>\n\t\t\t\t<div class=\"elementor-element elementor-element-da3fb29 elementor-widget-divider--view-line elementor-widget elementor-widget-divider\" data-id=\"da3fb29\" data-element_type=\"widget\" data-e-type=\"widget\" data-widget_type=\"divider.default\">\n\t\t\t\t<div class=\"elementor-widget-container\">\n\t\t\t\t\t\t\t<div class=\"elementor-divider\">\n\t\t\t<span class=\"elementor-divider-separator\">\n\t\t\t\t\t\t<\/span>\n\t\t<\/div>\n\t\t\t\t\t\t<\/div>\n\t\t\t\t<\/div>\n\t\t\t\t\t<\/div>\n\t\t<\/div>\n\t\t\t\t\t<\/div>\n\t\t<\/section>\n\t\t<div class=\"elementor-element elementor-element-a67fe92 e-flex e-con-boxed e-con e-parent\" data-id=\"a67fe92\" data-element_type=\"container\" data-e-type=\"container\">\n\t\t\t\t\t<div class=\"e-con-inner\">\n\t\t\t\t<div class=\"elementor-element elementor-element-7e4e3eb elementor-widget elementor-widget-image\" data-id=\"7e4e3eb\" data-element_type=\"widget\" data-e-type=\"widget\" data-widget_type=\"image.default\">\n\t\t\t\t<div class=\"elementor-widget-container\">\n\t\t\t\t\t\t\t\t\t\t\t\t\t\t\t<img fetchpriority=\"high\" decoding=\"async\" width=\"1024\" height=\"731\" src=\"https:\/\/archiv.siov.sk\/wp-content\/uploads\/2025\/09\/Podujatia-FZ_2025-min-1024x731.png\" class=\"attachment-large size-large wp-image-20747\" alt=\"\" srcset=\"https:\/\/archiv.siov.sk\/wp-content\/uploads\/2025\/09\/Podujatia-FZ_2025-min-1024x731.png 1024w, https:\/\/archiv.siov.sk\/wp-content\/uploads\/2025\/09\/Podujatia-FZ_2025-min-300x214.png 300w, https:\/\/archiv.siov.sk\/wp-content\/uploads\/2025\/09\/Podujatia-FZ_2025-min-768x549.png 768w, https:\/\/archiv.siov.sk\/wp-content\/uploads\/2025\/09\/Podujatia-FZ_2025-min-1536x1097.png 1536w\" sizes=\"(max-width: 1024px) 100vw, 1024px\" \/>\t\t\t\t\t\t\t\t\t\t\t\t\t\t\t<\/div>\n\t\t\t\t<\/div>\n\t\t\t\t\t<\/div>\n\t\t\t\t<\/div>\n\t\t<div class=\"elementor-element elementor-element-7a06ad4 e-flex e-con-boxed e-con e-parent\" data-id=\"7a06ad4\" data-element_type=\"container\" data-e-type=\"container\">\n\t\t\t\t\t<div class=\"e-con-inner\">\n\t\t\t\t<div class=\"elementor-element elementor-element-65593a1 elementor-widget elementor-widget-text-editor\" data-id=\"65593a1\" data-element_type=\"widget\" data-e-type=\"widget\" data-widget_type=\"text-editor.default\">\n\t\t\t\t<div class=\"elementor-widget-container\">\n\t\t\t\t\t\t\t\t\t<p>Festival zru\u010dnost\u00ed je celoslovensk\u00e9 podujatie, ktor\u00e9 prin\u00e1\u0161a pestr\u00fd program zameran\u00fd na <strong>podporu celo\u017eivotn\u00e9ho u\u010denia a rozvoj zru\u010dnost\u00ed<\/strong>. Po\u010das jedn\u00e9ho t\u00fd\u017ed\u0148a sa konaj\u00fa r\u00f4zne konferencie, semin\u00e1re, workshopy a interakt\u00edvne aktivity, do ktor\u00fdch sa zap\u00e1jaj\u00fa \u0161koly, vzdel\u00e1vacie in\u0161tit\u00facie, zamestn\u00e1vatelia aj odborn\u00edci z praxe.<\/p><p>Cie\u013eom festivalu je in\u0161pirova\u0165 \u013eud\u00ed v ka\u017edom veku k u\u010deniu, objavovaniu nov\u00fdch mo\u017enost\u00ed a zlep\u0161ovaniu svojich schopnost\u00ed, \u010di u\u017e ide o \u0161tudentov, pedag\u00f3gov, zamestnancov alebo \u013eud\u00ed, ktor\u00ed sa chc\u00fa rozv\u00edja\u0165.<\/p><p>N\u00e1v\u0161tevn\u00edci sa m\u00f4\u017eu te\u0161i\u0165 na aktu\u00e1lne a atrakt\u00edvne t\u00e9my, stretnutia s\u00a0odborn\u00edkmi a pr\u00edle\u017eitos\u0165 nadviaza\u0165 nov\u00e9 kontakty.<\/p><p>Festival zru\u010dnost\u00ed organizuje \u0160t\u00e1tny in\u0161tit\u00fat odborn\u00e9ho vzdel\u00e1vania ako N\u00e1rodn\u00e9 centrum Europass Slovensko v spolupr\u00e1ci s\u00a0Ministerstvom \u0161kolstva, v\u00fdskumu, v\u00fdvoja a\u00a0ml\u00e1de\u017ee a\u00a0\u010fal\u0161\u00edmi partnermi.<\/p><p><strong>3. ro\u010dn\u00edk Festivalu zru\u010dnost\u00ed<\/strong> sa uskuto\u010dn\u00ed od <strong>22. do 26. septembra 2025<\/strong> po celom Slovensku. Po\u010das tohto t\u00fd\u017ed\u0148a v\u00e1s \u010dak\u00e1 bohat\u00fd program pln\u00fd in\u0161pir\u00e1cie a praktick\u00fdch tipov, ktor\u00fd oslov\u00ed tak \u0161tudentov ako aj pedag\u00f3gov a odborn\u00edkov z praxe.<\/p>\t\t\t\t\t\t\t\t<\/div>\n\t\t\t\t<\/div>\n\t\t\t\t\t<\/div>\n\t\t\t\t<\/div>\n\t\t<div class=\"elementor-element elementor-element-62cc318 e-flex e-con-boxed e-con e-parent\" data-id=\"62cc318\" data-element_type=\"container\" data-e-type=\"container\">\n\t\t\t\t\t<div class=\"e-con-inner\">\n\t\t\t\t<div class=\"elementor-element elementor-element-94f399b elementor-widget elementor-widget-heading\" data-id=\"94f399b\" data-element_type=\"widget\" data-e-type=\"widget\" data-widget_type=\"heading.default\">\n\t\t\t\t<div class=\"elementor-widget-container\">\n\t\t\t\t\t<h2 class=\"elementor-heading-title elementor-size-default\">22. SEPTEMBER - KONFERENCIA AKO SLOVENSKO PODPORUJE ROZVOJ ZRU\u010cNOST\u00cd<\/h2>\t\t\t\t<\/div>\n\t\t\t\t<\/div>\n\t\t\t\t\t<\/div>\n\t\t\t\t<\/div>\n\t\t<div class=\"elementor-element elementor-element-37e1b54 e-flex e-con-boxed e-con e-parent\" data-id=\"37e1b54\" data-element_type=\"container\" data-e-type=\"container\">\n\t\t\t\t\t<div class=\"e-con-inner\">\n\t\t<div class=\"elementor-element elementor-element-335a15e e-con-full e-flex e-con e-child\" data-id=\"335a15e\" data-element_type=\"container\" data-e-type=\"container\">\n\t\t\t\t<div class=\"elementor-element elementor-element-a682fe8 elementor-widget elementor-widget-image\" data-id=\"a682fe8\" data-element_type=\"widget\" data-e-type=\"widget\" data-widget_type=\"image.default\">\n\t\t\t\t<div class=\"elementor-widget-container\">\n\t\t\t\t\t\t\t\t\t\t\t\t\t\t\t<img decoding=\"async\" width=\"1024\" height=\"724\" src=\"https:\/\/archiv.siov.sk\/wp-content\/uploads\/2025\/08\/Pozvanka-na-podujatie-pre-odbornikov-vo-vzdelavani_pondelok_FZ_2025-min-1024x724.png\" class=\"elementor-animation-float attachment-large size-large wp-image-20433\" alt=\"\" srcset=\"https:\/\/archiv.siov.sk\/wp-content\/uploads\/2025\/08\/Pozvanka-na-podujatie-pre-odbornikov-vo-vzdelavani_pondelok_FZ_2025-min-1024x724.png 1024w, https:\/\/archiv.siov.sk\/wp-content\/uploads\/2025\/08\/Pozvanka-na-podujatie-pre-odbornikov-vo-vzdelavani_pondelok_FZ_2025-min-300x212.png 300w, https:\/\/archiv.siov.sk\/wp-content\/uploads\/2025\/08\/Pozvanka-na-podujatie-pre-odbornikov-vo-vzdelavani_pondelok_FZ_2025-min-768x543.png 768w, https:\/\/archiv.siov.sk\/wp-content\/uploads\/2025\/08\/Pozvanka-na-podujatie-pre-odbornikov-vo-vzdelavani_pondelok_FZ_2025-min-1536x1086.png 1536w\" sizes=\"(max-width: 1024px) 100vw, 1024px\" \/>\t\t\t\t\t\t\t\t\t\t\t\t\t\t\t<\/div>\n\t\t\t\t<\/div>\n\t\t\t\t<\/div>\n\t\t<div class=\"elementor-element elementor-element-25d23b0 e-con-full e-flex e-con e-child\" data-id=\"25d23b0\" data-element_type=\"container\" data-e-type=\"container\">\n\t\t\t\t<div class=\"elementor-element elementor-element-8095fe2 elementor-align-center elementor-widget elementor-widget-button\" data-id=\"8095fe2\" data-element_type=\"widget\" data-e-type=\"widget\" data-widget_type=\"button.default\">\n\t\t\t\t<div class=\"elementor-widget-container\">\n\t\t\t\t\t\t\t\t\t<div class=\"elementor-button-wrapper\">\n\t\t\t\t\t<a class=\"elementor-button elementor-button-link elementor-size-sm\" href=\"https:\/\/siov.sk\/konferencia-fotogaleria-22-09-2025\/\" target=\"_blank\">\n\t\t\t\t\t\t<span class=\"elementor-button-content-wrapper\">\n\t\t\t\t\t\t\t\t\t<span class=\"elementor-button-text\">FOTOGAL\u00c9RIA<\/span>\n\t\t\t\t\t<\/span>\n\t\t\t\t\t<\/a>\n\t\t\t\t<\/div>\n\t\t\t\t\t\t\t\t<\/div>\n\t\t\t\t<\/div>\n\t\t\t\t<div class=\"elementor-element elementor-element-dae176f elementor-align-center elementor-widget elementor-widget-button\" data-id=\"dae176f\" data-element_type=\"widget\" data-e-type=\"widget\" data-widget_type=\"button.default\">\n\t\t\t\t<div class=\"elementor-widget-container\">\n\t\t\t\t\t\t\t\t\t<div class=\"elementor-button-wrapper\">\n\t\t\t\t\t<a class=\"elementor-button elementor-button-link elementor-size-sm\" href=\"https:\/\/siov.sk\/prezentacie-speakrov-pondelok\/\" target=\"_blank\">\n\t\t\t\t\t\t<span class=\"elementor-button-content-wrapper\">\n\t\t\t\t\t\t\t\t\t<span class=\"elementor-button-text\">PREZENT\u00c1CIE<\/span>\n\t\t\t\t\t<\/span>\n\t\t\t\t\t<\/a>\n\t\t\t\t<\/div>\n\t\t\t\t\t\t\t\t<\/div>\n\t\t\t\t<\/div>\n\t\t\t\t<\/div>\n\t\t\t\t\t<\/div>\n\t\t\t\t<\/div>\n\t\t<div class=\"elementor-element elementor-element-bc2e7b8 e-flex e-con-boxed e-con e-parent\" data-id=\"bc2e7b8\" data-element_type=\"container\" data-e-type=\"container\">\n\t\t\t\t\t<div class=\"e-con-inner\">\n\t\t\t\t<div class=\"elementor-element elementor-element-7f76181 elementor-widget elementor-widget-heading\" data-id=\"7f76181\" data-element_type=\"widget\" data-e-type=\"widget\" data-widget_type=\"heading.default\">\n\t\t\t\t<div class=\"elementor-widget-container\">\n\t\t\t\t\t<h2 class=\"elementor-heading-title elementor-size-default\">23. SEPTEMBER - AKAD\u00c9MIA TALENTOV A TRH REMESIEL<\/h2>\t\t\t\t<\/div>\n\t\t\t\t<\/div>\n\t\t\t\t\t<\/div>\n\t\t\t\t<\/div>\n\t\t<div class=\"elementor-element elementor-element-0b33ad2 e-flex e-con-boxed e-con e-parent\" data-id=\"0b33ad2\" data-element_type=\"container\" data-e-type=\"container\">\n\t\t\t\t\t<div class=\"e-con-inner\">\n\t\t<div class=\"elementor-element elementor-element-83a2aee e-con-full e-flex e-con e-child\" data-id=\"83a2aee\" data-element_type=\"container\" data-e-type=\"container\">\n\t\t\t\t<div class=\"elementor-element elementor-element-038df99 elementor-widget elementor-widget-image\" data-id=\"038df99\" data-element_type=\"widget\" data-e-type=\"widget\" data-widget_type=\"image.default\">\n\t\t\t\t<div class=\"elementor-widget-container\">\n\t\t\t\t\t\t\t\t\t\t\t\t\t\t\t<img decoding=\"async\" width=\"1024\" height=\"724\" src=\"https:\/\/archiv.siov.sk\/wp-content\/uploads\/2025\/08\/Pozvanka-na-Akademiu-talentov-a-Trh-remesiel_utorok_FZ_2025-min-1024x724.png\" class=\"elementor-animation-float attachment-large size-large wp-image-20502\" alt=\"\" srcset=\"https:\/\/archiv.siov.sk\/wp-content\/uploads\/2025\/08\/Pozvanka-na-Akademiu-talentov-a-Trh-remesiel_utorok_FZ_2025-min-1024x724.png 1024w, https:\/\/archiv.siov.sk\/wp-content\/uploads\/2025\/08\/Pozvanka-na-Akademiu-talentov-a-Trh-remesiel_utorok_FZ_2025-min-300x212.png 300w, https:\/\/archiv.siov.sk\/wp-content\/uploads\/2025\/08\/Pozvanka-na-Akademiu-talentov-a-Trh-remesiel_utorok_FZ_2025-min-768x543.png 768w, https:\/\/archiv.siov.sk\/wp-content\/uploads\/2025\/08\/Pozvanka-na-Akademiu-talentov-a-Trh-remesiel_utorok_FZ_2025-min-1536x1086.png 1536w\" sizes=\"(max-width: 1024px) 100vw, 1024px\" \/>\t\t\t\t\t\t\t\t\t\t\t\t\t\t\t<\/div>\n\t\t\t\t<\/div>\n\t\t\t\t<div class=\"elementor-element elementor-element-d3883ca elementor-align-center elementor-widget elementor-widget-button\" data-id=\"d3883ca\" data-element_type=\"widget\" data-e-type=\"widget\" data-widget_type=\"button.default\">\n\t\t\t\t<div class=\"elementor-widget-container\">\n\t\t\t\t\t\t\t\t\t<div class=\"elementor-button-wrapper\">\n\t\t\t\t\t<a class=\"elementor-button elementor-button-link elementor-size-sm\" href=\"https:\/\/siov.sk\/trh-remesiel-fotogaleria\/\" target=\"_blank\">\n\t\t\t\t\t\t<span class=\"elementor-button-content-wrapper\">\n\t\t\t\t\t\t\t\t\t<span class=\"elementor-button-text\">FOTOGAL\u00c9RIA -  TRHU REMESIEL<\/span>\n\t\t\t\t\t<\/span>\n\t\t\t\t\t<\/a>\n\t\t\t\t<\/div>\n\t\t\t\t\t\t\t\t<\/div>\n\t\t\t\t<\/div>\n\t\t\t\t<div class=\"elementor-element elementor-element-2a490ed elementor-align-center elementor-widget elementor-widget-button\" data-id=\"2a490ed\" data-element_type=\"widget\" data-e-type=\"widget\" data-widget_type=\"button.default\">\n\t\t\t\t<div class=\"elementor-widget-container\">\n\t\t\t\t\t\t\t\t\t<div class=\"elementor-button-wrapper\">\n\t\t\t\t\t<a class=\"elementor-button elementor-button-link elementor-size-sm\" href=\"https:\/\/siov.sk\/akademia-talentov-fotogaleria\/\" target=\"_blank\">\n\t\t\t\t\t\t<span class=\"elementor-button-content-wrapper\">\n\t\t\t\t\t\t\t\t\t<span class=\"elementor-button-text\">FOTOGAL\u00c9RIA -  AKAD\u00c9MIE TALENTOV<\/span>\n\t\t\t\t\t<\/span>\n\t\t\t\t\t<\/a>\n\t\t\t\t<\/div>\n\t\t\t\t\t\t\t\t<\/div>\n\t\t\t\t<\/div>\n\t\t\t\t<\/div>\n\t\t<div class=\"elementor-element elementor-element-b67aabf e-con-full e-flex e-con e-child\" data-id=\"b67aabf\" data-element_type=\"container\" data-e-type=\"container\">\n\t\t\t\t<div class=\"elementor-element elementor-element-3521cf0 elementor-widget elementor-widget-video\" data-id=\"3521cf0\" data-element_type=\"widget\" data-e-type=\"widget\" data-settings=\"{&quot;youtube_url&quot;:&quot;https:\\\/\\\/www.youtube.com\\\/watch?v=_3FYburJhIw&quot;,&quot;video_type&quot;:&quot;youtube&quot;,&quot;controls&quot;:&quot;yes&quot;}\" data-widget_type=\"video.default\">\n\t\t\t\t<div class=\"elementor-widget-container\">\n\t\t\t\t\t\t\t<div class=\"elementor-wrapper elementor-open-inline\">\n\t\t\t<div class=\"elementor-video\"><\/div>\t\t<\/div>\n\t\t\t\t\t\t<\/div>\n\t\t\t\t<\/div>\n\t\t\t\t<div class=\"elementor-element elementor-element-985c870 elementor-widget elementor-widget-video\" data-id=\"985c870\" data-element_type=\"widget\" data-e-type=\"widget\" data-settings=\"{&quot;youtube_url&quot;:&quot;https:\\\/\\\/www.youtube.com\\\/watch?v=Wm73OAkIIRM&quot;,&quot;video_type&quot;:&quot;youtube&quot;,&quot;controls&quot;:&quot;yes&quot;}\" data-widget_type=\"video.default\">\n\t\t\t\t<div class=\"elementor-widget-container\">\n\t\t\t\t\t\t\t<div class=\"elementor-wrapper elementor-open-inline\">\n\t\t\t<div class=\"elementor-video\"><\/div>\t\t<\/div>\n\t\t\t\t\t\t<\/div>\n\t\t\t\t<\/div>\n\t\t\t\t<\/div>\n\t\t\t\t\t<\/div>\n\t\t\t\t<\/div>\n\t\t<div class=\"elementor-element elementor-element-14dbfe3 e-flex e-con-boxed e-con e-parent\" data-id=\"14dbfe3\" data-element_type=\"container\" data-e-type=\"container\">\n\t\t\t\t\t<div class=\"e-con-inner\">\n\t\t\t\t<div class=\"elementor-element elementor-element-5379bdf elementor-widget elementor-widget-heading\" data-id=\"5379bdf\" data-element_type=\"widget\" data-e-type=\"widget\" data-widget_type=\"heading.default\">\n\t\t\t\t<div class=\"elementor-widget-container\">\n\t\t\t\t\t<h2 class=\"elementor-heading-title elementor-size-default\">24. SEPTEMBER -  KONFERENCIA ZABEZPE\u010cOVANIE KVALITY VO VZDEL\u00c1VAN\u00cd: OD STRAT\u00c9GI\u00cd K PRAXI<\/h2>\t\t\t\t<\/div>\n\t\t\t\t<\/div>\n\t\t\t\t\t<\/div>\n\t\t\t\t<\/div>\n\t\t<div class=\"elementor-element elementor-element-a116d34 e-flex e-con-boxed e-con e-parent\" data-id=\"a116d34\" data-element_type=\"container\" data-e-type=\"container\">\n\t\t\t\t\t<div class=\"e-con-inner\">\n\t\t<div class=\"elementor-element elementor-element-24b477a e-con-full e-flex e-con e-child\" data-id=\"24b477a\" data-element_type=\"container\" data-e-type=\"container\">\n\t\t\t\t<div class=\"elementor-element elementor-element-b76d9c6 elementor-widget elementor-widget-image\" data-id=\"b76d9c6\" data-element_type=\"widget\" data-e-type=\"widget\" data-widget_type=\"image.default\">\n\t\t\t\t<div class=\"elementor-widget-container\">\n\t\t\t\t\t\t\t\t\t\t\t\t\t\t\t<img loading=\"lazy\" decoding=\"async\" width=\"1024\" height=\"724\" src=\"https:\/\/archiv.siov.sk\/wp-content\/uploads\/2025\/09\/4.-Pozvanka-na-konferenciu-o-kvalite-vo-vzdelavani_FZ_2025-3-1024x724.png\" class=\"elementor-animation-float attachment-large size-large wp-image-20729\" alt=\"\" srcset=\"https:\/\/archiv.siov.sk\/wp-content\/uploads\/2025\/09\/4.-Pozvanka-na-konferenciu-o-kvalite-vo-vzdelavani_FZ_2025-3-1024x724.png 1024w, https:\/\/archiv.siov.sk\/wp-content\/uploads\/2025\/09\/4.-Pozvanka-na-konferenciu-o-kvalite-vo-vzdelavani_FZ_2025-3-300x212.png 300w, https:\/\/archiv.siov.sk\/wp-content\/uploads\/2025\/09\/4.-Pozvanka-na-konferenciu-o-kvalite-vo-vzdelavani_FZ_2025-3-768x543.png 768w, https:\/\/archiv.siov.sk\/wp-content\/uploads\/2025\/09\/4.-Pozvanka-na-konferenciu-o-kvalite-vo-vzdelavani_FZ_2025-3-1536x1086.png 1536w\" sizes=\"(max-width: 1024px) 100vw, 1024px\" \/>\t\t\t\t\t\t\t\t\t\t\t\t\t\t\t<\/div>\n\t\t\t\t<\/div>\n\t\t\t\t<\/div>\n\t\t<div class=\"elementor-element elementor-element-62ad41e e-con-full e-flex e-con e-child\" data-id=\"62ad41e\" data-element_type=\"container\" data-e-type=\"container\">\n\t\t\t\t<div class=\"elementor-element elementor-element-43aa1b0 elementor-align-center elementor-widget elementor-widget-button\" data-id=\"43aa1b0\" data-element_type=\"widget\" data-e-type=\"widget\" data-widget_type=\"button.default\">\n\t\t\t\t<div class=\"elementor-widget-container\">\n\t\t\t\t\t\t\t\t\t<div class=\"elementor-button-wrapper\">\n\t\t\t\t\t<a class=\"elementor-button elementor-button-link elementor-size-sm\" href=\"https:\/\/siov.sk\/konferencia-fotogaleria-24-09-2025\/\" target=\"_blank\">\n\t\t\t\t\t\t<span class=\"elementor-button-content-wrapper\">\n\t\t\t\t\t\t\t\t\t<span class=\"elementor-button-text\">FOTOGAL\u00c9RIA<\/span>\n\t\t\t\t\t<\/span>\n\t\t\t\t\t<\/a>\n\t\t\t\t<\/div>\n\t\t\t\t\t\t\t\t<\/div>\n\t\t\t\t<\/div>\n\t\t\t\t<div class=\"elementor-element elementor-element-3ab00ba elementor-align-center elementor-widget elementor-widget-button\" data-id=\"3ab00ba\" data-element_type=\"widget\" data-e-type=\"widget\" data-widget_type=\"button.default\">\n\t\t\t\t<div class=\"elementor-widget-container\">\n\t\t\t\t\t\t\t\t\t<div class=\"elementor-button-wrapper\">\n\t\t\t\t\t<a class=\"elementor-button elementor-size-sm\" role=\"button\">\n\t\t\t\t\t\t<span class=\"elementor-button-content-wrapper\">\n\t\t\t\t\t\t\t\t\t<span class=\"elementor-button-text\">PREZENT\u00c1CIE<\/span>\n\t\t\t\t\t<\/span>\n\t\t\t\t\t<\/a>\n\t\t\t\t<\/div>\n\t\t\t\t\t\t\t\t<\/div>\n\t\t\t\t<\/div>\n\t\t\t\t<\/div>\n\t\t\t\t\t<\/div>\n\t\t\t\t<\/div>\n\t\t<div class=\"elementor-element elementor-element-5d2f2aa e-flex e-con-boxed e-con e-parent\" data-id=\"5d2f2aa\" data-element_type=\"container\" data-e-type=\"container\">\n\t\t\t\t\t<div class=\"e-con-inner\">\n\t\t\t\t<div class=\"elementor-element elementor-element-fa34b86 elementor-widget elementor-widget-heading\" data-id=\"fa34b86\" data-element_type=\"widget\" data-e-type=\"widget\" data-widget_type=\"heading.default\">\n\t\t\t\t<div class=\"elementor-widget-container\">\n\t\t\t\t\t<h2 class=\"elementor-heading-title elementor-size-default\">25. SEPTEMBER -  PREZENT\u00c1CIA ZRU\u010cNOST\u00cd PRE VEREJNOS\u0164<\/h2>\t\t\t\t<\/div>\n\t\t\t\t<\/div>\n\t\t\t\t\t<\/div>\n\t\t\t\t<\/div>\n\t\t<div class=\"elementor-element elementor-element-9dc7750 e-flex e-con-boxed e-con e-parent\" data-id=\"9dc7750\" data-element_type=\"container\" data-e-type=\"container\">\n\t\t\t\t\t<div class=\"e-con-inner\">\n\t\t<div class=\"elementor-element elementor-element-92c71f2 e-con-full e-flex e-con e-child\" data-id=\"92c71f2\" data-element_type=\"container\" data-e-type=\"container\">\n\t\t\t\t<div class=\"elementor-element elementor-element-968d153 elementor-widget elementor-widget-image\" data-id=\"968d153\" data-element_type=\"widget\" data-e-type=\"widget\" data-widget_type=\"image.default\">\n\t\t\t\t<div class=\"elementor-widget-container\">\n\t\t\t\t\t\t\t\t\t\t\t\t\t\t\t<img loading=\"lazy\" decoding=\"async\" width=\"1024\" height=\"724\" src=\"https:\/\/archiv.siov.sk\/wp-content\/uploads\/2025\/09\/Pozvanka-pre-verejnost-na-Prezentaciu-zrucnosti_stvrtok_FZ_2025-min-1024x724.png\" class=\"elementor-animation-float attachment-large size-large wp-image-20628\" alt=\"\" srcset=\"https:\/\/archiv.siov.sk\/wp-content\/uploads\/2025\/09\/Pozvanka-pre-verejnost-na-Prezentaciu-zrucnosti_stvrtok_FZ_2025-min-1024x724.png 1024w, https:\/\/archiv.siov.sk\/wp-content\/uploads\/2025\/09\/Pozvanka-pre-verejnost-na-Prezentaciu-zrucnosti_stvrtok_FZ_2025-min-300x212.png 300w, https:\/\/archiv.siov.sk\/wp-content\/uploads\/2025\/09\/Pozvanka-pre-verejnost-na-Prezentaciu-zrucnosti_stvrtok_FZ_2025-min-768x543.png 768w, https:\/\/archiv.siov.sk\/wp-content\/uploads\/2025\/09\/Pozvanka-pre-verejnost-na-Prezentaciu-zrucnosti_stvrtok_FZ_2025-min-1536x1086.png 1536w\" sizes=\"(max-width: 1024px) 100vw, 1024px\" \/>\t\t\t\t\t\t\t\t\t\t\t\t\t\t\t<\/div>\n\t\t\t\t<\/div>\n\t\t\t\t<\/div>\n\t\t<div class=\"elementor-element elementor-element-626ffcc e-con-full e-flex e-con e-child\" data-id=\"626ffcc\" data-element_type=\"container\" data-e-type=\"container\">\n\t\t\t\t<div class=\"elementor-element elementor-element-e508520 elementor-align-center elementor-widget elementor-widget-button\" data-id=\"e508520\" data-element_type=\"widget\" data-e-type=\"widget\" data-widget_type=\"button.default\">\n\t\t\t\t<div class=\"elementor-widget-container\">\n\t\t\t\t\t\t\t\t\t<div class=\"elementor-button-wrapper\">\n\t\t\t\t\t<a class=\"elementor-button elementor-button-link elementor-size-sm\" href=\"https:\/\/siov.sk\/prezentacia-zrucnosti-25-09-2025\/\" target=\"_blank\">\n\t\t\t\t\t\t<span class=\"elementor-button-content-wrapper\">\n\t\t\t\t\t\t\t\t\t<span class=\"elementor-button-text\">FOTOGAL\u00c9RIA<\/span>\n\t\t\t\t\t<\/span>\n\t\t\t\t\t<\/a>\n\t\t\t\t<\/div>\n\t\t\t\t\t\t\t\t<\/div>\n\t\t\t\t<\/div>\n\t\t\t\t<\/div>\n\t\t\t\t\t<\/div>\n\t\t\t\t<\/div>\n\t\t<div class=\"elementor-element elementor-element-4de5811 e-flex e-con-boxed e-con e-parent\" data-id=\"4de5811\" data-element_type=\"container\" data-e-type=\"container\">\n\t\t\t\t\t<div class=\"e-con-inner\">\n\t\t\t\t<div class=\"elementor-element elementor-element-d24074b elementor-widget elementor-widget-heading\" data-id=\"d24074b\" data-element_type=\"widget\" data-e-type=\"widget\" data-widget_type=\"heading.default\">\n\t\t\t\t<div class=\"elementor-widget-container\">\n\t\t\t\t\t<h2 class=\"elementor-heading-title elementor-size-default\">22. - 26. SEPTEMBER - VZDEL\u00c1VACIE AKTIVITY - ZAMERAN\u00c9 NA ROZVOJ ZRU\u010cNOST\u00cd<\/h2>\t\t\t\t<\/div>\n\t\t\t\t<\/div>\n\t\t\t\t\t<\/div>\n\t\t\t\t<\/div>\n\t\t<div class=\"elementor-element elementor-element-d9c3ea0 e-flex e-con-boxed e-con e-parent\" data-id=\"d9c3ea0\" data-element_type=\"container\" data-e-type=\"container\">\n\t\t\t\t\t<div class=\"e-con-inner\">\n\t\t<div class=\"elementor-element elementor-element-baade08 e-con-full e-flex e-con e-child\" data-id=\"baade08\" data-element_type=\"container\" data-e-type=\"container\">\n\t\t\t\t<div class=\"elementor-element elementor-element-d9b44c4 elementor-widget elementor-widget-image\" data-id=\"d9b44c4\" data-element_type=\"widget\" data-e-type=\"widget\" data-widget_type=\"image.default\">\n\t\t\t\t<div class=\"elementor-widget-container\">\n\t\t\t\t\t\t\t\t\t\t\t\t\t\t\t<img loading=\"lazy\" decoding=\"async\" width=\"1024\" height=\"724\" src=\"https:\/\/archiv.siov.sk\/wp-content\/uploads\/2025\/09\/Pozvanka-pre-vzdelavacie-organizacie_FZ_2025-1024x724.png\" class=\"elementor-animation-float attachment-large size-large wp-image-20651\" alt=\"\" srcset=\"https:\/\/archiv.siov.sk\/wp-content\/uploads\/2025\/09\/Pozvanka-pre-vzdelavacie-organizacie_FZ_2025-1024x724.png 1024w, https:\/\/archiv.siov.sk\/wp-content\/uploads\/2025\/09\/Pozvanka-pre-vzdelavacie-organizacie_FZ_2025-300x212.png 300w, https:\/\/archiv.siov.sk\/wp-content\/uploads\/2025\/09\/Pozvanka-pre-vzdelavacie-organizacie_FZ_2025-768x543.png 768w\" sizes=\"(max-width: 1024px) 100vw, 1024px\" \/>\t\t\t\t\t\t\t\t\t\t\t\t\t\t\t<\/div>\n\t\t\t\t<\/div>\n\t\t\t\t<\/div>\n\t\t<div class=\"elementor-element elementor-element-039e55c e-con-full e-flex e-con e-child\" data-id=\"039e55c\" data-element_type=\"container\" data-e-type=\"container\">\n\t\t\t\t<\/div>\n\t\t\t\t\t<\/div>\n\t\t\t\t<\/div>\n\t\t\t\t<\/div>","protected":false},"excerpt":{"rendered":"<p>Festival zru\u010dnost\u00ed Festival zru\u010dnost\u00ed je celoslovensk\u00e9 podujatie, ktor\u00e9 prin\u00e1\u0161a pestr\u00fd program zameran\u00fd na podporu celo\u017eivotn\u00e9ho u\u010denia a rozvoj zru\u010dnost\u00ed. Po\u010das jedn\u00e9ho t\u00fd\u017ed\u0148a sa konaj\u00fa r\u00f4zne konferencie, semin\u00e1re, workshopy a interakt\u00edvne aktivity, do ktor\u00fdch sa zap\u00e1jaj\u00fa \u0161koly, vzdel\u00e1vacie in\u0161tit\u00facie, zamestn\u00e1vatelia aj odborn\u00edci z praxe. Cie\u013eom festivalu je in\u0161pirova\u0165 \u013eud\u00ed v ka\u017edom veku k u\u010deniu, objavovaniu nov\u00fdch [&hellip;]<\/p>\n","protected":false},"author":4,"featured_media":0,"parent":0,"menu_order":0,"comment_status":"closed","ping_status":"closed","template":"","meta":{"site-sidebar-layout":"no-sidebar","site-content-layout":"page-builder","ast-site-content-layout":"full-width-container","site-content-style":"default","site-sidebar-style":"default","ast-global-header-display":"","ast-banner-title-visibility":"","ast-main-header-display":"","ast-hfb-above-header-display":"","ast-hfb-below-header-display":"","ast-hfb-mobile-header-display":"","site-post-title":"disabled","ast-breadcrumbs-content":"","ast-featured-img":"","footer-sml-layout":"","ast-disable-related-posts":"","theme-transparent-header-meta":"default","adv-header-id-meta":"","stick-header-meta":"default","header-above-stick-meta":"","header-main-stick-meta":"","header-below-stick-meta":"","astra-migrate-meta-layouts":"set","ast-page-background-enabled":"default","ast-page-background-meta":{"desktop":{"background-color":"var(--ast-global-color-4)","background-image":"","background-repeat":"repeat","background-position":"center center","background-size":"auto","background-attachment":"scroll","background-type":"","background-media":"","overlay-type":"","overlay-color":"","overlay-opacity":"","overlay-gradient":""},"tablet":{"background-color":"","background-image":"","background-repeat":"repeat","background-position":"center center","background-size":"auto","background-attachment":"scroll","background-type":"","background-media":"","overlay-type":"","overlay-color":"","overlay-opacity":"","overlay-gradient":""},"mobile":{"background-color":"","background-image":"","background-repeat":"repeat","background-position":"center center","background-size":"auto","background-attachment":"scroll","background-type":"","background-media":"","overlay-type":"","overlay-color":"","overlay-opacity":"","overlay-gradient":""}},"ast-content-background-meta":{"desktop":{"background-color":"var(--ast-global-color-5)","background-image":"","background-repeat":"repeat","background-position":"center center","background-size":"auto","background-attachment":"scroll","background-type":"","background-media":"","overlay-type":"","overlay-color":"","overlay-opacity":"","overlay-gradient":""},"tablet":{"background-color":"var(--ast-global-color-5)","background-image":"","background-repeat":"repeat","background-position":"center center","background-size":"auto","background-attachment":"scroll","background-type":"","background-media":"","overlay-type":"","overlay-color":"","overlay-opacity":"","overlay-gradient":""},"mobile":{"background-color":"var(--ast-global-color-5)","background-image":"","background-repeat":"repeat","background-position":"center center","background-size":"auto","background-attachment":"scroll","background-type":"","background-media":"","overlay-type":"","overlay-color":"","overlay-opacity":"","overlay-gradient":""}},"footnotes":""},"class_list":["post-20405","page","type-page","status-publish","hentry"],"yoast_head":"<!-- This site is optimized with the Yoast SEO plugin v27.5 - https:\/\/yoast.com\/product\/yoast-seo-wordpress\/ -->\n<title>Festival zru\u010dnost\u00ed - \u0160IOV - \u0161t\u00e1tny in\u0161tit\u00fat odborn\u00e9ho vzdel\u00e1vania<\/title>\n<meta name=\"description\" content=\"Festival zru\u010dnost\u00ed je celoslovensk\u00e9 podujatie, ktor\u00e9 prin\u00e1\u0161a pestr\u00fd program zameran\u00fd na podporu celo\u017eivotn\u00e9ho u\u010denia a rozvoj zru\u010dnost\u00ed....\" \/>\n<meta name=\"robots\" content=\"index, follow, max-snippet:-1, max-image-preview:large, max-video-preview:-1\" \/>\n<link rel=\"canonical\" href=\"https:\/\/archiv.siov.sk\/en\/festival-zrucnosti\/\" \/>\n<meta property=\"og:locale\" content=\"en_GB\" \/>\n<meta property=\"og:type\" content=\"article\" \/>\n<meta property=\"og:title\" content=\"Festival zru\u010dnost\u00ed - \u0160IOV - \u0161t\u00e1tny in\u0161tit\u00fat odborn\u00e9ho vzdel\u00e1vania\" \/>\n<meta property=\"og:description\" content=\"Festival zru\u010dnost\u00ed je celoslovensk\u00e9 podujatie, ktor\u00e9 prin\u00e1\u0161a pestr\u00fd program zameran\u00fd na podporu celo\u017eivotn\u00e9ho u\u010denia a rozvoj zru\u010dnost\u00ed....\" \/>\n<meta property=\"og:url\" content=\"https:\/\/archiv.siov.sk\/en\/festival-zrucnosti\/\" \/>\n<meta property=\"og:site_name\" content=\"\u0160IOV - \u0161t\u00e1tny in\u0161tit\u00fat odborn\u00e9ho vzdel\u00e1vania\" \/>\n<meta property=\"article:publisher\" content=\"https:\/\/www.facebook.com\/Statnyinstitutodbornehovzdelavania\" \/>\n<meta property=\"article:modified_time\" content=\"2025-10-23T13:13:53+00:00\" \/>\n<meta property=\"og:image\" content=\"https:\/\/archiv.siov.sk\/wp-content\/uploads\/2025\/09\/Podujatia-FZ_2025-min-1024x731.png\" \/>\n<meta name=\"twitter:card\" content=\"summary_large_image\" \/>\n<meta name=\"twitter:label1\" content=\"Estimated reading time\" \/>\n\t<meta name=\"twitter:data1\" content=\"3 minutes\" \/>\n<script type=\"application\/ld+json\" class=\"yoast-schema-graph\">{\"@context\":\"https:\\\/\\\/schema.org\",\"@graph\":[{\"@type\":\"WebPage\",\"@id\":\"https:\\\/\\\/archiv.siov.sk\\\/festival-zrucnosti\\\/\",\"url\":\"https:\\\/\\\/archiv.siov.sk\\\/festival-zrucnosti\\\/\",\"name\":\"Festival zru\u010dnost\u00ed - \u0160IOV - \u0161t\u00e1tny in\u0161tit\u00fat odborn\u00e9ho vzdel\u00e1vania\",\"isPartOf\":{\"@id\":\"https:\\\/\\\/archiv.siov.sk\\\/#website\"},\"primaryImageOfPage\":{\"@id\":\"https:\\\/\\\/archiv.siov.sk\\\/festival-zrucnosti\\\/#primaryimage\"},\"image\":{\"@id\":\"https:\\\/\\\/archiv.siov.sk\\\/festival-zrucnosti\\\/#primaryimage\"},\"thumbnailUrl\":\"https:\\\/\\\/archiv.siov.sk\\\/wp-content\\\/uploads\\\/2025\\\/09\\\/Podujatia-FZ_2025-min-1024x731.png\",\"datePublished\":\"2025-08-20T12:09:39+00:00\",\"dateModified\":\"2025-10-23T13:13:53+00:00\",\"description\":\"Festival zru\u010dnost\u00ed je celoslovensk\u00e9 podujatie, ktor\u00e9 prin\u00e1\u0161a pestr\u00fd program zameran\u00fd na podporu celo\u017eivotn\u00e9ho u\u010denia a rozvoj zru\u010dnost\u00ed....\",\"breadcrumb\":{\"@id\":\"https:\\\/\\\/archiv.siov.sk\\\/festival-zrucnosti\\\/#breadcrumb\"},\"inLanguage\":\"en-GB\",\"potentialAction\":[{\"@type\":\"ReadAction\",\"target\":[\"https:\\\/\\\/archiv.siov.sk\\\/festival-zrucnosti\\\/\"]}]},{\"@type\":\"ImageObject\",\"inLanguage\":\"en-GB\",\"@id\":\"https:\\\/\\\/archiv.siov.sk\\\/festival-zrucnosti\\\/#primaryimage\",\"url\":\"https:\\\/\\\/archiv.siov.sk\\\/wp-content\\\/uploads\\\/2025\\\/09\\\/Podujatia-FZ_2025-min-1024x731.png\",\"contentUrl\":\"https:\\\/\\\/archiv.siov.sk\\\/wp-content\\\/uploads\\\/2025\\\/09\\\/Podujatia-FZ_2025-min-1024x731.png\"},{\"@type\":\"BreadcrumbList\",\"@id\":\"https:\\\/\\\/archiv.siov.sk\\\/festival-zrucnosti\\\/#breadcrumb\",\"itemListElement\":[{\"@type\":\"ListItem\",\"position\":1,\"name\":\"Home\",\"item\":\"https:\\\/\\\/archiv.siov.sk\\\/\"},{\"@type\":\"ListItem\",\"position\":2,\"name\":\"Festival zru\u010dnost\u00ed\"}]},{\"@type\":\"WebSite\",\"@id\":\"https:\\\/\\\/archiv.siov.sk\\\/#website\",\"url\":\"https:\\\/\\\/archiv.siov.sk\\\/\",\"name\":\"\u0160IOV - \u0161t\u00e1tny in\u0161tit\u00fat odborn\u00e9ho vzdel\u00e1vania\",\"description\":\"\",\"publisher\":{\"@id\":\"https:\\\/\\\/archiv.siov.sk\\\/#organization\"},\"potentialAction\":[{\"@type\":\"SearchAction\",\"target\":{\"@type\":\"EntryPoint\",\"urlTemplate\":\"https:\\\/\\\/archiv.siov.sk\\\/?s={search_term_string}\"},\"query-input\":{\"@type\":\"PropertyValueSpecification\",\"valueRequired\":true,\"valueName\":\"search_term_string\"}}],\"inLanguage\":\"en-GB\"},{\"@type\":\"Organization\",\"@id\":\"https:\\\/\\\/archiv.siov.sk\\\/#organization\",\"name\":\"\u0160IOV - \u0161t\u00e1tny in\u0161tit\u00fat odborn\u00e9ho vzdel\u00e1vania\",\"url\":\"https:\\\/\\\/archiv.siov.sk\\\/\",\"logo\":{\"@type\":\"ImageObject\",\"inLanguage\":\"en-GB\",\"@id\":\"https:\\\/\\\/archiv.siov.sk\\\/#\\\/schema\\\/logo\\\/image\\\/\",\"url\":\"https:\\\/\\\/archiv.siov.sk\\\/wp-content\\\/uploads\\\/2024\\\/02\\\/logo-SIOV.png\",\"contentUrl\":\"https:\\\/\\\/archiv.siov.sk\\\/wp-content\\\/uploads\\\/2024\\\/02\\\/logo-SIOV.png\",\"width\":431,\"height\":143,\"caption\":\"\u0160IOV - \u0161t\u00e1tny in\u0161tit\u00fat odborn\u00e9ho vzdel\u00e1vania\"},\"image\":{\"@id\":\"https:\\\/\\\/archiv.siov.sk\\\/#\\\/schema\\\/logo\\\/image\\\/\"},\"sameAs\":[\"https:\\\/\\\/www.facebook.com\\\/Statnyinstitutodbornehovzdelavania\"]}]}<\/script>\n<!-- \/ Yoast SEO plugin. -->","yoast_head_json":{"title":"Festival zru\u010dnost\u00ed - \u0160IOV - \u0161t\u00e1tny in\u0161tit\u00fat odborn\u00e9ho vzdel\u00e1vania","description":"Festival zru\u010dnost\u00ed je celoslovensk\u00e9 podujatie, ktor\u00e9 prin\u00e1\u0161a pestr\u00fd program zameran\u00fd na podporu celo\u017eivotn\u00e9ho u\u010denia a rozvoj zru\u010dnost\u00ed....","robots":{"index":"index","follow":"follow","max-snippet":"max-snippet:-1","max-image-preview":"max-image-preview:large","max-video-preview":"max-video-preview:-1"},"canonical":"https:\/\/archiv.siov.sk\/en\/festival-zrucnosti\/","og_locale":"en_GB","og_type":"article","og_title":"Festival zru\u010dnost\u00ed - \u0160IOV - \u0161t\u00e1tny in\u0161tit\u00fat odborn\u00e9ho vzdel\u00e1vania","og_description":"Festival zru\u010dnost\u00ed je celoslovensk\u00e9 podujatie, ktor\u00e9 prin\u00e1\u0161a pestr\u00fd program zameran\u00fd na podporu celo\u017eivotn\u00e9ho u\u010denia a rozvoj zru\u010dnost\u00ed....","og_url":"https:\/\/archiv.siov.sk\/en\/festival-zrucnosti\/","og_site_name":"\u0160IOV - \u0161t\u00e1tny in\u0161tit\u00fat odborn\u00e9ho vzdel\u00e1vania","article_publisher":"https:\/\/www.facebook.com\/Statnyinstitutodbornehovzdelavania","article_modified_time":"2025-10-23T13:13:53+00:00","og_image":[{"url":"https:\/\/archiv.siov.sk\/wp-content\/uploads\/2025\/09\/Podujatia-FZ_2025-min-1024x731.png","type":"","width":"","height":""}],"twitter_card":"summary_large_image","twitter_misc":{"Estimated reading time":"3 minutes"},"schema":{"@context":"https:\/\/schema.org","@graph":[{"@type":"WebPage","@id":"https:\/\/archiv.siov.sk\/festival-zrucnosti\/","url":"https:\/\/archiv.siov.sk\/festival-zrucnosti\/","name":"Festival zru\u010dnost\u00ed - \u0160IOV - \u0161t\u00e1tny in\u0161tit\u00fat odborn\u00e9ho vzdel\u00e1vania","isPartOf":{"@id":"https:\/\/archiv.siov.sk\/#website"},"primaryImageOfPage":{"@id":"https:\/\/archiv.siov.sk\/festival-zrucnosti\/#primaryimage"},"image":{"@id":"https:\/\/archiv.siov.sk\/festival-zrucnosti\/#primaryimage"},"thumbnailUrl":"https:\/\/archiv.siov.sk\/wp-content\/uploads\/2025\/09\/Podujatia-FZ_2025-min-1024x731.png","datePublished":"2025-08-20T12:09:39+00:00","dateModified":"2025-10-23T13:13:53+00:00","description":"Festival zru\u010dnost\u00ed je celoslovensk\u00e9 podujatie, ktor\u00e9 prin\u00e1\u0161a pestr\u00fd program zameran\u00fd na podporu celo\u017eivotn\u00e9ho u\u010denia a rozvoj zru\u010dnost\u00ed....","breadcrumb":{"@id":"https:\/\/archiv.siov.sk\/festival-zrucnosti\/#breadcrumb"},"inLanguage":"en-GB","potentialAction":[{"@type":"ReadAction","target":["https:\/\/archiv.siov.sk\/festival-zrucnosti\/"]}]},{"@type":"ImageObject","inLanguage":"en-GB","@id":"https:\/\/archiv.siov.sk\/festival-zrucnosti\/#primaryimage","url":"https:\/\/archiv.siov.sk\/wp-content\/uploads\/2025\/09\/Podujatia-FZ_2025-min-1024x731.png","contentUrl":"https:\/\/archiv.siov.sk\/wp-content\/uploads\/2025\/09\/Podujatia-FZ_2025-min-1024x731.png"},{"@type":"BreadcrumbList","@id":"https:\/\/archiv.siov.sk\/festival-zrucnosti\/#breadcrumb","itemListElement":[{"@type":"ListItem","position":1,"name":"Home","item":"https:\/\/archiv.siov.sk\/"},{"@type":"ListItem","position":2,"name":"Festival zru\u010dnost\u00ed"}]},{"@type":"WebSite","@id":"https:\/\/archiv.siov.sk\/#website","url":"https:\/\/archiv.siov.sk\/","name":"\u0160IOV - \u0161t\u00e1tny in\u0161tit\u00fat odborn\u00e9ho vzdel\u00e1vania","description":"","publisher":{"@id":"https:\/\/archiv.siov.sk\/#organization"},"potentialAction":[{"@type":"SearchAction","target":{"@type":"EntryPoint","urlTemplate":"https:\/\/archiv.siov.sk\/?s={search_term_string}"},"query-input":{"@type":"PropertyValueSpecification","valueRequired":true,"valueName":"search_term_string"}}],"inLanguage":"en-GB"},{"@type":"Organization","@id":"https:\/\/archiv.siov.sk\/#organization","name":"\u0160IOV - \u0161t\u00e1tny in\u0161tit\u00fat odborn\u00e9ho vzdel\u00e1vania","url":"https:\/\/archiv.siov.sk\/","logo":{"@type":"ImageObject","inLanguage":"en-GB","@id":"https:\/\/archiv.siov.sk\/#\/schema\/logo\/image\/","url":"https:\/\/archiv.siov.sk\/wp-content\/uploads\/2024\/02\/logo-SIOV.png","contentUrl":"https:\/\/archiv.siov.sk\/wp-content\/uploads\/2024\/02\/logo-SIOV.png","width":431,"height":143,"caption":"\u0160IOV - \u0161t\u00e1tny in\u0161tit\u00fat odborn\u00e9ho vzdel\u00e1vania"},"image":{"@id":"https:\/\/archiv.siov.sk\/#\/schema\/logo\/image\/"},"sameAs":["https:\/\/www.facebook.com\/Statnyinstitutodbornehovzdelavania"]}]}},"_links":{"self":[{"href":"https:\/\/archiv.siov.sk\/en\/wp-json\/wp\/v2\/pages\/20405","targetHints":{"allow":["GET"]}}],"collection":[{"href":"https:\/\/archiv.siov.sk\/en\/wp-json\/wp\/v2\/pages"}],"about":[{"href":"https:\/\/archiv.siov.sk\/en\/wp-json\/wp\/v2\/types\/page"}],"author":[{"embeddable":true,"href":"https:\/\/archiv.siov.sk\/en\/wp-json\/wp\/v2\/users\/4"}],"replies":[{"embeddable":true,"href":"https:\/\/archiv.siov.sk\/en\/wp-json\/wp\/v2\/comments?post=20405"}],"version-history":[{"count":113,"href":"https:\/\/archiv.siov.sk\/en\/wp-json\/wp\/v2\/pages\/20405\/revisions"}],"predecessor-version":[{"id":21605,"href":"https:\/\/archiv.siov.sk\/en\/wp-json\/wp\/v2\/pages\/20405\/revisions\/21605"}],"wp:attachment":[{"href":"https:\/\/archiv.siov.sk\/en\/wp-json\/wp\/v2\/media?parent=20405"}],"curies":[{"name":"wp","href":"https:\/\/api.w.org\/{rel}","templated":true}]}}