{"id":1866,"date":"2019-02-12T15:58:03","date_gmt":"2019-02-12T14:58:03","guid":{"rendered":"http:\/\/archiv.siov.sk\/?page_id=1866"},"modified":"2024-08-15T13:31:42","modified_gmt":"2024-08-15T11:31:42","slug":"sutaze-a-sutazne-kriteria-19-medzinarodneho-veltrhu-cvicnych-firiem-v-bratislave","status":"publish","type":"page","link":"https:\/\/archiv.siov.sk\/en\/sutaze\/sutaze-a-sutazne-kriteria-19-medzinarodneho-veltrhu-cvicnych-firiem-v-bratislave\/","title":{"rendered":"S\u00fa\u0165a\u017ee a s\u00fa\u0165a\u017en\u00e9 krit\u00e9ri\u00e1 19. Medzin\u00e1rodn\u00e9ho Ve\u013etrhu Cvi\u010dn\u00fdch Firiem v Bratislave"},"content":{"rendered":"<div data-elementor-type=\"wp-page\" data-elementor-id=\"1866\" class=\"elementor elementor-1866\" data-elementor-post-type=\"page\">\n\t\t\t\t\t\t<section class=\"elementor-section elementor-top-section elementor-element elementor-element-08e1105 elementor-section-boxed elementor-section-height-default elementor-section-height-default\" data-id=\"08e1105\" data-element_type=\"section\" data-e-type=\"section\">\n\t\t\t\t\t\t<div class=\"elementor-container elementor-column-gap-default\">\n\t\t\t\t\t<div class=\"elementor-column elementor-col-100 elementor-top-column elementor-element elementor-element-fdbdb50\" data-id=\"fdbdb50\" data-element_type=\"column\" data-e-type=\"column\">\n\t\t\t<div class=\"elementor-widget-wrap elementor-element-populated\">\n\t\t\t\t\t\t<div class=\"elementor-element elementor-element-6860553 elementor-widget-divider--view-line elementor-widget elementor-widget-divider\" data-id=\"6860553\" data-element_type=\"widget\" data-e-type=\"widget\" data-widget_type=\"divider.default\">\n\t\t\t\t<div class=\"elementor-widget-container\">\n\t\t\t\t\t\t\t<div class=\"elementor-divider\">\n\t\t\t<span class=\"elementor-divider-separator\">\n\t\t\t\t\t\t<\/span>\n\t\t<\/div>\n\t\t\t\t\t\t<\/div>\n\t\t\t\t<\/div>\n\t\t\t\t<div class=\"elementor-element elementor-element-24e6eb6 elementor-widget elementor-widget-heading\" data-id=\"24e6eb6\" data-element_type=\"widget\" data-e-type=\"widget\" data-widget_type=\"heading.default\">\n\t\t\t\t<div class=\"elementor-widget-container\">\n\t\t\t\t\t<h2 class=\"elementor-heading-title elementor-size-default\"><br>Competitions of training companies<\/h2>\t\t\t\t<\/div>\n\t\t\t\t<\/div>\n\t\t\t\t\t<\/div>\n\t\t<\/div>\n\t\t\t\t\t<\/div>\n\t\t<\/section>\n\t\t\t\t<section class=\"elementor-section elementor-top-section elementor-element elementor-element-6d53f5ad elementor-section-boxed elementor-section-height-default elementor-section-height-default\" data-id=\"6d53f5ad\" data-element_type=\"section\" data-e-type=\"section\">\n\t\t\t\t\t\t<div class=\"elementor-container elementor-column-gap-default\">\n\t\t\t\t\t<div class=\"elementor-column elementor-col-100 elementor-top-column elementor-element elementor-element-7adc6414\" data-id=\"7adc6414\" data-element_type=\"column\" data-e-type=\"column\">\n\t\t\t<div class=\"elementor-widget-wrap elementor-element-populated\">\n\t\t\t\t\t\t<div class=\"elementor-element elementor-element-77b4b0b3 elementor-widget elementor-widget-text-editor\" data-id=\"77b4b0b3\" data-element_type=\"widget\" data-e-type=\"widget\" data-widget_type=\"text-editor.default\">\n\t\t\t\t<div class=\"elementor-widget-container\">\n\t\t\t\t\t\t\t\t\t<p style=\"text-align: justify;\">S\u00fa\u010das\u0165ou Medzin\u00e1rodn\u00e9ho Ve\u013etrhu cvi\u010dn\u00fdch firiem bud\u00fa aj tento rok s\u00fa\u0165a\u017ee cvi\u010dn\u00fdch firiem.<\/p><p style=\"text-align: justify;\">Cvi\u010dn\u00e9 firmy sa bud\u00fa prezentova\u0165 v st\u00e1nkoch, kde bud\u00fa pon\u00faka\u0165 slu\u017eby a produkty svojej firmy, vies\u0165 obchodn\u00e9 rozhovory, uzatv\u00e1ra\u0165 zmluvy s potenci\u00e1lnymi z\u00e1kazn\u00edkmi. Pri t\u00fdchto rozhovoroch bud\u00fa vyu\u017e\u00edva\u0165 katal\u00f3g, akciov\u00e9 let\u00e1ky, samotn\u00fd imid\u017e firmy, ako aj v\u0161etky dostupn\u00e9 marketingov\u00e9 n\u00e1stroje s\u00fa\u010dasnej doby.<\/p><p style=\"text-align: justify;\">Cie\u013eom ve\u013etrhu cvi\u010dn\u00fdch firiem je predstavi\u0165, \u010do sa \u0161tudenti nau\u010dili v\u00a0r\u00e1mci podnikate\u013esk\u00e9ho vzdel\u00e1vania. Bud\u00fa prezentova\u0165 k\u013e\u00fa\u010dov\u00e9 kompetencie, ako je\u00a0 prezent\u00e1cia, kreativita, flexibilita\u00a0mlad\u00fdch, schopnos\u0165 pracova\u0165 v t\u00edme, komunikova\u0165, rozhodova\u0165, robi\u0165 z\u00e1very, kriticky a\u00a0samostatne myslie\u0165.<\/p><p><strong>Hodnoten\u00e9 kateg\u00f3rie a\u00a0krit\u00e9ri\u00e1 s\u00fa\u0165a\u017e\u00ed cvi\u010dn\u00fdch firiem:<\/strong><\/p><table><tbody><tr><td>katal\u00f3g cvi\u010dnej firmy<\/td><td>n\u00e1paditos\u0165, obsah, forma, kvalita, reprodukovate\u013enos\u0165<\/td><\/tr><tr><td>imid\u017e st\u00e1nku cvi\u010dnej firmy<\/td><td>n\u00e1paditos\u0165, originalita, re\u00e1lnos\u0165, atmosf\u00e9ra<\/td><\/tr><tr><td>reprezentant\/reprezentantka<\/td><td>sp\u00f4sob vedenia obchodn\u00e9ho rozhovoru, znalos\u0165 produktov, vystupovanie&#8230;<\/td><\/tr><tr><td>slogan cvi\u010dnej firmy<\/td><td>v\u00fdsti\u017enos\u0165, originalita, jednoduchos\u0165<\/td><\/tr><tr><td>logo cvi\u010dnej firmy<\/td><td>originalita, reprodukovate\u013enos\u0165, n\u00e1paditos\u0165<\/td><\/tr><tr><td>elektronick\u00e9 prezent\u00e1cie cvi\u010dn\u00fdch firiem<\/td><td><p>estetick\u00e1 str\u00e1nka ( prv\u00fd dojem, typy p\u00edsma a\u00a0ve\u013ekos\u0165 p\u00edsma, vhodn\u00e9 vyu\u017eitie efektov),<\/p><p>obsah (kvalita1\/mno\u017estvo podan\u00fdch inform\u00e1ci\u00ed, kvalita2\/ logo, pr\u00e1vna forma, predmet podnikania, s\u00eddlo, kvalita3\/platobn\u00e9 a\u00a0dodacie podmienky),<\/p><p>prezentuj\u00faci \u2013 celkov\u00fd dojem, atmosf\u00e9ra; verb\u00e1lna komunik\u00e1cia; neverb\u00e1lna komunik\u00e1cia; dodr\u017eanie \u010dasov\u00e9ho limitu o\u017eivuj\u00face prvky prezent\u00e1cie<\/p><\/td><\/tr><\/tbody><\/table><p>Cvi\u010dn\u00e1 firma, ktor\u00e1 dosiahne najviac bodov vo v\u0161etk\u00fdch kateg\u00f3ri\u00e1ch, z\u00edska cenu absol\u00fatneho v\u00ed\u0165aza ve\u013etrhu.<\/p><p>Ver\u00edme, \u017ee sa stretneme v\u00a0d\u0148och 10. \u2013 11. novembra 2016 na 25. ro\u010dn\u00edku v\u00fdstavy JUVYR a\u00a0na 19. Medzin\u00e1rodnom ve\u013etrhu cvi\u010dn\u00fdch firiem v\u00a0Bratislave, ktor\u00fd je s\u00fa\u010das\u0165ou.<\/p><p>Te\u0161\u00edme sa na V\u00e1s!<\/p><ul><li style=\"font-size: 15px; font-style: normal; font-weight: 400;\"><a href=\"https:\/\/siov.sk\/prvy-rocnik-sutaze-podnikatelske-zrucnosti-v-cvicnej-firme-jupov\/\" target=\"_blank\" rel=\"noopener\">Prv\u00fd ro\u010dn\u00edk s\u00fa\u0165a\u017ee &#8222;Podnikate\u013esk\u00e9 zru\u010dnosti v Cvi\u010dnej firme &#8211; JUPOV&#8220;<\/a><\/li><li style=\"font-size: 15px; font-style: normal; font-weight: 400;\"><a href=\"https:\/\/siov.sk\/wp-content\/uploads\/2022\/09\/FINAL-Sutaze-a-kriteria-MVCF_2022_MM_DN_GH.docx\" target=\"_blank\" rel=\"noopener\">S\u00fa\u0165a\u017ee cvi\u010dn\u00fdch firiem 2022<\/a><\/li><li style=\"font-size: 15px; font-style: normal; font-weight: 400;\"><a href=\"https:\/\/siov.sk\/wp-content\/uploads\/2022\/10\/MVCF_2022_VYSLEDKY_BodoveHodnotenie_SK.pdf\" target=\"_blank\" rel=\"noopener\">V\u00fdsledky s\u00fa\u0165a\u017e\u00ed cvi\u010dn\u00fdch firiem 2022<\/a><\/li><li><a href=\"https:\/\/siov.sk\/wp-content\/uploads\/2022\/10\/Hodn_90sek_2022__MVCF_ok.pdf\" target=\"_blank\" rel=\"noopener\">V\u00fdsledky s\u00fa\u0165a\u017e\u00ed cvi\u010dn\u00fdch firiem 2022<\/a><\/li><li style=\"font-size: 15px; font-style: normal; font-weight: 400;\"><a href=\"https:\/\/siov.sk\/wp-content\/uploads\/2022\/10\/Vyhodnotenie-10_rocnika-Naj-PZ-10_05_2022.docx\" target=\"_blank\" rel=\"noopener\">Vyhodnotenie 10. ro\u010dn\u00edka s\u00fa\u0165a\u017ee Najlep\u0161\u00ed podnikate\u013esk\u00fd z\u00e1mer \u017eiakov cvi\u010dn\u00fdch firiem<\/a><\/li><li style=\"font-size: 15px; font-style: normal; font-weight: 400;\"><a href=\"https:\/\/siov.sk\/wp-content\/uploads\/2022\/10\/Celkom-Poradie-body-_NajPZ_2021_2022.doc\" target=\"_blank\" rel=\"noopener\">Poradie\/bodovanie 10. ro\u010dn\u00edka s\u00fa\u0165a\u017ee Najlep\u0161\u00ed podnikate\u013esk\u00fd z\u00e1mer \u017eiakov cvi\u010dn\u00fdch firiem<\/a><\/li><li style=\"font-size: 15px; font-style: normal; font-weight: 400;\"><a style=\"color: #349637; outline: 0px;\" href=\"http:\/\/www.sccf.sk\/sutaz-o-najlepsi-podnikatelsky-zamer-40.html\" target=\"_blank\" rel=\"noopener\">Vyhl\u00e1senie 9. ro\u010dn\u00edka celoslovenskej s\u00fa\u0165a\u017ee Najlep\u0161\u00ed podnikate\u013esk\u00fd z\u00e1mer \u017eiakov cvi\u010dn\u00fdch firiem<\/a><\/li><li style=\"font-size: 15px; font-style: normal; font-weight: 400;\"><a href=\"http:\/\/www.sccf.sk\/sutaz-o-najlepsi-podnikatelsky-zamer\/8-rocnik-sutaze-o-najlepsi-podnikatelsky-zamer-5c.html\" target=\"_blank\" rel=\"noopener\">Vyhodnotenie 8. ro\u010dn\u00edka s\u00fa\u0165a\u017ee Najlep\u0161\u00ed podnikate\u013esk\u00fd z\u00e1mer<\/a><\/li><\/ul>\t\t\t\t\t\t\t\t<\/div>\n\t\t\t\t<\/div>\n\t\t\t\t\t<\/div>\n\t\t<\/div>\n\t\t\t\t\t<\/div>\n\t\t<\/section>\n\t\t\t\t<\/div>","protected":false},"excerpt":{"rendered":"<p>S\u00fa\u0165a\u017ee cvi\u010dn\u00fdch firiem S\u00fa\u010das\u0165ou Medzin\u00e1rodn\u00e9ho Ve\u013etrhu cvi\u010dn\u00fdch firiem bud\u00fa aj tento rok s\u00fa\u0165a\u017ee cvi\u010dn\u00fdch firiem. Cvi\u010dn\u00e9 firmy sa bud\u00fa prezentova\u0165 v st\u00e1nkoch, kde bud\u00fa pon\u00faka\u0165 slu\u017eby a produkty svojej firmy, vies\u0165 obchodn\u00e9 rozhovory, uzatv\u00e1ra\u0165 zmluvy s potenci\u00e1lnymi z\u00e1kazn\u00edkmi. Pri t\u00fdchto rozhovoroch bud\u00fa vyu\u017e\u00edva\u0165 katal\u00f3g, akciov\u00e9 let\u00e1ky, samotn\u00fd imid\u017e firmy, ako aj v\u0161etky dostupn\u00e9 marketingov\u00e9 n\u00e1stroje [&hellip;]<\/p>\n","protected":false},"author":1,"featured_media":0,"parent":144,"menu_order":0,"comment_status":"closed","ping_status":"closed","template":"","meta":{"site-sidebar-layout":"default","site-content-layout":"default","ast-site-content-layout":"default","site-content-style":"default","site-sidebar-style":"default","ast-global-header-display":"","ast-banner-title-visibility":"","ast-main-header-display":"","ast-hfb-above-header-display":"","ast-hfb-below-header-display":"","ast-hfb-mobile-header-display":"","site-post-title":"disabled","ast-breadcrumbs-content":"","ast-featured-img":"","footer-sml-layout":"","ast-disable-related-posts":"","theme-transparent-header-meta":"default","adv-header-id-meta":"","stick-header-meta":"","header-above-stick-meta":"","header-main-stick-meta":"","header-below-stick-meta":"","astra-migrate-meta-layouts":"default","ast-page-background-enabled":"default","ast-page-background-meta":{"desktop":{"background-color":"var(--ast-global-color-4)","background-image":"","background-repeat":"repeat","background-position":"center center","background-size":"auto","background-attachment":"scroll","background-type":"","background-media":"","overlay-type":"","overlay-color":"","overlay-opacity":"","overlay-gradient":""},"tablet":{"background-color":"","background-image":"","background-repeat":"repeat","background-position":"center center","background-size":"auto","background-attachment":"scroll","background-type":"","background-media":"","overlay-type":"","overlay-color":"","overlay-opacity":"","overlay-gradient":""},"mobile":{"background-color":"","background-image":"","background-repeat":"repeat","background-position":"center center","background-size":"auto","background-attachment":"scroll","background-type":"","background-media":"","overlay-type":"","overlay-color":"","overlay-opacity":"","overlay-gradient":""}},"ast-content-background-meta":{"desktop":{"background-color":"var(--ast-global-color-5)","background-image":"","background-repeat":"repeat","background-position":"center center","background-size":"auto","background-attachment":"scroll","background-type":"","background-media":"","overlay-type":"","overlay-color":"","overlay-opacity":"","overlay-gradient":""},"tablet":{"background-color":"var(--ast-global-color-5)","background-image":"","background-repeat":"repeat","background-position":"center center","background-size":"auto","background-attachment":"scroll","background-type":"","background-media":"","overlay-type":"","overlay-color":"","overlay-opacity":"","overlay-gradient":""},"mobile":{"background-color":"var(--ast-global-color-5)","background-image":"","background-repeat":"repeat","background-position":"center center","background-size":"auto","background-attachment":"scroll","background-type":"","background-media":"","overlay-type":"","overlay-color":"","overlay-opacity":"","overlay-gradient":""}},"footnotes":""},"class_list":["post-1866","page","type-page","status-publish","hentry"],"yoast_head":"<!-- This site is optimized with the Yoast SEO plugin v27.5 - https:\/\/yoast.com\/product\/yoast-seo-wordpress\/ -->\n<title>S\u00fa\u0165a\u017ee a s\u00fa\u0165a\u017en\u00e9 krit\u00e9ri\u00e1 19. Medzin\u00e1rodn\u00e9ho Ve\u013etrhu Cvi\u010dn\u00fdch Firiem v Bratislave - \u0160IOV - \u0161t\u00e1tny in\u0161tit\u00fat odborn\u00e9ho vzdel\u00e1vania<\/title>\n<meta name=\"robots\" content=\"index, follow, max-snippet:-1, max-image-preview:large, max-video-preview:-1\" \/>\n<link rel=\"canonical\" href=\"https:\/\/archiv.siov.sk\/en\/sutaze\/sutaze-a-sutazne-kriteria-19-medzinarodneho-veltrhu-cvicnych-firiem-v-bratislave\/\" \/>\n<meta property=\"og:locale\" content=\"en_GB\" \/>\n<meta property=\"og:type\" content=\"article\" \/>\n<meta property=\"og:title\" content=\"S\u00fa\u0165a\u017ee a s\u00fa\u0165a\u017en\u00e9 krit\u00e9ri\u00e1 19. Medzin\u00e1rodn\u00e9ho Ve\u013etrhu Cvi\u010dn\u00fdch Firiem v Bratislave - \u0160IOV - \u0161t\u00e1tny in\u0161tit\u00fat odborn\u00e9ho vzdel\u00e1vania\" \/>\n<meta property=\"og:description\" content=\"S\u00fa\u0165a\u017ee cvi\u010dn\u00fdch firiem S\u00fa\u010das\u0165ou Medzin\u00e1rodn\u00e9ho Ve\u013etrhu cvi\u010dn\u00fdch firiem bud\u00fa aj tento rok s\u00fa\u0165a\u017ee cvi\u010dn\u00fdch firiem. Cvi\u010dn\u00e9 firmy sa bud\u00fa prezentova\u0165 v st\u00e1nkoch, kde bud\u00fa pon\u00faka\u0165 slu\u017eby a produkty svojej firmy, vies\u0165 obchodn\u00e9 rozhovory, uzatv\u00e1ra\u0165 zmluvy s potenci\u00e1lnymi z\u00e1kazn\u00edkmi. Pri t\u00fdchto rozhovoroch bud\u00fa vyu\u017e\u00edva\u0165 katal\u00f3g, akciov\u00e9 let\u00e1ky, samotn\u00fd imid\u017e firmy, ako aj v\u0161etky dostupn\u00e9 marketingov\u00e9 n\u00e1stroje [&hellip;]\" \/>\n<meta property=\"og:url\" content=\"https:\/\/archiv.siov.sk\/en\/sutaze\/sutaze-a-sutazne-kriteria-19-medzinarodneho-veltrhu-cvicnych-firiem-v-bratislave\/\" \/>\n<meta property=\"og:site_name\" content=\"\u0160IOV - \u0161t\u00e1tny in\u0161tit\u00fat odborn\u00e9ho vzdel\u00e1vania\" \/>\n<meta property=\"article:publisher\" content=\"https:\/\/www.facebook.com\/Statnyinstitutodbornehovzdelavania\" \/>\n<meta property=\"article:modified_time\" content=\"2024-08-15T11:31:42+00:00\" \/>\n<meta name=\"twitter:card\" content=\"summary_large_image\" \/>\n<meta name=\"twitter:label1\" content=\"Estimated reading time\" \/>\n\t<meta name=\"twitter:data1\" content=\"2 minutes\" \/>\n<script type=\"application\/ld+json\" class=\"yoast-schema-graph\">{\"@context\":\"https:\\\/\\\/schema.org\",\"@graph\":[{\"@type\":\"WebPage\",\"@id\":\"https:\\\/\\\/archiv.siov.sk\\\/sutaze\\\/sutaze-a-sutazne-kriteria-19-medzinarodneho-veltrhu-cvicnych-firiem-v-bratislave\\\/\",\"url\":\"https:\\\/\\\/archiv.siov.sk\\\/sutaze\\\/sutaze-a-sutazne-kriteria-19-medzinarodneho-veltrhu-cvicnych-firiem-v-bratislave\\\/\",\"name\":\"S\u00fa\u0165a\u017ee a s\u00fa\u0165a\u017en\u00e9 krit\u00e9ri\u00e1 19. Medzin\u00e1rodn\u00e9ho Ve\u013etrhu Cvi\u010dn\u00fdch Firiem v Bratislave - \u0160IOV - \u0161t\u00e1tny in\u0161tit\u00fat odborn\u00e9ho vzdel\u00e1vania\",\"isPartOf\":{\"@id\":\"https:\\\/\\\/archiv.siov.sk\\\/#website\"},\"datePublished\":\"2019-02-12T14:58:03+00:00\",\"dateModified\":\"2024-08-15T11:31:42+00:00\",\"breadcrumb\":{\"@id\":\"https:\\\/\\\/archiv.siov.sk\\\/sutaze\\\/sutaze-a-sutazne-kriteria-19-medzinarodneho-veltrhu-cvicnych-firiem-v-bratislave\\\/#breadcrumb\"},\"inLanguage\":\"en-GB\",\"potentialAction\":[{\"@type\":\"ReadAction\",\"target\":[\"https:\\\/\\\/archiv.siov.sk\\\/sutaze\\\/sutaze-a-sutazne-kriteria-19-medzinarodneho-veltrhu-cvicnych-firiem-v-bratislave\\\/\"]}]},{\"@type\":\"BreadcrumbList\",\"@id\":\"https:\\\/\\\/archiv.siov.sk\\\/sutaze\\\/sutaze-a-sutazne-kriteria-19-medzinarodneho-veltrhu-cvicnych-firiem-v-bratislave\\\/#breadcrumb\",\"itemListElement\":[{\"@type\":\"ListItem\",\"position\":1,\"name\":\"Home\",\"item\":\"https:\\\/\\\/archiv.siov.sk\\\/\"},{\"@type\":\"ListItem\",\"position\":2,\"name\":\"S\u00fa\u0165a\u017ee\",\"item\":\"https:\\\/\\\/archiv.siov.sk\\\/sutaze\\\/\"},{\"@type\":\"ListItem\",\"position\":3,\"name\":\"S\u00fa\u0165a\u017ee a s\u00fa\u0165a\u017en\u00e9 krit\u00e9ri\u00e1 19. Medzin\u00e1rodn\u00e9ho Ve\u013etrhu Cvi\u010dn\u00fdch Firiem v Bratislave\"}]},{\"@type\":\"WebSite\",\"@id\":\"https:\\\/\\\/archiv.siov.sk\\\/#website\",\"url\":\"https:\\\/\\\/archiv.siov.sk\\\/\",\"name\":\"\u0160IOV - \u0161t\u00e1tny in\u0161tit\u00fat odborn\u00e9ho vzdel\u00e1vania\",\"description\":\"\",\"publisher\":{\"@id\":\"https:\\\/\\\/archiv.siov.sk\\\/#organization\"},\"potentialAction\":[{\"@type\":\"SearchAction\",\"target\":{\"@type\":\"EntryPoint\",\"urlTemplate\":\"https:\\\/\\\/archiv.siov.sk\\\/?s={search_term_string}\"},\"query-input\":{\"@type\":\"PropertyValueSpecification\",\"valueRequired\":true,\"valueName\":\"search_term_string\"}}],\"inLanguage\":\"en-GB\"},{\"@type\":\"Organization\",\"@id\":\"https:\\\/\\\/archiv.siov.sk\\\/#organization\",\"name\":\"\u0160IOV - \u0161t\u00e1tny in\u0161tit\u00fat odborn\u00e9ho vzdel\u00e1vania\",\"url\":\"https:\\\/\\\/archiv.siov.sk\\\/\",\"logo\":{\"@type\":\"ImageObject\",\"inLanguage\":\"en-GB\",\"@id\":\"https:\\\/\\\/archiv.siov.sk\\\/#\\\/schema\\\/logo\\\/image\\\/\",\"url\":\"https:\\\/\\\/archiv.siov.sk\\\/wp-content\\\/uploads\\\/2024\\\/02\\\/logo-SIOV.png\",\"contentUrl\":\"https:\\\/\\\/archiv.siov.sk\\\/wp-content\\\/uploads\\\/2024\\\/02\\\/logo-SIOV.png\",\"width\":431,\"height\":143,\"caption\":\"\u0160IOV - \u0161t\u00e1tny in\u0161tit\u00fat odborn\u00e9ho vzdel\u00e1vania\"},\"image\":{\"@id\":\"https:\\\/\\\/archiv.siov.sk\\\/#\\\/schema\\\/logo\\\/image\\\/\"},\"sameAs\":[\"https:\\\/\\\/www.facebook.com\\\/Statnyinstitutodbornehovzdelavania\"]}]}<\/script>\n<!-- \/ Yoast SEO plugin. -->","yoast_head_json":{"title":"S\u00fa\u0165a\u017ee a s\u00fa\u0165a\u017en\u00e9 krit\u00e9ri\u00e1 19. Medzin\u00e1rodn\u00e9ho Ve\u013etrhu Cvi\u010dn\u00fdch Firiem v Bratislave - \u0160IOV - \u0161t\u00e1tny in\u0161tit\u00fat odborn\u00e9ho vzdel\u00e1vania","robots":{"index":"index","follow":"follow","max-snippet":"max-snippet:-1","max-image-preview":"max-image-preview:large","max-video-preview":"max-video-preview:-1"},"canonical":"https:\/\/archiv.siov.sk\/en\/sutaze\/sutaze-a-sutazne-kriteria-19-medzinarodneho-veltrhu-cvicnych-firiem-v-bratislave\/","og_locale":"en_GB","og_type":"article","og_title":"S\u00fa\u0165a\u017ee a s\u00fa\u0165a\u017en\u00e9 krit\u00e9ri\u00e1 19. Medzin\u00e1rodn\u00e9ho Ve\u013etrhu Cvi\u010dn\u00fdch Firiem v Bratislave - \u0160IOV - \u0161t\u00e1tny in\u0161tit\u00fat odborn\u00e9ho vzdel\u00e1vania","og_description":"S\u00fa\u0165a\u017ee cvi\u010dn\u00fdch firiem S\u00fa\u010das\u0165ou Medzin\u00e1rodn\u00e9ho Ve\u013etrhu cvi\u010dn\u00fdch firiem bud\u00fa aj tento rok s\u00fa\u0165a\u017ee cvi\u010dn\u00fdch firiem. Cvi\u010dn\u00e9 firmy sa bud\u00fa prezentova\u0165 v st\u00e1nkoch, kde bud\u00fa pon\u00faka\u0165 slu\u017eby a produkty svojej firmy, vies\u0165 obchodn\u00e9 rozhovory, uzatv\u00e1ra\u0165 zmluvy s potenci\u00e1lnymi z\u00e1kazn\u00edkmi. Pri t\u00fdchto rozhovoroch bud\u00fa vyu\u017e\u00edva\u0165 katal\u00f3g, akciov\u00e9 let\u00e1ky, samotn\u00fd imid\u017e firmy, ako aj v\u0161etky dostupn\u00e9 marketingov\u00e9 n\u00e1stroje [&hellip;]","og_url":"https:\/\/archiv.siov.sk\/en\/sutaze\/sutaze-a-sutazne-kriteria-19-medzinarodneho-veltrhu-cvicnych-firiem-v-bratislave\/","og_site_name":"\u0160IOV - \u0161t\u00e1tny in\u0161tit\u00fat odborn\u00e9ho vzdel\u00e1vania","article_publisher":"https:\/\/www.facebook.com\/Statnyinstitutodbornehovzdelavania","article_modified_time":"2024-08-15T11:31:42+00:00","twitter_card":"summary_large_image","twitter_misc":{"Estimated reading time":"2 minutes"},"schema":{"@context":"https:\/\/schema.org","@graph":[{"@type":"WebPage","@id":"https:\/\/archiv.siov.sk\/sutaze\/sutaze-a-sutazne-kriteria-19-medzinarodneho-veltrhu-cvicnych-firiem-v-bratislave\/","url":"https:\/\/archiv.siov.sk\/sutaze\/sutaze-a-sutazne-kriteria-19-medzinarodneho-veltrhu-cvicnych-firiem-v-bratislave\/","name":"S\u00fa\u0165a\u017ee a s\u00fa\u0165a\u017en\u00e9 krit\u00e9ri\u00e1 19. Medzin\u00e1rodn\u00e9ho Ve\u013etrhu Cvi\u010dn\u00fdch Firiem v Bratislave - \u0160IOV - \u0161t\u00e1tny in\u0161tit\u00fat odborn\u00e9ho vzdel\u00e1vania","isPartOf":{"@id":"https:\/\/archiv.siov.sk\/#website"},"datePublished":"2019-02-12T14:58:03+00:00","dateModified":"2024-08-15T11:31:42+00:00","breadcrumb":{"@id":"https:\/\/archiv.siov.sk\/sutaze\/sutaze-a-sutazne-kriteria-19-medzinarodneho-veltrhu-cvicnych-firiem-v-bratislave\/#breadcrumb"},"inLanguage":"en-GB","potentialAction":[{"@type":"ReadAction","target":["https:\/\/archiv.siov.sk\/sutaze\/sutaze-a-sutazne-kriteria-19-medzinarodneho-veltrhu-cvicnych-firiem-v-bratislave\/"]}]},{"@type":"BreadcrumbList","@id":"https:\/\/archiv.siov.sk\/sutaze\/sutaze-a-sutazne-kriteria-19-medzinarodneho-veltrhu-cvicnych-firiem-v-bratislave\/#breadcrumb","itemListElement":[{"@type":"ListItem","position":1,"name":"Home","item":"https:\/\/archiv.siov.sk\/"},{"@type":"ListItem","position":2,"name":"S\u00fa\u0165a\u017ee","item":"https:\/\/archiv.siov.sk\/sutaze\/"},{"@type":"ListItem","position":3,"name":"S\u00fa\u0165a\u017ee a s\u00fa\u0165a\u017en\u00e9 krit\u00e9ri\u00e1 19. Medzin\u00e1rodn\u00e9ho Ve\u013etrhu Cvi\u010dn\u00fdch Firiem v Bratislave"}]},{"@type":"WebSite","@id":"https:\/\/archiv.siov.sk\/#website","url":"https:\/\/archiv.siov.sk\/","name":"\u0160IOV - \u0161t\u00e1tny in\u0161tit\u00fat odborn\u00e9ho vzdel\u00e1vania","description":"","publisher":{"@id":"https:\/\/archiv.siov.sk\/#organization"},"potentialAction":[{"@type":"SearchAction","target":{"@type":"EntryPoint","urlTemplate":"https:\/\/archiv.siov.sk\/?s={search_term_string}"},"query-input":{"@type":"PropertyValueSpecification","valueRequired":true,"valueName":"search_term_string"}}],"inLanguage":"en-GB"},{"@type":"Organization","@id":"https:\/\/archiv.siov.sk\/#organization","name":"\u0160IOV - \u0161t\u00e1tny in\u0161tit\u00fat odborn\u00e9ho vzdel\u00e1vania","url":"https:\/\/archiv.siov.sk\/","logo":{"@type":"ImageObject","inLanguage":"en-GB","@id":"https:\/\/archiv.siov.sk\/#\/schema\/logo\/image\/","url":"https:\/\/archiv.siov.sk\/wp-content\/uploads\/2024\/02\/logo-SIOV.png","contentUrl":"https:\/\/archiv.siov.sk\/wp-content\/uploads\/2024\/02\/logo-SIOV.png","width":431,"height":143,"caption":"\u0160IOV - \u0161t\u00e1tny in\u0161tit\u00fat odborn\u00e9ho vzdel\u00e1vania"},"image":{"@id":"https:\/\/archiv.siov.sk\/#\/schema\/logo\/image\/"},"sameAs":["https:\/\/www.facebook.com\/Statnyinstitutodbornehovzdelavania"]}]}},"_links":{"self":[{"href":"https:\/\/archiv.siov.sk\/en\/wp-json\/wp\/v2\/pages\/1866","targetHints":{"allow":["GET"]}}],"collection":[{"href":"https:\/\/archiv.siov.sk\/en\/wp-json\/wp\/v2\/pages"}],"about":[{"href":"https:\/\/archiv.siov.sk\/en\/wp-json\/wp\/v2\/types\/page"}],"author":[{"embeddable":true,"href":"https:\/\/archiv.siov.sk\/en\/wp-json\/wp\/v2\/users\/1"}],"replies":[{"embeddable":true,"href":"https:\/\/archiv.siov.sk\/en\/wp-json\/wp\/v2\/comments?post=1866"}],"version-history":[{"count":28,"href":"https:\/\/archiv.siov.sk\/en\/wp-json\/wp\/v2\/pages\/1866\/revisions"}],"predecessor-version":[{"id":16298,"href":"https:\/\/archiv.siov.sk\/en\/wp-json\/wp\/v2\/pages\/1866\/revisions\/16298"}],"up":[{"embeddable":true,"href":"https:\/\/archiv.siov.sk\/en\/wp-json\/wp\/v2\/pages\/144"}],"wp:attachment":[{"href":"https:\/\/archiv.siov.sk\/en\/wp-json\/wp\/v2\/media?parent=1866"}],"curies":[{"name":"wp","href":"https:\/\/api.w.org\/{rel}","templated":true}]}}