{"id":1864,"date":"2019-02-12T15:57:04","date_gmt":"2019-02-12T14:57:04","guid":{"rendered":"http:\/\/archiv.siov.sk\/?page_id=1864"},"modified":"2025-09-22T09:52:46","modified_gmt":"2025-09-22T07:52:46","slug":"mlady-ekofarmar","status":"publish","type":"page","link":"https:\/\/archiv.siov.sk\/en\/sutaze\/mlady-ekofarmar\/","title":{"rendered":"SOM &#8211; Mlad\u00fd ekofarm\u00e1r"},"content":{"rendered":"<h2>SOM &#8211; Mlad\u00fd ekofarm\u00e1r<\/h2>\n<p>Mlad\u00fd ekofarm\u00e1r je s\u00fa\u0165a\u017e zameran\u00e1 na vyh\u013ead\u00e1vanie talentovan\u00fdch a nadan\u00fdch \u017eiakov S0\u0160, so \u0161tudijn\u00fdmi odbormi agropodnikanie, \u017eivotn\u00e9 prostredie, veterin\u00e1rne zdravotn\u00edctvo a hygiena, a \u010fal\u0161\u00edmi odbormi s\u00favisiacimi s po\u013enohospod\u00e1rstvom, potravin\u00e1rstvom a ekol\u00f3giou, rozv\u00edja tvoriv\u00e9 kompetencie \u017eiakov, odborn\u00e9-teoretick\u00e9 vedomosti a odborno-praktick\u00e9 schopnosti a zru\u010dnosti, vytv\u00e1ra trval\u00fd vz\u0165ah k rozv\u00edjaniu vedomost\u00ed o v\u00fdrobe, zlo\u017een\u00ed, z\u00edskavan\u00ed, spracovan\u00ed a efektivite v\u00fdroby mlieka, o rastlinstve, odpadovom hospod\u00e1rstve, technike a mechaniz\u00e1cii s\u00favisiacej s uveden\u00fdmi procesmi s oh\u013eadom na ekol\u00f3giu a \u017eivotn\u00e9 prostredie.<\/p>\n<p><strong>\u0160kolsk\u00fd rok 2025\/2026<\/strong><\/p>\n<ul>\n<li><a href=\"https:\/\/archiv.siov.sk\/wp-content\/uploads\/2025\/09\/SOM_ORGANIZATORI-KK_-2025-26-.pdf\" target=\"_blank\" rel=\"noopener\">Postupov\u00e9 kol\u00e1 s\u00fa\u0165a\u017ee<\/a><\/li>\n<li><a href=\"https:\/\/archiv.siov.sk\/wp-content\/uploads\/2025\/09\/MOP_Mlady_ekofarmar_2025_2026-FIN-.pdf\" target=\"_blank\" rel=\"noopener\">Metodicko-organiza\u010dn\u00e9 pokyny\u00a0<\/a><\/li>\n<li><a href=\"https:\/\/archiv.siov.sk\/wp-content\/uploads\/2025\/08\/Organizacny-poriadok-sutaze_SOM-2025-final_3_.pdf\" target=\"_blank\" rel=\"noopener\">Nov\u00fd organiza\u010dn\u00fd poriadok S\u00fa\u0165a\u017ee o mlieku<\/a><\/li>\n<li><a href=\"https:\/\/archiv.siov.sk\/wp-content\/uploads\/2025\/09\/Adresar-SOM-COK-_2025-26.pdf\" target=\"_blank\" rel=\"noopener\">Adres\u00e1r celo\u0161t\u00e1tnej odbornej komisie<\/a><\/li>\n<\/ul>\n<p><strong>\u0160kolsk\u00fd rok 2024\/2025<\/strong><\/p>\n<ul>\n<li><a href=\"https:\/\/archiv.siov.sk\/wp-content\/uploads\/2025\/06\/Analyza-a-zhodnotenie-vysledkov-Mlady-ekofarmar-2025_doc.pdf\" target=\"_blank\" rel=\"noopener\">Anal\u00fdza a zhodnotenie v\u00fdsledkov\u00a0<\/a><\/li>\n<li><a href=\"https:\/\/archiv.siov.sk\/wp-content\/uploads\/2025\/06\/vysledkova-listina-finale-sutaze-Mlady-ekofarmar-2025.xls\" target=\"_blank\" rel=\"noopener\">V\u00fdsledkov\u00e1 listina &#8211; celo\u0161t\u00e1tne kolo\u00a0<\/a><\/li>\n<li><a href=\"https:\/\/archiv.siov.sk\/wp-content\/uploads\/2025\/05\/bulletin-mlady-ekofarmar-2025-.pdf\" target=\"_blank\" rel=\"noopener\">Bulletin 26. ro\u010dn\u00edka celo\u0161t\u00e1tneho kola s\u00fa\u0165a\u017ee<\/a><\/li>\n<li><a href=\"https:\/\/archiv.siov.sk\/wp-content\/uploads\/2025\/05\/Pozvanka-sutaz-hostia-.pdf\" target=\"_blank\" rel=\"noopener\">Pozv\u00e1nka<\/a><\/li>\n<li><a href=\"https:\/\/archiv.siov.sk\/wp-content\/uploads\/2025\/04\/startova-listina.xlsx\" target=\"_blank\" rel=\"noopener\">\u0160tartovacia listina &#8211; celo\u0161t\u00e1tne kolo<\/a><\/li>\n<li><a href=\"https:\/\/archiv.siov.sk\/wp-content\/uploads\/2025\/02\/Metodicky_pokyn_26.rocnik.SOM_vp.docx\" target=\"_blank\" rel=\"noopener\">Metodick\u00fd pokyn 26. ro\u010dn\u00edka<\/a><\/li>\n<li><a href=\"https:\/\/archiv.siov.sk\/wp-content\/uploads\/2024\/08\/OTP-SOM-2024-_2025.pdf\" target=\"_blank\" rel=\"noopener\">Organiza\u010dno-technick\u00e9 pokyny<\/a><\/li>\n<li><a href=\"https:\/\/archiv.siov.sk\/wp-content\/uploads\/2024\/08\/Adresar-SOM-COK-_2024-25.docx\" target=\"_blank\" rel=\"noopener\">Adres\u00e1r celo\u0161t\u00e1tnej odbornej komisie<\/a><\/li>\n<\/ul>\n<p><strong>\u0160kolsk\u00fd rok 2023\/2024<\/strong><\/p>\n<ul>\n<li><a href=\"https:\/\/archiv.siov.sk\/wp-content\/uploads\/2024\/05\/vysledkova-listina-Kezmarok-2024_sort-version-3.xls\" target=\"_blank\" rel=\"noopener\">V\u00fdsledkov\u00e1 listina &#8211; celo\u0161t\u00e1tne kolo<\/a><\/li>\n<li><a href=\"https:\/\/archiv.siov.sk\/wp-content\/uploads\/2024\/05\/Celostatne-kolo-KK-2024-_-test-ocx.docx\" target=\"_blank\" rel=\"noopener\">P\u00edsomn\u00fd test o mlieku &#8211; ot\u00e1zky<\/a><\/li>\n<li><a href=\"https:\/\/archiv.siov.sk\/wp-content\/uploads\/2024\/05\/Priklady_zadania-a-vypocty_2024.docx\" target=\"_blank\" rel=\"noopener\">Pr\u00edklady &#8211; v\u00fdpo\u010det z\u00e1sob krm\u00edv<\/a><\/li>\n<li><a href=\"https:\/\/archiv.siov.sk\/wp-content\/uploads\/2024\/05\/bulleten-mlady-ekofarmar-2024.pdf\" target=\"_blank\" rel=\"noopener\">Bulletin 25. ro\u010dn\u00edka celo\u0161t\u00e1tneho kola s\u00fa\u0165a\u017ee<\/a><\/li>\n<li><a href=\"https:\/\/archiv.siov.sk\/wp-content\/uploads\/2024\/05\/zoznam-sutaziacich.-SOM-final-pdf.pdf\" target=\"_blank\" rel=\"noopener\">\u0160tartovacia listina &#8211; celo\u0161t\u00e1tne kolo<\/a><\/li>\n<li><a href=\"https:\/\/archiv.siov.sk\/wp-content\/uploads\/2024\/05\/program-Kezmarok.-novy-JPG.jpg\" target=\"_blank\" rel=\"noopener\">Program &#8211; celo\u0161t\u00e1tne kolo<\/a><\/li>\n<li><a href=\"https:\/\/archiv.siov.sk\/wp-content\/uploads\/2024\/02\/SOM_Organizatori-KK_-2023-24-Final-.doc\" target=\"_blank\" rel=\"noopener\">Organiz\u00e1tori \u0161kolsk\u00fdch a krajsk\u00fdch k\u00f4l s\u00fa\u0165a\u017ee<\/a><\/li>\n<li><a href=\"https:\/\/archiv.siov.sk\/wp-content\/uploads\/2023\/08\/Vyhlasenie.SOM-pdf.pdf\" target=\"_blank\" rel=\"noopener\">Vyhl\u00e1senie 25. ro\u010dn\u00edka s\u00fa\u0165a\u017ee<\/a><\/li>\n<li><a href=\"https:\/\/archiv.siov.sk\/wp-content\/uploads\/2023\/12\/OTP-SOM-2023_24.pdf\" target=\"_blank\" rel=\"noopener\">Organiza\u010dno-technick\u00e9 pokyny<\/a><\/li>\n<li><a href=\"https:\/\/archiv.siov.sk\/wp-content\/uploads\/2023\/12\/Adresar-SOM-COK-_2023-24.docx\" target=\"_blank\" rel=\"noopener\">Adres\u00e1r celo\u0161t\u00e1tnej odbornej komisie<\/a><\/li>\n<li><a href=\"https:\/\/archiv.siov.sk\/wp-content\/uploads\/2024\/01\/Metodicky_pokyn_25.rocnik.SOM-doc-1.docx\" target=\"_blank\" rel=\"noopener\">Metodick\u00fd pokyn<\/a><\/li>\n<\/ul>\n<p style=\"text-align: justify;\"><strong>\u0160kolsk\u00fd rok 2022\/2023<\/strong><\/p>\n<ul style=\"font-size: 13.68px; font-style: normal; font-weight: 400;\">\n<li style=\"font-size: 15px;\"><a href=\"https:\/\/archiv.siov.sk\/wp-content\/uploads\/2023\/06\/ZAVERECNE-HODNOTENIE-Pruske-2023-SOM-doc.doc\" target=\"_blank\" rel=\"noopener\">Anal\u00fdza a zhodnotenie v\u00fdsledkov<\/a><\/li>\n<li style=\"font-size: 15px;\"><a href=\"https:\/\/archiv.siov.sk\/wp-content\/uploads\/2023\/04\/Ekofarmar_Pruske_-bulletin-opraveny2023.doc\" target=\"_blank\" rel=\"noopener\">Informa\u010dn\u00fd bulletin 24. ro\u010dn\u00edka celo\u0161t\u00e1tneho kola &#8211; Prusk\u00e9<\/a><\/li>\n<li style=\"font-size: 15px;\"><a href=\"https:\/\/archiv.siov.sk\/wp-content\/uploads\/2022\/09\/SOM_VYHLASENIE.pdf\" target=\"_blank\" rel=\"noopener\">Vyhl\u00e1senie 24.ro\u010dn\u00edka s\u00fa\u0165a\u017ee<\/a><\/li>\n<li style=\"font-size: 15px;\"><a href=\"https:\/\/archiv.siov.sk\/wp-content\/uploads\/2022\/09\/Sutaz-o-mlieku-pokyny.pdf\" target=\"_blank\" rel=\"noopener\">Organiza\u010dno-technick\u00e9 pokyny<\/a><\/li>\n<li style=\"font-size: 15px;\"><a href=\"https:\/\/archiv.siov.sk\/wp-content\/uploads\/2023\/04\/Metodicky_pokyn_24.rocnik.doc\" target=\"_blank\" rel=\"noopener\">Metodick\u00fd pokyn<\/a><\/li>\n<li style=\"font-size: 15px;\"><a href=\"https:\/\/archiv.siov.sk\/wp-content\/uploads\/2022\/07\/Adresar-COK-ME-SOM_2022-23.docx\" target=\"_blank\" rel=\"noopener\">Adres\u00e1r celo\u0161t\u00e1tnej odbornej komisie<\/a><\/li>\n<li style=\"font-size: 15px;\"><a href=\"https:\/\/archiv.siov.sk\/wp-content\/uploads\/2022\/12\/Organizatori-SK-KK-ME-SOM-2022-23.doc\" target=\"_blank\" rel=\"noopener\">Organiz\u00e1tori \u0161kolsk\u00fdch a krajsk\u00fdch k\u00f4l s\u00fa\u0165a\u017ee<\/a><\/li>\n<\/ul>\n<p style=\"text-align: justify;\"><strong>\u0160kolsk\u00fd rok 2021\/2022<\/strong><\/p>\n<ul>\n<li style=\"font-size: 15px;\"><a href=\"https:\/\/archiv.siov.sk\/wp-content\/uploads\/2022\/06\/ZAVERECNE-HODNOTENIE-Nitra-2022-web-doc.doc\" target=\"_blank\" rel=\"noopener\">Anal\u00fdza a zhodnotenie v\u00fdsledkov vedomost\u00ed \u017eiakov<\/a><\/li>\n<li style=\"font-size: 15px;\"><a href=\"https:\/\/archiv.siov.sk\/wp-content\/uploads\/2022\/08\/Dotaznik_Mlady-ekofrmar-2022_f.vyhodnotenie.doc\" target=\"_blank\" rel=\"noopener\">Vyhodnotenie dotazn\u00edka \u00fa\u010dastn\u00edkov celo\u0161t\u00e1tneho kola<\/a><\/li>\n<li style=\"font-size: 15px;\"><a href=\"https:\/\/archiv.siov.sk\/wp-content\/uploads\/2022\/05\/vysledkova-listina-Nitra-2022.xls\" target=\"_blank\" rel=\"noopener\">V\u00fdsledkov\u00e1 listina celo\u0161t\u00e1tneho kola<\/a><\/li>\n<li style=\"font-size: 15px;\"><a href=\"https:\/\/archiv.siov.sk\/wp-content\/uploads\/2022\/05\/Bulletin-SOM.pdf\" target=\"_blank\" rel=\"noopener\">Bulletin 23. ro\u010dn\u00edka celo\u0161t\u00e1tneho kola s\u00fa\u0165a\u017ee<\/a><\/li>\n<li style=\"font-size: 15px;\"><a href=\"https:\/\/archiv.siov.sk\/wp-content\/uploads\/2022\/02\/navrh-8.jpg\" target=\"_blank\" rel=\"noopener\">Plag\u00e1t s\u00fa\u0165a\u017ee<\/a><\/li>\n<li style=\"font-size: 15px;\"><a href=\"https:\/\/archiv.siov.sk\/wp-content\/uploads\/2022\/01\/Organizatori-SK-KK-ME-SOM-2021-22-aktual.pdf\" target=\"_blank\" rel=\"noopener\">Organiz\u00e1tori \u0161kolsk\u00fdch a krajsk\u00fdch k\u00f4l<\/a><\/li>\n<li><a href=\"https:\/\/archiv.siov.sk\/wp-content\/uploads\/2021\/09\/SOM_Mlady-ekofarmar_Vyhlasenie_23.-roc._.pdf\">Vyhl\u00e1senie 23. ro\u010dn\u00edka s\u00fa\u0165a\u017ee<\/a><\/li>\n<li><a href=\"https:\/\/archiv.siov.sk\/wp-content\/uploads\/2021\/09\/ML.-EKOF.-23.r.-OTP.pdf\">Organiza\u010dno-technick\u00e9 pokyny<\/a><\/li>\n<li><a href=\"https:\/\/archiv.siov.sk\/wp-content\/uploads\/2022\/03\/Metodicky_pokyn_23.rocnik-final.pdf\" target=\"_blank\" rel=\"noopener\">Metodick\u00fd pokyn<\/a><\/li>\n<li><a href=\"https:\/\/archiv.siov.sk\/wp-content\/uploads\/2022\/03\/PRIHLASKA-SOM-2022_final-.doc\" target=\"_blank\" rel=\"noopener\">Prihl\u00e1\u0161ka<\/a><\/li>\n<\/ul>\n<p><strong>\u0160kolsk\u00fd rok 2020\/2021<\/strong><\/p>\n<ul>\n<li><a href=\"https:\/\/archiv.siov.sk\/wp-content\/uploads\/2021\/05\/Vyhodnotenie-celostatnej-sutaze-Mlady-ekofarmar-2021.-final-doc.pdf\">Anal\u00fdza a zhodnotenie v\u00fdsledkov vedomost\u00ed \u017eiakov &#8211; spr\u00e1va<\/a><\/li>\n<li><a href=\"https:\/\/archiv.siov.sk\/wp-content\/uploads\/2021\/05\/VYSLEDKOVA-LISTINA.pdf\">V\u00fdsledkov\u00e1 listina celo\u0161t\u00e1tneho kola<\/a><\/li>\n<li><a href=\"https:\/\/archiv.siov.sk\/wp-content\/uploads\/2021\/05\/STRATOVACIA-LISTINA.pdf\">\u0160tartovacia listina celo\u0161t\u00e1tneho kola<\/a><\/li>\n<li><a href=\"https:\/\/archiv.siov.sk\/wp-content\/uploads\/2021\/04\/Bulletin-na-doplnenie-2021.SOM-pdf-1.pdf\">Bulletin 22. ro\u010dn\u00edka celo\u0161t\u00e1tneho kola<\/a><\/li>\n<li><a href=\"https:\/\/archiv.siov.sk\/wp-content\/uploads\/2021\/04\/Bulletin-na-doplnenie-2021.SOM-pdf.pdf\">Metodick\u00fd pokyn s\u00fa\u0165a\u017ee<\/a><\/li>\n<li><a href=\"https:\/\/archiv.siov.sk\/wp-content\/uploads\/2021\/02\/Organizatori_SK-KK_ME-SOM_2020-21_FINAL-.pdf\">Term\u00ednovn\u00edk \u0161kolsk\u00fdch k\u00f4l a celo\u0161t\u00e1tne kolo<\/a><\/li>\n<li><a href=\"https:\/\/archiv.siov.sk\/wp-content\/uploads\/2020\/11\/Vyhlasenie-sutze-SOM-2020_21-distancne.pdf\">Vyhl\u00e1senie s\u00fa\u0165a\u017ee Mlad\u00fd ekofarm\u00e1r 2020<\/a><\/li>\n<li><a href=\"https:\/\/archiv.siov.sk\/wp-content\/uploads\/2020\/11\/OTP-SOM-2020_21.pdf\">Organiza\u010dno-technick\u00e9 pokyny Mlad\u00fd ekofarm\u00e1r &#8211; di\u0161tan\u010dne<\/a><\/li>\n<li><a href=\"https:\/\/archiv.siov.sk\/wp-content\/uploads\/2021\/05\/Adresar-COK-ME-2020-21-.pdf\">Adres\u00e1r Celo\u0161t\u00e1tnej odbornej komisie<\/a><\/li>\n<\/ul>\n<p><strong>\u0160kolsk\u00fd rok 2019\/2020<\/strong>&#8211; 21. ro\u010dn\u00edk s\u00fa\u0165a\u017ee Mlad\u00fd ekofarm\u00e1r \u2013 S\u00fa\u0165a\u017e o mlieku<\/p>\n<ul>\n<li><a href=\"\/wp-content\/uploads\/2020\/01\/INFORMACIA-K-Prihlasovaniu.pdf\">Inform\u00e1cia k prihlasovaniu na s\u00fa\u0165a\u017e<\/a><\/li>\n<li><a href=\"\/wp-content\/uploads\/2019\/10\/Organizatori_SK-KK_ME-SOM_2019-20_web.pdf\">Organiz\u00e1tori \u0161kolsk\u00fdch a krajsk\u00fdch k\u00f4l<\/a><\/li>\n<li><a href=\"\/wp-content\/uploads\/2019\/08\/Vyhlasenie-SOM-2019-20.pdf\" target=\"_blank\" rel=\"noopener noreferrer\">Vyhl\u00e1senie<\/a><\/li>\n<li><a href=\"\/wp-content\/uploads\/2019\/08\/OTP-SOM-2019_20.pdf\" target=\"_blank\" rel=\"noopener noreferrer\">Organiza\u010dno-technick\u00e9 pokyny<\/a><\/li>\n<\/ul>\n<p><strong>\u0160kolsk\u00fd rok 2018\/2019<\/strong><\/p>\n<ul>\n<li><a href=\"\/wp-content\/uploads\/2019\/07\/ZAVERECNE-HODNOTENIE-Nitra-2019.pdf\" target=\"_blank\" rel=\"noopener noreferrer\">Z\u00e1vere\u010dn\u00e9ho vyhodnotenie 20. ro\u010dn\u00edka s\u00fa\u0165a\u017ee Mlad\u00fd ekofarm\u00e1r<\/a><\/li>\n<li><a href=\"\/wp-content\/uploads\/2019\/05\/Nova-vysledkova-listina-2019.pdf\" target=\"_blank\" rel=\"noopener noreferrer\">V\u00fdsledkov\u00e1 listina<\/a><\/li>\n<li><a href=\"\/wp-content\/uploads\/2019\/05\/2019-startovacia-listina-mlady-farmar.pdf\" target=\"_blank\" rel=\"noopener noreferrer\">\u0160tartovacia listina<\/a><\/li>\n<li><a href=\"https:\/\/archiv.siov.sk\/wp-content\/uploads\/2019\/02\/Metodicky-pokyn-Mlady-ekofamar-2018_2019-na-web-.pdf\">Metodick\u00fd pokyn<\/a><\/li>\n<li><a href=\"https:\/\/archiv.siov.sk\/wp-content\/uploads\/2019\/02\/Vyhlasenie-SOM-2019.pdf\" target=\"_blank\" rel=\"noopener noreferrer\">Vyhl\u00e1senie s\u00fa\u0165a\u017ee Mlad\u00fd ekofarm\u00e1r 2019<\/a><\/li>\n<li><a href=\"https:\/\/archiv.siov.sk\/wp-content\/uploads\/2019\/02\/OTP-SOM-2018_19.pdf\" target=\"_blank\" rel=\"noopener noreferrer\">Organiza\u010dno technick\u00e9 pokyny<\/a><\/li>\n<li><a href=\"https:\/\/archiv.siov.sk\/wp-content\/uploads\/2019\/02\/Organizatori_SK-KK_ME-SOM_2018-19_web.pdf\" target=\"_blank\" rel=\"noopener noreferrer\">Organizatori \u0161kolsk\u00fdch a krajsk\u00fdch k\u00f4l<\/a><\/li>\n<li><a href=\"https:\/\/archiv.siov.sk\/wp-content\/uploads\/2019\/02\/OP-Mlady-ekofarmar-2017.pdf\" target=\"_blank\" rel=\"noopener noreferrer\">Organiza\u010dn\u00fd poriadok s\u00fa\u0165a\u017ee Mlad\u00fd ekofarm\u00e1r<\/a><\/li>\n<li><a href=\"https:\/\/archiv.siov.sk\/wp-content\/uploads\/2019\/02\/Adresar-COK-ME-2018-19_web.pdf\" target=\"_blank\" rel=\"noopener noreferrer\">Adres\u00e1r Celo\u0161t\u00e1tnej odbornej komisie s\u00fa\u0165a\u017ee Mlad\u00fd ekofarm\u00e1r<\/a><\/li>\n<\/ul>\n<p><strong>\u0160kolsk\u00fd rok 2017\/2018<\/strong><\/p>\n<ul>\n<li><a href=\"https:\/\/archiv.siov.sk\/wp-content\/uploads\/2019\/02\/Vyhodnotenie-sutaze-Mlady-ekofarmar-2018-doc.pdf\" target=\"_blank\" rel=\"noopener noreferrer\">Vyhodnotenie s\u00fa\u0165a\u017ee<\/a><\/li>\n<li><a href=\"https:\/\/archiv.siov.sk\/wp-content\/uploads\/2019\/02\/vysledkova-listina-Mlady-ekofarmar-2018-na-web.pdf\" target=\"_blank\" rel=\"noopener noreferrer\">V\u00fdsledkov\u00e1 listina<\/a><\/li>\n<li><a href=\"https:\/\/archiv.siov.sk\/wp-content\/uploads\/2019\/02\/Prihlaska_na_s\u00fataz_Mlady_ekofarmar_2017_2018.doc\" target=\"_blank\" rel=\"noopener noreferrer\">Prihla\u0161ka na s\u00fa\u0165a\u017e<\/a><\/li>\n<li><a href=\"https:\/\/archiv.siov.sk\/wp-content\/uploads\/2019\/02\/Metodicky_pokyn_Mlady_ekofamar_2017_2018-na-web.pdf\" target=\"_blank\" rel=\"noopener noreferrer\">Metodick\u00fd pokyn<\/a><\/li>\n<\/ul>\n<p><strong>\u0160kolsk\u00fd rok 2016\/2017<\/strong><\/p>\n<ul>\n<li><a href=\"https:\/\/archiv.siov.sk\/wp-content\/uploads\/2019\/02\/Bulletin-Mlady-ekofarmar-na-web.pdf\" target=\"_blank\" rel=\"noopener noreferrer\">Bulletin Mlad\u00fd ekofarm\u00e1r<\/a><\/li>\n<\/ul>","protected":false},"excerpt":{"rendered":"<p>SOM &#8211; Mlad\u00fd ekofarm\u00e1r Mlad\u00fd ekofarm\u00e1r je s\u00fa\u0165a\u017e zameran\u00e1 na vyh\u013ead\u00e1vanie talentovan\u00fdch a nadan\u00fdch \u017eiakov S0\u0160, so \u0161tudijn\u00fdmi odbormi agropodnikanie, \u017eivotn\u00e9 prostredie, veterin\u00e1rne zdravotn\u00edctvo a hygiena, a \u010fal\u0161\u00edmi odbormi s\u00favisiacimi s po\u013enohospod\u00e1rstvom, potravin\u00e1rstvom a ekol\u00f3giou, rozv\u00edja tvoriv\u00e9 kompetencie \u017eiakov, odborn\u00e9-teoretick\u00e9 vedomosti a odborno-praktick\u00e9 schopnosti a zru\u010dnosti, vytv\u00e1ra trval\u00fd vz\u0165ah k rozv\u00edjaniu vedomost\u00ed o v\u00fdrobe, zlo\u017een\u00ed, [&hellip;]<\/p>\n","protected":false},"author":1,"featured_media":0,"parent":144,"menu_order":0,"comment_status":"closed","ping_status":"closed","template":"","meta":{"site-sidebar-layout":"default","site-content-layout":"default","ast-site-content-layout":"default","site-content-style":"default","site-sidebar-style":"default","ast-global-header-display":"","ast-banner-title-visibility":"","ast-main-header-display":"","ast-hfb-above-header-display":"","ast-hfb-below-header-display":"","ast-hfb-mobile-header-display":"","site-post-title":"disabled","ast-breadcrumbs-content":"","ast-featured-img":"","footer-sml-layout":"","ast-disable-related-posts":"","theme-transparent-header-meta":"default","adv-header-id-meta":"","stick-header-meta":"default","header-above-stick-meta":"","header-main-stick-meta":"","header-below-stick-meta":"","astra-migrate-meta-layouts":"set","ast-page-background-enabled":"default","ast-page-background-meta":{"desktop":{"background-color":"var(--ast-global-color-4)","background-image":"","background-repeat":"repeat","background-position":"center center","background-size":"auto","background-attachment":"scroll","background-type":"","background-media":"","overlay-type":"","overlay-color":"","overlay-opacity":"","overlay-gradient":""},"tablet":{"background-color":"","background-image":"","background-repeat":"repeat","background-position":"center center","background-size":"auto","background-attachment":"scroll","background-type":"","background-media":"","overlay-type":"","overlay-color":"","overlay-opacity":"","overlay-gradient":""},"mobile":{"background-color":"","background-image":"","background-repeat":"repeat","background-position":"center center","background-size":"auto","background-attachment":"scroll","background-type":"","background-media":"","overlay-type":"","overlay-color":"","overlay-opacity":"","overlay-gradient":""}},"ast-content-background-meta":{"desktop":{"background-color":"var(--ast-global-color-5)","background-image":"","background-repeat":"repeat","background-position":"center center","background-size":"auto","background-attachment":"scroll","background-type":"","background-media":"","overlay-type":"","overlay-color":"","overlay-opacity":"","overlay-gradient":""},"tablet":{"background-color":"var(--ast-global-color-5)","background-image":"","background-repeat":"repeat","background-position":"center center","background-size":"auto","background-attachment":"scroll","background-type":"","background-media":"","overlay-type":"","overlay-color":"","overlay-opacity":"","overlay-gradient":""},"mobile":{"background-color":"var(--ast-global-color-5)","background-image":"","background-repeat":"repeat","background-position":"center center","background-size":"auto","background-attachment":"scroll","background-type":"","background-media":"","overlay-type":"","overlay-color":"","overlay-opacity":"","overlay-gradient":""}},"footnotes":""},"class_list":["post-1864","page","type-page","status-publish","hentry"],"yoast_head":"<!-- This site is optimized with the Yoast SEO plugin v27.5 - https:\/\/yoast.com\/product\/yoast-seo-wordpress\/ -->\n<title>SOM - Mlad\u00fd ekofarm\u00e1r - \u0160IOV - \u0161t\u00e1tny in\u0161tit\u00fat odborn\u00e9ho vzdel\u00e1vania<\/title>\n<meta name=\"robots\" content=\"index, follow, max-snippet:-1, max-image-preview:large, max-video-preview:-1\" \/>\n<link rel=\"canonical\" href=\"https:\/\/archiv.siov.sk\/en\/sutaze\/mlady-ekofarmar\/\" \/>\n<meta property=\"og:locale\" content=\"en_GB\" \/>\n<meta property=\"og:type\" content=\"article\" \/>\n<meta property=\"og:title\" content=\"SOM - Mlad\u00fd ekofarm\u00e1r - \u0160IOV - \u0161t\u00e1tny in\u0161tit\u00fat odborn\u00e9ho vzdel\u00e1vania\" \/>\n<meta property=\"og:description\" content=\"SOM &#8211; Mlad\u00fd ekofarm\u00e1r Mlad\u00fd ekofarm\u00e1r je s\u00fa\u0165a\u017e zameran\u00e1 na vyh\u013ead\u00e1vanie talentovan\u00fdch a nadan\u00fdch \u017eiakov S0\u0160, so \u0161tudijn\u00fdmi odbormi agropodnikanie, \u017eivotn\u00e9 prostredie, veterin\u00e1rne zdravotn\u00edctvo a hygiena, a \u010fal\u0161\u00edmi odbormi s\u00favisiacimi s po\u013enohospod\u00e1rstvom, potravin\u00e1rstvom a ekol\u00f3giou, rozv\u00edja tvoriv\u00e9 kompetencie \u017eiakov, odborn\u00e9-teoretick\u00e9 vedomosti a odborno-praktick\u00e9 schopnosti a zru\u010dnosti, vytv\u00e1ra trval\u00fd vz\u0165ah k rozv\u00edjaniu vedomost\u00ed o v\u00fdrobe, zlo\u017een\u00ed, [&hellip;]\" \/>\n<meta property=\"og:url\" content=\"https:\/\/archiv.siov.sk\/en\/sutaze\/mlady-ekofarmar\/\" \/>\n<meta property=\"og:site_name\" content=\"\u0160IOV - \u0161t\u00e1tny in\u0161tit\u00fat odborn\u00e9ho vzdel\u00e1vania\" \/>\n<meta property=\"article:publisher\" content=\"https:\/\/www.facebook.com\/Statnyinstitutodbornehovzdelavania\" \/>\n<meta property=\"article:modified_time\" content=\"2025-09-22T07:52:46+00:00\" \/>\n<meta name=\"twitter:card\" content=\"summary_large_image\" \/>\n<meta name=\"twitter:label1\" content=\"Estimated reading time\" \/>\n\t<meta name=\"twitter:data1\" content=\"3 minutes\" \/>\n<script type=\"application\/ld+json\" class=\"yoast-schema-graph\">{\"@context\":\"https:\\\/\\\/schema.org\",\"@graph\":[{\"@type\":\"WebPage\",\"@id\":\"https:\\\/\\\/archiv.siov.sk\\\/en\\\/sutaze\\\/mlady-ekofarmar\\\/\",\"url\":\"https:\\\/\\\/archiv.siov.sk\\\/en\\\/sutaze\\\/mlady-ekofarmar\\\/\",\"name\":\"SOM - Mlad\u00fd ekofarm\u00e1r - \u0160IOV - \u0161t\u00e1tny in\u0161tit\u00fat odborn\u00e9ho vzdel\u00e1vania\",\"isPartOf\":{\"@id\":\"https:\\\/\\\/archiv.siov.sk\\\/#website\"},\"datePublished\":\"2019-02-12T14:57:04+00:00\",\"dateModified\":\"2025-09-22T07:52:46+00:00\",\"breadcrumb\":{\"@id\":\"https:\\\/\\\/archiv.siov.sk\\\/en\\\/sutaze\\\/mlady-ekofarmar\\\/#breadcrumb\"},\"inLanguage\":\"en-GB\",\"potentialAction\":[{\"@type\":\"ReadAction\",\"target\":[\"https:\\\/\\\/archiv.siov.sk\\\/en\\\/sutaze\\\/mlady-ekofarmar\\\/\"]}]},{\"@type\":\"BreadcrumbList\",\"@id\":\"https:\\\/\\\/archiv.siov.sk\\\/en\\\/sutaze\\\/mlady-ekofarmar\\\/#breadcrumb\",\"itemListElement\":[{\"@type\":\"ListItem\",\"position\":1,\"name\":\"Home\",\"item\":\"https:\\\/\\\/archiv.siov.sk\\\/\"},{\"@type\":\"ListItem\",\"position\":2,\"name\":\"S\u00fa\u0165a\u017ee\",\"item\":\"https:\\\/\\\/archiv.siov.sk\\\/sutaze\\\/\"},{\"@type\":\"ListItem\",\"position\":3,\"name\":\"SOM &#8211; Mlad\u00fd ekofarm\u00e1r\"}]},{\"@type\":\"WebSite\",\"@id\":\"https:\\\/\\\/archiv.siov.sk\\\/#website\",\"url\":\"https:\\\/\\\/archiv.siov.sk\\\/\",\"name\":\"\u0160IOV - \u0161t\u00e1tny in\u0161tit\u00fat odborn\u00e9ho vzdel\u00e1vania\",\"description\":\"\",\"publisher\":{\"@id\":\"https:\\\/\\\/archiv.siov.sk\\\/#organization\"},\"potentialAction\":[{\"@type\":\"SearchAction\",\"target\":{\"@type\":\"EntryPoint\",\"urlTemplate\":\"https:\\\/\\\/archiv.siov.sk\\\/?s={search_term_string}\"},\"query-input\":{\"@type\":\"PropertyValueSpecification\",\"valueRequired\":true,\"valueName\":\"search_term_string\"}}],\"inLanguage\":\"en-GB\"},{\"@type\":\"Organization\",\"@id\":\"https:\\\/\\\/archiv.siov.sk\\\/#organization\",\"name\":\"\u0160IOV - \u0161t\u00e1tny in\u0161tit\u00fat odborn\u00e9ho vzdel\u00e1vania\",\"url\":\"https:\\\/\\\/archiv.siov.sk\\\/\",\"logo\":{\"@type\":\"ImageObject\",\"inLanguage\":\"en-GB\",\"@id\":\"https:\\\/\\\/archiv.siov.sk\\\/#\\\/schema\\\/logo\\\/image\\\/\",\"url\":\"https:\\\/\\\/archiv.siov.sk\\\/wp-content\\\/uploads\\\/2024\\\/02\\\/logo-SIOV.png\",\"contentUrl\":\"https:\\\/\\\/archiv.siov.sk\\\/wp-content\\\/uploads\\\/2024\\\/02\\\/logo-SIOV.png\",\"width\":431,\"height\":143,\"caption\":\"\u0160IOV - \u0161t\u00e1tny in\u0161tit\u00fat odborn\u00e9ho vzdel\u00e1vania\"},\"image\":{\"@id\":\"https:\\\/\\\/archiv.siov.sk\\\/#\\\/schema\\\/logo\\\/image\\\/\"},\"sameAs\":[\"https:\\\/\\\/www.facebook.com\\\/Statnyinstitutodbornehovzdelavania\"]}]}<\/script>\n<!-- \/ Yoast SEO plugin. -->","yoast_head_json":{"title":"SOM - Mlad\u00fd ekofarm\u00e1r - \u0160IOV - \u0161t\u00e1tny in\u0161tit\u00fat odborn\u00e9ho vzdel\u00e1vania","robots":{"index":"index","follow":"follow","max-snippet":"max-snippet:-1","max-image-preview":"max-image-preview:large","max-video-preview":"max-video-preview:-1"},"canonical":"https:\/\/archiv.siov.sk\/en\/sutaze\/mlady-ekofarmar\/","og_locale":"en_GB","og_type":"article","og_title":"SOM - Mlad\u00fd ekofarm\u00e1r - \u0160IOV - \u0161t\u00e1tny in\u0161tit\u00fat odborn\u00e9ho vzdel\u00e1vania","og_description":"SOM &#8211; Mlad\u00fd ekofarm\u00e1r Mlad\u00fd ekofarm\u00e1r je s\u00fa\u0165a\u017e zameran\u00e1 na vyh\u013ead\u00e1vanie talentovan\u00fdch a nadan\u00fdch \u017eiakov S0\u0160, so \u0161tudijn\u00fdmi odbormi agropodnikanie, \u017eivotn\u00e9 prostredie, veterin\u00e1rne zdravotn\u00edctvo a hygiena, a \u010fal\u0161\u00edmi odbormi s\u00favisiacimi s po\u013enohospod\u00e1rstvom, potravin\u00e1rstvom a ekol\u00f3giou, rozv\u00edja tvoriv\u00e9 kompetencie \u017eiakov, odborn\u00e9-teoretick\u00e9 vedomosti a odborno-praktick\u00e9 schopnosti a zru\u010dnosti, vytv\u00e1ra trval\u00fd vz\u0165ah k rozv\u00edjaniu vedomost\u00ed o v\u00fdrobe, zlo\u017een\u00ed, [&hellip;]","og_url":"https:\/\/archiv.siov.sk\/en\/sutaze\/mlady-ekofarmar\/","og_site_name":"\u0160IOV - \u0161t\u00e1tny in\u0161tit\u00fat odborn\u00e9ho vzdel\u00e1vania","article_publisher":"https:\/\/www.facebook.com\/Statnyinstitutodbornehovzdelavania","article_modified_time":"2025-09-22T07:52:46+00:00","twitter_card":"summary_large_image","twitter_misc":{"Estimated reading time":"3 minutes"},"schema":{"@context":"https:\/\/schema.org","@graph":[{"@type":"WebPage","@id":"https:\/\/archiv.siov.sk\/en\/sutaze\/mlady-ekofarmar\/","url":"https:\/\/archiv.siov.sk\/en\/sutaze\/mlady-ekofarmar\/","name":"SOM - Mlad\u00fd ekofarm\u00e1r - \u0160IOV - \u0161t\u00e1tny in\u0161tit\u00fat odborn\u00e9ho vzdel\u00e1vania","isPartOf":{"@id":"https:\/\/archiv.siov.sk\/#website"},"datePublished":"2019-02-12T14:57:04+00:00","dateModified":"2025-09-22T07:52:46+00:00","breadcrumb":{"@id":"https:\/\/archiv.siov.sk\/en\/sutaze\/mlady-ekofarmar\/#breadcrumb"},"inLanguage":"en-GB","potentialAction":[{"@type":"ReadAction","target":["https:\/\/archiv.siov.sk\/en\/sutaze\/mlady-ekofarmar\/"]}]},{"@type":"BreadcrumbList","@id":"https:\/\/archiv.siov.sk\/en\/sutaze\/mlady-ekofarmar\/#breadcrumb","itemListElement":[{"@type":"ListItem","position":1,"name":"Home","item":"https:\/\/archiv.siov.sk\/"},{"@type":"ListItem","position":2,"name":"S\u00fa\u0165a\u017ee","item":"https:\/\/archiv.siov.sk\/sutaze\/"},{"@type":"ListItem","position":3,"name":"SOM &#8211; Mlad\u00fd ekofarm\u00e1r"}]},{"@type":"WebSite","@id":"https:\/\/archiv.siov.sk\/#website","url":"https:\/\/archiv.siov.sk\/","name":"\u0160IOV - \u0161t\u00e1tny in\u0161tit\u00fat odborn\u00e9ho vzdel\u00e1vania","description":"","publisher":{"@id":"https:\/\/archiv.siov.sk\/#organization"},"potentialAction":[{"@type":"SearchAction","target":{"@type":"EntryPoint","urlTemplate":"https:\/\/archiv.siov.sk\/?s={search_term_string}"},"query-input":{"@type":"PropertyValueSpecification","valueRequired":true,"valueName":"search_term_string"}}],"inLanguage":"en-GB"},{"@type":"Organization","@id":"https:\/\/archiv.siov.sk\/#organization","name":"\u0160IOV - \u0161t\u00e1tny in\u0161tit\u00fat odborn\u00e9ho vzdel\u00e1vania","url":"https:\/\/archiv.siov.sk\/","logo":{"@type":"ImageObject","inLanguage":"en-GB","@id":"https:\/\/archiv.siov.sk\/#\/schema\/logo\/image\/","url":"https:\/\/archiv.siov.sk\/wp-content\/uploads\/2024\/02\/logo-SIOV.png","contentUrl":"https:\/\/archiv.siov.sk\/wp-content\/uploads\/2024\/02\/logo-SIOV.png","width":431,"height":143,"caption":"\u0160IOV - \u0161t\u00e1tny in\u0161tit\u00fat odborn\u00e9ho vzdel\u00e1vania"},"image":{"@id":"https:\/\/archiv.siov.sk\/#\/schema\/logo\/image\/"},"sameAs":["https:\/\/www.facebook.com\/Statnyinstitutodbornehovzdelavania"]}]}},"_links":{"self":[{"href":"https:\/\/archiv.siov.sk\/en\/wp-json\/wp\/v2\/pages\/1864","targetHints":{"allow":["GET"]}}],"collection":[{"href":"https:\/\/archiv.siov.sk\/en\/wp-json\/wp\/v2\/pages"}],"about":[{"href":"https:\/\/archiv.siov.sk\/en\/wp-json\/wp\/v2\/types\/page"}],"author":[{"embeddable":true,"href":"https:\/\/archiv.siov.sk\/en\/wp-json\/wp\/v2\/users\/1"}],"replies":[{"embeddable":true,"href":"https:\/\/archiv.siov.sk\/en\/wp-json\/wp\/v2\/comments?post=1864"}],"version-history":[{"count":116,"href":"https:\/\/archiv.siov.sk\/en\/wp-json\/wp\/v2\/pages\/1864\/revisions"}],"predecessor-version":[{"id":21058,"href":"https:\/\/archiv.siov.sk\/en\/wp-json\/wp\/v2\/pages\/1864\/revisions\/21058"}],"up":[{"embeddable":true,"href":"https:\/\/archiv.siov.sk\/en\/wp-json\/wp\/v2\/pages\/144"}],"wp:attachment":[{"href":"https:\/\/archiv.siov.sk\/en\/wp-json\/wp\/v2\/media?parent=1864"}],"curies":[{"name":"wp","href":"https:\/\/api.w.org\/{rel}","templated":true}]}}