{"id":15362,"date":"2024-05-03T22:14:21","date_gmt":"2024-05-03T20:14:21","guid":{"rendered":"https:\/\/archiv.siov.sk\/?page_id=15362"},"modified":"2024-11-28T12:56:24","modified_gmt":"2024-11-28T11:56:24","slug":"projekt-d-ila-in-v4","status":"publish","type":"page","link":"https:\/\/archiv.siov.sk\/en\/projekty\/zrealizovane-projekty\/projekt-d-ila-in-v4\/","title":{"rendered":"Projekt D-ILA in V4"},"content":{"rendered":"<div data-elementor-type=\"wp-page\" data-elementor-id=\"15362\" class=\"elementor elementor-15362\" data-elementor-post-type=\"page\">\n\t\t\t\t\t\t<section class=\"elementor-section elementor-top-section elementor-element elementor-element-fa4655e elementor-section-boxed elementor-section-height-default elementor-section-height-default\" data-id=\"fa4655e\" data-element_type=\"section\" data-e-type=\"section\">\n\t\t\t\t\t\t<div class=\"elementor-container elementor-column-gap-default\">\n\t\t\t\t\t<div class=\"elementor-column elementor-col-100 elementor-top-column elementor-element elementor-element-7a95418\" data-id=\"7a95418\" data-element_type=\"column\" data-e-type=\"column\">\n\t\t\t<div class=\"elementor-widget-wrap elementor-element-populated\">\n\t\t\t\t\t\t<div class=\"elementor-element elementor-element-79150bf elementor-widget-divider--view-line elementor-widget elementor-widget-divider\" data-id=\"79150bf\" data-element_type=\"widget\" data-e-type=\"widget\" data-widget_type=\"divider.default\">\n\t\t\t\t<div class=\"elementor-widget-container\">\n\t\t\t\t\t\t\t<div class=\"elementor-divider\">\n\t\t\t<span class=\"elementor-divider-separator\">\n\t\t\t\t\t\t<\/span>\n\t\t<\/div>\n\t\t\t\t\t\t<\/div>\n\t\t\t\t<\/div>\n\t\t\t\t<div class=\"elementor-element elementor-element-c7bdee4 elementor-widget elementor-widget-heading\" data-id=\"c7bdee4\" data-element_type=\"widget\" data-e-type=\"widget\" data-widget_type=\"heading.default\">\n\t\t\t\t<div class=\"elementor-widget-container\">\n\t\t\t\t\t<h2 class=\"elementor-heading-title elementor-size-default\">Projekt Erasmus+: D-ILA in V4\nDigit\u00e1lne individu\u00e1lne vzdel\u00e1vacie \u00fa\u010dty vo Vy\u0161ehradsk\u00fdch krajin\u00e1ch\n<\/h2>\t\t\t\t<\/div>\n\t\t\t\t<\/div>\n\t\t\t\t\t<\/div>\n\t\t<\/div>\n\t\t\t\t\t<\/div>\n\t\t<\/section>\n\t\t\t\t<section class=\"elementor-section elementor-top-section elementor-element elementor-element-5ddeaa7 elementor-section-boxed elementor-section-height-default elementor-section-height-default\" data-id=\"5ddeaa7\" data-element_type=\"section\" data-e-type=\"section\">\n\t\t\t\t\t\t<div class=\"elementor-container elementor-column-gap-default\">\n\t\t\t\t\t<div class=\"elementor-column elementor-col-100 elementor-top-column elementor-element elementor-element-a25e0f8\" data-id=\"a25e0f8\" data-element_type=\"column\" data-e-type=\"column\">\n\t\t\t<div class=\"elementor-widget-wrap elementor-element-populated\">\n\t\t\t\t\t\t<div class=\"elementor-element elementor-element-050fb52 elementor-widget elementor-widget-text-editor\" data-id=\"050fb52\" data-element_type=\"widget\" data-e-type=\"widget\" data-widget_type=\"text-editor.default\">\n\t\t\t\t<div class=\"elementor-widget-container\">\n\t\t\t\t\t\t\t\t\t<p><img decoding=\"async\" class=\"wp-image-15369 alignright\" src=\"https:\/\/siov.sk\/wp-content\/uploads\/2024\/05\/erasmus_logo_RGB.jpg.webp\" alt=\"\" width=\"169\" height=\"95\" srcset=\"https:\/\/archiv.siov.sk\/wp-content\/uploads\/2024\/05\/erasmus_logo_RGB.jpg.webp 806w, https:\/\/archiv.siov.sk\/wp-content\/uploads\/2024\/05\/erasmus_logo_RGB.jpg-300x169.webp 300w, https:\/\/archiv.siov.sk\/wp-content\/uploads\/2024\/05\/erasmus_logo_RGB.jpg-768x432.webp 768w, https:\/\/archiv.siov.sk\/wp-content\/uploads\/2024\/05\/erasmus_logo_RGB.jpg-18x10.webp 18w\" sizes=\"(max-width: 169px) 100vw, 169px\" \/><\/p><p style=\"text-align: justify;\">Projekt <strong>Digit\u00e1lne individu\u00e1lne vzdel\u00e1vacie \u00fa\u010dty v\u00a0krajin\u00e1ch V-4<\/strong> je \u00faspe\u0161ne ukon\u010den\u00fd. Spolupr\u00e1ca \u0161tyroch partnerov z Ma\u010farska, \u010ceskej republiky, Po\u013eska a Slovenska, ktor\u00fdch po\u010das dvoch rokov realiz\u00e1cie projektu sp\u00e1jalo \u00fasilie dosiahnu\u0165 pokrok v technick\u00fdch ot\u00e1zkach ILA a prepoji\u0165 ho s tvorbou polit\u00edk a praxou, vyvrcholil z\u00e1vere\u010dnou konferenciou. V jednotliv\u00fdch vstupoch a diskusii sme sa venovali t\u00fdmto t\u00e9mam:<\/p><ul><li style=\"text-align: justify;\">s\u00fa\u010dasn\u00fd stav v\u00fdvoja individu\u00e1lnych vzdel\u00e1vac\u00edch \u00fa\u010dtov v krajin\u00e1ch V4,<\/li><li>praktick\u00e9 v\u00fdzvy, ale aj potreby a pr\u00edle\u017eitosti s\u00favisiace so zhroma\u017e\u010fovan\u00edm a vyu\u017e\u00edvan\u00edm \u00fadajov vo vzdel\u00e1van\u00ed dospel\u00fdch,<\/li><li>podpora rozvoja m\u00e4kk\u00fdch zru\u010dnost\u00ed vo vzdel\u00e1van\u00ed dospel\u00fdch,<\/li><li>inform\u00e1cie, poznatky a n\u00e1stroje potrebn\u00e9 na podporu efekt\u00edvneho rozde\u013eovania finan\u010dn\u00fdch prostriedkov prostredn\u00edctvom individu\u00e1lnych vzdel\u00e1vac\u00edch \u00fa\u010dtov,<\/li><li>met\u00f3dy a n\u00e1stroje na modelovanie \u00fa\u010dinkov r\u00f4znych finan\u010dn\u00fdch scen\u00e1rov.<\/li><\/ul><p style=\"text-align: justify;\">Konferencia sa konala v online prostred\u00ed MS Teams <strong>d\u0148a 20. septembra 2024 od 9:30 do 13:00<\/strong>. Viac inform\u00e1ci\u00ed v prilo\u017eenej pozv\u00e1nke. Pracovn\u00fdm jazykom bola angli\u010dtina. Registra\u010dn\u00fd formul\u00e1r: <strong><a href=\"https:\/\/forms.office.com\/e\/0bBFJRfbQE\">https:\/\/forms.office.com\/e\/0bBFJRfbQE<\/a><\/strong><\/p><p><strong><a href=\"https:\/\/siov.sk\/wp-content\/uploads\/2024\/09\/D-ILA_conference_agenda_final.pdf\" target=\"_blank\" rel=\"noopener\">Pozv\u00e1nka na konferenciu<\/a><\/strong><\/p><p>Hlavn\u00fdm cie\u013eom projektu bolo zv\u00fd\u0161i\u0165 po\u010det dospel\u00fdch \u013eud\u00ed, ktor\u00ed sa zap\u00e1jaj\u00fa do vzdel\u00e1vania. Tento cie\u013e sme dosiahli\u00a0 modelovan\u00edm a testovan\u00edm d\u00e1tov\u00e9ho syst\u00e9mu pre personalizovan\u00e9 financovanie vzdel\u00e1vania v oblasti m\u00e4kk\u00fdch zru\u010dnost\u00ed ako podporn\u00e9ho mechanizmu pre rozvoj individu\u00e1lnych vzdel\u00e1vac\u00edch \u00fa\u010dtov. D\u00e1tov\u00fd model je optimalizovan\u00fd s vyu\u017eit\u00edm umelej inteligencie s cie\u013eom generova\u0165 vzdel\u00e1vacie ponuky \u0161it\u00e9 na mieru potreb\u00e1m dospel\u00fdch u\u010diacich sa.<\/p><p>Cie\u013eom testovania d\u00e1tov\u00e9ho modelu bolo overi\u0165, ktor\u00e9 zo vstupn\u00fdch \u00fadajov o jednotlivcoch a vzdel\u00e1vac\u00edch kurzoch s\u00fa potrebn\u00e9 a ak\u00e9 konkr\u00e9tne mo\u017enosti vyu\u017eitia zo strany verejn\u00fdch in\u0161tit\u00faci\u00ed, zamestn\u00e1vate\u013eov \u010di poskytovate\u013eov vzdel\u00e1vania dospel\u00fdch s\u00fa mo\u017en\u00e9.<\/p><p>Hoci sa vzdel\u00e1vanie dospel\u00fdch \u010doraz viac zameriava na rozvoj kompetenci\u00ed, o\u010dak\u00e1vania trhu pr\u00e1ce sa pos\u00favaj\u00fa smerom ku kr\u00e1tkym \u0161pecializovan\u00fdm \u0161koleniam, ktor\u00e9 prin\u00e1\u0161aj\u00fa okam\u017eit\u00e9 hmatate\u013en\u00e9 v\u00fdsledky. Syst\u00e9m financovania aj syst\u00e9m certifik\u00e1cie v\u00fdsledkov vzdel\u00e1vania bolo potrebn\u00e9 prisp\u00f4sobi\u0165 tak, aby sp\u013a\u0148al tieto potreby. Na tento \u00fa\u010del bude sl\u00fa\u017ei\u0165 d\u00e1tov\u00fd model, ktor\u00fd bude integrova\u0165 pr\u00edstupy 4 kraj\u00edn E\u00da ku vzdel\u00e1vaniu dospel\u00fdch v oblasti m\u00e4kk\u00fdch zru\u010dnost\u00ed s vyu\u017eit\u00edm individu\u00e1lnych vzdel\u00e1vac\u00edch \u00fa\u010dtov.<\/p><p>Hlavn\u00fdmi v\u00fdstupmi projektu s\u00fa:<\/p><p style=\"padding-left: 40px;\">a. \u0160t\u00fadia uskuto\u010dnite\u013enosti mapuj\u00faca vzdel\u00e1vanie dospel\u00fdch v krajin\u00e1ch V4<br \/>b. Metodick\u00e1 pr\u00edru\u010dka k d\u00e1tov\u00e9mu modelu pre zainteresovan\u00e9 strany<\/p><p>Projekt D-ILA in V4 bol financovan\u00fd v r\u00e1mci programu Erasmus+ (KA2, Vzdel\u00e1vanie dospel\u00fdch) a realizovan\u00fd 4 partnermi z kraj\u00edn V4 \u2013 Ma\u010farska, \u010ceska, Po\u013eska a Slovenska:<\/p><ul><li><a href=\"https:\/\/kifu.gov.hu\/en\/main-page\/\">KIF\u00dc - Governmental Information Technology Development Agency<\/a> (HU)<\/li><li><a href=\"https:\/\/www.sgh.waw.pl\/en\">SGH - Warsaw School of Economics<\/a> (PL)<\/li><li><a href=\"http:\/\/www.nvf.cz\/\">National Training Fund<\/a> (CZ)<\/li><li><a href=\"https:\/\/siov.sk\/\">State Vocational Education Institute<\/a> (SK)<\/li><\/ul><div style=\"width: 850px; text-align: right;\"><img decoding=\"async\" class=\"size-full wp-image-15373 alignnone\" src=\"https:\/\/siov.sk\/wp-content\/uploads\/2024\/05\/dila-kifu.jpg\" alt=\"\" width=\"202\" height=\"105\" srcset=\"https:\/\/archiv.siov.sk\/wp-content\/uploads\/2024\/05\/dila-kifu.jpg 202w, https:\/\/archiv.siov.sk\/wp-content\/uploads\/2024\/05\/dila-kifu-18x9.jpg 18w\" sizes=\"(max-width: 202px) 100vw, 202px\" \/>\u00a0 <img decoding=\"async\" class=\"size-full wp-image-15372 alignnone\" src=\"https:\/\/siov.sk\/wp-content\/uploads\/2024\/05\/dila-sgh.jpg\" alt=\"\" width=\"118\" height=\"118\" srcset=\"https:\/\/archiv.siov.sk\/wp-content\/uploads\/2024\/05\/dila-sgh.jpg 118w, https:\/\/archiv.siov.sk\/wp-content\/uploads\/2024\/05\/dila-sgh-12x12.jpg 12w\" sizes=\"(max-width: 118px) 100vw, 118px\" \/> <img loading=\"lazy\" decoding=\"async\" class=\"size-full wp-image-15371 alignnone\" src=\"https:\/\/siov.sk\/wp-content\/uploads\/2024\/05\/dila-ntf.jpg\" alt=\"\" width=\"169\" height=\"105\" srcset=\"https:\/\/archiv.siov.sk\/wp-content\/uploads\/2024\/05\/dila-ntf.jpg 169w, https:\/\/archiv.siov.sk\/wp-content\/uploads\/2024\/05\/dila-ntf-18x12.jpg 18w\" sizes=\"(max-width: 169px) 100vw, 169px\" \/> <img loading=\"lazy\" decoding=\"async\" class=\"wp-image-14546 alignnone\" src=\"https:\/\/siov.sk\/wp-content\/uploads\/2024\/02\/logo-SIOV.png\" alt=\"\" width=\"302\" height=\"100\" srcset=\"https:\/\/archiv.siov.sk\/wp-content\/uploads\/2024\/02\/logo-SIOV.png 431w, https:\/\/archiv.siov.sk\/wp-content\/uploads\/2024\/02\/logo-SIOV-300x100.png 300w, https:\/\/archiv.siov.sk\/wp-content\/uploads\/2024\/02\/logo-SIOV-18x6.png 18w\" sizes=\"(max-width: 302px) 100vw, 302px\" \/><\/div><p><img loading=\"lazy\" decoding=\"async\" class=\"aligncenter size-full wp-image-15350\" src=\"https:\/\/siov.sk\/wp-content\/uploads\/2024\/05\/eu-logo-spolufinancovanie.jpg\" alt=\"\" width=\"719\" height=\"162\" srcset=\"https:\/\/archiv.siov.sk\/wp-content\/uploads\/2024\/05\/eu-logo-spolufinancovanie.jpg 719w, https:\/\/archiv.siov.sk\/wp-content\/uploads\/2024\/05\/eu-logo-spolufinancovanie-300x68.jpg 300w, https:\/\/archiv.siov.sk\/wp-content\/uploads\/2024\/05\/eu-logo-spolufinancovanie-18x4.jpg 18w\" sizes=\"(max-width: 719px) 100vw, 719px\" \/><\/p><ul><li style=\"list-style-type: none;\">Viac inform\u00e1ci\u00ed n\u00e1jdete na webovej str\u00e1nke projektu a na soci\u00e1lnej sieti LinkedIn:<\/li><\/ul><ul><li><a href=\"https:\/\/kifu.gov.hu\/en\/d-ila\/\">https:\/\/kifu.gov.hu\/en\/d-ila\/<\/a><\/li><li><a href=\"https:\/\/www.linkedin.com\/company\/digital-learning-accounts-in-v4-d-ila-in-v4\/?viewAsMember=true\">LinkedIn<\/a><\/li><\/ul><p>Contacts to the project team:<\/p><table style=\"border: 0;\"><tbody><tr><td style=\"border: 0;\">Mgr. \u013dubica G\u00e1llov\u00e1<br \/>Tel: 0910 925 089<br \/><a href=\"mailto:lubica.gallova@siov.sk\">lubica.gallova@siov.sk<\/a><br \/><a href=\"mailto:czv@siov.sk\">czv@siov.sk<\/a><\/td><td style=\"border: 0;\">Mgr. Katar\u00edna \u0160m\u00e1lov\u00e1<br \/><a href=\"mailto:katarina.smalova@siov.sk\">katarina.smalova@siov.sk<\/a><\/td><td style=\"border: 0;\">Mgr. Zuzana Iz\u00e1kov\u00e1 <a href=\"mailto:zuzana.izakova@siov.sk\">zuzana.izakova@siov.sk<\/a><\/td><\/tr><\/tbody><\/table>\t\t\t\t\t\t\t\t<\/div>\n\t\t\t\t<\/div>\n\t\t\t\t\t<\/div>\n\t\t<\/div>\n\t\t\t\t\t<\/div>\n\t\t<\/section>\n\t\t\t\t<\/div>","protected":false},"excerpt":{"rendered":"<p>Projekt Erasmus+: D-ILA in V4 Digit\u00e1lne individu\u00e1lne vzdel\u00e1vacie \u00fa\u010dty vo Vy\u0161ehradsk\u00fdch krajin\u00e1ch Projekt Digit\u00e1lne individu\u00e1lne vzdel\u00e1vacie \u00fa\u010dty v\u00a0krajin\u00e1ch V-4 je \u00faspe\u0161ne ukon\u010den\u00fd. Spolupr\u00e1ca \u0161tyroch partnerov z Ma\u010farska, \u010ceskej republiky, Po\u013eska a Slovenska, ktor\u00fdch po\u010das dvoch rokov realiz\u00e1cie projektu sp\u00e1jalo \u00fasilie dosiahnu\u0165 pokrok v technick\u00fdch ot\u00e1zkach ILA a prepoji\u0165 ho s tvorbou polit\u00edk a praxou, vyvrcholil [&hellip;]<\/p>\n","protected":false},"author":1,"featured_media":0,"parent":55,"menu_order":1,"comment_status":"closed","ping_status":"closed","template":"","meta":{"site-sidebar-layout":"no-sidebar","site-content-layout":"page-builder","ast-site-content-layout":"full-width-container","site-content-style":"default","site-sidebar-style":"default","ast-global-header-display":"","ast-banner-title-visibility":"","ast-main-header-display":"","ast-hfb-above-header-display":"","ast-hfb-below-header-display":"","ast-hfb-mobile-header-display":"","site-post-title":"disabled","ast-breadcrumbs-content":"","ast-featured-img":"disabled","footer-sml-layout":"","ast-disable-related-posts":"","theme-transparent-header-meta":"default","adv-header-id-meta":"","stick-header-meta":"default","header-above-stick-meta":"","header-main-stick-meta":"","header-below-stick-meta":"","astra-migrate-meta-layouts":"set","ast-page-background-enabled":"default","ast-page-background-meta":{"desktop":{"background-color":"var(--ast-global-color-4)","background-image":"","background-repeat":"repeat","background-position":"center center","background-size":"auto","background-attachment":"scroll","background-type":"","background-media":"","overlay-type":"","overlay-color":"","overlay-opacity":"","overlay-gradient":""},"tablet":{"background-color":"","background-image":"","background-repeat":"repeat","background-position":"center center","background-size":"auto","background-attachment":"scroll","background-type":"","background-media":"","overlay-type":"","overlay-color":"","overlay-opacity":"","overlay-gradient":""},"mobile":{"background-color":"","background-image":"","background-repeat":"repeat","background-position":"center center","background-size":"auto","background-attachment":"scroll","background-type":"","background-media":"","overlay-type":"","overlay-color":"","overlay-opacity":"","overlay-gradient":""}},"ast-content-background-meta":{"desktop":{"background-color":"var(--ast-global-color-5)","background-image":"","background-repeat":"repeat","background-position":"center center","background-size":"auto","background-attachment":"scroll","background-type":"","background-media":"","overlay-type":"","overlay-color":"","overlay-opacity":"","overlay-gradient":""},"tablet":{"background-color":"var(--ast-global-color-5)","background-image":"","background-repeat":"repeat","background-position":"center center","background-size":"auto","background-attachment":"scroll","background-type":"","background-media":"","overlay-type":"","overlay-color":"","overlay-opacity":"","overlay-gradient":""},"mobile":{"background-color":"var(--ast-global-color-5)","background-image":"","background-repeat":"repeat","background-position":"center center","background-size":"auto","background-attachment":"scroll","background-type":"","background-media":"","overlay-type":"","overlay-color":"","overlay-opacity":"","overlay-gradient":""}},"footnotes":""},"class_list":["post-15362","page","type-page","status-publish","hentry"],"yoast_head":"<!-- This site is optimized with the Yoast SEO plugin v27.5 - https:\/\/yoast.com\/product\/yoast-seo-wordpress\/ -->\n<title>Projekt D-ILA in V4 - \u0160IOV - \u0161t\u00e1tny in\u0161tit\u00fat odborn\u00e9ho vzdel\u00e1vania<\/title>\n<meta name=\"robots\" content=\"index, follow, max-snippet:-1, max-image-preview:large, max-video-preview:-1\" \/>\n<link rel=\"canonical\" href=\"https:\/\/archiv.siov.sk\/en\/projekty\/zrealizovane-projekty\/projekt-d-ila-in-v4\/\" \/>\n<meta property=\"og:locale\" content=\"en_GB\" \/>\n<meta property=\"og:type\" content=\"article\" \/>\n<meta property=\"og:title\" content=\"Projekt D-ILA in V4 - \u0160IOV - \u0161t\u00e1tny in\u0161tit\u00fat odborn\u00e9ho vzdel\u00e1vania\" \/>\n<meta property=\"og:description\" content=\"Projekt Erasmus+: D-ILA in V4 Digit\u00e1lne individu\u00e1lne vzdel\u00e1vacie \u00fa\u010dty vo Vy\u0161ehradsk\u00fdch krajin\u00e1ch Projekt Digit\u00e1lne individu\u00e1lne vzdel\u00e1vacie \u00fa\u010dty v\u00a0krajin\u00e1ch V-4 je \u00faspe\u0161ne ukon\u010den\u00fd. Spolupr\u00e1ca \u0161tyroch partnerov z Ma\u010farska, \u010ceskej republiky, Po\u013eska a Slovenska, ktor\u00fdch po\u010das dvoch rokov realiz\u00e1cie projektu sp\u00e1jalo \u00fasilie dosiahnu\u0165 pokrok v technick\u00fdch ot\u00e1zkach ILA a prepoji\u0165 ho s tvorbou polit\u00edk a praxou, vyvrcholil [&hellip;]\" \/>\n<meta property=\"og:url\" content=\"https:\/\/archiv.siov.sk\/en\/projekty\/zrealizovane-projekty\/projekt-d-ila-in-v4\/\" \/>\n<meta property=\"og:site_name\" content=\"\u0160IOV - \u0161t\u00e1tny in\u0161tit\u00fat odborn\u00e9ho vzdel\u00e1vania\" \/>\n<meta property=\"article:publisher\" content=\"https:\/\/www.facebook.com\/Statnyinstitutodbornehovzdelavania\" \/>\n<meta property=\"article:modified_time\" content=\"2024-11-28T11:56:24+00:00\" \/>\n<meta property=\"og:image\" content=\"https:\/\/archiv.siov.sk\/wp-content\/uploads\/2024\/05\/erasmus_logo_RGB.jpg.webp\" \/>\n<meta name=\"twitter:card\" content=\"summary_large_image\" \/>\n<meta name=\"twitter:label1\" content=\"Estimated reading time\" \/>\n\t<meta name=\"twitter:data1\" content=\"4 minutes\" \/>\n<script type=\"application\/ld+json\" class=\"yoast-schema-graph\">{\"@context\":\"https:\\\/\\\/schema.org\",\"@graph\":[{\"@type\":\"WebPage\",\"@id\":\"https:\\\/\\\/archiv.siov.sk\\\/en\\\/projekty\\\/zrealizovane-projekty\\\/projekt-d-ila-in-v4\\\/\",\"url\":\"https:\\\/\\\/archiv.siov.sk\\\/en\\\/projekty\\\/zrealizovane-projekty\\\/projekt-d-ila-in-v4\\\/\",\"name\":\"Projekt D-ILA in V4 - \u0160IOV - \u0161t\u00e1tny in\u0161tit\u00fat odborn\u00e9ho vzdel\u00e1vania\",\"isPartOf\":{\"@id\":\"https:\\\/\\\/archiv.siov.sk\\\/#website\"},\"primaryImageOfPage\":{\"@id\":\"https:\\\/\\\/archiv.siov.sk\\\/en\\\/projekty\\\/zrealizovane-projekty\\\/projekt-d-ila-in-v4\\\/#primaryimage\"},\"image\":{\"@id\":\"https:\\\/\\\/archiv.siov.sk\\\/en\\\/projekty\\\/zrealizovane-projekty\\\/projekt-d-ila-in-v4\\\/#primaryimage\"},\"thumbnailUrl\":\"https:\\\/\\\/archiv.siov.sk\\\/wp-content\\\/uploads\\\/2024\\\/05\\\/erasmus_logo_RGB.jpg.webp\",\"datePublished\":\"2024-05-03T20:14:21+00:00\",\"dateModified\":\"2024-11-28T11:56:24+00:00\",\"breadcrumb\":{\"@id\":\"https:\\\/\\\/archiv.siov.sk\\\/en\\\/projekty\\\/zrealizovane-projekty\\\/projekt-d-ila-in-v4\\\/#breadcrumb\"},\"inLanguage\":\"en-GB\",\"potentialAction\":[{\"@type\":\"ReadAction\",\"target\":[\"https:\\\/\\\/archiv.siov.sk\\\/en\\\/projekty\\\/zrealizovane-projekty\\\/projekt-d-ila-in-v4\\\/\"]}]},{\"@type\":\"ImageObject\",\"inLanguage\":\"en-GB\",\"@id\":\"https:\\\/\\\/archiv.siov.sk\\\/en\\\/projekty\\\/zrealizovane-projekty\\\/projekt-d-ila-in-v4\\\/#primaryimage\",\"url\":\"https:\\\/\\\/archiv.siov.sk\\\/wp-content\\\/uploads\\\/2024\\\/05\\\/erasmus_logo_RGB.jpg.webp\",\"contentUrl\":\"https:\\\/\\\/archiv.siov.sk\\\/wp-content\\\/uploads\\\/2024\\\/05\\\/erasmus_logo_RGB.jpg.webp\"},{\"@type\":\"BreadcrumbList\",\"@id\":\"https:\\\/\\\/archiv.siov.sk\\\/en\\\/projekty\\\/zrealizovane-projekty\\\/projekt-d-ila-in-v4\\\/#breadcrumb\",\"itemListElement\":[{\"@type\":\"ListItem\",\"position\":1,\"name\":\"Home\",\"item\":\"https:\\\/\\\/archiv.siov.sk\\\/\"},{\"@type\":\"ListItem\",\"position\":2,\"name\":\"Projekty\",\"item\":\"https:\\\/\\\/archiv.siov.sk\\\/en\\\/projekty\\\/\"},{\"@type\":\"ListItem\",\"position\":3,\"name\":\"Zrealizovan\u00e9 projekty\",\"item\":\"https:\\\/\\\/archiv.siov.sk\\\/en\\\/projekty\\\/zrealizovane-projekty\\\/\"},{\"@type\":\"ListItem\",\"position\":4,\"name\":\"Projekt D-ILA in V4\"}]},{\"@type\":\"WebSite\",\"@id\":\"https:\\\/\\\/archiv.siov.sk\\\/#website\",\"url\":\"https:\\\/\\\/archiv.siov.sk\\\/\",\"name\":\"\u0160IOV - \u0161t\u00e1tny in\u0161tit\u00fat odborn\u00e9ho vzdel\u00e1vania\",\"description\":\"\",\"publisher\":{\"@id\":\"https:\\\/\\\/archiv.siov.sk\\\/#organization\"},\"potentialAction\":[{\"@type\":\"SearchAction\",\"target\":{\"@type\":\"EntryPoint\",\"urlTemplate\":\"https:\\\/\\\/archiv.siov.sk\\\/?s={search_term_string}\"},\"query-input\":{\"@type\":\"PropertyValueSpecification\",\"valueRequired\":true,\"valueName\":\"search_term_string\"}}],\"inLanguage\":\"en-GB\"},{\"@type\":\"Organization\",\"@id\":\"https:\\\/\\\/archiv.siov.sk\\\/#organization\",\"name\":\"\u0160IOV - \u0161t\u00e1tny in\u0161tit\u00fat odborn\u00e9ho vzdel\u00e1vania\",\"url\":\"https:\\\/\\\/archiv.siov.sk\\\/\",\"logo\":{\"@type\":\"ImageObject\",\"inLanguage\":\"en-GB\",\"@id\":\"https:\\\/\\\/archiv.siov.sk\\\/#\\\/schema\\\/logo\\\/image\\\/\",\"url\":\"https:\\\/\\\/archiv.siov.sk\\\/wp-content\\\/uploads\\\/2024\\\/02\\\/logo-SIOV.png\",\"contentUrl\":\"https:\\\/\\\/archiv.siov.sk\\\/wp-content\\\/uploads\\\/2024\\\/02\\\/logo-SIOV.png\",\"width\":431,\"height\":143,\"caption\":\"\u0160IOV - \u0161t\u00e1tny in\u0161tit\u00fat odborn\u00e9ho vzdel\u00e1vania\"},\"image\":{\"@id\":\"https:\\\/\\\/archiv.siov.sk\\\/#\\\/schema\\\/logo\\\/image\\\/\"},\"sameAs\":[\"https:\\\/\\\/www.facebook.com\\\/Statnyinstitutodbornehovzdelavania\"]}]}<\/script>\n<!-- \/ Yoast SEO plugin. -->","yoast_head_json":{"title":"Projekt D-ILA in V4 - \u0160IOV - \u0161t\u00e1tny in\u0161tit\u00fat odborn\u00e9ho vzdel\u00e1vania","robots":{"index":"index","follow":"follow","max-snippet":"max-snippet:-1","max-image-preview":"max-image-preview:large","max-video-preview":"max-video-preview:-1"},"canonical":"https:\/\/archiv.siov.sk\/en\/projekty\/zrealizovane-projekty\/projekt-d-ila-in-v4\/","og_locale":"en_GB","og_type":"article","og_title":"Projekt D-ILA in V4 - \u0160IOV - \u0161t\u00e1tny in\u0161tit\u00fat odborn\u00e9ho vzdel\u00e1vania","og_description":"Projekt Erasmus+: D-ILA in V4 Digit\u00e1lne individu\u00e1lne vzdel\u00e1vacie \u00fa\u010dty vo Vy\u0161ehradsk\u00fdch krajin\u00e1ch Projekt Digit\u00e1lne individu\u00e1lne vzdel\u00e1vacie \u00fa\u010dty v\u00a0krajin\u00e1ch V-4 je \u00faspe\u0161ne ukon\u010den\u00fd. Spolupr\u00e1ca \u0161tyroch partnerov z Ma\u010farska, \u010ceskej republiky, Po\u013eska a Slovenska, ktor\u00fdch po\u010das dvoch rokov realiz\u00e1cie projektu sp\u00e1jalo \u00fasilie dosiahnu\u0165 pokrok v technick\u00fdch ot\u00e1zkach ILA a prepoji\u0165 ho s tvorbou polit\u00edk a praxou, vyvrcholil [&hellip;]","og_url":"https:\/\/archiv.siov.sk\/en\/projekty\/zrealizovane-projekty\/projekt-d-ila-in-v4\/","og_site_name":"\u0160IOV - \u0161t\u00e1tny in\u0161tit\u00fat odborn\u00e9ho vzdel\u00e1vania","article_publisher":"https:\/\/www.facebook.com\/Statnyinstitutodbornehovzdelavania","article_modified_time":"2024-11-28T11:56:24+00:00","og_image":[{"url":"https:\/\/archiv.siov.sk\/wp-content\/uploads\/2024\/05\/erasmus_logo_RGB.jpg.webp","type":"","width":"","height":""}],"twitter_card":"summary_large_image","twitter_misc":{"Estimated reading time":"4 minutes"},"schema":{"@context":"https:\/\/schema.org","@graph":[{"@type":"WebPage","@id":"https:\/\/archiv.siov.sk\/en\/projekty\/zrealizovane-projekty\/projekt-d-ila-in-v4\/","url":"https:\/\/archiv.siov.sk\/en\/projekty\/zrealizovane-projekty\/projekt-d-ila-in-v4\/","name":"Projekt D-ILA in V4 - \u0160IOV - \u0161t\u00e1tny in\u0161tit\u00fat odborn\u00e9ho vzdel\u00e1vania","isPartOf":{"@id":"https:\/\/archiv.siov.sk\/#website"},"primaryImageOfPage":{"@id":"https:\/\/archiv.siov.sk\/en\/projekty\/zrealizovane-projekty\/projekt-d-ila-in-v4\/#primaryimage"},"image":{"@id":"https:\/\/archiv.siov.sk\/en\/projekty\/zrealizovane-projekty\/projekt-d-ila-in-v4\/#primaryimage"},"thumbnailUrl":"https:\/\/archiv.siov.sk\/wp-content\/uploads\/2024\/05\/erasmus_logo_RGB.jpg.webp","datePublished":"2024-05-03T20:14:21+00:00","dateModified":"2024-11-28T11:56:24+00:00","breadcrumb":{"@id":"https:\/\/archiv.siov.sk\/en\/projekty\/zrealizovane-projekty\/projekt-d-ila-in-v4\/#breadcrumb"},"inLanguage":"en-GB","potentialAction":[{"@type":"ReadAction","target":["https:\/\/archiv.siov.sk\/en\/projekty\/zrealizovane-projekty\/projekt-d-ila-in-v4\/"]}]},{"@type":"ImageObject","inLanguage":"en-GB","@id":"https:\/\/archiv.siov.sk\/en\/projekty\/zrealizovane-projekty\/projekt-d-ila-in-v4\/#primaryimage","url":"https:\/\/archiv.siov.sk\/wp-content\/uploads\/2024\/05\/erasmus_logo_RGB.jpg.webp","contentUrl":"https:\/\/archiv.siov.sk\/wp-content\/uploads\/2024\/05\/erasmus_logo_RGB.jpg.webp"},{"@type":"BreadcrumbList","@id":"https:\/\/archiv.siov.sk\/en\/projekty\/zrealizovane-projekty\/projekt-d-ila-in-v4\/#breadcrumb","itemListElement":[{"@type":"ListItem","position":1,"name":"Home","item":"https:\/\/archiv.siov.sk\/"},{"@type":"ListItem","position":2,"name":"Projekty","item":"https:\/\/archiv.siov.sk\/en\/projekty\/"},{"@type":"ListItem","position":3,"name":"Zrealizovan\u00e9 projekty","item":"https:\/\/archiv.siov.sk\/en\/projekty\/zrealizovane-projekty\/"},{"@type":"ListItem","position":4,"name":"Projekt D-ILA in V4"}]},{"@type":"WebSite","@id":"https:\/\/archiv.siov.sk\/#website","url":"https:\/\/archiv.siov.sk\/","name":"\u0160IOV - \u0161t\u00e1tny in\u0161tit\u00fat odborn\u00e9ho vzdel\u00e1vania","description":"","publisher":{"@id":"https:\/\/archiv.siov.sk\/#organization"},"potentialAction":[{"@type":"SearchAction","target":{"@type":"EntryPoint","urlTemplate":"https:\/\/archiv.siov.sk\/?s={search_term_string}"},"query-input":{"@type":"PropertyValueSpecification","valueRequired":true,"valueName":"search_term_string"}}],"inLanguage":"en-GB"},{"@type":"Organization","@id":"https:\/\/archiv.siov.sk\/#organization","name":"\u0160IOV - \u0161t\u00e1tny in\u0161tit\u00fat odborn\u00e9ho vzdel\u00e1vania","url":"https:\/\/archiv.siov.sk\/","logo":{"@type":"ImageObject","inLanguage":"en-GB","@id":"https:\/\/archiv.siov.sk\/#\/schema\/logo\/image\/","url":"https:\/\/archiv.siov.sk\/wp-content\/uploads\/2024\/02\/logo-SIOV.png","contentUrl":"https:\/\/archiv.siov.sk\/wp-content\/uploads\/2024\/02\/logo-SIOV.png","width":431,"height":143,"caption":"\u0160IOV - \u0161t\u00e1tny in\u0161tit\u00fat odborn\u00e9ho vzdel\u00e1vania"},"image":{"@id":"https:\/\/archiv.siov.sk\/#\/schema\/logo\/image\/"},"sameAs":["https:\/\/www.facebook.com\/Statnyinstitutodbornehovzdelavania"]}]}},"_links":{"self":[{"href":"https:\/\/archiv.siov.sk\/en\/wp-json\/wp\/v2\/pages\/15362","targetHints":{"allow":["GET"]}}],"collection":[{"href":"https:\/\/archiv.siov.sk\/en\/wp-json\/wp\/v2\/pages"}],"about":[{"href":"https:\/\/archiv.siov.sk\/en\/wp-json\/wp\/v2\/types\/page"}],"author":[{"embeddable":true,"href":"https:\/\/archiv.siov.sk\/en\/wp-json\/wp\/v2\/users\/1"}],"replies":[{"embeddable":true,"href":"https:\/\/archiv.siov.sk\/en\/wp-json\/wp\/v2\/comments?post=15362"}],"version-history":[{"count":30,"href":"https:\/\/archiv.siov.sk\/en\/wp-json\/wp\/v2\/pages\/15362\/revisions"}],"predecessor-version":[{"id":17403,"href":"https:\/\/archiv.siov.sk\/en\/wp-json\/wp\/v2\/pages\/15362\/revisions\/17403"}],"up":[{"embeddable":true,"href":"https:\/\/archiv.siov.sk\/en\/wp-json\/wp\/v2\/pages\/55"}],"wp:attachment":[{"href":"https:\/\/archiv.siov.sk\/en\/wp-json\/wp\/v2\/media?parent=15362"}],"curies":[{"name":"wp","href":"https:\/\/api.w.org\/{rel}","templated":true}]}}