{"id":14745,"date":"2024-02-29T21:37:03","date_gmt":"2024-02-29T20:37:03","guid":{"rendered":"https:\/\/archiv.siov.sk\/?page_id=14745"},"modified":"2025-06-27T11:57:55","modified_gmt":"2025-06-27T09:57:55","slug":"manazerstvo-kvality","status":"publish","type":"page","link":"https:\/\/archiv.siov.sk\/en\/projekty\/manazerstvo-kvality\/","title":{"rendered":"Quality management"},"content":{"rendered":"<div data-elementor-type=\"wp-page\" data-elementor-id=\"14745\" class=\"elementor elementor-14745\" data-elementor-post-type=\"page\">\n\t\t\t\t\t\t<section class=\"elementor-section elementor-top-section elementor-element elementor-element-4085dbab elementor-section-boxed elementor-section-height-default elementor-section-height-default\" data-id=\"4085dbab\" data-element_type=\"section\" data-e-type=\"section\">\n\t\t\t\t\t\t<div class=\"elementor-container elementor-column-gap-default\">\n\t\t\t\t\t<div class=\"elementor-column elementor-col-100 elementor-top-column elementor-element elementor-element-126eedb6\" data-id=\"126eedb6\" data-element_type=\"column\" data-e-type=\"column\">\n\t\t\t<div class=\"elementor-widget-wrap elementor-element-populated\">\n\t\t\t\t\t\t<div class=\"elementor-element elementor-element-6708517 elementor-widget-divider--view-line elementor-widget elementor-widget-divider\" data-id=\"6708517\" data-element_type=\"widget\" data-e-type=\"widget\" data-widget_type=\"divider.default\">\n\t\t\t\t<div class=\"elementor-widget-container\">\n\t\t\t\t\t\t\t<div class=\"elementor-divider\">\n\t\t\t<span class=\"elementor-divider-separator\">\n\t\t\t\t\t\t<\/span>\n\t\t<\/div>\n\t\t\t\t\t\t<\/div>\n\t\t\t\t<\/div>\n\t\t\t\t<div class=\"elementor-element elementor-element-5c9758e8 elementor-widget elementor-widget-heading\" data-id=\"5c9758e8\" data-element_type=\"widget\" data-e-type=\"widget\" data-widget_type=\"heading.default\">\n\t\t\t\t<div class=\"elementor-widget-container\">\n\t\t\t\t\t<h2 class=\"elementor-heading-title elementor-size-default\">MANA\u017d\u00c9RSTVO KVALITY<\/h2>\t\t\t\t<\/div>\n\t\t\t\t<\/div>\n\t\t\t\t<div class=\"elementor-element elementor-element-c2ee87e elementor-widget elementor-widget-text-editor\" data-id=\"c2ee87e\" data-element_type=\"widget\" data-e-type=\"widget\" data-widget_type=\"text-editor.default\">\n\t\t\t\t<div class=\"elementor-widget-container\">\n\t\t\t\t\t\t\t\t\t<p><strong>Quality management<\/strong> je komplexn\u00fd pr\u00edstup k riadeniu organiz\u00e1cie, ktor\u00e9ho cie\u013eom je dosahova\u0165 trval\u00e9 zlep\u0161ovanie v\u00fdkonnosti a spokojnosti v\u0161etk\u00fdch zainteresovan\u00fdch str\u00e1n. V praxi to znamen\u00e1 zav\u00e1dzanie procesov a n\u00e1strojov na meranie, vyhodnocovanie a zlep\u0161ovanie kvality slu\u017eieb a pracovn\u00fdch postupov.<\/p><p>V snahe o trval\u00e9 zlep\u0161ovanie zav\u00e1dzame v\u00a0\u0160t\u00e1tnom in\u0161tit\u00fate odborn\u00e9ho vzdel\u00e1vania komplexn\u00fd syst\u00e9m mana\u017e\u00e9rstva kvality s vyu\u017eit\u00edm modelu CAF, ktor\u00fd n\u00e1m pom\u00f4\u017ee pos\u00fadi\u0165 siln\u00e9 a slab\u00e9 str\u00e1nky na\u0161ej organiz\u00e1cie a identifikova\u0165 oblasti na zlep\u0161enie. Toto \u00fasilie je s\u00fa\u010das\u0165ou <strong>N\u00e1rodn\u00e9ho projektu Zavedenie mana\u017e\u00e9rstva kvality v OVP a vzdel\u00e1van\u00ed dospel\u00fdch. <\/strong><\/p><p>Podel\u00edme sa s vami o na\u0161e sk\u00fasenosti s implement\u00e1ciou modelu CAF a <strong>cestou k titulu &#8222;Efekt\u00edvny pou\u017e\u00edvate\u013e modelu CAF&#8220;.<\/strong> Obozn\u00e1mime v\u00e1s o na\u0161ich sk\u00fasenostiach, v\u00fdzvach a \u00faspechoch a ver\u00edme, \u017ee v\u00e1m tak budeme in\u0161pir\u00e1ciou na va\u0161ej vlastnej ceste k excelentnosti.<\/p>\t\t\t\t\t\t\t\t<\/div>\n\t\t\t\t<\/div>\n\t\t\t\t\t<\/div>\n\t\t<\/div>\n\t\t\t\t\t<\/div>\n\t\t<\/section>\n\t\t<div class=\"elementor-element elementor-element-e4dc924 e-con-full e-flex e-con e-parent\" data-id=\"e4dc924\" data-element_type=\"container\" data-e-type=\"container\">\n\t\t\t\t<div class=\"elementor-element elementor-element-7df2e2b elementor-widget elementor-widget-image\" data-id=\"7df2e2b\" data-element_type=\"widget\" data-e-type=\"widget\" data-widget_type=\"image.default\">\n\t\t\t\t<div class=\"elementor-widget-container\">\n\t\t\t\t\t\t\t\t\t\t\t\t\t\t\t<img fetchpriority=\"high\" decoding=\"async\" width=\"768\" height=\"119\" src=\"https:\/\/archiv.siov.sk\/wp-content\/uploads\/2025\/04\/loga_np_kvalita-768x119.png\" class=\"attachment-medium_large size-medium_large wp-image-18660\" alt=\"loga_kvalita_projekt\" srcset=\"https:\/\/archiv.siov.sk\/wp-content\/uploads\/2025\/04\/loga_np_kvalita-768x119.png 768w, https:\/\/archiv.siov.sk\/wp-content\/uploads\/2025\/04\/loga_np_kvalita-300x46.png 300w, https:\/\/archiv.siov.sk\/wp-content\/uploads\/2025\/04\/loga_np_kvalita-1024x158.png 1024w, https:\/\/archiv.siov.sk\/wp-content\/uploads\/2025\/04\/loga_np_kvalita-18x3.png 18w, https:\/\/archiv.siov.sk\/wp-content\/uploads\/2025\/04\/elementor\/thumbs\/loga_np_kvalita-r5cjqsfvrn5sfhsjyrw97tvig25lp3e6m5t1uzcj7g.png 450w, https:\/\/archiv.siov.sk\/wp-content\/uploads\/2025\/04\/loga_np_kvalita.png 1229w\" sizes=\"(max-width: 768px) 100vw, 768px\" \/>\t\t\t\t\t\t\t\t\t\t\t\t\t\t\t<\/div>\n\t\t\t\t<\/div>\n\t\t\t\t<\/div>\n\t\t<div class=\"elementor-element elementor-element-660247a e-flex e-con-boxed e-con e-parent\" data-id=\"660247a\" data-element_type=\"container\" data-e-type=\"container\">\n\t\t\t\t\t<div class=\"e-con-inner\">\n\t\t\t\t<div class=\"elementor-element elementor-element-f48bca1 elementor-grid-3 elementor-grid-tablet-2 elementor-grid-mobile-1 elementor-posts--thumbnail-top elementor-card-shadow-yes elementor-posts__hover-gradient load-more-align-center elementor-widget elementor-widget-posts\" data-id=\"f48bca1\" data-element_type=\"widget\" data-e-type=\"widget\" data-settings=\"{&quot;pagination_type&quot;:&quot;load_more_on_click&quot;,&quot;cards_columns&quot;:&quot;3&quot;,&quot;cards_columns_tablet&quot;:&quot;2&quot;,&quot;cards_columns_mobile&quot;:&quot;1&quot;,&quot;cards_row_gap&quot;:{&quot;unit&quot;:&quot;px&quot;,&quot;size&quot;:35,&quot;sizes&quot;:[]},&quot;cards_row_gap_tablet&quot;:{&quot;unit&quot;:&quot;px&quot;,&quot;size&quot;:&quot;&quot;,&quot;sizes&quot;:[]},&quot;cards_row_gap_mobile&quot;:{&quot;unit&quot;:&quot;px&quot;,&quot;size&quot;:&quot;&quot;,&quot;sizes&quot;:[]},&quot;load_more_spinner&quot;:{&quot;value&quot;:&quot;fas fa-spinner&quot;,&quot;library&quot;:&quot;fa-solid&quot;}}\" data-widget_type=\"posts.cards\">\n\t\t\t\t<div class=\"elementor-widget-container\">\n\t\t\t\t\t\t\t<div class=\"elementor-posts-container elementor-posts elementor-posts--skin-cards elementor-grid\">\n\t\t\t\t<article class=\"elementor-post elementor-grid-item post-22203 post type-post status-publish format-standard has-post-thumbnail hentry category-aktuality category-caf\">\n\t\t\t<div class=\"elementor-post__card\">\n\t\t\t\t<a class=\"elementor-post__thumbnail__link\" href=\"https:\/\/archiv.siov.sk\/en\/caf-tim-odovzdal-stafetu-novym-clenom\/\" tabindex=\"-1\" ><div class=\"elementor-post__thumbnail\"><img decoding=\"async\" width=\"768\" height=\"576\" src=\"https:\/\/archiv.siov.sk\/wp-content\/uploads\/2026\/01\/caf-tim-768x576.jpg\" class=\"attachment-medium_large size-medium_large wp-image-22205\" alt=\"stretnutie caf\" srcset=\"https:\/\/archiv.siov.sk\/wp-content\/uploads\/2026\/01\/caf-tim-768x576.jpg 768w, https:\/\/archiv.siov.sk\/wp-content\/uploads\/2026\/01\/caf-tim-300x225.jpg 300w, https:\/\/archiv.siov.sk\/wp-content\/uploads\/2026\/01\/caf-tim-1024x768.jpg 1024w, https:\/\/archiv.siov.sk\/wp-content\/uploads\/2026\/01\/caf-tim-1536x1152.jpg 1536w, https:\/\/archiv.siov.sk\/wp-content\/uploads\/2026\/01\/caf-tim-16x12.jpg 16w, https:\/\/archiv.siov.sk\/wp-content\/uploads\/2026\/01\/caf-tim.jpg 1600w\" sizes=\"(max-width: 768px) 100vw, 768px\" \/><\/div><\/a>\n\t\t\t\t<div class=\"elementor-post__text\">\n\t\t\t\t<h3 class=\"elementor-post__title\">\n\t\t\t<a href=\"https:\/\/archiv.siov.sk\/en\/caf-tim-odovzdal-stafetu-novym-clenom\/\" >\n\t\t\t\tCAF t\u00edm odovzdal \u0161tafetu nov\u00fdm \u010dlenom\t\t\t<\/a>\n\t\t<\/h3>\n\t\t\t\t\t<div class=\"elementor-post__read-more-wrapper\">\n\t\t\n\t\t<a class=\"elementor-post__read-more\" href=\"https:\/\/archiv.siov.sk\/en\/caf-tim-odovzdal-stafetu-novym-clenom\/\" aria-label=\"Read more about CAF t\u00edm odovzdal \u0161tafetu nov\u00fdm \u010dlenom\" tabindex=\"-1\" >\n\t\t\t\u010c\u00edta\u0165 viac \u00bb\t\t<\/a>\n\n\t\t\t\t\t<\/div>\n\t\t\t\t<\/div>\n\t\t\t\t<div class=\"elementor-post__meta-data\">\n\t\t\t\t\t<span class=\"elementor-post-date\">\n\t\t\t18. December 2025\t\t<\/span>\n\t\t\t\t<\/div>\n\t\t\t\t\t<\/div>\n\t\t<\/article>\n\t\t\t\t<article class=\"elementor-post elementor-grid-item post-21947 post type-post status-publish format-standard has-post-thumbnail hentry category-aktuality category-caf\">\n\t\t\t<div class=\"elementor-post__card\">\n\t\t\t\t<a class=\"elementor-post__thumbnail__link\" href=\"https:\/\/archiv.siov.sk\/en\/novembrove-spolocne-ranajky\/\" tabindex=\"-1\" ><div class=\"elementor-post__thumbnail\"><img decoding=\"async\" width=\"768\" height=\"1024\" src=\"https:\/\/archiv.siov.sk\/wp-content\/uploads\/2025\/12\/spolocne_ranajky_siov_20.11.2025-1-768x1024.jpg\" class=\"attachment-medium_large size-medium_large wp-image-21944\" alt=\"spolocne_ranajky_siov\" srcset=\"https:\/\/archiv.siov.sk\/wp-content\/uploads\/2025\/12\/spolocne_ranajky_siov_20.11.2025-1-768x1024.jpg 768w, https:\/\/archiv.siov.sk\/wp-content\/uploads\/2025\/12\/spolocne_ranajky_siov_20.11.2025-1-225x300.jpg 225w, https:\/\/archiv.siov.sk\/wp-content\/uploads\/2025\/12\/spolocne_ranajky_siov_20.11.2025-1-1152x1536.jpg 1152w, https:\/\/archiv.siov.sk\/wp-content\/uploads\/2025\/12\/spolocne_ranajky_siov_20.11.2025-1-9x12.jpg 9w, https:\/\/archiv.siov.sk\/wp-content\/uploads\/2025\/12\/spolocne_ranajky_siov_20.11.2025-1.jpg 1200w\" sizes=\"(max-width: 768px) 100vw, 768px\" \/><\/div><\/a>\n\t\t\t\t<div class=\"elementor-post__text\">\n\t\t\t\t<h3 class=\"elementor-post__title\">\n\t\t\t<a href=\"https:\/\/archiv.siov.sk\/en\/novembrove-spolocne-ranajky\/\" >\n\t\t\t\tNovembrov\u00e9 spolo\u010dn\u00e9 ra\u0148ajky\t\t\t<\/a>\n\t\t<\/h3>\n\t\t\t\t\t<div class=\"elementor-post__read-more-wrapper\">\n\t\t\n\t\t<a class=\"elementor-post__read-more\" href=\"https:\/\/archiv.siov.sk\/en\/novembrove-spolocne-ranajky\/\" aria-label=\"Read more about Novembrov\u00e9 spolo\u010dn\u00e9 ra\u0148ajky\" tabindex=\"-1\" >\n\t\t\t\u010c\u00edta\u0165 viac \u00bb\t\t<\/a>\n\n\t\t\t\t\t<\/div>\n\t\t\t\t<\/div>\n\t\t\t\t<div class=\"elementor-post__meta-data\">\n\t\t\t\t\t<span class=\"elementor-post-date\">\n\t\t\t24. November 2025\t\t<\/span>\n\t\t\t\t<\/div>\n\t\t\t\t\t<\/div>\n\t\t<\/article>\n\t\t\t\t<article class=\"elementor-post elementor-grid-item post-21699 post type-post status-publish format-standard has-post-thumbnail hentry category-aktuality category-caf\">\n\t\t\t<div class=\"elementor-post__card\">\n\t\t\t\t<a class=\"elementor-post__thumbnail__link\" href=\"https:\/\/archiv.siov.sk\/en\/kvalita-sa-zacina-otvorenostou-inspiracie-z-networkingoveho-stretnutia-caf\/\" tabindex=\"-1\" ><div class=\"elementor-post__thumbnail\"><img loading=\"lazy\" decoding=\"async\" width=\"768\" height=\"614\" src=\"https:\/\/archiv.siov.sk\/wp-content\/uploads\/2025\/11\/SCR-768x614.png\" class=\"attachment-medium_large size-medium_large wp-image-21704\" alt=\"\" srcset=\"https:\/\/archiv.siov.sk\/wp-content\/uploads\/2025\/11\/SCR-768x614.png 768w, https:\/\/archiv.siov.sk\/wp-content\/uploads\/2025\/11\/SCR-300x240.png 300w, https:\/\/archiv.siov.sk\/wp-content\/uploads\/2025\/11\/SCR-1024x819.png 1024w, https:\/\/archiv.siov.sk\/wp-content\/uploads\/2025\/11\/SCR-1536x1229.png 1536w, https:\/\/archiv.siov.sk\/wp-content\/uploads\/2025\/11\/SCR-15x12.png 15w, https:\/\/archiv.siov.sk\/wp-content\/uploads\/2025\/11\/SCR.png 2000w\" sizes=\"(max-width: 768px) 100vw, 768px\" \/><\/div><\/a>\n\t\t\t\t<div class=\"elementor-post__text\">\n\t\t\t\t<h3 class=\"elementor-post__title\">\n\t\t\t<a href=\"https:\/\/archiv.siov.sk\/en\/kvalita-sa-zacina-otvorenostou-inspiracie-z-networkingoveho-stretnutia-caf\/\" >\n\t\t\t\tKvalita sa za\u010d\u00edna otvorenos\u0165ou: In\u0161pir\u00e1cie z networkingov\u00e9ho stretnutia CAF\t\t\t<\/a>\n\t\t<\/h3>\n\t\t\t\t\t<div class=\"elementor-post__read-more-wrapper\">\n\t\t\n\t\t<a class=\"elementor-post__read-more\" href=\"https:\/\/archiv.siov.sk\/en\/kvalita-sa-zacina-otvorenostou-inspiracie-z-networkingoveho-stretnutia-caf\/\" aria-label=\"Read more about Kvalita sa za\u010d\u00edna otvorenos\u0165ou: In\u0161pir\u00e1cie z networkingov\u00e9ho stretnutia CAF\" tabindex=\"-1\" >\n\t\t\t\u010c\u00edta\u0165 viac \u00bb\t\t<\/a>\n\n\t\t\t\t\t<\/div>\n\t\t\t\t<\/div>\n\t\t\t\t<div class=\"elementor-post__meta-data\">\n\t\t\t\t\t<span class=\"elementor-post-date\">\n\t\t\t5. November 2025\t\t<\/span>\n\t\t\t\t<\/div>\n\t\t\t\t\t<\/div>\n\t\t<\/article>\n\t\t\t\t<article class=\"elementor-post elementor-grid-item post-21659 post type-post status-publish format-standard has-post-thumbnail hentry category-caf\">\n\t\t\t<div class=\"elementor-post__card\">\n\t\t\t\t<a class=\"elementor-post__thumbnail__link\" href=\"https:\/\/archiv.siov.sk\/en\/pokracujeme-v-zlepsovani-kvality-riadenia\/\" tabindex=\"-1\" ><div class=\"elementor-post__thumbnail\"><img loading=\"lazy\" decoding=\"async\" width=\"768\" height=\"465\" src=\"https:\/\/archiv.siov.sk\/wp-content\/uploads\/2025\/10\/caf_2_faza-768x465.png\" class=\"attachment-medium_large size-medium_large wp-image-21662\" alt=\"\" srcset=\"https:\/\/archiv.siov.sk\/wp-content\/uploads\/2025\/10\/caf_2_faza-768x465.png 768w, https:\/\/archiv.siov.sk\/wp-content\/uploads\/2025\/10\/caf_2_faza-300x182.png 300w, https:\/\/archiv.siov.sk\/wp-content\/uploads\/2025\/10\/caf_2_faza-1024x620.png 1024w, https:\/\/archiv.siov.sk\/wp-content\/uploads\/2025\/10\/caf_2_faza-18x12.png 18w, https:\/\/archiv.siov.sk\/wp-content\/uploads\/2025\/10\/caf_2_faza.png 1040w\" sizes=\"(max-width: 768px) 100vw, 768px\" \/><\/div><\/a>\n\t\t\t\t<div class=\"elementor-post__text\">\n\t\t\t\t<h3 class=\"elementor-post__title\">\n\t\t\t<a href=\"https:\/\/archiv.siov.sk\/en\/pokracujeme-v-zlepsovani-kvality-riadenia\/\" >\n\t\t\t\tPokra\u010dujeme v zlep\u0161ovan\u00ed kvality riadenia\t\t\t<\/a>\n\t\t<\/h3>\n\t\t\t\t\t<div class=\"elementor-post__read-more-wrapper\">\n\t\t\n\t\t<a class=\"elementor-post__read-more\" href=\"https:\/\/archiv.siov.sk\/en\/pokracujeme-v-zlepsovani-kvality-riadenia\/\" aria-label=\"Read more about Pokra\u010dujeme v zlep\u0161ovan\u00ed kvality riadenia\" tabindex=\"-1\" >\n\t\t\t\u010c\u00edta\u0165 viac \u00bb\t\t<\/a>\n\n\t\t\t\t\t<\/div>\n\t\t\t\t<\/div>\n\t\t\t\t<div class=\"elementor-post__meta-data\">\n\t\t\t\t\t<span class=\"elementor-post-date\">\n\t\t\t27. October 2025\t\t<\/span>\n\t\t\t\t<\/div>\n\t\t\t\t\t<\/div>\n\t\t<\/article>\n\t\t\t\t<article class=\"elementor-post elementor-grid-item post-18616 post type-post status-publish format-standard has-post-thumbnail hentry category-aktuality category-caf\">\n\t\t\t<div class=\"elementor-post__card\">\n\t\t\t\t<a class=\"elementor-post__thumbnail__link\" href=\"https:\/\/archiv.siov.sk\/en\/siov-ziskal-titul-efektivny-pouzivatel-caf\/\" tabindex=\"-1\" ><div class=\"elementor-post__thumbnail\"><img loading=\"lazy\" decoding=\"async\" width=\"768\" height=\"512\" src=\"https:\/\/archiv.siov.sk\/wp-content\/uploads\/2025\/04\/titul_caf_hadar_budiakova-768x512.jpg\" class=\"attachment-medium_large size-medium_large wp-image-18667\" alt=\"hadar_budiakova_caf\" srcset=\"https:\/\/archiv.siov.sk\/wp-content\/uploads\/2025\/04\/titul_caf_hadar_budiakova-768x512.jpg 768w, https:\/\/archiv.siov.sk\/wp-content\/uploads\/2025\/04\/titul_caf_hadar_budiakova-300x200.jpg 300w, https:\/\/archiv.siov.sk\/wp-content\/uploads\/2025\/04\/titul_caf_hadar_budiakova-1024x683.jpg 1024w, https:\/\/archiv.siov.sk\/wp-content\/uploads\/2025\/04\/titul_caf_hadar_budiakova-1536x1024.jpg 1536w, https:\/\/archiv.siov.sk\/wp-content\/uploads\/2025\/04\/titul_caf_hadar_budiakova-18x12.jpg 18w, https:\/\/archiv.siov.sk\/wp-content\/uploads\/2025\/04\/titul_caf_hadar_budiakova-272x182.jpg 272w, https:\/\/archiv.siov.sk\/wp-content\/uploads\/2025\/04\/titul_caf_hadar_budiakova.jpg 1584w\" sizes=\"(max-width: 768px) 100vw, 768px\" \/><\/div><\/a>\n\t\t\t\t<div class=\"elementor-post__text\">\n\t\t\t\t<h3 class=\"elementor-post__title\">\n\t\t\t<a href=\"https:\/\/archiv.siov.sk\/en\/siov-ziskal-titul-efektivny-pouzivatel-caf\/\" >\n\t\t\t\t\u0160IOV z\u00edskal titul Efekt\u00edvny pou\u017e\u00edvate\u013e CAF\t\t\t<\/a>\n\t\t<\/h3>\n\t\t\t\t\t<div class=\"elementor-post__read-more-wrapper\">\n\t\t\n\t\t<a class=\"elementor-post__read-more\" href=\"https:\/\/archiv.siov.sk\/en\/siov-ziskal-titul-efektivny-pouzivatel-caf\/\" aria-label=\"Read more about \u0160IOV z\u00edskal titul Efekt\u00edvny pou\u017e\u00edvate\u013e CAF\" tabindex=\"-1\" >\n\t\t\t\u010c\u00edta\u0165 viac \u00bb\t\t<\/a>\n\n\t\t\t\t\t<\/div>\n\t\t\t\t<\/div>\n\t\t\t\t<div class=\"elementor-post__meta-data\">\n\t\t\t\t\t<span class=\"elementor-post-date\">\n\t\t\t30. April 2025\t\t<\/span>\n\t\t\t\t<\/div>\n\t\t\t\t\t<\/div>\n\t\t<\/article>\n\t\t\t\t<article class=\"elementor-post elementor-grid-item post-18087 post type-post status-publish format-standard has-post-thumbnail hentry category-aktuality category-caf\">\n\t\t\t<div class=\"elementor-post__card\">\n\t\t\t\t<a class=\"elementor-post__thumbnail__link\" href=\"https:\/\/archiv.siov.sk\/en\/externa-spatna-vazba-modelu-caf\/\" tabindex=\"-1\" ><div class=\"elementor-post__thumbnail\"><img loading=\"lazy\" decoding=\"async\" width=\"768\" height=\"588\" src=\"https:\/\/archiv.siov.sk\/wp-content\/uploads\/2025\/03\/efektivny-pouzivatel-caf-768x588.jpg\" class=\"attachment-medium_large size-medium_large wp-image-18088\" alt=\"siov efektivny pouzivatel caf\" srcset=\"https:\/\/archiv.siov.sk\/wp-content\/uploads\/2025\/03\/efektivny-pouzivatel-caf-768x588.jpg 768w, https:\/\/archiv.siov.sk\/wp-content\/uploads\/2025\/03\/efektivny-pouzivatel-caf-300x230.jpg 300w, https:\/\/archiv.siov.sk\/wp-content\/uploads\/2025\/03\/efektivny-pouzivatel-caf-16x12.jpg 16w, https:\/\/archiv.siov.sk\/wp-content\/uploads\/2025\/03\/efektivny-pouzivatel-caf.jpg 799w\" sizes=\"(max-width: 768px) 100vw, 768px\" \/><\/div><\/a>\n\t\t\t\t<div class=\"elementor-post__text\">\n\t\t\t\t<h3 class=\"elementor-post__title\">\n\t\t\t<a href=\"https:\/\/archiv.siov.sk\/en\/externa-spatna-vazba-modelu-caf\/\" >\n\t\t\t\tExtern\u00e1 sp\u00e4tn\u00e1 v\u00e4zba modelu CAF\t\t\t<\/a>\n\t\t<\/h3>\n\t\t\t\t\t<div class=\"elementor-post__read-more-wrapper\">\n\t\t\n\t\t<a class=\"elementor-post__read-more\" href=\"https:\/\/archiv.siov.sk\/en\/externa-spatna-vazba-modelu-caf\/\" aria-label=\"Read more about Extern\u00e1 sp\u00e4tn\u00e1 v\u00e4zba modelu CAF\" tabindex=\"-1\" >\n\t\t\t\u010c\u00edta\u0165 viac \u00bb\t\t<\/a>\n\n\t\t\t\t\t<\/div>\n\t\t\t\t<\/div>\n\t\t\t\t<div class=\"elementor-post__meta-data\">\n\t\t\t\t\t<span class=\"elementor-post-date\">\n\t\t\t24. March 2025\t\t<\/span>\n\t\t\t\t<\/div>\n\t\t\t\t\t<\/div>\n\t\t<\/article>\n\t\t\t\t<\/div>\n\t\t\t\t\t<span class=\"e-load-more-spinner\">\n\t\t\t\t<i aria-hidden=\"true\" class=\"fas fa-spinner\"><\/i>\t\t\t<\/span>\n\t\t\n\t\t\t\t<div class=\"e-load-more-anchor\" data-page=\"1\" data-max-page=\"3\" data-next-page=\"https:\/\/archiv.siov.sk\/en\/wp-json\/wp\/v2\/pages\/14745\/page\/2\/\"><\/div>\n\t\t\t\t<div class=\"elementor-button-wrapper\">\n\t\t\t<a href=\"#\" class=\"elementor-button-link elementor-button\" role=\"button\">\n\t\t\t\t\t\t<span class=\"elementor-button-content-wrapper\">\n\t\t\t\t\t\t\t\t\t<span class=\"elementor-button-text\">Zobrazi\u0165 \u010fal\u0161ie<\/span>\n\t\t\t\t\t<\/span>\n\t\t\t\t\t<\/a>\n\t\t<\/div>\n\t\t\t\t<div class=\"e-load-more-message\"><\/div>\n\t\t\t\t\t\t<\/div>\n\t\t\t\t<\/div>\n\t\t\t\t\t<\/div>\n\t\t\t\t<\/div>\n\t\t\t\t<\/div>","protected":false},"excerpt":{"rendered":"<p>MANA\u017d\u00c9RSTVO KVALITY Mana\u017e\u00e9rstvo kvality je komplexn\u00fd pr\u00edstup k riadeniu organiz\u00e1cie, ktor\u00e9ho cie\u013eom je dosahova\u0165 trval\u00e9 zlep\u0161ovanie v\u00fdkonnosti a spokojnosti v\u0161etk\u00fdch zainteresovan\u00fdch str\u00e1n. V praxi to znamen\u00e1 zav\u00e1dzanie procesov a n\u00e1strojov na meranie, vyhodnocovanie a zlep\u0161ovanie kvality slu\u017eieb a pracovn\u00fdch postupov. V snahe o trval\u00e9 zlep\u0161ovanie zav\u00e1dzame v\u00a0\u0160t\u00e1tnom in\u0161tit\u00fate odborn\u00e9ho vzdel\u00e1vania komplexn\u00fd syst\u00e9m mana\u017e\u00e9rstva kvality s vyu\u017eit\u00edm modelu CAF, ktor\u00fd n\u00e1m pom\u00f4\u017ee pos\u00fadi\u0165 siln\u00e9 a slab\u00e9 str\u00e1nky<\/p>","protected":false},"author":1,"featured_media":0,"parent":236,"menu_order":0,"comment_status":"closed","ping_status":"closed","template":"","meta":{"site-sidebar-layout":"no-sidebar","site-content-layout":"page-builder","ast-site-content-layout":"full-width-container","site-content-style":"default","site-sidebar-style":"default","ast-global-header-display":"","ast-banner-title-visibility":"","ast-main-header-display":"","ast-hfb-above-header-display":"","ast-hfb-below-header-display":"","ast-hfb-mobile-header-display":"","site-post-title":"disabled","ast-breadcrumbs-content":"","ast-featured-img":"disabled","footer-sml-layout":"","ast-disable-related-posts":"","theme-transparent-header-meta":"default","adv-header-id-meta":"","stick-header-meta":"","header-above-stick-meta":"","header-main-stick-meta":"","header-below-stick-meta":"","astra-migrate-meta-layouts":"set","ast-page-background-enabled":"default","ast-page-background-meta":{"desktop":{"background-color":"var(--ast-global-color-4)","background-image":"","background-repeat":"repeat","background-position":"center center","background-size":"auto","background-attachment":"scroll","background-type":"","background-media":"","overlay-type":"","overlay-color":"","overlay-opacity":"","overlay-gradient":""},"tablet":{"background-color":"","background-image":"","background-repeat":"repeat","background-position":"center center","background-size":"auto","background-attachment":"scroll","background-type":"","background-media":"","overlay-type":"","overlay-color":"","overlay-opacity":"","overlay-gradient":""},"mobile":{"background-color":"","background-image":"","background-repeat":"repeat","background-position":"center center","background-size":"auto","background-attachment":"scroll","background-type":"","background-media":"","overlay-type":"","overlay-color":"","overlay-opacity":"","overlay-gradient":""}},"ast-content-background-meta":{"desktop":{"background-color":"var(--ast-global-color-5)","background-image":"","background-repeat":"repeat","background-position":"center center","background-size":"auto","background-attachment":"scroll","background-type":"","background-media":"","overlay-type":"","overlay-color":"","overlay-opacity":"","overlay-gradient":""},"tablet":{"background-color":"var(--ast-global-color-5)","background-image":"","background-repeat":"repeat","background-position":"center center","background-size":"auto","background-attachment":"scroll","background-type":"","background-media":"","overlay-type":"","overlay-color":"","overlay-opacity":"","overlay-gradient":""},"mobile":{"background-color":"var(--ast-global-color-5)","background-image":"","background-repeat":"repeat","background-position":"center center","background-size":"auto","background-attachment":"scroll","background-type":"","background-media":"","overlay-type":"","overlay-color":"","overlay-opacity":"","overlay-gradient":""}},"footnotes":""},"class_list":["post-14745","page","type-page","status-publish","hentry"],"yoast_head":"<!-- This site is optimized with the Yoast SEO plugin v27.5 - https:\/\/yoast.com\/product\/yoast-seo-wordpress\/ -->\n<title>Mana\u017e\u00e9rstvo kvality - \u0160IOV - \u0161t\u00e1tny in\u0161tit\u00fat odborn\u00e9ho vzdel\u00e1vania<\/title>\n<meta name=\"robots\" content=\"index, follow, max-snippet:-1, max-image-preview:large, max-video-preview:-1\" \/>\n<link rel=\"canonical\" href=\"https:\/\/archiv.siov.sk\/en\/projekty\/manazerstvo-kvality\/\" \/>\n<meta property=\"og:locale\" content=\"en_GB\" \/>\n<meta property=\"og:type\" content=\"article\" \/>\n<meta property=\"og:title\" content=\"Mana\u017e\u00e9rstvo kvality - \u0160IOV - \u0161t\u00e1tny in\u0161tit\u00fat odborn\u00e9ho vzdel\u00e1vania\" \/>\n<meta property=\"og:description\" content=\"MANA\u017d\u00c9RSTVO KVALITY Mana\u017e\u00e9rstvo kvality je komplexn\u00fd pr\u00edstup k riadeniu organiz\u00e1cie, ktor\u00e9ho cie\u013eom je dosahova\u0165 trval\u00e9 zlep\u0161ovanie v\u00fdkonnosti a spokojnosti v\u0161etk\u00fdch zainteresovan\u00fdch str\u00e1n. V praxi to znamen\u00e1 zav\u00e1dzanie procesov a n\u00e1strojov na meranie, vyhodnocovanie a zlep\u0161ovanie kvality slu\u017eieb a pracovn\u00fdch postupov. V snahe o trval\u00e9 zlep\u0161ovanie zav\u00e1dzame v\u00a0\u0160t\u00e1tnom in\u0161tit\u00fate odborn\u00e9ho vzdel\u00e1vania komplexn\u00fd syst\u00e9m mana\u017e\u00e9rstva kvality s vyu\u017eit\u00edm modelu CAF, ktor\u00fd n\u00e1m pom\u00f4\u017ee pos\u00fadi\u0165 siln\u00e9 a slab\u00e9 str\u00e1nky\" \/>\n<meta property=\"og:url\" content=\"https:\/\/archiv.siov.sk\/en\/projekty\/manazerstvo-kvality\/\" \/>\n<meta property=\"og:site_name\" content=\"\u0160IOV - \u0161t\u00e1tny in\u0161tit\u00fat odborn\u00e9ho vzdel\u00e1vania\" \/>\n<meta property=\"article:publisher\" content=\"https:\/\/www.facebook.com\/Statnyinstitutodbornehovzdelavania\" \/>\n<meta property=\"article:modified_time\" content=\"2025-06-27T09:57:55+00:00\" \/>\n<meta property=\"og:image\" content=\"https:\/\/archiv.siov.sk\/wp-content\/uploads\/2025\/04\/loga_np_kvalita-768x119.png\" \/>\n<meta name=\"twitter:card\" content=\"summary_large_image\" \/>\n<meta name=\"twitter:label1\" content=\"Estimated reading time\" \/>\n\t<meta name=\"twitter:data1\" content=\"3 minutes\" \/>\n<script type=\"application\/ld+json\" class=\"yoast-schema-graph\">{\"@context\":\"https:\\\/\\\/schema.org\",\"@graph\":[{\"@type\":\"WebPage\",\"@id\":\"https:\\\/\\\/archiv.siov.sk\\\/projekty\\\/manazerstvo-kvality\\\/\",\"url\":\"https:\\\/\\\/archiv.siov.sk\\\/projekty\\\/manazerstvo-kvality\\\/\",\"name\":\"Mana\u017e\u00e9rstvo kvality - \u0160IOV - \u0161t\u00e1tny in\u0161tit\u00fat odborn\u00e9ho vzdel\u00e1vania\",\"isPartOf\":{\"@id\":\"https:\\\/\\\/archiv.siov.sk\\\/#website\"},\"primaryImageOfPage\":{\"@id\":\"https:\\\/\\\/archiv.siov.sk\\\/projekty\\\/manazerstvo-kvality\\\/#primaryimage\"},\"image\":{\"@id\":\"https:\\\/\\\/archiv.siov.sk\\\/projekty\\\/manazerstvo-kvality\\\/#primaryimage\"},\"thumbnailUrl\":\"https:\\\/\\\/archiv.siov.sk\\\/wp-content\\\/uploads\\\/2025\\\/04\\\/loga_np_kvalita-768x119.png\",\"datePublished\":\"2024-02-29T20:37:03+00:00\",\"dateModified\":\"2025-06-27T09:57:55+00:00\",\"breadcrumb\":{\"@id\":\"https:\\\/\\\/archiv.siov.sk\\\/projekty\\\/manazerstvo-kvality\\\/#breadcrumb\"},\"inLanguage\":\"en-GB\",\"potentialAction\":[{\"@type\":\"ReadAction\",\"target\":[\"https:\\\/\\\/archiv.siov.sk\\\/projekty\\\/manazerstvo-kvality\\\/\"]}]},{\"@type\":\"ImageObject\",\"inLanguage\":\"en-GB\",\"@id\":\"https:\\\/\\\/archiv.siov.sk\\\/projekty\\\/manazerstvo-kvality\\\/#primaryimage\",\"url\":\"https:\\\/\\\/archiv.siov.sk\\\/wp-content\\\/uploads\\\/2025\\\/04\\\/loga_np_kvalita-768x119.png\",\"contentUrl\":\"https:\\\/\\\/archiv.siov.sk\\\/wp-content\\\/uploads\\\/2025\\\/04\\\/loga_np_kvalita-768x119.png\"},{\"@type\":\"BreadcrumbList\",\"@id\":\"https:\\\/\\\/archiv.siov.sk\\\/projekty\\\/manazerstvo-kvality\\\/#breadcrumb\",\"itemListElement\":[{\"@type\":\"ListItem\",\"position\":1,\"name\":\"Home\",\"item\":\"https:\\\/\\\/archiv.siov.sk\\\/\"},{\"@type\":\"ListItem\",\"position\":2,\"name\":\"Projekty\",\"item\":\"https:\\\/\\\/archiv.siov.sk\\\/en\\\/projekty\\\/\"},{\"@type\":\"ListItem\",\"position\":3,\"name\":\"Mana\u017e\u00e9rstvo kvality\"}]},{\"@type\":\"WebSite\",\"@id\":\"https:\\\/\\\/archiv.siov.sk\\\/#website\",\"url\":\"https:\\\/\\\/archiv.siov.sk\\\/\",\"name\":\"\u0160IOV - \u0161t\u00e1tny in\u0161tit\u00fat odborn\u00e9ho vzdel\u00e1vania\",\"description\":\"\",\"publisher\":{\"@id\":\"https:\\\/\\\/archiv.siov.sk\\\/#organization\"},\"potentialAction\":[{\"@type\":\"SearchAction\",\"target\":{\"@type\":\"EntryPoint\",\"urlTemplate\":\"https:\\\/\\\/archiv.siov.sk\\\/?s={search_term_string}\"},\"query-input\":{\"@type\":\"PropertyValueSpecification\",\"valueRequired\":true,\"valueName\":\"search_term_string\"}}],\"inLanguage\":\"en-GB\"},{\"@type\":\"Organization\",\"@id\":\"https:\\\/\\\/archiv.siov.sk\\\/#organization\",\"name\":\"\u0160IOV - \u0161t\u00e1tny in\u0161tit\u00fat odborn\u00e9ho vzdel\u00e1vania\",\"url\":\"https:\\\/\\\/archiv.siov.sk\\\/\",\"logo\":{\"@type\":\"ImageObject\",\"inLanguage\":\"en-GB\",\"@id\":\"https:\\\/\\\/archiv.siov.sk\\\/#\\\/schema\\\/logo\\\/image\\\/\",\"url\":\"https:\\\/\\\/archiv.siov.sk\\\/wp-content\\\/uploads\\\/2024\\\/02\\\/logo-SIOV.png\",\"contentUrl\":\"https:\\\/\\\/archiv.siov.sk\\\/wp-content\\\/uploads\\\/2024\\\/02\\\/logo-SIOV.png\",\"width\":431,\"height\":143,\"caption\":\"\u0160IOV - \u0161t\u00e1tny in\u0161tit\u00fat odborn\u00e9ho vzdel\u00e1vania\"},\"image\":{\"@id\":\"https:\\\/\\\/archiv.siov.sk\\\/#\\\/schema\\\/logo\\\/image\\\/\"},\"sameAs\":[\"https:\\\/\\\/www.facebook.com\\\/Statnyinstitutodbornehovzdelavania\"]}]}<\/script>\n<!-- \/ Yoast SEO plugin. -->","yoast_head_json":{"title":"Mana\u017e\u00e9rstvo kvality - \u0160IOV - \u0161t\u00e1tny in\u0161tit\u00fat odborn\u00e9ho vzdel\u00e1vania","robots":{"index":"index","follow":"follow","max-snippet":"max-snippet:-1","max-image-preview":"max-image-preview:large","max-video-preview":"max-video-preview:-1"},"canonical":"https:\/\/archiv.siov.sk\/en\/projekty\/manazerstvo-kvality\/","og_locale":"en_GB","og_type":"article","og_title":"Mana\u017e\u00e9rstvo kvality - \u0160IOV - \u0161t\u00e1tny in\u0161tit\u00fat odborn\u00e9ho vzdel\u00e1vania","og_description":"MANA\u017d\u00c9RSTVO KVALITY Mana\u017e\u00e9rstvo kvality je komplexn\u00fd pr\u00edstup k riadeniu organiz\u00e1cie, ktor\u00e9ho cie\u013eom je dosahova\u0165 trval\u00e9 zlep\u0161ovanie v\u00fdkonnosti a spokojnosti v\u0161etk\u00fdch zainteresovan\u00fdch str\u00e1n. V praxi to znamen\u00e1 zav\u00e1dzanie procesov a n\u00e1strojov na meranie, vyhodnocovanie a zlep\u0161ovanie kvality slu\u017eieb a pracovn\u00fdch postupov. V snahe o trval\u00e9 zlep\u0161ovanie zav\u00e1dzame v\u00a0\u0160t\u00e1tnom in\u0161tit\u00fate odborn\u00e9ho vzdel\u00e1vania komplexn\u00fd syst\u00e9m mana\u017e\u00e9rstva kvality s vyu\u017eit\u00edm modelu CAF, ktor\u00fd n\u00e1m pom\u00f4\u017ee pos\u00fadi\u0165 siln\u00e9 a slab\u00e9 str\u00e1nky","og_url":"https:\/\/archiv.siov.sk\/en\/projekty\/manazerstvo-kvality\/","og_site_name":"\u0160IOV - \u0161t\u00e1tny in\u0161tit\u00fat odborn\u00e9ho vzdel\u00e1vania","article_publisher":"https:\/\/www.facebook.com\/Statnyinstitutodbornehovzdelavania","article_modified_time":"2025-06-27T09:57:55+00:00","og_image":[{"url":"https:\/\/archiv.siov.sk\/wp-content\/uploads\/2025\/04\/loga_np_kvalita-768x119.png","type":"","width":"","height":""}],"twitter_card":"summary_large_image","twitter_misc":{"Estimated reading time":"3 minutes"},"schema":{"@context":"https:\/\/schema.org","@graph":[{"@type":"WebPage","@id":"https:\/\/archiv.siov.sk\/projekty\/manazerstvo-kvality\/","url":"https:\/\/archiv.siov.sk\/projekty\/manazerstvo-kvality\/","name":"Mana\u017e\u00e9rstvo kvality - \u0160IOV - \u0161t\u00e1tny in\u0161tit\u00fat odborn\u00e9ho vzdel\u00e1vania","isPartOf":{"@id":"https:\/\/archiv.siov.sk\/#website"},"primaryImageOfPage":{"@id":"https:\/\/archiv.siov.sk\/projekty\/manazerstvo-kvality\/#primaryimage"},"image":{"@id":"https:\/\/archiv.siov.sk\/projekty\/manazerstvo-kvality\/#primaryimage"},"thumbnailUrl":"https:\/\/archiv.siov.sk\/wp-content\/uploads\/2025\/04\/loga_np_kvalita-768x119.png","datePublished":"2024-02-29T20:37:03+00:00","dateModified":"2025-06-27T09:57:55+00:00","breadcrumb":{"@id":"https:\/\/archiv.siov.sk\/projekty\/manazerstvo-kvality\/#breadcrumb"},"inLanguage":"en-GB","potentialAction":[{"@type":"ReadAction","target":["https:\/\/archiv.siov.sk\/projekty\/manazerstvo-kvality\/"]}]},{"@type":"ImageObject","inLanguage":"en-GB","@id":"https:\/\/archiv.siov.sk\/projekty\/manazerstvo-kvality\/#primaryimage","url":"https:\/\/archiv.siov.sk\/wp-content\/uploads\/2025\/04\/loga_np_kvalita-768x119.png","contentUrl":"https:\/\/archiv.siov.sk\/wp-content\/uploads\/2025\/04\/loga_np_kvalita-768x119.png"},{"@type":"BreadcrumbList","@id":"https:\/\/archiv.siov.sk\/projekty\/manazerstvo-kvality\/#breadcrumb","itemListElement":[{"@type":"ListItem","position":1,"name":"Home","item":"https:\/\/archiv.siov.sk\/"},{"@type":"ListItem","position":2,"name":"Projekty","item":"https:\/\/archiv.siov.sk\/en\/projekty\/"},{"@type":"ListItem","position":3,"name":"Mana\u017e\u00e9rstvo kvality"}]},{"@type":"WebSite","@id":"https:\/\/archiv.siov.sk\/#website","url":"https:\/\/archiv.siov.sk\/","name":"\u0160IOV - \u0161t\u00e1tny in\u0161tit\u00fat odborn\u00e9ho vzdel\u00e1vania","description":"","publisher":{"@id":"https:\/\/archiv.siov.sk\/#organization"},"potentialAction":[{"@type":"SearchAction","target":{"@type":"EntryPoint","urlTemplate":"https:\/\/archiv.siov.sk\/?s={search_term_string}"},"query-input":{"@type":"PropertyValueSpecification","valueRequired":true,"valueName":"search_term_string"}}],"inLanguage":"en-GB"},{"@type":"Organization","@id":"https:\/\/archiv.siov.sk\/#organization","name":"\u0160IOV - \u0161t\u00e1tny in\u0161tit\u00fat odborn\u00e9ho vzdel\u00e1vania","url":"https:\/\/archiv.siov.sk\/","logo":{"@type":"ImageObject","inLanguage":"en-GB","@id":"https:\/\/archiv.siov.sk\/#\/schema\/logo\/image\/","url":"https:\/\/archiv.siov.sk\/wp-content\/uploads\/2024\/02\/logo-SIOV.png","contentUrl":"https:\/\/archiv.siov.sk\/wp-content\/uploads\/2024\/02\/logo-SIOV.png","width":431,"height":143,"caption":"\u0160IOV - \u0161t\u00e1tny in\u0161tit\u00fat odborn\u00e9ho vzdel\u00e1vania"},"image":{"@id":"https:\/\/archiv.siov.sk\/#\/schema\/logo\/image\/"},"sameAs":["https:\/\/www.facebook.com\/Statnyinstitutodbornehovzdelavania"]}]}},"_links":{"self":[{"href":"https:\/\/archiv.siov.sk\/en\/wp-json\/wp\/v2\/pages\/14745","targetHints":{"allow":["GET"]}}],"collection":[{"href":"https:\/\/archiv.siov.sk\/en\/wp-json\/wp\/v2\/pages"}],"about":[{"href":"https:\/\/archiv.siov.sk\/en\/wp-json\/wp\/v2\/types\/page"}],"author":[{"embeddable":true,"href":"https:\/\/archiv.siov.sk\/en\/wp-json\/wp\/v2\/users\/1"}],"replies":[{"embeddable":true,"href":"https:\/\/archiv.siov.sk\/en\/wp-json\/wp\/v2\/comments?post=14745"}],"version-history":[{"count":46,"href":"https:\/\/archiv.siov.sk\/en\/wp-json\/wp\/v2\/pages\/14745\/revisions"}],"predecessor-version":[{"id":19675,"href":"https:\/\/archiv.siov.sk\/en\/wp-json\/wp\/v2\/pages\/14745\/revisions\/19675"}],"up":[{"embeddable":true,"href":"https:\/\/archiv.siov.sk\/en\/wp-json\/wp\/v2\/pages\/236"}],"wp:attachment":[{"href":"https:\/\/archiv.siov.sk\/en\/wp-json\/wp\/v2\/media?parent=14745"}],"curies":[{"name":"wp","href":"https:\/\/api.w.org\/{rel}","templated":true}]}}