{"id":14729,"date":"2024-02-29T21:02:58","date_gmt":"2024-02-29T20:02:58","guid":{"rendered":"https:\/\/archiv.siov.sk\/?page_id=14729"},"modified":"2025-05-05T13:56:19","modified_gmt":"2025-05-05T11:56:19","slug":"zlepsenie-kvality-a-atraktivnosti-ovp-v-sulade-s-potrebami-trhu-prace","status":"publish","type":"page","link":"https:\/\/archiv.siov.sk\/en\/projekty\/aktualne-projekty\/zlepsenie-kvality-a-atraktivnosti-ovp-v-sulade-s-potrebami-trhu-prace\/","title":{"rendered":"Zlep\u0161enie kvality a atrakt\u00edvnosti OVP v s\u00falade s potrebami trhu pr\u00e1ce"},"content":{"rendered":"<div data-elementor-type=\"wp-page\" data-elementor-id=\"14729\" class=\"elementor elementor-14729\" data-elementor-post-type=\"page\">\n\t\t\t\t\t\t<section class=\"elementor-section elementor-top-section elementor-element elementor-element-66913245 elementor-section-boxed elementor-section-height-default elementor-section-height-default\" data-id=\"66913245\" data-element_type=\"section\" data-e-type=\"section\">\n\t\t\t\t\t\t<div class=\"elementor-container elementor-column-gap-default\">\n\t\t\t\t\t<div class=\"elementor-column elementor-col-100 elementor-top-column elementor-element elementor-element-11b22835\" data-id=\"11b22835\" data-element_type=\"column\" data-e-type=\"column\">\n\t\t\t<div class=\"elementor-widget-wrap elementor-element-populated\">\n\t\t\t\t\t\t<div class=\"elementor-element elementor-element-7f7c2036 elementor-widget-divider--view-line elementor-widget elementor-widget-divider\" data-id=\"7f7c2036\" data-element_type=\"widget\" data-e-type=\"widget\" data-widget_type=\"divider.default\">\n\t\t\t\t<div class=\"elementor-widget-container\">\n\t\t\t\t\t\t\t<div class=\"elementor-divider\">\n\t\t\t<span class=\"elementor-divider-separator\">\n\t\t\t\t\t\t<\/span>\n\t\t<\/div>\n\t\t\t\t\t\t<\/div>\n\t\t\t\t<\/div>\n\t\t\t\t<div class=\"elementor-element elementor-element-c4f5349 elementor-widget elementor-widget-text-editor\" data-id=\"c4f5349\" data-element_type=\"widget\" data-e-type=\"widget\" data-widget_type=\"text-editor.default\">\n\t\t\t\t<div class=\"elementor-widget-container\">\n\t\t\t\t\t\t\t\t\t<p><img decoding=\"async\" class=\"alignnone wp-image-17093\" src=\"https:\/\/siov.sk\/wp-content\/uploads\/2024\/11\/2CHB_Slovakia_SK_POS_RGB-300x69.png\" alt=\"\" width=\"370\" height=\"85\" srcset=\"https:\/\/archiv.siov.sk\/wp-content\/uploads\/2024\/11\/2CHB_Slovakia_SK_POS_RGB-300x69.png 300w, https:\/\/archiv.siov.sk\/wp-content\/uploads\/2024\/11\/2CHB_Slovakia_SK_POS_RGB-1024x236.png 1024w, https:\/\/archiv.siov.sk\/wp-content\/uploads\/2024\/11\/2CHB_Slovakia_SK_POS_RGB-768x177.png 768w, https:\/\/archiv.siov.sk\/wp-content\/uploads\/2024\/11\/2CHB_Slovakia_SK_POS_RGB-1536x354.png 1536w, https:\/\/archiv.siov.sk\/wp-content\/uploads\/2024\/11\/2CHB_Slovakia_SK_POS_RGB-2048x473.png 2048w, https:\/\/archiv.siov.sk\/wp-content\/uploads\/2024\/11\/2CHB_Slovakia_SK_POS_RGB-18x4.png 18w\" sizes=\"(max-width: 370px) 100vw, 370px\" \/><img decoding=\"async\" class=\"alignnone size-medium wp-image-17094\" src=\"https:\/\/siov.sk\/wp-content\/uploads\/2024\/11\/logo-miiri-farebne-sk-300x69.png\" alt=\"\" width=\"300\" height=\"69\" srcset=\"https:\/\/archiv.siov.sk\/wp-content\/uploads\/2024\/11\/logo-miiri-farebne-sk-300x69.png 300w, https:\/\/archiv.siov.sk\/wp-content\/uploads\/2024\/11\/logo-miiri-farebne-sk-1024x235.png 1024w, https:\/\/archiv.siov.sk\/wp-content\/uploads\/2024\/11\/logo-miiri-farebne-sk-768x176.png 768w, https:\/\/archiv.siov.sk\/wp-content\/uploads\/2024\/11\/logo-miiri-farebne-sk-1536x353.png 1536w, https:\/\/archiv.siov.sk\/wp-content\/uploads\/2024\/11\/logo-miiri-farebne-sk-2048x470.png 2048w, https:\/\/archiv.siov.sk\/wp-content\/uploads\/2024\/11\/logo-miiri-farebne-sk-18x4.png 18w\" sizes=\"(max-width: 300px) 100vw, 300px\" \/><img decoding=\"async\" class=\"alignnone size-medium wp-image-17020\" src=\"https:\/\/siov.sk\/wp-content\/uploads\/2024\/11\/3_Logo_Minedu_SK-300x142.png\" alt=\"\" width=\"300\" height=\"142\" srcset=\"https:\/\/archiv.siov.sk\/wp-content\/uploads\/2024\/11\/3_Logo_Minedu_SK-300x142.png 300w, https:\/\/archiv.siov.sk\/wp-content\/uploads\/2024\/11\/3_Logo_Minedu_SK-1024x485.png 1024w, https:\/\/archiv.siov.sk\/wp-content\/uploads\/2024\/11\/3_Logo_Minedu_SK-768x364.png 768w, https:\/\/archiv.siov.sk\/wp-content\/uploads\/2024\/11\/3_Logo_Minedu_SK-18x9.png 18w, https:\/\/archiv.siov.sk\/wp-content\/uploads\/2024\/11\/3_Logo_Minedu_SK.png 1123w\" sizes=\"(max-width: 300px) 100vw, 300px\" \/><\/p>\t\t\t\t\t\t\t\t<\/div>\n\t\t\t\t<\/div>\n\t\t\t\t<div class=\"elementor-element elementor-element-91ae505 elementor-widget elementor-widget-heading\" data-id=\"91ae505\" data-element_type=\"widget\" data-e-type=\"widget\" data-widget_type=\"heading.default\">\n\t\t\t\t<div class=\"elementor-widget-container\">\n\t\t\t\t\t<h2 class=\"elementor-heading-title elementor-size-default\">Zlep\u0161enie kvality a atrakt\u00edvnosti OVP v s\u00falade s potrebami trhu pr\u00e1ce<\/h2>\t\t\t\t<\/div>\n\t\t\t\t<\/div>\n\t\t\t\t\t<\/div>\n\t\t<\/div>\n\t\t\t\t\t<\/div>\n\t\t<\/section>\n\t\t\t\t<section class=\"elementor-section elementor-top-section elementor-element elementor-element-578fc453 elementor-section-boxed elementor-section-height-default elementor-section-height-default\" data-id=\"578fc453\" data-element_type=\"section\" data-e-type=\"section\">\n\t\t\t\t\t\t<div class=\"elementor-container elementor-column-gap-default\">\n\t\t\t\t\t<div class=\"elementor-column elementor-col-100 elementor-top-column elementor-element elementor-element-43307403\" data-id=\"43307403\" data-element_type=\"column\" data-e-type=\"column\">\n\t\t\t<div class=\"elementor-widget-wrap elementor-element-populated\">\n\t\t\t\t\t\t<div class=\"elementor-element elementor-element-7afb1ad2 elementor-widget elementor-widget-text-editor\" data-id=\"7afb1ad2\" data-element_type=\"widget\" data-e-type=\"widget\" data-widget_type=\"text-editor.default\">\n\t\t\t\t<div class=\"elementor-widget-container\">\n\t\t\t\t\t\t\t\t\t<p style=\"text-align: justify;\">Projekt na zlep\u0161enie kvality a atrakt\u00edvnosti odborn\u00e9ho vzdel\u00e1vania a pr\u00edpravy v s\u00falade s potrebami slovensk\u00e9ho trhu pr\u00e1ce je s\u00fa\u010das\u0165ou druh\u00e9ho programu \u0161vaj\u010diarsko-slovenskej spolupr\u00e1ce pre obdobie rokov 2024 a\u017e 2029. M\u00e1 amb\u00edciu posun\u00fa\u0165 odborn\u00e9 vzdel\u00e1vanie, du\u00e1lne vzdel\u00e1vanie, ktor\u00e9 je u\u017e jeho pevnou s\u00fa\u010das\u0165ou a vy\u0161\u0161ie odborn\u00e9 vzdel\u00e1vanie na vy\u0161\u0161iu \u00farove\u0148. Zintenz\u00edvni\u0165 prepojenie so zamestn\u00e1vate\u013emi a prinies\u0165 nov\u00e9 platformy na rozvoj praktickej pr\u00edpravy. Nadv\u00e4zuje na <a href=\"https:\/\/siov.sk\/medzinarodna-spolupraca\/medzinarodne-projekty\/ovp-pre-trh-prace\/\" target=\"_blank\" rel=\"noopener\">prv\u00fd projekt<\/a> a pokra\u010duje tak v pr\u00e1ci na skvalit\u0148ovan\u00ed \u00farovne odborn\u00e9ho vzdel\u00e1vania na Slovensku a jeho propag\u00e1cii medzi \u0161tudentmi a zamestn\u00e1vate\u013emi.&nbsp;<\/p>\n<p style=\"text-align: justify;\">Hlavn\u00fdm pr\u00ednosom projektu je prenos sk\u00fasenost\u00ed a dobrej praxe od \u0161vaj\u010diarskych partnerov do t\u00fdch oblast\u00ed odborn\u00e9ho vzdel\u00e1vania, ktor\u00e9 aktu\u00e1lne vy\u017eaduj\u00fa podporu alebo \u0161pecifick\u00fd pr\u00edstup. Preto sa projekt bude venova\u0165 posilneniu odborn\u00e9ho vzdel\u00e1vania v oblastiach stavebn\u00edctva, po\u013enohospod\u00e1rstva a&nbsp;potravin\u00e1rstva. Bude rie\u0161i\u0165 zavedenie odbornej maturity, majstrovskej sk\u00fa\u0161ky a nadv\u00e4zuj\u00face vy\u0161\u0161ie odborn\u00e9 vzdel\u00e1vanie. S\u00fa\u010das\u0165ou projektu bud\u00fa aj aktivity t\u00fdkaj\u00face sa vzdel\u00e1vania cudzincov a ich&nbsp; efekt\u00edvneho za\u010dlenenia na trh pr\u00e1ce.<\/p>\n<p style=\"text-align: justify;\">Doba realiz\u00e1cie projektu: 09\/2024 &#8211; 03\/2029<\/p>\n<p><strong>V\u00fdchodisk\u00e1 projektu<\/strong><\/p>\n<ul>\n<li>Napriek viacer\u00fdm opatreniam na podporu OVP a SDV <strong>st\u00e1le prevl\u00e1da nes\u00falad <\/strong>medzi ponukou SO\u0160, zru\u010dnos\u0165ami ich absolventov a potrebami trhu pr\u00e1ce, najm\u00e4 vo vybran\u00fdch sektoroch;<\/li>\n<li>N\u00edzky po\u010det zamestn\u00e1vate\u013eov zapojen\u00fdch do OVP m\u00e1 za n\u00e1sledok <strong>n\u00edzky podiel \u017eiakov <\/strong><strong style=\"font-size: 16px;\">s praktick\u00fdm vyu\u010dovan\u00edm na pracovisku;<\/strong><\/li>\n<li>Klesaj\u00faci po\u010det a <strong>zvy\u0161uj\u00faci sa priemern\u00fd vek u\u010dite\u013eov <\/strong>odborn\u00fdch predmetov a majstrov odbornej v\u00fdchovy;<\/li>\n<li><strong>Vysok\u00fd podiel \u017eiakov v \u0161kolsk\u00fdch programoch <\/strong>(M) v porovnan\u00ed s programami s praktick\u00fdm vyu\u010dovan\u00edm (K, H) a vy\u0161\u0161\u00edmi odborn\u00fdmi programami (Q);<\/li>\n<li>Nie s\u00fa vytvoren\u00e9 podmienky na <strong>prepojenie vy\u0161\u0161ieho odborn\u00e9ho vzdel\u00e1vania&nbsp; (Q) s prv\u00fdm stup\u0148om V\u0160 <\/strong>vzdel\u00e1vania;<\/li>\n<li><strong>Ch\u00fdba odborn\u00e1 maturita <\/strong>aj proces uzn\u00e1vania v\u00fdsledkov neform\u00e1lneho vzdel\u00e1vania;<\/li>\n<li>Slovensk\u00fd trh pr\u00e1ce po\u017eaduje <strong>efekt\u00edvnej\u0161\u00ed proces integr\u00e1cie cudzincov na pracovisku.<\/strong><\/li>\n<\/ul>\n<p><strong>Aktivity projektu<\/strong><\/p>\n<p><img loading=\"lazy\" decoding=\"async\" class=\"alignnone wp-image-17314 size-large\" src=\"https:\/\/siov.sk\/wp-content\/uploads\/2024\/11\/Aktivity-projektu_svajciar-2-1024x1024.jpg\" alt=\"\" width=\"1024\" height=\"1024\" srcset=\"https:\/\/archiv.siov.sk\/wp-content\/uploads\/2024\/11\/Aktivity-projektu_svajciar-2-1024x1024.jpg 1024w, https:\/\/archiv.siov.sk\/wp-content\/uploads\/2024\/11\/Aktivity-projektu_svajciar-2-300x300.jpg 300w, https:\/\/archiv.siov.sk\/wp-content\/uploads\/2024\/11\/Aktivity-projektu_svajciar-2-150x150.jpg 150w, https:\/\/archiv.siov.sk\/wp-content\/uploads\/2024\/11\/Aktivity-projektu_svajciar-2-768x768.jpg 768w, https:\/\/archiv.siov.sk\/wp-content\/uploads\/2024\/11\/Aktivity-projektu_svajciar-2-1536x1536.jpg 1536w, https:\/\/archiv.siov.sk\/wp-content\/uploads\/2024\/11\/Aktivity-projektu_svajciar-2-2048x2048.jpg 2048w, https:\/\/archiv.siov.sk\/wp-content\/uploads\/2024\/11\/Aktivity-projektu_svajciar-2-12x12.jpg 12w\" sizes=\"(max-width: 1024px) 100vw, 1024px\" \/><\/p>\n<p><b>M\u00ed\u013eniky projektu<\/b><\/p>\t\t\t\t\t\t\t\t<\/div>\n\t\t\t\t<\/div>\n\t\t<div class=\"elementor-element elementor-element-0c3a1fa e-grid e-con-boxed e-con e-parent\" data-id=\"0c3a1fa\" data-element_type=\"container\" data-e-type=\"container\">\n\t\t\t\t\t<div class=\"e-con-inner\">\n\t\t\t\t<div class=\"elementor-element elementor-element-55833db elementor-widget elementor-widget-image\" data-id=\"55833db\" data-element_type=\"widget\" data-e-type=\"widget\" data-widget_type=\"image.default\">\n\t\t\t\t<div class=\"elementor-widget-container\">\n\t\t\t\t\t\t\t\t\t\t\t\t\t\t\t<img loading=\"lazy\" decoding=\"async\" width=\"300\" height=\"200\" src=\"https:\/\/archiv.siov.sk\/wp-content\/uploads\/2024\/11\/380934476_267185109551502_6594920655439695786_n-300x200.jpg\" class=\"attachment-medium size-medium wp-image-17113\" alt=\"\" srcset=\"https:\/\/archiv.siov.sk\/wp-content\/uploads\/2024\/11\/380934476_267185109551502_6594920655439695786_n-300x200.jpg 300w, https:\/\/archiv.siov.sk\/wp-content\/uploads\/2024\/11\/380934476_267185109551502_6594920655439695786_n-1024x683.jpg 1024w, https:\/\/archiv.siov.sk\/wp-content\/uploads\/2024\/11\/380934476_267185109551502_6594920655439695786_n-768x512.jpg 768w, https:\/\/archiv.siov.sk\/wp-content\/uploads\/2024\/11\/380934476_267185109551502_6594920655439695786_n-1536x1024.jpg 1536w, https:\/\/archiv.siov.sk\/wp-content\/uploads\/2024\/11\/380934476_267185109551502_6594920655439695786_n-18x12.jpg 18w, https:\/\/archiv.siov.sk\/wp-content\/uploads\/2024\/11\/380934476_267185109551502_6594920655439695786_n-272x182.jpg 272w, https:\/\/archiv.siov.sk\/wp-content\/uploads\/2024\/11\/380934476_267185109551502_6594920655439695786_n.jpg 2048w\" sizes=\"(max-width: 300px) 100vw, 300px\" \/>\t\t\t\t\t\t\t\t\t\t\t\t\t\t\t<\/div>\n\t\t\t\t<\/div>\n\t\t\t\t<div class=\"elementor-element elementor-element-0a25817 elementor-widget elementor-widget-text-editor\" data-id=\"0a25817\" data-element_type=\"widget\" data-e-type=\"widget\" data-widget_type=\"text-editor.default\">\n\t\t\t\t<div class=\"elementor-widget-container\">\n\t\t\t\t\t\t\t\t\t<p>19.9.2023\u00a0\u00a0 <strong>Podpis R\u00e1mcovej dohody<\/strong> medzi vl\u00e1dou SR a \u0160vaj\u010diarskou feder\u00e1lnou radou o implement\u00e1cii 2. \u0160vaj\u010diarskeho pr\u00edspevku (R\u00e1mcov\u00e1 dohoda medzi vl\u00e1dou Slovenskej republiky a \u0160vaj\u010diarskou feder\u00e1lnou radou o implement\u00e1cii druh\u00e9ho \u0160vaj\u010diarskeho pr\u00edspevku vybran\u00fdm \u010dlensk\u00fdm \u0161t\u00e1tom Eur\u00f3pskej \u00fanie na zn\u00ed\u017eenie hospod\u00e1rskych a soci\u00e1lnych rozdielov v r\u00e1mci Eur\u00f3pskej \u00fanie). <a href=\"https:\/\/mirri.gov.sk\/aktuality\/program-svajciarsko-slovenskej-spoluprace\/viac-ako-44-milionov-eur-na-rozvoj-slovenskych-regionov-z-programu-svajciarsko-slovenskej-spoluprace\/\" target=\"_blank\" rel=\"noopener\">Viac inform\u00e1ci\u00ed<\/a><\/p>\t\t\t\t\t\t\t\t<\/div>\n\t\t\t\t<\/div>\n\t\t\t\t<div class=\"elementor-element elementor-element-31db494 elementor-widget elementor-widget-image\" data-id=\"31db494\" data-element_type=\"widget\" data-e-type=\"widget\" data-widget_type=\"image.default\">\n\t\t\t\t<div class=\"elementor-widget-container\">\n\t\t\t\t\t\t\t\t\t\t\t\t\t\t\t<img loading=\"lazy\" decoding=\"async\" width=\"300\" height=\"226\" src=\"https:\/\/archiv.siov.sk\/wp-content\/uploads\/2024\/11\/DSC08204-Enhanced-NR-1536x1156-1-300x226.jpg\" class=\"attachment-medium size-medium wp-image-17120\" alt=\"\" srcset=\"https:\/\/archiv.siov.sk\/wp-content\/uploads\/2024\/11\/DSC08204-Enhanced-NR-1536x1156-1-300x226.jpg 300w, https:\/\/archiv.siov.sk\/wp-content\/uploads\/2024\/11\/DSC08204-Enhanced-NR-1536x1156-1-1024x771.jpg 1024w, https:\/\/archiv.siov.sk\/wp-content\/uploads\/2024\/11\/DSC08204-Enhanced-NR-1536x1156-1-768x578.jpg 768w, https:\/\/archiv.siov.sk\/wp-content\/uploads\/2024\/11\/DSC08204-Enhanced-NR-1536x1156-1-16x12.jpg 16w, https:\/\/archiv.siov.sk\/wp-content\/uploads\/2024\/11\/DSC08204-Enhanced-NR-1536x1156-1.jpg 1536w\" sizes=\"(max-width: 300px) 100vw, 300px\" \/>\t\t\t\t\t\t\t\t\t\t\t\t\t\t\t<\/div>\n\t\t\t\t<\/div>\n\t\t\t\t<div class=\"elementor-element elementor-element-d1126d7 elementor-widget elementor-widget-text-editor\" data-id=\"d1126d7\" data-element_type=\"widget\" data-e-type=\"widget\" data-widget_type=\"text-editor.default\">\n\t\t\t\t<div class=\"elementor-widget-container\">\n\t\t\t\t\t\t\t\t\t<p>16. 9. 2024<strong>\u00a0 Podpis Dohody o podpornom opatren\u00ed <\/strong>\u201eZlep\u0161enie kvality a atrakt\u00edvnosti odborn\u00e9ho vzdel\u00e1vania a pr\u00edpravy (OVP) v s\u00falade s potrebami trhu pr\u00e1ce\u201c<strong> a <\/strong><strong>za\u010diatok realiz\u00e1cie aktiv\u00edt projektu. <\/strong><a href=\"https:\/\/siov.sk\/podpis-dohody-o-podpornom-opatreni-odborne-vzdelavanie-a-priprava\/\" target=\"_blank\" rel=\"noopener\">Viac inform\u00e1ci\u00ed<\/a><\/p>\t\t\t\t\t\t\t\t<\/div>\n\t\t\t\t<\/div>\n\t\t\t\t<div class=\"elementor-element elementor-element-3abccf4 elementor-widget elementor-widget-image\" data-id=\"3abccf4\" data-element_type=\"widget\" data-e-type=\"widget\" data-widget_type=\"image.default\">\n\t\t\t\t<div class=\"elementor-widget-container\">\n\t\t\t\t\t\t\t\t\t\t\t\t\t\t\t<img loading=\"lazy\" decoding=\"async\" width=\"300\" height=\"147\" src=\"https:\/\/archiv.siov.sk\/wp-content\/uploads\/2024\/12\/podpis-zmlvy-na-realizaciu_-e1733399716187-300x147.png\" class=\"attachment-medium size-medium wp-image-17464\" alt=\"\" srcset=\"https:\/\/archiv.siov.sk\/wp-content\/uploads\/2024\/12\/podpis-zmlvy-na-realizaciu_-e1733399716187-300x147.png 300w, https:\/\/archiv.siov.sk\/wp-content\/uploads\/2024\/12\/podpis-zmlvy-na-realizaciu_-e1733399716187-18x9.png 18w, https:\/\/archiv.siov.sk\/wp-content\/uploads\/2024\/12\/podpis-zmlvy-na-realizaciu_-e1733399716187.png 745w\" sizes=\"(max-width: 300px) 100vw, 300px\" \/>\t\t\t\t\t\t\t\t\t\t\t\t\t\t\t<\/div>\n\t\t\t\t<\/div>\n\t\t\t\t<div class=\"elementor-element elementor-element-1b71a3a elementor-widget elementor-widget-text-editor\" data-id=\"1b71a3a\" data-element_type=\"widget\" data-e-type=\"widget\" data-widget_type=\"text-editor.default\">\n\t\t\t\t<div class=\"elementor-widget-container\">\n\t\t\t\t\t\t\t\t\t<p>25. 11. 2024 <b>Podpis projektovej zmluvy\u00a0<\/b>na realiz\u00e1ciu projektu spolufinancovan\u00e9ho z druh\u00e9ho Programu \u0161vaj\u010diarsko-slovenskej spolupr\u00e1ce medzi Ministerstvom invest\u00edci\u00ed, region\u00e1lneho rozvoja a\u00a0informatiz\u00e1cie SR a\u00a0\u0160t\u00e1tnym in\u0161tit\u00fatom odborn\u00e9ho vzdel\u00e1vania. <a href=\"https:\/\/crz.gov.sk\/zmluva\/10071156\" target=\"_blank\" rel=\"noopener\">Viac inform\u00e1ci\u00ed o projektovej zmluve<\/a><\/p>\t\t\t\t\t\t\t\t<\/div>\n\t\t\t\t<\/div>\n\t\t\t\t<div class=\"elementor-element elementor-element-873820b elementor-widget elementor-widget-image\" data-id=\"873820b\" data-element_type=\"widget\" data-e-type=\"widget\" data-widget_type=\"image.default\">\n\t\t\t\t<div class=\"elementor-widget-container\">\n\t\t\t\t\t\t\t\t\t\t\t\t\t\t\t<img loading=\"lazy\" decoding=\"async\" width=\"300\" height=\"221\" src=\"https:\/\/archiv.siov.sk\/wp-content\/uploads\/2025\/01\/IMG_5851-rotated-e1737623632659-300x221.jpg\" class=\"attachment-medium size-medium wp-image-17670\" alt=\"\" srcset=\"https:\/\/archiv.siov.sk\/wp-content\/uploads\/2025\/01\/IMG_5851-rotated-e1737623632659-300x221.jpg 300w, https:\/\/archiv.siov.sk\/wp-content\/uploads\/2025\/01\/IMG_5851-rotated-e1737623632659-1024x753.jpg 1024w, https:\/\/archiv.siov.sk\/wp-content\/uploads\/2025\/01\/IMG_5851-rotated-e1737623632659-768x565.jpg 768w, https:\/\/archiv.siov.sk\/wp-content\/uploads\/2025\/01\/IMG_5851-rotated-e1737623632659-16x12.jpg 16w, https:\/\/archiv.siov.sk\/wp-content\/uploads\/2025\/01\/IMG_5851-rotated-e1737623632659.jpg 1512w\" sizes=\"(max-width: 300px) 100vw, 300px\" \/>\t\t\t\t\t\t\t\t\t\t\t\t\t\t\t<\/div>\n\t\t\t\t<\/div>\n\t\t\t\t<div class=\"elementor-element elementor-element-655ba00 elementor-widget elementor-widget-text-editor\" data-id=\"655ba00\" data-element_type=\"widget\" data-e-type=\"widget\" data-widget_type=\"text-editor.default\">\n\t\t\t\t<div class=\"elementor-widget-container\">\n\t\t\t\t\t\t\t\t\t<p>20. 1. 2025 <strong>Otv\u00e1racia konferencia<\/strong> projektu \u201eZlep\u0161enie kvality a atrakt\u00edvnosti odborn\u00e9ho vzdel\u00e1vania a pr\u00edpravy (OVP) v s\u00falade s potrebami trhu pr\u00e1ce\u201c v Bratislave. Projektov\u00e9 aktivity bud\u00fa prebieha\u0165 do roku 2028. <a href=\"https:\/\/siov.sk\/62-ziakov-strednych-skol-sa-vzdelava-v-odbornych-skolach-preto-sa-dnes-tazisko-tohto-vzdelavania-presuva-na-zvysenie-jeho-kvality-a-atraktivnosti\/\" target=\"_blank\" rel=\"noopener\">Viac inform\u00e1ci\u00ed<\/a><\/p>\t\t\t\t\t\t\t\t<\/div>\n\t\t\t\t<\/div>\n\t\t\t\t<div class=\"elementor-element elementor-element-433bb29 elementor-widget elementor-widget-image\" data-id=\"433bb29\" data-element_type=\"widget\" data-e-type=\"widget\" data-widget_type=\"image.default\">\n\t\t\t\t<div class=\"elementor-widget-container\">\n\t\t\t\t\t\t\t\t\t\t\t\t\t\t\t<img loading=\"lazy\" decoding=\"async\" width=\"300\" height=\"225\" src=\"https:\/\/archiv.siov.sk\/wp-content\/uploads\/2025\/01\/Otvaracia-konferencia_podpis-partnerskej-zmluvy_B.-Hadar-a-E.-Swars_Zdroj-SIOV-300x225.jpeg\" class=\"attachment-medium size-medium wp-image-17694\" alt=\"\" srcset=\"https:\/\/archiv.siov.sk\/wp-content\/uploads\/2025\/01\/Otvaracia-konferencia_podpis-partnerskej-zmluvy_B.-Hadar-a-E.-Swars_Zdroj-SIOV-300x225.jpeg 300w, https:\/\/archiv.siov.sk\/wp-content\/uploads\/2025\/01\/Otvaracia-konferencia_podpis-partnerskej-zmluvy_B.-Hadar-a-E.-Swars_Zdroj-SIOV-1024x768.jpeg 1024w, https:\/\/archiv.siov.sk\/wp-content\/uploads\/2025\/01\/Otvaracia-konferencia_podpis-partnerskej-zmluvy_B.-Hadar-a-E.-Swars_Zdroj-SIOV-768x576.jpeg 768w, https:\/\/archiv.siov.sk\/wp-content\/uploads\/2025\/01\/Otvaracia-konferencia_podpis-partnerskej-zmluvy_B.-Hadar-a-E.-Swars_Zdroj-SIOV-1536x1152.jpeg 1536w, https:\/\/archiv.siov.sk\/wp-content\/uploads\/2025\/01\/Otvaracia-konferencia_podpis-partnerskej-zmluvy_B.-Hadar-a-E.-Swars_Zdroj-SIOV-2048x1536.jpeg 2048w, https:\/\/archiv.siov.sk\/wp-content\/uploads\/2025\/01\/Otvaracia-konferencia_podpis-partnerskej-zmluvy_B.-Hadar-a-E.-Swars_Zdroj-SIOV-16x12.jpeg 16w\" sizes=\"(max-width: 300px) 100vw, 300px\" \/>\t\t\t\t\t\t\t\t\t\t\t\t\t\t\t<\/div>\n\t\t\t\t<\/div>\n\t\t\t\t<div class=\"elementor-element elementor-element-b5115c3 elementor-widget elementor-widget-text-editor\" data-id=\"b5115c3\" data-element_type=\"widget\" data-e-type=\"widget\" data-widget_type=\"text-editor.default\">\n\t\t\t\t<div class=\"elementor-widget-container\">\n\t\t\t\t\t\t\t\t\t<p>20. 1. 2025 <b>Podpis partnerskej zmluvy\u00a0<\/b>medzi \u0160t\u00e1tnym in\u0161tit\u00fatom odborn\u00e9ho vzdel\u00e1vania a \u0161vaj\u010diarskym partnerom SFUVET.<\/p>\t\t\t\t\t\t\t\t<\/div>\n\t\t\t\t<\/div>\n\t\t\t\t<div class=\"elementor-element elementor-element-6c6586f elementor-widget elementor-widget-image\" data-id=\"6c6586f\" data-element_type=\"widget\" data-e-type=\"widget\" data-widget_type=\"image.default\">\n\t\t\t\t<div class=\"elementor-widget-container\">\n\t\t\t\t\t\t\t\t\t\t\t\t\t\t\t<img loading=\"lazy\" decoding=\"async\" width=\"300\" height=\"251\" src=\"https:\/\/archiv.siov.sk\/wp-content\/uploads\/2025\/03\/1741157517635-e1741336428897-300x251.jpg\" class=\"attachment-medium size-medium wp-image-17994\" alt=\"\" srcset=\"https:\/\/archiv.siov.sk\/wp-content\/uploads\/2025\/03\/1741157517635-e1741336428897-300x251.jpg 300w, https:\/\/archiv.siov.sk\/wp-content\/uploads\/2025\/03\/1741157517635-e1741336428897-1024x858.jpg 1024w, https:\/\/archiv.siov.sk\/wp-content\/uploads\/2025\/03\/1741157517635-e1741336428897-768x644.jpg 768w, https:\/\/archiv.siov.sk\/wp-content\/uploads\/2025\/03\/1741157517635-e1741336428897-14x12.jpg 14w, https:\/\/archiv.siov.sk\/wp-content\/uploads\/2025\/03\/1741157517635-e1741336428897.jpg 1280w\" sizes=\"(max-width: 300px) 100vw, 300px\" \/>\t\t\t\t\t\t\t\t\t\t\t\t\t\t\t<\/div>\n\t\t\t\t<\/div>\n\t\t\t\t<div class=\"elementor-element elementor-element-e35d23b elementor-widget elementor-widget-text-editor\" data-id=\"e35d23b\" data-element_type=\"widget\" data-e-type=\"widget\" data-widget_type=\"text-editor.default\">\n\t\t\t\t<div class=\"elementor-widget-container\">\n\t\t\t\t\t\t\t\t\t<p>5. 3. 2025 <b>Podpis partnerskej zmluvy\u00a0<\/b>medzi \u0160t\u00e1tnym in\u0161tit\u00fatom odborn\u00e9ho vzdel\u00e1vania a \u0161vaj\u010diarskym partnerom ETH Z\u00fcrich.<\/p>\t\t\t\t\t\t\t\t<\/div>\n\t\t\t\t<\/div>\n\t\t\t\t\t<\/div>\n\t\t\t\t<\/div>\n\t\t\t\t\t<\/div>\n\t\t<\/div>\n\t\t\t\t\t<\/div>\n\t\t<\/section>\n\t\t<div class=\"elementor-element elementor-element-286927a e-flex e-con-boxed e-con e-parent\" data-id=\"286927a\" data-element_type=\"container\" data-e-type=\"container\">\n\t\t\t\t\t<div class=\"e-con-inner\">\n\t\t\t\t<div class=\"elementor-element elementor-element-ac7870f elementor-button-info elementor-align-center elementor-widget elementor-widget-button\" data-id=\"ac7870f\" data-element_type=\"widget\" data-e-type=\"widget\" data-widget_type=\"button.default\">\n\t\t\t\t<div class=\"elementor-widget-container\">\n\t\t\t\t\t\t\t\t\t<div class=\"elementor-button-wrapper\">\n\t\t\t\t\t<a class=\"elementor-button elementor-button-link elementor-size-sm\" href=\"https:\/\/cestaprofika.sk\/\" target=\"_blank\">\n\t\t\t\t\t\t<span class=\"elementor-button-content-wrapper\">\n\t\t\t\t\t\t<span class=\"elementor-button-icon\">\n\t\t\t\t<i aria-hidden=\"true\" class=\"fas fa-info-circle\"><\/i>\t\t\t<\/span>\n\t\t\t\t\t\t\t\t\t<span class=\"elementor-button-text\">Viac inform\u00e1ci\u00ed o projekte<\/span>\n\t\t\t\t\t<\/span>\n\t\t\t\t\t<\/a>\n\t\t\t\t<\/div>\n\t\t\t\t\t\t\t\t<\/div>\n\t\t\t\t<\/div>\n\t\t\t\t<div class=\"elementor-element elementor-element-6ab2006 elementor-button-info elementor-align-center elementor-widget elementor-widget-button\" data-id=\"6ab2006\" data-element_type=\"widget\" data-e-type=\"widget\" data-widget_type=\"button.default\">\n\t\t\t\t<div class=\"elementor-widget-container\">\n\t\t\t\t\t\t\t\t\t<div class=\"elementor-button-wrapper\">\n\t\t\t\t\t<a class=\"elementor-button elementor-button-link elementor-size-sm\" href=\"https:\/\/swiss-contribution.sk\/\" target=\"_blank\">\n\t\t\t\t\t\t<span class=\"elementor-button-content-wrapper\">\n\t\t\t\t\t\t<span class=\"elementor-button-icon\">\n\t\t\t\t<i aria-hidden=\"true\" class=\"fas fa-info-circle\"><\/i>\t\t\t<\/span>\n\t\t\t\t\t\t\t\t\t<span class=\"elementor-button-text\">Viac inform\u00e1ci\u00ed o druhom Programe \u0161vaj\u010diarsko-slovenskej spolupr\u00e1ce<\/span>\n\t\t\t\t\t<\/span>\n\t\t\t\t\t<\/a>\n\t\t\t\t<\/div>\n\t\t\t\t\t\t\t\t<\/div>\n\t\t\t\t<\/div>\n\t\t\t\t\t<\/div>\n\t\t\t\t<\/div>\n\t\t\t\t<\/div>","protected":false},"excerpt":{"rendered":"<p>Zlep\u0161enie kvality a atrakt\u00edvnosti OVP v s\u00falade s potrebami trhu pr\u00e1ce Projekt na zlep\u0161enie kvality a atrakt\u00edvnosti odborn\u00e9ho vzdel\u00e1vania a pr\u00edpravy v s\u00falade s potrebami slovensk\u00e9ho trhu pr\u00e1ce je s\u00fa\u010das\u0165ou druh\u00e9ho programu \u0161vaj\u010diarsko-slovenskej spolupr\u00e1ce pre obdobie rokov 2024 a\u017e 2029. M\u00e1 amb\u00edciu posun\u00fa\u0165 odborn\u00e9 vzdel\u00e1vanie, du\u00e1lne vzdel\u00e1vanie, ktor\u00e9 je u\u017e jeho pevnou s\u00fa\u010das\u0165ou a vy\u0161\u0161ie [&hellip;]<\/p>\n","protected":false},"author":1,"featured_media":0,"parent":47,"menu_order":0,"comment_status":"closed","ping_status":"closed","template":"","meta":{"site-sidebar-layout":"no-sidebar","site-content-layout":"page-builder","ast-site-content-layout":"full-width-container","site-content-style":"unboxed","site-sidebar-style":"unboxed","ast-global-header-display":"","ast-banner-title-visibility":"","ast-main-header-display":"","ast-hfb-above-header-display":"","ast-hfb-below-header-display":"","ast-hfb-mobile-header-display":"","site-post-title":"disabled","ast-breadcrumbs-content":"","ast-featured-img":"disabled","footer-sml-layout":"","ast-disable-related-posts":"","theme-transparent-header-meta":"default","adv-header-id-meta":"","stick-header-meta":"default","header-above-stick-meta":"","header-main-stick-meta":"","header-below-stick-meta":"","astra-migrate-meta-layouts":"set","ast-page-background-enabled":"default","ast-page-background-meta":{"desktop":{"background-color":"var(--ast-global-color-4)","background-image":"","background-repeat":"repeat","background-position":"center center","background-size":"auto","background-attachment":"scroll","background-type":"","background-media":"","overlay-type":"","overlay-color":"","overlay-opacity":"","overlay-gradient":""},"tablet":{"background-color":"","background-image":"","background-repeat":"repeat","background-position":"center center","background-size":"auto","background-attachment":"scroll","background-type":"","background-media":"","overlay-type":"","overlay-color":"","overlay-opacity":"","overlay-gradient":""},"mobile":{"background-color":"","background-image":"","background-repeat":"repeat","background-position":"center center","background-size":"auto","background-attachment":"scroll","background-type":"","background-media":"","overlay-type":"","overlay-color":"","overlay-opacity":"","overlay-gradient":""}},"ast-content-background-meta":{"desktop":{"background-color":"var(--ast-global-color-5)","background-image":"","background-repeat":"repeat","background-position":"center center","background-size":"auto","background-attachment":"scroll","background-type":"","background-media":"","overlay-type":"","overlay-color":"","overlay-opacity":"","overlay-gradient":""},"tablet":{"background-color":"var(--ast-global-color-5)","background-image":"","background-repeat":"repeat","background-position":"center center","background-size":"auto","background-attachment":"scroll","background-type":"","background-media":"","overlay-type":"","overlay-color":"","overlay-opacity":"","overlay-gradient":""},"mobile":{"background-color":"var(--ast-global-color-5)","background-image":"","background-repeat":"repeat","background-position":"center center","background-size":"auto","background-attachment":"scroll","background-type":"","background-media":"","overlay-type":"","overlay-color":"","overlay-opacity":"","overlay-gradient":""}},"footnotes":""},"class_list":["post-14729","page","type-page","status-publish","hentry"],"yoast_head":"<!-- This site is optimized with the Yoast SEO plugin v27.5 - https:\/\/yoast.com\/product\/yoast-seo-wordpress\/ -->\n<title>Zlep\u0161enie kvality a atrakt\u00edvnosti OVP v s\u00falade s potrebami trhu pr\u00e1ce - \u0160IOV - \u0161t\u00e1tny in\u0161tit\u00fat odborn\u00e9ho vzdel\u00e1vania<\/title>\n<meta name=\"robots\" content=\"index, follow, max-snippet:-1, max-image-preview:large, max-video-preview:-1\" \/>\n<link rel=\"canonical\" href=\"https:\/\/archiv.siov.sk\/en\/projekty\/aktualne-projekty\/zlepsenie-kvality-a-atraktivnosti-ovp-v-sulade-s-potrebami-trhu-prace\/\" \/>\n<meta property=\"og:locale\" content=\"en_GB\" \/>\n<meta property=\"og:type\" content=\"article\" \/>\n<meta property=\"og:title\" content=\"Zlep\u0161enie kvality a atrakt\u00edvnosti OVP v s\u00falade s potrebami trhu pr\u00e1ce - \u0160IOV - \u0161t\u00e1tny in\u0161tit\u00fat odborn\u00e9ho vzdel\u00e1vania\" \/>\n<meta property=\"og:description\" content=\"Zlep\u0161enie kvality a atrakt\u00edvnosti OVP v s\u00falade s potrebami trhu pr\u00e1ce Projekt na zlep\u0161enie kvality a atrakt\u00edvnosti odborn\u00e9ho vzdel\u00e1vania a pr\u00edpravy v s\u00falade s potrebami slovensk\u00e9ho trhu pr\u00e1ce je s\u00fa\u010das\u0165ou druh\u00e9ho programu \u0161vaj\u010diarsko-slovenskej spolupr\u00e1ce pre obdobie rokov 2024 a\u017e 2029. M\u00e1 amb\u00edciu posun\u00fa\u0165 odborn\u00e9 vzdel\u00e1vanie, du\u00e1lne vzdel\u00e1vanie, ktor\u00e9 je u\u017e jeho pevnou s\u00fa\u010das\u0165ou a vy\u0161\u0161ie [&hellip;]\" \/>\n<meta property=\"og:url\" content=\"https:\/\/archiv.siov.sk\/en\/projekty\/aktualne-projekty\/zlepsenie-kvality-a-atraktivnosti-ovp-v-sulade-s-potrebami-trhu-prace\/\" \/>\n<meta property=\"og:site_name\" content=\"\u0160IOV - \u0161t\u00e1tny in\u0161tit\u00fat odborn\u00e9ho vzdel\u00e1vania\" \/>\n<meta property=\"article:publisher\" content=\"https:\/\/www.facebook.com\/Statnyinstitutodbornehovzdelavania\" \/>\n<meta property=\"article:modified_time\" content=\"2025-05-05T11:56:19+00:00\" \/>\n<meta property=\"og:image\" content=\"https:\/\/archiv.siov.sk\/wp-content\/uploads\/2024\/11\/2CHB_Slovakia_SK_POS_RGB-300x69.png\" \/>\n<meta name=\"twitter:card\" content=\"summary_large_image\" \/>\n<meta name=\"twitter:label1\" content=\"Estimated reading time\" \/>\n\t<meta name=\"twitter:data1\" content=\"5 minutes\" \/>\n<script type=\"application\/ld+json\" class=\"yoast-schema-graph\">{\"@context\":\"https:\\\/\\\/schema.org\",\"@graph\":[{\"@type\":\"WebPage\",\"@id\":\"https:\\\/\\\/archiv.siov.sk\\\/projekty\\\/aktualne-projekty\\\/zlepsenie-kvality-a-atraktivnosti-ovp-v-sulade-s-potrebami-trhu-prace\\\/\",\"url\":\"https:\\\/\\\/archiv.siov.sk\\\/projekty\\\/aktualne-projekty\\\/zlepsenie-kvality-a-atraktivnosti-ovp-v-sulade-s-potrebami-trhu-prace\\\/\",\"name\":\"Zlep\u0161enie kvality a atrakt\u00edvnosti OVP v s\u00falade s potrebami trhu pr\u00e1ce - \u0160IOV - \u0161t\u00e1tny in\u0161tit\u00fat odborn\u00e9ho vzdel\u00e1vania\",\"isPartOf\":{\"@id\":\"https:\\\/\\\/archiv.siov.sk\\\/#website\"},\"primaryImageOfPage\":{\"@id\":\"https:\\\/\\\/archiv.siov.sk\\\/projekty\\\/aktualne-projekty\\\/zlepsenie-kvality-a-atraktivnosti-ovp-v-sulade-s-potrebami-trhu-prace\\\/#primaryimage\"},\"image\":{\"@id\":\"https:\\\/\\\/archiv.siov.sk\\\/projekty\\\/aktualne-projekty\\\/zlepsenie-kvality-a-atraktivnosti-ovp-v-sulade-s-potrebami-trhu-prace\\\/#primaryimage\"},\"thumbnailUrl\":\"https:\\\/\\\/archiv.siov.sk\\\/wp-content\\\/uploads\\\/2024\\\/11\\\/2CHB_Slovakia_SK_POS_RGB-300x69.png\",\"datePublished\":\"2024-02-29T20:02:58+00:00\",\"dateModified\":\"2025-05-05T11:56:19+00:00\",\"breadcrumb\":{\"@id\":\"https:\\\/\\\/archiv.siov.sk\\\/projekty\\\/aktualne-projekty\\\/zlepsenie-kvality-a-atraktivnosti-ovp-v-sulade-s-potrebami-trhu-prace\\\/#breadcrumb\"},\"inLanguage\":\"en-GB\",\"potentialAction\":[{\"@type\":\"ReadAction\",\"target\":[\"https:\\\/\\\/archiv.siov.sk\\\/projekty\\\/aktualne-projekty\\\/zlepsenie-kvality-a-atraktivnosti-ovp-v-sulade-s-potrebami-trhu-prace\\\/\"]}]},{\"@type\":\"ImageObject\",\"inLanguage\":\"en-GB\",\"@id\":\"https:\\\/\\\/archiv.siov.sk\\\/projekty\\\/aktualne-projekty\\\/zlepsenie-kvality-a-atraktivnosti-ovp-v-sulade-s-potrebami-trhu-prace\\\/#primaryimage\",\"url\":\"https:\\\/\\\/archiv.siov.sk\\\/wp-content\\\/uploads\\\/2024\\\/11\\\/2CHB_Slovakia_SK_POS_RGB-300x69.png\",\"contentUrl\":\"https:\\\/\\\/archiv.siov.sk\\\/wp-content\\\/uploads\\\/2024\\\/11\\\/2CHB_Slovakia_SK_POS_RGB-300x69.png\"},{\"@type\":\"BreadcrumbList\",\"@id\":\"https:\\\/\\\/archiv.siov.sk\\\/projekty\\\/aktualne-projekty\\\/zlepsenie-kvality-a-atraktivnosti-ovp-v-sulade-s-potrebami-trhu-prace\\\/#breadcrumb\",\"itemListElement\":[{\"@type\":\"ListItem\",\"position\":1,\"name\":\"Home\",\"item\":\"https:\\\/\\\/archiv.siov.sk\\\/\"},{\"@type\":\"ListItem\",\"position\":2,\"name\":\"Projekty\",\"item\":\"https:\\\/\\\/archiv.siov.sk\\\/en\\\/projekty\\\/\"},{\"@type\":\"ListItem\",\"position\":3,\"name\":\"Aktu\u00e1lne projekty\",\"item\":\"https:\\\/\\\/archiv.siov.sk\\\/en\\\/projekty\\\/aktualne-projekty\\\/\"},{\"@type\":\"ListItem\",\"position\":4,\"name\":\"Zlep\u0161enie kvality a atrakt\u00edvnosti OVP v s\u00falade s potrebami trhu pr\u00e1ce\"}]},{\"@type\":\"WebSite\",\"@id\":\"https:\\\/\\\/archiv.siov.sk\\\/#website\",\"url\":\"https:\\\/\\\/archiv.siov.sk\\\/\",\"name\":\"\u0160IOV - \u0161t\u00e1tny in\u0161tit\u00fat odborn\u00e9ho vzdel\u00e1vania\",\"description\":\"\",\"publisher\":{\"@id\":\"https:\\\/\\\/archiv.siov.sk\\\/#organization\"},\"potentialAction\":[{\"@type\":\"SearchAction\",\"target\":{\"@type\":\"EntryPoint\",\"urlTemplate\":\"https:\\\/\\\/archiv.siov.sk\\\/?s={search_term_string}\"},\"query-input\":{\"@type\":\"PropertyValueSpecification\",\"valueRequired\":true,\"valueName\":\"search_term_string\"}}],\"inLanguage\":\"en-GB\"},{\"@type\":\"Organization\",\"@id\":\"https:\\\/\\\/archiv.siov.sk\\\/#organization\",\"name\":\"\u0160IOV - \u0161t\u00e1tny in\u0161tit\u00fat odborn\u00e9ho vzdel\u00e1vania\",\"url\":\"https:\\\/\\\/archiv.siov.sk\\\/\",\"logo\":{\"@type\":\"ImageObject\",\"inLanguage\":\"en-GB\",\"@id\":\"https:\\\/\\\/archiv.siov.sk\\\/#\\\/schema\\\/logo\\\/image\\\/\",\"url\":\"https:\\\/\\\/archiv.siov.sk\\\/wp-content\\\/uploads\\\/2024\\\/02\\\/logo-SIOV.png\",\"contentUrl\":\"https:\\\/\\\/archiv.siov.sk\\\/wp-content\\\/uploads\\\/2024\\\/02\\\/logo-SIOV.png\",\"width\":431,\"height\":143,\"caption\":\"\u0160IOV - \u0161t\u00e1tny in\u0161tit\u00fat odborn\u00e9ho vzdel\u00e1vania\"},\"image\":{\"@id\":\"https:\\\/\\\/archiv.siov.sk\\\/#\\\/schema\\\/logo\\\/image\\\/\"},\"sameAs\":[\"https:\\\/\\\/www.facebook.com\\\/Statnyinstitutodbornehovzdelavania\"]}]}<\/script>\n<!-- \/ Yoast SEO plugin. -->","yoast_head_json":{"title":"Zlep\u0161enie kvality a atrakt\u00edvnosti OVP v s\u00falade s potrebami trhu pr\u00e1ce - \u0160IOV - \u0161t\u00e1tny in\u0161tit\u00fat odborn\u00e9ho vzdel\u00e1vania","robots":{"index":"index","follow":"follow","max-snippet":"max-snippet:-1","max-image-preview":"max-image-preview:large","max-video-preview":"max-video-preview:-1"},"canonical":"https:\/\/archiv.siov.sk\/en\/projekty\/aktualne-projekty\/zlepsenie-kvality-a-atraktivnosti-ovp-v-sulade-s-potrebami-trhu-prace\/","og_locale":"en_GB","og_type":"article","og_title":"Zlep\u0161enie kvality a atrakt\u00edvnosti OVP v s\u00falade s potrebami trhu pr\u00e1ce - \u0160IOV - \u0161t\u00e1tny in\u0161tit\u00fat odborn\u00e9ho vzdel\u00e1vania","og_description":"Zlep\u0161enie kvality a atrakt\u00edvnosti OVP v s\u00falade s potrebami trhu pr\u00e1ce Projekt na zlep\u0161enie kvality a atrakt\u00edvnosti odborn\u00e9ho vzdel\u00e1vania a pr\u00edpravy v s\u00falade s potrebami slovensk\u00e9ho trhu pr\u00e1ce je s\u00fa\u010das\u0165ou druh\u00e9ho programu \u0161vaj\u010diarsko-slovenskej spolupr\u00e1ce pre obdobie rokov 2024 a\u017e 2029. M\u00e1 amb\u00edciu posun\u00fa\u0165 odborn\u00e9 vzdel\u00e1vanie, du\u00e1lne vzdel\u00e1vanie, ktor\u00e9 je u\u017e jeho pevnou s\u00fa\u010das\u0165ou a vy\u0161\u0161ie [&hellip;]","og_url":"https:\/\/archiv.siov.sk\/en\/projekty\/aktualne-projekty\/zlepsenie-kvality-a-atraktivnosti-ovp-v-sulade-s-potrebami-trhu-prace\/","og_site_name":"\u0160IOV - \u0161t\u00e1tny in\u0161tit\u00fat odborn\u00e9ho vzdel\u00e1vania","article_publisher":"https:\/\/www.facebook.com\/Statnyinstitutodbornehovzdelavania","article_modified_time":"2025-05-05T11:56:19+00:00","og_image":[{"url":"https:\/\/archiv.siov.sk\/wp-content\/uploads\/2024\/11\/2CHB_Slovakia_SK_POS_RGB-300x69.png","type":"","width":"","height":""}],"twitter_card":"summary_large_image","twitter_misc":{"Estimated reading time":"5 minutes"},"schema":{"@context":"https:\/\/schema.org","@graph":[{"@type":"WebPage","@id":"https:\/\/archiv.siov.sk\/projekty\/aktualne-projekty\/zlepsenie-kvality-a-atraktivnosti-ovp-v-sulade-s-potrebami-trhu-prace\/","url":"https:\/\/archiv.siov.sk\/projekty\/aktualne-projekty\/zlepsenie-kvality-a-atraktivnosti-ovp-v-sulade-s-potrebami-trhu-prace\/","name":"Zlep\u0161enie kvality a atrakt\u00edvnosti OVP v s\u00falade s potrebami trhu pr\u00e1ce - \u0160IOV - \u0161t\u00e1tny in\u0161tit\u00fat odborn\u00e9ho vzdel\u00e1vania","isPartOf":{"@id":"https:\/\/archiv.siov.sk\/#website"},"primaryImageOfPage":{"@id":"https:\/\/archiv.siov.sk\/projekty\/aktualne-projekty\/zlepsenie-kvality-a-atraktivnosti-ovp-v-sulade-s-potrebami-trhu-prace\/#primaryimage"},"image":{"@id":"https:\/\/archiv.siov.sk\/projekty\/aktualne-projekty\/zlepsenie-kvality-a-atraktivnosti-ovp-v-sulade-s-potrebami-trhu-prace\/#primaryimage"},"thumbnailUrl":"https:\/\/archiv.siov.sk\/wp-content\/uploads\/2024\/11\/2CHB_Slovakia_SK_POS_RGB-300x69.png","datePublished":"2024-02-29T20:02:58+00:00","dateModified":"2025-05-05T11:56:19+00:00","breadcrumb":{"@id":"https:\/\/archiv.siov.sk\/projekty\/aktualne-projekty\/zlepsenie-kvality-a-atraktivnosti-ovp-v-sulade-s-potrebami-trhu-prace\/#breadcrumb"},"inLanguage":"en-GB","potentialAction":[{"@type":"ReadAction","target":["https:\/\/archiv.siov.sk\/projekty\/aktualne-projekty\/zlepsenie-kvality-a-atraktivnosti-ovp-v-sulade-s-potrebami-trhu-prace\/"]}]},{"@type":"ImageObject","inLanguage":"en-GB","@id":"https:\/\/archiv.siov.sk\/projekty\/aktualne-projekty\/zlepsenie-kvality-a-atraktivnosti-ovp-v-sulade-s-potrebami-trhu-prace\/#primaryimage","url":"https:\/\/archiv.siov.sk\/wp-content\/uploads\/2024\/11\/2CHB_Slovakia_SK_POS_RGB-300x69.png","contentUrl":"https:\/\/archiv.siov.sk\/wp-content\/uploads\/2024\/11\/2CHB_Slovakia_SK_POS_RGB-300x69.png"},{"@type":"BreadcrumbList","@id":"https:\/\/archiv.siov.sk\/projekty\/aktualne-projekty\/zlepsenie-kvality-a-atraktivnosti-ovp-v-sulade-s-potrebami-trhu-prace\/#breadcrumb","itemListElement":[{"@type":"ListItem","position":1,"name":"Home","item":"https:\/\/archiv.siov.sk\/"},{"@type":"ListItem","position":2,"name":"Projekty","item":"https:\/\/archiv.siov.sk\/en\/projekty\/"},{"@type":"ListItem","position":3,"name":"Aktu\u00e1lne projekty","item":"https:\/\/archiv.siov.sk\/en\/projekty\/aktualne-projekty\/"},{"@type":"ListItem","position":4,"name":"Zlep\u0161enie kvality a atrakt\u00edvnosti OVP v s\u00falade s potrebami trhu pr\u00e1ce"}]},{"@type":"WebSite","@id":"https:\/\/archiv.siov.sk\/#website","url":"https:\/\/archiv.siov.sk\/","name":"\u0160IOV - \u0161t\u00e1tny in\u0161tit\u00fat odborn\u00e9ho vzdel\u00e1vania","description":"","publisher":{"@id":"https:\/\/archiv.siov.sk\/#organization"},"potentialAction":[{"@type":"SearchAction","target":{"@type":"EntryPoint","urlTemplate":"https:\/\/archiv.siov.sk\/?s={search_term_string}"},"query-input":{"@type":"PropertyValueSpecification","valueRequired":true,"valueName":"search_term_string"}}],"inLanguage":"en-GB"},{"@type":"Organization","@id":"https:\/\/archiv.siov.sk\/#organization","name":"\u0160IOV - \u0161t\u00e1tny in\u0161tit\u00fat odborn\u00e9ho vzdel\u00e1vania","url":"https:\/\/archiv.siov.sk\/","logo":{"@type":"ImageObject","inLanguage":"en-GB","@id":"https:\/\/archiv.siov.sk\/#\/schema\/logo\/image\/","url":"https:\/\/archiv.siov.sk\/wp-content\/uploads\/2024\/02\/logo-SIOV.png","contentUrl":"https:\/\/archiv.siov.sk\/wp-content\/uploads\/2024\/02\/logo-SIOV.png","width":431,"height":143,"caption":"\u0160IOV - \u0161t\u00e1tny in\u0161tit\u00fat odborn\u00e9ho vzdel\u00e1vania"},"image":{"@id":"https:\/\/archiv.siov.sk\/#\/schema\/logo\/image\/"},"sameAs":["https:\/\/www.facebook.com\/Statnyinstitutodbornehovzdelavania"]}]}},"_links":{"self":[{"href":"https:\/\/archiv.siov.sk\/en\/wp-json\/wp\/v2\/pages\/14729","targetHints":{"allow":["GET"]}}],"collection":[{"href":"https:\/\/archiv.siov.sk\/en\/wp-json\/wp\/v2\/pages"}],"about":[{"href":"https:\/\/archiv.siov.sk\/en\/wp-json\/wp\/v2\/types\/page"}],"author":[{"embeddable":true,"href":"https:\/\/archiv.siov.sk\/en\/wp-json\/wp\/v2\/users\/1"}],"replies":[{"embeddable":true,"href":"https:\/\/archiv.siov.sk\/en\/wp-json\/wp\/v2\/comments?post=14729"}],"version-history":[{"count":107,"href":"https:\/\/archiv.siov.sk\/en\/wp-json\/wp\/v2\/pages\/14729\/revisions"}],"predecessor-version":[{"id":18678,"href":"https:\/\/archiv.siov.sk\/en\/wp-json\/wp\/v2\/pages\/14729\/revisions\/18678"}],"up":[{"embeddable":true,"href":"https:\/\/archiv.siov.sk\/en\/wp-json\/wp\/v2\/pages\/47"}],"wp:attachment":[{"href":"https:\/\/archiv.siov.sk\/en\/wp-json\/wp\/v2\/media?parent=14729"}],"curies":[{"name":"wp","href":"https:\/\/api.w.org\/{rel}","templated":true}]}}