{"id":14722,"date":"2024-02-29T21:00:17","date_gmt":"2024-02-29T20:00:17","guid":{"rendered":"https:\/\/archiv.siov.sk\/?page_id=14722"},"modified":"2025-11-28T11:31:58","modified_gmt":"2025-11-28T10:31:58","slug":"projekt-repower","status":"publish","type":"page","link":"https:\/\/archiv.siov.sk\/en\/projekty\/aktualne-projekty\/projekt-repower\/","title":{"rendered":"Project REPowerEU"},"content":{"rendered":"\t\t<div data-elementor-type=\"wp-page\" data-elementor-id=\"14722\" class=\"elementor elementor-14722\" data-elementor-post-type=\"page\">\n\t\t\t\t\t\t<section class=\"elementor-section elementor-top-section elementor-element elementor-element-3ebb2d37 elementor-section-boxed elementor-section-height-default elementor-section-height-default\" data-id=\"3ebb2d37\" data-element_type=\"section\" data-e-type=\"section\">\n\t\t\t\t\t\t<div class=\"elementor-container elementor-column-gap-default\">\n\t\t\t\t\t<div class=\"elementor-column elementor-col-100 elementor-top-column elementor-element elementor-element-336fe701\" data-id=\"336fe701\" data-element_type=\"column\" data-e-type=\"column\">\n\t\t\t<div class=\"elementor-widget-wrap elementor-element-populated\">\n\t\t\t\t\t\t<div class=\"elementor-element elementor-element-4ddb74ca elementor-widget-divider--view-line elementor-widget elementor-widget-divider\" data-id=\"4ddb74ca\" data-element_type=\"widget\" data-e-type=\"widget\" data-widget_type=\"divider.default\">\n\t\t\t\t<div class=\"elementor-widget-container\">\n\t\t\t\t\t\t\t<div class=\"elementor-divider\">\n\t\t\t<span class=\"elementor-divider-separator\">\n\t\t\t\t\t\t<\/span>\n\t\t<\/div>\n\t\t\t\t\t\t<\/div>\n\t\t\t\t<\/div>\n\t\t<div class=\"elementor-element elementor-element-d678339 e-grid e-con-boxed e-con e-parent\" data-id=\"d678339\" data-element_type=\"container\" data-e-type=\"container\">\n\t\t\t\t\t<div class=\"e-con-inner\">\n\t\t\t\t<div class=\"elementor-element elementor-element-c0cd561 elementor-widget elementor-widget-image\" data-id=\"c0cd561\" data-element_type=\"widget\" data-e-type=\"widget\" data-widget_type=\"image.default\">\n\t\t\t\t<div class=\"elementor-widget-container\">\n\t\t\t\t\t\t\t\t\t\t\t\t\t\t\t<img decoding=\"async\" width=\"300\" height=\"109\" src=\"https:\/\/archiv.siov.sk\/wp-content\/uploads\/2024\/11\/1_Logo_NextGenv1-e1731062753592-300x109.png\" class=\"attachment-medium size-medium wp-image-17018\" alt=\"\" srcset=\"https:\/\/archiv.siov.sk\/wp-content\/uploads\/2024\/11\/1_Logo_NextGenv1-e1731062753592-300x109.png 300w, https:\/\/archiv.siov.sk\/wp-content\/uploads\/2024\/11\/1_Logo_NextGenv1-e1731062753592-18x7.png 18w, https:\/\/archiv.siov.sk\/wp-content\/uploads\/2024\/11\/1_Logo_NextGenv1-e1731062753592.png 332w\" sizes=\"(max-width: 300px) 100vw, 300px\" \/>\t\t\t\t\t\t\t\t\t\t\t\t\t\t\t<\/div>\n\t\t\t\t<\/div>\n\t\t\t\t<div class=\"elementor-element elementor-element-a524586 elementor-widget elementor-widget-image\" data-id=\"a524586\" data-element_type=\"widget\" data-e-type=\"widget\" data-widget_type=\"image.default\">\n\t\t\t\t<div class=\"elementor-widget-container\">\n\t\t\t\t\t\t\t\t\t\t\t\t\t\t\t<img fetchpriority=\"high\" decoding=\"async\" width=\"300\" height=\"169\" src=\"https:\/\/archiv.siov.sk\/wp-content\/uploads\/2024\/11\/2_Logo_POO-300x169.png\" class=\"attachment-medium size-medium wp-image-17019\" alt=\"\" srcset=\"https:\/\/archiv.siov.sk\/wp-content\/uploads\/2024\/11\/2_Logo_POO-300x169.png 300w, https:\/\/archiv.siov.sk\/wp-content\/uploads\/2024\/11\/2_Logo_POO-18x10.png 18w, https:\/\/archiv.siov.sk\/wp-content\/uploads\/2024\/11\/2_Logo_POO.png 340w\" sizes=\"(max-width: 300px) 100vw, 300px\" \/>\t\t\t\t\t\t\t\t\t\t\t\t\t\t\t<\/div>\n\t\t\t\t<\/div>\n\t\t\t\t<div class=\"elementor-element elementor-element-a0e5612 elementor-widget elementor-widget-image\" data-id=\"a0e5612\" data-element_type=\"widget\" data-e-type=\"widget\" data-widget_type=\"image.default\">\n\t\t\t\t<div class=\"elementor-widget-container\">\n\t\t\t\t\t\t\t\t\t\t\t\t\t\t\t<img decoding=\"async\" width=\"300\" height=\"142\" src=\"https:\/\/archiv.siov.sk\/wp-content\/uploads\/2024\/11\/3_Logo_Minedu_SK-300x142.png\" class=\"attachment-medium size-medium wp-image-17020\" alt=\"\" srcset=\"https:\/\/archiv.siov.sk\/wp-content\/uploads\/2024\/11\/3_Logo_Minedu_SK-300x142.png 300w, https:\/\/archiv.siov.sk\/wp-content\/uploads\/2024\/11\/3_Logo_Minedu_SK-1024x485.png 1024w, https:\/\/archiv.siov.sk\/wp-content\/uploads\/2024\/11\/3_Logo_Minedu_SK-768x364.png 768w, https:\/\/archiv.siov.sk\/wp-content\/uploads\/2024\/11\/3_Logo_Minedu_SK-18x9.png 18w, https:\/\/archiv.siov.sk\/wp-content\/uploads\/2024\/11\/3_Logo_Minedu_SK.png 1123w\" sizes=\"(max-width: 300px) 100vw, 300px\" \/>\t\t\t\t\t\t\t\t\t\t\t\t\t\t\t<\/div>\n\t\t\t\t<\/div>\n\t\t\t\t\t<\/div>\n\t\t\t\t<\/div>\n\t\t\t\t<div class=\"elementor-element elementor-element-4685544d elementor-widget elementor-widget-heading\" data-id=\"4685544d\" data-element_type=\"widget\" data-e-type=\"widget\" data-widget_type=\"heading.default\">\n\t\t\t\t<div class=\"elementor-widget-container\">\n\t\t\t\t\t<h2 class=\"elementor-heading-title elementor-size-default\">Projekt REPowerEU<\/h2>\t\t\t\t<\/div>\n\t\t\t\t<\/div>\n\t\t\t\t\t<\/div>\n\t\t<\/div>\n\t\t\t\t\t<\/div>\n\t\t<\/section>\n\t\t\t\t<section class=\"elementor-section elementor-top-section elementor-element elementor-element-69823182 elementor-section-boxed elementor-section-height-default elementor-section-height-default\" data-id=\"69823182\" data-element_type=\"section\" data-e-type=\"section\">\n\t\t\t\t\t\t<div class=\"elementor-container elementor-column-gap-default\">\n\t\t\t\t\t<div class=\"elementor-column elementor-col-100 elementor-top-column elementor-element elementor-element-42e85e08\" data-id=\"42e85e08\" data-element_type=\"column\" data-e-type=\"column\">\n\t\t\t<div class=\"elementor-widget-wrap elementor-element-populated\">\n\t\t\t\t\t\t\t<\/div>\n\t\t<\/div>\n\t\t\t\t\t<\/div>\n\t\t<\/section>\n\t\t\t\t<section class=\"elementor-section elementor-top-section elementor-element elementor-element-5f7406d elementor-section-boxed elementor-section-height-default elementor-section-height-default\" data-id=\"5f7406d\" data-element_type=\"section\" data-e-type=\"section\">\n\t\t\t\t\t\t<div class=\"elementor-container elementor-column-gap-default\">\n\t\t\t\t\t<div class=\"elementor-column elementor-col-100 elementor-top-column elementor-element elementor-element-81b3dc6\" data-id=\"81b3dc6\" data-element_type=\"column\" data-e-type=\"column\">\n\t\t\t<div class=\"elementor-widget-wrap elementor-element-populated\">\n\t\t\t\t\t\t<div class=\"elementor-element elementor-element-76ebca3 elementor-widget elementor-widget-text-editor\" data-id=\"76ebca3\" data-element_type=\"widget\" data-e-type=\"widget\" data-widget_type=\"text-editor.default\">\n\t\t\t\t<div class=\"elementor-widget-container\">\n\t\t\t\t\t\t\t\t\t<h6><strong>Pl\u00e1n obnovy a\u00a0odolnosti SR (Recovery and Resilience Facility &#8211; RRF):\u00a0<\/strong><\/h6><h6><strong>Kapitola REPowerEU \u2013 oblas\u0165 4 Rozvoj zelen\u00fdch zru\u010dnost\u00ed<\/strong><\/h6><p><span style=\"color: #3366ff;\"><strong>Inova\u010dn\u00e9 vzdel\u00e1vanie\u00a0 pedagogick\u00fdch a\u00a0odborn\u00fdch zamestnancov v\u00a0oblasti obnovite\u013en\u00fdch zdrojoch energie<\/strong><\/span><\/p><p style=\"text-align: justify;\"><strong>Inova\u010dn\u00e9 vzdel\u00e1vanie je zameran\u00e9 na teoretick\u00e9 a praktick\u00e9 inform\u00e1cie z oblasti zelen\u00fdch technol\u00f3gi\u00ed pre OZE a elektromobilitu, princ\u00edpov, kon\u0161truk\u010dn\u00fdch a technick\u00fdch rie\u0161en\u00ed, vr\u00e1tane kritick\u00e9ho rie\u0161enia probl\u00e9mov a ovl\u00e1danie princ\u00edpov rie\u0161en\u00ed s orient\u00e1ciou na predmetn\u00fa problematiku, pri v\u00fdkone pedagogickej \u010dinnosti. Inova\u010dn\u00e9 vzdel\u00e1vanie pedagogick\u00fdch zamestnancov predstavuje komplexn\u00fd proces zameran\u00fd na kontinu\u00e1lny rozvoj ich odborn\u00fdch vedomost\u00ed a pedagogick\u00fdch zru\u010dnost\u00ed a kompetenci\u00ed v oblasti obnovite\u013en\u00fdch zdrojov energie, konkr\u00e9tne pre oblas\u0165 fotovoltiky, vod\u00edka, tepeln\u00fdch \u010derpadiel, geoterm\u00e1lnej energie i smart technol\u00f3gi\u00ed na ich prev\u00e1dzku a elektromobility s vyu\u017eit\u00edm OZE. \u00a0<\/strong><\/p><p style=\"text-align: justify;\"><strong>Inova\u010dn\u00e9 \u00a0vzdel\u00e1vanie poskytujeme na z\u00e1klade opr\u00e1vnenia vydan\u00e9ho Ministerstvom \u0161kolstva v\u00fdskumu, v\u00fdvoja a\u00a0ml\u00e1de\u017ee Slovenskej republiky.<\/strong><\/p><p>Aktu\u00e1lne prebiehaj\u00face inova\u010dn\u00e9 vzdel\u00e1vania:<\/p><ul><li><strong>Fotovoltika<\/strong><\/li><li><strong>Tepeln\u00e9 \u010derpadl\u00e1 a geoterm\u00e1lna energia<\/strong><\/li><li><strong>Vod\u00edk<\/strong><\/li><li><strong>Smart technol\u00f3gie<\/strong><\/li><li><strong>Elektromobilita<\/strong><\/li><\/ul><div><p>Inform\u00e1cia k z\u00e1vere\u010dn\u00fdm prezent\u00e1ci\u00e1m inova\u010dn\u00e9ho vzdel\u00e1vania pre oblas\u0165 Elektromobility:<\/p><ul><li>I. term\u00edn \u2013 d\u0148a 01. 12. 2025 \u2013 prezen\u010dne \u00a0v zasadacej miestnosti STU, SjF, N\u00e1mestie slobody 2910\/17 Bratislava, zasada\u010dka Dekana \u010d. 023, 8:00-12:00 a 13:00 do 17:00<\/li><li>II. term\u00edn \u2013 d\u0148a 11. 12. 2025 \u2013\u00a0\u00a0prezen\u010dne \u00a0v zasadacej miestnosti dekana TUKE, Bayerova 1 Pre\u0161ov, 1.NP, zasada\u010dka Dekana, 8:00-12:00 a 13:00 do 17:00<\/li><li>III. term\u00edn \u2013 d\u0148a 12. 12. 2025 \u2013\u00a0\u00a0prezen\u010dne \u00a0STU, SjF, N\u00e1mestie slobody 2910\/17 Bratislava, zasada\u010dka Dekana \u010d. 023<\/li><\/ul><ol><li style=\"list-style-type: none;\">\u00a0<\/li><\/ol><\/div><div>\u00a0<\/div><div style=\"mso-element: para-border-div; border: solid #5B9BD5 3.0pt; mso-border-themecolor: accent1; padding: 0cm 0cm 0cm 0cm; background: #5B9BD5; mso-background-themecolor: accent1;\"><h1>Pl\u00e1n obnovy a odolnosti SR<\/h1><\/div><p style=\"margin-bottom: .0001pt; text-align: justify; text-justify: inter-ideograph;\">Pl\u00e1n obnovy a odolnosti SR stanovuje ucelen\u00fd bal\u00edk reforiem a invest\u00edci\u00ed, ktor\u00e9 sa realizuj\u00fa do roku 2026. Tie s\u00fa podporen\u00e9 z mechanizmu na podporu obnovy a odolnosti. Pl\u00e1n tvoria invest\u00edcie a reformy, ktor\u00e9 rie\u0161ia v\u00fdzvy identifikovan\u00e9 v kontexte eur\u00f3pskeho semestra, najm\u00e4 v odpor\u00fa\u010daniach Eur\u00f3pskej komisie pre Slovensko. Priority pl\u00e1nu obnovy zoh\u013ead\u0148uj\u00fa k\u013e\u00fa\u010dov\u00e9 probl\u00e9my ekonomiky a najd\u00f4le\u017eitej\u0161ie spolo\u010densk\u00e9 v\u00fdzvy. Pl\u00e1n obnovy a odolnosti Slovenskej republiky je preto rozdelen\u00fd do \u0161iestich oblast\u00ed:<\/p><p style=\"margin-left: 88.8pt; text-indent: -18.0pt; mso-list: l0 level1 lfo1;\"><!-- [if !supportLists]--><span style=\"font-size: 10.0pt; font-family: Symbol; mso-fareast-font-family: Symbol; mso-bidi-font-family: Symbol;\">\u00b7<span style=\"font-variant-numeric: normal; font-variant-east-asian: normal; font-variant-alternates: normal; font-kerning: auto; font-optical-sizing: auto; font-feature-settings: normal; font-variation-settings: normal; font-variant-position: normal; font-stretch: normal; font-size: 7pt; line-height: normal; font-family: 'Times New Roman';\">\u00a0\u00a0\u00a0\u00a0\u00a0\u00a0\u00a0\u00a0 <\/span><\/span><!--[endif]--><span style=\"font-size: 10.0pt;\">zelen\u00e1 ekonomika,<\/span><\/p><p style=\"margin-left: 88.8pt; text-indent: -18.0pt; mso-list: l0 level1 lfo1;\"><!-- [if !supportLists]--><span style=\"font-size: 10.0pt; font-family: Symbol; mso-fareast-font-family: Symbol; mso-bidi-font-family: Symbol;\">\u00b7<span style=\"font-variant-numeric: normal; font-variant-east-asian: normal; font-variant-alternates: normal; font-kerning: auto; font-optical-sizing: auto; font-feature-settings: normal; font-variation-settings: normal; font-variant-position: normal; font-stretch: normal; font-size: 7pt; line-height: normal; font-family: 'Times New Roman';\">\u00a0\u00a0\u00a0\u00a0\u00a0\u00a0\u00a0\u00a0 <\/span><\/span><!--[endif]--><span style=\"font-size: 10.0pt;\">kvalitn\u00e9 vzdel\u00e1vanie,<\/span><\/p><p style=\"margin-left: 88.8pt; text-indent: -18.0pt; mso-list: l0 level1 lfo1;\"><!-- [if !supportLists]--><span style=\"font-size: 10.0pt; font-family: Symbol; mso-fareast-font-family: Symbol; mso-bidi-font-family: Symbol;\">\u00b7<span style=\"font-variant-numeric: normal; font-variant-east-asian: normal; font-variant-alternates: normal; font-kerning: auto; font-optical-sizing: auto; font-feature-settings: normal; font-variation-settings: normal; font-variant-position: normal; font-stretch: normal; font-size: 7pt; line-height: normal; font-family: 'Times New Roman';\">\u00a0\u00a0\u00a0\u00a0\u00a0\u00a0\u00a0\u00a0 <\/span><\/span><!--[endif]--><span style=\"font-size: 10.0pt;\">veda, v\u00fdskum a inov\u00e1cie,<\/span><\/p><p style=\"margin-left: 88.8pt; text-indent: -18.0pt; mso-list: l0 level1 lfo1;\"><!-- [if !supportLists]--><span style=\"font-size: 10.0pt; font-family: Symbol; mso-fareast-font-family: Symbol; mso-bidi-font-family: Symbol;\">\u00b7<span style=\"font-variant-numeric: normal; font-variant-east-asian: normal; font-variant-alternates: normal; font-kerning: auto; font-optical-sizing: auto; font-feature-settings: normal; font-variation-settings: normal; font-variant-position: normal; font-stretch: normal; font-size: 7pt; line-height: normal; font-family: 'Times New Roman';\">\u00a0\u00a0\u00a0\u00a0\u00a0\u00a0\u00a0\u00a0 <\/span><\/span><!--[endif]--><span style=\"font-size: 10.0pt;\">lep\u0161ie zdravie,<\/span><\/p><p style=\"margin-left: 88.8pt; text-indent: -18.0pt; mso-list: l0 level1 lfo1;\"><!-- [if !supportLists]--><span style=\"font-size: 10.0pt; font-family: Symbol; mso-fareast-font-family: Symbol; mso-bidi-font-family: Symbol;\">\u00b7<span style=\"font-variant-numeric: normal; font-variant-east-asian: normal; font-variant-alternates: normal; font-kerning: auto; font-optical-sizing: auto; font-feature-settings: normal; font-variation-settings: normal; font-variant-position: normal; font-stretch: normal; font-size: 7pt; line-height: normal; font-family: 'Times New Roman';\">\u00a0\u00a0\u00a0\u00a0\u00a0\u00a0\u00a0\u00a0 <\/span><\/span><!--[endif]--><span style=\"font-size: 10.0pt;\">efekt\u00edvna verejn\u00e1 spr\u00e1va a\u00a0digitaliz\u00e1cia,<\/span><\/p><p style=\"margin-left: 88.8pt; text-indent: -18.0pt; mso-list: l0 level1 lfo1;\"><!-- [if !supportLists]--><span style=\"font-size: 10.0pt; font-family: Symbol; mso-fareast-font-family: Symbol; mso-bidi-font-family: Symbol;\">\u00b7<span style=\"font-variant-numeric: normal; font-variant-east-asian: normal; font-variant-alternates: normal; font-kerning: auto; font-optical-sizing: auto; font-feature-settings: normal; font-variation-settings: normal; font-variant-position: normal; font-stretch: normal; font-size: 7pt; line-height: normal; font-family: 'Times New Roman';\">\u00a0\u00a0\u00a0\u00a0\u00a0\u00a0\u00a0\u00a0 <\/span><\/span><!--[endif]-->REPowerEU<span style=\"font-size: 10.0pt;\">.<\/span><\/p><p style=\"text-align: justify; text-justify: inter-ideograph;\">Z\u00a0poh\u013eadu oblasti REPowerEU smerovan\u00e9ho na zlep\u0161enie v\u00fdsledkov vzdel\u00e1vania v\u010faka kurikul\u00e1rnej reforme a lep\u0161ej pr\u00edprave u\u010dite\u013eov napom\u00f4\u017eeme re\u0161tartova\u0165 a zr\u00fdchli\u0165 ekonomick\u00fd rast i konvergenciu Slovenska k priemeru E\u00da. Zv\u00fd\u0161enie kvality slovensk\u00fdch \u017eiakov a \u0161tudentov nad \u00farove\u0148 priemeru kraj\u00edn OECD by mohlo dlhodobo zv\u00fd\u0161i\u0165 ro\u010dn\u00fd ekonomick\u00fd rast o 0,5 percentu\u00e1lneho bodu. K vy\u0161\u0161ej dlhodobej inovat\u00edvnosti a konkurencieschopnosti slovensk\u00fdch podnikov a k budovaniu strategickej auton\u00f3mie E\u00da v oblasti top inovat\u00edvnych technol\u00f3gi\u00ed smeruje kvalitnej\u0161\u00ed v\u00fdskum a spolupr\u00e1ca verejn\u00e9ho i s\u00fakromn\u00e9ho sektora. Predpokladom rastu ekonomiky a tvorby pracovn\u00fdch miest v\u00a0r\u00e1mci oblasti je smerovanie k z\u00edskavaniu a udr\u017eaniu talentov. Ka\u017ed\u00e1 z prior\u00edt Pl\u00e1nu obnovy a odolnosti SR\u00a0 sa sklad\u00e1 z tematick\u00fdch oblast\u00ed. Tieto v sebe zah\u0155\u0148aj\u00fa reformy a invest\u00edcie, pre ktor\u00e9 s\u00fa stanoven\u00e9 konkr\u00e9tne ciele.<\/p><div style=\"mso-element: para-border-div; border: solid #5B9BD5 3.0pt; mso-border-themecolor: accent1; padding: 0cm 0cm 0cm 0cm; background: #5B9BD5; mso-background-themecolor: accent1;\"><h1><b>Tematick\u00e1 oblas\u0165 4:<\/b>\u00a0<\/h1><h1>Rozvoj Zelen\u00fdch zru\u010dnost\u00ed<\/h1><\/div><p style=\"text-align: justify; text-justify: inter-ideograph;\">Realiz\u00e1ciu kapitoly REPowerEU a splnenie jej cie\u013eov, najm\u00e4 pokia\u013e ide o \u00faspory energi\u00ed a r\u00fdchle nahradenie fos\u00edlnych pal\u00edv s prechodom na \u010dist\u00fa energiu, nebude mo\u017en\u00e9 zabezpe\u010di\u0165 len reformami a invest\u00edciami v oblasti energetickej infra\u0161trukt\u00fary, v\u00fdroby i dod\u00e1vok zariaden\u00ed na v\u00fdrobu energie z OZE a \u010fal\u0161\u00edch inovat\u00edvnych technol\u00f3gi\u00ed, vytvorenia zodpovedaj\u00faceho regula\u010dn\u00e9ho r\u00e1mca, \u010di \u010fal\u0161ieho budovania obehov\u00e9ho hospod\u00e1rstva. Nielen REPowerEU, ale aj \u010fal\u0161ie ciele E\u00da, najm\u00e4 v oblasti boja s klimatickou kr\u00edzou, \u010di prechodu na zelen\u00fa ekonomiku, je mo\u017en\u00e9 realizova\u0165 len s pomocou kvalifikovan\u00fdch \u013eud\u00ed, disponuj\u00facich adekv\u00e1tnymi zru\u010dnos\u0165ami a znalos\u0165ami. Slovensko sa preto zameria v r\u00e1mci kapitoly REPowerEU aj na rozvoj zelen\u00fdch zru\u010dnost\u00ed, a to prostredn\u00edctvom podpory inov\u00e1ci\u00ed na poli vzdel\u00e1vania, vzdel\u00e1vania pedagogick\u00fdch zamestnancov i adapt\u00e1cie a inov\u00e1ci\u00ed existuj\u00facich \u0161tudijn\u00fdch programov, vr\u00e1tane technick\u00fdch a \u010fal\u0161\u00edch podmienok, ktor\u00e9 umo\u017enia zabezpe\u010di\u0165 dostato\u010dn\u00e9 mno\u017estvo pracovn\u00edkov, ktor\u00ed tak bud\u00fa schopn\u00ed podpori\u0165 zelen\u00fa transform\u00e1ciu.<\/p><div style=\"mso-element: para-border-div; border: solid #5B9BD5 3.0pt; mso-border-themecolor: accent1; padding: 0cm 0cm 0cm 0cm; background: #5B9BD5; mso-background-themecolor: accent1;\"><h1><b>Reforma 6:<\/b>\u00a0<\/h1><h1>Zru\u010dnosti pre zelen\u00fd prechod<\/h1><\/div><p style=\"text-align: justify; text-justify: inter-ideograph;\">Podporuje lep\u0161iu pripravenos\u0165 stredn\u00fdch odborn\u00fdch \u0161k\u00f4l na vzdel\u00e1vanie v oblasti zelen\u00fdch zru\u010dnost\u00ed. Cie\u013eom reformy je aktualizova\u0165 s\u00fa\u010dasn\u00e9 programy vzdel\u00e1vania a odbornej pr\u00edpravy tak, aby odr\u00e1\u017eali aktu\u00e1lne potreby trhu pr\u00e1ce v oblasti zelen\u00fdch zru\u010dnost\u00ed. Reforma prispeje k postupnej adapt\u00e1cii \u0161tudijn\u00fdch programov na \u00farovni stredn\u00fdch odborn\u00fdch \u0161k\u00f4l do praxe. T\u00e1to invest\u00edcia m\u00e1 vytvori\u0165 materi\u00e1lno-technick\u00e9, organiza\u010dn\u00e9 a \u010fal\u0161ie podmienky na vzdel\u00e1vanie a praktick\u00e9 vyu\u010dovanie na dotknut\u00fdch \u0161kol\u00e1ch a tvorbu potrebn\u00fdch eduka\u010dn\u00fdch materi\u00e1lov. Reforma pozost\u00e1va z troch \u010dast\u00ed.<\/p><p style=\"margin-left: 14.2pt; text-align: justify; text-justify: inter-ideograph; text-indent: -14.2pt;\"><strong>Prv\u00e1 \u010das\u0165: <\/strong>Adapt\u00e1cia existuj\u00facich vzdel\u00e1vac\u00edch programov stredn\u00fdch odborn\u00fdch \u0161k\u00f4l,<b><i> <\/i><\/b>zabezpe\u010duje \u00fapravu u\u010debn\u00fdch osnov pre stredn\u00e9 odborn\u00e9 \u0161koly, ktor\u00e9 sa zameriavaj\u00fa na rozvoj zelen\u00fdch zru\u010dnost\u00ed potrebn\u00fdch v odvetviach s najvy\u0161\u0161\u00edm rastov\u00fdm potenci\u00e1lom, najm\u00e4: obnovite\u013en\u00e9 zdroje energie a elektromobilita. <b><\/b><\/p><p style=\"margin-left: 14.2pt; text-align: justify; text-justify: inter-ideograph; text-indent: -14.2pt;\"><strong>Druh\u00e1 \u010das\u0165: <\/strong>Vytvorenie nov\u00fdch vzdel\u00e1vac\u00edch programov profesijn\u00e9ho rozvoja pre pedagogick\u00fdch zamestnancov,<b><i> <\/i><\/b>prinesie zmenu kvalifika\u010dn\u00fdch \u0161tandardov pre pr\u00edpravn\u00e9 vzdel\u00e1vanie u\u010dite\u013eov stredn\u00fdch odborn\u00fdch \u0161k\u00f4l, ako aj aktualiz\u00e1ciu samotn\u00fdch programov pr\u00edpravy u\u010dite\u013eov. Novovytvoren\u00e9 vzdel\u00e1vanie pre u\u010dite\u013eov a ostatn\u00fdch pedagogick\u00fdch zamestnancov stredn\u00fdch odborn\u00fdch \u0161k\u00f4l bude zameran\u00e9 na rozvoj pedagogick\u00fdch zru\u010dnost\u00ed v oblastiach: obnovite\u013en\u00e9 zdroje energie a elektromobilita.<\/p><p style=\"margin-left: 14.2pt; text-align: justify; text-justify: inter-ideograph; text-indent: -14.2pt;\"><strong>Tretia \u010das\u0165:<\/strong> Vytvorenie akreditovan\u00fdch modulov\u00fdch vzdel\u00e1vac\u00edch programov \u010fal\u0161ieho vzdel\u00e1vania dospel\u00fdch so zameran\u00edm na zelen\u00e9 zru\u010dnosti,<b><i> <\/i><\/b>zabezpe\u010duje rozvoj vzdel\u00e1vac\u00edch programov pre dospel\u00fdch na z\u00edskanie alebo roz\u0161\u00edrenie zru\u010dnost\u00ed a\/alebo kvalifik\u00e1ci\u00ed pre povolania, pre ktor\u00e9 je nedostatok kvalifikovan\u00fdch pracovn\u00edkov, alebo pre odvetvia, ktor\u00e9 prech\u00e1dzaj\u00fa ve\u013ekou transform\u00e1ciou (ako je \u0165a\u017ek\u00fd priemysel, automobilov\u00fd priemysel). Vzdel\u00e1vacie programy pre dospel\u00fdch bud\u00fa zameran\u00e9 na zru\u010dnosti v oblastiach: obnovite\u013en\u00e9 zdroje energie a elektromobilita.<\/p><div style=\"mso-element: para-border-div; border: solid #5B9BD5 3.0pt; mso-border-themecolor: accent1; padding: 0cm 0cm 0cm 0cm; background: #5B9BD5; mso-background-themecolor: accent1;\"><h1><b>Invest\u00edcia 7:<\/b>\u00a0<\/h1><h1>Vybavenie \u0161k\u00f4l a \u0161kolenia<\/h1><\/div><p style=\"text-align: justify; text-justify: inter-ideograph;\">Cie\u013eom invest\u00edcie je prisp\u00f4sobi\u0165 a poskytn\u00fa\u0165 \u0161kol\u00e1m adekv\u00e1tne vybavenie na teoretick\u00e9 a praktick\u00e9 vyu\u010dovanie. V dotknut\u00fdch stredn\u00fdch odborn\u00fdch \u0161kol\u00e1ch sa uskuto\u010dn\u00ed materi\u00e1lno-technick\u00e9 vybavenie, ako aj nevyhnutn\u00e9 stavebn\u00e9 \u00fapravy priestorov na realiz\u00e1ciu \u00fa\u010delov\u00fdch vzdel\u00e1vac\u00edch programov zameran\u00fdch na obnovite\u013en\u00e9 zdroje energie alebo elektromobilitu. Spolo\u010dn\u00fdm efektom reformy a invest\u00edcie sa odstr\u00e1ni prek\u00e1\u017eka, pre ktor\u00fa nebolo mo\u017eno roz\u0161irova\u0165 a prehlbova\u0165 kvalifik\u00e1ciu v oblasti zelen\u00fdch zru\u010dnost\u00ed vo vzdel\u00e1van\u00ed s oh\u013eadom na najnov\u0161ie poznatky a technol\u00f3gie v zelenej transform\u00e1cii.<\/p><p style=\"text-align: justify; text-justify: inter-ideograph;\"><strong><a href=\"https:\/\/www.youtube.com\/watch?v=2D7AX-EUXd0\" target=\"_blank\" rel=\"noopener\">Video &#8211; REPowerEU &#8211; u\u010deb\u0148a<\/a><\/strong><\/p><p><a href=\"https:\/\/www.youtube.com\/watch?app=desktop&amp;v=gO3jiWC-kQw\" target=\"_blank\" rel=\"noopener\"><strong>Video &#8211; Panelov\u00e1 diskusia &#8211; Technol\u00f3gie bez \u013eud\u00ed nepom\u00f4\u017eu plan\u00e9te ani podnikom za \u00fa\u010dasti z\u00e1stupcu REPowerEU<\/strong><\/a><\/p><p><a href=\"https:\/\/www.youtube.com\/watch?app=desktop&amp;v=B1fNH5PiSyc\" target=\"_blank\" rel=\"noopener\"><strong>Video &#8211; Rozhovor so z\u00e1stupcom REPowerEU v r\u00e1mci podujatia SlovakiaTech<\/strong><\/a><\/p>\t\t\t\t\t\t\t\t<\/div>\n\t\t\t\t<\/div>\n\t\t\t\t\t<\/div>\n\t\t<\/div>\n\t\t\t\t\t<\/div>\n\t\t<\/section>\n\t\t\t\t<\/div>\n\t\t","protected":false},"excerpt":{"rendered":"<p>Projekt REPowerEU Pl\u00e1n obnovy a\u00a0odolnosti SR (Recovery and Resilience Facility &#8211; RRF):\u00a0 Kapitola REPowerEU \u2013 oblas\u0165 4 Rozvoj zelen\u00fdch zru\u010dnost\u00ed Inova\u010dn\u00e9 vzdel\u00e1vanie\u00a0 pedagogick\u00fdch a\u00a0odborn\u00fdch zamestnancov v\u00a0oblasti obnovite\u013en\u00fdch zdrojoch energie Inova\u010dn\u00e9 vzdel\u00e1vanie je zameran\u00e9 na teoretick\u00e9 a praktick\u00e9 inform\u00e1cie z oblasti zelen\u00fdch technol\u00f3gi\u00ed pre OZE a elektromobilitu, princ\u00edpov, kon\u0161truk\u010dn\u00fdch a technick\u00fdch rie\u0161en\u00ed, vr\u00e1tane kritick\u00e9ho rie\u0161enia probl\u00e9mov [&hellip;]<\/p>\n","protected":false},"author":1,"featured_media":0,"parent":47,"menu_order":0,"comment_status":"closed","ping_status":"closed","template":"","meta":{"site-sidebar-layout":"no-sidebar","site-content-layout":"page-builder","ast-site-content-layout":"full-width-container","site-content-style":"default","site-sidebar-style":"default","ast-global-header-display":"","ast-banner-title-visibility":"","ast-main-header-display":"","ast-hfb-above-header-display":"","ast-hfb-below-header-display":"","ast-hfb-mobile-header-display":"","site-post-title":"disabled","ast-breadcrumbs-content":"","ast-featured-img":"disabled","footer-sml-layout":"","ast-disable-related-posts":"","theme-transparent-header-meta":"default","adv-header-id-meta":"","stick-header-meta":"default","header-above-stick-meta":"","header-main-stick-meta":"","header-below-stick-meta":"","astra-migrate-meta-layouts":"set","ast-page-background-enabled":"default","ast-page-background-meta":{"desktop":{"background-color":"var(--ast-global-color-4)","background-image":"","background-repeat":"repeat","background-position":"center center","background-size":"auto","background-attachment":"scroll","background-type":"","background-media":"","overlay-type":"","overlay-color":"","overlay-opacity":"","overlay-gradient":""},"tablet":{"background-color":"","background-image":"","background-repeat":"repeat","background-position":"center center","background-size":"auto","background-attachment":"scroll","background-type":"","background-media":"","overlay-type":"","overlay-color":"","overlay-opacity":"","overlay-gradient":""},"mobile":{"background-color":"","background-image":"","background-repeat":"repeat","background-position":"center center","background-size":"auto","background-attachment":"scroll","background-type":"","background-media":"","overlay-type":"","overlay-color":"","overlay-opacity":"","overlay-gradient":""}},"ast-content-background-meta":{"desktop":{"background-color":"var(--ast-global-color-5)","background-image":"","background-repeat":"repeat","background-position":"center center","background-size":"auto","background-attachment":"scroll","background-type":"","background-media":"","overlay-type":"","overlay-color":"","overlay-opacity":"","overlay-gradient":""},"tablet":{"background-color":"var(--ast-global-color-5)","background-image":"","background-repeat":"repeat","background-position":"center center","background-size":"auto","background-attachment":"scroll","background-type":"","background-media":"","overlay-type":"","overlay-color":"","overlay-opacity":"","overlay-gradient":""},"mobile":{"background-color":"var(--ast-global-color-5)","background-image":"","background-repeat":"repeat","background-position":"center center","background-size":"auto","background-attachment":"scroll","background-type":"","background-media":"","overlay-type":"","overlay-color":"","overlay-opacity":"","overlay-gradient":""}},"footnotes":""},"class_list":["post-14722","page","type-page","status-publish","hentry"],"yoast_head":"<!-- This site is optimized with the Yoast SEO plugin v27.5 - https:\/\/yoast.com\/product\/yoast-seo-wordpress\/ -->\n<title>Projekt REPowerEU - \u0160IOV - \u0161t\u00e1tny in\u0161tit\u00fat odborn\u00e9ho vzdel\u00e1vania<\/title>\n<meta name=\"robots\" content=\"index, follow, max-snippet:-1, max-image-preview:large, max-video-preview:-1\" \/>\n<link rel=\"canonical\" href=\"https:\/\/archiv.siov.sk\/en\/projekty\/aktualne-projekty\/projekt-repower\/\" \/>\n<meta property=\"og:locale\" content=\"en_GB\" \/>\n<meta property=\"og:type\" content=\"article\" \/>\n<meta property=\"og:title\" content=\"Projekt REPowerEU - \u0160IOV - \u0161t\u00e1tny in\u0161tit\u00fat odborn\u00e9ho vzdel\u00e1vania\" \/>\n<meta property=\"og:description\" content=\"Projekt REPowerEU Pl\u00e1n obnovy a\u00a0odolnosti SR (Recovery and Resilience Facility &#8211; RRF):\u00a0 Kapitola REPowerEU \u2013 oblas\u0165 4 Rozvoj zelen\u00fdch zru\u010dnost\u00ed Inova\u010dn\u00e9 vzdel\u00e1vanie\u00a0 pedagogick\u00fdch a\u00a0odborn\u00fdch zamestnancov v\u00a0oblasti obnovite\u013en\u00fdch zdrojoch energie Inova\u010dn\u00e9 vzdel\u00e1vanie je zameran\u00e9 na teoretick\u00e9 a praktick\u00e9 inform\u00e1cie z oblasti zelen\u00fdch technol\u00f3gi\u00ed pre OZE a elektromobilitu, princ\u00edpov, kon\u0161truk\u010dn\u00fdch a technick\u00fdch rie\u0161en\u00ed, vr\u00e1tane kritick\u00e9ho rie\u0161enia probl\u00e9mov [&hellip;]\" \/>\n<meta property=\"og:url\" content=\"https:\/\/archiv.siov.sk\/en\/projekty\/aktualne-projekty\/projekt-repower\/\" \/>\n<meta property=\"og:site_name\" content=\"\u0160IOV - \u0161t\u00e1tny in\u0161tit\u00fat odborn\u00e9ho vzdel\u00e1vania\" \/>\n<meta property=\"article:publisher\" content=\"https:\/\/www.facebook.com\/Statnyinstitutodbornehovzdelavania\" \/>\n<meta property=\"article:modified_time\" content=\"2025-11-28T10:31:58+00:00\" \/>\n<meta property=\"og:image\" content=\"https:\/\/archiv.siov.sk\/wp-content\/uploads\/2024\/11\/1_Logo_NextGenv1-e1731062753592-300x109.png\" \/>\n<meta name=\"twitter:card\" content=\"summary_large_image\" \/>\n<meta name=\"twitter:label1\" content=\"Estimated reading time\" \/>\n\t<meta name=\"twitter:data1\" content=\"6 minutes\" \/>\n<script type=\"application\/ld+json\" class=\"yoast-schema-graph\">{\"@context\":\"https:\\\/\\\/schema.org\",\"@graph\":[{\"@type\":\"WebPage\",\"@id\":\"https:\\\/\\\/archiv.siov.sk\\\/projekty\\\/aktualne-projekty\\\/projekt-repower\\\/\",\"url\":\"https:\\\/\\\/archiv.siov.sk\\\/projekty\\\/aktualne-projekty\\\/projekt-repower\\\/\",\"name\":\"Projekt REPowerEU - \u0160IOV - \u0161t\u00e1tny in\u0161tit\u00fat odborn\u00e9ho vzdel\u00e1vania\",\"isPartOf\":{\"@id\":\"https:\\\/\\\/archiv.siov.sk\\\/#website\"},\"primaryImageOfPage\":{\"@id\":\"https:\\\/\\\/archiv.siov.sk\\\/projekty\\\/aktualne-projekty\\\/projekt-repower\\\/#primaryimage\"},\"image\":{\"@id\":\"https:\\\/\\\/archiv.siov.sk\\\/projekty\\\/aktualne-projekty\\\/projekt-repower\\\/#primaryimage\"},\"thumbnailUrl\":\"https:\\\/\\\/archiv.siov.sk\\\/wp-content\\\/uploads\\\/2024\\\/11\\\/1_Logo_NextGenv1-e1731062753592-300x109.png\",\"datePublished\":\"2024-02-29T20:00:17+00:00\",\"dateModified\":\"2025-11-28T10:31:58+00:00\",\"breadcrumb\":{\"@id\":\"https:\\\/\\\/archiv.siov.sk\\\/projekty\\\/aktualne-projekty\\\/projekt-repower\\\/#breadcrumb\"},\"inLanguage\":\"en-GB\",\"potentialAction\":[{\"@type\":\"ReadAction\",\"target\":[\"https:\\\/\\\/archiv.siov.sk\\\/projekty\\\/aktualne-projekty\\\/projekt-repower\\\/\"]}]},{\"@type\":\"ImageObject\",\"inLanguage\":\"en-GB\",\"@id\":\"https:\\\/\\\/archiv.siov.sk\\\/projekty\\\/aktualne-projekty\\\/projekt-repower\\\/#primaryimage\",\"url\":\"https:\\\/\\\/archiv.siov.sk\\\/wp-content\\\/uploads\\\/2024\\\/11\\\/1_Logo_NextGenv1-e1731062753592-300x109.png\",\"contentUrl\":\"https:\\\/\\\/archiv.siov.sk\\\/wp-content\\\/uploads\\\/2024\\\/11\\\/1_Logo_NextGenv1-e1731062753592-300x109.png\"},{\"@type\":\"BreadcrumbList\",\"@id\":\"https:\\\/\\\/archiv.siov.sk\\\/projekty\\\/aktualne-projekty\\\/projekt-repower\\\/#breadcrumb\",\"itemListElement\":[{\"@type\":\"ListItem\",\"position\":1,\"name\":\"Home\",\"item\":\"https:\\\/\\\/archiv.siov.sk\\\/\"},{\"@type\":\"ListItem\",\"position\":2,\"name\":\"Projekty\",\"item\":\"https:\\\/\\\/archiv.siov.sk\\\/en\\\/projekty\\\/\"},{\"@type\":\"ListItem\",\"position\":3,\"name\":\"Aktu\u00e1lne projekty\",\"item\":\"https:\\\/\\\/archiv.siov.sk\\\/en\\\/projekty\\\/aktualne-projekty\\\/\"},{\"@type\":\"ListItem\",\"position\":4,\"name\":\"Projekt REPowerEU\"}]},{\"@type\":\"WebSite\",\"@id\":\"https:\\\/\\\/archiv.siov.sk\\\/#website\",\"url\":\"https:\\\/\\\/archiv.siov.sk\\\/\",\"name\":\"\u0160IOV - \u0161t\u00e1tny in\u0161tit\u00fat odborn\u00e9ho vzdel\u00e1vania\",\"description\":\"\",\"publisher\":{\"@id\":\"https:\\\/\\\/archiv.siov.sk\\\/#organization\"},\"potentialAction\":[{\"@type\":\"SearchAction\",\"target\":{\"@type\":\"EntryPoint\",\"urlTemplate\":\"https:\\\/\\\/archiv.siov.sk\\\/?s={search_term_string}\"},\"query-input\":{\"@type\":\"PropertyValueSpecification\",\"valueRequired\":true,\"valueName\":\"search_term_string\"}}],\"inLanguage\":\"en-GB\"},{\"@type\":\"Organization\",\"@id\":\"https:\\\/\\\/archiv.siov.sk\\\/#organization\",\"name\":\"\u0160IOV - \u0161t\u00e1tny in\u0161tit\u00fat odborn\u00e9ho vzdel\u00e1vania\",\"url\":\"https:\\\/\\\/archiv.siov.sk\\\/\",\"logo\":{\"@type\":\"ImageObject\",\"inLanguage\":\"en-GB\",\"@id\":\"https:\\\/\\\/archiv.siov.sk\\\/#\\\/schema\\\/logo\\\/image\\\/\",\"url\":\"https:\\\/\\\/archiv.siov.sk\\\/wp-content\\\/uploads\\\/2024\\\/02\\\/logo-SIOV.png\",\"contentUrl\":\"https:\\\/\\\/archiv.siov.sk\\\/wp-content\\\/uploads\\\/2024\\\/02\\\/logo-SIOV.png\",\"width\":431,\"height\":143,\"caption\":\"\u0160IOV - \u0161t\u00e1tny in\u0161tit\u00fat odborn\u00e9ho vzdel\u00e1vania\"},\"image\":{\"@id\":\"https:\\\/\\\/archiv.siov.sk\\\/#\\\/schema\\\/logo\\\/image\\\/\"},\"sameAs\":[\"https:\\\/\\\/www.facebook.com\\\/Statnyinstitutodbornehovzdelavania\"]}]}<\/script>\n<!-- \/ Yoast SEO plugin. -->","yoast_head_json":{"title":"Projekt REPowerEU - \u0160IOV - \u0161t\u00e1tny in\u0161tit\u00fat odborn\u00e9ho vzdel\u00e1vania","robots":{"index":"index","follow":"follow","max-snippet":"max-snippet:-1","max-image-preview":"max-image-preview:large","max-video-preview":"max-video-preview:-1"},"canonical":"https:\/\/archiv.siov.sk\/en\/projekty\/aktualne-projekty\/projekt-repower\/","og_locale":"en_GB","og_type":"article","og_title":"Projekt REPowerEU - \u0160IOV - \u0161t\u00e1tny in\u0161tit\u00fat odborn\u00e9ho vzdel\u00e1vania","og_description":"Projekt REPowerEU Pl\u00e1n obnovy a\u00a0odolnosti SR (Recovery and Resilience Facility &#8211; RRF):\u00a0 Kapitola REPowerEU \u2013 oblas\u0165 4 Rozvoj zelen\u00fdch zru\u010dnost\u00ed Inova\u010dn\u00e9 vzdel\u00e1vanie\u00a0 pedagogick\u00fdch a\u00a0odborn\u00fdch zamestnancov v\u00a0oblasti obnovite\u013en\u00fdch zdrojoch energie Inova\u010dn\u00e9 vzdel\u00e1vanie je zameran\u00e9 na teoretick\u00e9 a praktick\u00e9 inform\u00e1cie z oblasti zelen\u00fdch technol\u00f3gi\u00ed pre OZE a elektromobilitu, princ\u00edpov, kon\u0161truk\u010dn\u00fdch a technick\u00fdch rie\u0161en\u00ed, vr\u00e1tane kritick\u00e9ho rie\u0161enia probl\u00e9mov [&hellip;]","og_url":"https:\/\/archiv.siov.sk\/en\/projekty\/aktualne-projekty\/projekt-repower\/","og_site_name":"\u0160IOV - \u0161t\u00e1tny in\u0161tit\u00fat odborn\u00e9ho vzdel\u00e1vania","article_publisher":"https:\/\/www.facebook.com\/Statnyinstitutodbornehovzdelavania","article_modified_time":"2025-11-28T10:31:58+00:00","og_image":[{"url":"https:\/\/archiv.siov.sk\/wp-content\/uploads\/2024\/11\/1_Logo_NextGenv1-e1731062753592-300x109.png","type":"","width":"","height":""}],"twitter_card":"summary_large_image","twitter_misc":{"Estimated reading time":"6 minutes"},"schema":{"@context":"https:\/\/schema.org","@graph":[{"@type":"WebPage","@id":"https:\/\/archiv.siov.sk\/projekty\/aktualne-projekty\/projekt-repower\/","url":"https:\/\/archiv.siov.sk\/projekty\/aktualne-projekty\/projekt-repower\/","name":"Projekt REPowerEU - \u0160IOV - \u0161t\u00e1tny in\u0161tit\u00fat odborn\u00e9ho vzdel\u00e1vania","isPartOf":{"@id":"https:\/\/archiv.siov.sk\/#website"},"primaryImageOfPage":{"@id":"https:\/\/archiv.siov.sk\/projekty\/aktualne-projekty\/projekt-repower\/#primaryimage"},"image":{"@id":"https:\/\/archiv.siov.sk\/projekty\/aktualne-projekty\/projekt-repower\/#primaryimage"},"thumbnailUrl":"https:\/\/archiv.siov.sk\/wp-content\/uploads\/2024\/11\/1_Logo_NextGenv1-e1731062753592-300x109.png","datePublished":"2024-02-29T20:00:17+00:00","dateModified":"2025-11-28T10:31:58+00:00","breadcrumb":{"@id":"https:\/\/archiv.siov.sk\/projekty\/aktualne-projekty\/projekt-repower\/#breadcrumb"},"inLanguage":"en-GB","potentialAction":[{"@type":"ReadAction","target":["https:\/\/archiv.siov.sk\/projekty\/aktualne-projekty\/projekt-repower\/"]}]},{"@type":"ImageObject","inLanguage":"en-GB","@id":"https:\/\/archiv.siov.sk\/projekty\/aktualne-projekty\/projekt-repower\/#primaryimage","url":"https:\/\/archiv.siov.sk\/wp-content\/uploads\/2024\/11\/1_Logo_NextGenv1-e1731062753592-300x109.png","contentUrl":"https:\/\/archiv.siov.sk\/wp-content\/uploads\/2024\/11\/1_Logo_NextGenv1-e1731062753592-300x109.png"},{"@type":"BreadcrumbList","@id":"https:\/\/archiv.siov.sk\/projekty\/aktualne-projekty\/projekt-repower\/#breadcrumb","itemListElement":[{"@type":"ListItem","position":1,"name":"Home","item":"https:\/\/archiv.siov.sk\/"},{"@type":"ListItem","position":2,"name":"Projekty","item":"https:\/\/archiv.siov.sk\/en\/projekty\/"},{"@type":"ListItem","position":3,"name":"Aktu\u00e1lne projekty","item":"https:\/\/archiv.siov.sk\/en\/projekty\/aktualne-projekty\/"},{"@type":"ListItem","position":4,"name":"Projekt REPowerEU"}]},{"@type":"WebSite","@id":"https:\/\/archiv.siov.sk\/#website","url":"https:\/\/archiv.siov.sk\/","name":"\u0160IOV - \u0161t\u00e1tny in\u0161tit\u00fat odborn\u00e9ho vzdel\u00e1vania","description":"","publisher":{"@id":"https:\/\/archiv.siov.sk\/#organization"},"potentialAction":[{"@type":"SearchAction","target":{"@type":"EntryPoint","urlTemplate":"https:\/\/archiv.siov.sk\/?s={search_term_string}"},"query-input":{"@type":"PropertyValueSpecification","valueRequired":true,"valueName":"search_term_string"}}],"inLanguage":"en-GB"},{"@type":"Organization","@id":"https:\/\/archiv.siov.sk\/#organization","name":"\u0160IOV - \u0161t\u00e1tny in\u0161tit\u00fat odborn\u00e9ho vzdel\u00e1vania","url":"https:\/\/archiv.siov.sk\/","logo":{"@type":"ImageObject","inLanguage":"en-GB","@id":"https:\/\/archiv.siov.sk\/#\/schema\/logo\/image\/","url":"https:\/\/archiv.siov.sk\/wp-content\/uploads\/2024\/02\/logo-SIOV.png","contentUrl":"https:\/\/archiv.siov.sk\/wp-content\/uploads\/2024\/02\/logo-SIOV.png","width":431,"height":143,"caption":"\u0160IOV - \u0161t\u00e1tny in\u0161tit\u00fat odborn\u00e9ho vzdel\u00e1vania"},"image":{"@id":"https:\/\/archiv.siov.sk\/#\/schema\/logo\/image\/"},"sameAs":["https:\/\/www.facebook.com\/Statnyinstitutodbornehovzdelavania"]}]}},"_links":{"self":[{"href":"https:\/\/archiv.siov.sk\/en\/wp-json\/wp\/v2\/pages\/14722","targetHints":{"allow":["GET"]}}],"collection":[{"href":"https:\/\/archiv.siov.sk\/en\/wp-json\/wp\/v2\/pages"}],"about":[{"href":"https:\/\/archiv.siov.sk\/en\/wp-json\/wp\/v2\/types\/page"}],"author":[{"embeddable":true,"href":"https:\/\/archiv.siov.sk\/en\/wp-json\/wp\/v2\/users\/1"}],"replies":[{"embeddable":true,"href":"https:\/\/archiv.siov.sk\/en\/wp-json\/wp\/v2\/comments?post=14722"}],"version-history":[{"count":73,"href":"https:\/\/archiv.siov.sk\/en\/wp-json\/wp\/v2\/pages\/14722\/revisions"}],"predecessor-version":[{"id":21894,"href":"https:\/\/archiv.siov.sk\/en\/wp-json\/wp\/v2\/pages\/14722\/revisions\/21894"}],"up":[{"embeddable":true,"href":"https:\/\/archiv.siov.sk\/en\/wp-json\/wp\/v2\/pages\/47"}],"wp:attachment":[{"href":"https:\/\/archiv.siov.sk\/en\/wp-json\/wp\/v2\/media?parent=14722"}],"curies":[{"name":"wp","href":"https:\/\/api.w.org\/{rel}","templated":true}]}}