{"id":136,"date":"2019-01-25T11:11:12","date_gmt":"2019-01-25T10:11:12","guid":{"rendered":"http:\/\/archiv.siov.sk\/?page_id=136"},"modified":"2021-07-23T08:25:11","modified_gmt":"2021-07-23T06:25:11","slug":"kontraktacny-den-cvicnych-firiem-v-sali","status":"publish","type":"page","link":"https:\/\/archiv.siov.sk\/en\/cvicne-firmy\/veltrhy-a-sutaze\/kontraktacny-den-cvicnych-firiem-v-sali\/","title":{"rendered":"Kontrakta\u010dn\u00fd de\u0148 Cvi\u010dn\u00fdch firiem v \u0160ali"},"content":{"rendered":"<div data-elementor-type=\"wp-page\" data-elementor-id=\"136\" class=\"elementor elementor-136\" data-elementor-post-type=\"page\">\n\t\t\t\t\t\t<section class=\"elementor-section elementor-top-section elementor-element elementor-element-a5e3ca6 elementor-section-boxed elementor-section-height-default elementor-section-height-default\" data-id=\"a5e3ca6\" data-element_type=\"section\" data-e-type=\"section\">\n\t\t\t\t\t\t<div class=\"elementor-container elementor-column-gap-default\">\n\t\t\t\t\t<div class=\"elementor-column elementor-col-100 elementor-top-column elementor-element elementor-element-2e57b03\" data-id=\"2e57b03\" data-element_type=\"column\" data-e-type=\"column\">\n\t\t\t<div class=\"elementor-widget-wrap elementor-element-populated\">\n\t\t\t\t\t\t<div class=\"elementor-element elementor-element-b0849a7 elementor-widget-divider--view-line elementor-widget elementor-widget-divider\" data-id=\"b0849a7\" data-element_type=\"widget\" data-e-type=\"widget\" data-widget_type=\"divider.default\">\n\t\t\t\t<div class=\"elementor-widget-container\">\n\t\t\t\t\t\t\t<div class=\"elementor-divider\">\n\t\t\t<span class=\"elementor-divider-separator\">\n\t\t\t\t\t\t<\/span>\n\t\t<\/div>\n\t\t\t\t\t\t<\/div>\n\t\t\t\t<\/div>\n\t\t\t\t<div class=\"elementor-element elementor-element-57909d9 elementor-widget elementor-widget-heading\" data-id=\"57909d9\" data-element_type=\"widget\" data-e-type=\"widget\" data-widget_type=\"heading.default\">\n\t\t\t\t<div class=\"elementor-widget-container\">\n\t\t\t\t\t<h2 class=\"elementor-heading-title elementor-size-default\">Kontrakta\u010dn\u00fd de\u0148 Cvi\u010dn\u00fdch firiem v \u0160ali<\/h2>\t\t\t\t<\/div>\n\t\t\t\t<\/div>\n\t\t\t\t\t<\/div>\n\t\t<\/div>\n\t\t\t\t\t<\/div>\n\t\t<\/section>\n\t\t\t\t<section class=\"elementor-section elementor-top-section elementor-element elementor-element-382a4df5 elementor-section-boxed elementor-section-height-default elementor-section-height-default\" data-id=\"382a4df5\" data-element_type=\"section\" data-e-type=\"section\">\n\t\t\t\t\t\t<div class=\"elementor-container elementor-column-gap-default\">\n\t\t\t\t\t<div class=\"elementor-column elementor-col-100 elementor-top-column elementor-element elementor-element-26b05fc0\" data-id=\"26b05fc0\" data-element_type=\"column\" data-e-type=\"column\">\n\t\t\t<div class=\"elementor-widget-wrap elementor-element-populated\">\n\t\t\t\t\t\t<div class=\"elementor-element elementor-element-18199735 elementor-widget elementor-widget-text-editor\" data-id=\"18199735\" data-element_type=\"widget\" data-e-type=\"widget\" data-widget_type=\"text-editor.default\">\n\t\t\t\t<div class=\"elementor-widget-container\">\n\t\t\t\t\t\t\t\t\t<p style=\"text-align: justify;\">Spojen\u00e1 \u0161kola na ulici Nivy 2 v \u0160ali u\u017e po &nbsp;\u00f4smy rok zrealizovala kontrakta\u010dn\u00fd de\u0148 cvi\u010dn\u00fdch firiem v&nbsp;priestoroch estr\u00e1dnej s\u00e1ly Domu kult\u00fary v&nbsp;\u0160ali. Z\u00e1\u0161titu nad podujat\u00edm prevzal \u00darad Nitrianskeho samospr\u00e1vneho kraja, mesto \u0160a\u013ea a&nbsp;samozrejme Slovensk\u00e9 centrum cvi\u010dn\u00fdch firiem zo&nbsp;\u0160t\u00e1tneho in\u0161tit\u00fatu odborn\u00e9ho vzdel\u00e1vania v&nbsp;Bratislave.<\/p>\r\n<p style=\"text-align: justify;\">Cvi\u010dn\u00e1 firma je volite\u013en\u00fd predmet v&nbsp;3. a&nbsp;4. ro\u010dn\u00edku a&nbsp;funguje ako efekt\u00edvne prepojenie teoretickej v\u00fdu\u010dby s&nbsp;praxou. \u017diaci si zalo\u017eia, spravuj\u00fa a&nbsp;pracuj\u00fa v&nbsp;cvi\u010dnej firme, ktor\u00e1 simuluje podmienky re\u00e1lnej praxe. Sp\u00e1ja teoretick\u00e9 vedomosti z&nbsp;odborn\u00fdch predmetov ako podnikov\u00e1 ekonomika, \u00fa\u010dtovn\u00edctvo, v\u00fdpo\u010dtov\u00e1 technika s&nbsp;ich aplik\u00e1ciami a&nbsp;\u017eiaci maj\u00fa mo\u017enos\u0165 pri obchodovan\u00ed vyu\u017ei\u0165 i&nbsp;cudz\u00ed jazyk. V\u010faka pr\u00e1ci v&nbsp;cvi\u010dnej firme sa zvy\u0161uje samostatnos\u0165 \u017eiakov pri pr\u00e1ci, nau\u010dia sa vz\u00e1jomne komunikova\u0165, pracova\u0165 v&nbsp;t\u00edme, rozv\u00edjaj\u00fa kreativitu, podnikate\u013esk\u00e9 zru\u010dnosti, nau\u010dia sa zodpovednosti za v\u010dasn\u00e9 a&nbsp;kvalitn\u00e9 splnenie \u00faloh. \u017diaci \u2013 zamestnanci cvi\u010dn\u00fdch firiem svoju \u010dinnos\u0165 prezentuj\u00fa na celoslovensk\u00fdch a&nbsp;medzin\u00e1rodn\u00fdch stretnutiach, z\u00fa\u010dast\u0148uj\u00fa sa ve\u013etrhov a&nbsp;kontrakta\u010dn\u00fdch dn\u00ed v&nbsp;r\u00e1mci \u0161koly, Slovenska a&nbsp;zahrani\u010dia.<\/p>\r\n<p style=\"text-align: justify;\">V&nbsp;r\u00e1mci kontrakta\u010dn\u00e9ho d\u0148a cvi\u010dn\u00fdch firiem v&nbsp;\u0160ali si pri\u0161lo zmera\u0165 svoje podnikate\u013esk\u00e9 zru\u010dnosti, schopnosti a&nbsp;z\u00e1rove\u0148 odborn\u00e9 vedomosti &nbsp;22 cvi\u010dn\u00fdch firiem zo Slovenska a&nbsp;\u010ceskej republiky. Reprezentovali \u0161koly z&nbsp;Bratislavy, Serede, Kol\u00e1rova, Nitry, \u0160ale, Lev\u00edc, Malinova, Zlat\u00fdch Moraviec, Nov\u00fdch Z\u00e1mkov a Sokolova.<\/p>\r\n<strong>V\u00fdsledky s\u00fa\u0165a\u017e\u00ed cvi\u010dn\u00fdch firiem 8. kontrakta\u010dn\u00e9ho d\u0148a v \u0160ali:<\/strong>\r\n<ul class=\"check_links\">\r\n \t<li><strong>najlep\u0161ie logo<\/strong>&nbsp;&#8211; 1. miesto: CF Na hodinku s.r.o. &#8211; Bilingv\u00e1lna obchodn\u00e1 akad\u00e9mia Imricha Karva\u0161a, Bratislava<\/li>\r\n \t<li><strong>najlep\u0161\u00ed slogan<\/strong>&nbsp;&#8211; 1. miesto: CF Allin s.r.o., Obchodn\u00e1 akad\u00e9mia Sere\u010f<\/li>\r\n \t<li><strong>najlep\u0161\u00ed katal\u00f3g<\/strong>&nbsp;&#8211; 1. miesto: CF &nbsp;Comfy Way s.r.o., Obchodn\u00e1 akad\u00e9mia Levice<\/li>\r\n \t<li><strong>najlep\u0161ia elektronick\u00e1 prezent\u00e1cia<\/strong>&nbsp;&#8211; 1. miesto: CF Poseidon s.r.o., Obchodn\u00e1 akad\u00e9mia Levice<\/li>\r\n \t<li><strong>najlep\u0161\u00ed st\u00e1nok<\/strong>&nbsp;&#8211; 1. miesto: CF Winner \u00b4s sport s.r.o., Spojen\u00e1 \u0161kola \u0160a\u013ea<\/li>\r\n \t<li><strong>najlep\u0161ia vizitka<\/strong>&nbsp;\u2013 1. miesto: CF \u010cajkrovinky s.r.o.,&nbsp; Spojen\u00e1 \u0161kola \u0160a\u013ea<\/li>\r\n \t<li><strong>cena odboru vzdel\u00e1vania a&nbsp;kult\u00fary NSK<\/strong>: CF &nbsp;Boka\u010da s.r.o., Obchodn\u00e1 akad\u00e9mia Nitra<\/li>\r\n \t<li><strong>cena Slovensk\u00e9ho centra cvi\u010dn\u00fdch firiem<\/strong>: CF Progress Entertainment Garden s.r.o., Stredn\u00e1 odborn\u00e1 \u0161kola z\u00e1hradn\u00edcka , Malinovo<\/li>\r\n \t<li><strong>cena mesta \u0160a\u013ea<\/strong>: CF Garden rose s.r.o., Stredn\u00e1 odborn\u00e1 \u0161kola z\u00e1hradn\u00edcka , Malinovo<\/li>\r\n \t<li><strong>cena DUSLO a.s<\/strong>.: CF MyTea&nbsp; s.r.o., Obchodn\u00e1 akad\u00e9mia Levice<\/li>\r\n \t<li><strong>cena Actemium ProCs<\/strong>.: CF &nbsp;Kengura s.r.o.- Obchodn\u00e1 akad\u00e9mia Nitra<\/li>\r\n<\/ul>\r\n<p style=\"text-align: justify;\">\u010eakujeme v\u0161etk\u00fdm z\u00fa\u010dastnen\u00fdm cvi\u010dn\u00fdm firm\u00e1m za \u00fa\u010das\u0165 a ver\u00edme, \u017ee sa s&nbsp;rados\u0165ou z\u00fa\u010dastnia aj na \u010fal\u0161\u00edch kontrakta\u010dn\u00fdch d\u0148och a&nbsp;region\u00e1lnych ve\u013etrhoch cvi\u010dn\u00fdch firiem doma i&nbsp;v&nbsp;zahrani\u010d\u00ed.<\/p>\r\n<p style=\"text-align: justify;\">\u010cl\u00e1nok z&nbsp;21. ve\u013etrhu a&nbsp;9. kontrakta\u010dn\u00e9ho d\u0148a v&nbsp;\u017diari nad Hronom, ktor\u00fd sa uskuto\u010dnil 6. apr\u00edla 2017 si m\u00f4\u017eete pre\u010d\u00edta\u0165&nbsp;<a href=\"http:\/\/siov.sk\/wp-content\/uploads\/2019\/02\/21-veltrh-CF-v-Ziari-nad-Hronom.doc\" target=\"_blank\" rel=\"noopener\">TU<\/a><\/p>\r\n&nbsp;\t\t\t\t\t\t\t\t<\/div>\n\t\t\t\t<\/div>\n\t\t\t\t\t<\/div>\n\t\t<\/div>\n\t\t\t\t\t<\/div>\n\t\t<\/section>\n\t\t\t\t<\/div>","protected":false},"excerpt":{"rendered":"<p>Kontrakta\u010dn\u00fd de\u0148 Cvi\u010dn\u00fdch firiem v \u0160ali Spojen\u00e1 \u0161kola na ulici Nivy 2 v \u0160ali u\u017e po &nbsp;\u00f4smy rok zrealizovala kontrakta\u010dn\u00fd de\u0148 cvi\u010dn\u00fdch firiem v&nbsp;priestoroch estr\u00e1dnej s\u00e1ly Domu kult\u00fary v&nbsp;\u0160ali. Z\u00e1\u0161titu nad podujat\u00edm prevzal \u00darad Nitrianskeho samospr\u00e1vneho kraja, mesto \u0160a\u013ea a&nbsp;samozrejme Slovensk\u00e9 centrum cvi\u010dn\u00fdch firiem zo&nbsp;\u0160t\u00e1tneho in\u0161tit\u00fatu odborn\u00e9ho vzdel\u00e1vania v&nbsp;Bratislave. Cvi\u010dn\u00e1 firma je volite\u013en\u00fd predmet v&nbsp;3. [&hellip;]<\/p>\n","protected":false},"author":1,"featured_media":0,"parent":114,"menu_order":0,"comment_status":"closed","ping_status":"closed","template":"","meta":{"site-sidebar-layout":"default","site-content-layout":"default","ast-site-content-layout":"default","site-content-style":"default","site-sidebar-style":"default","ast-global-header-display":"","ast-banner-title-visibility":"","ast-main-header-display":"","ast-hfb-above-header-display":"","ast-hfb-below-header-display":"","ast-hfb-mobile-header-display":"","site-post-title":"disabled","ast-breadcrumbs-content":"","ast-featured-img":"","footer-sml-layout":"","ast-disable-related-posts":"","theme-transparent-header-meta":"default","adv-header-id-meta":"","stick-header-meta":"","header-above-stick-meta":"","header-main-stick-meta":"","header-below-stick-meta":"","astra-migrate-meta-layouts":"default","ast-page-background-enabled":"default","ast-page-background-meta":{"desktop":{"background-color":"var(--ast-global-color-4)","background-image":"","background-repeat":"repeat","background-position":"center center","background-size":"auto","background-attachment":"scroll","background-type":"","background-media":"","overlay-type":"","overlay-color":"","overlay-opacity":"","overlay-gradient":""},"tablet":{"background-color":"","background-image":"","background-repeat":"repeat","background-position":"center center","background-size":"auto","background-attachment":"scroll","background-type":"","background-media":"","overlay-type":"","overlay-color":"","overlay-opacity":"","overlay-gradient":""},"mobile":{"background-color":"","background-image":"","background-repeat":"repeat","background-position":"center center","background-size":"auto","background-attachment":"scroll","background-type":"","background-media":"","overlay-type":"","overlay-color":"","overlay-opacity":"","overlay-gradient":""}},"ast-content-background-meta":{"desktop":{"background-color":"var(--ast-global-color-5)","background-image":"","background-repeat":"repeat","background-position":"center center","background-size":"auto","background-attachment":"scroll","background-type":"","background-media":"","overlay-type":"","overlay-color":"","overlay-opacity":"","overlay-gradient":""},"tablet":{"background-color":"var(--ast-global-color-5)","background-image":"","background-repeat":"repeat","background-position":"center center","background-size":"auto","background-attachment":"scroll","background-type":"","background-media":"","overlay-type":"","overlay-color":"","overlay-opacity":"","overlay-gradient":""},"mobile":{"background-color":"var(--ast-global-color-5)","background-image":"","background-repeat":"repeat","background-position":"center center","background-size":"auto","background-attachment":"scroll","background-type":"","background-media":"","overlay-type":"","overlay-color":"","overlay-opacity":"","overlay-gradient":""}},"footnotes":""},"class_list":["post-136","page","type-page","status-publish","hentry"],"yoast_head":"<!-- This site is optimized with the Yoast SEO plugin v27.5 - https:\/\/yoast.com\/product\/yoast-seo-wordpress\/ -->\n<title>Kontrakta\u010dn\u00fd de\u0148 Cvi\u010dn\u00fdch firiem v \u0160ali - \u0160IOV - \u0161t\u00e1tny in\u0161tit\u00fat odborn\u00e9ho vzdel\u00e1vania<\/title>\n<meta name=\"robots\" content=\"index, follow, max-snippet:-1, max-image-preview:large, max-video-preview:-1\" \/>\n<link rel=\"canonical\" href=\"https:\/\/archiv.siov.sk\/en\/cvicne-firmy\/veltrhy-a-sutaze\/kontraktacny-den-cvicnych-firiem-v-sali\/\" \/>\n<meta property=\"og:locale\" content=\"en_GB\" \/>\n<meta property=\"og:type\" content=\"article\" \/>\n<meta property=\"og:title\" content=\"Kontrakta\u010dn\u00fd de\u0148 Cvi\u010dn\u00fdch firiem v \u0160ali - \u0160IOV - \u0161t\u00e1tny in\u0161tit\u00fat odborn\u00e9ho vzdel\u00e1vania\" \/>\n<meta property=\"og:description\" content=\"Kontrakta\u010dn\u00fd de\u0148 Cvi\u010dn\u00fdch firiem v \u0160ali Spojen\u00e1 \u0161kola na ulici Nivy 2 v \u0160ali u\u017e po &nbsp;\u00f4smy rok zrealizovala kontrakta\u010dn\u00fd de\u0148 cvi\u010dn\u00fdch firiem v&nbsp;priestoroch estr\u00e1dnej s\u00e1ly Domu kult\u00fary v&nbsp;\u0160ali. Z\u00e1\u0161titu nad podujat\u00edm prevzal \u00darad Nitrianskeho samospr\u00e1vneho kraja, mesto \u0160a\u013ea a&nbsp;samozrejme Slovensk\u00e9 centrum cvi\u010dn\u00fdch firiem zo&nbsp;\u0160t\u00e1tneho in\u0161tit\u00fatu odborn\u00e9ho vzdel\u00e1vania v&nbsp;Bratislave. Cvi\u010dn\u00e1 firma je volite\u013en\u00fd predmet v&nbsp;3. [&hellip;]\" \/>\n<meta property=\"og:url\" content=\"https:\/\/archiv.siov.sk\/en\/cvicne-firmy\/veltrhy-a-sutaze\/kontraktacny-den-cvicnych-firiem-v-sali\/\" \/>\n<meta property=\"og:site_name\" content=\"\u0160IOV - \u0161t\u00e1tny in\u0161tit\u00fat odborn\u00e9ho vzdel\u00e1vania\" \/>\n<meta property=\"article:publisher\" content=\"https:\/\/www.facebook.com\/Statnyinstitutodbornehovzdelavania\" \/>\n<meta property=\"article:modified_time\" content=\"2021-07-23T06:25:11+00:00\" \/>\n<meta name=\"twitter:card\" content=\"summary_large_image\" \/>\n<meta name=\"twitter:label1\" content=\"Estimated reading time\" \/>\n\t<meta name=\"twitter:data1\" content=\"2 minutes\" \/>\n<script type=\"application\/ld+json\" class=\"yoast-schema-graph\">{\"@context\":\"https:\\\/\\\/schema.org\",\"@graph\":[{\"@type\":\"WebPage\",\"@id\":\"https:\\\/\\\/archiv.siov.sk\\\/cvicne-firmy\\\/veltrhy-a-sutaze\\\/kontraktacny-den-cvicnych-firiem-v-sali\\\/\",\"url\":\"https:\\\/\\\/archiv.siov.sk\\\/cvicne-firmy\\\/veltrhy-a-sutaze\\\/kontraktacny-den-cvicnych-firiem-v-sali\\\/\",\"name\":\"Kontrakta\u010dn\u00fd de\u0148 Cvi\u010dn\u00fdch firiem v \u0160ali - \u0160IOV - \u0161t\u00e1tny in\u0161tit\u00fat odborn\u00e9ho vzdel\u00e1vania\",\"isPartOf\":{\"@id\":\"https:\\\/\\\/archiv.siov.sk\\\/#website\"},\"datePublished\":\"2019-01-25T10:11:12+00:00\",\"dateModified\":\"2021-07-23T06:25:11+00:00\",\"breadcrumb\":{\"@id\":\"https:\\\/\\\/archiv.siov.sk\\\/cvicne-firmy\\\/veltrhy-a-sutaze\\\/kontraktacny-den-cvicnych-firiem-v-sali\\\/#breadcrumb\"},\"inLanguage\":\"en-GB\",\"potentialAction\":[{\"@type\":\"ReadAction\",\"target\":[\"https:\\\/\\\/archiv.siov.sk\\\/cvicne-firmy\\\/veltrhy-a-sutaze\\\/kontraktacny-den-cvicnych-firiem-v-sali\\\/\"]}]},{\"@type\":\"BreadcrumbList\",\"@id\":\"https:\\\/\\\/archiv.siov.sk\\\/cvicne-firmy\\\/veltrhy-a-sutaze\\\/kontraktacny-den-cvicnych-firiem-v-sali\\\/#breadcrumb\",\"itemListElement\":[{\"@type\":\"ListItem\",\"position\":1,\"name\":\"Home\",\"item\":\"https:\\\/\\\/archiv.siov.sk\\\/\"},{\"@type\":\"ListItem\",\"position\":2,\"name\":\"SLOVENSK\u00c9 CENTRUM CVI\u010cN\u00ddCH FIRIEM\",\"item\":\"https:\\\/\\\/archiv.siov.sk\\\/cvicne-firmy\\\/\"},{\"@type\":\"ListItem\",\"position\":3,\"name\":\"Ve\u013etrhy a s\u00fa\u0165a\u017ee\",\"item\":\"https:\\\/\\\/archiv.siov.sk\\\/cvicne-firmy\\\/veltrhy-a-sutaze\\\/\"},{\"@type\":\"ListItem\",\"position\":4,\"name\":\"Kontrakta\u010dn\u00fd de\u0148 Cvi\u010dn\u00fdch firiem v \u0160ali\"}]},{\"@type\":\"WebSite\",\"@id\":\"https:\\\/\\\/archiv.siov.sk\\\/#website\",\"url\":\"https:\\\/\\\/archiv.siov.sk\\\/\",\"name\":\"\u0160IOV - \u0161t\u00e1tny in\u0161tit\u00fat odborn\u00e9ho vzdel\u00e1vania\",\"description\":\"\",\"publisher\":{\"@id\":\"https:\\\/\\\/archiv.siov.sk\\\/#organization\"},\"potentialAction\":[{\"@type\":\"SearchAction\",\"target\":{\"@type\":\"EntryPoint\",\"urlTemplate\":\"https:\\\/\\\/archiv.siov.sk\\\/?s={search_term_string}\"},\"query-input\":{\"@type\":\"PropertyValueSpecification\",\"valueRequired\":true,\"valueName\":\"search_term_string\"}}],\"inLanguage\":\"en-GB\"},{\"@type\":\"Organization\",\"@id\":\"https:\\\/\\\/archiv.siov.sk\\\/#organization\",\"name\":\"\u0160IOV - \u0161t\u00e1tny in\u0161tit\u00fat odborn\u00e9ho vzdel\u00e1vania\",\"url\":\"https:\\\/\\\/archiv.siov.sk\\\/\",\"logo\":{\"@type\":\"ImageObject\",\"inLanguage\":\"en-GB\",\"@id\":\"https:\\\/\\\/archiv.siov.sk\\\/#\\\/schema\\\/logo\\\/image\\\/\",\"url\":\"https:\\\/\\\/archiv.siov.sk\\\/wp-content\\\/uploads\\\/2024\\\/02\\\/logo-SIOV.png\",\"contentUrl\":\"https:\\\/\\\/archiv.siov.sk\\\/wp-content\\\/uploads\\\/2024\\\/02\\\/logo-SIOV.png\",\"width\":431,\"height\":143,\"caption\":\"\u0160IOV - \u0161t\u00e1tny in\u0161tit\u00fat odborn\u00e9ho vzdel\u00e1vania\"},\"image\":{\"@id\":\"https:\\\/\\\/archiv.siov.sk\\\/#\\\/schema\\\/logo\\\/image\\\/\"},\"sameAs\":[\"https:\\\/\\\/www.facebook.com\\\/Statnyinstitutodbornehovzdelavania\"]}]}<\/script>\n<!-- \/ Yoast SEO plugin. -->","yoast_head_json":{"title":"Kontrakta\u010dn\u00fd de\u0148 Cvi\u010dn\u00fdch firiem v \u0160ali - \u0160IOV - \u0161t\u00e1tny in\u0161tit\u00fat odborn\u00e9ho vzdel\u00e1vania","robots":{"index":"index","follow":"follow","max-snippet":"max-snippet:-1","max-image-preview":"max-image-preview:large","max-video-preview":"max-video-preview:-1"},"canonical":"https:\/\/archiv.siov.sk\/en\/cvicne-firmy\/veltrhy-a-sutaze\/kontraktacny-den-cvicnych-firiem-v-sali\/","og_locale":"en_GB","og_type":"article","og_title":"Kontrakta\u010dn\u00fd de\u0148 Cvi\u010dn\u00fdch firiem v \u0160ali - \u0160IOV - \u0161t\u00e1tny in\u0161tit\u00fat odborn\u00e9ho vzdel\u00e1vania","og_description":"Kontrakta\u010dn\u00fd de\u0148 Cvi\u010dn\u00fdch firiem v \u0160ali Spojen\u00e1 \u0161kola na ulici Nivy 2 v \u0160ali u\u017e po &nbsp;\u00f4smy rok zrealizovala kontrakta\u010dn\u00fd de\u0148 cvi\u010dn\u00fdch firiem v&nbsp;priestoroch estr\u00e1dnej s\u00e1ly Domu kult\u00fary v&nbsp;\u0160ali. Z\u00e1\u0161titu nad podujat\u00edm prevzal \u00darad Nitrianskeho samospr\u00e1vneho kraja, mesto \u0160a\u013ea a&nbsp;samozrejme Slovensk\u00e9 centrum cvi\u010dn\u00fdch firiem zo&nbsp;\u0160t\u00e1tneho in\u0161tit\u00fatu odborn\u00e9ho vzdel\u00e1vania v&nbsp;Bratislave. Cvi\u010dn\u00e1 firma je volite\u013en\u00fd predmet v&nbsp;3. [&hellip;]","og_url":"https:\/\/archiv.siov.sk\/en\/cvicne-firmy\/veltrhy-a-sutaze\/kontraktacny-den-cvicnych-firiem-v-sali\/","og_site_name":"\u0160IOV - \u0161t\u00e1tny in\u0161tit\u00fat odborn\u00e9ho vzdel\u00e1vania","article_publisher":"https:\/\/www.facebook.com\/Statnyinstitutodbornehovzdelavania","article_modified_time":"2021-07-23T06:25:11+00:00","twitter_card":"summary_large_image","twitter_misc":{"Estimated reading time":"2 minutes"},"schema":{"@context":"https:\/\/schema.org","@graph":[{"@type":"WebPage","@id":"https:\/\/archiv.siov.sk\/cvicne-firmy\/veltrhy-a-sutaze\/kontraktacny-den-cvicnych-firiem-v-sali\/","url":"https:\/\/archiv.siov.sk\/cvicne-firmy\/veltrhy-a-sutaze\/kontraktacny-den-cvicnych-firiem-v-sali\/","name":"Kontrakta\u010dn\u00fd de\u0148 Cvi\u010dn\u00fdch firiem v \u0160ali - \u0160IOV - \u0161t\u00e1tny in\u0161tit\u00fat odborn\u00e9ho vzdel\u00e1vania","isPartOf":{"@id":"https:\/\/archiv.siov.sk\/#website"},"datePublished":"2019-01-25T10:11:12+00:00","dateModified":"2021-07-23T06:25:11+00:00","breadcrumb":{"@id":"https:\/\/archiv.siov.sk\/cvicne-firmy\/veltrhy-a-sutaze\/kontraktacny-den-cvicnych-firiem-v-sali\/#breadcrumb"},"inLanguage":"en-GB","potentialAction":[{"@type":"ReadAction","target":["https:\/\/archiv.siov.sk\/cvicne-firmy\/veltrhy-a-sutaze\/kontraktacny-den-cvicnych-firiem-v-sali\/"]}]},{"@type":"BreadcrumbList","@id":"https:\/\/archiv.siov.sk\/cvicne-firmy\/veltrhy-a-sutaze\/kontraktacny-den-cvicnych-firiem-v-sali\/#breadcrumb","itemListElement":[{"@type":"ListItem","position":1,"name":"Home","item":"https:\/\/archiv.siov.sk\/"},{"@type":"ListItem","position":2,"name":"SLOVENSK\u00c9 CENTRUM CVI\u010cN\u00ddCH FIRIEM","item":"https:\/\/archiv.siov.sk\/cvicne-firmy\/"},{"@type":"ListItem","position":3,"name":"Ve\u013etrhy a s\u00fa\u0165a\u017ee","item":"https:\/\/archiv.siov.sk\/cvicne-firmy\/veltrhy-a-sutaze\/"},{"@type":"ListItem","position":4,"name":"Kontrakta\u010dn\u00fd de\u0148 Cvi\u010dn\u00fdch firiem v \u0160ali"}]},{"@type":"WebSite","@id":"https:\/\/archiv.siov.sk\/#website","url":"https:\/\/archiv.siov.sk\/","name":"\u0160IOV - \u0161t\u00e1tny in\u0161tit\u00fat odborn\u00e9ho vzdel\u00e1vania","description":"","publisher":{"@id":"https:\/\/archiv.siov.sk\/#organization"},"potentialAction":[{"@type":"SearchAction","target":{"@type":"EntryPoint","urlTemplate":"https:\/\/archiv.siov.sk\/?s={search_term_string}"},"query-input":{"@type":"PropertyValueSpecification","valueRequired":true,"valueName":"search_term_string"}}],"inLanguage":"en-GB"},{"@type":"Organization","@id":"https:\/\/archiv.siov.sk\/#organization","name":"\u0160IOV - \u0161t\u00e1tny in\u0161tit\u00fat odborn\u00e9ho vzdel\u00e1vania","url":"https:\/\/archiv.siov.sk\/","logo":{"@type":"ImageObject","inLanguage":"en-GB","@id":"https:\/\/archiv.siov.sk\/#\/schema\/logo\/image\/","url":"https:\/\/archiv.siov.sk\/wp-content\/uploads\/2024\/02\/logo-SIOV.png","contentUrl":"https:\/\/archiv.siov.sk\/wp-content\/uploads\/2024\/02\/logo-SIOV.png","width":431,"height":143,"caption":"\u0160IOV - \u0161t\u00e1tny in\u0161tit\u00fat odborn\u00e9ho vzdel\u00e1vania"},"image":{"@id":"https:\/\/archiv.siov.sk\/#\/schema\/logo\/image\/"},"sameAs":["https:\/\/www.facebook.com\/Statnyinstitutodbornehovzdelavania"]}]}},"_links":{"self":[{"href":"https:\/\/archiv.siov.sk\/en\/wp-json\/wp\/v2\/pages\/136","targetHints":{"allow":["GET"]}}],"collection":[{"href":"https:\/\/archiv.siov.sk\/en\/wp-json\/wp\/v2\/pages"}],"about":[{"href":"https:\/\/archiv.siov.sk\/en\/wp-json\/wp\/v2\/types\/page"}],"author":[{"embeddable":true,"href":"https:\/\/archiv.siov.sk\/en\/wp-json\/wp\/v2\/users\/1"}],"replies":[{"embeddable":true,"href":"https:\/\/archiv.siov.sk\/en\/wp-json\/wp\/v2\/comments?post=136"}],"version-history":[{"count":7,"href":"https:\/\/archiv.siov.sk\/en\/wp-json\/wp\/v2\/pages\/136\/revisions"}],"predecessor-version":[{"id":8843,"href":"https:\/\/archiv.siov.sk\/en\/wp-json\/wp\/v2\/pages\/136\/revisions\/8843"}],"up":[{"embeddable":true,"href":"https:\/\/archiv.siov.sk\/en\/wp-json\/wp\/v2\/pages\/114"}],"wp:attachment":[{"href":"https:\/\/archiv.siov.sk\/en\/wp-json\/wp\/v2\/media?parent=136"}],"curies":[{"name":"wp","href":"https:\/\/api.w.org\/{rel}","templated":true}]}}