{"id":13457,"date":"2023-02-09T10:46:07","date_gmt":"2023-02-09T09:46:07","guid":{"rendered":"https:\/\/archiv.siov.sk\/?page_id=13457"},"modified":"2025-07-09T13:00:19","modified_gmt":"2025-07-09T11:00:19","slug":"akreditacia-mobilitneho-konzorcia","status":"publish","type":"page","link":"https:\/\/archiv.siov.sk\/en\/akreditacia-mobilitneho-konzorcia\/","title":{"rendered":"Akredit\u00e1cia mobilitn\u00e9ho konzorcia"},"content":{"rendered":"<div data-elementor-type=\"wp-page\" data-elementor-id=\"13457\" class=\"elementor elementor-13457\" data-elementor-post-type=\"page\">\n\t\t\t\t\t\t<section class=\"elementor-section elementor-top-section elementor-element elementor-element-d7257ee elementor-section-boxed elementor-section-height-default elementor-section-height-default\" data-id=\"d7257ee\" data-element_type=\"section\" data-e-type=\"section\">\n\t\t\t\t\t\t<div class=\"elementor-container elementor-column-gap-default\">\n\t\t\t\t\t<div class=\"elementor-column elementor-col-100 elementor-top-column elementor-element elementor-element-c6f9389\" data-id=\"c6f9389\" data-element_type=\"column\" data-e-type=\"column\">\n\t\t\t<div class=\"elementor-widget-wrap elementor-element-populated\">\n\t\t\t\t\t\t<div class=\"elementor-element elementor-element-94a3750 elementor-widget-divider--view-line elementor-widget elementor-widget-divider\" data-id=\"94a3750\" data-element_type=\"widget\" data-e-type=\"widget\" data-widget_type=\"divider.default\">\n\t\t\t\t<div class=\"elementor-widget-container\">\n\t\t\t\t\t\t\t<div class=\"elementor-divider\">\n\t\t\t<span class=\"elementor-divider-separator\">\n\t\t\t\t\t\t<\/span>\n\t\t<\/div>\n\t\t\t\t\t\t<\/div>\n\t\t\t\t<\/div>\n\t\t\t\t<div class=\"elementor-element elementor-element-ee4b797 elementor-widget elementor-widget-heading\" data-id=\"ee4b797\" data-element_type=\"widget\" data-e-type=\"widget\" data-widget_type=\"heading.default\">\n\t\t\t\t<div class=\"elementor-widget-container\">\n\t\t\t\t\t<h2 class=\"elementor-heading-title elementor-size-default\">Akredit\u00e1cia mobilitn\u00e9ho konzorcia<\/h2>\t\t\t\t<\/div>\n\t\t\t\t<\/div>\n\t\t\t\t\t<\/div>\n\t\t<\/div>\n\t\t\t\t\t<\/div>\n\t\t<\/section>\n\t\t\t\t<section class=\"elementor-section elementor-top-section elementor-element elementor-element-389d219 elementor-section-boxed elementor-section-height-default elementor-section-height-default\" data-id=\"389d219\" data-element_type=\"section\" data-e-type=\"section\">\n\t\t\t\t\t\t<div class=\"elementor-container elementor-column-gap-default\">\n\t\t\t\t\t<div class=\"elementor-column elementor-col-100 elementor-top-column elementor-element elementor-element-9f41931\" data-id=\"9f41931\" data-element_type=\"column\" data-e-type=\"column\">\n\t\t\t<div class=\"elementor-widget-wrap elementor-element-populated\">\n\t\t\t\t\t\t<div class=\"elementor-element elementor-element-ea824e4 elementor-widget elementor-widget-text-editor\" data-id=\"ea824e4\" data-element_type=\"widget\" data-e-type=\"widget\" data-widget_type=\"text-editor.default\">\n\t\t\t\t<div class=\"elementor-widget-container\">\n\t\t\t\t\t\t\t\t\t<p><a href=\"https:\/\/siov.sk\/\">State Vocational Education Institute<\/a> okrem in\u00e9ho koordinuje <strong>N\u00e1rodn\u00e9 referen\u010dn\u00e9 miesto pre Eur\u00f3psky referen\u010dn\u00fd r\u00e1mec zabezpe\u010dovania kvality v\u00a0odbornom vzdel\u00e1van\u00ed a\u00a0pr\u00edprave<\/strong> (\u010falej len \u201eEQAVET\u201c). <a href=\"https:\/\/okvalite.sk\">Slovensk\u00fd EQAVET<\/a> akt\u00edvne propaguje a\u00a0presadzuje zabezpe\u010dovanie a\u00a0zvy\u0161ovanie kvality v\u00a0OVP prostredn\u00edctvom cyklu kvality, vz\u00e1jomn\u00e9ho hodnotenia (peer review) a\u00a0trasovania absolventov.<\/p><p>V\u00a0roku 2021 sme sa zapojili do v\u00fdzvy <a href=\"https:\/\/www.erasmusplus.sk\/\">programu Erasmus+<\/a> zameranej na <strong>Akredit\u00e1ciu vzdel\u00e1vac\u00edch mobil\u00edt jednotlivcov v\u00a0oblasti OVP.<\/strong> Akredit\u00e1ciu sme z\u00edskali na 7 rokov. Na\u0161ou hlavnou motiv\u00e1ciou \u00fa\u010dasti na mobilit\u00e1ch je <strong>in\u0161pir\u00e1cia pr\u00edkladmi dobrej praxe zo zahrani\u010dia<\/strong>. Ke\u010f\u017ee chceme in\u0161pirova\u0165 k\u00a0zmen\u00e1m <strong>\u0161irok\u00e9 spektrum poskytovate\u013eov OVP<\/strong>, rozhodli sme sa \u017eiada\u0165 o\u00a0akredit\u00e1ciu ako koordin\u00e1tor konzorcia. V\u00a0\u010dasovom horizonte 7 rokov pl\u00e1nujeme <strong>roz\u0161\u00edri\u0165 \u010dlensk\u00fa sie\u0165 na cel\u00e9 Slovensko<\/strong>. Tento cie\u013e sa n\u00e1m dar\u00ed \u00faspe\u0161ne nap\u013a\u0148a\u0165 v\u010faka zakladaj\u00facemu \u010dlenovi konzorcia Asoci\u00e1cie stredn\u00fdch odborn\u00fdch \u0161k\u00f4l Slovenska, \u010di v\u010faka rozrastaj\u00facemu sa po\u010dtu zapojen\u00fdch V\u00daC.<\/p><p><strong>Hlavn\u00fdm cie\u013eom mobil\u00edt je posilni\u0165 proces zabezpe\u010dovania kvality v\u00a0OVP prostredn\u00edctvom rozvoja<\/strong>:<\/p><ul><li><strong>kapac\u00edt na n\u00e1rodnej a\u00a0region\u00e1lnej \u00farovni, <\/strong><\/li><li><strong>kapac\u00edt mana\u017ementov a\u00a0zamestnancov SO\u0160 a\u00a0Centier excelentnosti OVP<\/strong><\/li><\/ul><p>Okrem vy\u0161\u0161ie spom\u00ednan\u00e9ho vzdel\u00e1vacie mobility, formou <strong><em>pozorovania pri pr\u00e1ci<\/em><\/strong>, poskytuj\u00fa nesmierne <strong>efekt\u00edvny zdroj inform\u00e1ci\u00ed a\u00a0u\u010denia sa v\u010faka sk\u00fasenostiam z\u00a0praxe<\/strong>, ktor\u00e9 \u00fa\u010dastn\u00edci za\u017eij\u00fa \u201ena vlastnej ko\u017ei\u201c. Projekt v\u00a0neposlednom rade prispieva k\u00a0<strong>rozvoju medzin\u00e1rodnej spolupr\u00e1ce<\/strong> v\u00a0oblasti OVP, \u010di zabezpe\u010dovania a zvy\u0161ovania kvality vzdel\u00e1vania ako tak\u00e9ho.<\/p><p><strong>\u010clenovia konzorcia:<\/strong><\/p><ul><li><a href=\"https:\/\/www.asoss.sk\/\">Asoci\u00e1cia stredn\u00fdch odborn\u00fdch \u0161k\u00f4l Slovenska<\/a><\/li><li><a href=\"https:\/\/www.zilinskazupa.sk\/\">\u017dilinsk\u00fd samospr\u00e1vny kraj<\/a><\/li><li><a href=\"https:\/\/www.bbsk.sk\/\">Banskobystrick\u00fd samospr\u00e1vny kraj<\/a><\/li><li><a href=\"https:\/\/www.po-kraj.sk\/sk\/\">Pre\u0161ovsk\u00fd samospr\u00e1vny kraj<\/a><\/li><li><a href=\"https:\/\/web.vucke.sk\/sk\/\">Ko\u0161ick\u00fd samospr\u00e1vny kraj<\/a><\/li><\/ul><p><strong>Koordin\u00e1tor \u2013 \u0160t\u00e1tny in\u0161tit\u00fat odborn\u00e9ho vzdel\u00e1vania<\/strong><\/p><p><strong>Lifelong Learning Unit<\/strong><\/p><p><strong>Kontakt: <\/strong><a href=\"mailto:jana.cuvalova@siov.sk\">klara.kalmanova@siov.sk<\/a><\/p><p>\u00a0 \u00a0 \u00a0 \u00a0 \u00a0 \u00a0 \u00a0 \u00a0 \u00a0 \u00a0 \u00a0 \u00a0 \u00a0 \u00a0 \u00a0 \u00a0 \u00a0 \u00a0<img decoding=\"async\" class=\"alignnone size-medium wp-image-13464\" src=\"https:\/\/siov.sk\/wp-content\/uploads\/2023\/02\/logosk-300x146.jpg\" alt=\"\" width=\"300\" height=\"146\" srcset=\"https:\/\/archiv.siov.sk\/wp-content\/uploads\/2023\/02\/logosk-300x146.jpg 300w, https:\/\/archiv.siov.sk\/wp-content\/uploads\/2023\/02\/logosk-1024x497.jpg 1024w, https:\/\/archiv.siov.sk\/wp-content\/uploads\/2023\/02\/logosk-768x373.jpg 768w, https:\/\/archiv.siov.sk\/wp-content\/uploads\/2023\/02\/logosk-1536x746.jpg 1536w, https:\/\/archiv.siov.sk\/wp-content\/uploads\/2023\/02\/logosk-18x9.jpg 18w, https:\/\/archiv.siov.sk\/wp-content\/uploads\/2023\/02\/logosk.jpg 1800w\" sizes=\"(max-width: 300px) 100vw, 300px\" \/>\u00a0 <img decoding=\"async\" class=\"alignnone size-medium wp-image-13465\" src=\"https:\/\/siov.sk\/wp-content\/uploads\/2023\/02\/miniSIOV_logo_horizontalne.2-1-300x103.jpg\" alt=\"\" width=\"300\" height=\"103\" srcset=\"https:\/\/archiv.siov.sk\/wp-content\/uploads\/2023\/02\/miniSIOV_logo_horizontalne.2-1-300x103.jpg 300w, https:\/\/archiv.siov.sk\/wp-content\/uploads\/2023\/02\/miniSIOV_logo_horizontalne.2-1-768x263.jpg 768w, https:\/\/archiv.siov.sk\/wp-content\/uploads\/2023\/02\/miniSIOV_logo_horizontalne.2-1-18x6.jpg 18w, https:\/\/archiv.siov.sk\/wp-content\/uploads\/2023\/02\/miniSIOV_logo_horizontalne.2-1.jpg 873w\" sizes=\"(max-width: 300px) 100vw, 300px\" \/><img decoding=\"async\" class=\"alignnone size-medium wp-image-19606\" src=\"https:\/\/siov.sk\/wp-content\/uploads\/2025\/06\/spolufinancovane-EU-300x86.png\" alt=\"spolufinancovany EU logo\" width=\"300\" height=\"86\" srcset=\"https:\/\/archiv.siov.sk\/wp-content\/uploads\/2025\/06\/spolufinancovane-EU-300x86.png 300w, https:\/\/archiv.siov.sk\/wp-content\/uploads\/2025\/06\/spolufinancovane-EU-18x5.png 18w, https:\/\/archiv.siov.sk\/wp-content\/uploads\/2025\/06\/spolufinancovane-EU.png 600w\" sizes=\"(max-width: 300px) 100vw, 300px\" \/><\/p>\t\t\t\t\t\t\t\t<\/div>\n\t\t\t\t<\/div>\n\t\t\t\t<div class=\"elementor-element elementor-element-dec2f72 elementor-grid-3 elementor-grid-tablet-2 elementor-grid-mobile-1 elementor-posts--thumbnail-top elementor-card-shadow-yes elementor-posts__hover-gradient load-more-align-center elementor-widget elementor-widget-posts\" data-id=\"dec2f72\" data-element_type=\"widget\" data-e-type=\"widget\" data-settings=\"{&quot;pagination_type&quot;:&quot;load_more_on_click&quot;,&quot;cards_columns&quot;:&quot;3&quot;,&quot;cards_columns_tablet&quot;:&quot;2&quot;,&quot;cards_columns_mobile&quot;:&quot;1&quot;,&quot;cards_row_gap&quot;:{&quot;unit&quot;:&quot;px&quot;,&quot;size&quot;:35,&quot;sizes&quot;:[]},&quot;cards_row_gap_tablet&quot;:{&quot;unit&quot;:&quot;px&quot;,&quot;size&quot;:&quot;&quot;,&quot;sizes&quot;:[]},&quot;cards_row_gap_mobile&quot;:{&quot;unit&quot;:&quot;px&quot;,&quot;size&quot;:&quot;&quot;,&quot;sizes&quot;:[]},&quot;load_more_spinner&quot;:{&quot;value&quot;:&quot;fas fa-spinner&quot;,&quot;library&quot;:&quot;fa-solid&quot;}}\" data-widget_type=\"posts.cards\">\n\t\t\t\t<div class=\"elementor-widget-container\">\n\t\t\t\t\t\t\t<div class=\"elementor-posts-container elementor-posts elementor-posts--skin-cards elementor-grid\">\n\t\t\t\t<article class=\"elementor-post elementor-grid-item post-19461 post type-post status-publish format-standard has-post-thumbnail hentry category-aktuality category-erasmusplus\">\n\t\t\t<div class=\"elementor-post__card\">\n\t\t\t\t<a class=\"elementor-post__thumbnail__link\" href=\"https:\/\/archiv.siov.sk\/en\/medzinarodne-mobility-2024-2025\/\" tabindex=\"-1\" ><div class=\"elementor-post__thumbnail\"><img loading=\"lazy\" decoding=\"async\" width=\"768\" height=\"576\" src=\"https:\/\/archiv.siov.sk\/wp-content\/uploads\/2025\/06\/mobilita_praha_december_2024-5-768x576.jpeg\" class=\"attachment-medium_large size-medium_large wp-image-19462\" alt=\"mobilita cesko december 2024\" srcset=\"https:\/\/archiv.siov.sk\/wp-content\/uploads\/2025\/06\/mobilita_praha_december_2024-5-768x576.jpeg 768w, https:\/\/archiv.siov.sk\/wp-content\/uploads\/2025\/06\/mobilita_praha_december_2024-5-300x225.jpeg 300w, https:\/\/archiv.siov.sk\/wp-content\/uploads\/2025\/06\/mobilita_praha_december_2024-5-1024x768.jpeg 1024w, https:\/\/archiv.siov.sk\/wp-content\/uploads\/2025\/06\/mobilita_praha_december_2024-5-1536x1152.jpeg 1536w, https:\/\/archiv.siov.sk\/wp-content\/uploads\/2025\/06\/mobilita_praha_december_2024-5-16x12.jpeg 16w, https:\/\/archiv.siov.sk\/wp-content\/uploads\/2025\/06\/mobilita_praha_december_2024-5.jpeg 2048w\" sizes=\"(max-width: 768px) 100vw, 768px\" \/><\/div><\/a>\n\t\t\t\t<div class=\"elementor-post__badge\">News<\/div>\n\t\t\t\t<div class=\"elementor-post__text\">\n\t\t\t\t<h3 class=\"elementor-post__title\">\n\t\t\t<a href=\"https:\/\/archiv.siov.sk\/en\/medzinarodne-mobility-2024-2025\/\" >\n\t\t\t\tMedzin\u00e1rodn\u00e9 mobility 2024 &#8211; 2025\t\t\t<\/a>\n\t\t<\/h3>\n\t\t\t\t\t<div class=\"elementor-post__read-more-wrapper\">\n\t\t\n\t\t<a class=\"elementor-post__read-more\" href=\"https:\/\/archiv.siov.sk\/en\/medzinarodne-mobility-2024-2025\/\" aria-label=\"Read more about Medzin\u00e1rodn\u00e9 mobility 2024 &#8211; 2025\" tabindex=\"-1\" >\n\t\t\t\u010c\u00edta\u0165 viac \u00bb\t\t<\/a>\n\n\t\t\t\t\t<\/div>\n\t\t\t\t<\/div>\n\t\t\t\t<div class=\"elementor-post__meta-data\">\n\t\t\t\t\t<span class=\"elementor-post-date\">\n\t\t\t13. June 2025\t\t<\/span>\n\t\t\t\t<\/div>\n\t\t\t\t\t<\/div>\n\t\t<\/article>\n\t\t\t\t<article class=\"elementor-post elementor-grid-item post-19405 post type-post status-publish format-standard has-post-thumbnail hentry category-aktuality category-erasmusplus\">\n\t\t\t<div class=\"elementor-post__card\">\n\t\t\t\t<a class=\"elementor-post__thumbnail__link\" href=\"https:\/\/archiv.siov.sk\/en\/inspiracie-z-estonska-zahranicna-mobilita\/\" tabindex=\"-1\" ><div class=\"elementor-post__thumbnail\"><img loading=\"lazy\" decoding=\"async\" width=\"768\" height=\"573\" src=\"https:\/\/archiv.siov.sk\/wp-content\/uploads\/2025\/06\/estonsko_mobilita_maj_2025-768x573.png\" class=\"attachment-medium_large size-medium_large wp-image-19406\" alt=\"mobilita_estonsko\" srcset=\"https:\/\/archiv.siov.sk\/wp-content\/uploads\/2025\/06\/estonsko_mobilita_maj_2025-768x573.png 768w, https:\/\/archiv.siov.sk\/wp-content\/uploads\/2025\/06\/estonsko_mobilita_maj_2025-300x224.png 300w, https:\/\/archiv.siov.sk\/wp-content\/uploads\/2025\/06\/estonsko_mobilita_maj_2025-1024x764.png 1024w, https:\/\/archiv.siov.sk\/wp-content\/uploads\/2025\/06\/estonsko_mobilita_maj_2025-16x12.png 16w, https:\/\/archiv.siov.sk\/wp-content\/uploads\/2025\/06\/estonsko_mobilita_maj_2025.png 1157w\" sizes=\"(max-width: 768px) 100vw, 768px\" \/><\/div><\/a>\n\t\t\t\t<div class=\"elementor-post__badge\">News<\/div>\n\t\t\t\t<div class=\"elementor-post__text\">\n\t\t\t\t<h3 class=\"elementor-post__title\">\n\t\t\t<a href=\"https:\/\/archiv.siov.sk\/en\/inspiracie-z-estonska-zahranicna-mobilita\/\" >\n\t\t\t\tIn\u0161pir\u00e1cie z Est\u00f3nska (zahrani\u010dn\u00e1 mobilita)\t\t\t<\/a>\n\t\t<\/h3>\n\t\t\t\t\t<div class=\"elementor-post__read-more-wrapper\">\n\t\t\n\t\t<a class=\"elementor-post__read-more\" href=\"https:\/\/archiv.siov.sk\/en\/inspiracie-z-estonska-zahranicna-mobilita\/\" aria-label=\"Read more about In\u0161pir\u00e1cie z Est\u00f3nska (zahrani\u010dn\u00e1 mobilita)\" tabindex=\"-1\" >\n\t\t\t\u010c\u00edta\u0165 viac \u00bb\t\t<\/a>\n\n\t\t\t\t\t<\/div>\n\t\t\t\t<\/div>\n\t\t\t\t<div class=\"elementor-post__meta-data\">\n\t\t\t\t\t<span class=\"elementor-post-date\">\n\t\t\t6. June 2025\t\t<\/span>\n\t\t\t\t<\/div>\n\t\t\t\t\t<\/div>\n\t\t<\/article>\n\t\t\t\t<article class=\"elementor-post elementor-grid-item post-19423 post type-post status-publish format-standard has-post-thumbnail hentry category-erasmusplus\">\n\t\t\t<div class=\"elementor-post__card\">\n\t\t\t\t<a class=\"elementor-post__thumbnail__link\" href=\"https:\/\/archiv.siov.sk\/en\/cesko-slovenska-vymena-skusenosti\/\" tabindex=\"-1\" ><div class=\"elementor-post__thumbnail\"><img loading=\"lazy\" decoding=\"async\" width=\"768\" height=\"576\" src=\"https:\/\/archiv.siov.sk\/wp-content\/uploads\/2025\/06\/mobilita_praha_december_2024-3-768x576.jpeg\" class=\"attachment-medium_large size-medium_large wp-image-19424\" alt=\"mobilita praha december 2024\" srcset=\"https:\/\/archiv.siov.sk\/wp-content\/uploads\/2025\/06\/mobilita_praha_december_2024-3-768x576.jpeg 768w, https:\/\/archiv.siov.sk\/wp-content\/uploads\/2025\/06\/mobilita_praha_december_2024-3-300x225.jpeg 300w, https:\/\/archiv.siov.sk\/wp-content\/uploads\/2025\/06\/mobilita_praha_december_2024-3-1024x768.jpeg 1024w, https:\/\/archiv.siov.sk\/wp-content\/uploads\/2025\/06\/mobilita_praha_december_2024-3-1536x1152.jpeg 1536w, https:\/\/archiv.siov.sk\/wp-content\/uploads\/2025\/06\/mobilita_praha_december_2024-3-16x12.jpeg 16w, https:\/\/archiv.siov.sk\/wp-content\/uploads\/2025\/06\/mobilita_praha_december_2024-3.jpeg 2048w\" sizes=\"(max-width: 768px) 100vw, 768px\" \/><\/div><\/a>\n\t\t\t\t<div class=\"elementor-post__badge\">Erasmus+<\/div>\n\t\t\t\t<div class=\"elementor-post__text\">\n\t\t\t\t<h3 class=\"elementor-post__title\">\n\t\t\t<a href=\"https:\/\/archiv.siov.sk\/en\/cesko-slovenska-vymena-skusenosti\/\" >\n\t\t\t\t\u010cesko-slovensk\u00e1 v\u00fdmena sk\u00fasenost\u00ed\t\t\t<\/a>\n\t\t<\/h3>\n\t\t\t\t\t<div class=\"elementor-post__read-more-wrapper\">\n\t\t\n\t\t<a class=\"elementor-post__read-more\" href=\"https:\/\/archiv.siov.sk\/en\/cesko-slovenska-vymena-skusenosti\/\" aria-label=\"Read more about \u010cesko-slovensk\u00e1 v\u00fdmena sk\u00fasenost\u00ed\" tabindex=\"-1\" >\n\t\t\t\u010c\u00edta\u0165 viac \u00bb\t\t<\/a>\n\n\t\t\t\t\t<\/div>\n\t\t\t\t<\/div>\n\t\t\t\t<div class=\"elementor-post__meta-data\">\n\t\t\t\t\t<span class=\"elementor-post-date\">\n\t\t\t19. December 2024\t\t<\/span>\n\t\t\t\t<\/div>\n\t\t\t\t\t<\/div>\n\t\t<\/article>\n\t\t\t\t<article class=\"elementor-post elementor-grid-item post-19388 post type-post status-publish format-standard has-post-thumbnail hentry category-erasmusplus\">\n\t\t\t<div class=\"elementor-post__card\">\n\t\t\t\t<a class=\"elementor-post__thumbnail__link\" href=\"https:\/\/archiv.siov.sk\/en\/zahranicna-mobilita-erasmus-v-benatkach\/\" tabindex=\"-1\" ><div class=\"elementor-post__thumbnail\"><img loading=\"lazy\" decoding=\"async\" width=\"768\" height=\"576\" src=\"https:\/\/archiv.siov.sk\/wp-content\/uploads\/2025\/06\/mobilita_benatky_10.-11.10.2024-5-768x576.jpg\" class=\"attachment-medium_large size-medium_large wp-image-19390\" alt=\"mobilita benatky siov eqavet\" srcset=\"https:\/\/archiv.siov.sk\/wp-content\/uploads\/2025\/06\/mobilita_benatky_10.-11.10.2024-5-768x576.jpg 768w, https:\/\/archiv.siov.sk\/wp-content\/uploads\/2025\/06\/mobilita_benatky_10.-11.10.2024-5-300x225.jpg 300w, https:\/\/archiv.siov.sk\/wp-content\/uploads\/2025\/06\/mobilita_benatky_10.-11.10.2024-5-1024x768.jpg 1024w, https:\/\/archiv.siov.sk\/wp-content\/uploads\/2025\/06\/mobilita_benatky_10.-11.10.2024-5-1536x1152.jpg 1536w, https:\/\/archiv.siov.sk\/wp-content\/uploads\/2025\/06\/mobilita_benatky_10.-11.10.2024-5-16x12.jpg 16w, https:\/\/archiv.siov.sk\/wp-content\/uploads\/2025\/06\/mobilita_benatky_10.-11.10.2024-5.jpg 2000w\" sizes=\"(max-width: 768px) 100vw, 768px\" \/><\/div><\/a>\n\t\t\t\t<div class=\"elementor-post__badge\">Erasmus+<\/div>\n\t\t\t\t<div class=\"elementor-post__text\">\n\t\t\t\t<h3 class=\"elementor-post__title\">\n\t\t\t<a href=\"https:\/\/archiv.siov.sk\/en\/zahranicna-mobilita-erasmus-v-benatkach\/\" >\n\t\t\t\tZahrani\u010dn\u00e1 mobilita Erasmus+ v Ben\u00e1tkach\t\t\t<\/a>\n\t\t<\/h3>\n\t\t\t\t\t<div class=\"elementor-post__read-more-wrapper\">\n\t\t\n\t\t<a class=\"elementor-post__read-more\" href=\"https:\/\/archiv.siov.sk\/en\/zahranicna-mobilita-erasmus-v-benatkach\/\" aria-label=\"Read more about Zahrani\u010dn\u00e1 mobilita Erasmus+ v Ben\u00e1tkach\" tabindex=\"-1\" >\n\t\t\t\u010c\u00edta\u0165 viac \u00bb\t\t<\/a>\n\n\t\t\t\t\t<\/div>\n\t\t\t\t<\/div>\n\t\t\t\t<div class=\"elementor-post__meta-data\">\n\t\t\t\t\t<span class=\"elementor-post-date\">\n\t\t\t14. October 2024\t\t<\/span>\n\t\t\t\t<\/div>\n\t\t\t\t\t<\/div>\n\t\t<\/article>\n\t\t\t\t<article class=\"elementor-post elementor-grid-item post-16235 post type-post status-publish format-standard has-post-thumbnail hentry category-erasmusplus\">\n\t\t\t<div class=\"elementor-post__card\">\n\t\t\t\t<a class=\"elementor-post__thumbnail__link\" href=\"https:\/\/archiv.siov.sk\/en\/vzdelavacia-mobilita-finsko\/\" tabindex=\"-1\" ><div class=\"elementor-post__thumbnail\"><img loading=\"lazy\" decoding=\"async\" width=\"768\" height=\"576\" src=\"https:\/\/archiv.siov.sk\/wp-content\/uploads\/2024\/07\/Finsko-siov_mobilita-768x576.jpeg\" class=\"attachment-medium_large size-medium_large wp-image-16234\" alt=\"Vzdel\u00e1vacia mobilita Erasmus+ F\u00ednsko\" srcset=\"https:\/\/archiv.siov.sk\/wp-content\/uploads\/2024\/07\/Finsko-siov_mobilita-768x576.jpeg 768w, https:\/\/archiv.siov.sk\/wp-content\/uploads\/2024\/07\/Finsko-siov_mobilita-300x225.jpeg 300w, https:\/\/archiv.siov.sk\/wp-content\/uploads\/2024\/07\/Finsko-siov_mobilita-1024x768.jpeg 1024w, https:\/\/archiv.siov.sk\/wp-content\/uploads\/2024\/07\/Finsko-siov_mobilita-1536x1152.jpeg 1536w, https:\/\/archiv.siov.sk\/wp-content\/uploads\/2024\/07\/Finsko-siov_mobilita-16x12.jpeg 16w, https:\/\/archiv.siov.sk\/wp-content\/uploads\/2024\/07\/Finsko-siov_mobilita.jpeg 2048w\" sizes=\"(max-width: 768px) 100vw, 768px\" \/><\/div><\/a>\n\t\t\t\t<div class=\"elementor-post__badge\">Erasmus+<\/div>\n\t\t\t\t<div class=\"elementor-post__text\">\n\t\t\t\t<h3 class=\"elementor-post__title\">\n\t\t\t<a href=\"https:\/\/archiv.siov.sk\/en\/vzdelavacia-mobilita-finsko\/\" >\n\t\t\t\tVzdel\u00e1vacia mobilita jednotlivcov &#8211; F\u00ednsko\t\t\t<\/a>\n\t\t<\/h3>\n\t\t\t\t\t<div class=\"elementor-post__read-more-wrapper\">\n\t\t\n\t\t<a class=\"elementor-post__read-more\" href=\"https:\/\/archiv.siov.sk\/en\/vzdelavacia-mobilita-finsko\/\" aria-label=\"Read more about Vzdel\u00e1vacia mobilita jednotlivcov &#8211; F\u00ednsko\" tabindex=\"-1\" >\n\t\t\t\u010c\u00edta\u0165 viac \u00bb\t\t<\/a>\n\n\t\t\t\t\t<\/div>\n\t\t\t\t<\/div>\n\t\t\t\t<div class=\"elementor-post__meta-data\">\n\t\t\t\t\t<span class=\"elementor-post-date\">\n\t\t\t21. May 2024\t\t<\/span>\n\t\t\t\t<\/div>\n\t\t\t\t\t<\/div>\n\t\t<\/article>\n\t\t\t\t<article class=\"elementor-post elementor-grid-item post-14802 post type-post status-publish format-standard has-post-thumbnail hentry category-aktuality category-erasmusplus\">\n\t\t\t<div class=\"elementor-post__card\">\n\t\t\t\t<a class=\"elementor-post__thumbnail__link\" href=\"https:\/\/archiv.siov.sk\/en\/zahranicna-mobilita-rozsirila-obzory-nielen-o-litovskom-vzdelavacom-systeme\/\" tabindex=\"-1\" ><div class=\"elementor-post__thumbnail\"><img loading=\"lazy\" decoding=\"async\" width=\"768\" height=\"576\" src=\"https:\/\/archiv.siov.sk\/wp-content\/uploads\/2024\/03\/foto-Litva-1-768x576.jpg\" class=\"attachment-medium_large size-medium_large wp-image-14804\" alt=\"\" srcset=\"https:\/\/archiv.siov.sk\/wp-content\/uploads\/2024\/03\/foto-Litva-1-768x576.jpg 768w, https:\/\/archiv.siov.sk\/wp-content\/uploads\/2024\/03\/foto-Litva-1-300x225.jpg 300w, https:\/\/archiv.siov.sk\/wp-content\/uploads\/2024\/03\/foto-Litva-1-1024x768.jpg 1024w, https:\/\/archiv.siov.sk\/wp-content\/uploads\/2024\/03\/foto-Litva-1-16x12.jpg 16w, https:\/\/archiv.siov.sk\/wp-content\/uploads\/2024\/03\/foto-Litva-1.jpg 1536w\" sizes=\"(max-width: 768px) 100vw, 768px\" \/><\/div><\/a>\n\t\t\t\t<div class=\"elementor-post__badge\">News<\/div>\n\t\t\t\t<div class=\"elementor-post__text\">\n\t\t\t\t<h3 class=\"elementor-post__title\">\n\t\t\t<a href=\"https:\/\/archiv.siov.sk\/en\/zahranicna-mobilita-rozsirila-obzory-nielen-o-litovskom-vzdelavacom-systeme\/\" >\n\t\t\t\tZahrani\u010dn\u00e1 mobilita roz\u0161\u00edrila obzory (nielen) o litovskom vzdel\u00e1vacom syst\u00e9me\t\t\t<\/a>\n\t\t<\/h3>\n\t\t\t\t\t<div class=\"elementor-post__read-more-wrapper\">\n\t\t\n\t\t<a class=\"elementor-post__read-more\" href=\"https:\/\/archiv.siov.sk\/en\/zahranicna-mobilita-rozsirila-obzory-nielen-o-litovskom-vzdelavacom-systeme\/\" aria-label=\"Read more about Zahrani\u010dn\u00e1 mobilita roz\u0161\u00edrila obzory (nielen) o litovskom vzdel\u00e1vacom syst\u00e9me\" tabindex=\"-1\" >\n\t\t\t\u010c\u00edta\u0165 viac \u00bb\t\t<\/a>\n\n\t\t\t\t\t<\/div>\n\t\t\t\t<\/div>\n\t\t\t\t<div class=\"elementor-post__meta-data\">\n\t\t\t\t\t<span class=\"elementor-post-date\">\n\t\t\t6. March 2024\t\t<\/span>\n\t\t\t\t<\/div>\n\t\t\t\t\t<\/div>\n\t\t<\/article>\n\t\t\t\t<\/div>\n\t\t\t\t\t<span class=\"e-load-more-spinner\">\n\t\t\t\t<i aria-hidden=\"true\" class=\"fas fa-spinner\"><\/i>\t\t\t<\/span>\n\t\t\n\t\t\t\t<div class=\"e-load-more-anchor\" data-page=\"1\" data-max-page=\"3\" data-next-page=\"https:\/\/archiv.siov.sk\/en\/wp-json\/wp\/v2\/pages\/13457\/page\/2\/\"><\/div>\n\t\t\t\t<div class=\"elementor-button-wrapper\">\n\t\t\t<a href=\"#\" class=\"elementor-button-link elementor-button\" role=\"button\">\n\t\t\t\t\t\t<span class=\"elementor-button-content-wrapper\">\n\t\t\t\t\t\t\t\t\t<span class=\"elementor-button-text\">Zobrazi\u0165 \u010fal\u0161ie <\/span>\n\t\t\t\t\t<\/span>\n\t\t\t\t\t<\/a>\n\t\t<\/div>\n\t\t\t\t<div class=\"e-load-more-message\"><\/div>\n\t\t\t\t\t\t<\/div>\n\t\t\t\t<\/div>\n\t\t\t\t\t<\/div>\n\t\t<\/div>\n\t\t\t\t\t<\/div>\n\t\t<\/section>\n\t\t\t\t<\/div>","protected":false},"excerpt":{"rendered":"<p>Akredit\u00e1cia mobilitn\u00e9ho konzorcia \u0160t\u00e1tny in\u0161tit\u00fat odborn\u00e9ho vzdel\u00e1vania okrem in\u00e9ho koordinuje N\u00e1rodn\u00e9 referen\u010dn\u00e9 miesto pre Eur\u00f3psky referen\u010dn\u00fd r\u00e1mec zabezpe\u010dovania kvality v\u00a0odbornom vzdel\u00e1van\u00ed a\u00a0pr\u00edprave (\u010falej len \u201eEQAVET\u201c). Slovensk\u00fd EQAVET akt\u00edvne propaguje a\u00a0presadzuje zabezpe\u010dovanie a\u00a0zvy\u0161ovanie kvality v\u00a0OVP prostredn\u00edctvom cyklu kvality, vz\u00e1jomn\u00e9ho hodnotenia (peer review) a\u00a0trasovania absolventov. V\u00a0roku 2021 sme sa zapojili do v\u00fdzvy programu Erasmus+ zameranej na Akredit\u00e1ciu<\/p>","protected":false},"author":4,"featured_media":0,"parent":0,"menu_order":0,"comment_status":"closed","ping_status":"closed","template":"","meta":{"site-sidebar-layout":"no-sidebar","site-content-layout":"page-builder","ast-site-content-layout":"default","site-content-style":"default","site-sidebar-style":"default","ast-global-header-display":"","ast-banner-title-visibility":"","ast-main-header-display":"","ast-hfb-above-header-display":"","ast-hfb-below-header-display":"","ast-hfb-mobile-header-display":"","site-post-title":"disabled","ast-breadcrumbs-content":"","ast-featured-img":"disabled","footer-sml-layout":"","ast-disable-related-posts":"","theme-transparent-header-meta":"default","adv-header-id-meta":"","stick-header-meta":"","header-above-stick-meta":"","header-main-stick-meta":"","header-below-stick-meta":"","astra-migrate-meta-layouts":"default","ast-page-background-enabled":"default","ast-page-background-meta":{"desktop":{"background-color":"var(--ast-global-color-4)","background-image":"","background-repeat":"repeat","background-position":"center center","background-size":"auto","background-attachment":"scroll","background-type":"","background-media":"","overlay-type":"","overlay-color":"","overlay-opacity":"","overlay-gradient":""},"tablet":{"background-color":"","background-image":"","background-repeat":"repeat","background-position":"center center","background-size":"auto","background-attachment":"scroll","background-type":"","background-media":"","overlay-type":"","overlay-color":"","overlay-opacity":"","overlay-gradient":""},"mobile":{"background-color":"","background-image":"","background-repeat":"repeat","background-position":"center center","background-size":"auto","background-attachment":"scroll","background-type":"","background-media":"","overlay-type":"","overlay-color":"","overlay-opacity":"","overlay-gradient":""}},"ast-content-background-meta":{"desktop":{"background-color":"var(--ast-global-color-5)","background-image":"","background-repeat":"repeat","background-position":"center center","background-size":"auto","background-attachment":"scroll","background-type":"","background-media":"","overlay-type":"","overlay-color":"","overlay-opacity":"","overlay-gradient":""},"tablet":{"background-color":"var(--ast-global-color-5)","background-image":"","background-repeat":"repeat","background-position":"center center","background-size":"auto","background-attachment":"scroll","background-type":"","background-media":"","overlay-type":"","overlay-color":"","overlay-opacity":"","overlay-gradient":""},"mobile":{"background-color":"var(--ast-global-color-5)","background-image":"","background-repeat":"repeat","background-position":"center center","background-size":"auto","background-attachment":"scroll","background-type":"","background-media":"","overlay-type":"","overlay-color":"","overlay-opacity":"","overlay-gradient":""}},"footnotes":""},"class_list":["post-13457","page","type-page","status-publish","hentry"],"yoast_head":"<!-- This site is optimized with the Yoast SEO plugin v27.5 - https:\/\/yoast.com\/product\/yoast-seo-wordpress\/ -->\n<title>Akredit\u00e1cia mobilitn\u00e9ho konzorcia - \u0160IOV - \u0161t\u00e1tny in\u0161tit\u00fat odborn\u00e9ho vzdel\u00e1vania<\/title>\n<meta name=\"robots\" content=\"index, follow, max-snippet:-1, max-image-preview:large, max-video-preview:-1\" \/>\n<link rel=\"canonical\" href=\"https:\/\/archiv.siov.sk\/en\/akreditacia-mobilitneho-konzorcia\/\" \/>\n<meta property=\"og:locale\" content=\"en_GB\" \/>\n<meta property=\"og:type\" content=\"article\" \/>\n<meta property=\"og:title\" content=\"Akredit\u00e1cia mobilitn\u00e9ho konzorcia - \u0160IOV - \u0161t\u00e1tny in\u0161tit\u00fat odborn\u00e9ho vzdel\u00e1vania\" \/>\n<meta property=\"og:description\" content=\"Akredit\u00e1cia mobilitn\u00e9ho konzorcia \u0160t\u00e1tny in\u0161tit\u00fat odborn\u00e9ho vzdel\u00e1vania okrem in\u00e9ho koordinuje N\u00e1rodn\u00e9 referen\u010dn\u00e9 miesto pre Eur\u00f3psky referen\u010dn\u00fd r\u00e1mec zabezpe\u010dovania kvality v\u00a0odbornom vzdel\u00e1van\u00ed a\u00a0pr\u00edprave (\u010falej len \u201eEQAVET\u201c). Slovensk\u00fd EQAVET akt\u00edvne propaguje a\u00a0presadzuje zabezpe\u010dovanie a\u00a0zvy\u0161ovanie kvality v\u00a0OVP prostredn\u00edctvom cyklu kvality, vz\u00e1jomn\u00e9ho hodnotenia (peer review) a\u00a0trasovania absolventov. V\u00a0roku 2021 sme sa zapojili do v\u00fdzvy programu Erasmus+ zameranej na Akredit\u00e1ciu\" \/>\n<meta property=\"og:url\" content=\"https:\/\/archiv.siov.sk\/en\/akreditacia-mobilitneho-konzorcia\/\" \/>\n<meta property=\"og:site_name\" content=\"\u0160IOV - \u0161t\u00e1tny in\u0161tit\u00fat odborn\u00e9ho vzdel\u00e1vania\" \/>\n<meta property=\"article:publisher\" content=\"https:\/\/www.facebook.com\/Statnyinstitutodbornehovzdelavania\" \/>\n<meta property=\"article:modified_time\" content=\"2025-07-09T11:00:19+00:00\" \/>\n<meta property=\"og:image\" content=\"https:\/\/archiv.siov.sk\/wp-content\/uploads\/2023\/02\/logosk-300x146.jpg\" \/>\n<meta name=\"twitter:card\" content=\"summary_large_image\" \/>\n<meta name=\"twitter:label1\" content=\"Estimated reading time\" \/>\n\t<meta name=\"twitter:data1\" content=\"4 minutes\" \/>\n<script type=\"application\/ld+json\" class=\"yoast-schema-graph\">{\"@context\":\"https:\\\/\\\/schema.org\",\"@graph\":[{\"@type\":\"WebPage\",\"@id\":\"https:\\\/\\\/archiv.siov.sk\\\/akreditacia-mobilitneho-konzorcia\\\/\",\"url\":\"https:\\\/\\\/archiv.siov.sk\\\/akreditacia-mobilitneho-konzorcia\\\/\",\"name\":\"Akredit\u00e1cia mobilitn\u00e9ho konzorcia - \u0160IOV - \u0161t\u00e1tny in\u0161tit\u00fat odborn\u00e9ho vzdel\u00e1vania\",\"isPartOf\":{\"@id\":\"https:\\\/\\\/archiv.siov.sk\\\/#website\"},\"primaryImageOfPage\":{\"@id\":\"https:\\\/\\\/archiv.siov.sk\\\/akreditacia-mobilitneho-konzorcia\\\/#primaryimage\"},\"image\":{\"@id\":\"https:\\\/\\\/archiv.siov.sk\\\/akreditacia-mobilitneho-konzorcia\\\/#primaryimage\"},\"thumbnailUrl\":\"https:\\\/\\\/archiv.siov.sk\\\/wp-content\\\/uploads\\\/2023\\\/02\\\/logosk-300x146.jpg\",\"datePublished\":\"2023-02-09T09:46:07+00:00\",\"dateModified\":\"2025-07-09T11:00:19+00:00\",\"breadcrumb\":{\"@id\":\"https:\\\/\\\/archiv.siov.sk\\\/akreditacia-mobilitneho-konzorcia\\\/#breadcrumb\"},\"inLanguage\":\"en-GB\",\"potentialAction\":[{\"@type\":\"ReadAction\",\"target\":[\"https:\\\/\\\/archiv.siov.sk\\\/akreditacia-mobilitneho-konzorcia\\\/\"]}]},{\"@type\":\"ImageObject\",\"inLanguage\":\"en-GB\",\"@id\":\"https:\\\/\\\/archiv.siov.sk\\\/akreditacia-mobilitneho-konzorcia\\\/#primaryimage\",\"url\":\"https:\\\/\\\/archiv.siov.sk\\\/wp-content\\\/uploads\\\/2023\\\/02\\\/logosk-300x146.jpg\",\"contentUrl\":\"https:\\\/\\\/archiv.siov.sk\\\/wp-content\\\/uploads\\\/2023\\\/02\\\/logosk-300x146.jpg\"},{\"@type\":\"BreadcrumbList\",\"@id\":\"https:\\\/\\\/archiv.siov.sk\\\/akreditacia-mobilitneho-konzorcia\\\/#breadcrumb\",\"itemListElement\":[{\"@type\":\"ListItem\",\"position\":1,\"name\":\"Home\",\"item\":\"https:\\\/\\\/archiv.siov.sk\\\/\"},{\"@type\":\"ListItem\",\"position\":2,\"name\":\"Akredit\u00e1cia mobilitn\u00e9ho konzorcia\"}]},{\"@type\":\"WebSite\",\"@id\":\"https:\\\/\\\/archiv.siov.sk\\\/#website\",\"url\":\"https:\\\/\\\/archiv.siov.sk\\\/\",\"name\":\"\u0160IOV - \u0161t\u00e1tny in\u0161tit\u00fat odborn\u00e9ho vzdel\u00e1vania\",\"description\":\"\",\"publisher\":{\"@id\":\"https:\\\/\\\/archiv.siov.sk\\\/#organization\"},\"potentialAction\":[{\"@type\":\"SearchAction\",\"target\":{\"@type\":\"EntryPoint\",\"urlTemplate\":\"https:\\\/\\\/archiv.siov.sk\\\/?s={search_term_string}\"},\"query-input\":{\"@type\":\"PropertyValueSpecification\",\"valueRequired\":true,\"valueName\":\"search_term_string\"}}],\"inLanguage\":\"en-GB\"},{\"@type\":\"Organization\",\"@id\":\"https:\\\/\\\/archiv.siov.sk\\\/#organization\",\"name\":\"\u0160IOV - \u0161t\u00e1tny in\u0161tit\u00fat odborn\u00e9ho vzdel\u00e1vania\",\"url\":\"https:\\\/\\\/archiv.siov.sk\\\/\",\"logo\":{\"@type\":\"ImageObject\",\"inLanguage\":\"en-GB\",\"@id\":\"https:\\\/\\\/archiv.siov.sk\\\/#\\\/schema\\\/logo\\\/image\\\/\",\"url\":\"https:\\\/\\\/archiv.siov.sk\\\/wp-content\\\/uploads\\\/2024\\\/02\\\/logo-SIOV.png\",\"contentUrl\":\"https:\\\/\\\/archiv.siov.sk\\\/wp-content\\\/uploads\\\/2024\\\/02\\\/logo-SIOV.png\",\"width\":431,\"height\":143,\"caption\":\"\u0160IOV - \u0161t\u00e1tny in\u0161tit\u00fat odborn\u00e9ho vzdel\u00e1vania\"},\"image\":{\"@id\":\"https:\\\/\\\/archiv.siov.sk\\\/#\\\/schema\\\/logo\\\/image\\\/\"},\"sameAs\":[\"https:\\\/\\\/www.facebook.com\\\/Statnyinstitutodbornehovzdelavania\"]}]}<\/script>\n<!-- \/ Yoast SEO plugin. -->","yoast_head_json":{"title":"Akredit\u00e1cia mobilitn\u00e9ho konzorcia - \u0160IOV - \u0161t\u00e1tny in\u0161tit\u00fat odborn\u00e9ho vzdel\u00e1vania","robots":{"index":"index","follow":"follow","max-snippet":"max-snippet:-1","max-image-preview":"max-image-preview:large","max-video-preview":"max-video-preview:-1"},"canonical":"https:\/\/archiv.siov.sk\/en\/akreditacia-mobilitneho-konzorcia\/","og_locale":"en_GB","og_type":"article","og_title":"Akredit\u00e1cia mobilitn\u00e9ho konzorcia - \u0160IOV - \u0161t\u00e1tny in\u0161tit\u00fat odborn\u00e9ho vzdel\u00e1vania","og_description":"Akredit\u00e1cia mobilitn\u00e9ho konzorcia \u0160t\u00e1tny in\u0161tit\u00fat odborn\u00e9ho vzdel\u00e1vania okrem in\u00e9ho koordinuje N\u00e1rodn\u00e9 referen\u010dn\u00e9 miesto pre Eur\u00f3psky referen\u010dn\u00fd r\u00e1mec zabezpe\u010dovania kvality v\u00a0odbornom vzdel\u00e1van\u00ed a\u00a0pr\u00edprave (\u010falej len \u201eEQAVET\u201c). Slovensk\u00fd EQAVET akt\u00edvne propaguje a\u00a0presadzuje zabezpe\u010dovanie a\u00a0zvy\u0161ovanie kvality v\u00a0OVP prostredn\u00edctvom cyklu kvality, vz\u00e1jomn\u00e9ho hodnotenia (peer review) a\u00a0trasovania absolventov. V\u00a0roku 2021 sme sa zapojili do v\u00fdzvy programu Erasmus+ zameranej na Akredit\u00e1ciu","og_url":"https:\/\/archiv.siov.sk\/en\/akreditacia-mobilitneho-konzorcia\/","og_site_name":"\u0160IOV - \u0161t\u00e1tny in\u0161tit\u00fat odborn\u00e9ho vzdel\u00e1vania","article_publisher":"https:\/\/www.facebook.com\/Statnyinstitutodbornehovzdelavania","article_modified_time":"2025-07-09T11:00:19+00:00","og_image":[{"url":"https:\/\/archiv.siov.sk\/wp-content\/uploads\/2023\/02\/logosk-300x146.jpg","type":"","width":"","height":""}],"twitter_card":"summary_large_image","twitter_misc":{"Estimated reading time":"4 minutes"},"schema":{"@context":"https:\/\/schema.org","@graph":[{"@type":"WebPage","@id":"https:\/\/archiv.siov.sk\/akreditacia-mobilitneho-konzorcia\/","url":"https:\/\/archiv.siov.sk\/akreditacia-mobilitneho-konzorcia\/","name":"Akredit\u00e1cia mobilitn\u00e9ho konzorcia - \u0160IOV - \u0161t\u00e1tny in\u0161tit\u00fat odborn\u00e9ho vzdel\u00e1vania","isPartOf":{"@id":"https:\/\/archiv.siov.sk\/#website"},"primaryImageOfPage":{"@id":"https:\/\/archiv.siov.sk\/akreditacia-mobilitneho-konzorcia\/#primaryimage"},"image":{"@id":"https:\/\/archiv.siov.sk\/akreditacia-mobilitneho-konzorcia\/#primaryimage"},"thumbnailUrl":"https:\/\/archiv.siov.sk\/wp-content\/uploads\/2023\/02\/logosk-300x146.jpg","datePublished":"2023-02-09T09:46:07+00:00","dateModified":"2025-07-09T11:00:19+00:00","breadcrumb":{"@id":"https:\/\/archiv.siov.sk\/akreditacia-mobilitneho-konzorcia\/#breadcrumb"},"inLanguage":"en-GB","potentialAction":[{"@type":"ReadAction","target":["https:\/\/archiv.siov.sk\/akreditacia-mobilitneho-konzorcia\/"]}]},{"@type":"ImageObject","inLanguage":"en-GB","@id":"https:\/\/archiv.siov.sk\/akreditacia-mobilitneho-konzorcia\/#primaryimage","url":"https:\/\/archiv.siov.sk\/wp-content\/uploads\/2023\/02\/logosk-300x146.jpg","contentUrl":"https:\/\/archiv.siov.sk\/wp-content\/uploads\/2023\/02\/logosk-300x146.jpg"},{"@type":"BreadcrumbList","@id":"https:\/\/archiv.siov.sk\/akreditacia-mobilitneho-konzorcia\/#breadcrumb","itemListElement":[{"@type":"ListItem","position":1,"name":"Home","item":"https:\/\/archiv.siov.sk\/"},{"@type":"ListItem","position":2,"name":"Akredit\u00e1cia mobilitn\u00e9ho konzorcia"}]},{"@type":"WebSite","@id":"https:\/\/archiv.siov.sk\/#website","url":"https:\/\/archiv.siov.sk\/","name":"\u0160IOV - \u0161t\u00e1tny in\u0161tit\u00fat odborn\u00e9ho vzdel\u00e1vania","description":"","publisher":{"@id":"https:\/\/archiv.siov.sk\/#organization"},"potentialAction":[{"@type":"SearchAction","target":{"@type":"EntryPoint","urlTemplate":"https:\/\/archiv.siov.sk\/?s={search_term_string}"},"query-input":{"@type":"PropertyValueSpecification","valueRequired":true,"valueName":"search_term_string"}}],"inLanguage":"en-GB"},{"@type":"Organization","@id":"https:\/\/archiv.siov.sk\/#organization","name":"\u0160IOV - \u0161t\u00e1tny in\u0161tit\u00fat odborn\u00e9ho vzdel\u00e1vania","url":"https:\/\/archiv.siov.sk\/","logo":{"@type":"ImageObject","inLanguage":"en-GB","@id":"https:\/\/archiv.siov.sk\/#\/schema\/logo\/image\/","url":"https:\/\/archiv.siov.sk\/wp-content\/uploads\/2024\/02\/logo-SIOV.png","contentUrl":"https:\/\/archiv.siov.sk\/wp-content\/uploads\/2024\/02\/logo-SIOV.png","width":431,"height":143,"caption":"\u0160IOV - \u0161t\u00e1tny in\u0161tit\u00fat odborn\u00e9ho vzdel\u00e1vania"},"image":{"@id":"https:\/\/archiv.siov.sk\/#\/schema\/logo\/image\/"},"sameAs":["https:\/\/www.facebook.com\/Statnyinstitutodbornehovzdelavania"]}]}},"_links":{"self":[{"href":"https:\/\/archiv.siov.sk\/en\/wp-json\/wp\/v2\/pages\/13457","targetHints":{"allow":["GET"]}}],"collection":[{"href":"https:\/\/archiv.siov.sk\/en\/wp-json\/wp\/v2\/pages"}],"about":[{"href":"https:\/\/archiv.siov.sk\/en\/wp-json\/wp\/v2\/types\/page"}],"author":[{"embeddable":true,"href":"https:\/\/archiv.siov.sk\/en\/wp-json\/wp\/v2\/users\/4"}],"replies":[{"embeddable":true,"href":"https:\/\/archiv.siov.sk\/en\/wp-json\/wp\/v2\/comments?post=13457"}],"version-history":[{"count":19,"href":"https:\/\/archiv.siov.sk\/en\/wp-json\/wp\/v2\/pages\/13457\/revisions"}],"predecessor-version":[{"id":19856,"href":"https:\/\/archiv.siov.sk\/en\/wp-json\/wp\/v2\/pages\/13457\/revisions\/19856"}],"wp:attachment":[{"href":"https:\/\/archiv.siov.sk\/en\/wp-json\/wp\/v2\/media?parent=13457"}],"curies":[{"name":"wp","href":"https:\/\/api.w.org\/{rel}","templated":true}]}}