{"id":131,"date":"2019-01-25T11:02:48","date_gmt":"2019-01-25T10:02:48","guid":{"rendered":"http:\/\/archiv.siov.sk\/?page_id=131"},"modified":"2021-07-23T08:22:37","modified_gmt":"2021-07-23T06:22:37","slug":"praha-hostila-uz-23-rocnik-mezinarodniho-veletrhu-fiktivnich-firem","status":"publish","type":"page","link":"https:\/\/archiv.siov.sk\/en\/cvicne-firmy\/veltrhy-a-sutaze\/praha-hostila-uz-23-rocnik-mezinarodniho-veletrhu-fiktivnich-firem\/","title":{"rendered":"Prague fair of training companies"},"content":{"rendered":"<div data-elementor-type=\"wp-page\" data-elementor-id=\"131\" class=\"elementor elementor-131\" data-elementor-post-type=\"page\">\n\t\t\t\t\t\t<section class=\"elementor-section elementor-top-section elementor-element elementor-element-4c027e6 elementor-section-boxed elementor-section-height-default elementor-section-height-default\" data-id=\"4c027e6\" data-element_type=\"section\" data-e-type=\"section\">\n\t\t\t\t\t\t<div class=\"elementor-container elementor-column-gap-default\">\n\t\t\t\t\t<div class=\"elementor-column elementor-col-100 elementor-top-column elementor-element elementor-element-7be420c\" data-id=\"7be420c\" data-element_type=\"column\" data-e-type=\"column\">\n\t\t\t<div class=\"elementor-widget-wrap elementor-element-populated\">\n\t\t\t\t\t\t<div class=\"elementor-element elementor-element-476084e elementor-widget-divider--view-line elementor-widget elementor-widget-divider\" data-id=\"476084e\" data-element_type=\"widget\" data-e-type=\"widget\" data-widget_type=\"divider.default\">\n\t\t\t\t<div class=\"elementor-widget-container\">\n\t\t\t\t\t\t\t<div class=\"elementor-divider\">\n\t\t\t<span class=\"elementor-divider-separator\">\n\t\t\t\t\t\t<\/span>\n\t\t<\/div>\n\t\t\t\t\t\t<\/div>\n\t\t\t\t<\/div>\n\t\t\t\t<div class=\"elementor-element elementor-element-3f082a0 elementor-widget elementor-widget-heading\" data-id=\"3f082a0\" data-element_type=\"widget\" data-e-type=\"widget\" data-widget_type=\"heading.default\">\n\t\t\t\t<div class=\"elementor-widget-container\">\n\t\t\t\t\t<h2 class=\"elementor-heading-title elementor-size-default\">Prague fair of training companies<\/h2>\t\t\t\t<\/div>\n\t\t\t\t<\/div>\n\t\t\t\t\t<\/div>\n\t\t<\/div>\n\t\t\t\t\t<\/div>\n\t\t<\/section>\n\t\t\t\t<section class=\"elementor-section elementor-top-section elementor-element elementor-element-56403fed elementor-section-boxed elementor-section-height-default elementor-section-height-default\" data-id=\"56403fed\" data-element_type=\"section\" data-e-type=\"section\">\n\t\t\t\t\t\t<div class=\"elementor-container elementor-column-gap-default\">\n\t\t\t\t\t<div class=\"elementor-column elementor-col-100 elementor-top-column elementor-element elementor-element-46a22472\" data-id=\"46a22472\" data-element_type=\"column\" data-e-type=\"column\">\n\t\t\t<div class=\"elementor-widget-wrap elementor-element-populated\">\n\t\t\t\t\t\t<div class=\"elementor-element elementor-element-54b2be4b elementor-widget elementor-widget-text-editor\" data-id=\"54b2be4b\" data-element_type=\"widget\" data-e-type=\"widget\" data-widget_type=\"text-editor.default\">\n\t\t\t\t<div class=\"elementor-widget-container\">\n\t\t\t\t\t\t\t\t\t<h5><strong>Medzin\u00e1rodn\u00fd ve\u013etrh cvi\u010dn\u00fdch firiem Praha 2019<\/strong><\/h5><p><em>Bratislava \u2013 15. apr\u00edla 2019 \u2013 25. Medzin\u00e1rodn\u00fd ve\u013etrh cvi\u010dn\u00fdch firiem v Prahe sa uskuto\u010dnil v priestoroch V\u00fdstaviska Hole\u0161ovice 21. \u2013 22. marca 2019. V tomto roku sa na \u0148om z\u00fa\u010dastnilo 124 cvi\u010dn\u00fdch firiem, okrem hostite\u013eov sa z\u00fa\u010dastnili aj dru\u017estv\u00e1 zo Slovenska, Rumunska, Belgicka, Luxemburska, Talianska, \u0160panielska, Rak\u00faska a Bulharska.<\/em><\/p><p>Druh\u00e9 miesto v celkovom hodnoten\u00ed pre cvi\u010dn\u00fa firmu FOLKSTYLE, s.r.o. z\u00a0Obchodnej alad\u00e9mie v Tren\u010d\u00edne bolo kr\u00e1snym zados\u0165u\u010dinen\u00edm za pr\u00e1cu a\u00a0snahu cel\u00e9ho t\u00edmu. Uveden\u00fa cvi\u010dn\u00fa firmu Cvi\u010dn\u00e1 firma AUTOCENTRUM OA, s. r. o. z\u00a0Ro\u017e\u0148avy obsadila v\u00a0celkovom hodnoten\u00ed\u00a0 17. miesto a\u00a0CF APOLLONAS s. r. o.,\u00a0 Nev\u00e4dzova 3, Bratislava 21. miesto.<\/p><p>V\u00a0s\u00fa\u0165a\u017enej kateg\u00f3rii najlep\u0161\u00ed katal\u00f3g sa na prvom mieste umiestnila CF APOLLONAS, s.r.o.,\u00a0 Bratislava. CF FOLKSTYLE, s.r.o. obsadila 3. miesto.<\/p><p>V\u00a0s\u00fa\u0165a\u017enej kateg\u00f3rii najlep\u0161\u00ed st\u00e1nok z\u00edskala 5. miesto CF FOLKSTYLE, s.r.o., Tren\u010d\u00edn a\u00a08. miesto CF APOLLONAS, s.r.o., Bratislava.<\/p><p>V\u00a0s\u00fa\u0165a\u017enej kateg\u00f3rii najlep\u0161ia prezent\u00e1cia obsadila 5. miesto CF AUTOCENTRUM OA, s.r.o., Ro\u017e\u0148ava.<\/p><p>\u010eakujeme im za\u00a0kr\u00e1sne prezentovanie na\u0161ej krajiny.<\/p><hr \/><h5><strong>Praha hostila u\u017e 23. ro\u010dn\u00edk \u201eMezin\u00e1rodn\u00edho veletrhu fikt\u00edvn\u00edch firem\u201c<\/strong><\/h5><p style=\"text-align: justify;\">Medzin\u00e1rodn\u00fd ve\u013etrh cvi\u010dn\u00fdch firiem v\u00a0Prahe pripravuje cvi\u010dn\u00e1 firma Antre z\u00a0Obchodnej akad\u00e9mie Heroldovy sady 1 z\u00a0Prahy. Patr\u00ed medzi prest\u00ed\u017ene a\u00a0ojedinel\u00e9 akcie v\u010faka svojej trad\u00edcii, kvalite, profesionalite, priate\u013esk\u00e9mu prostrediu a\u00a0rozvoju vzdel\u00e1vania mlad\u00fdch.<\/p><p><img fetchpriority=\"high\" decoding=\"async\" class=\"size-full wp-image-132 aligncenter\" src=\"http:\/\/siov.sk\/wp-content\/uploads\/2019\/01\/23-rocnik-praha-firiem.jpg\" alt=\"Praha hostila u\u017e 23. ro\u010dn\u00edk \u201eMezin\u00e1rodn\u00edho veletrhu fikt\u00edvn\u00edch firem\u201c\" width=\"800\" height=\"532\" srcset=\"https:\/\/archiv.siov.sk\/wp-content\/uploads\/2019\/01\/23-rocnik-praha-firiem.jpg 800w, https:\/\/archiv.siov.sk\/wp-content\/uploads\/2019\/01\/23-rocnik-praha-firiem-300x200.jpg 300w, https:\/\/archiv.siov.sk\/wp-content\/uploads\/2019\/01\/23-rocnik-praha-firiem-768x511.jpg 768w, https:\/\/archiv.siov.sk\/wp-content\/uploads\/2019\/01\/23-rocnik-praha-firiem-480x319.jpg 480w\" sizes=\"(max-width: 800px) 100vw, 800px\" \/><\/p><p style=\"text-align: justify;\">Tento rok u\u017e 23. ro\u010dn\u00edk medzin\u00e1rodn\u00e9ho ve\u013etrhu cvi\u010dn\u00fdch firiem sa uskuto\u010dnil, tak ako obvykle v marci, \u00a0v\u00a0d\u0148och 22. &#8211; 24. 03. 2017 na v\u00fdstavisku Praha 7 \u2013 Hole\u0161ovice.<\/p><p style=\"text-align: justify;\">Vystavovalo 112 cvi\u010dn\u00fdch firiem z\u00a0desiatich kraj\u00edn Eur\u00f3py a\u00a0to Belgicka, Bulharska, \u010ceskej republiky, F\u00ednska, Talianska, Po\u013eska, Rak\u00faska, Rumunska, Slovenska a\u00a0\u0160panielska. Z\u00e1\u0161titu nad podujat\u00edm prevzala ministerka \u0161kolstva, ml\u00e1de\u017ee a\u00a0telov\u00fdchovy \u010cR pani Mgr. Katar\u00edna Valachov\u00e1, PhD. spolu s\u00a0prim\u00e1torkou hlavn\u00e9ho mesta Prahy Mgr. Adrianou Krn\u00e1\u010dovou, MBA. Na organiz\u00e1cii a\u00a0pr\u00edprave sa podie\u013eal aj N\u00e1rodn\u00fd \u00fastav pre vzdelanie, Europen PEN International a\u00a0na technickej podpore spolo\u010dnos\u0165 AOV.<\/p><p style=\"text-align: justify;\">Na ve\u013etrhu sa ve\u013emi akt\u00edvne z\u00fa\u010dastnili aj dve slovensk\u00e9 cvi\u010dn\u00e9 firmy a\u00a0to: Greatment, s. r. o. z\u00a0Obchodnej akad\u00e9mie, Nev\u00e4dzova z\u00a0Bratislavy a\u00a0Adam Koruna\u00a0 Black Crown z\u00a0Obchodnej akad\u00e9mie Ro\u017e\u0148ava.<\/p><p style=\"text-align: justify;\">Vo\u013en\u00e9 chv\u00edle na ve\u013etrhu po\u010das obchodovania spr\u00edjem\u0148oval kult\u00farny program, ktor\u00fd sa cel\u00fd niesol v\u00a0znamen\u00ed dvadsiatych\u2013tridsiatych rokov minul\u00e9ho storo\u010dia a\u00a0samozrejme aj p\u00fatav\u00e9 prezent\u00e1cie z\u00fa\u010dastnen\u00fdch cvi\u010dn\u00fdch firiem, vyst\u00fapenia jednotliv\u00fdch \u00fa\u010dastn\u00edkov a\u00a0sponzorov vr\u00e1tane hudobn\u00fdch predstaven\u00ed a\u00a0exhib\u00edci\u00ed.<\/p><p style=\"text-align: justify;\">S\u00fa\u010das\u0165ou ve\u013etrhu boli aj \u00a0s\u00fa\u0165a\u017ee vystavovate\u013eov. V\u00a0tomto roku to bola s\u00fa\u0165a\u017e o\u00a0najlep\u0161\u00ed st\u00e1nok, najlep\u0161\u00ed katal\u00f3g, najlep\u0161iu prezent\u00e1ciu firiem a\u00a0druh\u00fd rok aj ved\u013eaj\u0161ie s\u00fa\u0165a\u017ee ako \u201e90 sek\u00fand vo v\u00fd\u0165ahu\u201c a\u00a0najlep\u0161\u00ed plag\u00e1t, fotka.<\/p><p style=\"text-align: justify;\">S\u00fa\u0165a\u017e \u201e90 sek\u00fand vo v\u00fd\u0165ahu\u201c, nad ktorou prevzal z\u00e1\u0161titu prezident Europen PEN International Scott Mitchel z\u00a0centra CF v\u00a0Kanade, je zauj\u00edmav\u00e1 t\u00fdm, \u017ee hlavnou \u00falohou prezentuj\u00faceho je predstavi\u0165 cudzincovi cestou v\u00fd\u0165ahom za 90 sek\u00fand svoju cvi\u010dn\u00fa firmu.<\/p><p style=\"text-align: justify;\">Slovensk\u00e9 CF z\u00edskali na ve\u013etrhu ve\u013emi kr\u00e1sne umiestnenia: v\u00a0kateg\u00f3rii najlep\u0161\u00ed zahrani\u010dn\u00fd katal\u00f3g z\u00edskala 3. miesto CF Greatment z\u00a0OA Nev\u00e4dzova a\u00a04. miesto CF Adam Koruna Black Crown z\u00a0OA Ro\u017e\u0148ava. V\u00a0kateg\u00f3rii najlep\u0161ia zahrani\u010dn\u00e1 prezent\u00e1cia z\u00edskala 4. miesto CF Greatment z\u00a0OA Nev\u00e4dzova z\u00a0Bratislavy. V\u00a0kateg\u00f3rii najlep\u0161\u00ed zahrani\u010dn\u00fd st\u00e1nok z\u00edskala 4. miesto CF Greatment z\u00a0OA Nev\u00e4dzova a\u00a0taktie\u017e 4. miesto CF Adam Koruna Black Crown z\u00a0OA Ro\u017e\u0148ava. V\u00a0r\u00e1mci kateg\u00f3rie Absol\u00fatny v\u00ed\u0165az v\u0161etk\u00fdch s\u00fa\u0165a\u017e\u00ed CF z\u00fa\u010dastnen\u00fdch na ve\u013etrhu sa sCF Greatment z\u00a0OA Nev\u00e4dzova umiestnila na 4. mieste. Celkov\u00e9 bodov\u00e9 vyhodnotenie n\u00e1jdete na http:\/\/antreprague.cz.<\/p><p style=\"text-align: justify;\">Zo 112 cvi\u010dn\u00fdch firiem z\u00a010 kraj\u00edn sveta z\u00edskali dve slovensk\u00e9 CF kr\u00e1sne umiestnenia. Gratulujeme!<\/p>\t\t\t\t\t\t\t\t<\/div>\n\t\t\t\t<\/div>\n\t\t\t\t\t<\/div>\n\t\t<\/div>\n\t\t\t\t\t<\/div>\n\t\t<\/section>\n\t\t\t\t<\/div>","protected":false},"excerpt":{"rendered":"<p>Pra\u017esk\u00fd ve\u013etrh cvi\u010dn\u00fdch firiem Medzin\u00e1rodn\u00fd ve\u013etrh cvi\u010dn\u00fdch firiem Praha 2019 Bratislava \u2013 15. apr\u00edla 2019 \u2013 25. Medzin\u00e1rodn\u00fd ve\u013etrh cvi\u010dn\u00fdch firiem v Prahe sa uskuto\u010dnil v priestoroch V\u00fdstaviska Hole\u0161ovice 21. \u2013 22. marca 2019. V tomto roku sa na \u0148om z\u00fa\u010dastnilo 124 cvi\u010dn\u00fdch firiem, okrem hostite\u013eov sa z\u00fa\u010dastnili aj dru\u017estv\u00e1 zo Slovenska, Rumunska, Belgicka, Luxemburska, [&hellip;]<\/p>\n","protected":false},"author":1,"featured_media":0,"parent":114,"menu_order":0,"comment_status":"closed","ping_status":"closed","template":"","meta":{"site-sidebar-layout":"default","site-content-layout":"default","ast-site-content-layout":"default","site-content-style":"default","site-sidebar-style":"default","ast-global-header-display":"","ast-banner-title-visibility":"","ast-main-header-display":"","ast-hfb-above-header-display":"","ast-hfb-below-header-display":"","ast-hfb-mobile-header-display":"","site-post-title":"disabled","ast-breadcrumbs-content":"","ast-featured-img":"","footer-sml-layout":"","ast-disable-related-posts":"","theme-transparent-header-meta":"default","adv-header-id-meta":"","stick-header-meta":"","header-above-stick-meta":"","header-main-stick-meta":"","header-below-stick-meta":"","astra-migrate-meta-layouts":"default","ast-page-background-enabled":"default","ast-page-background-meta":{"desktop":{"background-color":"var(--ast-global-color-4)","background-image":"","background-repeat":"repeat","background-position":"center center","background-size":"auto","background-attachment":"scroll","background-type":"","background-media":"","overlay-type":"","overlay-color":"","overlay-opacity":"","overlay-gradient":""},"tablet":{"background-color":"","background-image":"","background-repeat":"repeat","background-position":"center center","background-size":"auto","background-attachment":"scroll","background-type":"","background-media":"","overlay-type":"","overlay-color":"","overlay-opacity":"","overlay-gradient":""},"mobile":{"background-color":"","background-image":"","background-repeat":"repeat","background-position":"center center","background-size":"auto","background-attachment":"scroll","background-type":"","background-media":"","overlay-type":"","overlay-color":"","overlay-opacity":"","overlay-gradient":""}},"ast-content-background-meta":{"desktop":{"background-color":"var(--ast-global-color-5)","background-image":"","background-repeat":"repeat","background-position":"center center","background-size":"auto","background-attachment":"scroll","background-type":"","background-media":"","overlay-type":"","overlay-color":"","overlay-opacity":"","overlay-gradient":""},"tablet":{"background-color":"var(--ast-global-color-5)","background-image":"","background-repeat":"repeat","background-position":"center center","background-size":"auto","background-attachment":"scroll","background-type":"","background-media":"","overlay-type":"","overlay-color":"","overlay-opacity":"","overlay-gradient":""},"mobile":{"background-color":"var(--ast-global-color-5)","background-image":"","background-repeat":"repeat","background-position":"center center","background-size":"auto","background-attachment":"scroll","background-type":"","background-media":"","overlay-type":"","overlay-color":"","overlay-opacity":"","overlay-gradient":""}},"footnotes":""},"class_list":["post-131","page","type-page","status-publish","hentry"],"yoast_head":"<!-- This site is optimized with the Yoast SEO plugin v27.5 - https:\/\/yoast.com\/product\/yoast-seo-wordpress\/ -->\n<title>Pra\u017esk\u00fd ve\u013etrh cvi\u010dn\u00fdch firiem - \u0160IOV - \u0161t\u00e1tny in\u0161tit\u00fat odborn\u00e9ho vzdel\u00e1vania<\/title>\n<meta name=\"robots\" content=\"index, follow, max-snippet:-1, max-image-preview:large, max-video-preview:-1\" \/>\n<link rel=\"canonical\" href=\"https:\/\/archiv.siov.sk\/en\/cvicne-firmy\/veltrhy-a-sutaze\/praha-hostila-uz-23-rocnik-mezinarodniho-veletrhu-fiktivnich-firem\/\" \/>\n<meta property=\"og:locale\" content=\"en_GB\" \/>\n<meta property=\"og:type\" content=\"article\" \/>\n<meta property=\"og:title\" content=\"Pra\u017esk\u00fd ve\u013etrh cvi\u010dn\u00fdch firiem - \u0160IOV - \u0161t\u00e1tny in\u0161tit\u00fat odborn\u00e9ho vzdel\u00e1vania\" \/>\n<meta property=\"og:description\" content=\"Pra\u017esk\u00fd ve\u013etrh cvi\u010dn\u00fdch firiem Medzin\u00e1rodn\u00fd ve\u013etrh cvi\u010dn\u00fdch firiem Praha 2019 Bratislava \u2013 15. apr\u00edla 2019 \u2013 25. Medzin\u00e1rodn\u00fd ve\u013etrh cvi\u010dn\u00fdch firiem v Prahe sa uskuto\u010dnil v priestoroch V\u00fdstaviska Hole\u0161ovice 21. \u2013 22. marca 2019. V tomto roku sa na \u0148om z\u00fa\u010dastnilo 124 cvi\u010dn\u00fdch firiem, okrem hostite\u013eov sa z\u00fa\u010dastnili aj dru\u017estv\u00e1 zo Slovenska, Rumunska, Belgicka, Luxemburska, [&hellip;]\" \/>\n<meta property=\"og:url\" content=\"https:\/\/archiv.siov.sk\/en\/cvicne-firmy\/veltrhy-a-sutaze\/praha-hostila-uz-23-rocnik-mezinarodniho-veletrhu-fiktivnich-firem\/\" \/>\n<meta property=\"og:site_name\" content=\"\u0160IOV - \u0161t\u00e1tny in\u0161tit\u00fat odborn\u00e9ho vzdel\u00e1vania\" \/>\n<meta property=\"article:publisher\" content=\"https:\/\/www.facebook.com\/Statnyinstitutodbornehovzdelavania\" \/>\n<meta property=\"article:modified_time\" content=\"2021-07-23T06:22:37+00:00\" \/>\n<meta property=\"og:image\" content=\"https:\/\/archiv.siov.sk\/wp-content\/uploads\/2019\/01\/23-rocnik-praha-firiem.jpg\" \/>\n<meta name=\"twitter:card\" content=\"summary_large_image\" \/>\n<meta name=\"twitter:label1\" content=\"Estimated reading time\" \/>\n\t<meta name=\"twitter:data1\" content=\"3 minutes\" \/>\n<script type=\"application\/ld+json\" class=\"yoast-schema-graph\">{\"@context\":\"https:\\\/\\\/schema.org\",\"@graph\":[{\"@type\":\"WebPage\",\"@id\":\"https:\\\/\\\/archiv.siov.sk\\\/cvicne-firmy\\\/veltrhy-a-sutaze\\\/praha-hostila-uz-23-rocnik-mezinarodniho-veletrhu-fiktivnich-firem\\\/\",\"url\":\"https:\\\/\\\/archiv.siov.sk\\\/cvicne-firmy\\\/veltrhy-a-sutaze\\\/praha-hostila-uz-23-rocnik-mezinarodniho-veletrhu-fiktivnich-firem\\\/\",\"name\":\"Pra\u017esk\u00fd ve\u013etrh cvi\u010dn\u00fdch firiem - \u0160IOV - \u0161t\u00e1tny in\u0161tit\u00fat odborn\u00e9ho vzdel\u00e1vania\",\"isPartOf\":{\"@id\":\"https:\\\/\\\/archiv.siov.sk\\\/#website\"},\"primaryImageOfPage\":{\"@id\":\"https:\\\/\\\/archiv.siov.sk\\\/cvicne-firmy\\\/veltrhy-a-sutaze\\\/praha-hostila-uz-23-rocnik-mezinarodniho-veletrhu-fiktivnich-firem\\\/#primaryimage\"},\"image\":{\"@id\":\"https:\\\/\\\/archiv.siov.sk\\\/cvicne-firmy\\\/veltrhy-a-sutaze\\\/praha-hostila-uz-23-rocnik-mezinarodniho-veletrhu-fiktivnich-firem\\\/#primaryimage\"},\"thumbnailUrl\":\"https:\\\/\\\/archiv.siov.sk\\\/wp-content\\\/uploads\\\/2019\\\/01\\\/23-rocnik-praha-firiem.jpg\",\"datePublished\":\"2019-01-25T10:02:48+00:00\",\"dateModified\":\"2021-07-23T06:22:37+00:00\",\"breadcrumb\":{\"@id\":\"https:\\\/\\\/archiv.siov.sk\\\/cvicne-firmy\\\/veltrhy-a-sutaze\\\/praha-hostila-uz-23-rocnik-mezinarodniho-veletrhu-fiktivnich-firem\\\/#breadcrumb\"},\"inLanguage\":\"en-GB\",\"potentialAction\":[{\"@type\":\"ReadAction\",\"target\":[\"https:\\\/\\\/archiv.siov.sk\\\/cvicne-firmy\\\/veltrhy-a-sutaze\\\/praha-hostila-uz-23-rocnik-mezinarodniho-veletrhu-fiktivnich-firem\\\/\"]}]},{\"@type\":\"ImageObject\",\"inLanguage\":\"en-GB\",\"@id\":\"https:\\\/\\\/archiv.siov.sk\\\/cvicne-firmy\\\/veltrhy-a-sutaze\\\/praha-hostila-uz-23-rocnik-mezinarodniho-veletrhu-fiktivnich-firem\\\/#primaryimage\",\"url\":\"https:\\\/\\\/archiv.siov.sk\\\/wp-content\\\/uploads\\\/2019\\\/01\\\/23-rocnik-praha-firiem.jpg\",\"contentUrl\":\"https:\\\/\\\/archiv.siov.sk\\\/wp-content\\\/uploads\\\/2019\\\/01\\\/23-rocnik-praha-firiem.jpg\"},{\"@type\":\"BreadcrumbList\",\"@id\":\"https:\\\/\\\/archiv.siov.sk\\\/cvicne-firmy\\\/veltrhy-a-sutaze\\\/praha-hostila-uz-23-rocnik-mezinarodniho-veletrhu-fiktivnich-firem\\\/#breadcrumb\",\"itemListElement\":[{\"@type\":\"ListItem\",\"position\":1,\"name\":\"Home\",\"item\":\"https:\\\/\\\/archiv.siov.sk\\\/\"},{\"@type\":\"ListItem\",\"position\":2,\"name\":\"SLOVENSK\u00c9 CENTRUM CVI\u010cN\u00ddCH FIRIEM\",\"item\":\"https:\\\/\\\/archiv.siov.sk\\\/cvicne-firmy\\\/\"},{\"@type\":\"ListItem\",\"position\":3,\"name\":\"Ve\u013etrhy a s\u00fa\u0165a\u017ee\",\"item\":\"https:\\\/\\\/archiv.siov.sk\\\/cvicne-firmy\\\/veltrhy-a-sutaze\\\/\"},{\"@type\":\"ListItem\",\"position\":4,\"name\":\"Pra\u017esk\u00fd ve\u013etrh cvi\u010dn\u00fdch firiem\"}]},{\"@type\":\"WebSite\",\"@id\":\"https:\\\/\\\/archiv.siov.sk\\\/#website\",\"url\":\"https:\\\/\\\/archiv.siov.sk\\\/\",\"name\":\"\u0160IOV - \u0161t\u00e1tny in\u0161tit\u00fat odborn\u00e9ho vzdel\u00e1vania\",\"description\":\"\",\"publisher\":{\"@id\":\"https:\\\/\\\/archiv.siov.sk\\\/#organization\"},\"potentialAction\":[{\"@type\":\"SearchAction\",\"target\":{\"@type\":\"EntryPoint\",\"urlTemplate\":\"https:\\\/\\\/archiv.siov.sk\\\/?s={search_term_string}\"},\"query-input\":{\"@type\":\"PropertyValueSpecification\",\"valueRequired\":true,\"valueName\":\"search_term_string\"}}],\"inLanguage\":\"en-GB\"},{\"@type\":\"Organization\",\"@id\":\"https:\\\/\\\/archiv.siov.sk\\\/#organization\",\"name\":\"\u0160IOV - \u0161t\u00e1tny in\u0161tit\u00fat odborn\u00e9ho vzdel\u00e1vania\",\"url\":\"https:\\\/\\\/archiv.siov.sk\\\/\",\"logo\":{\"@type\":\"ImageObject\",\"inLanguage\":\"en-GB\",\"@id\":\"https:\\\/\\\/archiv.siov.sk\\\/#\\\/schema\\\/logo\\\/image\\\/\",\"url\":\"https:\\\/\\\/archiv.siov.sk\\\/wp-content\\\/uploads\\\/2024\\\/02\\\/logo-SIOV.png\",\"contentUrl\":\"https:\\\/\\\/archiv.siov.sk\\\/wp-content\\\/uploads\\\/2024\\\/02\\\/logo-SIOV.png\",\"width\":431,\"height\":143,\"caption\":\"\u0160IOV - \u0161t\u00e1tny in\u0161tit\u00fat odborn\u00e9ho vzdel\u00e1vania\"},\"image\":{\"@id\":\"https:\\\/\\\/archiv.siov.sk\\\/#\\\/schema\\\/logo\\\/image\\\/\"},\"sameAs\":[\"https:\\\/\\\/www.facebook.com\\\/Statnyinstitutodbornehovzdelavania\"]}]}<\/script>\n<!-- \/ Yoast SEO plugin. -->","yoast_head_json":{"title":"Pra\u017esk\u00fd ve\u013etrh cvi\u010dn\u00fdch firiem - \u0160IOV - \u0161t\u00e1tny in\u0161tit\u00fat odborn\u00e9ho vzdel\u00e1vania","robots":{"index":"index","follow":"follow","max-snippet":"max-snippet:-1","max-image-preview":"max-image-preview:large","max-video-preview":"max-video-preview:-1"},"canonical":"https:\/\/archiv.siov.sk\/en\/cvicne-firmy\/veltrhy-a-sutaze\/praha-hostila-uz-23-rocnik-mezinarodniho-veletrhu-fiktivnich-firem\/","og_locale":"en_GB","og_type":"article","og_title":"Pra\u017esk\u00fd ve\u013etrh cvi\u010dn\u00fdch firiem - \u0160IOV - \u0161t\u00e1tny in\u0161tit\u00fat odborn\u00e9ho vzdel\u00e1vania","og_description":"Pra\u017esk\u00fd ve\u013etrh cvi\u010dn\u00fdch firiem Medzin\u00e1rodn\u00fd ve\u013etrh cvi\u010dn\u00fdch firiem Praha 2019 Bratislava \u2013 15. apr\u00edla 2019 \u2013 25. Medzin\u00e1rodn\u00fd ve\u013etrh cvi\u010dn\u00fdch firiem v Prahe sa uskuto\u010dnil v priestoroch V\u00fdstaviska Hole\u0161ovice 21. \u2013 22. marca 2019. V tomto roku sa na \u0148om z\u00fa\u010dastnilo 124 cvi\u010dn\u00fdch firiem, okrem hostite\u013eov sa z\u00fa\u010dastnili aj dru\u017estv\u00e1 zo Slovenska, Rumunska, Belgicka, Luxemburska, [&hellip;]","og_url":"https:\/\/archiv.siov.sk\/en\/cvicne-firmy\/veltrhy-a-sutaze\/praha-hostila-uz-23-rocnik-mezinarodniho-veletrhu-fiktivnich-firem\/","og_site_name":"\u0160IOV - \u0161t\u00e1tny in\u0161tit\u00fat odborn\u00e9ho vzdel\u00e1vania","article_publisher":"https:\/\/www.facebook.com\/Statnyinstitutodbornehovzdelavania","article_modified_time":"2021-07-23T06:22:37+00:00","og_image":[{"url":"https:\/\/archiv.siov.sk\/wp-content\/uploads\/2019\/01\/23-rocnik-praha-firiem.jpg","type":"","width":"","height":""}],"twitter_card":"summary_large_image","twitter_misc":{"Estimated reading time":"3 minutes"},"schema":{"@context":"https:\/\/schema.org","@graph":[{"@type":"WebPage","@id":"https:\/\/archiv.siov.sk\/cvicne-firmy\/veltrhy-a-sutaze\/praha-hostila-uz-23-rocnik-mezinarodniho-veletrhu-fiktivnich-firem\/","url":"https:\/\/archiv.siov.sk\/cvicne-firmy\/veltrhy-a-sutaze\/praha-hostila-uz-23-rocnik-mezinarodniho-veletrhu-fiktivnich-firem\/","name":"Pra\u017esk\u00fd ve\u013etrh cvi\u010dn\u00fdch firiem - \u0160IOV - \u0161t\u00e1tny in\u0161tit\u00fat odborn\u00e9ho vzdel\u00e1vania","isPartOf":{"@id":"https:\/\/archiv.siov.sk\/#website"},"primaryImageOfPage":{"@id":"https:\/\/archiv.siov.sk\/cvicne-firmy\/veltrhy-a-sutaze\/praha-hostila-uz-23-rocnik-mezinarodniho-veletrhu-fiktivnich-firem\/#primaryimage"},"image":{"@id":"https:\/\/archiv.siov.sk\/cvicne-firmy\/veltrhy-a-sutaze\/praha-hostila-uz-23-rocnik-mezinarodniho-veletrhu-fiktivnich-firem\/#primaryimage"},"thumbnailUrl":"https:\/\/archiv.siov.sk\/wp-content\/uploads\/2019\/01\/23-rocnik-praha-firiem.jpg","datePublished":"2019-01-25T10:02:48+00:00","dateModified":"2021-07-23T06:22:37+00:00","breadcrumb":{"@id":"https:\/\/archiv.siov.sk\/cvicne-firmy\/veltrhy-a-sutaze\/praha-hostila-uz-23-rocnik-mezinarodniho-veletrhu-fiktivnich-firem\/#breadcrumb"},"inLanguage":"en-GB","potentialAction":[{"@type":"ReadAction","target":["https:\/\/archiv.siov.sk\/cvicne-firmy\/veltrhy-a-sutaze\/praha-hostila-uz-23-rocnik-mezinarodniho-veletrhu-fiktivnich-firem\/"]}]},{"@type":"ImageObject","inLanguage":"en-GB","@id":"https:\/\/archiv.siov.sk\/cvicne-firmy\/veltrhy-a-sutaze\/praha-hostila-uz-23-rocnik-mezinarodniho-veletrhu-fiktivnich-firem\/#primaryimage","url":"https:\/\/archiv.siov.sk\/wp-content\/uploads\/2019\/01\/23-rocnik-praha-firiem.jpg","contentUrl":"https:\/\/archiv.siov.sk\/wp-content\/uploads\/2019\/01\/23-rocnik-praha-firiem.jpg"},{"@type":"BreadcrumbList","@id":"https:\/\/archiv.siov.sk\/cvicne-firmy\/veltrhy-a-sutaze\/praha-hostila-uz-23-rocnik-mezinarodniho-veletrhu-fiktivnich-firem\/#breadcrumb","itemListElement":[{"@type":"ListItem","position":1,"name":"Home","item":"https:\/\/archiv.siov.sk\/"},{"@type":"ListItem","position":2,"name":"SLOVENSK\u00c9 CENTRUM CVI\u010cN\u00ddCH FIRIEM","item":"https:\/\/archiv.siov.sk\/cvicne-firmy\/"},{"@type":"ListItem","position":3,"name":"Ve\u013etrhy a s\u00fa\u0165a\u017ee","item":"https:\/\/archiv.siov.sk\/cvicne-firmy\/veltrhy-a-sutaze\/"},{"@type":"ListItem","position":4,"name":"Pra\u017esk\u00fd ve\u013etrh cvi\u010dn\u00fdch firiem"}]},{"@type":"WebSite","@id":"https:\/\/archiv.siov.sk\/#website","url":"https:\/\/archiv.siov.sk\/","name":"\u0160IOV - \u0161t\u00e1tny in\u0161tit\u00fat odborn\u00e9ho vzdel\u00e1vania","description":"","publisher":{"@id":"https:\/\/archiv.siov.sk\/#organization"},"potentialAction":[{"@type":"SearchAction","target":{"@type":"EntryPoint","urlTemplate":"https:\/\/archiv.siov.sk\/?s={search_term_string}"},"query-input":{"@type":"PropertyValueSpecification","valueRequired":true,"valueName":"search_term_string"}}],"inLanguage":"en-GB"},{"@type":"Organization","@id":"https:\/\/archiv.siov.sk\/#organization","name":"\u0160IOV - \u0161t\u00e1tny in\u0161tit\u00fat odborn\u00e9ho vzdel\u00e1vania","url":"https:\/\/archiv.siov.sk\/","logo":{"@type":"ImageObject","inLanguage":"en-GB","@id":"https:\/\/archiv.siov.sk\/#\/schema\/logo\/image\/","url":"https:\/\/archiv.siov.sk\/wp-content\/uploads\/2024\/02\/logo-SIOV.png","contentUrl":"https:\/\/archiv.siov.sk\/wp-content\/uploads\/2024\/02\/logo-SIOV.png","width":431,"height":143,"caption":"\u0160IOV - \u0161t\u00e1tny in\u0161tit\u00fat odborn\u00e9ho vzdel\u00e1vania"},"image":{"@id":"https:\/\/archiv.siov.sk\/#\/schema\/logo\/image\/"},"sameAs":["https:\/\/www.facebook.com\/Statnyinstitutodbornehovzdelavania"]}]}},"_links":{"self":[{"href":"https:\/\/archiv.siov.sk\/en\/wp-json\/wp\/v2\/pages\/131","targetHints":{"allow":["GET"]}}],"collection":[{"href":"https:\/\/archiv.siov.sk\/en\/wp-json\/wp\/v2\/pages"}],"about":[{"href":"https:\/\/archiv.siov.sk\/en\/wp-json\/wp\/v2\/types\/page"}],"author":[{"embeddable":true,"href":"https:\/\/archiv.siov.sk\/en\/wp-json\/wp\/v2\/users\/1"}],"replies":[{"embeddable":true,"href":"https:\/\/archiv.siov.sk\/en\/wp-json\/wp\/v2\/comments?post=131"}],"version-history":[{"count":10,"href":"https:\/\/archiv.siov.sk\/en\/wp-json\/wp\/v2\/pages\/131\/revisions"}],"predecessor-version":[{"id":8832,"href":"https:\/\/archiv.siov.sk\/en\/wp-json\/wp\/v2\/pages\/131\/revisions\/8832"}],"up":[{"embeddable":true,"href":"https:\/\/archiv.siov.sk\/en\/wp-json\/wp\/v2\/pages\/114"}],"wp:attachment":[{"href":"https:\/\/archiv.siov.sk\/en\/wp-json\/wp\/v2\/media?parent=131"}],"curies":[{"name":"wp","href":"https:\/\/api.w.org\/{rel}","templated":true}]}}