{"id":126,"date":"2019-01-25T10:57:18","date_gmt":"2019-01-25T09:57:18","guid":{"rendered":"http:\/\/archiv.siov.sk\/?page_id=126"},"modified":"2021-07-23T08:21:11","modified_gmt":"2021-07-23T06:21:11","slug":"ostravsky-veltrh-cvicnych-firiem","status":"publish","type":"page","link":"https:\/\/archiv.siov.sk\/en\/cvicne-firmy\/veltrhy-a-sutaze\/ostravsky-veltrh-cvicnych-firiem\/","title":{"rendered":"Ostrava fair of training companies"},"content":{"rendered":"<div data-elementor-type=\"wp-page\" data-elementor-id=\"126\" class=\"elementor elementor-126\" data-elementor-post-type=\"page\">\n\t\t\t\t\t\t<section class=\"elementor-section elementor-top-section elementor-element elementor-element-4bcf120 elementor-section-boxed elementor-section-height-default elementor-section-height-default\" data-id=\"4bcf120\" data-element_type=\"section\" data-e-type=\"section\">\n\t\t\t\t\t\t<div class=\"elementor-container elementor-column-gap-default\">\n\t\t\t\t\t<div class=\"elementor-column elementor-col-100 elementor-top-column elementor-element elementor-element-5995f04\" data-id=\"5995f04\" data-element_type=\"column\" data-e-type=\"column\">\n\t\t\t<div class=\"elementor-widget-wrap elementor-element-populated\">\n\t\t\t\t\t\t<div class=\"elementor-element elementor-element-afc2137 elementor-widget-divider--view-line elementor-widget elementor-widget-divider\" data-id=\"afc2137\" data-element_type=\"widget\" data-e-type=\"widget\" data-widget_type=\"divider.default\">\n\t\t\t\t<div class=\"elementor-widget-container\">\n\t\t\t\t\t\t\t<div class=\"elementor-divider\">\n\t\t\t<span class=\"elementor-divider-separator\">\n\t\t\t\t\t\t<\/span>\n\t\t<\/div>\n\t\t\t\t\t\t<\/div>\n\t\t\t\t<\/div>\n\t\t\t\t<div class=\"elementor-element elementor-element-67a02b2 elementor-widget elementor-widget-heading\" data-id=\"67a02b2\" data-element_type=\"widget\" data-e-type=\"widget\" data-widget_type=\"heading.default\">\n\t\t\t\t<div class=\"elementor-widget-container\">\n\t\t\t\t\t<h2 class=\"elementor-heading-title elementor-size-default\">Ostrava fair of training companies<\/h2>\t\t\t\t<\/div>\n\t\t\t\t<\/div>\n\t\t\t\t\t<\/div>\n\t\t<\/div>\n\t\t\t\t\t<\/div>\n\t\t<\/section>\n\t\t\t\t<section class=\"elementor-section elementor-top-section elementor-element elementor-element-340d3da4 elementor-section-boxed elementor-section-height-default elementor-section-height-default\" data-id=\"340d3da4\" data-element_type=\"section\" data-e-type=\"section\">\n\t\t\t\t\t\t<div class=\"elementor-container elementor-column-gap-default\">\n\t\t\t\t\t<div class=\"elementor-column elementor-col-100 elementor-top-column elementor-element elementor-element-28ae1481\" data-id=\"28ae1481\" data-element_type=\"column\" data-e-type=\"column\">\n\t\t\t<div class=\"elementor-widget-wrap elementor-element-populated\">\n\t\t\t\t\t\t<div class=\"elementor-element elementor-element-71aee071 elementor-widget elementor-widget-text-editor\" data-id=\"71aee071\" data-element_type=\"widget\" data-e-type=\"widget\" data-widget_type=\"text-editor.default\">\n\t\t\t\t<div class=\"elementor-widget-container\">\n\t\t\t\t\t\t\t\t\t<h4 class=\"entry-title\"><strong>Ostravsk\u00fd ve\u013etrh fikt\u00edvnych firiem 2019<\/strong><\/h4><div class=\"thememattic-featured-image post-thumb\"><img fetchpriority=\"high\" decoding=\"async\" class=\"attachment-full wp-post-image\" src=\"http:\/\/siov.sk\/wp-content\/uploads\/2019\/03\/fiktivna-firma-ostrava-2019.jpg\" sizes=\"(max-width: 1100px) 100vw, 1100px\" srcset=\"http:\/\/siov.sk\/wp-content\/uploads\/2019\/03\/fiktivna-firma-ostrava-2019.jpg 1100w, http:\/\/siov.sk\/wp-content\/uploads\/2019\/03\/fiktivna-firma-ostrava-2019-300x121.jpg 300w, http:\/\/siov.sk\/wp-content\/uploads\/2019\/03\/fiktivna-firma-ostrava-2019-768x311.jpg 768w, http:\/\/siov.sk\/wp-content\/uploads\/2019\/03\/fiktivna-firma-ostrava-2019-1024x414.jpg 1024w, http:\/\/siov.sk\/wp-content\/uploads\/2019\/03\/fiktivna-firma-ostrava-2019-480x194.jpg 480w\" alt=\"Ostravsk\u00fd ve\u013etrh fikt\u00edvnych firiem 2019Ostravsk\u00fd ve\u013etrh fikt\u00edvnych firiem 2019Ostravsk\u00fd ve\u013etrh fikt\u00edvnych firiem 2019Ostravsk\u00fd ve\u013etrh fikt\u00edvnych firiem 2019Ostravsk\u00fd ve\u013etrh fikt\u00edvnych firiem 2019Ostravsk\u00fd ve\u013etrh fikt\u00edvnych firiem 2019Ostravsk\u00fd ve\u013etrh fikt\u00edvnych firiem 2019\" width=\"778\" height=\"315\" \/><\/div><div>\u00a0<\/div><div class=\"entry-content\" data-initials=\"V\"><p>V porad\u00ed 11. ro\u010dn\u00edk Ostravsk\u00e9ho ve\u013etrhu fikt\u00edvnych firiem s\u00a0medzin\u00e1rodnou \u00fa\u010das\u0165ou sa uskuto\u010dnil v\u00a0d\u0148och 6. \u2013 7. marca 2019 u\u017e tradi\u010dne v\u00a0priestoroch v\u00fdstaviska \u010cern\u00e1 louka \u2013 pavil\u00f3n A. Usporiadate\u013eom bola Obchodn\u00e1 akad\u00e9mia a\u00a0Vy\u0161\u0161ia odborn\u00e1 \u0161kola soci\u00e1lna, Ostrava \u2013 Mari\u00e1nsk\u00e9 Hory. Odbor finan\u010dnej gramotnosti a\u00a0Slovensk\u00e9 centrum cvi\u010dn\u00fdch firiem zo \u0160IOV reprezentovali dve odborn\u00e9 zamestnankyne, Mgr. Marta Maru\u0161incov\u00e1 a\u00a0Ing. Gabriela Horeck\u00e1.<\/p><p>Prv\u00fd de\u0148 sa stretli so z\u00e1stupcami \u0161koly ako aj s\u00a0jej dlhoro\u010dn\u00fdmi partnermi zo Slovenska na V\u00fdstavisku \u010cern\u00e1 louka pri v\u00fdstavbe st\u00e1nkov. S\u00a0organiz\u00e1tormi a\u00a0\u010fal\u0161\u00edmi partnermi zo Slovenska prebrali pl\u00e1n podujat\u00ed a\u00a0projektov, ktor\u00e9 chce \u0161kola v\u00a0bud\u00facnosti realizova\u0165. Stretnutia sa z\u00fa\u010dastnili\u00a0 aj z\u00e1stupcovia \u010deskej centr\u00e1ly CEFIF a partneri z po\u013esk\u00fdch cvi\u010dn\u00fdch firiem.<\/p><div id=\"gallery-2\" class=\"gallery galleryid-3562 gallery-columns-3 gallery-size-thumbnail\"><figure class=\"gallery-item\"><div class=\"gallery-icon portrait\"><a href=\"http:\/\/siov.sk\/ostravsky-veltrh-fiktivnych-firiem-2019\/plejsi-ha-lm_n\/\"><img decoding=\"async\" class=\"attachment-thumbnail size-thumbnail\" src=\"http:\/\/siov.sk\/wp-content\/uploads\/2019\/03\/Plejsi-HA-LM_n-150x150.jpg\" alt=\"\" width=\"150\" height=\"150\" \/><\/a><\/div><\/figure><figure class=\"gallery-item\"><div class=\"gallery-icon portrait\"><a href=\"http:\/\/siov.sk\/ostravsky-veltrh-fiktivnych-firiem-2019\/plejsi-ha-lm-2_n\/\"><img decoding=\"async\" class=\"attachment-thumbnail size-thumbnail\" src=\"http:\/\/siov.sk\/wp-content\/uploads\/2019\/03\/Plejsi-HA-LM-2_n-150x150.jpg\" alt=\"\" width=\"150\" height=\"150\" \/><\/a><\/div><\/figure><figure class=\"gallery-item\"><div class=\"gallery-icon portrait\"><a href=\"http:\/\/siov.sk\/ostravsky-veltrh-fiktivnych-firiem-2019\/plejsi-8_n\/\"><img loading=\"lazy\" decoding=\"async\" class=\"attachment-thumbnail size-thumbnail\" src=\"http:\/\/siov.sk\/wp-content\/uploads\/2019\/03\/Plejsi-8_n-150x150.jpg\" alt=\"\" width=\"150\" height=\"150\" \/><\/a><\/div><div class=\"gallery-icon portrait\"><span style=\"font-size: 16px;\">Druh\u00fd de\u0148 ve\u013etrhu sa z\u00fa\u010dastnili sl\u00e1vnostn\u00e9ho otvorenia, samotn\u00e9ho ve\u013etrhu, realizovan\u00fdch s\u00fa\u0165a\u017e\u00ed cvi\u010dn\u00fdch firiem a\u00a0s\u00fabe\u017en\u00e9ho semin\u00e1ra venovan\u00e9ho t\u00e9me \u201eCvi\u010dn\u00e1 firma \u2013 br\u00e1na do podnikania\u201c. S\u00a0prezent\u00e1ciou s\u00a0rovnomenn\u00fdm n\u00e1zvom vyst\u00fapila Ing. Gabriela Horeck\u00e1\u00a0 v\u00a0r\u00e1mci semin\u00e1ra v predn\u00e1\u0161kovej \u010dasti ve\u013etrhu.\u00a0 Mgr. Marta Maru\u0161incov\u00e1 bola v odbornej porote na hodnotenie Katal\u00f3gu, Vizitky a\u00a0Loga CF.<\/span><\/div><\/figure><\/div><p>Na ve\u013etrhu vystavovalo 35 cvi\u010dn\u00fdch firiem, z\u00a0toho 6 slovensk\u00fdch a\u00a02 po\u013esk\u00e9 CF. Slovensk\u00e9 CF zastupovali Plejsi, s.r.o. z\u00a0Hotelovej akad\u00e9mie z\u00a0Liptovsk\u00e9ho Mikul\u00e1\u0161a, Pr\u00faty, s. r. o. zo Spojenej \u0161koly intern\u00e1tnej s\u00a0poruchami zraku z\u00a0Levo\u010de a\u00a0z\u00a0Ko\u0161\u00edc tri \u0161koly \u2013 Moy-Ko, centrum zdravia zo Strednej zdravotn\u00edckej \u0161koly, COCOSITA, s.r.o. z\u00a0Obchodnej akad\u00e9mie Watsonova 61, \u00a0\u0160atn\u00edk Benefit, s.r.o. a Rentify, s. r. o.\u00a0z\u00a0Obchodnej akad\u00e9mie Pol\u00e1rna 1.<\/p><p>Na\u0161e \u0161koly si u\u017e tradi\u010dne obh\u00e1jili v\u00fdborn\u00e9 umiestnenie v s\u00fa\u0165a\u017eiach cvi\u010dn\u00fdch firiem. Cvi\u010dn\u00e1 firma COCOSITA, s.r.o. z\u00a0Ko\u0161\u00edc obsadila 1. miesto v\u00a0s\u00fa\u0165a\u017ei Najlep\u0161\u00ed st\u00e1nok, 2. miesto za Najlep\u0161\u00ed katal\u00f3g, 2. miesto v\u00a0s\u00fa\u0165a\u017ei Firma v\u00a090 sekund\u00e1ch, 3. miesto za Najlep\u0161\u00ed slogan a\u00a03. miesto za Najorigin\u00e1lnej\u0161\u00ed podnikate\u013esk\u00fd z\u00e1mer. Cvi\u010dn\u00e1 firma Plejsi, s.r.o. z\u00a0Liptovsk\u00e9ho Mikul\u00e1\u0161a z\u00edskala 1. miesto v\u00a0s\u00fa\u0165a\u017ei Najlep\u0161ia prezent\u00e1cia a\u00a03. miesto za Najlep\u0161iu vizitku. Samuel Knut z Moy-Ko, centrum zdravia z\u00a0Ko\u0161\u00edc bol ocenen\u00fd ako 2. najlep\u0161\u00ed reprezentant cvi\u010dnej firmy a Erika Doro\u010d\u00e1kov\u00e1 z Moy-Ko, centrum zdravia obsadila 1. miesto a Ivana Horv\u00e1thov\u00e1 z COCOSITA, s.r.o. 3. miesto v\u00a0kateg\u00f3rii najlep\u0161ia reprezentantka cvi\u010dnej firmy. Rentify, s. r. o.\u00a0z\u00a0Ko\u0161\u00edc z\u00edskala 3. miesto v\u00a0s\u00fa\u0165a\u017ei Firma v\u00a090 sekund\u00e1ch.<\/p><p>Skvel\u00e1 reprezent\u00e1cia Slovenska! V\u0161etk\u00fdm srde\u010dne gratulujeme a\u00a0prajeme ve\u013ea \u00faspechov aj v\u00a0bud\u00facom \u017eivote.<\/p><p><strong><u>V\u00fdsledkov\u00e1 listina 11. ostravsk\u00e9ho veletrhu fiktivn\u00edch firem \u2013 7. 3. 2019<\/u><\/strong><\/p><p><strong>Nejlep\u0161\u00ed firma<\/strong><\/p><table width=\"0\"><tbody><tr><td width=\"71\"><strong>Um\u00edst\u011bn\u00ed<\/strong><\/td><td width=\"175\"><strong>Firma<\/strong><\/td><td width=\"66\"><strong>Um\u00edst\u011bn\u00ed<\/strong><\/td><td width=\"274\"><strong>Firma<\/strong><\/td><\/tr><tr><td width=\"71\"><strong>1.<\/strong><\/td><td width=\"175\"><strong>DOGGIE\u00b4S, s.r.o.<\/strong><\/td><td width=\"66\">6.<\/td><td width=\"274\">DinhCorp, s.r.o.<\/td><\/tr><tr><td width=\"71\"><strong>2.<\/strong><\/td><td width=\"175\"><strong>\u017denich a Nev\u011bsta, s.r.o.<\/strong><\/td><td width=\"66\">7.<\/td><td width=\"274\">Happy Rain, s.r.o.<\/td><\/tr><tr><td width=\"71\"><strong>3.<\/strong><\/td><td width=\"175\"><strong>U spln\u011bn\u00fdch p\u0159\u00e1n\u00ed, s.r.o.<\/strong><\/td><td width=\"66\">8.<\/td><td width=\"274\">Live Wood, s.r.o.<\/td><\/tr><tr><td width=\"71\">4.<\/td><td width=\"175\">FAJNA pek\u00e1rna, s.r.o.<\/td><td width=\"66\">9.<\/td><td width=\"274\">Plejsi, s.r.o.<\/td><\/tr><tr><td width=\"71\">5.<\/td><td width=\"175\">Moy-Ko, centrum zdravia<\/td><td width=\"66\">10.<\/td><td width=\"274\">Vodop\u00e1d p\u0159\u00e1n\u00ed, s.r.o.<\/td><\/tr><\/tbody><\/table><p><strong>\u00a0<\/strong><strong style=\"font-style: inherit; color: var( --e-global-color-text ); font-family: var( --e-global-typography-text-font-family ), Sans-serif;\">Nejlep\u0161\u00ed st\u00e1nek<\/strong><\/p><table width=\"0\"><tbody><tr><td width=\"71\"><strong>Um\u00edst\u011bn\u00ed<\/strong><\/td><td width=\"175\"><strong>Firma<\/strong><\/td><td width=\"66\"><strong>Um\u00edst\u011bn\u00ed<\/strong><\/td><td width=\"274\"><strong>Firma<\/strong><\/td><\/tr><tr><td width=\"71\"><strong>1.<\/strong><\/td><td width=\"175\"><strong>COCOSITA, s.r.o.<\/strong><\/td><td width=\"66\">6.<\/td><td width=\"274\">Lucky Caf\u00e9, s.r.o.<\/td><\/tr><tr><td width=\"71\"><strong>2.<\/strong><\/td><td width=\"175\"><strong>Flowi, s.r.o.<\/strong><\/td><td width=\"66\">7.<\/td><td width=\"274\">A\u017e do domu, s.r.o.<\/td><\/tr><tr><td width=\"71\"><strong>3.<\/strong><\/td><td width=\"175\"><strong>Language Academy, s.r.o.<\/strong><\/td><td width=\"66\">8.<\/td><td width=\"274\">APIS, Ltd.<\/td><\/tr><tr><td width=\"71\">4.<\/td><td width=\"175\">FAJNA pek\u00e1rna, s.r.o.<\/td><td width=\"66\">9.<\/td><td width=\"274\">\u017denich a Nev\u011bsta, s.r.o.<\/td><\/tr><tr><td width=\"71\">5.<\/td><td width=\"175\">Plejsi, s.r.o.<\/td><td width=\"66\">10.<\/td><td width=\"274\">The\u00a0 WORLD OF WINE, Ltd.<\/td><\/tr><\/tbody><\/table><p><strong>\u00a0<\/strong><strong style=\"font-style: inherit; color: var( --e-global-color-text ); font-family: var( --e-global-typography-text-font-family ), Sans-serif;\">Nejlep\u0161\u00ed prezentace<\/strong><\/p><table width=\"0\"><tbody><tr><td width=\"71\"><strong>Um\u00edst\u011bn\u00ed<\/strong><\/td><td width=\"175\"><strong>Firma<\/strong><\/td><td width=\"66\"><strong>Um\u00edst\u011bn\u00ed<\/strong><\/td><td width=\"274\"><strong>Firma<\/strong><\/td><\/tr><tr><td width=\"71\"><strong>1.<\/strong><\/td><td width=\"175\"><strong>Plejsi, s.r.o.<\/strong><\/td><td width=\"66\">5. \u2013 6.<\/td><td width=\"274\">Lucky Caf\u00e9, s.r.o.<\/td><\/tr><tr><td width=\"71\"><strong>2.<\/strong><\/td><td width=\"175\"><strong>FAJNA<\/strong><strong>\u00a0pek\u00e1rna, s.r.o.\u00a0 \u00a0<\/strong><\/td><td width=\"66\">7.<\/td><td width=\"274\">Moy-Ko, centrum zdravia<\/td><\/tr><tr><td width=\"71\"><strong>3.<\/strong><\/td><td width=\"175\"><strong>APIS, Ltd.\u00a0 \u00a0<\/strong><\/td><td width=\"66\">8. \u2013 10.<\/td><td width=\"274\">Rentify,\u00a0 s.r.o.<\/td><\/tr><tr><td width=\"71\">4.<\/td><td width=\"175\">DOGGIE\u00b4S, s.r.o.\u00a0 \u00a0<\/td><td width=\"66\">\u00a0<\/td><td width=\"274\">COCOSITA, s.r.o.<\/td><\/tr><tr><td width=\"71\">5. \u2013 6.<\/td><td width=\"175\">Flowi, s.r.o.,<\/td><td width=\"66\">\u00a0<\/td><td width=\"274\">World Travel, s.r.o.\u00a0 \u00a0 \u00a0<\/td><\/tr><\/tbody><\/table><p><strong>\u00a0<\/strong><strong style=\"font-style: inherit; color: var( --e-global-color-text ); font-family: var( --e-global-typography-text-font-family ), Sans-serif;\">Nejlep\u0161\u00ed reprezentant<\/strong><\/p><table width=\"0\"><tbody><tr><td width=\"71\"><strong>Um\u00edst\u011bn\u00ed<\/strong><\/td><td width=\"288\"><strong>Jm\u00e9no \u2013 firma<\/strong><\/td><\/tr><tr><td width=\"71\"><strong>1.<\/strong><\/td><td width=\"288\"><strong>Martin Hasaj \u2013\u00a0 Rentifi, s.r.o.<\/strong><\/td><\/tr><tr><td width=\"71\">2.<\/td><td width=\"288\">Samuel Knut \u2013\u00a0 Moy-Ko, centrum zdravia<\/td><\/tr><tr><td width=\"71\">3.<\/td><td width=\"288\">Jakub Kro\u010dek \u2013 Lucky Caf\u00e9, s.r.o.<\/td><\/tr><tr><td width=\"71\">4.<\/td><td width=\"288\">Ond\u0159ej Kousal \u2013 World Travel Lines, s.r.o.<\/td><\/tr><tr><td width=\"71\">5.<\/td><td width=\"288\">Jakub \u0160ramko \u2013 Live WOOD s.r.o.<\/td><\/tr><\/tbody><\/table><p><strong>\u00a0<\/strong><strong style=\"font-style: inherit; color: var( --e-global-color-text ); font-family: var( --e-global-typography-text-font-family ), Sans-serif;\">Nejlep\u0161\u00ed reprezentantka<\/strong><\/p><table width=\"0\"><tbody><tr><td width=\"71\"><strong>Um\u00edst\u011bn\u00ed<\/strong><\/td><td width=\"288\"><strong>Jm\u00e9no \u2013 firma<\/strong><\/td><\/tr><tr><td width=\"71\"><strong>1.<\/strong><\/td><td width=\"288\"><strong>Erika Doro\u010d\u00e1kov\u00e1 \u2013 Moy-Ko, centrum zdravia<\/strong><\/td><\/tr><tr><td width=\"71\">2.<\/td><td width=\"288\">Ad\u00e9la \u0160pa\u0148helov\u00e1 \u2013 DOGGIE\u00b4S, s.r.o.<\/td><\/tr><tr><td width=\"71\">3.<\/td><td width=\"288\">Ivana Horv\u00e1thov\u00e1 \u2013 COCOSITA, s.r.o.<\/td><\/tr><tr><td width=\"71\">4.<\/td><td width=\"288\">Katka Brziakov\u00e1 \u2013 Plejsi, s.r.o.<\/td><\/tr><tr><td width=\"71\">5.<\/td><td width=\"288\">Tereza Halam\u00ed\u010dkov\u00e1 \u2013 Fancy Flowers, s.r.o.<\/td><\/tr><\/tbody><\/table><p><strong>\u00a0<\/strong><strong style=\"font-style: inherit; color: var( --e-global-color-text ); font-family: var( --e-global-typography-text-font-family ), Sans-serif;\">Nejlep\u0161\u00ed katalog<\/strong><\/p><table width=\"0\"><tbody><tr><td width=\"71\"><strong>Um\u00edst\u011bn\u00ed<\/strong><\/td><td width=\"203\"><strong>Firma<\/strong><\/td><\/tr><tr><td width=\"71\"><strong>1.<\/strong><\/td><td width=\"203\"><strong>THE WORLD OF WINE, Ltd.<\/strong><\/td><\/tr><tr><td width=\"71\">2.<\/td><td width=\"203\">COCOSITA, s. r. o.<\/td><\/tr><tr><td width=\"71\">3.<\/td><td width=\"203\">Flowi, s. r. o.<\/td><\/tr><tr><td width=\"71\">4.<\/td><td width=\"203\">Plejsi, s. r. o.<\/td><\/tr><tr><td width=\"71\">5.<\/td><td width=\"203\">Rentify, s. r. o.<\/td><\/tr><\/tbody><\/table><p><strong>\u00a0<\/strong><strong style=\"font-style: inherit; color: var( --e-global-color-text ); font-family: var( --e-global-typography-text-font-family ), Sans-serif;\">Nejlep\u0161\u00ed firemn\u00ed slogan<\/strong><\/p><table width=\"0\"><tbody><tr><td width=\"71\"><strong>Um\u00edst\u011bn\u00ed<\/strong><\/td><td width=\"203\"><strong>Firma<\/strong><\/td><\/tr><tr><td width=\"71\"><strong>1.<\/strong><\/td><td width=\"203\"><strong>\u017denich a Nev\u011bsta, s. r. o.<\/strong><\/td><\/tr><tr><td width=\"71\">2.<\/td><td width=\"203\">DinhCorp, s. r. o.<\/td><\/tr><tr><td width=\"71\">3.<\/td><td width=\"203\">COCOSITA, s. r. o.<\/td><\/tr><tr><td width=\"71\">4.<\/td><td width=\"203\">Lucky Caf\u00e9, s. r. o.<\/td><\/tr><tr><td width=\"71\">5.<\/td><td width=\"203\">FAJNA pek\u00e1rna, s. r. o.<\/td><\/tr><\/tbody><\/table><p><strong>\u00a0<\/strong><strong style=\"font-style: inherit; color: var( --e-global-color-text ); font-family: var( --e-global-typography-text-font-family ), Sans-serif;\">Nejlep\u0161\u00ed vizitka<\/strong><\/p><table width=\"0\"><tbody><tr><td width=\"71\"><strong>Um\u00edst\u011bn\u00ed<\/strong><\/td><td width=\"203\"><strong>Firma<\/strong><\/td><\/tr><tr><td width=\"71\"><strong>1.<\/strong><\/td><td width=\"203\"><strong>Happy Rain, s. r. o.<\/strong><\/td><\/tr><tr><td width=\"71\">2.<\/td><td width=\"203\">THE WORLD OF WINE, Ltd.<\/td><\/tr><tr><td width=\"71\">3.<\/td><td width=\"203\">Plejsi, s. r. o.<\/td><\/tr><tr><td width=\"71\">4.<\/td><td width=\"203\">Rentify, s. r. o.<\/td><\/tr><tr><td width=\"71\">5.<\/td><td width=\"203\">SNACK PLANET, s. r. o.<\/td><\/tr><\/tbody><\/table><p><strong>\u00a0<\/strong><strong style=\"font-style: inherit; color: var( --e-global-color-text ); font-family: var( --e-global-typography-text-font-family ), Sans-serif;\">Firma v\u00a090 sekund\u00e1ch<\/strong><\/p><table width=\"0\"><tbody><tr><td width=\"71\"><strong>Um\u00edst\u011bn\u00ed<\/strong><\/td><td width=\"203\"><strong>Firma<\/strong><\/td><\/tr><tr><td width=\"71\"><strong>1.<\/strong><\/td><td width=\"203\"><strong>SNACK PLANET, s. r. o.<\/strong><\/td><\/tr><tr><td width=\"71\">2.<\/td><td width=\"203\">COCOSITA, s. r. o<\/td><\/tr><tr><td width=\"71\">3.<\/td><td width=\"203\">Rentify, s. r. o.\u00a0<\/td><\/tr><tr><td width=\"71\">4.<\/td><td width=\"203\">DOGGIE\u00b4S, s. r. o.\u00a0<\/td><\/tr><tr><td width=\"71\">5.<\/td><td width=\"203\">YOUR Living, s. r. o.\u00a0<\/td><\/tr><\/tbody><\/table><p><strong>\u00a0<\/strong><strong style=\"font-style: inherit; color: var( --e-global-color-text ); font-family: var( --e-global-typography-text-font-family ), Sans-serif;\">Nejorigin\u00e1ln\u011bj\u0161\u00ed podnikatelsk\u00fd z\u00e1m\u011br<\/strong><\/p><table width=\"0\"><tbody><tr><td width=\"71\"><strong>Um\u00edst\u011bn\u00ed<\/strong><\/td><td width=\"203\"><strong>Firma<\/strong><\/td><\/tr><tr><td width=\"71\"><strong>1.<\/strong><\/td><td width=\"203\"><strong>DinhCorp, s.r.o.<\/strong><\/td><\/tr><tr><td width=\"71\">2.<\/td><td width=\"203\">Happy Rain, s.r.o.<\/td><\/tr><tr><td width=\"71\">3.<\/td><td width=\"203\">COCOSITA, s.r.o.<\/td><\/tr><tr><td width=\"71\">4.<\/td><td width=\"203\">\u0160atn\u00edk Benefit, s.r.o.<\/td><\/tr><tr><td width=\"71\">5.<\/td><td width=\"203\">A\u017e do domu, s.r.o.<\/td><\/tr><\/tbody><\/table><\/div><hr \/><h3><strong>Ostravsk\u00fd ve\u013etrh cvi\u010dn\u00fdch firiem 2017<\/strong><\/h3><p style=\"text-align: justify;\">Vyvrcholen\u00edm \u010dinnosti cvi\u010dnej firmy je \u00fa\u010das\u0165 na medzin\u00e1rodnom ve\u013etrhu. Pr\u00e1ve tu m\u00e1 firma pr\u00edle\u017eitos\u0165\u00a0 reprezentova\u0165 v\u00a0priestore re\u00e1lneho v\u00fdstaviska svoju firmu, re\u00e1lneho partnera a\u00a0svoju \u0161kolu.\u00a0 Taktie\u017e m\u00e1 mo\u017enos\u0165\u00a0 porovna\u0165 \u00farove\u0148 svojej firmy s\u00a0in\u00fdmi v\u00a0medzin\u00e1rodnom meradle.<\/p><p style=\"text-align: justify;\">K\u00fapi\u0165 si na jednom mieste luxusn\u00e9 auto, z\u00e1jazd, kol\u00e1\u010de, tla\u010diarne, z\u00e1clony alebo si necha\u0165 ve\u0161ti\u0165 bud\u00facnos\u0165 a\u00a0objedna\u0165 upratovaciu firmu? Je to v\u00f4bec mo\u017en\u00e9? Ale samozrejme. Sta\u010dilo len pr\u00eds\u0165 v stredu 22. febru\u00e1ra 2017 na \u201e\u010cernou louku\u201c. Toto v\u0161etko pon\u00fakali firmy, ktor\u00e9 sa z\u00fa\u010dastnili na \u201e 9. ostravskom veletrhu fiktivn\u00edch firem\u201c.<\/p><p><img loading=\"lazy\" decoding=\"async\" class=\"size-full wp-image-127 aligncenter\" src=\"http:\/\/siov.sk\/wp-content\/uploads\/2019\/01\/Ostravsky-veltrh-cvicnych-firiem-01.jpg\" alt=\"Ostravsk\u00fd ve\u013etrh cvi\u010dn\u00fdch firiem\" width=\"480\" height=\"270\" srcset=\"https:\/\/archiv.siov.sk\/wp-content\/uploads\/2019\/01\/Ostravsky-veltrh-cvicnych-firiem-01.jpg 480w, https:\/\/archiv.siov.sk\/wp-content\/uploads\/2019\/01\/Ostravsky-veltrh-cvicnych-firiem-01-300x169.jpg 300w\" sizes=\"(max-width: 480px) 100vw, 480px\" \/><\/p><p style=\"text-align: justify;\">Tento rok sa na ve\u013etrh\u00a0 prihl\u00e1sil rekordn\u00fd po\u010det cvi\u010dn\u00fdch firiem, celkom 33, a to nielen z\u00a0\u010ceskej republiky, ale aj 5 zo Slovenska a\u00a02 z Po\u013eska. D\u00f4le\u017eitos\u0165 akcie potvrdzuje aj \u00fa\u010das\u0165 host\u00ed. Ostravsk\u00fd ve\u013etrh sa konal pod z\u00e1\u0161titou Martina \u0160t\u011bp\u00e1nka, n\u00e1mestn\u00edka prim\u00e1tora mesta Ostrava a svojou n\u00e1v\u0161tevou poctil podujatie aj europoslanec Ev\u017een To\u0161enovsk\u00fd a Patrik Hujdus, miestostarosta mestsk\u00e9ho obvodu Ostrava &#8211; Mari\u00e1nsk\u00e9 Hory.<\/p><p><img loading=\"lazy\" decoding=\"async\" class=\"size-full wp-image-128 aligncenter\" src=\"http:\/\/siov.sk\/wp-content\/uploads\/2019\/01\/Ostravsky-veltrh-cvicnych-firiem-02.jpg\" alt=\"Ostravsk\u00fd ve\u013etrh cvi\u010dn\u00fdch firiem\" width=\"480\" height=\"270\" srcset=\"https:\/\/archiv.siov.sk\/wp-content\/uploads\/2019\/01\/Ostravsky-veltrh-cvicnych-firiem-02.jpg 480w, https:\/\/archiv.siov.sk\/wp-content\/uploads\/2019\/01\/Ostravsky-veltrh-cvicnych-firiem-02-300x169.jpg 300w\" sizes=\"(max-width: 480px) 100vw, 480px\" \/><\/p><p style=\"text-align: justify;\">Cvi\u010dn\u00e1 firma MarilynCafe, s. r. o.\u00a0 z\u00a0HA z Liptovsk\u00e9ho Mikul\u00e1\u0161a sa tie\u017e z\u00fa\u010dastnila medzin\u00e1rodn\u00e9ho ve\u013etrhu cvi\u010dn\u00fdch firiem v\u00a0Ostrave, kde sa stala najlep\u0161ou firmou ve\u013etrhu \u2013 absol\u00fatnou\u00a0 v\u00ed\u0165azkou, a\u00a0v\u00a0jednotliv\u00fdch s\u00fa\u0165a\u017en\u00fdch kateg\u00f3ri\u00e1ch \u00a0z\u00edskala 2. miesto za prezent\u00e1ciu firmy \u00a0a\u00a03. miesto za katal\u00f3g. Tento \u00faspech n\u00e1s te\u0161\u00ed a\u00a0hlavne motivuje v\u00a0\u010fal\u0161ej na\u0161ej \u010dinnosti a\u00a0\u00fa\u010dasti na medzin\u00e1rodn\u00fdch ve\u013etrhoch.<\/p><p style=\"text-align: justify;\">Cvi\u010dn\u00e1 firma MarilynCafe, s. r. o.\u00a0 \u010fakuje re\u00e1lnemu partnerovi a\u00a0vedeniu \u0161koly za odborn\u00fa a\u00a0finan\u010dn\u00fa pomoc.<\/p><p style=\"text-align: justify;\">V\u00fdsledkov\u00e1 listina 9. ostravsk\u00e9ho ve\u013etrhu cvi\u010dn\u00fdch firiem \u00a0\u2013 22. 2. 2017<\/p><p>(viac n\u00e1jdete na <a href=\"http:\/\/www.oao.cz\/index.php\/20-stalo-se\/cizi-jazyky\/618-fiktivni-firmy-cile-obchodovaly-na-cerne-louce\">http:\/\/www.oao.cz\/index.php\/20-stalo-se\/cizi-jazyky\/618-fiktivni-firmy-cile-obchodovaly-na-cerne-louce<\/a>)<\/p><p><strong>Najlep\u0161ia firma<\/strong><\/p><ol><li><strong>miesto \u00a0MarylinCafe,<\/strong> s.r.o., Hotelov\u00e1 akad\u00e9mia, Liptovsk\u00fd Mikul\u00e1\u0161<\/li><li><strong>miesto MINITT, s.r.o., <\/strong>Obchodn\u00e1 akad\u00e9mia, Ko\u0161ice<\/li><li><strong>miesto GREEN CORNER, <\/strong>Zesp\u00f3\u0142 Szk\u00f3\u0142 Ponadgimnazjalnych Nr 3, Stalowa Wola<\/li><li><strong>miesto Monroe fashion, s.r.o.<\/strong>, PrimMat, Fr\u00fddek-M\u00edstek<\/li><li><strong>miesto OA Wheals, s.r.o.,<\/strong> OA a VO\u0160S, Ostrava-Mari\u00e1nsk\u00e9 Hory<\/li><li><strong>miesto SuperM\u00e1my, s.r.o., <\/strong>\u00a0PrimMat, Fr\u00fddek-M\u00edstek<\/li><li><strong>miesto \u0160vadlenka, s.r.o.,<\/strong> OA a VO\u0160, Vala\u0161sk\u00e9 Mezi\u0159\u00ed\u010d\u00ed<\/li><li><strong>miesto Animalium, s.r.o.,<\/strong> OA a VO\u0160S, Ostrava-Mari\u00e1nsk\u00e9 Hory<\/li><li><strong>miesto Daily DONUTS,<\/strong> s.r.o., PrimMat, Fr\u00fddek-M\u00edstek<\/li><li><strong>miesto INDMAR, s.r.o.,<\/strong> SP\u0160 a OA, B\u0159eclav<\/li><\/ol><p><img loading=\"lazy\" decoding=\"async\" class=\"size-full wp-image-129 aligncenter\" src=\"http:\/\/siov.sk\/wp-content\/uploads\/2019\/01\/Ostravsky-veltrh-cvicnych-firiem-03.jpg\" alt=\"Ostravsk\u00fd ve\u013etrh cvi\u010dn\u00fdch firiem\" width=\"960\" height=\"540\" srcset=\"https:\/\/archiv.siov.sk\/wp-content\/uploads\/2019\/01\/Ostravsky-veltrh-cvicnych-firiem-03.jpg 960w, https:\/\/archiv.siov.sk\/wp-content\/uploads\/2019\/01\/Ostravsky-veltrh-cvicnych-firiem-03-300x169.jpg 300w, https:\/\/archiv.siov.sk\/wp-content\/uploads\/2019\/01\/Ostravsky-veltrh-cvicnych-firiem-03-768x432.jpg 768w, https:\/\/archiv.siov.sk\/wp-content\/uploads\/2019\/01\/Ostravsky-veltrh-cvicnych-firiem-03-480x270.jpg 480w\" sizes=\"(max-width: 960px) 100vw, 960px\" \/><\/p><p style=\"text-align: justify;\"><strong>Cvi\u010dn\u00e1 firma z\u00a0Liptovsk\u00e9ho Mikul\u00e1\u0161a, absol\u00fatnemu v\u00ed\u0165azovi ostravsk\u00e9ho ve\u013etrhu, \u00a0u\u010darovala k\u00e1va<\/strong><\/p><p style=\"text-align: justify;\">Cvi\u010dn\u00e1 firma MarilynCafe, s. r. o. zalo\u017een\u00e1 v\u00a0\u0161kolskom roku 2016\/2017 \u017eiakmi II. ro\u010dn\u00edka \u0161tudijn\u00e9ho odboru Pracovn\u00edk marketingu\u00a0 &#8211; zameranie obchod\u00a0 v\u00a0 Hotelovej akad\u00e9mii\u00a0 v\u00a0Liptovskom Mikul\u00e1\u0161i\u00a0\u00a0 za\u010dala p\u00edsa\u0165 u\u017e\u00a0 12-ro\u010dn\u00fa trad\u00edciu cvi\u010dn\u00fdch firiem na \u0161kole. Predmet Cvi\u010dn\u00e1 firma simuluje procesy re\u00e1lnej firmy a\u00a0\u0161tudenti z\u00edskavaj\u00fa cenn\u00e9 a\u00a0jedine\u010dn\u00e9 sk\u00fasenosti s\u00a0podnikan\u00edm.<\/p><p style=\"text-align: justify;\">\u017diaci \u2013 \u201ezamestnanci\u201c cvi\u010dnej firmy MarilynCafe, s. r. o.\u00a0 sa rozhodli vo svojej \u010dinnosti venova\u0165 \u201e svetu k\u00e1vy\u201c, ktor\u00e1 je jedn\u00fdm z\u00a0najob\u013e\u00fabenej\u0161\u00edch n\u00e1pojov na svete. U\u017e samotn\u00e9 vyslovenie toho slova\u00a0 vyvol\u00e1va pr\u00edjemn\u00e9 pocity a\u00a0mnoh\u00ed z\u00a0n\u00e1s ju pij\u00fa pravidelne, ke\u010f\u017ee n\u00e1m pom\u00e1ha pre\u017ei\u0165 ru\u0161n\u00fd program ka\u017edodenn\u00fdch \u017eivotov.<\/p><p style=\"text-align: justify;\">Po vz\u00e1jomnej dohode s\u00a0re\u00e1lnym partnerom \u2013 prvou pra\u017eiar\u0148ou k\u00e1vy Aurelica Coffee na Liptove,\u00a0 prezentovanou jej majite\u013eom \u2013 absolventom na\u0161ej \u0161koly\u00a0 Marekom Benikovsk\u00fdm, sme po\u017eiadali Slovensk\u00e9 centrum cvi\u010dn\u00fdch firiem o\u00a0vystavenie zakladate\u013esk\u00fdch dokumentov a\u00a0po ich z\u00edskan\u00ed sme sa pustili do pr\u00e1ce. Na\u0161e prv\u00e9 kroky viedli do pra\u017eiarne AurelicaCoffe, kde n\u00e1m Marek vysvetlil n\u00e1ro\u010dn\u00fd, ale\u00a0 pre v\u00f4\u0148u, chu\u0165\u00a0 a vzh\u013ead k\u00e1vy ve\u013emi d\u00f4le\u017eit\u00fd\u00a0 proces pra\u017eenia zelen\u00fdch k\u00e1vov\u00fdch z\u0155n.<\/p><p style=\"text-align: justify;\">Z\u00e1rove\u0148 n\u00e1s obozn\u00e1mil s\u00a0jednotliv\u00fdmi pestovate\u013esk\u00fdmi oblas\u0165ami a\u00a0v\u00fdberov\u00fdmi k\u00e1vami, ktor\u00e9 vo svojej pra\u017eiarni pra\u017e\u00ed, expeduje a\u00a0vo svojej malej, ale milej kaviarni\u010dke pod\u00e1va. Tu sme si uvedomili, \u017ee ku skvel\u00e9mu p\u00f4\u017eitku z\u00a0k\u00e1vy vedie k\u00a0samotn\u00e9mu zrnku ve\u013emi dlh\u00e1 a\u00a0n\u00e1ro\u010dn\u00e1 cesta .<\/p><blockquote><p>Ako ka\u017ed\u00e1 re\u00e1lna firma, aj my sme si zadefinovali n\u00e1\u0161 predmet podnikania, ktor\u00fdm je pra\u017eenie k\u00e1vy, predaj pra\u017eenej k\u00e1vy, organizovanie baristick\u00fdch kurzov a\u00a0r\u00f4znych k\u00e1vov\u00fdch cateringov.<\/p><\/blockquote><p style=\"text-align: justify;\">Na\u0161imi ponukami sme\u00a0 z\u00a0datab\u00e1zy Slovensk\u00e9ho centra cvi\u010dn\u00fdch firiem\u00a0 a\u00a0svetov\u00e9ho zdru\u017eenia cvi\u010dn\u00fdch firiem Europen-PEN International oslovovali potencion\u00e1lnych obchodn\u00fdch partnerov. Dokonca sa n\u00e1m \u00faspe\u0161ne dar\u00ed spolupracova\u0165 s\u00a0cvi\u010dnou firmou z\u00a0Kene. Ke\u0148a patr\u00ed medzi najzn\u00e1mej\u0161iu pestovate\u013esk\u00fa oblas\u0165 v\u00fdberovej k\u00e1vy arabika.<\/p>\t\t\t\t\t\t\t\t<\/div>\n\t\t\t\t<\/div>\n\t\t\t\t\t<\/div>\n\t\t<\/div>\n\t\t\t\t\t<\/div>\n\t\t<\/section>\n\t\t\t\t<\/div>","protected":false},"excerpt":{"rendered":"<p>Ostravsk\u00fd ve\u013etrh cvi\u010dn\u00fdch firiem Ostravsk\u00fd ve\u013etrh fikt\u00edvnych firiem 2019 \u00a0 V porad\u00ed 11. ro\u010dn\u00edk Ostravsk\u00e9ho ve\u013etrhu fikt\u00edvnych firiem s\u00a0medzin\u00e1rodnou \u00fa\u010das\u0165ou sa uskuto\u010dnil v\u00a0d\u0148och 6. \u2013 7. marca 2019 u\u017e tradi\u010dne v\u00a0priestoroch v\u00fdstaviska \u010cern\u00e1 louka \u2013 pavil\u00f3n A. Usporiadate\u013eom bola Obchodn\u00e1 akad\u00e9mia a\u00a0Vy\u0161\u0161ia odborn\u00e1 \u0161kola soci\u00e1lna, Ostrava \u2013 Mari\u00e1nsk\u00e9 Hory. Odbor finan\u010dnej gramotnosti a\u00a0Slovensk\u00e9 centrum cvi\u010dn\u00fdch [&hellip;]<\/p>\n","protected":false},"author":1,"featured_media":0,"parent":114,"menu_order":0,"comment_status":"closed","ping_status":"closed","template":"","meta":{"site-sidebar-layout":"default","site-content-layout":"default","ast-site-content-layout":"default","site-content-style":"default","site-sidebar-style":"default","ast-global-header-display":"","ast-banner-title-visibility":"","ast-main-header-display":"","ast-hfb-above-header-display":"","ast-hfb-below-header-display":"","ast-hfb-mobile-header-display":"","site-post-title":"disabled","ast-breadcrumbs-content":"","ast-featured-img":"","footer-sml-layout":"","ast-disable-related-posts":"","theme-transparent-header-meta":"default","adv-header-id-meta":"","stick-header-meta":"","header-above-stick-meta":"","header-main-stick-meta":"","header-below-stick-meta":"","astra-migrate-meta-layouts":"default","ast-page-background-enabled":"default","ast-page-background-meta":{"desktop":{"background-color":"var(--ast-global-color-4)","background-image":"","background-repeat":"repeat","background-position":"center center","background-size":"auto","background-attachment":"scroll","background-type":"","background-media":"","overlay-type":"","overlay-color":"","overlay-opacity":"","overlay-gradient":""},"tablet":{"background-color":"","background-image":"","background-repeat":"repeat","background-position":"center center","background-size":"auto","background-attachment":"scroll","background-type":"","background-media":"","overlay-type":"","overlay-color":"","overlay-opacity":"","overlay-gradient":""},"mobile":{"background-color":"","background-image":"","background-repeat":"repeat","background-position":"center center","background-size":"auto","background-attachment":"scroll","background-type":"","background-media":"","overlay-type":"","overlay-color":"","overlay-opacity":"","overlay-gradient":""}},"ast-content-background-meta":{"desktop":{"background-color":"var(--ast-global-color-5)","background-image":"","background-repeat":"repeat","background-position":"center center","background-size":"auto","background-attachment":"scroll","background-type":"","background-media":"","overlay-type":"","overlay-color":"","overlay-opacity":"","overlay-gradient":""},"tablet":{"background-color":"var(--ast-global-color-5)","background-image":"","background-repeat":"repeat","background-position":"center center","background-size":"auto","background-attachment":"scroll","background-type":"","background-media":"","overlay-type":"","overlay-color":"","overlay-opacity":"","overlay-gradient":""},"mobile":{"background-color":"var(--ast-global-color-5)","background-image":"","background-repeat":"repeat","background-position":"center center","background-size":"auto","background-attachment":"scroll","background-type":"","background-media":"","overlay-type":"","overlay-color":"","overlay-opacity":"","overlay-gradient":""}},"footnotes":""},"class_list":["post-126","page","type-page","status-publish","hentry"],"yoast_head":"<!-- This site is optimized with the Yoast SEO plugin v27.5 - https:\/\/yoast.com\/product\/yoast-seo-wordpress\/ -->\n<title>Ostravsk\u00fd ve\u013etrh cvi\u010dn\u00fdch firiem - \u0160IOV - \u0161t\u00e1tny in\u0161tit\u00fat odborn\u00e9ho vzdel\u00e1vania<\/title>\n<meta name=\"robots\" content=\"index, follow, max-snippet:-1, max-image-preview:large, max-video-preview:-1\" \/>\n<link rel=\"canonical\" href=\"https:\/\/archiv.siov.sk\/en\/cvicne-firmy\/veltrhy-a-sutaze\/ostravsky-veltrh-cvicnych-firiem\/\" \/>\n<meta property=\"og:locale\" content=\"en_GB\" \/>\n<meta property=\"og:type\" content=\"article\" \/>\n<meta property=\"og:title\" content=\"Ostravsk\u00fd ve\u013etrh cvi\u010dn\u00fdch firiem - \u0160IOV - \u0161t\u00e1tny in\u0161tit\u00fat odborn\u00e9ho vzdel\u00e1vania\" \/>\n<meta property=\"og:description\" content=\"Ostravsk\u00fd ve\u013etrh cvi\u010dn\u00fdch firiem Ostravsk\u00fd ve\u013etrh fikt\u00edvnych firiem 2019 \u00a0 V porad\u00ed 11. ro\u010dn\u00edk Ostravsk\u00e9ho ve\u013etrhu fikt\u00edvnych firiem s\u00a0medzin\u00e1rodnou \u00fa\u010das\u0165ou sa uskuto\u010dnil v\u00a0d\u0148och 6. \u2013 7. marca 2019 u\u017e tradi\u010dne v\u00a0priestoroch v\u00fdstaviska \u010cern\u00e1 louka \u2013 pavil\u00f3n A. Usporiadate\u013eom bola Obchodn\u00e1 akad\u00e9mia a\u00a0Vy\u0161\u0161ia odborn\u00e1 \u0161kola soci\u00e1lna, Ostrava \u2013 Mari\u00e1nsk\u00e9 Hory. Odbor finan\u010dnej gramotnosti a\u00a0Slovensk\u00e9 centrum cvi\u010dn\u00fdch [&hellip;]\" \/>\n<meta property=\"og:url\" content=\"https:\/\/archiv.siov.sk\/en\/cvicne-firmy\/veltrhy-a-sutaze\/ostravsky-veltrh-cvicnych-firiem\/\" \/>\n<meta property=\"og:site_name\" content=\"\u0160IOV - \u0161t\u00e1tny in\u0161tit\u00fat odborn\u00e9ho vzdel\u00e1vania\" \/>\n<meta property=\"article:publisher\" content=\"https:\/\/www.facebook.com\/Statnyinstitutodbornehovzdelavania\" \/>\n<meta property=\"article:modified_time\" content=\"2021-07-23T06:21:11+00:00\" \/>\n<meta property=\"og:image\" content=\"https:\/\/archiv.siov.sk\/wp-content\/uploads\/2019\/03\/fiktivna-firma-ostrava-2019.jpg\" \/>\n<meta name=\"twitter:card\" content=\"summary_large_image\" \/>\n<meta name=\"twitter:label1\" content=\"Estimated reading time\" \/>\n\t<meta name=\"twitter:data1\" content=\"8 minutes\" \/>\n<script type=\"application\/ld+json\" class=\"yoast-schema-graph\">{\"@context\":\"https:\\\/\\\/schema.org\",\"@graph\":[{\"@type\":\"WebPage\",\"@id\":\"https:\\\/\\\/archiv.siov.sk\\\/en\\\/cvicne-firmy\\\/veltrhy-a-sutaze\\\/ostravsky-veltrh-cvicnych-firiem\\\/\",\"url\":\"https:\\\/\\\/archiv.siov.sk\\\/en\\\/cvicne-firmy\\\/veltrhy-a-sutaze\\\/ostravsky-veltrh-cvicnych-firiem\\\/\",\"name\":\"Ostravsk\u00fd ve\u013etrh cvi\u010dn\u00fdch firiem - \u0160IOV - \u0161t\u00e1tny in\u0161tit\u00fat odborn\u00e9ho vzdel\u00e1vania\",\"isPartOf\":{\"@id\":\"https:\\\/\\\/archiv.siov.sk\\\/#website\"},\"primaryImageOfPage\":{\"@id\":\"https:\\\/\\\/archiv.siov.sk\\\/en\\\/cvicne-firmy\\\/veltrhy-a-sutaze\\\/ostravsky-veltrh-cvicnych-firiem\\\/#primaryimage\"},\"image\":{\"@id\":\"https:\\\/\\\/archiv.siov.sk\\\/en\\\/cvicne-firmy\\\/veltrhy-a-sutaze\\\/ostravsky-veltrh-cvicnych-firiem\\\/#primaryimage\"},\"thumbnailUrl\":\"https:\\\/\\\/archiv.siov.sk\\\/wp-content\\\/uploads\\\/2019\\\/03\\\/fiktivna-firma-ostrava-2019.jpg\",\"datePublished\":\"2019-01-25T09:57:18+00:00\",\"dateModified\":\"2021-07-23T06:21:11+00:00\",\"breadcrumb\":{\"@id\":\"https:\\\/\\\/archiv.siov.sk\\\/en\\\/cvicne-firmy\\\/veltrhy-a-sutaze\\\/ostravsky-veltrh-cvicnych-firiem\\\/#breadcrumb\"},\"inLanguage\":\"en-GB\",\"potentialAction\":[{\"@type\":\"ReadAction\",\"target\":[\"https:\\\/\\\/archiv.siov.sk\\\/en\\\/cvicne-firmy\\\/veltrhy-a-sutaze\\\/ostravsky-veltrh-cvicnych-firiem\\\/\"]}]},{\"@type\":\"ImageObject\",\"inLanguage\":\"en-GB\",\"@id\":\"https:\\\/\\\/archiv.siov.sk\\\/en\\\/cvicne-firmy\\\/veltrhy-a-sutaze\\\/ostravsky-veltrh-cvicnych-firiem\\\/#primaryimage\",\"url\":\"https:\\\/\\\/archiv.siov.sk\\\/wp-content\\\/uploads\\\/2019\\\/03\\\/fiktivna-firma-ostrava-2019.jpg\",\"contentUrl\":\"https:\\\/\\\/archiv.siov.sk\\\/wp-content\\\/uploads\\\/2019\\\/03\\\/fiktivna-firma-ostrava-2019.jpg\"},{\"@type\":\"BreadcrumbList\",\"@id\":\"https:\\\/\\\/archiv.siov.sk\\\/en\\\/cvicne-firmy\\\/veltrhy-a-sutaze\\\/ostravsky-veltrh-cvicnych-firiem\\\/#breadcrumb\",\"itemListElement\":[{\"@type\":\"ListItem\",\"position\":1,\"name\":\"Home\",\"item\":\"https:\\\/\\\/archiv.siov.sk\\\/\"},{\"@type\":\"ListItem\",\"position\":2,\"name\":\"SLOVENSK\u00c9 CENTRUM CVI\u010cN\u00ddCH FIRIEM\",\"item\":\"https:\\\/\\\/archiv.siov.sk\\\/cvicne-firmy\\\/\"},{\"@type\":\"ListItem\",\"position\":3,\"name\":\"Ve\u013etrhy a s\u00fa\u0165a\u017ee\",\"item\":\"https:\\\/\\\/archiv.siov.sk\\\/cvicne-firmy\\\/veltrhy-a-sutaze\\\/\"},{\"@type\":\"ListItem\",\"position\":4,\"name\":\"Ostravsk\u00fd ve\u013etrh cvi\u010dn\u00fdch firiem\"}]},{\"@type\":\"WebSite\",\"@id\":\"https:\\\/\\\/archiv.siov.sk\\\/#website\",\"url\":\"https:\\\/\\\/archiv.siov.sk\\\/\",\"name\":\"\u0160IOV - \u0161t\u00e1tny in\u0161tit\u00fat odborn\u00e9ho vzdel\u00e1vania\",\"description\":\"\",\"publisher\":{\"@id\":\"https:\\\/\\\/archiv.siov.sk\\\/#organization\"},\"potentialAction\":[{\"@type\":\"SearchAction\",\"target\":{\"@type\":\"EntryPoint\",\"urlTemplate\":\"https:\\\/\\\/archiv.siov.sk\\\/?s={search_term_string}\"},\"query-input\":{\"@type\":\"PropertyValueSpecification\",\"valueRequired\":true,\"valueName\":\"search_term_string\"}}],\"inLanguage\":\"en-GB\"},{\"@type\":\"Organization\",\"@id\":\"https:\\\/\\\/archiv.siov.sk\\\/#organization\",\"name\":\"\u0160IOV - \u0161t\u00e1tny in\u0161tit\u00fat odborn\u00e9ho vzdel\u00e1vania\",\"url\":\"https:\\\/\\\/archiv.siov.sk\\\/\",\"logo\":{\"@type\":\"ImageObject\",\"inLanguage\":\"en-GB\",\"@id\":\"https:\\\/\\\/archiv.siov.sk\\\/#\\\/schema\\\/logo\\\/image\\\/\",\"url\":\"https:\\\/\\\/archiv.siov.sk\\\/wp-content\\\/uploads\\\/2024\\\/02\\\/logo-SIOV.png\",\"contentUrl\":\"https:\\\/\\\/archiv.siov.sk\\\/wp-content\\\/uploads\\\/2024\\\/02\\\/logo-SIOV.png\",\"width\":431,\"height\":143,\"caption\":\"\u0160IOV - \u0161t\u00e1tny in\u0161tit\u00fat odborn\u00e9ho vzdel\u00e1vania\"},\"image\":{\"@id\":\"https:\\\/\\\/archiv.siov.sk\\\/#\\\/schema\\\/logo\\\/image\\\/\"},\"sameAs\":[\"https:\\\/\\\/www.facebook.com\\\/Statnyinstitutodbornehovzdelavania\"]}]}<\/script>\n<!-- \/ Yoast SEO plugin. -->","yoast_head_json":{"title":"Ostravsk\u00fd ve\u013etrh cvi\u010dn\u00fdch firiem - \u0160IOV - \u0161t\u00e1tny in\u0161tit\u00fat odborn\u00e9ho vzdel\u00e1vania","robots":{"index":"index","follow":"follow","max-snippet":"max-snippet:-1","max-image-preview":"max-image-preview:large","max-video-preview":"max-video-preview:-1"},"canonical":"https:\/\/archiv.siov.sk\/en\/cvicne-firmy\/veltrhy-a-sutaze\/ostravsky-veltrh-cvicnych-firiem\/","og_locale":"en_GB","og_type":"article","og_title":"Ostravsk\u00fd ve\u013etrh cvi\u010dn\u00fdch firiem - \u0160IOV - \u0161t\u00e1tny in\u0161tit\u00fat odborn\u00e9ho vzdel\u00e1vania","og_description":"Ostravsk\u00fd ve\u013etrh cvi\u010dn\u00fdch firiem Ostravsk\u00fd ve\u013etrh fikt\u00edvnych firiem 2019 \u00a0 V porad\u00ed 11. ro\u010dn\u00edk Ostravsk\u00e9ho ve\u013etrhu fikt\u00edvnych firiem s\u00a0medzin\u00e1rodnou \u00fa\u010das\u0165ou sa uskuto\u010dnil v\u00a0d\u0148och 6. \u2013 7. marca 2019 u\u017e tradi\u010dne v\u00a0priestoroch v\u00fdstaviska \u010cern\u00e1 louka \u2013 pavil\u00f3n A. Usporiadate\u013eom bola Obchodn\u00e1 akad\u00e9mia a\u00a0Vy\u0161\u0161ia odborn\u00e1 \u0161kola soci\u00e1lna, Ostrava \u2013 Mari\u00e1nsk\u00e9 Hory. Odbor finan\u010dnej gramotnosti a\u00a0Slovensk\u00e9 centrum cvi\u010dn\u00fdch [&hellip;]","og_url":"https:\/\/archiv.siov.sk\/en\/cvicne-firmy\/veltrhy-a-sutaze\/ostravsky-veltrh-cvicnych-firiem\/","og_site_name":"\u0160IOV - \u0161t\u00e1tny in\u0161tit\u00fat odborn\u00e9ho vzdel\u00e1vania","article_publisher":"https:\/\/www.facebook.com\/Statnyinstitutodbornehovzdelavania","article_modified_time":"2021-07-23T06:21:11+00:00","og_image":[{"url":"https:\/\/archiv.siov.sk\/wp-content\/uploads\/2019\/03\/fiktivna-firma-ostrava-2019.jpg","type":"","width":"","height":""}],"twitter_card":"summary_large_image","twitter_misc":{"Estimated reading time":"8 minutes"},"schema":{"@context":"https:\/\/schema.org","@graph":[{"@type":"WebPage","@id":"https:\/\/archiv.siov.sk\/en\/cvicne-firmy\/veltrhy-a-sutaze\/ostravsky-veltrh-cvicnych-firiem\/","url":"https:\/\/archiv.siov.sk\/en\/cvicne-firmy\/veltrhy-a-sutaze\/ostravsky-veltrh-cvicnych-firiem\/","name":"Ostravsk\u00fd ve\u013etrh cvi\u010dn\u00fdch firiem - \u0160IOV - \u0161t\u00e1tny in\u0161tit\u00fat odborn\u00e9ho vzdel\u00e1vania","isPartOf":{"@id":"https:\/\/archiv.siov.sk\/#website"},"primaryImageOfPage":{"@id":"https:\/\/archiv.siov.sk\/en\/cvicne-firmy\/veltrhy-a-sutaze\/ostravsky-veltrh-cvicnych-firiem\/#primaryimage"},"image":{"@id":"https:\/\/archiv.siov.sk\/en\/cvicne-firmy\/veltrhy-a-sutaze\/ostravsky-veltrh-cvicnych-firiem\/#primaryimage"},"thumbnailUrl":"https:\/\/archiv.siov.sk\/wp-content\/uploads\/2019\/03\/fiktivna-firma-ostrava-2019.jpg","datePublished":"2019-01-25T09:57:18+00:00","dateModified":"2021-07-23T06:21:11+00:00","breadcrumb":{"@id":"https:\/\/archiv.siov.sk\/en\/cvicne-firmy\/veltrhy-a-sutaze\/ostravsky-veltrh-cvicnych-firiem\/#breadcrumb"},"inLanguage":"en-GB","potentialAction":[{"@type":"ReadAction","target":["https:\/\/archiv.siov.sk\/en\/cvicne-firmy\/veltrhy-a-sutaze\/ostravsky-veltrh-cvicnych-firiem\/"]}]},{"@type":"ImageObject","inLanguage":"en-GB","@id":"https:\/\/archiv.siov.sk\/en\/cvicne-firmy\/veltrhy-a-sutaze\/ostravsky-veltrh-cvicnych-firiem\/#primaryimage","url":"https:\/\/archiv.siov.sk\/wp-content\/uploads\/2019\/03\/fiktivna-firma-ostrava-2019.jpg","contentUrl":"https:\/\/archiv.siov.sk\/wp-content\/uploads\/2019\/03\/fiktivna-firma-ostrava-2019.jpg"},{"@type":"BreadcrumbList","@id":"https:\/\/archiv.siov.sk\/en\/cvicne-firmy\/veltrhy-a-sutaze\/ostravsky-veltrh-cvicnych-firiem\/#breadcrumb","itemListElement":[{"@type":"ListItem","position":1,"name":"Home","item":"https:\/\/archiv.siov.sk\/"},{"@type":"ListItem","position":2,"name":"SLOVENSK\u00c9 CENTRUM CVI\u010cN\u00ddCH FIRIEM","item":"https:\/\/archiv.siov.sk\/cvicne-firmy\/"},{"@type":"ListItem","position":3,"name":"Ve\u013etrhy a s\u00fa\u0165a\u017ee","item":"https:\/\/archiv.siov.sk\/cvicne-firmy\/veltrhy-a-sutaze\/"},{"@type":"ListItem","position":4,"name":"Ostravsk\u00fd ve\u013etrh cvi\u010dn\u00fdch firiem"}]},{"@type":"WebSite","@id":"https:\/\/archiv.siov.sk\/#website","url":"https:\/\/archiv.siov.sk\/","name":"\u0160IOV - \u0161t\u00e1tny in\u0161tit\u00fat odborn\u00e9ho vzdel\u00e1vania","description":"","publisher":{"@id":"https:\/\/archiv.siov.sk\/#organization"},"potentialAction":[{"@type":"SearchAction","target":{"@type":"EntryPoint","urlTemplate":"https:\/\/archiv.siov.sk\/?s={search_term_string}"},"query-input":{"@type":"PropertyValueSpecification","valueRequired":true,"valueName":"search_term_string"}}],"inLanguage":"en-GB"},{"@type":"Organization","@id":"https:\/\/archiv.siov.sk\/#organization","name":"\u0160IOV - \u0161t\u00e1tny in\u0161tit\u00fat odborn\u00e9ho vzdel\u00e1vania","url":"https:\/\/archiv.siov.sk\/","logo":{"@type":"ImageObject","inLanguage":"en-GB","@id":"https:\/\/archiv.siov.sk\/#\/schema\/logo\/image\/","url":"https:\/\/archiv.siov.sk\/wp-content\/uploads\/2024\/02\/logo-SIOV.png","contentUrl":"https:\/\/archiv.siov.sk\/wp-content\/uploads\/2024\/02\/logo-SIOV.png","width":431,"height":143,"caption":"\u0160IOV - \u0161t\u00e1tny in\u0161tit\u00fat odborn\u00e9ho vzdel\u00e1vania"},"image":{"@id":"https:\/\/archiv.siov.sk\/#\/schema\/logo\/image\/"},"sameAs":["https:\/\/www.facebook.com\/Statnyinstitutodbornehovzdelavania"]}]}},"_links":{"self":[{"href":"https:\/\/archiv.siov.sk\/en\/wp-json\/wp\/v2\/pages\/126","targetHints":{"allow":["GET"]}}],"collection":[{"href":"https:\/\/archiv.siov.sk\/en\/wp-json\/wp\/v2\/pages"}],"about":[{"href":"https:\/\/archiv.siov.sk\/en\/wp-json\/wp\/v2\/types\/page"}],"author":[{"embeddable":true,"href":"https:\/\/archiv.siov.sk\/en\/wp-json\/wp\/v2\/users\/1"}],"replies":[{"embeddable":true,"href":"https:\/\/archiv.siov.sk\/en\/wp-json\/wp\/v2\/comments?post=126"}],"version-history":[{"count":12,"href":"https:\/\/archiv.siov.sk\/en\/wp-json\/wp\/v2\/pages\/126\/revisions"}],"predecessor-version":[{"id":8826,"href":"https:\/\/archiv.siov.sk\/en\/wp-json\/wp\/v2\/pages\/126\/revisions\/8826"}],"up":[{"embeddable":true,"href":"https:\/\/archiv.siov.sk\/en\/wp-json\/wp\/v2\/pages\/114"}],"wp:attachment":[{"href":"https:\/\/archiv.siov.sk\/en\/wp-json\/wp\/v2\/media?parent=126"}],"curies":[{"name":"wp","href":"https:\/\/api.w.org\/{rel}","templated":true}]}}