{"id":118,"date":"2019-01-25T10:44:42","date_gmt":"2019-01-25T09:44:42","guid":{"rendered":"http:\/\/archiv.siov.sk\/?page_id=118"},"modified":"2025-11-05T09:22:33","modified_gmt":"2025-11-05T08:22:33","slug":"medzinarodny-veltrh-cvicnych-firiem","status":"publish","type":"page","link":"https:\/\/archiv.siov.sk\/en\/cvicne-firmy\/veltrhy-a-sutaze\/medzinarodny-veltrh-cvicnych-firiem\/","title":{"rendered":"Medzin\u00e1rodn\u00fd ve\u013etrh cvi\u010dn\u00fdch firiem"},"content":{"rendered":"<h3>Medzin\u00e1rodn\u00fd ve\u013etrh cvi\u010dn\u00fdch firiem<\/h3>\n<h5 class=\"elementor-heading-title elementor-size-default\"><a href=\"https:\/\/archiv.siov.sk\/en\/medzinarodny-veltrh-cvicnych-firiem-2025-inspiracia-sutaze-a-krst-pracovneho-zosita-cvicna-firma-2-0-s-ivanou-molnarovou\/\" target=\"_blank\" rel=\"noopener\">Medzin\u00e1rodn\u00fd ve\u013etrh cvi\u010dn\u00fdch firiem 2025: In\u0161pir\u00e1cia, s\u00fa\u0165a\u017ee a krst pracovn\u00e9ho zo\u0161ita Cvi\u010dn\u00e1 firma 2.0 s Ivanou Moln\u00e1rovou<\/a><\/h5>\n<h5><a href=\"https:\/\/archiv.siov.sk\/en\/podnikanie-s-poslanim-hlavna-tema-noveho-rocnika-medzinarodneho-veltrhu-cvicnych-firiem-slovensko-2025\/\" target=\"_blank\" rel=\"noopener\">Podnikanie s poslan\u00edm \u2013 hlavn\u00e1 t\u00e9ma nov\u00e9ho ro\u010dn\u00edka Medzin\u00e1rodn\u00e9ho ve\u013etrhu cvi\u010dn\u00fdch firiem Slovensko 2025<\/a><\/h5>\n<p><strong><a href=\"https:\/\/archiv.siov.sk\/wp-content\/uploads\/2022\/03\/Hradec-Kralove-2022.pdf\">Ve\u013etrh cvi\u010dn\u00fdch firiem Hradec Kr\u00e1lov\u00e9 o\u010dami \u017eiakov<\/a><\/strong><\/p>\n<p><a href=\"https:\/\/archiv.siov.sk\/wp-content\/uploads\/2022\/03\/Veltrh-FIF-Zatec.pdf\"><strong>Ve\u013etrh cvi\u010dn\u00fdch firiem v \u017datci o\u010dami \u017eiakov<\/strong><\/a><\/p>\n<p><a href=\"https:\/\/archiv.siov.sk\/en\/vyhlasenie-sutazi-cvicnych-firiem-2021\/\" target=\"_blank\" rel=\"noopener\"><strong>Vyhl\u00e1senie s\u00fa\u0165a\u017e\u00ed cvi\u010dn\u00fdch firiem 2021<\/strong><\/a><\/p>\n<p><strong>De\u0148 zodpovedn\u00e9ho podnikania cvi\u010dn\u00fdch firiem<\/strong><br \/>\n<strong>MUB-line \u0161peci\u00e1l<\/strong><\/p>\n<p style=\"text-align: justify;\">Metropolitn\u00e1 univerzita Praha spolo\u010dne s\u00a0partnermi pripravuje MUB-line \u0161peci\u00e1l s\u00a0podn\u00e1zvom Tvor\u00edme spolo\u010dne bud\u00facnos\u0165. Uskuto\u010dn\u00ed sa online 9. j\u00fana 2021 ako \u010desko\u2013slovensk\u00e9 stretnutie kreat\u00edvnych a\u00a0zodpovedn\u00fdch cvi\u010dn\u00fdch firiem.<\/p>\n<p>Uveden\u00fdm podujat\u00edm si chceme pripomen\u00fa\u0165 v\u00fdznam Svetov\u00e9ho d\u0148a \u017eivotn\u00e9ho prostredia, ktor\u00fd ka\u017edoro\u010dne pripad\u00e1 na 5. j\u00fan a\u00a0tie\u017e roz\u0161\u00edri\u0165 povedomie cvi\u010dn\u00fdch firiem o ekologick\u00e9 ot\u00e1zky a\u00a0v\u00fdzvy s\u00fa\u010dasnosti.<\/p>\n<p style=\"text-align: justify;\">T\u00e1to \u0161peci\u00e1lna udalos\u0165 je venovan\u00e1 zodpovedn\u00e9mu podnikaniu, udr\u017eate\u013en\u00e9mu rozvoju a\u00a0spolo\u010denskej zodpovednosti podnikate\u013ea. Tematicky s\u00fa zameran\u00e9 aj tri pripraven\u00e9 S\u00da\u0164A\u017dE cvi\u010dn\u00fdch firiem so \u017eivou porotou. D\u00f4le\u017eitos\u0165 tejto problematiky neust\u00e1le rastie a \u00a0obzvl\u00e1\u0161\u0165 v dobe svetovej pand\u00e9mie COVID-19.<\/p>\n<p>Partnermi aktivity s\u00fa \u0160t\u00e1tny in\u0161tit\u00fat odborn\u00e9ho vzdel\u00e1vania &#8211; SCCF, N\u00e1rodn\u00fd pedagogick\u00fd in\u0161tit\u00fat \u010cR &#8211; CEFIF Praha, PEN WorldWide, LINET, spol. s\u00a0r. o. a \u010cesk\u00e1 po\u0161ta, s. p.<\/p>\n<p style=\"text-align: justify;\">Pre prihl\u00e1sen\u00e9 cvi\u010dn\u00e9 firmy zo Slovenska a\u00a0\u010ciech s\u00fa okrem in\u00e9ho pripraven\u00e9 zauj\u00edmav\u00e9 ceny. Ale hlavne je d\u00f4le\u017eit\u00e9, \u017ee sa v z\u00e1vere zvl\u00e1\u0161tneho \u0161kolsk\u00e9ho roka online stretneme a u\u017eijeme si spolo\u010dn\u00fd program vr\u00e1tane online obchodovania.<\/p>\n<p>Pre div\u00e1kov a\u00a0verejnos\u0165 bud\u00fa vybran\u00e9 \u010dasti programu pren\u00e1\u0161an\u00e9 na\u017eivo cez YouTube. Podrobn\u00e9 inform\u00e1cie n\u00e1jdete na <a href=\"https:\/\/www.mubanka.cz\/o-mub\/mub-special-tvorime-spolecne-budoucnost\/\">https:\/\/www.mubanka.cz\/o-mub\/mub-special-tvorime-spolecne-budoucnost\/<\/a>.<br \/>\nV\u00a0pr\u00edlohe prip\u00e1jame aj program a\u00a0prihl\u00e1\u0161ku na MUB-line \u0161peci\u00e1l.<br \/>\nTe\u0161\u00edme sa na Va\u0161u \u00fa\u010das\u0165.<\/p>\n<p><a href=\"https:\/\/archiv.siov.sk\/wp-content\/uploads\/2021\/05\/MUB-line-den-odpovedneho-podnikani-PROGRAM-090621.pdf\" target=\"_blank\" rel=\"noopener\">Program MUB-line \u0161peci\u00e1l<\/a><br \/>\n<a href=\"https:\/\/archiv.siov.sk\/wp-content\/uploads\/2021\/05\/Prihlaska-MUB-line-SPECIAL-090621.docx\" target=\"_blank\" rel=\"noopener\">Prihl\u00e1\u0161ka MUB-line \u0161peci\u00e1l<\/a><\/p>\n<hr \/>\n<p><strong>Medzin\u00e1rodn\u00fd online ve\u013etrh cvi\u010dn\u00fdch firiem 2020<\/strong><br \/>\n\u0160t\u00e1tny in\u0161tit\u00fat odborn\u00e9ho vzdel\u00e1vania (\u0160IOV) V\u00e1s aj tento rok srde\u010dne poz\u00fdva z\u00fa\u010dastni\u0165 sa na Medzin\u00e1rodnom, i ke\u010f v tomto roku, online ve\u013etrhu cvi\u010dn\u00fdch firiem 2020, ktor\u00fd sa uskuto\u010dn\u00ed v d\u0148och 10. \u2013 12. novembra 2020.<br \/>\nOrganiza\u010dn\u00fdm a odborn\u00fdm garantom ve\u013etrhu je \u0160t\u00e1tny in\u0161tit\u00fat odborn\u00e9ho vzdel\u00e1vania (\u0160IOV), odbor finan\u010dnej gramotnosti a Slovensk\u00e9 centrum cvi\u010dn\u00fdch firiem (SCCF). \u010eal\u0161\u00edmi spoluorganiz\u00e1tormi s\u00fa Ekonomick\u00e1 univerzita v Bratislave a vybran\u00e9 \u0161koly.<br \/>\nPo\u010das ve\u013etrhu sa tie\u017e uskuto\u010dn\u00ed online konferencia na t\u00e9my podnikate\u013esk\u00e9ho vzdel\u00e1vania a finan\u010dnej gramotnosti.<br \/>\nS\u00fa\u010das\u0165ou ve\u013etrhu s\u00fa aj tento rok s\u00fa\u0165a\u017ee cvi\u010dn\u00fdch firiem, na ktor\u00fdch bud\u00fa online s\u00fa\u0165a\u017ei\u0165 v kateg\u00f3ri\u00e1ch logo, slogan, vizitka, katal\u00f3g, webov\u00e1 str\u00e1nka s e-shopom, elektronick\u00e1 prezent\u00e1cia a videoreklama.<\/p>\n<p>S\u00fa\u0165a\u017en\u00e9 kateg\u00f3rie Medzin\u00e1rodn\u00e9ho online ve\u013etrhu cvi\u010dn\u00fdch firiem:<\/p>\n<ol>\n<li>Logo \u2013 (elektronicky vo form\u00e1te JPG)<\/li>\n<li>Slogan \u2013 (elektronick\u00fd text alebo vo form\u00e1te JPG)<\/li>\n<li>Katal\u00f3g \u2013 (elektronicky \u2013 MS Word, MS Publisher, MS PowerPoint alebo \u201escreen\u201c obrazovky licencovan\u00fdch programov: Adobe Creative Suite, Corel Draw\u2026)<\/li>\n<li>Vizitka \u2013 (elektronick\u00e1 \u2013 kvalitn\u00fd sken, minim\u00e1lne 300 DPI)<\/li>\n<li>Elektronick\u00e1 prezent\u00e1cia \u2013 (video, PPT, spot, in\u00e1 elektronick\u00e1 forma)<\/li>\n<li>Webov\u00e1 str\u00e1nka s\u00a0e-shopom<\/li>\n<li>Video reklama, \u0161ot \u2013 (linky)<\/li>\n<\/ol>\n<p>Podklady do online s\u00fa\u0165a\u017e\u00ed n\u00e1m m\u00f4\u017eete zasiela\u0165\u00a0<strong>od 10. j\u00fana 2020.\u00a0<\/strong>Materi\u00e1ly CF do s\u00fa\u0165a\u017e\u00ed musia by\u0165 poslan\u00e9 elektronicky vopred v\u00a0pr\u00edlohe jedn\u00e9ho e-mailu (15MB) alebo viacer\u00fdch e-mailov. Do predmetu spr\u00e1vy uve\u010fte \u201eVa\u0161e MENO CF\u201c a \u201ePrihl\u00e1\u0161ka do s\u00fa\u0165a\u017e\u00ed\u201c. Materi\u00e1ly n\u00e1m za\u0161lite\u00a0<strong>najnesk\u00f4r do 15. okt\u00f3bra 2020<\/strong>\u00a0na e-mail:\u00a0<strong>mvcfonline@gmail.com<\/strong><br \/>\nUpozor\u0148ujeme, \u017ee nie je povinn\u00e1 \u00fa\u010das\u0165 vo v\u0161etk\u00fdch s\u00fa\u0165a\u017eiach!<br \/>\nS\u00fa\u0165a\u017ee bud\u00fa hodnoten\u00e9 odbornou komisiou pod\u013ea stanoven\u00fdch krit\u00e9ri\u00ed (uveden\u00e9 ni\u017e\u0161ie). Hodnoti\u0165 bud\u00fa komisie porotcov, v ktor\u00fdch \u00fa\u010das\u0165 pris\u013e\u00fabili na\u0161i partneri z Ekonomickej univerzity v Bratislave, zo Slovak Business Agency, zo Zdru\u017eenia mlad\u00fdch podnikate\u013eov Slovenska a Univerzity Komensk\u00e9ho v Bratislave.<br \/>\nCvi\u010dn\u00e1 firma podporuje finan\u010dn\u00fa gramotnos\u0165, ekonomick\u00e9 a\u00a0pr\u00e1vne vedomie mlad\u00fdch \u013eud\u00ed prostredn\u00edctvom podnikate\u013esk\u00e9ho vzdel\u00e1vania a\u00a0odbornej pr\u00edpravy, ktor\u00e9 patr\u00ed k\u00a0v\u00fdznamn\u00fdm priorit\u00e1m najvy\u0161\u0161\u00edch org\u00e1nov Eur\u00f3pskej \u00fanie.\u00a0Medzin\u00e1rodn\u00fd ve\u013etrh cvi\u010dn\u00fdch firiem poskytuje mo\u017enos\u0165 komunikova\u0165 v\u00a0cudzom jazyku, rie\u0161i\u0165 obchodn\u00e9 pr\u00edpady, nadv\u00e4zova\u0165 obchodn\u00e9 a\u00a0partnersk\u00e9 vz\u0165ahy aj s\u00a0podporou re\u00e1lnych partnerov.<br \/>\nVer\u00edme, \u017ee svojou \u00fa\u010das\u0165ou prispejete k\u00a0\u00faspe\u0161n\u00e9mu priebehu Medzin\u00e1rodn\u00e9ho online ve\u013etrhu cvi\u010dn\u00fdch firiem 2020 a\u00a0podpor\u00edte rozvoj k\u013e\u00fa\u010dov\u00fdch kompetenci\u00ed absolventov na\u0161ich stredn\u00fdch \u0161k\u00f4l, ktor\u00e9 bud\u00fa m\u00f4c\u0165 uplatni\u0165 na trhu pr\u00e1ce v\u00a0podnikan\u00ed alebo v zamestnan\u00ed. \u00a0\u00a0<strong>V\u00ed\u0165azov jednotliv\u00fdch s\u00fa\u0165a\u017e\u00ed cvi\u010dn\u00fdch firiem vyhl\u00e1sime a\u00a0ocen\u00edme na Medzin\u00e1rodnom online ve\u013etrhu cvi\u010dn\u00fdch firiem 2020.<\/strong><br \/>\n<strong>Hodnoten\u00e9 kateg\u00f3rie a\u00a0krit\u00e9ri\u00e1 online s\u00fa\u0165a\u017e\u00ed cvi\u010dn\u00fdch firiem 2020<\/strong><\/p>\n<table width=\"92%\">\n<tbody>\n<tr>\n<td width=\"43%\">Logo cvi\u010dnej firmy<\/td>\n<td width=\"56%\">n\u00e1paditos\u0165, originalita, reprodukovate\u013enos\u0165, estetika, v\u00fdsti\u017enos\u0165<\/td>\n<\/tr>\n<tr>\n<td width=\"43%\">Slogan cvi\u010dnej firmy<\/td>\n<td width=\"56%\">v\u00fdsti\u017enos\u0165, originalita, jednoduchos\u0165<\/td>\n<\/tr>\n<tr>\n<td width=\"43%\">Katal\u00f3g cvi\u010dnej firmy<\/td>\n<td width=\"56%\">n\u00e1paditos\u0165, obsah, forma, kvalita, reprodukovate\u013enos\u0165<\/td>\n<\/tr>\n<tr>\n<td width=\"43%\">Vizitka cvi\u010dnej firmy<\/td>\n<td width=\"56%\">n\u00e1paditos\u0165, obsah, originalita, reprodukovate\u013enos\u0165, v\u00fdsti\u017enos\u0165<\/td>\n<\/tr>\n<tr>\n<td width=\"43%\">Elektronick\u00e9<br \/>\nprezent\u00e1cie<br \/>\ncvi\u010dn\u00fdch firiem<\/td>\n<td width=\"56%\">estetick\u00e1 str\u00e1nka (prv\u00fd dojem, typy p\u00edsma a\u00a0ve\u013ekos\u0165 p\u00edsma, vhodn\u00e9 vyu\u017eitie efektov)<br \/>\nobsah<br \/>\n(kvalita1: mno\u017estvo podan\u00fdch inform\u00e1ci\u00ed,<br \/>\nkvalita2: logo, pr\u00e1vna forma, predmet podnikania, s\u00eddlo,<br \/>\nkvalita3: platobn\u00e9 a\u00a0dodacie podmienky)<\/td>\n<\/tr>\n<tr>\n<td width=\"43%\">Webov\u00e1 str\u00e1nka s e-shopom<\/td>\n<td width=\"56%\">obsah, funk\u010dnos\u0165, zrozumite\u013enos\u0165, preh\u013eadnos\u0165, estetick\u00e1 str\u00e1nka<\/td>\n<\/tr>\n<tr>\n<td width=\"43%\">\u00a0Video reklama, \u0161ot<\/td>\n<td width=\"56%\">n\u00e1paditos\u0165, obsah, zrozumite\u013enos\u0165<\/td>\n<\/tr>\n<\/tbody>\n<\/table>\n<p>Podmienkou pre \u00fa\u010das\u0165 cvi\u010dnej firmy je, aby bola zaregistrovan\u00e1 (<a href=\"http:\/\/www.sccf.sk\/\">www.sccf.sk<\/a>), mala platn\u00e9 I\u010cO, DI\u010c a zalo\u017een\u00fd podnikate\u013esk\u00fd \u00fa\u010det.<br \/>\nCvi\u010dn\u00e1 firma by mala ma\u0165 aj funk\u010dn\u00fd e-shop.<\/p>\n<h3><\/h3>\n<h3><strong>Medzin\u00e1rodn\u00fd Ve\u013etrh Cvi\u010dn\u00fdch Firiem 2019<\/strong><\/h3>\n<p>Medzin\u00e1rodn\u00fd Ve\u013etrh Cvi\u010dn\u00fdch Firiem 2019 bude s\u00fa\u010das\u0165ou v\u00fdstavy <a href=\"https:\/\/www.agrokomplex.sk\/vystavy\/mlady-tvorca-2019\/\">&#8222;Mlad\u00fd tvorca 2019&#8220;<\/a>.<br \/>\nUskuto\u010dn\u00ed sa v d\u0148och 05. &#8211; 06.11.2019 v\u00a0priestoroch v\u00fdstaviska Agrokomplex Nitra.<br \/>\nProfil v\u00fdstavy: Cie\u013eom v\u00fdstavy je podpori\u0165 a propagova\u0165 stredo\u0161kolsk\u00e9 odborn\u00e9 vzdel\u00e1vanie, vyzdvihn\u00fa\u0165 perspekt\u00edvu du\u00e1lneho syst\u00e9mu vzdel\u00e1vania reflektuj\u00faceho na vznik nov\u00fdch typov profesi\u00ed pri zav\u00e1dzan\u00ed robotiz\u00e1cie a digit\u00e1lnych technol\u00f3gi\u00ed do praxe. Mlad\u00fd tvorca 2019 spropaguje alternat\u00edvy pre uplatnenie absolventov \u0161k\u00f4l na trhu pr\u00e1ce \u010di v podnikan\u00ed mlad\u00fdch aj v r\u00e1mci Medzin\u00e1rodn\u00e9ho ve\u013etrhu cvi\u010dn\u00fdch firiem 2019.\u00a0 Rodi\u010dom a \u017eiakom z\u00e1kladn\u00fdch \u0161k\u00f4l poskytne v\u00e4\u010d\u0161\u00ed preh\u013ead o profil\u00e1cii \u0161k\u00f4l s cie\u013eom nasmerova\u0165 ich na u\u010debn\u00e9 a \u0161tudijn\u00e9 odbory a povolania \u017eiadan\u00e9 trhom pr\u00e1ce. Program podujatia dotv\u00e1raj\u00fa interakt\u00edvne \u010dinnosti pre \u0161tudentov, workshopy, s\u00fa\u0165a\u017ee Skills Slovakia a programy z oblasti z\u00e1ujmovej \u010dinnosti \u017eiakov.<br \/>\n<a href=\"https:\/\/archiv.siov.sk\/wp-content\/uploads\/2019\/06\/MVCF_2019_SK_Pozvanka.pdf\">Pozv\u00e1nka na Medzin\u00e1rodn\u00fd ve\u013etrh cvi\u010dn\u00fdch firiem 2019<\/a><br \/>\n<a href=\"https:\/\/archiv.siov.sk\/wp-content\/uploads\/2019\/06\/MVCF_2019_SK_PrihlaskaZavazna.pdf\">Prihl\u00e1\u0161ka na Medzin\u00e1rodn\u00fd ve\u013etrh cvi\u010dn\u00fdch firiem<\/a><br \/>\n<a href=\"https:\/\/archiv.siov.sk\/wp-content\/uploads\/2019\/06\/SK_MVCF_2019_EN_Invitation.pdf\">International Training Firms Fair 2019_Invitation<\/a><br \/>\n<a href=\"https:\/\/archiv.siov.sk\/wp-content\/uploads\/2019\/06\/SK_MVCF_2019_EN_RegistrationForm.pdf\">International Training Firms Fair 2019_Registration Form<\/a><br \/>\nViac inform\u00e1ci\u00ed (pozv\u00e1nka, prihl\u00e1\u0161ka, katal\u00f3g ve\u013etrhu, zoznam a krit\u00e9ri\u00e1 s\u00fa\u0165a\u017e\u00ed CF, vyhodnotenie s\u00fa\u0165a\u017e\u00ed CF a pod.) bude postupne zverej\u0148ovan\u00e9 na str\u00e1nke <a href=\"http:\/\/www.sccf.sk\/medzinarodny-veltrh-cvicnych-firiem-2019-3a.html\">http:\/\/www.sccf.sk\/medzinarodny-veltrh-cvicnych-firiem-2019-3a.html<\/a><\/p>\n<hr \/>\n<h3 style=\"text-align: justify;\"><strong>20. ro\u010dn\u00edk Medzin\u00e1rodn\u00e9ho Ve\u013etrhu Cvi\u010dn\u00fdch Firiem sme osl\u00e1vili vo V-klube<\/strong><\/h3>\n<p style=\"text-align: justify;\">\u0160t\u00e1tny in\u0161tit\u00fat odborn\u00e9ho vzdel\u00e1vania priv\u00edtal 22. \u2013 23. novembra 2018 v priestoroch V-Klubu N\u00e1rodn\u00e9ho osvetov\u00e9ho centra na 20. ro\u010dn\u00edku Medzin\u00e1rodn\u00e9ho Ve\u013etrhu Cvi\u010dn\u00fdch Firiem z\u00e1stupcov Ministerstva \u0161kolstva, vedy v\u00fdskumu a\u00a0\u0161portu SR, Ministerstva financi\u00ed SR a\u00a0Ministerstva hospod\u00e1rstva SR ako aj z\u00e1stupcov mimovl\u00e1dnych organiz\u00e1ci\u00ed venuj\u00facich sa podnikate\u013eom a\u00a0vzdel\u00e1vaniu, zamestn\u00e1vate\u013eov a\u00a0partnerov cvi\u010dn\u00fdch firiem.<\/p>\n<p style=\"text-align: justify;\">Na otvoren\u00ed ve\u013etrhu vyst\u00fapil p\u00e1n Peter Kraj\u0148\u00e1k, \u0161t\u00e1tny tajomn\u00edk Ministerstva \u0161kolstva, vedy v\u00fdskumu a\u00a0\u0161portu SR. \u010ealej sa pr\u00edtomn\u00fdm prihovoril p\u00e1n Michal N\u011bmec, riadite\u013e \u0160t\u00e1tneho in\u0161tit\u00fatu odborn\u00e9ho vzdel\u00e1vania a\u00a0hist\u00f3riu cvi\u010dn\u00fdch firiem na Slovensku v\u00a0r\u00e1mci jubilea predstavila pani Gabriela Horeck\u00e1 zo Slovensk\u00e9ho centra cvi\u010dn\u00fdch firiem. Sl\u00e1vnostn\u00e9 otvorenie moderovala Nina Blehov\u00e1, \u017eia\u010dka 1.A. z\u00a0Obchodnej akad\u00e9mie Nev\u00e4dzova z\u00a0Bratislavy a Sara Grich, \u017eia\u010dka z\u00a0Obchodnej akad\u00e9mia Imricha Karva\u0161a z\u00a0Bratislavy ho spestrila pies\u0148ou.<\/p>\n<p style=\"text-align: justify;\">Na Medzin\u00e1rodnom ve\u013etrhu cvi\u010dn\u00fdch firiem 2018 sa predstavilo 37 cvi\u010dn\u00fdch firiem z cel\u00e9ho Slovenska a\u00a05 zo zahrani\u010dia 1 z\u00a0 \u010ciech, \u00a01 z\u00a0Ma\u010farska, 3 z\u00a0Rumunska. Ve\u013etrh nav\u0161t\u00edvili \u017eiaci z\u00e1kladn\u00fdch a\u00a0stredn\u00fdch \u0161k\u00f4l z\u00a0Bratislavy a\u00a0okolia ako aj verejnos\u0165, ktor\u00fa toto podujatie ve\u013emi zaujalo.<\/p>\n<p style=\"text-align: justify;\">Organiza\u010dn\u00fdm a\u00a0odborn\u00fdm garantom ve\u013etrhu bol \u0160t\u00e1tny in\u0161tit\u00fat odborn\u00e9ho vzdel\u00e1vania a\u00a0jeho organiza\u010dn\u00e1 zlo\u017eka Slovensk\u00e9 centrum cvi\u010dn\u00fdch firiem (SCCF).<\/p>\n<p style=\"text-align: justify;\">\u010eal\u0161\u00edm\u00a0spoluorganiz\u00e1torom Medzin\u00e1rodn\u00e9ho ve\u013etrhu cvi\u010dn\u00fdch firiem bola u\u017e tradi\u010dne Ekonomick\u00e1 univerzita v\u00a0Bratislave, EPALE &#8211; elektronick\u00e1 platforma vzdel\u00e1vania dospel\u00fdch v\u00a0Eur\u00f3pe a\u00a0vybran\u00e9 stredn\u00e9 \u0161koly.<\/p>\n<p style=\"text-align: justify;\">SCCF komplexne zastre\u0161uje problematiku cvi\u010dn\u00fdch firiem na Slovensku. Pr\u00e1ve v\u00a0 roku st\u00e9ho v\u00fdro\u010dia vzniku \u010ceskoslovenska SCCF oslavuje dvadsiate v\u00fdro\u010die svojho vzniku. Vzniklo v janu\u00e1ri 1998 na\u00a0deta\u0161ovanom pracovisku \u0160IOV v\u00a0Bratislave \u2013 Petr\u017ealke na z\u00e1klade rozhodnutia Ministerstva \u0161kolstva SR a za \u00fa\u010dinnej\u00a0 mor\u00e1lnej a materi\u00e1lnej pomoci ministerstva \u0161kolstva Rak\u00faska\u00a0 a KulturKontaktu.\u00a0 SCCF reprezentuje Slovensko aj na medzin\u00e1rodnej \u00farovni a zabezpe\u010duje spolupr\u00e1cu so zahrani\u010dn\u00fdmi centr\u00e1lami a cvi\u010dn\u00fdmi firmami.<\/p>\n<p style=\"text-align: justify;\">Ve\u013etrh patr\u00ed k jedine\u010dn\u00fdm podujatiam, kde sa prezentuje kreativita a\u00a0 flexibilita mlad\u00fdch \u013eud\u00ed, schopnos\u0165 pracova\u0165 v\u00a0t\u00edme, komunikova\u0165, rozhodova\u0165, robi\u0165 z\u00e1very, kriticky a\u00a0samostatne myslie\u0165. Je to podujatie podporuj\u00face podnikavos\u0165 a\u00a0akcieschopnos\u0165 mlad\u00fdch \u013eud\u00ed. Medzin\u00e1rodn\u00fd ve\u013etrh cvi\u010dn\u00fdch firiem poskytuje mo\u017enos\u0165 komunikova\u0165 v\u00a0cudzom jazyku, rie\u0161i\u0165 obchodn\u00e9 pr\u00edpady, nadv\u00e4zova\u0165 obchodn\u00e9 a\u00a0partnersk\u00e9 vz\u0165ahy aj s\u00a0podporou re\u00e1lnych partnerov. Je to miesto, kde si \u017eiaci m\u00f4\u017eu vysk\u00fa\u0161a\u0165 v\u00a0priamom kontakte so z\u00e1kazn\u00edkom v\u0161etko, \u010do sa v\u00a0simulovanom prostred\u00ed trhu cvi\u010dn\u00fdch firiem nau\u010dili. \u00da\u010dastn\u00edkmi boli dom\u00e1ce aj zahrani\u010dn\u00e9 cvi\u010dn\u00e9 firmy, teda \u017eiaci stredn\u00fdch aj vysok\u00fdch \u0161k\u00f4l.<\/p>\n<p style=\"text-align: justify;\">Ve\u013etrh cvi\u010dn\u00fdch firiem sa tradi\u010dne realizuje v\u00a0novembri a\u00a0tento rok netradi\u010dne v\u00a0priestoroch zn\u00e1meho \u201eV\u00e9\u010dka\u201c N\u00e1rodn\u00e9ho osvetov\u00e9ho centra v\u00a0Bratislave.<\/p>\n<p style=\"text-align: justify;\">Po\u010das ve\u013etrhu sa uskuto\u010dnilo aj nieko\u013eko ve\u013emi zauj\u00edmav\u00fdch semin\u00e1rov.<\/p>\n<p style=\"text-align: justify;\">Tigran Aleksanyan zo Slovenskej sporite\u013ene prezentoval \u201e7 vec\u00ed pre uverite\u013en\u00fd biznis pl\u00e1n\u201c pre za\u010d\u00ednaj\u00facich podnikate\u013eov.<\/p>\n<p style=\"text-align: justify;\">V\u00fdskumn\u00e1 agent\u00fara predstavila nov\u00fd program v\u00a0oblasti vzdel\u00e1vania, \u0161tipendi\u00ed, u\u010d\u0148ovsk\u00e9ho vzdel\u00e1vania a\u00a0podnikania mlad\u00fdch prostredn\u00edctvom Grantov EHP a\u00a0N\u00f3rska.<\/p>\n<p style=\"text-align: justify;\">Oliver \u0160imko porozpr\u00e1val o nov\u00fdch pr\u00edstupoch v\u00a0r\u00e1mci semin\u00e1ra \u201eZabi draka, poraz algebru &#8211; ako m\u00f4\u017ee hern\u00fd\u00a0dizajn zlep\u0161i\u0165\u00a0vzdel\u00e1vanie\u200b\u201c.<\/p>\n<p style=\"text-align: justify;\">Agent\u00fara SEA predstavila projekt \u201eMlad\u00ed, nebojme sa podnika\u0165!\u201c<\/p>\n<p style=\"text-align: justify;\">Juraj Kov\u00e1\u010d povedal viac o projekte &#8222;Z\u00edskaj 100 \u20ac a otestuj svoj n\u00e1pad s Rozbehni sa! Academy&#8220;, ktor\u00fd bol\u00a0 ur\u010den\u00fd pre podnikav\u00fdch \u017eiakov a proakt\u00edvnych u\u010dite\u013eov.<\/p>\n<p style=\"text-align: justify;\">S\u00fa\u010das\u0165ou ve\u013etrhu boli u\u017e tradi\u010dne aj s\u00fa\u0165a\u017ee cvi\u010dn\u00fdch firiem. Novou bola s\u00fa\u0165a\u017e o\u00a0najinovat\u00edvnej\u0161\u00ed n\u00e1pad. \u00a0Obidva dni ve\u013etrhu 12 komisi\u00ed nez\u00e1visle na sebe hodnotilo st\u00e1nky cvi\u010dn\u00fdch firiem, komunik\u00e1ciu, katal\u00f3gy, log\u00e1, slogany a\u00a0elektronick\u00e9 prezent\u00e1cie. Predsedn\u00ed\u010dkou poroty bola \u013dudmila Velichov\u00e1 z\u00a0Katedry pedagogiky EU v\u00a0Bratislave. V\u00a0hodnotiacich komisi\u00e1ch pracovali z\u00a0SCCF Marta Maru\u0161incov\u00e1 a\u00a0Gabriela Horeck\u00e1 a \u0161tudenti EU v\u00a0Bratislave. S\u00fa\u0165a\u017e o\u00a0najinovat\u00edvnej\u0161\u00ed n\u00e1pad hodnotili z\u00e1stupcovia Slovenskej inova\u010dnej a\u00a0energetickej agent\u00fary.<\/p>\n<p style=\"text-align: justify;\">V\u00a0hodnotiacej komisii elektronick\u00fdch prezent\u00e1ci\u00ed boli zast\u00fapen\u00ed aj Tom\u00e1\u0161 Mankovick\u00fd zo Slovak Business Agency v\u00a0Bratislave a\u00a0Daniel \u0147arja\u0161 z\u00a0SCCF.<\/p>\n<p style=\"text-align: justify;\">Z\u00e1ver Medzin\u00e1rodn\u00e9ho ve\u013etrhu cvi\u010dn\u00fdch firiem 2018 \u00a0patril sl\u00e1vnostn\u00e9mu vyhodnoteniu uveden\u00fdch s\u00fa\u0165a\u017e\u00ed. V\u00fdsledky s\u00fa\u0165a\u017e\u00ed vyhl\u00e1sila predsedn\u00ed\u010dka poroty \u013dudmila Velichov\u00e1. \u00a0Gratulujeme v\u0161etk\u00fdm ocenen\u00fdm cvi\u010dn\u00fdm firm\u00e1m a\u00a0ich pedag\u00f3gom ako aj v\u0161etk\u00fdm z\u00fa\u010dastnen\u00fdm.<\/p>\n<p style=\"text-align: justify;\">V\u00fdsledky hodnotenia s\u00fa\u0165a\u017e\u00ed cvi\u010dn\u00fdch firiem ako aj v\u0161etky umiestnenia n\u00e1jdete\u00a0<a href=\"https:\/\/archiv.siov.sk\/en\/Documents\/18-01-2019\/Celkov\u00e9 bodov\u00e9 _MVCF_2018.xlsx\/\">TU<\/a>\u00a0a\u00a0<a href=\"https:\/\/archiv.siov.sk\/en\/Documents\/18-01-2019\/S\u00da\u0164A\u017dE CF - Vyhodnotenie 20.MVCF.docx\/\">TU<\/a>, ako aj\u00a0na www.sccf.sk v\u00a0\u010dasti Medzin\u00e1rodn\u00fd ve\u013etrh cvi\u010dn\u00fdch firiem 2018, kde u\u017e teraz m\u00f4\u017eete n\u00e1js\u0165 aj fotogal\u00e9riu ve\u013etrhu. Vecn\u00e9 ceny z\u00edskalo tento rok 26 cvi\u010dn\u00fdch firiem.<\/p>\n<p style=\"text-align: justify;\">V\u00ed\u0165azi s\u00fa\u0165a\u017e\u00ed dostali okrem diplomu a\u00a0takzvanej \u201eViktorky\u201c aj vecn\u00e9 dary. Tento rok ve\u013etrh podporili a ceny do s\u00fa\u0165a\u017e\u00ed CF venovali V\u00fdchodoslovensk\u00e1 energetika Holding, a. s.; Nad\u00e1cia Slovenskej sporite\u013ene, Slovak Business Agency; Zdru\u017eenie mlad\u00fdch podnikate\u013eov Slovenska, Slovensk\u00e1 inova\u010dn\u00e1 a\u00a0energetick\u00e1 agent\u00fara, V\u00fdskumn\u00e1 agent\u00fara a N\u00f3rske fondy.<\/p>\n<p style=\"text-align: justify;\">V\u0161etk\u00fdm menovan\u00fdm srde\u010dne \u010fakujeme.<\/p>\n<p style=\"text-align: justify;\">V\u00a0z\u00e1vere chceme po\u010fakova\u0165 v\u0161etk\u00fdm,\u00a0 ktor\u00ed svojou \u00fa\u010das\u0165ou a podporou\u00a0 prispeli k\u00a0zv\u00fd\u0161eniu prest\u00ed\u017ee cel\u00e9ho podujatia a\u00a0umo\u017enili skvalitni\u0165 priestor pre tvorivos\u0165 a z\u00edskavanie odborn\u00fdch a praktick\u00fdch zru\u010dnost\u00ed z\u00fa\u010dastnen\u00fdch mlad\u00fdch \u013eud\u00ed.<\/p>\n<hr \/>\n<h3 style=\"text-align: justify;\"><strong>15. Medzin\u00e1rodn\u00fd ve\u013etrh cvi\u010dn\u00fdch firiem kraj\u00edn V4 v Ko\u0161iciach<\/strong><\/h3>\n<p style=\"text-align: justify;\"><strong><em>V\u00fdroba a predaj krojov, pr\u00faten\u00fdch v\u00fdrobkov, \u010dokol\u00e1dy, leteck\u00e1 preprava, pivn\u00e9 k\u00fapele, truhl\u00e1rstvo a podlah\u00e1rstvo bol len mal\u00fd z\u00e1ber firiem, ktor\u00e9 prezentovali \u017eiaci stredn\u00fdch \u0161k\u00f4l zo Slovenska, \u010ciech a Po\u013eska na 15. Medzin\u00e1rodnom ve\u013etrhu cvi\u010dn\u00fdch firiem kraj\u00edn V4. Ten sa konal\u00a0 po\u010das dvoch dn\u00ed od 19. \u2013 20. okt\u00f3bra v priestoroch Spolo\u010densk\u00e9ho pavil\u00f3nu na Triede SNP 61 v Ko\u0161iciach.\u00a0<\/em><\/strong><\/p>\n<p style=\"text-align: justify;\">Na ve\u013etrh do Ko\u0161\u00edc pri\u0161li svoje firmy, podnikanie i podnikate\u013esk\u00e9 z\u00e1mery prezentova\u0165 \u017eiaci a pedag\u00f3govia zo 42 \u00a0stredn\u00fdch \u0161k\u00f4l zo Slovenska, \u0161iestich stredn\u00fdch \u0161k\u00f4l z \u010ceskej republiky a dve z Po\u013eska. Firmy si zriadili \u017eiaci pod doh\u013eadom pedag\u00f3gov a podnikate\u013eov, ktor\u00ed \u017eiakov ved\u00fa.<\/p>\n<p style=\"text-align: justify;\">S\u00fa\u010das\u0165ou Medzin\u00e1rodn\u00e9ho Ve\u013etrhu Cvi\u010dn\u00fdch Firiem boli aj s\u00fa\u0165a\u017ee zameran\u00e9 na imid\u017e st\u00e1nku, najlep\u0161iu\/ieho reprezentantku\/ta, elektronick\u00e9 prezent\u00e1cie, katal\u00f3g, logo, slogan. Jednou zo s\u00fa\u0165a\u017en\u00fdch kateg\u00f3ri\u00ed bol aj absol\u00fatny v\u00ed\u0165az v\u0161etk\u00fdch hodnoten\u00fdch kateg\u00f3ri\u00ed CF. Novou s\u00fa\u0165a\u017eou, na ktor\u00fa sa prihl\u00e1silo 21 z\u00fa\u010dastnen\u00fdch CF, bola s\u00fa\u0165a\u017e \u201e60 sek\u00fand &#8211; Elevator pitch\u201c. Priamo na ve\u013etrhu sme\u00a0tie\u017e vyhodnotili v\u00a0porad\u00ed u\u017e 6. ro\u010dn\u00edk s\u00fa\u0165a\u017ee SCCF s\u00a0n\u00e1zvom \u201eNajlep\u0161\u00ed podnikate\u013esk\u00fd z\u00e1mer\u201c.<\/p>\n<p style=\"text-align: justify;\">V\u00fdsledky v\u0161etk\u00fdch s\u00fa\u0165a\u017ei 15. Medzin\u00e1rodn\u00e9ho ve\u013etrhu cvi\u010dn\u00fdch firiem kraj\u00edn V4\u00a0n\u00e1jdete tu.<\/p>\n<p style=\"text-align: justify;\">Fotogal\u00e9riu 15. MVCF kraj\u00edn V4 n\u00e1jdete na<\/p>\n<div class=\"ose- ose-uid-f46840861421bd6bbfe03cfe72ad4e5b ose-embedpress-responsive\" style=\"width:600px; height:550px; max-height:550px; max-width:100%; display:inline-block;\" data-embed-type=\"Facebook\"><iframe allowfullscreen=\"true\" class=\"embera-facebook-iframe-f4684\" src=\"https:\/\/www.facebook.com\/plugins\/post.php?href=https%3A%2F%2Fwww.facebook.com%2Foawatsonke%2F&width=600&height=550&show_text=true\" width=\"600\" height=\"550\" style=\"border:none;overflow:hidden\" scrolling=\"no\" frameborder=\"0\" allowtransparency=\"true\"><\/iframe><\/div>\n<p>.<\/p>\n<p style=\"text-align: justify;\">\u010eakujeme partnerom,ktor\u00ed venovali ceny do s\u00fa\u0165a\u017ee: V\u00fdchodoslovensk\u00e1 energetika Holding, a. s.; SPN \u2013 Mlad\u00e9 let\u00e1, s. r. o., Samsung Electronics Czech and Slovak s. r. o.; VSD, a.s. Ko\u0161ice; VVS, a.s. Ko\u0161ice; KRK SOPK Ko\u0161ice; METRO Cash&amp;Carry SR s.r.o.; SPN \u2013 Mlad\u00e9 let\u00e1, s. r. o. a Rada akad\u00e9mia, o.z. Ko\u0161ice.<\/p>\n<p style=\"text-align: justify;\"><strong><u>O\u00a015. ro\u010dn\u00edku:<\/u><\/strong><\/p>\n<p style=\"text-align: justify;\">15. Medzin\u00e1rodn\u00fd ve\u013etrh cvi\u010dn\u00fdch firiem kraj\u00edn V4 zorganizoval \u0160t\u00e1tny in\u0161tit\u00fat odborn\u00e9ho vzdel\u00e1vania v\u00a0\u00fazkej spolupr\u00e1ci s\u00a0Obchodnou akad\u00e9miou na Watsonovej ulici v\u00a0Ko\u0161iciach. Garanciu nad podujat\u00edm prevzalo Slovensk\u00e9 centrum cvi\u010dn\u00fdch firiem, \u0161pecializovan\u00e9 pracovisko \u0160t\u00e1tneho in\u0161tit\u00fatu odborn\u00e9ho vzdel\u00e1vania.<\/p>\n<p style=\"text-align: justify;\">Cvi\u010dn\u00e1 firma podporuje podnikate\u013esk\u00e9 zru\u010dnosti, jednu z\u00a0\u00f4smich prior\u00edt Eur\u00f3pskej \u00fanie. Ve\u013etrh cvi\u010dn\u00fdch firiem patr\u00ed k jedine\u010dn\u00fdm podujatiam, kde sa prezentuje kreativita aflexibilita mlad\u00fdch \u013eud\u00ed, schopnos\u0165 pracova\u0165 v\u00a0t\u00edme, komunikova\u0165, rozhodova\u0165, robi\u0165 z\u00e1very, kriticky a\u00a0samostatne myslie\u0165. Okrem toho poskytuje mo\u017enos\u0165 komunikova\u0165 v\u00a0cudzom jazyku, rie\u0161i\u0165 obchodn\u00e9 pr\u00edpady, nadv\u00e4zova\u0165 obchodn\u00e9 a\u00a0partnersk\u00e9 vz\u0165ahy, ako aj priamu \u00fa\u010das\u0165 re\u00e1lnych partnerov na vzdel\u00e1van\u00ed.<\/p>\n<ul>\n<li><a href=\"https:\/\/archiv.siov.sk\/wp-content\/uploads\/2019\/02\/MVCFV4_KE_Katalog_SK_2017_FINAL.pdf\" target=\"_blank\" rel=\"noopener noreferrer\">Katal\u00f3g vystavovate\u013eov 15. MVCF kraj\u00edn V4 v Ko\u0161iciach<\/a><\/li>\n<li><a href=\"https:\/\/archiv.siov.sk\/wp-content\/uploads\/2019\/02\/Program15.-MVCF-Kosice.pdf\" target=\"_blank\" rel=\"noopener noreferrer\">Program ve\u013etrhu<\/a><\/li>\n<li><a href=\"https:\/\/archiv.siov.sk\/wp-content\/uploads\/2019\/02\/Prihl\u00e1\u0161ka-60-sek\u00fandelevator-pitch15.-MVCF-Ko\u0161ice.pdf\" target=\"_blank\" rel=\"noopener noreferrer\">Inform\u00e1cie a prihl\u00e1\u0161ka na s\u00fa\u0165a\u017e Elevator<\/a><\/li>\n<li><a href=\"https:\/\/archiv.siov.sk\/wp-content\/uploads\/2019\/02\/Plan-umiestnenia-stankov-CF-na-15.pdf\" target=\"_blank\" rel=\"noopener noreferrer\">Pl\u00e1n umiestnenia st\u00e1nkov<\/a><\/li>\n<li><a href=\"https:\/\/archiv.siov.sk\/wp-content\/uploads\/2019\/02\/riaditelsky-list-1.pdf\" target=\"_blank\" rel=\"noopener noreferrer\">Inform\u00e1cie\u00a0o 15. Medzin\u00e1rodnom ve\u013etrhu CF v Ko\u0161iciach<\/a><\/li>\n<li><a href=\"https:\/\/archiv.siov.sk\/wp-content\/uploads\/2019\/02\/2_Pozvanka_MVCF_V4_2017_Kosice.pdf\" target=\"_blank\" rel=\"noopener noreferrer\">Pozv\u00e1nka na 15. Medzin\u00e1rodn\u00fd ve\u013etrh cvi\u010dn\u00fdch firiem kraj\u00edn V4 v Ko\u0161iciach (19. 10. &#8211; 20. 10. 2017)<\/a><\/li>\n<li><a href=\"https:\/\/archiv.siov.sk\/wp-content\/uploads\/2019\/02\/3_SK_Prihlaska_MVCF_V4_Kosice.pdf\" target=\"_blank\" rel=\"noopener noreferrer\">Prihl\u00e1\u0161ka na 15. Medzin\u00e1rodn\u00fd ve\u013etrh cvi\u010dn\u00fdch firiem kraj\u00edn V4 v Ko\u0161iciach<\/a><\/li>\n<li><a href=\"https:\/\/archiv.siov.sk\/wp-content\/uploads\/2019\/02\/4_SK_Eprezentacia_Prihlaska_MVCF_V4_Kosice.pdf\" target=\"_blank\" rel=\"noopener noreferrer\">Prihl\u00e1\u0161ka na s\u00fa\u0165a\u017e E-prezentacia CF na 15. MVCF kraj\u00edn V4 v Ko\u0161iciach<\/a><\/li>\n<\/ul>\n<ul>\n<li><a href=\"https:\/\/archiv.siov.sk\/wp-content\/uploads\/2019\/02\/Vyhodnotenie19MVCF.doc\" target=\"_blank\" rel=\"noopener noreferrer\">Vyhodnotenie 19. medzin\u00e1rodn\u00e9ho ve\u013etrhu cvi\u010dn\u00fdch firiem<\/a><\/li>\n<\/ul>\n<p style=\"text-align: justify;\"><img fetchpriority=\"high\" decoding=\"async\" src=\"https:\/\/archiv.siov.sk\/wp-content\/uploads\/2019\/01\/19-rocnik-medzinarodneho-veltrhu-cvicnych-firiem.jpg\" alt=\"19-rocnik-medzinarodneho-veltrhu-cvicnych-firiem\" width=\"960\" height=\"540\" \/><\/p>\n<hr \/>\n<h3 style=\"text-align: justify;\"><strong>19. ro\u010dn\u00edk Medzin\u00e1rodn\u00e9ho ve\u013etrhu cvi\u010dn\u00fdch firiem<\/strong><\/h3>\n<p style=\"text-align: justify;\">Poz\u00fdvame v\u00e1s na 19. ro\u010dn\u00edk, ktor\u00fd sa uskuto\u010dn\u00ed v d\u0148och 10.-11. novembra 2016 v bratislavskej Inchebe. Pozv\u00e1nku na 25. ro\u010dn\u00edk JUVYR a 19. ro\u010dn\u00edk Medzin\u00e1rodn\u00e9ho ve\u013etrhu cvi\u010dn\u00fdch firiem n\u00e1jdete\u00a0<strong><a href=\"https:\/\/archiv.siov.sk\/wp-content\/uploads\/2019\/02\/Vyhodnotenie19MVCF.doc\" target=\"_blank\" rel=\"noopener noreferrer\">TU<\/a><\/strong>.<\/p>\n<p style=\"text-align: justify;\"><strong>S\u00fa\u0165a\u017ee a\u00a0s\u00fa\u0165a\u017en\u00e9 krit\u00e9ri\u00e1<\/strong><\/p>\n<p style=\"text-align: justify;\"><strong>19. Medzin\u00e1rodn\u00e9ho ve\u013etrhu cvi\u010dn\u00fdch firiem v Bratislave<\/strong><\/p>\n<p style=\"text-align: justify;\">S\u00fa\u010das\u0165ou Medzin\u00e1rodn\u00e9ho ve\u013etrhu cvi\u010dn\u00fdch firiem bud\u00fa aj tento rok s\u00fa\u0165a\u017ee cvi\u010dn\u00fdch firiem.<\/p>\n<p style=\"text-align: justify;\">Cvi\u010dn\u00e9 firmy sa bud\u00fa prezentova\u0165 v st\u00e1nkoch, kde bud\u00fa pon\u00faka\u0165 slu\u017eby a produkty svojej firmy, vies\u0165 obchodn\u00e9 rozhovory, uzatv\u00e1ra\u0165 zmluvy s\u00a0potenci\u00e1lnymi z\u00e1kazn\u00edkmi. Pri t\u00fdchto rozhovoroch bud\u00fa vyu\u017e\u00edva\u0165 katal\u00f3g, akciov\u00e9 let\u00e1ky, samotn\u00fd imid\u017e firmy ako aj v\u0161etky dostupn\u00e9 marketingov\u00e9 n\u00e1stroje s\u00fa\u010dasnej doby.<\/p>\n<p style=\"text-align: justify;\">Cie\u013eom ve\u013etrhu cvi\u010dn\u00fdch firiem je predstavi\u0165, \u010do sa \u0161tudenti nau\u010dili v\u00a0r\u00e1mci podnikate\u013esk\u00e9ho vzdel\u00e1vania. Bud\u00fa prezentova\u0165 k\u013e\u00fa\u010dov\u00e9 kompetencie ako je\u00a0 prezent\u00e1cia, kreativita, flexibility mlad\u00fdch, schopnos\u0165 pracova\u0165 v\u00a0t\u00edme, komunikova\u0165, rozhodova\u0165, robi\u0165 z\u00e1very, kriticky a\u00a0samostatne myslie\u0165.<\/p>\n<p style=\"text-align: justify;\">Hodnoten\u00e9 kateg\u00f3rie a\u00a0krit\u00e9ri\u00e1 s\u00fa\u0165a\u017e\u00ed cvi\u010dn\u00fdch firiem:<\/p>\n<table>\n<tbody>\n<tr>\n<td>katal\u00f3g cvi\u010dnej firmy<\/td>\n<td>n\u00e1paditos\u0165, obsah, forma, kvalita, reprodukovate\u013enos\u0165<\/td>\n<\/tr>\n<tr>\n<td>imid\u017e st\u00e1nku cvi\u010dnej firmy<\/td>\n<td>n\u00e1paditos\u0165, originalita, re\u00e1lnos\u0165, atmosf\u00e9ra<\/td>\n<\/tr>\n<tr>\n<td>reprezentant\/reprezentantka<\/td>\n<td>sp\u00f4sob vedenia obchodn\u00e9ho rozhovoru, znalos\u0165 produktov, vystupovanie&#8230;<\/td>\n<\/tr>\n<tr>\n<td>slogan cvi\u010dnej firmy<\/td>\n<td>v\u00fdsti\u017enos\u0165, originalita, jednoduchos\u0165<\/td>\n<\/tr>\n<tr>\n<td>logo cvi\u010dnej firmy<\/td>\n<td>originalita, reprodukovate\u013enos\u0165, n\u00e1paditos\u0165<\/td>\n<\/tr>\n<tr>\n<td>elektronick\u00e9 prezent\u00e1cie cvi\u010dn\u00fdch firiem<\/td>\n<td>estetick\u00e1 str\u00e1nka ( prv\u00fd dojem, typy p\u00edsma a\u00a0ve\u013ekos\u0165 p\u00edsma, vhodn\u00e9 vyu\u017eitie efektov),<br \/>\nobsah (kvalita1\/mno\u017estvo podan\u00fdch inform\u00e1ci\u00ed, kvalita2\/ logo, pr\u00e1vna forma, predmet podnikania, s\u00eddlo, kvalita3\/platobn\u00e9 a\u00a0dodacie podmienky),<br \/>\nprezentuj\u00faci \u2013 celkov\u00fd dojem, atmosf\u00e9ra; verb\u00e1lna komunik\u00e1cia; neverb\u00e1lna komunik\u00e1cia; dodr\u017eanie \u010dasov\u00e9ho limitu o\u017eivuj\u00face prvky prezent\u00e1cie<\/td>\n<\/tr>\n<\/tbody>\n<\/table>\n<p style=\"text-align: justify;\">Cvi\u010dn\u00e1 firma, ktor\u00e1 dosiahne najviac bodov vo v\u0161etk\u00fdch kateg\u00f3ri\u00e1ch, z\u00edska cenu absol\u00fatneho v\u00ed\u0165aza ve\u013etrhu.<\/p>\n<p style=\"text-align: justify;\">Ver\u00edme, \u017ee sa stretneme v\u00a0d\u0148och 10. \u2013 11. novembra 2016 na 25. ro\u010dn\u00edku v\u00fdstavy JUVYR a\u00a0na 19. Medzin\u00e1rodnom ve\u013etrhu cvi\u010dn\u00fdch firiem v\u00a0Bratislave, ktor\u00fd je s\u00fa\u010das\u0165ou \u00a0a\u00a0te\u0161\u00edme sa na V\u00e1s.<\/p>\n<ul>\n<li><a href=\"https:\/\/archiv.siov.sk\/wp-content\/uploads\/2019\/02\/Vseobecne-vystavne-podmienky-JUVYR-MVCF_FINAL_TP_080916.doc\" target=\"_blank\" rel=\"noopener noreferrer\">V\u0161eobecn\u00e9 v\u00fdstavn\u00e9 podmienky<\/a><\/li>\n<\/ul>\n<p style=\"text-align: justify;\"><strong>Competition and competition criteria<\/strong><\/p>\n<p style=\"text-align: justify;\"><strong>of the 19th International Training Firms Exhibition in Bratislava<\/strong><\/p>\n<p style=\"text-align: justify;\">Competition of training firms will be a\u00a0part of the International Training Firms Exhibition again.<\/p>\n<p style=\"text-align: justify;\">Judged categories and crietria of training firms competition:<\/p>\n<table>\n<tbody>\n<tr>\n<td>Catalogue of training firm<\/td>\n<td>innovation, content, form, quality, applicability<\/td>\n<\/tr>\n<tr>\n<td>Exhibition stand of training firm<\/td>\n<td>innovation, originality, reality, atmosphere<\/td>\n<\/tr>\n<tr>\n<td>Training firm\u00b4s represenatative<\/td>\n<td>Business talk, knowledge in products, appeareance and performing&#8230;<\/td>\n<\/tr>\n<tr>\n<td>Slogan of the training firm<\/td>\n<td>accuracy, originality, simplicity<\/td>\n<\/tr>\n<tr>\n<td>Logo of the training firm<\/td>\n<td>originality, invention,applicability<\/td>\n<\/tr>\n<tr>\n<td>Electronic presentation of the training firm<\/td>\n<td>aesthetics, content, performing, language<\/td>\n<\/tr>\n<\/tbody>\n<\/table>\n<p style=\"text-align: justify;\">The training firm, that gets the most points in all categories will recieve the prize for the absolute winner of the trade fair.<\/p>\n<ul>\n<li style=\"text-align: justify;\"><a href=\"https:\/\/archiv.siov.sk\/wp-content\/uploads\/2019\/02\/EN_General-Exhibition-Conditions.docx\" target=\"_blank\" rel=\"noopener noreferrer\">General Exhibition Conditions<\/a><\/li>\n<\/ul>\n<p style=\"text-align: justify;\">","protected":false},"excerpt":{"rendered":"<p>Medzin\u00e1rodn\u00fd ve\u013etrh cvi\u010dn\u00fdch firiem Medzin\u00e1rodn\u00fd ve\u013etrh cvi\u010dn\u00fdch firiem 2025: In\u0161pir\u00e1cia, s\u00fa\u0165a\u017ee a krst pracovn\u00e9ho zo\u0161ita Cvi\u010dn\u00e1 firma 2.0 s Ivanou Moln\u00e1rovou Podnikanie s poslan\u00edm \u2013 hlavn\u00e1 t\u00e9ma nov\u00e9ho ro\u010dn\u00edka Medzin\u00e1rodn\u00e9ho ve\u013etrhu cvi\u010dn\u00fdch firiem Slovensko 2025 Ve\u013etrh cvi\u010dn\u00fdch firiem Hradec Kr\u00e1lov\u00e9 o\u010dami \u017eiakov Ve\u013etrh cvi\u010dn\u00fdch firiem v \u017datci o\u010dami \u017eiakov Vyhl\u00e1senie s\u00fa\u0165a\u017e\u00ed cvi\u010dn\u00fdch firiem 2021 De\u0148 [&hellip;]<\/p>\n","protected":false},"author":1,"featured_media":0,"parent":114,"menu_order":0,"comment_status":"closed","ping_status":"closed","template":"","meta":{"site-sidebar-layout":"default","site-content-layout":"default","ast-site-content-layout":"default","site-content-style":"default","site-sidebar-style":"default","ast-global-header-display":"","ast-banner-title-visibility":"","ast-main-header-display":"","ast-hfb-above-header-display":"","ast-hfb-below-header-display":"","ast-hfb-mobile-header-display":"","site-post-title":"disabled","ast-breadcrumbs-content":"","ast-featured-img":"","footer-sml-layout":"","ast-disable-related-posts":"","theme-transparent-header-meta":"default","adv-header-id-meta":"","stick-header-meta":"default","header-above-stick-meta":"","header-main-stick-meta":"","header-below-stick-meta":"","astra-migrate-meta-layouts":"set","ast-page-background-enabled":"default","ast-page-background-meta":{"desktop":{"background-color":"var(--ast-global-color-4)","background-image":"","background-repeat":"repeat","background-position":"center center","background-size":"auto","background-attachment":"scroll","background-type":"","background-media":"","overlay-type":"","overlay-color":"","overlay-opacity":"","overlay-gradient":""},"tablet":{"background-color":"","background-image":"","background-repeat":"repeat","background-position":"center center","background-size":"auto","background-attachment":"scroll","background-type":"","background-media":"","overlay-type":"","overlay-color":"","overlay-opacity":"","overlay-gradient":""},"mobile":{"background-color":"","background-image":"","background-repeat":"repeat","background-position":"center center","background-size":"auto","background-attachment":"scroll","background-type":"","background-media":"","overlay-type":"","overlay-color":"","overlay-opacity":"","overlay-gradient":""}},"ast-content-background-meta":{"desktop":{"background-color":"var(--ast-global-color-5)","background-image":"","background-repeat":"repeat","background-position":"center center","background-size":"auto","background-attachment":"scroll","background-type":"","background-media":"","overlay-type":"","overlay-color":"","overlay-opacity":"","overlay-gradient":""},"tablet":{"background-color":"var(--ast-global-color-5)","background-image":"","background-repeat":"repeat","background-position":"center center","background-size":"auto","background-attachment":"scroll","background-type":"","background-media":"","overlay-type":"","overlay-color":"","overlay-opacity":"","overlay-gradient":""},"mobile":{"background-color":"var(--ast-global-color-5)","background-image":"","background-repeat":"repeat","background-position":"center center","background-size":"auto","background-attachment":"scroll","background-type":"","background-media":"","overlay-type":"","overlay-color":"","overlay-opacity":"","overlay-gradient":""}},"footnotes":""},"class_list":["post-118","page","type-page","status-publish","hentry"],"yoast_head":"<!-- This site is optimized with the Yoast SEO plugin v27.5 - https:\/\/yoast.com\/product\/yoast-seo-wordpress\/ -->\n<title>Medzin\u00e1rodn\u00fd ve\u013etrh cvi\u010dn\u00fdch firiem - \u0160IOV - \u0161t\u00e1tny in\u0161tit\u00fat odborn\u00e9ho vzdel\u00e1vania<\/title>\n<meta name=\"robots\" content=\"index, follow, max-snippet:-1, max-image-preview:large, max-video-preview:-1\" \/>\n<link rel=\"canonical\" href=\"https:\/\/archiv.siov.sk\/en\/cvicne-firmy\/veltrhy-a-sutaze\/medzinarodny-veltrh-cvicnych-firiem\/\" \/>\n<meta property=\"og:locale\" content=\"en_GB\" \/>\n<meta property=\"og:type\" content=\"article\" \/>\n<meta property=\"og:title\" content=\"Medzin\u00e1rodn\u00fd ve\u013etrh cvi\u010dn\u00fdch firiem - \u0160IOV - \u0161t\u00e1tny in\u0161tit\u00fat odborn\u00e9ho vzdel\u00e1vania\" \/>\n<meta property=\"og:description\" content=\"Medzin\u00e1rodn\u00fd ve\u013etrh cvi\u010dn\u00fdch firiem Medzin\u00e1rodn\u00fd ve\u013etrh cvi\u010dn\u00fdch firiem 2025: In\u0161pir\u00e1cia, s\u00fa\u0165a\u017ee a krst pracovn\u00e9ho zo\u0161ita Cvi\u010dn\u00e1 firma 2.0 s Ivanou Moln\u00e1rovou Podnikanie s poslan\u00edm \u2013 hlavn\u00e1 t\u00e9ma nov\u00e9ho ro\u010dn\u00edka Medzin\u00e1rodn\u00e9ho ve\u013etrhu cvi\u010dn\u00fdch firiem Slovensko 2025 Ve\u013etrh cvi\u010dn\u00fdch firiem Hradec Kr\u00e1lov\u00e9 o\u010dami \u017eiakov Ve\u013etrh cvi\u010dn\u00fdch firiem v \u017datci o\u010dami \u017eiakov Vyhl\u00e1senie s\u00fa\u0165a\u017e\u00ed cvi\u010dn\u00fdch firiem 2021 De\u0148 [&hellip;]\" \/>\n<meta property=\"og:url\" content=\"https:\/\/archiv.siov.sk\/en\/cvicne-firmy\/veltrhy-a-sutaze\/medzinarodny-veltrh-cvicnych-firiem\/\" \/>\n<meta property=\"og:site_name\" content=\"\u0160IOV - \u0161t\u00e1tny in\u0161tit\u00fat odborn\u00e9ho vzdel\u00e1vania\" \/>\n<meta property=\"article:publisher\" content=\"https:\/\/www.facebook.com\/Statnyinstitutodbornehovzdelavania\" \/>\n<meta property=\"article:modified_time\" content=\"2025-11-05T08:22:33+00:00\" \/>\n<meta property=\"og:image\" content=\"https:\/\/archiv.siov.sk\/wp-content\/uploads\/2019\/01\/19-rocnik-medzinarodneho-veltrhu-cvicnych-firiem.jpg\" \/>\n<meta name=\"twitter:card\" content=\"summary_large_image\" \/>\n<meta name=\"twitter:label1\" content=\"Estimated reading time\" \/>\n\t<meta name=\"twitter:data1\" content=\"14 minutes\" \/>\n<script type=\"application\/ld+json\" class=\"yoast-schema-graph\">{\"@context\":\"https:\\\/\\\/schema.org\",\"@graph\":[{\"@type\":\"WebPage\",\"@id\":\"https:\\\/\\\/archiv.siov.sk\\\/cvicne-firmy\\\/veltrhy-a-sutaze\\\/medzinarodny-veltrh-cvicnych-firiem\\\/\",\"url\":\"https:\\\/\\\/archiv.siov.sk\\\/cvicne-firmy\\\/veltrhy-a-sutaze\\\/medzinarodny-veltrh-cvicnych-firiem\\\/\",\"name\":\"Medzin\u00e1rodn\u00fd ve\u013etrh cvi\u010dn\u00fdch firiem - \u0160IOV - \u0161t\u00e1tny in\u0161tit\u00fat odborn\u00e9ho vzdel\u00e1vania\",\"isPartOf\":{\"@id\":\"https:\\\/\\\/archiv.siov.sk\\\/#website\"},\"primaryImageOfPage\":{\"@id\":\"https:\\\/\\\/archiv.siov.sk\\\/cvicne-firmy\\\/veltrhy-a-sutaze\\\/medzinarodny-veltrh-cvicnych-firiem\\\/#primaryimage\"},\"image\":{\"@id\":\"https:\\\/\\\/archiv.siov.sk\\\/cvicne-firmy\\\/veltrhy-a-sutaze\\\/medzinarodny-veltrh-cvicnych-firiem\\\/#primaryimage\"},\"thumbnailUrl\":\"https:\\\/\\\/archiv.siov.sk\\\/wp-content\\\/uploads\\\/2019\\\/01\\\/19-rocnik-medzinarodneho-veltrhu-cvicnych-firiem.jpg\",\"datePublished\":\"2019-01-25T09:44:42+00:00\",\"dateModified\":\"2025-11-05T08:22:33+00:00\",\"breadcrumb\":{\"@id\":\"https:\\\/\\\/archiv.siov.sk\\\/cvicne-firmy\\\/veltrhy-a-sutaze\\\/medzinarodny-veltrh-cvicnych-firiem\\\/#breadcrumb\"},\"inLanguage\":\"en-GB\",\"potentialAction\":[{\"@type\":\"ReadAction\",\"target\":[\"https:\\\/\\\/archiv.siov.sk\\\/cvicne-firmy\\\/veltrhy-a-sutaze\\\/medzinarodny-veltrh-cvicnych-firiem\\\/\"]}]},{\"@type\":\"ImageObject\",\"inLanguage\":\"en-GB\",\"@id\":\"https:\\\/\\\/archiv.siov.sk\\\/cvicne-firmy\\\/veltrhy-a-sutaze\\\/medzinarodny-veltrh-cvicnych-firiem\\\/#primaryimage\",\"url\":\"https:\\\/\\\/archiv.siov.sk\\\/wp-content\\\/uploads\\\/2019\\\/01\\\/19-rocnik-medzinarodneho-veltrhu-cvicnych-firiem.jpg\",\"contentUrl\":\"https:\\\/\\\/archiv.siov.sk\\\/wp-content\\\/uploads\\\/2019\\\/01\\\/19-rocnik-medzinarodneho-veltrhu-cvicnych-firiem.jpg\"},{\"@type\":\"BreadcrumbList\",\"@id\":\"https:\\\/\\\/archiv.siov.sk\\\/cvicne-firmy\\\/veltrhy-a-sutaze\\\/medzinarodny-veltrh-cvicnych-firiem\\\/#breadcrumb\",\"itemListElement\":[{\"@type\":\"ListItem\",\"position\":1,\"name\":\"Home\",\"item\":\"https:\\\/\\\/archiv.siov.sk\\\/\"},{\"@type\":\"ListItem\",\"position\":2,\"name\":\"SLOVENSK\u00c9 CENTRUM CVI\u010cN\u00ddCH FIRIEM\",\"item\":\"https:\\\/\\\/archiv.siov.sk\\\/cvicne-firmy\\\/\"},{\"@type\":\"ListItem\",\"position\":3,\"name\":\"Ve\u013etrhy a s\u00fa\u0165a\u017ee\",\"item\":\"https:\\\/\\\/archiv.siov.sk\\\/cvicne-firmy\\\/veltrhy-a-sutaze\\\/\"},{\"@type\":\"ListItem\",\"position\":4,\"name\":\"Medzin\u00e1rodn\u00fd ve\u013etrh cvi\u010dn\u00fdch firiem\"}]},{\"@type\":\"WebSite\",\"@id\":\"https:\\\/\\\/archiv.siov.sk\\\/#website\",\"url\":\"https:\\\/\\\/archiv.siov.sk\\\/\",\"name\":\"\u0160IOV - \u0161t\u00e1tny in\u0161tit\u00fat odborn\u00e9ho vzdel\u00e1vania\",\"description\":\"\",\"publisher\":{\"@id\":\"https:\\\/\\\/archiv.siov.sk\\\/#organization\"},\"potentialAction\":[{\"@type\":\"SearchAction\",\"target\":{\"@type\":\"EntryPoint\",\"urlTemplate\":\"https:\\\/\\\/archiv.siov.sk\\\/?s={search_term_string}\"},\"query-input\":{\"@type\":\"PropertyValueSpecification\",\"valueRequired\":true,\"valueName\":\"search_term_string\"}}],\"inLanguage\":\"en-GB\"},{\"@type\":\"Organization\",\"@id\":\"https:\\\/\\\/archiv.siov.sk\\\/#organization\",\"name\":\"\u0160IOV - \u0161t\u00e1tny in\u0161tit\u00fat odborn\u00e9ho vzdel\u00e1vania\",\"url\":\"https:\\\/\\\/archiv.siov.sk\\\/\",\"logo\":{\"@type\":\"ImageObject\",\"inLanguage\":\"en-GB\",\"@id\":\"https:\\\/\\\/archiv.siov.sk\\\/#\\\/schema\\\/logo\\\/image\\\/\",\"url\":\"https:\\\/\\\/archiv.siov.sk\\\/wp-content\\\/uploads\\\/2024\\\/02\\\/logo-SIOV.png\",\"contentUrl\":\"https:\\\/\\\/archiv.siov.sk\\\/wp-content\\\/uploads\\\/2024\\\/02\\\/logo-SIOV.png\",\"width\":431,\"height\":143,\"caption\":\"\u0160IOV - \u0161t\u00e1tny in\u0161tit\u00fat odborn\u00e9ho vzdel\u00e1vania\"},\"image\":{\"@id\":\"https:\\\/\\\/archiv.siov.sk\\\/#\\\/schema\\\/logo\\\/image\\\/\"},\"sameAs\":[\"https:\\\/\\\/www.facebook.com\\\/Statnyinstitutodbornehovzdelavania\"]}]}<\/script>\n<!-- \/ Yoast SEO plugin. -->","yoast_head_json":{"title":"Medzin\u00e1rodn\u00fd ve\u013etrh cvi\u010dn\u00fdch firiem - \u0160IOV - \u0161t\u00e1tny in\u0161tit\u00fat odborn\u00e9ho vzdel\u00e1vania","robots":{"index":"index","follow":"follow","max-snippet":"max-snippet:-1","max-image-preview":"max-image-preview:large","max-video-preview":"max-video-preview:-1"},"canonical":"https:\/\/archiv.siov.sk\/en\/cvicne-firmy\/veltrhy-a-sutaze\/medzinarodny-veltrh-cvicnych-firiem\/","og_locale":"en_GB","og_type":"article","og_title":"Medzin\u00e1rodn\u00fd ve\u013etrh cvi\u010dn\u00fdch firiem - \u0160IOV - \u0161t\u00e1tny in\u0161tit\u00fat odborn\u00e9ho vzdel\u00e1vania","og_description":"Medzin\u00e1rodn\u00fd ve\u013etrh cvi\u010dn\u00fdch firiem Medzin\u00e1rodn\u00fd ve\u013etrh cvi\u010dn\u00fdch firiem 2025: In\u0161pir\u00e1cia, s\u00fa\u0165a\u017ee a krst pracovn\u00e9ho zo\u0161ita Cvi\u010dn\u00e1 firma 2.0 s Ivanou Moln\u00e1rovou Podnikanie s poslan\u00edm \u2013 hlavn\u00e1 t\u00e9ma nov\u00e9ho ro\u010dn\u00edka Medzin\u00e1rodn\u00e9ho ve\u013etrhu cvi\u010dn\u00fdch firiem Slovensko 2025 Ve\u013etrh cvi\u010dn\u00fdch firiem Hradec Kr\u00e1lov\u00e9 o\u010dami \u017eiakov Ve\u013etrh cvi\u010dn\u00fdch firiem v \u017datci o\u010dami \u017eiakov Vyhl\u00e1senie s\u00fa\u0165a\u017e\u00ed cvi\u010dn\u00fdch firiem 2021 De\u0148 [&hellip;]","og_url":"https:\/\/archiv.siov.sk\/en\/cvicne-firmy\/veltrhy-a-sutaze\/medzinarodny-veltrh-cvicnych-firiem\/","og_site_name":"\u0160IOV - \u0161t\u00e1tny in\u0161tit\u00fat odborn\u00e9ho vzdel\u00e1vania","article_publisher":"https:\/\/www.facebook.com\/Statnyinstitutodbornehovzdelavania","article_modified_time":"2025-11-05T08:22:33+00:00","og_image":[{"url":"https:\/\/archiv.siov.sk\/wp-content\/uploads\/2019\/01\/19-rocnik-medzinarodneho-veltrhu-cvicnych-firiem.jpg","type":"","width":"","height":""}],"twitter_card":"summary_large_image","twitter_misc":{"Estimated reading time":"14 minutes"},"schema":{"@context":"https:\/\/schema.org","@graph":[{"@type":"WebPage","@id":"https:\/\/archiv.siov.sk\/cvicne-firmy\/veltrhy-a-sutaze\/medzinarodny-veltrh-cvicnych-firiem\/","url":"https:\/\/archiv.siov.sk\/cvicne-firmy\/veltrhy-a-sutaze\/medzinarodny-veltrh-cvicnych-firiem\/","name":"Medzin\u00e1rodn\u00fd ve\u013etrh cvi\u010dn\u00fdch firiem - \u0160IOV - \u0161t\u00e1tny in\u0161tit\u00fat odborn\u00e9ho vzdel\u00e1vania","isPartOf":{"@id":"https:\/\/archiv.siov.sk\/#website"},"primaryImageOfPage":{"@id":"https:\/\/archiv.siov.sk\/cvicne-firmy\/veltrhy-a-sutaze\/medzinarodny-veltrh-cvicnych-firiem\/#primaryimage"},"image":{"@id":"https:\/\/archiv.siov.sk\/cvicne-firmy\/veltrhy-a-sutaze\/medzinarodny-veltrh-cvicnych-firiem\/#primaryimage"},"thumbnailUrl":"https:\/\/archiv.siov.sk\/wp-content\/uploads\/2019\/01\/19-rocnik-medzinarodneho-veltrhu-cvicnych-firiem.jpg","datePublished":"2019-01-25T09:44:42+00:00","dateModified":"2025-11-05T08:22:33+00:00","breadcrumb":{"@id":"https:\/\/archiv.siov.sk\/cvicne-firmy\/veltrhy-a-sutaze\/medzinarodny-veltrh-cvicnych-firiem\/#breadcrumb"},"inLanguage":"en-GB","potentialAction":[{"@type":"ReadAction","target":["https:\/\/archiv.siov.sk\/cvicne-firmy\/veltrhy-a-sutaze\/medzinarodny-veltrh-cvicnych-firiem\/"]}]},{"@type":"ImageObject","inLanguage":"en-GB","@id":"https:\/\/archiv.siov.sk\/cvicne-firmy\/veltrhy-a-sutaze\/medzinarodny-veltrh-cvicnych-firiem\/#primaryimage","url":"https:\/\/archiv.siov.sk\/wp-content\/uploads\/2019\/01\/19-rocnik-medzinarodneho-veltrhu-cvicnych-firiem.jpg","contentUrl":"https:\/\/archiv.siov.sk\/wp-content\/uploads\/2019\/01\/19-rocnik-medzinarodneho-veltrhu-cvicnych-firiem.jpg"},{"@type":"BreadcrumbList","@id":"https:\/\/archiv.siov.sk\/cvicne-firmy\/veltrhy-a-sutaze\/medzinarodny-veltrh-cvicnych-firiem\/#breadcrumb","itemListElement":[{"@type":"ListItem","position":1,"name":"Home","item":"https:\/\/archiv.siov.sk\/"},{"@type":"ListItem","position":2,"name":"SLOVENSK\u00c9 CENTRUM CVI\u010cN\u00ddCH FIRIEM","item":"https:\/\/archiv.siov.sk\/cvicne-firmy\/"},{"@type":"ListItem","position":3,"name":"Ve\u013etrhy a s\u00fa\u0165a\u017ee","item":"https:\/\/archiv.siov.sk\/cvicne-firmy\/veltrhy-a-sutaze\/"},{"@type":"ListItem","position":4,"name":"Medzin\u00e1rodn\u00fd ve\u013etrh cvi\u010dn\u00fdch firiem"}]},{"@type":"WebSite","@id":"https:\/\/archiv.siov.sk\/#website","url":"https:\/\/archiv.siov.sk\/","name":"\u0160IOV - \u0161t\u00e1tny in\u0161tit\u00fat odborn\u00e9ho vzdel\u00e1vania","description":"","publisher":{"@id":"https:\/\/archiv.siov.sk\/#organization"},"potentialAction":[{"@type":"SearchAction","target":{"@type":"EntryPoint","urlTemplate":"https:\/\/archiv.siov.sk\/?s={search_term_string}"},"query-input":{"@type":"PropertyValueSpecification","valueRequired":true,"valueName":"search_term_string"}}],"inLanguage":"en-GB"},{"@type":"Organization","@id":"https:\/\/archiv.siov.sk\/#organization","name":"\u0160IOV - \u0161t\u00e1tny in\u0161tit\u00fat odborn\u00e9ho vzdel\u00e1vania","url":"https:\/\/archiv.siov.sk\/","logo":{"@type":"ImageObject","inLanguage":"en-GB","@id":"https:\/\/archiv.siov.sk\/#\/schema\/logo\/image\/","url":"https:\/\/archiv.siov.sk\/wp-content\/uploads\/2024\/02\/logo-SIOV.png","contentUrl":"https:\/\/archiv.siov.sk\/wp-content\/uploads\/2024\/02\/logo-SIOV.png","width":431,"height":143,"caption":"\u0160IOV - \u0161t\u00e1tny in\u0161tit\u00fat odborn\u00e9ho vzdel\u00e1vania"},"image":{"@id":"https:\/\/archiv.siov.sk\/#\/schema\/logo\/image\/"},"sameAs":["https:\/\/www.facebook.com\/Statnyinstitutodbornehovzdelavania"]}]}},"_links":{"self":[{"href":"https:\/\/archiv.siov.sk\/en\/wp-json\/wp\/v2\/pages\/118","targetHints":{"allow":["GET"]}}],"collection":[{"href":"https:\/\/archiv.siov.sk\/en\/wp-json\/wp\/v2\/pages"}],"about":[{"href":"https:\/\/archiv.siov.sk\/en\/wp-json\/wp\/v2\/types\/page"}],"author":[{"embeddable":true,"href":"https:\/\/archiv.siov.sk\/en\/wp-json\/wp\/v2\/users\/1"}],"replies":[{"embeddable":true,"href":"https:\/\/archiv.siov.sk\/en\/wp-json\/wp\/v2\/comments?post=118"}],"version-history":[{"count":36,"href":"https:\/\/archiv.siov.sk\/en\/wp-json\/wp\/v2\/pages\/118\/revisions"}],"predecessor-version":[{"id":21697,"href":"https:\/\/archiv.siov.sk\/en\/wp-json\/wp\/v2\/pages\/118\/revisions\/21697"}],"up":[{"embeddable":true,"href":"https:\/\/archiv.siov.sk\/en\/wp-json\/wp\/v2\/pages\/114"}],"wp:attachment":[{"href":"https:\/\/archiv.siov.sk\/en\/wp-json\/wp\/v2\/media?parent=118"}],"curies":[{"name":"wp","href":"https:\/\/api.w.org\/{rel}","templated":true}]}}