{"id":114,"date":"2019-01-25T10:41:36","date_gmt":"2019-01-25T09:41:36","guid":{"rendered":"http:\/\/archiv.siov.sk\/?page_id=114"},"modified":"2024-06-17T16:43:50","modified_gmt":"2024-06-17T14:43:50","slug":"veltrhy-a-sutaze","status":"publish","type":"page","link":"https:\/\/archiv.siov.sk\/en\/cvicne-firmy\/veltrhy-a-sutaze\/","title":{"rendered":"Trade fairs and competitions"},"content":{"rendered":"<h2>Trade fairs and competitions<\/h2>\n<ul>\n<li>Trade fairs and competitions<\/li>\n<li style=\"font-size: 15px;\"><a href=\"https:\/\/archiv.siov.sk\/en\/medzinarodny-veltrh-cvicnych-firiem-slovensko-2023\/\" target=\"_blank\" rel=\"noopener\">Medzin\u00e1rodn\u00fd ve\u013etrh cvi\u010dn\u00fdch firiem Slovensko 2023<\/a><\/li>\n<li style=\"font-size: 15px;\"><a href=\"https:\/\/archiv.siov.sk\/wp-content\/uploads\/2023\/04\/JUPOV-2023-Sutaze-CF_-kriteria-final_.pdf\" target=\"_blank\" rel=\"noopener\">JUPOV 2023 \u2013 S\u00fa\u0165a\u017ee cvi\u010dn\u00fdch firiem<\/a><\/li>\n<li style=\"font-size: 15px;\"><a href=\"https:\/\/archiv.siov.sk\/wp-content\/uploads\/2023\/04\/Final_Vyhlasenie_sutazeNajPZ.pdf\" target=\"_blank\" rel=\"noopener\">Vyhl\u00e1senie s\u00fa\u0165a\u017ee \u201eNajlep\u0161\u00ed podnikate\u013esk\u00fd z\u00e1mer 2023\u201c s medzin\u00e1rodnou \u00fa\u010das\u0165ou<\/a><\/li>\n<li><a href=\"https:\/\/archiv.siov.sk\/wp-content\/uploads\/2023\/02\/TS-14-KD-CF-za-OA-Poprad.docx\" target=\"_blank\" rel=\"noopener\">14. kontrakta\u010dn\u00fd de\u0148 cvi\u010dn\u00fdch firiem Slovensko v\u00fdchod<\/a><\/li>\n<li><a href=\"https:\/\/archiv.siov.sk\/wp-content\/uploads\/2023\/02\/TS-15-VCF-Vranov-nad-Toplou.docx\" target=\"_blank\" rel=\"noopener\">15. tradi\u010dn\u00fd ve\u013etrh cvi\u010dn\u00fdch firiem na OA Vranov nad Top\u013eou<\/a><\/li>\n<li><a href=\"https:\/\/archiv.siov.sk\/wp-content\/uploads\/2023\/02\/vyhodnotenie-KD-CF-SS-Sala.docx\" target=\"_blank\" rel=\"noopener\">Kontrakta\u010dn\u00fd de\u0148 cvi\u010dn\u00fdch firiem Slovensko z\u00e1pad<\/a><\/li>\n<li><a href=\"https:\/\/archiv.siov.sk\/en\/medzinarodny-veltrh-cvicnych-firiem-slovensko-2022-2\/\" target=\"_blank\" rel=\"noopener\">Spr\u00e1va &#8211; Medzin\u00e1rodn\u00fd ve\u013etrh cvi\u010dn\u00fdch firiem Slovensko 2022<\/a><\/li>\n<li style=\"font-size: 15px;\"><a href=\"https:\/\/archiv.siov.sk\/en\/medzinarodny-veltrh-cvicnych-firiem-slovensko-2022\/\" target=\"_blank\" rel=\"noopener\">Medzin\u00e1rodn\u00fd ve\u013etrh cvi\u010dn\u00fdch firiem Slovensko 2022<\/a><\/li>\n<\/ul>\n<ul>\n<li><a href=\"https:\/\/archiv.siov.sk\/en\/cvicne-firmy\/veltrhy-a-sutaze\/sutaze\/\">Competitions<\/a><\/li>\n<\/ul>\n<hr \/>\n<h3>Zahrani\u010dn\u00e9 ve\u013etrhy cvi\u010dn\u00fdch firiem<\/h3>\n<p>&nbsp;<\/p>\n<ul>\n<li><a href=\"https:\/\/archiv.siov.sk\/wp-content\/uploads\/2024\/04\/MUB-VCF-jun-2024-1-1.docx\">Pozv\u00e1nka na Ve\u013etrh cvi\u010dn\u00fdch firiem s t\u00e9mou ZODPOVEDN\u00c1 FIRMA 2024<\/a><\/li>\n<li><a href=\"https:\/\/archiv.siov.sk\/wp-content\/uploads\/2024\/04\/Clanok-Ostravsky-veletrh-prilezitosti-21.-3.-2024.docx\">Ostravsk\u00fd ve\u013etrh pr\u00edle\u017eitost\u00ed<\/a><\/li>\n<li><a href=\"https:\/\/archiv.siov.sk\/wp-content\/uploads\/2024\/04\/Clanok-29_-MVCF-Praha-2024-a-anketa-ucitela-CF.docx\">Dvadsiaty deviaty medzin\u00e1rodn\u00fd ve\u013etrh cvi\u010dn\u00fdch firiem v Prahe a vyhodnotenie ankety Najlep\u0161\u00ed u\u010dite\u013e CF 2023<\/a><\/li>\n<li><a href=\"https:\/\/archiv.siov.sk\/en\/5-mub-line-veltrh-cvicnych-firiem-metropolitni-univerzity-praha-2023\/\" target=\"_blank\" rel=\"noopener\">5. MUB-line ve\u013etrh cvi\u010dn\u00fdch firiem Metropolitn\u00ed univerzity Praha 2023<\/a><\/li>\n<li><a href=\"https:\/\/archiv.siov.sk\/en\/absolutnym-vitazom-medzinarodneho-veltrhu-cvicnych-firiem-praha-2023-je-opat-slovenska-firma\/\" target=\"_blank\" rel=\"noopener\">Absol\u00fatnym v\u00ed\u0165azom Medzin\u00e1rodn\u00e9ho ve\u013etrhu cvi\u010dn\u00fdch firiem Praha 2023 je op\u00e4\u0165 slovensk\u00e1 firma<\/a><\/li>\n<li><a href=\"https:\/\/archiv.siov.sk\/en\/na-veltrhu-cvicnych-firiem-v-ceskych-budejoviciach-bodovali-firmy-z-bratislavy\/\" target=\"_blank\" rel=\"noopener\">Na Ve\u013etrhu cvi\u010dn\u00fdch firiem v \u010cesk\u00fdch Budejoviciach bodovali firmy z Bratislavy<\/a><\/li>\n<li><a href=\"https:\/\/archiv.siov.sk\/en\/ostravsky-veltrh-prilezitosti-2022\/\" target=\"_blank\" rel=\"noopener\">Ostravsk\u00fd ve\u013etrh pr\u00edle\u017eitost\u00ed 2022<\/a><\/li>\n<li style=\"font-size: 15px;\"><a style=\"color: #349637; outline: 0px;\" href=\"https:\/\/archiv.siov.sk\/en\/na-medzinarodnom-veltrhu-cvicnych-firiem-praha-2022-zvitazila-slovenska-firma\/\" target=\"_blank\" rel=\"noopener\">Medzin\u00e1rodn\u00fd ve\u013etrh cvi\u010dn\u00fdch firiem Praha 2022<\/a><\/li>\n<li style=\"font-size: 15px;\"><a style=\"color: #349637; outline: 0px;\" href=\"https:\/\/archiv.siov.sk\/en\/pen-valentinsky-tyzden-obchodovania-2022\/\" target=\"_blank\" rel=\"noopener\">PEN Valent\u00ednsky t\u00fd\u017ede\u0148 obchodovania 2022<\/a><\/li>\n<li><a href=\"http:\/\/www.sccf.sk\/medzinarodny-veltrh-cvicnych-firiem-2021-3a.html\">Medzin\u00e1rodn\u00fd ve\u013etrh cvi\u010dn\u00fdch firiem 2021<\/a><\/li>\n<li><a href=\"https:\/\/archiv.siov.sk\/en\/cvicne-firmy\/veltrhy-a-sutaze\/medzinarodny-veltrh-cvicnych-firiem\/\">Medzin\u00e1rodn\u00fd ve\u013etrh cvi\u010dn\u00fdch firiem<\/a><\/li>\n<li><a href=\"https:\/\/archiv.siov.sk\/wp-content\/uploads\/2021\/03\/Prvy-ostravsky-onlinen-VCF-2021.pdf\">Prv\u00fd online ostravsk\u00fd ve\u013etrh cvi\u010dn\u00fdch firiem 2021<\/a><\/li>\n<li><a href=\"https:\/\/archiv.siov.sk\/en\/cvicne-firmy\/veltrhy-a-sutaze\/sutaze\/slovenske-cvicne-firmy-v-prahe-opat-uspesne\/\">Slovak training companies in Prague successful again<\/a><\/li>\n<li><a href=\"https:\/\/archiv.siov.sk\/en\/cvicne-firmy\/veltrhy-a-sutaze\/ostravsky-veltrh-cvicnych-firiem\/\">Ostrava fair of training companies<\/a><\/li>\n<li><a href=\"https:\/\/archiv.siov.sk\/en\/cvicne-firmy\/veltrhy-a-sutaze\/praha-hostila-uz-23-rocnik-mezinarodniho-veletrhu-fiktivnich-firem\/\">Prague fair of training companies<\/a><\/li>\n<li><a href=\"https:\/\/archiv.siov.sk\/en\/cvicne-firmy\/veltrhy-a-sutaze\/regionalny-veltrh-cvicnych-firiem-olomouc-2019\/\">Region\u00e1lny ve\u013etrh cvi\u010dn\u00fdch firiem\u00a0Olomouc 2019<\/a><\/li>\n<li><a href=\"https:\/\/archiv.siov.sk\/en\/cvicne-firmy\/veltrhy-a-sutaze\/regionalny-veltrh-a-kontraktacny-den-cvicnych-firiem-2019\/\">Region\u00e1lny ve\u013etrh a kontrakta\u010dn\u00fd de\u0148 cvi\u010dn\u00fdch firiem 2019<\/a><\/li>\n<\/ul>\n<hr \/>\n<h3>Semin\u00e1re<\/h3>\n<ul>\n<li><a href=\"http:\/\/www.sccf.sk\/vzdelavanie-pedagogickych-zamestnancov-20.html\">Cesta cvi\u010dnej firmy &#8211; 2021\u00a0<\/a><\/li>\n<li><a href=\"http:\/\/www.sccf.sk\/vzdelavanie-pedagogickych-zamestnancov-20.html\">Nov\u00e9 trendy v predmete cvi\u010dn\u00e1 firma &#8211; 2019<\/a><\/li>\n<li><a href=\"https:\/\/archiv.siov.sk\/en\/cvicne-firmy\/veltrhy-a-sutaze\/ako-ucit-cvicnu-firmu\/\">How to teach a training company<\/a><\/li>\n<\/ul>\n<hr \/>\n<h3>Kontrakta\u010dn\u00e9 dni cvi\u010dn\u00fdch firiem<\/h3>\n<p>&nbsp;<\/p>\n<ul>\n<li style=\"font-size: 15px;\"><a href=\"https:\/\/archiv.siov.sk\/wp-content\/uploads\/2023\/02\/TS-14-KD-CF-za-OA-Poprad.docx\" target=\"_blank\" rel=\"noopener\">14. kontrakta\u010dn\u00fd de\u0148 cvi\u010dn\u00fdch firiem Slovensko v\u00fdchod<\/a><\/li>\n<li style=\"font-size: 15px;\"><a href=\"https:\/\/archiv.siov.sk\/wp-content\/uploads\/2023\/02\/vyhodnotenie-KD-CF-SS-Sala.docx\" target=\"_blank\" rel=\"noopener\">Kontrakta\u010dn\u00fd de\u0148 cvi\u010dn\u00fdch firiem Slovensko z\u00e1pad<\/a><\/li>\n<li><a href=\"https:\/\/archiv.siov.sk\/wp-content\/uploads\/2023\/01\/Pozvanka.pdf\" target=\"_blank\" rel=\"noopener\">Pozv\u00e1nka na jubilejn\u00fd XV. ro\u010dn\u00edk ve\u013etrhu cvi\u010dn\u00fdch firiem na OA Vranov nad Top\u013eou<\/a><\/li>\n<li><a href=\"https:\/\/archiv.siov.sk\/wp-content\/uploads\/2023\/01\/Zavazna-prihlaska.doc\" target=\"_blank\" rel=\"noopener\">Z\u00e1v\u00e4zn\u00e1 prihl\u00e1\u0161ka na jubilejn\u00fd XV. ro\u010dn\u00edk ve\u013etrhu cvi\u010dn\u00fdch firiem na OA Vranov nad Top\u013eou<\/a><\/li>\n<li><a href=\"https:\/\/archiv.siov.sk\/en\/hkd-a-putovne-kontraktacne-dni-slovenskeho-centra-cvicnych-firiem\/\" target=\"_blank\" rel=\"noopener\">HKD a Putovn\u00e9 kontrakta\u010dn\u00e9 dni Slovensk\u00e9ho centra cvi\u010dn\u00fdch firiem<\/a><\/li>\n<li><a href=\"https:\/\/archiv.siov.sk\/wp-content\/uploads\/2022\/04\/Clanok-Regionalny-veltrh-cvicnych-firiem-2022-Ziar-nad-Hronom.docx\" target=\"_blank\" rel=\"noopener\">Kontrakta\u010dn\u00fd de\u0148 CF Slovensko Stred 2022<\/a><\/li>\n<li><a href=\"https:\/\/archiv.siov.sk\/wp-content\/uploads\/2022\/04\/Vysledovka-KD-CF-ZIAR-nad-Hronom-finale.xlsx\" target=\"_blank\" rel=\"noopener\">Vyhodnotenie<\/a><\/li>\n<li><a href=\"https:\/\/archiv.siov.sk\/wp-content\/uploads\/2022\/04\/Clanok-_KD-CF-Slovensko-Zapad-Sala-2022.docx\" target=\"_blank\" rel=\"noopener\">Kontrakta\u010dn\u00fd de\u0148 CF Slovensko Z\u00e1pad 2022<\/a><\/li>\n<li><a href=\"https:\/\/archiv.siov.sk\/wp-content\/uploads\/2022\/04\/Clanok-KD-CF-PP-SLOVENSKO_VYCHOD.docx\" target=\"_blank\" rel=\"noopener\">Kontrakta\u010dn\u00fd de\u0148 CF Slovensko V\u00fdchod 2022<\/a><\/li>\n<\/ul>\n<p>&nbsp;<\/p>\n<ul>\n<li><a href=\"https:\/\/archiv.siov.sk\/wp-content\/uploads\/2021\/08\/PrveBratislavskeKontraktacneDniCFskoncili.pdf\">Bratislavsk\u00e9 kontrakta\u010dn\u00e9 dni 2021<\/a>\n<ul>\n<li><a href=\"https:\/\/www.youtube.com\/watch?v=EHsMVmnPPKw\">Z\u00e1znam de\u0148 1.<\/a><\/li>\n<li><a href=\"https:\/\/www.youtube.com\/watch?v=S-iSLFGuOY4\">Z\u00e1znam de\u0148 2.<\/a><\/li>\n<\/ul>\n<\/li>\n<\/ul>\n<ul>\n<li><a href=\"https:\/\/archiv.siov.sk\/wp-content\/uploads\/2021\/03\/Prvy-online-KD-CF-PP-2021.pdf\">Online kontrakta\u010dn\u00fd de\u0148 cvi\u010dn\u00fdch firiem Slovensko &#8211; v\u00fdchod 2021<\/a><\/li>\n<li><a href=\"https:\/\/www.oapoprad.sk\/\">Vyhodnotenie<\/a><\/li>\n<\/ul>\n<ul>\n<li><a href=\"https:\/\/soazh.edupage.org\/news\/?eqa=bmV3c2FyY2hpdmVmPTIwMjEtMDM%3D\">Prv\u00fd \u017eiarsky online ve\u013etrh cvi\u010dn\u00fdch firiem &#8211; vyhodnotenie<\/a><\/li>\n<\/ul>\n<ul>\n<li><a href=\"https:\/\/archiv.siov.sk\/en\/cvicne-firmy\/veltrhy-a-sutaze\/kontraktacny-den-cvicnych-firiem-v-sali\/\">Kontrakta\u010dn\u00fd de\u0148 Cvi\u010dn\u00fdch firiem v \u0160ali<\/a><\/li>\n<li><a href=\"https:\/\/archiv.siov.sk\/en\/cvicne-firmy\/veltrhy-a-sutaze\/vystava-mlady-tvorca-2017\/\">Exhibition Mlad\u00fd tvorca 2017<\/a><\/li>\n<li><a href=\"https:\/\/archiv.siov.sk\/en\/cvicne-firmy\/veltrhy-a-sutaze\/kontraktacny-den-cvicnych-firiem-v-poprade\/\">Kontrakta\u010dn\u00fd de\u0148 Cvi\u010dn\u00fdch firiem v Poprade<\/a><\/li>\n<\/ul>","protected":false},"excerpt":{"rendered":"<p>Ve\u013etrhy a s\u00fa\u0165a\u017ee Ve\u013etrhy a s\u00fa\u0165a\u017ee Medzin\u00e1rodn\u00fd ve\u013etrh cvi\u010dn\u00fdch firiem Slovensko 2023 JUPOV 2023 \u2013 S\u00fa\u0165a\u017ee cvi\u010dn\u00fdch firiem Vyhl\u00e1senie s\u00fa\u0165a\u017ee \u201eNajlep\u0161\u00ed podnikate\u013esk\u00fd z\u00e1mer 2023\u201c s medzin\u00e1rodnou \u00fa\u010das\u0165ou 14. kontrakta\u010dn\u00fd de\u0148 cvi\u010dn\u00fdch firiem Slovensko v\u00fdchod 15. tradi\u010dn\u00fd ve\u013etrh cvi\u010dn\u00fdch firiem na OA Vranov nad Top\u013eou Kontrakta\u010dn\u00fd de\u0148 cvi\u010dn\u00fdch firiem Slovensko z\u00e1pad Spr\u00e1va &#8211; Medzin\u00e1rodn\u00fd ve\u013etrh cvi\u010dn\u00fdch [&hellip;]<\/p>\n","protected":false},"author":1,"featured_media":0,"parent":103,"menu_order":0,"comment_status":"closed","ping_status":"closed","template":"","meta":{"site-sidebar-layout":"default","site-content-layout":"default","ast-site-content-layout":"default","site-content-style":"default","site-sidebar-style":"default","ast-global-header-display":"","ast-banner-title-visibility":"","ast-main-header-display":"","ast-hfb-above-header-display":"","ast-hfb-below-header-display":"","ast-hfb-mobile-header-display":"","site-post-title":"disabled","ast-breadcrumbs-content":"","ast-featured-img":"","footer-sml-layout":"","ast-disable-related-posts":"","theme-transparent-header-meta":"default","adv-header-id-meta":"","stick-header-meta":"default","header-above-stick-meta":"","header-main-stick-meta":"","header-below-stick-meta":"","astra-migrate-meta-layouts":"set","ast-page-background-enabled":"default","ast-page-background-meta":{"desktop":{"background-color":"var(--ast-global-color-4)","background-image":"","background-repeat":"repeat","background-position":"center center","background-size":"auto","background-attachment":"scroll","background-type":"","background-media":"","overlay-type":"","overlay-color":"","overlay-opacity":"","overlay-gradient":""},"tablet":{"background-color":"","background-image":"","background-repeat":"repeat","background-position":"center center","background-size":"auto","background-attachment":"scroll","background-type":"","background-media":"","overlay-type":"","overlay-color":"","overlay-opacity":"","overlay-gradient":""},"mobile":{"background-color":"","background-image":"","background-repeat":"repeat","background-position":"center center","background-size":"auto","background-attachment":"scroll","background-type":"","background-media":"","overlay-type":"","overlay-color":"","overlay-opacity":"","overlay-gradient":""}},"ast-content-background-meta":{"desktop":{"background-color":"var(--ast-global-color-5)","background-image":"","background-repeat":"repeat","background-position":"center center","background-size":"auto","background-attachment":"scroll","background-type":"","background-media":"","overlay-type":"","overlay-color":"","overlay-opacity":"","overlay-gradient":""},"tablet":{"background-color":"var(--ast-global-color-5)","background-image":"","background-repeat":"repeat","background-position":"center center","background-size":"auto","background-attachment":"scroll","background-type":"","background-media":"","overlay-type":"","overlay-color":"","overlay-opacity":"","overlay-gradient":""},"mobile":{"background-color":"var(--ast-global-color-5)","background-image":"","background-repeat":"repeat","background-position":"center center","background-size":"auto","background-attachment":"scroll","background-type":"","background-media":"","overlay-type":"","overlay-color":"","overlay-opacity":"","overlay-gradient":""}},"footnotes":""},"class_list":["post-114","page","type-page","status-publish","hentry"],"yoast_head":"<!-- This site is optimized with the Yoast SEO plugin v27.5 - https:\/\/yoast.com\/product\/yoast-seo-wordpress\/ -->\n<title>Ve\u013etrhy a s\u00fa\u0165a\u017ee - \u0160IOV - \u0161t\u00e1tny in\u0161tit\u00fat odborn\u00e9ho vzdel\u00e1vania<\/title>\n<meta name=\"robots\" content=\"index, follow, max-snippet:-1, max-image-preview:large, max-video-preview:-1\" \/>\n<link rel=\"canonical\" href=\"https:\/\/archiv.siov.sk\/en\/cvicne-firmy\/veltrhy-a-sutaze\/\" \/>\n<meta property=\"og:locale\" content=\"en_GB\" \/>\n<meta property=\"og:type\" content=\"article\" \/>\n<meta property=\"og:title\" content=\"Ve\u013etrhy a s\u00fa\u0165a\u017ee - \u0160IOV - \u0161t\u00e1tny in\u0161tit\u00fat odborn\u00e9ho vzdel\u00e1vania\" \/>\n<meta property=\"og:description\" content=\"Ve\u013etrhy a s\u00fa\u0165a\u017ee Ve\u013etrhy a s\u00fa\u0165a\u017ee Medzin\u00e1rodn\u00fd ve\u013etrh cvi\u010dn\u00fdch firiem Slovensko 2023 JUPOV 2023 \u2013 S\u00fa\u0165a\u017ee cvi\u010dn\u00fdch firiem Vyhl\u00e1senie s\u00fa\u0165a\u017ee \u201eNajlep\u0161\u00ed podnikate\u013esk\u00fd z\u00e1mer 2023\u201c s medzin\u00e1rodnou \u00fa\u010das\u0165ou 14. kontrakta\u010dn\u00fd de\u0148 cvi\u010dn\u00fdch firiem Slovensko v\u00fdchod 15. tradi\u010dn\u00fd ve\u013etrh cvi\u010dn\u00fdch firiem na OA Vranov nad Top\u013eou Kontrakta\u010dn\u00fd de\u0148 cvi\u010dn\u00fdch firiem Slovensko z\u00e1pad Spr\u00e1va &#8211; Medzin\u00e1rodn\u00fd ve\u013etrh cvi\u010dn\u00fdch [&hellip;]\" \/>\n<meta property=\"og:url\" content=\"https:\/\/archiv.siov.sk\/en\/cvicne-firmy\/veltrhy-a-sutaze\/\" \/>\n<meta property=\"og:site_name\" content=\"\u0160IOV - \u0161t\u00e1tny in\u0161tit\u00fat odborn\u00e9ho vzdel\u00e1vania\" \/>\n<meta property=\"article:publisher\" content=\"https:\/\/www.facebook.com\/Statnyinstitutodbornehovzdelavania\" \/>\n<meta property=\"article:modified_time\" content=\"2024-06-17T14:43:50+00:00\" \/>\n<meta name=\"twitter:card\" content=\"summary_large_image\" \/>\n<meta name=\"twitter:label1\" content=\"Estimated reading time\" \/>\n\t<meta name=\"twitter:data1\" content=\"2 minutes\" \/>\n<script type=\"application\/ld+json\" class=\"yoast-schema-graph\">{\"@context\":\"https:\\\/\\\/schema.org\",\"@graph\":[{\"@type\":\"WebPage\",\"@id\":\"https:\\\/\\\/archiv.siov.sk\\\/cvicne-firmy\\\/veltrhy-a-sutaze\\\/\",\"url\":\"https:\\\/\\\/archiv.siov.sk\\\/cvicne-firmy\\\/veltrhy-a-sutaze\\\/\",\"name\":\"Ve\u013etrhy a s\u00fa\u0165a\u017ee - \u0160IOV - \u0161t\u00e1tny in\u0161tit\u00fat odborn\u00e9ho vzdel\u00e1vania\",\"isPartOf\":{\"@id\":\"https:\\\/\\\/archiv.siov.sk\\\/#website\"},\"datePublished\":\"2019-01-25T09:41:36+00:00\",\"dateModified\":\"2024-06-17T14:43:50+00:00\",\"breadcrumb\":{\"@id\":\"https:\\\/\\\/archiv.siov.sk\\\/cvicne-firmy\\\/veltrhy-a-sutaze\\\/#breadcrumb\"},\"inLanguage\":\"en-GB\",\"potentialAction\":[{\"@type\":\"ReadAction\",\"target\":[\"https:\\\/\\\/archiv.siov.sk\\\/cvicne-firmy\\\/veltrhy-a-sutaze\\\/\"]}]},{\"@type\":\"BreadcrumbList\",\"@id\":\"https:\\\/\\\/archiv.siov.sk\\\/cvicne-firmy\\\/veltrhy-a-sutaze\\\/#breadcrumb\",\"itemListElement\":[{\"@type\":\"ListItem\",\"position\":1,\"name\":\"Home\",\"item\":\"https:\\\/\\\/archiv.siov.sk\\\/\"},{\"@type\":\"ListItem\",\"position\":2,\"name\":\"SLOVENSK\u00c9 CENTRUM CVI\u010cN\u00ddCH FIRIEM\",\"item\":\"https:\\\/\\\/archiv.siov.sk\\\/cvicne-firmy\\\/\"},{\"@type\":\"ListItem\",\"position\":3,\"name\":\"Ve\u013etrhy a s\u00fa\u0165a\u017ee\"}]},{\"@type\":\"WebSite\",\"@id\":\"https:\\\/\\\/archiv.siov.sk\\\/#website\",\"url\":\"https:\\\/\\\/archiv.siov.sk\\\/\",\"name\":\"\u0160IOV - \u0161t\u00e1tny in\u0161tit\u00fat odborn\u00e9ho vzdel\u00e1vania\",\"description\":\"\",\"publisher\":{\"@id\":\"https:\\\/\\\/archiv.siov.sk\\\/#organization\"},\"potentialAction\":[{\"@type\":\"SearchAction\",\"target\":{\"@type\":\"EntryPoint\",\"urlTemplate\":\"https:\\\/\\\/archiv.siov.sk\\\/?s={search_term_string}\"},\"query-input\":{\"@type\":\"PropertyValueSpecification\",\"valueRequired\":true,\"valueName\":\"search_term_string\"}}],\"inLanguage\":\"en-GB\"},{\"@type\":\"Organization\",\"@id\":\"https:\\\/\\\/archiv.siov.sk\\\/#organization\",\"name\":\"\u0160IOV - \u0161t\u00e1tny in\u0161tit\u00fat odborn\u00e9ho vzdel\u00e1vania\",\"url\":\"https:\\\/\\\/archiv.siov.sk\\\/\",\"logo\":{\"@type\":\"ImageObject\",\"inLanguage\":\"en-GB\",\"@id\":\"https:\\\/\\\/archiv.siov.sk\\\/#\\\/schema\\\/logo\\\/image\\\/\",\"url\":\"https:\\\/\\\/archiv.siov.sk\\\/wp-content\\\/uploads\\\/2024\\\/02\\\/logo-SIOV.png\",\"contentUrl\":\"https:\\\/\\\/archiv.siov.sk\\\/wp-content\\\/uploads\\\/2024\\\/02\\\/logo-SIOV.png\",\"width\":431,\"height\":143,\"caption\":\"\u0160IOV - \u0161t\u00e1tny in\u0161tit\u00fat odborn\u00e9ho vzdel\u00e1vania\"},\"image\":{\"@id\":\"https:\\\/\\\/archiv.siov.sk\\\/#\\\/schema\\\/logo\\\/image\\\/\"},\"sameAs\":[\"https:\\\/\\\/www.facebook.com\\\/Statnyinstitutodbornehovzdelavania\"]}]}<\/script>\n<!-- \/ Yoast SEO plugin. -->","yoast_head_json":{"title":"Ve\u013etrhy a s\u00fa\u0165a\u017ee - \u0160IOV - \u0161t\u00e1tny in\u0161tit\u00fat odborn\u00e9ho vzdel\u00e1vania","robots":{"index":"index","follow":"follow","max-snippet":"max-snippet:-1","max-image-preview":"max-image-preview:large","max-video-preview":"max-video-preview:-1"},"canonical":"https:\/\/archiv.siov.sk\/en\/cvicne-firmy\/veltrhy-a-sutaze\/","og_locale":"en_GB","og_type":"article","og_title":"Ve\u013etrhy a s\u00fa\u0165a\u017ee - \u0160IOV - \u0161t\u00e1tny in\u0161tit\u00fat odborn\u00e9ho vzdel\u00e1vania","og_description":"Ve\u013etrhy a s\u00fa\u0165a\u017ee Ve\u013etrhy a s\u00fa\u0165a\u017ee Medzin\u00e1rodn\u00fd ve\u013etrh cvi\u010dn\u00fdch firiem Slovensko 2023 JUPOV 2023 \u2013 S\u00fa\u0165a\u017ee cvi\u010dn\u00fdch firiem Vyhl\u00e1senie s\u00fa\u0165a\u017ee \u201eNajlep\u0161\u00ed podnikate\u013esk\u00fd z\u00e1mer 2023\u201c s medzin\u00e1rodnou \u00fa\u010das\u0165ou 14. kontrakta\u010dn\u00fd de\u0148 cvi\u010dn\u00fdch firiem Slovensko v\u00fdchod 15. tradi\u010dn\u00fd ve\u013etrh cvi\u010dn\u00fdch firiem na OA Vranov nad Top\u013eou Kontrakta\u010dn\u00fd de\u0148 cvi\u010dn\u00fdch firiem Slovensko z\u00e1pad Spr\u00e1va &#8211; Medzin\u00e1rodn\u00fd ve\u013etrh cvi\u010dn\u00fdch [&hellip;]","og_url":"https:\/\/archiv.siov.sk\/en\/cvicne-firmy\/veltrhy-a-sutaze\/","og_site_name":"\u0160IOV - \u0161t\u00e1tny in\u0161tit\u00fat odborn\u00e9ho vzdel\u00e1vania","article_publisher":"https:\/\/www.facebook.com\/Statnyinstitutodbornehovzdelavania","article_modified_time":"2024-06-17T14:43:50+00:00","twitter_card":"summary_large_image","twitter_misc":{"Estimated reading time":"2 minutes"},"schema":{"@context":"https:\/\/schema.org","@graph":[{"@type":"WebPage","@id":"https:\/\/archiv.siov.sk\/cvicne-firmy\/veltrhy-a-sutaze\/","url":"https:\/\/archiv.siov.sk\/cvicne-firmy\/veltrhy-a-sutaze\/","name":"Ve\u013etrhy a s\u00fa\u0165a\u017ee - \u0160IOV - \u0161t\u00e1tny in\u0161tit\u00fat odborn\u00e9ho vzdel\u00e1vania","isPartOf":{"@id":"https:\/\/archiv.siov.sk\/#website"},"datePublished":"2019-01-25T09:41:36+00:00","dateModified":"2024-06-17T14:43:50+00:00","breadcrumb":{"@id":"https:\/\/archiv.siov.sk\/cvicne-firmy\/veltrhy-a-sutaze\/#breadcrumb"},"inLanguage":"en-GB","potentialAction":[{"@type":"ReadAction","target":["https:\/\/archiv.siov.sk\/cvicne-firmy\/veltrhy-a-sutaze\/"]}]},{"@type":"BreadcrumbList","@id":"https:\/\/archiv.siov.sk\/cvicne-firmy\/veltrhy-a-sutaze\/#breadcrumb","itemListElement":[{"@type":"ListItem","position":1,"name":"Home","item":"https:\/\/archiv.siov.sk\/"},{"@type":"ListItem","position":2,"name":"SLOVENSK\u00c9 CENTRUM CVI\u010cN\u00ddCH FIRIEM","item":"https:\/\/archiv.siov.sk\/cvicne-firmy\/"},{"@type":"ListItem","position":3,"name":"Ve\u013etrhy a s\u00fa\u0165a\u017ee"}]},{"@type":"WebSite","@id":"https:\/\/archiv.siov.sk\/#website","url":"https:\/\/archiv.siov.sk\/","name":"\u0160IOV - \u0161t\u00e1tny in\u0161tit\u00fat odborn\u00e9ho vzdel\u00e1vania","description":"","publisher":{"@id":"https:\/\/archiv.siov.sk\/#organization"},"potentialAction":[{"@type":"SearchAction","target":{"@type":"EntryPoint","urlTemplate":"https:\/\/archiv.siov.sk\/?s={search_term_string}"},"query-input":{"@type":"PropertyValueSpecification","valueRequired":true,"valueName":"search_term_string"}}],"inLanguage":"en-GB"},{"@type":"Organization","@id":"https:\/\/archiv.siov.sk\/#organization","name":"\u0160IOV - \u0161t\u00e1tny in\u0161tit\u00fat odborn\u00e9ho vzdel\u00e1vania","url":"https:\/\/archiv.siov.sk\/","logo":{"@type":"ImageObject","inLanguage":"en-GB","@id":"https:\/\/archiv.siov.sk\/#\/schema\/logo\/image\/","url":"https:\/\/archiv.siov.sk\/wp-content\/uploads\/2024\/02\/logo-SIOV.png","contentUrl":"https:\/\/archiv.siov.sk\/wp-content\/uploads\/2024\/02\/logo-SIOV.png","width":431,"height":143,"caption":"\u0160IOV - \u0161t\u00e1tny in\u0161tit\u00fat odborn\u00e9ho vzdel\u00e1vania"},"image":{"@id":"https:\/\/archiv.siov.sk\/#\/schema\/logo\/image\/"},"sameAs":["https:\/\/www.facebook.com\/Statnyinstitutodbornehovzdelavania"]}]}},"_links":{"self":[{"href":"https:\/\/archiv.siov.sk\/en\/wp-json\/wp\/v2\/pages\/114","targetHints":{"allow":["GET"]}}],"collection":[{"href":"https:\/\/archiv.siov.sk\/en\/wp-json\/wp\/v2\/pages"}],"about":[{"href":"https:\/\/archiv.siov.sk\/en\/wp-json\/wp\/v2\/types\/page"}],"author":[{"embeddable":true,"href":"https:\/\/archiv.siov.sk\/en\/wp-json\/wp\/v2\/users\/1"}],"replies":[{"embeddable":true,"href":"https:\/\/archiv.siov.sk\/en\/wp-json\/wp\/v2\/comments?post=114"}],"version-history":[{"count":76,"href":"https:\/\/archiv.siov.sk\/en\/wp-json\/wp\/v2\/pages\/114\/revisions"}],"predecessor-version":[{"id":15846,"href":"https:\/\/archiv.siov.sk\/en\/wp-json\/wp\/v2\/pages\/114\/revisions\/15846"}],"up":[{"embeddable":true,"href":"https:\/\/archiv.siov.sk\/en\/wp-json\/wp\/v2\/pages\/103"}],"wp:attachment":[{"href":"https:\/\/archiv.siov.sk\/en\/wp-json\/wp\/v2\/media?parent=114"}],"curies":[{"name":"wp","href":"https:\/\/api.w.org\/{rel}","templated":true}]}}