{"id":11185,"date":"2022-04-22T13:42:31","date_gmt":"2022-04-22T11:42:31","guid":{"rendered":"https:\/\/archiv.siov.sk\/?page_id=11185"},"modified":"2022-12-16T10:34:49","modified_gmt":"2022-12-16T09:34:49","slug":"medzinarodny-projekt-mesu","status":"publish","type":"page","link":"https:\/\/archiv.siov.sk\/en\/medzinarodny-projekt-mesu\/","title":{"rendered":"International project MESU"},"content":{"rendered":"<div data-elementor-type=\"wp-page\" data-elementor-id=\"11185\" class=\"elementor elementor-11185\" data-elementor-post-type=\"page\">\n\t\t\t\t\t\t<section class=\"elementor-section elementor-top-section elementor-element elementor-element-625691f elementor-section-boxed elementor-section-height-default elementor-section-height-default\" data-id=\"625691f\" data-element_type=\"section\" data-e-type=\"section\">\n\t\t\t\t\t\t<div class=\"elementor-container elementor-column-gap-default\">\n\t\t\t\t\t<div class=\"elementor-column elementor-col-100 elementor-top-column elementor-element elementor-element-b50c7f5\" data-id=\"b50c7f5\" data-element_type=\"column\" data-e-type=\"column\">\n\t\t\t<div class=\"elementor-widget-wrap elementor-element-populated\">\n\t\t\t\t\t\t<div class=\"elementor-element elementor-element-2e1b53f elementor-widget-divider--view-line elementor-widget elementor-widget-divider\" data-id=\"2e1b53f\" data-element_type=\"widget\" data-e-type=\"widget\" data-widget_type=\"divider.default\">\n\t\t\t\t<div class=\"elementor-widget-container\">\n\t\t\t\t\t\t\t<div class=\"elementor-divider\">\n\t\t\t<span class=\"elementor-divider-separator\">\n\t\t\t\t\t\t<\/span>\n\t\t<\/div>\n\t\t\t\t\t\t<\/div>\n\t\t\t\t<\/div>\n\t\t\t\t<div class=\"elementor-element elementor-element-6d2b31e elementor-widget elementor-widget-heading\" data-id=\"6d2b31e\" data-element_type=\"widget\" data-e-type=\"widget\" data-widget_type=\"heading.default\">\n\t\t\t\t<div class=\"elementor-widget-container\">\n\t\t\t\t\t<h2 class=\"elementor-heading-title elementor-size-default\">International project MESU<\/h2>\t\t\t\t<\/div>\n\t\t\t\t<\/div>\n\t\t\t\t\t<\/div>\n\t\t<\/div>\n\t\t\t\t\t<\/div>\n\t\t<\/section>\n\t\t\t\t<section class=\"elementor-section elementor-top-section elementor-element elementor-element-5c81663 elementor-section-boxed elementor-section-height-default elementor-section-height-default\" data-id=\"5c81663\" data-element_type=\"section\" data-e-type=\"section\">\n\t\t\t\t\t\t<div class=\"elementor-container elementor-column-gap-default\">\n\t\t\t\t\t<div class=\"elementor-column elementor-col-100 elementor-top-column elementor-element elementor-element-548e2ee\" data-id=\"548e2ee\" data-element_type=\"column\" data-e-type=\"column\">\n\t\t\t<div class=\"elementor-widget-wrap elementor-element-populated\">\n\t\t\t\t\t\t<div class=\"elementor-element elementor-element-ea0bd2f elementor-widget elementor-widget-text-editor\" data-id=\"ea0bd2f\" data-element_type=\"widget\" data-e-type=\"widget\" data-widget_type=\"text-editor.default\">\n\t\t\t\t<div class=\"elementor-widget-container\">\n\t\t\t\t\t\t\t\t\t<p style=\"text-align: justify;\">O Medzin\u00e1rodnom ve\u013etrhu cvi\u010dn\u00fdch firiem Slovensko ste u\u017e ur\u010dite po\u010duli mnoho. Tento ro\u010dn\u00edk v\u0161ak okrem tradi\u010dn\u00e9ho bohat\u00e9ho programu poskytol aj \u017eiakom z&nbsp;Turecka a&nbsp;zo Slovinska pr\u00edle\u017eitos\u0165 otestova\u0165 svoje prezenta\u010dn\u00e9, obchodn\u00edcke a komunika\u010dn\u00e9 zru\u010dnosti na&nbsp;tomto medzin\u00e1rodnom f\u00f3re. Stalo sa tak v\u010faka \u00fa\u010dasti ich \u0161k\u00f4l v&nbsp;Erasmus+ projekte \u201eMESU \u2013 Virtual Training Companies in VET\u201c.<\/p>\n<p>&nbsp; &nbsp; &nbsp; &nbsp; &nbsp; &nbsp; &nbsp; &nbsp; &nbsp; &nbsp; &nbsp; &nbsp; &nbsp; &nbsp; &nbsp; &nbsp; &nbsp; &nbsp; &nbsp; &nbsp; &nbsp; &nbsp; &nbsp; &nbsp; &nbsp; &nbsp; &nbsp; &nbsp; &nbsp; &nbsp; &nbsp; &nbsp; &nbsp; &nbsp; &nbsp; &nbsp; &nbsp; &nbsp; &nbsp; &nbsp; &nbsp; &nbsp; &nbsp; &nbsp; &nbsp; &nbsp; &nbsp; &nbsp; &nbsp;<img fetchpriority=\"high\" decoding=\"async\" class=\"alignnone size-medium wp-image-13088\" src=\"https:\/\/siov.sk\/wp-content\/uploads\/2022\/12\/MESU_Cena-Tureckej-CF-na-MVCF-2022-DSC02695-300x200.jpg\" alt=\"\" width=\"300\" height=\"200\" srcset=\"https:\/\/archiv.siov.sk\/wp-content\/uploads\/2022\/12\/MESU_Cena-Tureckej-CF-na-MVCF-2022-DSC02695-300x200.jpg 300w, https:\/\/archiv.siov.sk\/wp-content\/uploads\/2022\/12\/MESU_Cena-Tureckej-CF-na-MVCF-2022-DSC02695-1024x683.jpg 1024w, https:\/\/archiv.siov.sk\/wp-content\/uploads\/2022\/12\/MESU_Cena-Tureckej-CF-na-MVCF-2022-DSC02695-768x512.jpg 768w, https:\/\/archiv.siov.sk\/wp-content\/uploads\/2022\/12\/MESU_Cena-Tureckej-CF-na-MVCF-2022-DSC02695-1536x1024.jpg 1536w, https:\/\/archiv.siov.sk\/wp-content\/uploads\/2022\/12\/MESU_Cena-Tureckej-CF-na-MVCF-2022-DSC02695-2048x1365.jpg 2048w, https:\/\/archiv.siov.sk\/wp-content\/uploads\/2022\/12\/MESU_Cena-Tureckej-CF-na-MVCF-2022-DSC02695-18x12.jpg 18w, https:\/\/archiv.siov.sk\/wp-content\/uploads\/2022\/12\/MESU_Cena-Tureckej-CF-na-MVCF-2022-DSC02695-272x182.jpg 272w\" sizes=\"(max-width: 300px) 100vw, 300px\" \/><\/p>\n<p style=\"text-align: justify;\">Vz\u00e1jomn\u00e1 in\u0161pir\u00e1cia a oboznamovanie sa s&nbsp;komplexn\u00fdm procesom fungovania syst\u00e9mu cvi\u010dn\u00fdch firiem boli v\u00fdsledkom dvojro\u010dnej projektovej spolupr\u00e1ce t\u00edmu zo \u0160t\u00e1tneho in\u0161tit\u00fatu odborn\u00e9ho vzdel\u00e1vania \u2013 Slovensk\u00e9ho&nbsp; centra cvi\u010dn\u00fdch firiem pod veden\u00edm Gabriely Horeckej s&nbsp;tureck\u00fdmi a&nbsp;slovinsk\u00fdmi partnermi. O&nbsp;to viac pote\u0161il \u00faspech tureck\u00fdch \u017eiakov a&nbsp;ich pedag\u00f3gov, ktor\u00ed na tomto medzin\u00e1rodnom ve\u013etrhu zaujali porotu a&nbsp;z\u00edskali ocenenie ude\u013eovan\u00e9 v&nbsp;kateg\u00f3rii \u201eNajlep\u0161ie logo a slogan\u201c!&nbsp; &nbsp;<\/p>\n<p style=\"text-align: justify;\">Je zrejm\u00e9, \u017ee projekt bol \u00faspe\u0161n\u00fd a&nbsp;\u017ee sa partnerom podarilo odovzda\u0165 si navz\u00e1jom know-how, ktor\u00e9 umo\u017en\u00ed od\u0161tartova\u0165 syst\u00e9m cvi\u010dn\u00fdch firiem v Turecku a&nbsp;zdokonali\u0165 tento syst\u00e9m v&nbsp;Slovinsku aj&nbsp;u&nbsp;n\u00e1s doma. \u017diaci \u010fal\u0161\u00edch stredn\u00fdch odborn\u00fdch \u0161k\u00f4l tak bud\u00fa ma\u0165 \u0161ancu za\u017e\u00edva\u0165 proces zakladania firmy, vybudovania jej \u0161trukt\u00far a&nbsp;zabezpe\u010denia primeran\u00fdch finan\u010dn\u00fdch tokov a&nbsp;z\u00edskava\u0165 tak z\u00e1kladn\u00e9 pr\u00e1vne a&nbsp;finan\u010dn\u00e9 povedomie, \u010do im po absolvovan\u00ed \u0161t\u00fadia pom\u00f4\u017ee pri rozbiehan\u00ed ich vlastn\u00fdch podnikate\u013esk\u00fdch aktiv\u00edt v&nbsp;re\u00e1lnom \u017eivote.<\/p>\n<p>Po \u00faspe\u0161nej realiz\u00e1cii predch\u00e1dzaj\u00facej zahrani\u010dnej projektovej spolupr\u00e1ce s&nbsp;tureck\u00fdmi partnermi je \u0160t\u00e1tny in\u0161tit\u00fat odborn\u00e9ho vzdel\u00e1vania spolurealiz\u00e1torom \u010fal\u0161ieho medzin\u00e1rodn\u00e9ho projektu MESU v&nbsp;r\u00e1mci programu Erasmus+. Projekt MESU je zameran\u00fd na vytvorenie \u0161pecializovan\u00fdch webov\u00fdch aplik\u00e1ci\u00ed na elektronick\u00e9 oper\u00e1cie typick\u00e9 pre \u010dinnos\u0165 \u0161kolsk\u00fdch cvi\u010dn\u00fdch firiem s&nbsp;mo\u017enos\u0165ou sie\u0165ovania v&nbsp;tureckom \u0161kolskom prostred\u00ed a&nbsp;v&nbsp;\u010fal\u0161\u00edch krajin\u00e1ch vybran\u00fdch projektov\u00fdch partnerov.<\/p>\n<p>\u0160t\u00e1tny in\u0161tit\u00fat odborn\u00e9ho vzdel\u00e1vania je v&nbsp;projektov\u00fdch procesoch v&nbsp;\u00falohe t\u00fatora, nako\u013eko m\u00e1 s&nbsp;danou oblas\u0165ou dlhoro\u010dn\u00e9 sk\u00fasenosti v&nbsp;r\u00e1mci svojho Slovensk\u00e9ho centra cvi\u010dn\u00fdch firiem. Tureck\u00fdm partnerom poskytuje taktie\u017e odborn\u00fd feedback pri tvorbe webov\u00fdch aplik\u00e1ci\u00ed.&nbsp;<\/p>\n<p>V\u00fdznamnou s\u00fa\u010das\u0165ou projektov\u00fdch \u010dinnost\u00ed s\u00fa aj \u0161koliace vzdel\u00e1vacie aktivity s&nbsp;\u00fa\u010das\u0165ou pedag\u00f3gov a&nbsp;\u017eiakov stredn\u00fdch \u0161k\u00f4l v&nbsp;zahrani\u010d\u00ed, ktor\u00e9 sa uskuto\u010dnia v&nbsp;Turecku a&nbsp;v&nbsp;Slovenskej republike.<\/p>\n<p>Bli\u017e\u0161ie inform\u00e1cie s\u00fa k&nbsp;dispoz\u00edcii na projektovej webovej str\u00e1nke: <a href=\"http:\/\/www.mesu.org.tr\">www.mesu.org.tr<\/a><\/p>\n<p>Kontaktn\u00e9 inform\u00e1cie \u0160IOV: Zuzana Iz\u00e1kov\u00e1&nbsp;<a href=\"mailto:zuzama.izakova@siov.sk\" target=\"_blank\">zuzana.izakova@siov.sk&nbsp;<\/a>&nbsp;a&nbsp;Gabriela Horeck\u00e1 <a href=\"mailto:gabriela.horecka@siov.sk\">gabriela.horecka@siov.sk<\/a><\/p>\n<p><br><\/p>\t\t\t\t\t\t\t\t<\/div>\n\t\t\t\t<\/div>\n\t\t\t\t\t<\/div>\n\t\t<\/div>\n\t\t\t\t\t<\/div>\n\t\t<\/section>\n\t\t\t\t<\/div>","protected":false},"excerpt":{"rendered":"<p>Medzin\u00e1rodn\u00fd projekt MESU O Medzin\u00e1rodnom ve\u013etrhu cvi\u010dn\u00fdch firiem Slovensko ste u\u017e ur\u010dite po\u010duli mnoho. Tento ro\u010dn\u00edk v\u0161ak okrem tradi\u010dn\u00e9ho bohat\u00e9ho programu poskytol aj \u017eiakom z&nbsp;Turecka a&nbsp;zo Slovinska pr\u00edle\u017eitos\u0165 otestova\u0165 svoje prezenta\u010dn\u00e9, obchodn\u00edcke a komunika\u010dn\u00e9 zru\u010dnosti na&nbsp;tomto medzin\u00e1rodnom f\u00f3re. Stalo sa tak v\u010faka \u00fa\u010dasti ich \u0161k\u00f4l v&nbsp;Erasmus+ projekte \u201eMESU \u2013 Virtual Training Companies in VET\u201c. &nbsp; [&hellip;]<\/p>\n","protected":false},"author":4,"featured_media":0,"parent":0,"menu_order":0,"comment_status":"closed","ping_status":"closed","template":"","meta":{"site-sidebar-layout":"no-sidebar","site-content-layout":"page-builder","ast-site-content-layout":"default","site-content-style":"default","site-sidebar-style":"default","ast-global-header-display":"","ast-banner-title-visibility":"","ast-main-header-display":"","ast-hfb-above-header-display":"","ast-hfb-below-header-display":"","ast-hfb-mobile-header-display":"","site-post-title":"disabled","ast-breadcrumbs-content":"","ast-featured-img":"disabled","footer-sml-layout":"","ast-disable-related-posts":"","theme-transparent-header-meta":"default","adv-header-id-meta":"","stick-header-meta":"","header-above-stick-meta":"","header-main-stick-meta":"","header-below-stick-meta":"","astra-migrate-meta-layouts":"default","ast-page-background-enabled":"default","ast-page-background-meta":{"desktop":{"background-color":"var(--ast-global-color-4)","background-image":"","background-repeat":"repeat","background-position":"center center","background-size":"auto","background-attachment":"scroll","background-type":"","background-media":"","overlay-type":"","overlay-color":"","overlay-opacity":"","overlay-gradient":""},"tablet":{"background-color":"","background-image":"","background-repeat":"repeat","background-position":"center center","background-size":"auto","background-attachment":"scroll","background-type":"","background-media":"","overlay-type":"","overlay-color":"","overlay-opacity":"","overlay-gradient":""},"mobile":{"background-color":"","background-image":"","background-repeat":"repeat","background-position":"center center","background-size":"auto","background-attachment":"scroll","background-type":"","background-media":"","overlay-type":"","overlay-color":"","overlay-opacity":"","overlay-gradient":""}},"ast-content-background-meta":{"desktop":{"background-color":"var(--ast-global-color-5)","background-image":"","background-repeat":"repeat","background-position":"center center","background-size":"auto","background-attachment":"scroll","background-type":"","background-media":"","overlay-type":"","overlay-color":"","overlay-opacity":"","overlay-gradient":""},"tablet":{"background-color":"var(--ast-global-color-5)","background-image":"","background-repeat":"repeat","background-position":"center center","background-size":"auto","background-attachment":"scroll","background-type":"","background-media":"","overlay-type":"","overlay-color":"","overlay-opacity":"","overlay-gradient":""},"mobile":{"background-color":"var(--ast-global-color-5)","background-image":"","background-repeat":"repeat","background-position":"center center","background-size":"auto","background-attachment":"scroll","background-type":"","background-media":"","overlay-type":"","overlay-color":"","overlay-opacity":"","overlay-gradient":""}},"footnotes":""},"class_list":["post-11185","page","type-page","status-publish","hentry"],"yoast_head":"<!-- This site is optimized with the Yoast SEO plugin v27.5 - https:\/\/yoast.com\/product\/yoast-seo-wordpress\/ -->\n<title>Medzin\u00e1rodn\u00fd projekt MESU - \u0160IOV - \u0161t\u00e1tny in\u0161tit\u00fat odborn\u00e9ho vzdel\u00e1vania<\/title>\n<meta name=\"robots\" content=\"index, follow, max-snippet:-1, max-image-preview:large, max-video-preview:-1\" \/>\n<link rel=\"canonical\" href=\"https:\/\/archiv.siov.sk\/en\/medzinarodny-projekt-mesu\/\" \/>\n<meta property=\"og:locale\" content=\"en_GB\" \/>\n<meta property=\"og:type\" content=\"article\" \/>\n<meta property=\"og:title\" content=\"Medzin\u00e1rodn\u00fd projekt MESU - \u0160IOV - \u0161t\u00e1tny in\u0161tit\u00fat odborn\u00e9ho vzdel\u00e1vania\" \/>\n<meta property=\"og:description\" content=\"Medzin\u00e1rodn\u00fd projekt MESU O Medzin\u00e1rodnom ve\u013etrhu cvi\u010dn\u00fdch firiem Slovensko ste u\u017e ur\u010dite po\u010duli mnoho. Tento ro\u010dn\u00edk v\u0161ak okrem tradi\u010dn\u00e9ho bohat\u00e9ho programu poskytol aj \u017eiakom z&nbsp;Turecka a&nbsp;zo Slovinska pr\u00edle\u017eitos\u0165 otestova\u0165 svoje prezenta\u010dn\u00e9, obchodn\u00edcke a komunika\u010dn\u00e9 zru\u010dnosti na&nbsp;tomto medzin\u00e1rodnom f\u00f3re. Stalo sa tak v\u010faka \u00fa\u010dasti ich \u0161k\u00f4l v&nbsp;Erasmus+ projekte \u201eMESU \u2013 Virtual Training Companies in VET\u201c. &nbsp; [&hellip;]\" \/>\n<meta property=\"og:url\" content=\"https:\/\/archiv.siov.sk\/en\/medzinarodny-projekt-mesu\/\" \/>\n<meta property=\"og:site_name\" content=\"\u0160IOV - \u0161t\u00e1tny in\u0161tit\u00fat odborn\u00e9ho vzdel\u00e1vania\" \/>\n<meta property=\"article:publisher\" content=\"https:\/\/www.facebook.com\/Statnyinstitutodbornehovzdelavania\" \/>\n<meta property=\"article:modified_time\" content=\"2022-12-16T09:34:49+00:00\" \/>\n<meta property=\"og:image\" content=\"https:\/\/archiv.siov.sk\/wp-content\/uploads\/2022\/12\/MESU_Cena-Tureckej-CF-na-MVCF-2022-DSC02695-300x200.jpg\" \/>\n<meta name=\"twitter:card\" content=\"summary_large_image\" \/>\n<meta name=\"twitter:label1\" content=\"Estimated reading time\" \/>\n\t<meta name=\"twitter:data1\" content=\"3 minutes\" \/>\n<script type=\"application\/ld+json\" class=\"yoast-schema-graph\">{\"@context\":\"https:\\\/\\\/schema.org\",\"@graph\":[{\"@type\":\"WebPage\",\"@id\":\"https:\\\/\\\/archiv.siov.sk\\\/medzinarodny-projekt-mesu\\\/\",\"url\":\"https:\\\/\\\/archiv.siov.sk\\\/medzinarodny-projekt-mesu\\\/\",\"name\":\"Medzin\u00e1rodn\u00fd projekt MESU - \u0160IOV - \u0161t\u00e1tny in\u0161tit\u00fat odborn\u00e9ho vzdel\u00e1vania\",\"isPartOf\":{\"@id\":\"https:\\\/\\\/archiv.siov.sk\\\/#website\"},\"primaryImageOfPage\":{\"@id\":\"https:\\\/\\\/archiv.siov.sk\\\/medzinarodny-projekt-mesu\\\/#primaryimage\"},\"image\":{\"@id\":\"https:\\\/\\\/archiv.siov.sk\\\/medzinarodny-projekt-mesu\\\/#primaryimage\"},\"thumbnailUrl\":\"https:\\\/\\\/archiv.siov.sk\\\/wp-content\\\/uploads\\\/2022\\\/12\\\/MESU_Cena-Tureckej-CF-na-MVCF-2022-DSC02695-300x200.jpg\",\"datePublished\":\"2022-04-22T11:42:31+00:00\",\"dateModified\":\"2022-12-16T09:34:49+00:00\",\"breadcrumb\":{\"@id\":\"https:\\\/\\\/archiv.siov.sk\\\/medzinarodny-projekt-mesu\\\/#breadcrumb\"},\"inLanguage\":\"en-GB\",\"potentialAction\":[{\"@type\":\"ReadAction\",\"target\":[\"https:\\\/\\\/archiv.siov.sk\\\/medzinarodny-projekt-mesu\\\/\"]}]},{\"@type\":\"ImageObject\",\"inLanguage\":\"en-GB\",\"@id\":\"https:\\\/\\\/archiv.siov.sk\\\/medzinarodny-projekt-mesu\\\/#primaryimage\",\"url\":\"https:\\\/\\\/archiv.siov.sk\\\/wp-content\\\/uploads\\\/2022\\\/12\\\/MESU_Cena-Tureckej-CF-na-MVCF-2022-DSC02695-300x200.jpg\",\"contentUrl\":\"https:\\\/\\\/archiv.siov.sk\\\/wp-content\\\/uploads\\\/2022\\\/12\\\/MESU_Cena-Tureckej-CF-na-MVCF-2022-DSC02695-300x200.jpg\"},{\"@type\":\"BreadcrumbList\",\"@id\":\"https:\\\/\\\/archiv.siov.sk\\\/medzinarodny-projekt-mesu\\\/#breadcrumb\",\"itemListElement\":[{\"@type\":\"ListItem\",\"position\":1,\"name\":\"Home\",\"item\":\"https:\\\/\\\/archiv.siov.sk\\\/\"},{\"@type\":\"ListItem\",\"position\":2,\"name\":\"Medzin\u00e1rodn\u00fd projekt MESU\"}]},{\"@type\":\"WebSite\",\"@id\":\"https:\\\/\\\/archiv.siov.sk\\\/#website\",\"url\":\"https:\\\/\\\/archiv.siov.sk\\\/\",\"name\":\"\u0160IOV - \u0161t\u00e1tny in\u0161tit\u00fat odborn\u00e9ho vzdel\u00e1vania\",\"description\":\"\",\"publisher\":{\"@id\":\"https:\\\/\\\/archiv.siov.sk\\\/#organization\"},\"potentialAction\":[{\"@type\":\"SearchAction\",\"target\":{\"@type\":\"EntryPoint\",\"urlTemplate\":\"https:\\\/\\\/archiv.siov.sk\\\/?s={search_term_string}\"},\"query-input\":{\"@type\":\"PropertyValueSpecification\",\"valueRequired\":true,\"valueName\":\"search_term_string\"}}],\"inLanguage\":\"en-GB\"},{\"@type\":\"Organization\",\"@id\":\"https:\\\/\\\/archiv.siov.sk\\\/#organization\",\"name\":\"\u0160IOV - \u0161t\u00e1tny in\u0161tit\u00fat odborn\u00e9ho vzdel\u00e1vania\",\"url\":\"https:\\\/\\\/archiv.siov.sk\\\/\",\"logo\":{\"@type\":\"ImageObject\",\"inLanguage\":\"en-GB\",\"@id\":\"https:\\\/\\\/archiv.siov.sk\\\/#\\\/schema\\\/logo\\\/image\\\/\",\"url\":\"https:\\\/\\\/archiv.siov.sk\\\/wp-content\\\/uploads\\\/2024\\\/02\\\/logo-SIOV.png\",\"contentUrl\":\"https:\\\/\\\/archiv.siov.sk\\\/wp-content\\\/uploads\\\/2024\\\/02\\\/logo-SIOV.png\",\"width\":431,\"height\":143,\"caption\":\"\u0160IOV - \u0161t\u00e1tny in\u0161tit\u00fat odborn\u00e9ho vzdel\u00e1vania\"},\"image\":{\"@id\":\"https:\\\/\\\/archiv.siov.sk\\\/#\\\/schema\\\/logo\\\/image\\\/\"},\"sameAs\":[\"https:\\\/\\\/www.facebook.com\\\/Statnyinstitutodbornehovzdelavania\"]}]}<\/script>\n<!-- \/ Yoast SEO plugin. -->","yoast_head_json":{"title":"Medzin\u00e1rodn\u00fd projekt MESU - \u0160IOV - \u0161t\u00e1tny in\u0161tit\u00fat odborn\u00e9ho vzdel\u00e1vania","robots":{"index":"index","follow":"follow","max-snippet":"max-snippet:-1","max-image-preview":"max-image-preview:large","max-video-preview":"max-video-preview:-1"},"canonical":"https:\/\/archiv.siov.sk\/en\/medzinarodny-projekt-mesu\/","og_locale":"en_GB","og_type":"article","og_title":"Medzin\u00e1rodn\u00fd projekt MESU - \u0160IOV - \u0161t\u00e1tny in\u0161tit\u00fat odborn\u00e9ho vzdel\u00e1vania","og_description":"Medzin\u00e1rodn\u00fd projekt MESU O Medzin\u00e1rodnom ve\u013etrhu cvi\u010dn\u00fdch firiem Slovensko ste u\u017e ur\u010dite po\u010duli mnoho. Tento ro\u010dn\u00edk v\u0161ak okrem tradi\u010dn\u00e9ho bohat\u00e9ho programu poskytol aj \u017eiakom z&nbsp;Turecka a&nbsp;zo Slovinska pr\u00edle\u017eitos\u0165 otestova\u0165 svoje prezenta\u010dn\u00e9, obchodn\u00edcke a komunika\u010dn\u00e9 zru\u010dnosti na&nbsp;tomto medzin\u00e1rodnom f\u00f3re. Stalo sa tak v\u010faka \u00fa\u010dasti ich \u0161k\u00f4l v&nbsp;Erasmus+ projekte \u201eMESU \u2013 Virtual Training Companies in VET\u201c. &nbsp; [&hellip;]","og_url":"https:\/\/archiv.siov.sk\/en\/medzinarodny-projekt-mesu\/","og_site_name":"\u0160IOV - \u0161t\u00e1tny in\u0161tit\u00fat odborn\u00e9ho vzdel\u00e1vania","article_publisher":"https:\/\/www.facebook.com\/Statnyinstitutodbornehovzdelavania","article_modified_time":"2022-12-16T09:34:49+00:00","og_image":[{"url":"https:\/\/archiv.siov.sk\/wp-content\/uploads\/2022\/12\/MESU_Cena-Tureckej-CF-na-MVCF-2022-DSC02695-300x200.jpg","type":"","width":"","height":""}],"twitter_card":"summary_large_image","twitter_misc":{"Estimated reading time":"3 minutes"},"schema":{"@context":"https:\/\/schema.org","@graph":[{"@type":"WebPage","@id":"https:\/\/archiv.siov.sk\/medzinarodny-projekt-mesu\/","url":"https:\/\/archiv.siov.sk\/medzinarodny-projekt-mesu\/","name":"Medzin\u00e1rodn\u00fd projekt MESU - \u0160IOV - \u0161t\u00e1tny in\u0161tit\u00fat odborn\u00e9ho vzdel\u00e1vania","isPartOf":{"@id":"https:\/\/archiv.siov.sk\/#website"},"primaryImageOfPage":{"@id":"https:\/\/archiv.siov.sk\/medzinarodny-projekt-mesu\/#primaryimage"},"image":{"@id":"https:\/\/archiv.siov.sk\/medzinarodny-projekt-mesu\/#primaryimage"},"thumbnailUrl":"https:\/\/archiv.siov.sk\/wp-content\/uploads\/2022\/12\/MESU_Cena-Tureckej-CF-na-MVCF-2022-DSC02695-300x200.jpg","datePublished":"2022-04-22T11:42:31+00:00","dateModified":"2022-12-16T09:34:49+00:00","breadcrumb":{"@id":"https:\/\/archiv.siov.sk\/medzinarodny-projekt-mesu\/#breadcrumb"},"inLanguage":"en-GB","potentialAction":[{"@type":"ReadAction","target":["https:\/\/archiv.siov.sk\/medzinarodny-projekt-mesu\/"]}]},{"@type":"ImageObject","inLanguage":"en-GB","@id":"https:\/\/archiv.siov.sk\/medzinarodny-projekt-mesu\/#primaryimage","url":"https:\/\/archiv.siov.sk\/wp-content\/uploads\/2022\/12\/MESU_Cena-Tureckej-CF-na-MVCF-2022-DSC02695-300x200.jpg","contentUrl":"https:\/\/archiv.siov.sk\/wp-content\/uploads\/2022\/12\/MESU_Cena-Tureckej-CF-na-MVCF-2022-DSC02695-300x200.jpg"},{"@type":"BreadcrumbList","@id":"https:\/\/archiv.siov.sk\/medzinarodny-projekt-mesu\/#breadcrumb","itemListElement":[{"@type":"ListItem","position":1,"name":"Home","item":"https:\/\/archiv.siov.sk\/"},{"@type":"ListItem","position":2,"name":"Medzin\u00e1rodn\u00fd projekt MESU"}]},{"@type":"WebSite","@id":"https:\/\/archiv.siov.sk\/#website","url":"https:\/\/archiv.siov.sk\/","name":"\u0160IOV - \u0161t\u00e1tny in\u0161tit\u00fat odborn\u00e9ho vzdel\u00e1vania","description":"","publisher":{"@id":"https:\/\/archiv.siov.sk\/#organization"},"potentialAction":[{"@type":"SearchAction","target":{"@type":"EntryPoint","urlTemplate":"https:\/\/archiv.siov.sk\/?s={search_term_string}"},"query-input":{"@type":"PropertyValueSpecification","valueRequired":true,"valueName":"search_term_string"}}],"inLanguage":"en-GB"},{"@type":"Organization","@id":"https:\/\/archiv.siov.sk\/#organization","name":"\u0160IOV - \u0161t\u00e1tny in\u0161tit\u00fat odborn\u00e9ho vzdel\u00e1vania","url":"https:\/\/archiv.siov.sk\/","logo":{"@type":"ImageObject","inLanguage":"en-GB","@id":"https:\/\/archiv.siov.sk\/#\/schema\/logo\/image\/","url":"https:\/\/archiv.siov.sk\/wp-content\/uploads\/2024\/02\/logo-SIOV.png","contentUrl":"https:\/\/archiv.siov.sk\/wp-content\/uploads\/2024\/02\/logo-SIOV.png","width":431,"height":143,"caption":"\u0160IOV - \u0161t\u00e1tny in\u0161tit\u00fat odborn\u00e9ho vzdel\u00e1vania"},"image":{"@id":"https:\/\/archiv.siov.sk\/#\/schema\/logo\/image\/"},"sameAs":["https:\/\/www.facebook.com\/Statnyinstitutodbornehovzdelavania"]}]}},"_links":{"self":[{"href":"https:\/\/archiv.siov.sk\/en\/wp-json\/wp\/v2\/pages\/11185","targetHints":{"allow":["GET"]}}],"collection":[{"href":"https:\/\/archiv.siov.sk\/en\/wp-json\/wp\/v2\/pages"}],"about":[{"href":"https:\/\/archiv.siov.sk\/en\/wp-json\/wp\/v2\/types\/page"}],"author":[{"embeddable":true,"href":"https:\/\/archiv.siov.sk\/en\/wp-json\/wp\/v2\/users\/4"}],"replies":[{"embeddable":true,"href":"https:\/\/archiv.siov.sk\/en\/wp-json\/wp\/v2\/comments?post=11185"}],"version-history":[{"count":19,"href":"https:\/\/archiv.siov.sk\/en\/wp-json\/wp\/v2\/pages\/11185\/revisions"}],"predecessor-version":[{"id":13100,"href":"https:\/\/archiv.siov.sk\/en\/wp-json\/wp\/v2\/pages\/11185\/revisions\/13100"}],"wp:attachment":[{"href":"https:\/\/archiv.siov.sk\/en\/wp-json\/wp\/v2\/media?parent=11185"}],"curies":[{"name":"wp","href":"https:\/\/api.w.org\/{rel}","templated":true}]}}