{"id":108,"date":"2019-01-25T10:39:52","date_gmt":"2019-01-25T09:39:52","guid":{"rendered":"http:\/\/archiv.siov.sk\/?page_id=108"},"modified":"2026-01-27T15:08:10","modified_gmt":"2026-01-27T14:08:10","slug":"aktuality-cvicne-firmy","status":"publish","type":"page","link":"https:\/\/archiv.siov.sk\/en\/cvicne-firmy\/aktuality-cvicne-firmy\/","title":{"rendered":"Aktuality &#8211; cvi\u010dn\u00e9 firmy"},"content":{"rendered":"<h2>Aktuality &#8211; cvi\u010dn\u00e9 firmy<\/h2>\n<p>&nbsp;<\/p>\n<h1>Slovensk\u00e9 centrum cvi\u010dn\u00fdch firiem a finan\u010dn\u00e1 gramotnos\u0165<\/h1>\n<p data-start=\"109\" data-end=\"434\"><strong data-start=\"109\" data-end=\"153\">Slovensk\u00e9 centrum cvi\u010dn\u00fdch firiem (SCCF)<\/strong> ako s\u00fa\u010das\u0165 \u0160t\u00e1tneho in\u0161tit\u00fatu odborn\u00e9ho vzdel\u00e1vania pos\u00fava podnikate\u013esk\u00e9 vzdel\u00e1vanie a finan\u010dn\u00fa gramotnos\u0165 na Slovensku na nov\u00fa \u00farove\u0148. Prin\u00e1\u0161ame do \u0161k\u00f4l modern\u00e9 podnikate\u013esk\u00e9 vzdel\u00e1vanie a finan\u010dn\u00fa gramotnos\u0165, ktor\u00e9 pripravuj\u00fa mlad\u00fdch \u013eud\u00ed na re\u00e1lny \u017eivot.<\/p>\n<p data-start=\"436\" data-end=\"779\">Na\u0161ou \u00falohou je, aby podnikate\u013esk\u00e9 myslenie a praktick\u00e9 zru\u010dnosti boli prirodzenou s\u00fa\u010das\u0165ou ka\u017ed\u00e9ho odborn\u00e9ho vzdel\u00e1vania. Preto podporujeme a rozv\u00edjame predmet <strong data-start=\"597\" data-end=\"613\">Cvi\u010dn\u00e1 firma<\/strong>, v r\u00e1mci ktor\u00e9ho sa prep\u00e1ja te\u00f3ria s re\u00e1lnym podnikate\u013esk\u00fdm prostred\u00edm. \u017diaci tak z\u00edskaj\u00fa zru\u010dnosti, ktor\u00e9 vyu\u017eij\u00fa u\u017e od prv\u00e9ho d\u0148a vo svojom zamestnan\u00ed \u010di vlastnom podnikan\u00ed.<\/p>\n<p><strong>Od 10. janu\u00e1ra 2025 je v prev\u00e1dzke nov\u00fd informa\u010dn\u00fd syst\u00e9m SCCF.\u00a0<\/strong>N\u00e1jdete na <strong data-start=\"240\" data-end=\"256\">sccf.siov.sk<\/strong> alebo prostredn\u00edctvom <a role=\"link\" href=\"https:\/\/sites.google.com\/view\/sccf\/aktuality\/online-softv%C3%A9r-sccf\" target=\"_blank\" rel=\"noopener\">tohto odkazu<\/a>.<\/p>\n<p><a href=\"https:\/\/archiv.siov.sk\/en\/podcast-siov-bizstarter\/\" target=\"_blank\" rel=\"noopener\"><img decoding=\"async\" class=\"alignleft wp-image-20468\" src=\"https:\/\/archiv.siov.sk\/wp-content\/uploads\/2025\/08\/SIOV-BizStarter-1080-x-1080-px-380-x-380-px-1-150x150.jpg\" alt=\"\" width=\"120\" height=\"120\" srcset=\"https:\/\/archiv.siov.sk\/wp-content\/uploads\/2025\/08\/SIOV-BizStarter-1080-x-1080-px-380-x-380-px-1-150x150.jpg 150w, https:\/\/archiv.siov.sk\/wp-content\/uploads\/2025\/08\/SIOV-BizStarter-1080-x-1080-px-380-x-380-px-1-300x300.jpg 300w, https:\/\/archiv.siov.sk\/wp-content\/uploads\/2025\/08\/SIOV-BizStarter-1080-x-1080-px-380-x-380-px-1-12x12.jpg 12w, https:\/\/archiv.siov.sk\/wp-content\/uploads\/2025\/08\/SIOV-BizStarter-1080-x-1080-px-380-x-380-px-1.jpg 380w\" sizes=\"(max-width: 120px) 100vw, 120px\" \/><\/a><\/p>\n<p><strong>Podcast \u0160IOV Bizstarter <\/strong><span style=\"font-size: 16px;\">je s\u00e9ria rozhovorov, v ktor\u00fdch sa svet \u0161koly prep\u00e1ja s dynamick\u00fdm prostred\u00edm re\u00e1lneho podnikania. Uk\u00e1\u017eeme v\u00e1m, \u017ee predmet cvi\u010dn\u00e1 firma je ove\u013ea viac ne\u017e len be\u017en\u00e1 hodina v rozvrhu \u2013 je to priestor pre inov\u00e1cie, prax a osobn\u00fd rozvoj.<\/span><\/p>\n<p><a href=\"https:\/\/archiv.siov.sk\/en\/podcast-siov-bizstarter\/\" target=\"_blank\" rel=\"noopener\">Vypo\u010dujte si tento p\u00e4\u0165dielny seri\u00e1l<\/a><\/p>\n<p><strong>Aktuality a novinky o aktivit\u00e1ch SCCF:<\/strong><\/p>\n<ul>\n<li>\n<p class=\"elementor-heading-title elementor-size-default\"><a href=\"https:\/\/archiv.siov.sk\/en\/prakticky-seminar-pre-ucitelov-a-ucitelky-cvicna-firma-2-0-v-praxi\/\" target=\"_blank\" rel=\"noopener\">Praktick\u00fd semin\u00e1r pre u\u010dite\u013eov a u\u010dite\u013eky: Cvi\u010dn\u00e1 firma 2.0 v praxi<\/a><\/p>\n<\/li>\n<li>\n<p class=\"elementor-heading-title elementor-size-default\"><a href=\"https:\/\/archiv.siov.sk\/en\/kontraktacne-dni-a-regionalne-veltrhy-cvicnych-firiem-2026-kalendar-podujati-je-tu\/\" target=\"_blank\" rel=\"noopener\">Kontrakta\u010dn\u00e9 dni a region\u00e1lne ve\u013etrhy cvi\u010dn\u00fdch firiem 2026: Kalend\u00e1r podujat\u00ed je tu<\/a><\/p>\n<\/li>\n<li>\n<p class=\"elementor-heading-title elementor-size-default\"><a href=\"https:\/\/archiv.siov.sk\/en\/siov-v-radiu-slovensko-stredoskolske-podnikanie-ziakov-spaja-teoriu-s-praxou\/\" target=\"_blank\" rel=\"noopener\">\u0160IOV v R\u00e1diu Slovensko: Stredo\u0161kolsk\u00e9 podnikanie \u017eiakov sp\u00e1ja te\u00f3riu s praxou<\/a><\/p>\n<\/li>\n<li><a href=\"https:\/\/archiv.siov.sk\/en\/medzinarodny-veltrh-cvicnych-firiem-2025-inspiracia-sutaze-a-krst-pracovneho-zosita-cvicna-firma-2-0-s-ivanou-molnarovou\/\" target=\"_blank\" rel=\"noopener\">Medzin\u00e1rodn\u00fd ve\u013etrh cvi\u010dn\u00fdch firiem 2025: In\u0161pir\u00e1cia, s\u00fa\u0165a\u017ee a krst pracovn\u00e9ho zo\u0161ita Cvi\u010dn\u00e1 firma 2.0 s Ivanou Moln\u00e1rovou<\/a><\/li>\n<li><a href=\"https:\/\/archiv.siov.sk\/en\/v-kosiciach-sa-uskutocni-21-medzinarodny-veltrh-cvicnych-firiem-krajin-v4\/\" target=\"_blank\" rel=\"noopener\">V Ko\u0161iciach sa uskuto\u010dn\u00ed 21. Medzin\u00e1rodn\u00fd ve\u013etrh cvi\u010dn\u00fdch firiem kraj\u00edn V4<\/a><\/li>\n<li><a href=\"https:\/\/archiv.siov.sk\/en\/druhy-rocnik-sutaze-skills-slovakia-podnikatelske-zrucnosti-v-cvicnej-firme-jupov\/\" target=\"_blank\" rel=\"noopener\">Druh\u00fd ro\u010dn\u00edk s\u00fa\u0165a\u017ee Skills Slovakia \u201ePodnikate\u013esk\u00e9 zru\u010dnosti v cvi\u010dnej firme \u2013 JUPOV\u201c<\/a><\/li>\n<li><a href=\"https:\/\/archiv.siov.sk\/en\/podnikanie-s-poslanim-tema-27-rocnika-medzinarodneho-veltrhu-cvicnych-firiem-slovensko-2025\/\" target=\"_blank\" rel=\"noopener\">Podnikanie s poslan\u00edm \u2013 t\u00e9ma 27. ro\u010dn\u00edka Medzin\u00e1rodn\u00e9ho ve\u013etrhu cvi\u010dn\u00fdch firiem Slovensko 2025<\/a><\/li>\n<li><a href=\"https:\/\/archiv.siov.sk\/en\/seminar-cvicna-firma-2-0-nove-nastroje-a-informacny-system-sccf-priniesol-cenne-inspiracie-pre-vyucbu\/\" target=\"_blank\" rel=\"noopener\">Semin\u00e1r \u201eCvi\u010dn\u00e1 firma 2.0: nov\u00e9 n\u00e1stroje a informa\u010dn\u00fd syst\u00e9m SCCF\u201c priniesol cenn\u00e9 in\u0161pir\u00e1cie pre v\u00fdu\u010dbu<\/a><\/li>\n<li><a href=\"https:\/\/archiv.siov.sk\/en\/pozvanka-na-odborny-seminar-pre-ucitelov-predmetu-cvicna-firma\/\" target=\"_blank\" rel=\"noopener\"><span style=\"font-size: 16px;\">Pozv\u00e1nka na odborn\u00fd semin\u00e1r pre u\u010dite\u013eov predmetu Cvi\u010dn\u00e1 firma<\/span><\/a><\/li>\n<li><a href=\"https:\/\/youtu.be\/LXOelaiGEPQ\" target=\"_blank\" rel=\"noopener\">Z\u00e1znam semin\u00e1ra zameran\u00e9ho na v\u00fdu\u010dbu cvi\u010dnej firmy &#8211; 02.07.2025<\/a><\/li>\n<li><a href=\"https:\/\/archiv.siov.sk\/en\/pozvanka-na-seminar-zamerany-na-vyucbu-cvicnej-firmy\/\" target=\"_blank\" rel=\"noopener\">Pozv\u00e1nka na semin\u00e1r zameran\u00fd na v\u00fdu\u010dbu cvi\u010dnej firmy\u00a0<\/a><\/li>\n<li><a href=\"https:\/\/archiv.siov.sk\/en\/mimoriadny-uspech-slovenskej-cvicnej-firmy-tastea-s-r-o\/\" target=\"_blank\" rel=\"noopener\">Mimoriadny \u00faspech slovenskej cvi\u010dnej firmy Tastea s.r.o.\u00a0<\/a><\/li>\n<li><a href=\"https:\/\/archiv.siov.sk\/en\/stredne-skoly-vychovavaju-nielen-buducich-zamestnancov-ale-aj-podnikatelov-prvy-rocnik-sutaze-jupov-pozna-svojich-vitazov\/\">Stredn\u00e9 \u0161koly vychov\u00e1vaj\u00fa nielen bud\u00facich zamestnancov, ale aj podnikate\u013eov. Prv\u00fd ro\u010dn\u00edk s\u00fa\u0165a\u017ee JUPOV pozn\u00e1 svojich v\u00ed\u0165azov<\/a><\/li>\n<li><a href=\"https:\/\/archiv.siov.sk\/en\/slovenske-cvicne-firmy-bodovali-na-medzinarodnom-veltrhu-cvicnych-firiem-v-prahe\/\" target=\"_blank\" rel=\"noopener\">Slovensk\u00e9 cvi\u010dn\u00e9 firmy bodovali na Medzin\u00e1rodnom ve\u013etrhu v Prahe<\/a><\/li>\n<li><a href=\"https:\/\/archiv.siov.sk\/en\/16-kontraktacny-den-cvicnych-firiem-slovensko-vychod-v-poprade\/\" target=\"_blank\" rel=\"noopener\">16. kontrakta\u010dn\u00fd de\u0148 cvi\u010dn\u00fdch firiem Slovensko V\u00fdchod v Poprade<\/a><\/li>\n<li><a href=\"https:\/\/archiv.siov.sk\/en\/cvicne-firmy-odstartovali-tohtorocny-harmonogram-podujati\/\" target=\"_blank\" rel=\"noopener\">Cvi\u010dn\u00e9 firmy od\u0161tartovali tohtoro\u010dn\u00fd harmonogram podujat\u00ed\u00a0<\/a><\/li>\n<li><a href=\"https:\/\/archiv.siov.sk\/en\/blizi-sa-termin-odovzdania-prac-prveho-rocnika-sutaze-podnikatelske-zrucnosti-v-cvicnej-firme-jupov\/\" target=\"_blank\" rel=\"noopener\">UPOZORNENIE &#8211; Bl\u00ed\u017ei sa term\u00edn odovzdania pr\u00e1c prv\u00e9ho ro\u010dn\u00edka s\u00fa\u0165a\u017ee Podnikate\u013esk\u00e9 zru\u010dnosti v cvi\u010dnej firme &#8211; JUPOV<\/a><\/li>\n<li><a href=\"https:\/\/archiv.siov.sk\/en\/pozvanka-na-14-kontraktacny-den-cvicnych-firiem-pozor-zmena-terminu\/\" target=\"_blank\" rel=\"noopener\">Pozv\u00e1nka na 14. kontrakta\u010dn\u00fd de\u0148 cvi\u010dn\u00fdch firiem &#8211; POZOR &#8211; zmena term\u00ednu<\/a><\/li>\n<li><a href=\"https:\/\/archiv.siov.sk\/en\/kontraktacne-dni-a-regionalne-veltrhy-cvicnych-firiem-2025\/\" target=\"_blank\" rel=\"noopener\">Kontrakta\u010dn\u00e9 dni a region\u00e1lne ve\u013etrhy cvi\u010dn\u00fdch firiem 2025<\/a><\/li>\n<li><a href=\"https:\/\/archiv.siov.sk\/en\/novy-informacny-system-sccf-je-v-prevadzke\/\" target=\"_blank\" rel=\"noopener\">Nov\u00fd informa\u010dn\u00fd syst\u00e9m SCCF je v prev\u00e1dzke<\/a><\/li>\n<li><a href=\"https:\/\/archiv.siov.sk\/en\/prirucka-pre-cvicne-firmy\/\" target=\"_blank\" rel=\"noopener\">Pr\u00edru\u010dka pre cvi\u010dn\u00e9 firmy &#8211; Inkl\u00fazia a rovnos\u0165 v podnikan\u00ed<\/a><\/li>\n<li><a href=\"https:\/\/archiv.siov.sk\/en\/seminar-nova-aplikacia-informacneho-online-softveru-sccf-pre-cvicne-firmy\/\" target=\"_blank\" rel=\"noopener\">Semin\u00e1r &#8211; Nov\u00e1 aplik\u00e1cia informa\u010dn\u00e9ho online softv\u00e9ru SCCF pre cvi\u010dn\u00e9 firmy<\/a><\/li>\n<li><a href=\"https:\/\/archiv.siov.sk\/en\/skoncil-sa-medzinarodny-veltrh-cvicnych-firiem-slovensko-2024\/\" target=\"_blank\" rel=\"noopener\">Medzin\u00e1rodn\u00fd ve\u013etrh cvi\u010dn\u00fdch firiem Slovensko 2024<\/a><\/li>\n<li><a href=\"https:\/\/archiv.siov.sk\/en\/pozvanka-na-medzinarodny-veltrh-cvicnych-firiem-slovenska-2024\/\" target=\"_blank\" rel=\"noopener\">Pozv\u00e1nka na Medzin\u00e1rodn\u00fd ve\u013etrh cvi\u010dn\u00fdch firiem Slovensko 2024<\/a><\/li>\n<li><a href=\"https:\/\/archiv.siov.sk\/en\/medzinarodny-veltrh-cvicnych-firiem-slovensko-2024\/\" target=\"_blank\" rel=\"noopener\">Medzin\u00e1rodn\u00fd ve\u013etrh cvi\u010dn\u00fdch firiem Slovensko 2024<\/a><\/li>\n<li><a href=\"https:\/\/archiv.siov.sk\/en\/ponuka-aktivit-pre-cvicne-firmy\/\" target=\"_blank\" rel=\"noopener\">Ponuka aktiv\u00edt pre cvi\u010dn\u00e9 firmy\u00a0<\/a><\/li>\n<li><a href=\"https:\/\/archiv.siov.sk\/en\/ako-zvolit-predmet-podnikania-nova-vzdelavacia-pomocka-pre-predmet-cvicna-firma\/\" target=\"_blank\" rel=\"noopener\">Ako zvoli\u0165 predmet podnikania &#8211; Nov\u00e1 vzdel\u00e1vacia pom\u00f4cka pre predmet Cvi\u010dn\u00e1 firma<\/a><\/li>\n<li><a href=\"https:\/\/archiv.siov.sk\/en\/prvy-rocnik-sutaze-podnikatelske-zrucnosti-v-cvicnej-firme-jupov\/\" target=\"_blank\" rel=\"noopener\">Prv\u00fd ro\u010dn\u00edk s\u00fa\u0165a\u017ee \u201ePodnikate\u013esk\u00e9 zru\u010dnosti v Cvi\u010dnej firme &#8211; JUPOV\u201c<\/a><\/li>\n<li><a href=\"https:\/\/archiv.siov.sk\/en\/mlady-tvorca-2024\/\" target=\"_blank\" rel=\"noopener\">Mlad\u00fd tvorca 2024<\/a><\/li>\n<li><a href=\"https:\/\/archiv.siov.sk\/en\/pozvanka-na-seminar-nova-aplikacia-sccf-jazyk-marketing-a-financna-gramotnost-v-cvicnej-firme\/\" target=\"_blank\" rel=\"noopener\">Pozv\u00e1nka na semin\u00e1r Nov\u00e1 aplik\u00e1cia SCCF, jazyk, marketing a finan\u010dn\u00e1 gramotnos\u0165 v cvi\u010dnej firme<\/a><\/li>\n<li><a href=\"https:\/\/archiv.siov.sk\/en\/pozvanka-na-seminar-marketing-a-financna-gramotnost-v-cvicnej-firme\/\" target=\"_blank\" rel=\"noopener\">Pozv\u00e1nka na semin\u00e1r Marketing a finan\u010dn\u00e1 gramotnos\u0165 v cvi\u010dnej firme<\/a><\/li>\n<li><a href=\"https:\/\/archiv.siov.sk\/wp-content\/uploads\/2024\/04\/MUB-VCF-jun-2024-.docx\">Pozv\u00e1nka na Ve\u013etrh cvi\u010dn\u00fdch firiem s t\u00e9mou ZODPOVEDN\u00c1 FIRMA 2024<\/a><\/li>\n<li><a href=\"https:\/\/archiv.siov.sk\/wp-content\/uploads\/2024\/04\/Clanok-Ostravsky-veletrh-prilezitosti-21.-3.-2024.docx\">Ostravsk\u00fd ve\u013etrh pr\u00edle\u017eitost\u00ed<\/a><\/li>\n<li><a href=\"https:\/\/archiv.siov.sk\/wp-content\/uploads\/2024\/04\/Clanok-29_-MVCF-Praha-2024-a-anketa-ucitela-CF.docx\">Medzin\u00e1rodn\u00fd ve\u013etrh cvi\u010dn\u00fdch firiem v\u00a0Prahe a\u00a0vyhodnotenie ankety Najlep\u0161\u00ed u\u010dite\u013e CF 2023<\/a><\/li>\n<li><a href=\"https:\/\/archiv.siov.sk\/en\/kontraktacne-dni-a-veltrh-cvicnych-firiem\/\" target=\"_blank\" rel=\"noopener\">Kontrakta\u010dn\u00e9 dni a ve\u013etrh cvi\u010dn\u00fdch firiem &#8211; marec 2024<\/a><\/li>\n<li><a href=\"https:\/\/archiv.siov.sk\/en\/jubilejny-kontraktacny-den-cvicnych-firiem-slovensko-vychod\/\" target=\"_blank\" rel=\"noopener\">Jubilejn\u00fd kontrakta\u010dn\u00fd de\u0148 cvi\u010dn\u00fdch firiem &#8211; Slovensko v\u00fdchod<\/a><\/li>\n<li><a href=\"https:\/\/archiv.siov.sk\/en\/vo-vystupoch-projektu-multina-najdete-vsetko-o-narodnej-cvicnej-firme\/\" target=\"_blank\" rel=\"noopener\">Vo v\u00fdstupoch projektu MULTINA n\u00e1jdete v\u0161etko o nadn\u00e1rodnej cvi\u010dnej firme<\/a><\/li>\n<li><a href=\"https:\/\/archiv.siov.sk\/en\/kontraktacne-dni-a-regionalne-veltrhy-cvicnych-firiem-slovensko-2024\/\" target=\"_blank\" rel=\"noopener\">Kontrakta\u010dn\u00e9 dni a region\u00e1lne ve\u013etrhy cvi\u010dn\u00fdch firiem Slovensko 2024<\/a><\/li>\n<li><a href=\"https:\/\/archiv.siov.sk\/en\/ziaci-zapojte-sa-do-ankety-najlepsi-vyucujuci-cvicnej-firmy-2023\/\" target=\"_blank\" rel=\"noopener\">Vyhl\u00e1senie 4. ro\u010dn\u00edka ankety Najlep\u0161\u00ed u\u010dite\u013e cvi\u010dnej firmy 2023<\/a><\/li>\n<li><a href=\"https:\/\/archiv.siov.sk\/en\/5-mub-line-veltrh-cvicnych-firiem-metropolitni-univerzity-praha-2023\/\" target=\"_blank\" rel=\"noopener\">5. MUB-line ve\u013etrh cvi\u010dn\u00fdch firiem Metropolitn\u00ed univerzity Praha 2023<\/a><\/li>\n<li><a href=\"https:\/\/archiv.siov.sk\/en\/medzinarodny-veltrh-cvicnych-firiem-slovensko-2023\/\">Medzin\u00e1rodn\u00fd ve\u013etrh cvi\u010dn\u00fdch firiem Slovensko 2023<\/a><\/li>\n<li><a href=\"https:\/\/archiv.siov.sk\/en\/seminare-pre-ucitelov-cvicnych-firiem\/\" target=\"_blank\" rel=\"noopener\">Semin\u00e1re pre u\u010dite\u013eov cvi\u010dn\u00fdch firiem &#8211; POZV\u00c1NKY S ODKAZOM NA PRIHL\u00c1SENIE<\/a><\/li>\n<li style=\"font-size: 15px;\"><a href=\"https:\/\/archiv.siov.sk\/wp-content\/uploads\/2023\/06\/Practice-Enterprise-Network-Newsletter-62023.docx\" target=\"_blank\" rel=\"noopener\">PEN Worldwide newsletter #4<\/a><\/li>\n<li style=\"font-size: 15px;\"><a href=\"https:\/\/archiv.siov.sk\/wp-content\/uploads\/2023\/04\/JUPOV-2023-Sutaze-CF_-kriteria-final_.pdf\" target=\"_blank\" rel=\"noopener\">JUPOV 2023 &#8211; S\u00fa\u0165a\u017ee cvi\u010dn\u00fdch firiem<\/a><\/li>\n<li style=\"font-size: 15px;\"><a href=\"https:\/\/archiv.siov.sk\/wp-content\/uploads\/2023\/04\/Final_Vyhlasenie_sutazeNajPZ.pdf\" target=\"_blank\" rel=\"noopener\">Vyhl\u00e1senie s\u00fa\u0165a\u017ee &#8222;Najlep\u0161\u00ed podnikate\u013esk\u00fd z\u00e1mer 2023&#8220; s medzin\u00e1rodnou \u00fa\u010das\u0165ou<\/a><\/li>\n<li style=\"font-size: 15px;\"><a href=\"https:\/\/archiv.siov.sk\/en\/absolutnym-vitazom-medzinarodneho-veltrhu-cvicnych-firiem-praha-2023-je-opat-slovenska-firma\/\" target=\"_blank\" rel=\"noopener\">Absol\u00fatnym v\u00ed\u0165azom Medzin\u00e1rodn\u00e9ho ve\u013etrhu cvi\u010dn\u00fdch firiem Praha 2023 je op\u00e4\u0165 slovensk\u00e1 firma<\/a><\/li>\n<li style=\"font-size: 15px;\"><a href=\"https:\/\/archiv.siov.sk\/en\/kosicky-veltrh-cvicnych-firiem-krajin-v4-2022\/\" target=\"_blank\" rel=\"noopener\">Ko\u0161ick\u00fd ve\u013etrh cvi\u010dn\u00fdch firiem kraj\u00edn V4 2022<\/a><\/li>\n<li style=\"font-size: 15px;\"><a href=\"https:\/\/archiv.siov.sk\/en\/na-veltrhu-cvicnych-firiem-v-ceskych-budejoviciach-bodovali-firmy-z-bratislavy\/\" target=\"_blank\" rel=\"noopener\">Na Ve\u013etrhu cvi\u010dn\u00fdch firiem v \u010cesk\u00fdch Budejoviciach bodovali firmy z Bratislavy<\/a><\/li>\n<li style=\"font-size: 15px;\"><a href=\"https:\/\/archiv.siov.sk\/en\/include\/\" target=\"_blank\" rel=\"noopener\">Projekt INCLUDE<\/a><\/li>\n<li style=\"font-size: 15px;\"><a href=\"https:\/\/archiv.siov.sk\/en\/medzinarodny-projekt-mesu-2\/\" target=\"_blank\" rel=\"noopener\">Projekt MULTINA\u00a0<\/a><\/li>\n<li style=\"font-size: 15px;\"><a href=\"https:\/\/archiv.siov.sk\/en\/hkd-a-putovne-kontraktacne-dni-slovenskeho-centra-cvicnych-firiem\/\" target=\"_blank\" rel=\"noopener\">HKD a Putovn\u00e9 kontrakta\u010dn\u00e9 dni Slovensk\u00e9ho centra cvi\u010dn\u00fdch firiem<\/a><\/li>\n<li style=\"font-size: 15px;\"><a href=\"https:\/\/archiv.siov.sk\/en\/10-rocnik-sutaze-najlepsi-podnikatelsky-zamer-s-medzinarodnou-ucastou\/\" target=\"_blank\" rel=\"noopener\">10. ro\u010dn\u00edk s\u00fa\u0165a\u017ee &#8222;Najlep\u0161\u00ed podnikate\u013esk\u00fd z\u00e1mer&#8220; s medzin\u00e1rodnou \u00fa\u010das\u0165ou<\/a><\/li>\n<li style=\"font-size: 15px;\"><a href=\"https:\/\/archiv.siov.sk\/en\/hlohovske-kontraktacne-dni-cvicnych-firiem-2022\/\" target=\"_blank\" rel=\"noopener\">Pozv\u00e1nka &#8211; Hlohovsk\u00e9 kontrakta\u010dn\u00e9 dni cvi\u010dn\u00fdch firiem 2022<\/a><\/li>\n<li style=\"font-size: 15px;\"><a href=\"https:\/\/archiv.siov.sk\/en\/ostravsky-veltrh-prilezitosti-2022\/\" target=\"_blank\" rel=\"noopener\">Ostravsk\u00fd ve\u013etrh pr\u00edle\u017eitost\u00ed 2022<\/a><\/li>\n<li style=\"font-size: 15px;\"><a style=\"color: #349637; outline: 0px;\" href=\"https:\/\/archiv.siov.sk\/en\/cvicne-firmy-v-kahramanmaras-projektove-stretnutie-v-turecku\/\" target=\"_blank\" rel=\"noopener\">Cvi\u010dn\u00e9 firmy v Kahramanmaras &#8211; projektov\u00e9 stretnutie v Turecku<\/a><\/li>\n<li style=\"font-size: 15px;\"><a style=\"color: #349637; outline: 0px;\" href=\"https:\/\/archiv.siov.sk\/wp-content\/uploads\/2022\/03\/Hradec-Kralove-2022.pdf\" target=\"_blank\" rel=\"noopener\">Ve\u013etrh cvi\u010dn\u00fdch firiem Hradec Kr\u00e1lov\u00e9 o\u010dami \u017eiakov<\/a><\/li>\n<li style=\"font-size: 15px;\"><a href=\"https:\/\/archiv.siov.sk\/wp-content\/uploads\/2022\/03\/Veltrh-FIF-Zatec.pdf\" target=\"_blank\" rel=\"noopener\">Ve\u013etrh cvi\u010dn\u00fdch firiem \u017datec o\u010dami \u017eiakov<\/a><\/li>\n<li style=\"font-size: 15px;\"><a href=\"https:\/\/archiv.siov.sk\/en\/pen-valentinsky-tyzden-obchodovania-2022\/\" target=\"_blank\" rel=\"noopener\">PEN Valent\u00ednsky t\u00fd\u017ede\u0148 obchodovania 2022<\/a><\/li>\n<li style=\"font-size: 15px;\"><a href=\"https:\/\/archiv.siov.sk\/en\/pripravovane-kontraktacne-dni-cvicnych-firiem\/\" target=\"_blank\" rel=\"noopener\">Pripravovan\u00e9 kontrakta\u010dn\u00e9 dni cvi\u010dn\u00fdch firiem<\/a><\/li>\n<li style=\"font-size: 15px;\"><a href=\"https:\/\/archiv.siov.sk\/en\/najlepsi-vyucujuci-cvicnej-firmy-2021\/\" target=\"_blank\" rel=\"noopener\">Najlep\u0161\u00ed vyu\u010duj\u00faci cvi\u010dnej firmy 2021<\/a><\/li>\n<li style=\"font-size: 15px;\"><a style=\"color: #349637; outline: 0px;\" href=\"http:\/\/www.sccf.sk\/sutaz-o-najlepsi-podnikatelsky-zamer-40.html\" target=\"_blank\" rel=\"noopener\">Vyhl\u00e1senie 9. ro\u010dn\u00edka celoslovenskej s\u00fa\u0165a\u017ee Najlep\u0161\u00ed podnikate\u013esk\u00fd z\u00e1mer \u017eiakov cvi\u010dn\u00fdch firiem<\/a><\/li>\n<li><a href=\"https:\/\/archiv.siov.sk\/en\/zbornik-z-konferencie-quo-vadis-financna-gramotnost-na-slovensku\/\" target=\"_blank\" rel=\"noopener\">Zborn\u00edk z konferencie &#8222;Quo Vadis finan\u010dn\u00e1 gramotnos\u0165 na Slovensku?&#8220;<\/a><\/li>\n<li><a href=\"https:\/\/archiv.siov.sk\/en\/cvicna-firma-na-slovensku-a-pen-worldwide-europen-pen-international\/\" target=\"_blank\" rel=\"noopener\">Cvi\u010dn\u00e1 firma na Slovensku a\u00a0PEN WorldWide \u2013 EUROPEN-PEN International<\/a><\/li>\n<li><a href=\"https:\/\/archiv.siov.sk\/en\/priklady-dobrej-praxe-cvicnej-firmy\/\" target=\"_blank\" rel=\"noopener noreferrer\">Bro\u017e\u00fara Pr\u00edklady dobrej praxe cvi\u010dnej firmy<\/a><\/li>\n<li><a href=\"http:\/\/www.sccf.sk\/medzinarodny-veltrh-cvicnych-firiem-2020-online-3a.html\" target=\"_blank\" rel=\"noopener noreferrer\">Medzin\u00e1rodn\u00fd online ve\u013etrh cvi\u010dn\u00fdch firiem 2020<\/a><\/li>\n<li><a href=\"https:\/\/archiv.siov.sk\/wp-content\/uploads\/2020\/06\/clanok-MUB-LINE.pdf\" target=\"_blank\" rel=\"noopener noreferrer\">MUB-LINE ve\u013etrh Praha o\u010darili slovensk\u00e9 cvi\u010dn\u00e9 firmy<\/a><\/li>\n<li><a href=\"https:\/\/archiv.siov.sk\/wp-content\/uploads\/2020\/02\/\u010cl\u00e1nok-VCF-Ostrava-2020.docx\" target=\"_blank\" rel=\"noopener noreferrer\">Ve\u013etrh cvi\u010dn\u00fdch firiem v Ostrave prevalcovali slovensk\u00e9 firmy<\/a><\/li>\n<li><a href=\"https:\/\/archiv.siov.sk\/wp-content\/uploads\/2020\/02\/MRCF-Olomouc-2020-v.pdf\" target=\"_blank\" rel=\"noopener noreferrer\">\u00daspech slovenskej cvi\u010dnej firmy na Medzin\u00e1rodnom region\u00e1lnom ve\u013etrhu v Olomouci<\/a><\/li>\n<li><a href=\"https:\/\/archiv.siov.sk\/wp-content\/uploads\/2020\/02\/\u010cl\u00e1nok-KD-CF-na-OA-Poprad-06_02_2020.docx\" target=\"_blank\" rel=\"noopener noreferrer\">Kontrakta\u010dn\u00fd de\u0148 cvi\u010dn\u00fdch firiem na Obchodnej akad\u00e9mii Poprad<\/a><\/li>\n<li><a href=\"https:\/\/archiv.siov.sk\/wp-content\/uploads\/2020\/02\/\u010cl\u00e1nok-RVCF-Brno_04_02_2020.docx\" target=\"_blank\" rel=\"noopener noreferrer\">Region\u00e1lny ve\u013etrh cvi\u010dn\u00fdch firiem v Brne<\/a><\/li>\n<li><a href=\"https:\/\/archiv.siov.sk\/wp-content\/uploads\/2020\/01\/KD-a-VCF-2020.docx\" target=\"_blank\" rel=\"noopener noreferrer\">Kontrakta\u010dn\u00e9 dni a ve\u013etrhy cvi\u010dn\u00fdch firiem v roku 2020<\/a><\/li>\n<li><a href=\"http:\/\/www.sccf.sk\/sutaz-o-najlepsi-podnikatelsky-zamer\/8-rocnik-sutaze-o-najlepsi-podnikatelsky-zamer-5c.html\" target=\"_blank\" rel=\"noopener\">Vyhodnotenie 8. ro\u010dn\u00edka s\u00fa\u0165a\u017ee Najlep\u0161\u00ed podnikate\u013esk\u00fd z\u00e1mer<\/a><\/li>\n<li><a href=\"https:\/\/archiv.siov.sk\/wp-content\/uploads\/2020\/01\/Vyhlasenie-8_rocnik-naj-podnikate\u013esk\u00fd-z\u00e1mer.docx\" target=\"_blank\" rel=\"noopener noreferrer\">Vyhl\u00e1senie 8. ro\u010dn\u00edka s\u00fa\u0165a\u017ee Najlep\u0161\u00ed podnikate\u013esk\u00fd z\u00e1mer<\/a><\/li>\n<li><a href=\"https:\/\/archiv.siov.sk\/wp-content\/uploads\/2019\/02\/Pozvanka_MVCF.docx\" target=\"_blank\" rel=\"noopener noreferrer\">Pozv\u00e1nka na Medzin\u00e1rodn\u00fd ve\u013etrh cvi\u010dn\u00fdch firiem 2018<\/a><\/li>\n<li><a href=\"https:\/\/archiv.siov.sk\/wp-content\/uploads\/2019\/02\/riaditelsky-list.pdf\" target=\"_blank\" rel=\"noopener noreferrer\">Inform\u00e1cie\u00a0o 15. Medzin\u00e1rodnom ve\u013etrhu CF v Ko\u0161iciac<\/a>h<\/li>\n<\/ul>","protected":false},"excerpt":{"rendered":"<p>Aktuality &#8211; cvi\u010dn\u00e9 firmy &nbsp; Slovensk\u00e9 centrum cvi\u010dn\u00fdch firiem a finan\u010dn\u00e1 gramotnos\u0165 Slovensk\u00e9 centrum cvi\u010dn\u00fdch firiem (SCCF) ako s\u00fa\u010das\u0165 \u0160t\u00e1tneho in\u0161tit\u00fatu odborn\u00e9ho vzdel\u00e1vania pos\u00fava podnikate\u013esk\u00e9 vzdel\u00e1vanie a finan\u010dn\u00fa gramotnos\u0165 na Slovensku na nov\u00fa \u00farove\u0148. Prin\u00e1\u0161ame do \u0161k\u00f4l modern\u00e9 podnikate\u013esk\u00e9 vzdel\u00e1vanie a finan\u010dn\u00fa gramotnos\u0165, ktor\u00e9 pripravuj\u00fa mlad\u00fdch \u013eud\u00ed na re\u00e1lny \u017eivot. Na\u0161ou \u00falohou je, aby podnikate\u013esk\u00e9 [&hellip;]<\/p>\n","protected":false},"author":1,"featured_media":0,"parent":103,"menu_order":0,"comment_status":"closed","ping_status":"closed","template":"","meta":{"site-sidebar-layout":"default","site-content-layout":"default","ast-site-content-layout":"default","site-content-style":"default","site-sidebar-style":"default","ast-global-header-display":"","ast-banner-title-visibility":"","ast-main-header-display":"","ast-hfb-above-header-display":"","ast-hfb-below-header-display":"","ast-hfb-mobile-header-display":"","site-post-title":"disabled","ast-breadcrumbs-content":"","ast-featured-img":"","footer-sml-layout":"","ast-disable-related-posts":"","theme-transparent-header-meta":"default","adv-header-id-meta":"","stick-header-meta":"default","header-above-stick-meta":"","header-main-stick-meta":"","header-below-stick-meta":"","astra-migrate-meta-layouts":"set","ast-page-background-enabled":"default","ast-page-background-meta":{"desktop":{"background-color":"var(--ast-global-color-4)","background-image":"","background-repeat":"repeat","background-position":"center center","background-size":"auto","background-attachment":"scroll","background-type":"","background-media":"","overlay-type":"","overlay-color":"","overlay-opacity":"","overlay-gradient":""},"tablet":{"background-color":"","background-image":"","background-repeat":"repeat","background-position":"center center","background-size":"auto","background-attachment":"scroll","background-type":"","background-media":"","overlay-type":"","overlay-color":"","overlay-opacity":"","overlay-gradient":""},"mobile":{"background-color":"","background-image":"","background-repeat":"repeat","background-position":"center center","background-size":"auto","background-attachment":"scroll","background-type":"","background-media":"","overlay-type":"","overlay-color":"","overlay-opacity":"","overlay-gradient":""}},"ast-content-background-meta":{"desktop":{"background-color":"var(--ast-global-color-5)","background-image":"","background-repeat":"repeat","background-position":"center center","background-size":"auto","background-attachment":"scroll","background-type":"","background-media":"","overlay-type":"","overlay-color":"","overlay-opacity":"","overlay-gradient":""},"tablet":{"background-color":"var(--ast-global-color-5)","background-image":"","background-repeat":"repeat","background-position":"center center","background-size":"auto","background-attachment":"scroll","background-type":"","background-media":"","overlay-type":"","overlay-color":"","overlay-opacity":"","overlay-gradient":""},"mobile":{"background-color":"var(--ast-global-color-5)","background-image":"","background-repeat":"repeat","background-position":"center center","background-size":"auto","background-attachment":"scroll","background-type":"","background-media":"","overlay-type":"","overlay-color":"","overlay-opacity":"","overlay-gradient":""}},"footnotes":""},"class_list":["post-108","page","type-page","status-publish","hentry"],"yoast_head":"<!-- This site is optimized with the Yoast SEO plugin v27.5 - https:\/\/yoast.com\/product\/yoast-seo-wordpress\/ -->\n<title>Aktuality - cvi\u010dn\u00e9 firmy - \u0160IOV - \u0161t\u00e1tny in\u0161tit\u00fat odborn\u00e9ho vzdel\u00e1vania<\/title>\n<meta name=\"robots\" content=\"index, follow, max-snippet:-1, max-image-preview:large, max-video-preview:-1\" \/>\n<link rel=\"canonical\" href=\"https:\/\/archiv.siov.sk\/en\/cvicne-firmy\/aktuality-cvicne-firmy\/\" \/>\n<meta property=\"og:locale\" content=\"en_GB\" \/>\n<meta property=\"og:type\" content=\"article\" \/>\n<meta property=\"og:title\" content=\"Aktuality - cvi\u010dn\u00e9 firmy - \u0160IOV - \u0161t\u00e1tny in\u0161tit\u00fat odborn\u00e9ho vzdel\u00e1vania\" \/>\n<meta property=\"og:description\" content=\"Aktuality &#8211; cvi\u010dn\u00e9 firmy &nbsp; Slovensk\u00e9 centrum cvi\u010dn\u00fdch firiem a finan\u010dn\u00e1 gramotnos\u0165 Slovensk\u00e9 centrum cvi\u010dn\u00fdch firiem (SCCF) ako s\u00fa\u010das\u0165 \u0160t\u00e1tneho in\u0161tit\u00fatu odborn\u00e9ho vzdel\u00e1vania pos\u00fava podnikate\u013esk\u00e9 vzdel\u00e1vanie a finan\u010dn\u00fa gramotnos\u0165 na Slovensku na nov\u00fa \u00farove\u0148. Prin\u00e1\u0161ame do \u0161k\u00f4l modern\u00e9 podnikate\u013esk\u00e9 vzdel\u00e1vanie a finan\u010dn\u00fa gramotnos\u0165, ktor\u00e9 pripravuj\u00fa mlad\u00fdch \u013eud\u00ed na re\u00e1lny \u017eivot. Na\u0161ou \u00falohou je, aby podnikate\u013esk\u00e9 [&hellip;]\" \/>\n<meta property=\"og:url\" content=\"https:\/\/archiv.siov.sk\/en\/cvicne-firmy\/aktuality-cvicne-firmy\/\" \/>\n<meta property=\"og:site_name\" content=\"\u0160IOV - \u0161t\u00e1tny in\u0161tit\u00fat odborn\u00e9ho vzdel\u00e1vania\" \/>\n<meta property=\"article:publisher\" content=\"https:\/\/www.facebook.com\/Statnyinstitutodbornehovzdelavania\" \/>\n<meta property=\"article:modified_time\" content=\"2026-01-27T14:08:10+00:00\" \/>\n<meta property=\"og:image\" content=\"https:\/\/archiv.siov.sk\/wp-content\/uploads\/2025\/08\/SIOV-BizStarter-1080-x-1080-px-380-x-380-px-1-150x150.jpg\" \/>\n<meta name=\"twitter:card\" content=\"summary_large_image\" \/>\n<meta name=\"twitter:label1\" content=\"Estimated reading time\" \/>\n\t<meta name=\"twitter:data1\" content=\"5 minutes\" \/>\n<script type=\"application\/ld+json\" class=\"yoast-schema-graph\">{\"@context\":\"https:\\\/\\\/schema.org\",\"@graph\":[{\"@type\":\"WebPage\",\"@id\":\"https:\\\/\\\/archiv.siov.sk\\\/en\\\/cvicne-firmy\\\/aktuality-cvicne-firmy\\\/\",\"url\":\"https:\\\/\\\/archiv.siov.sk\\\/en\\\/cvicne-firmy\\\/aktuality-cvicne-firmy\\\/\",\"name\":\"Aktuality - cvi\u010dn\u00e9 firmy - \u0160IOV - \u0161t\u00e1tny in\u0161tit\u00fat odborn\u00e9ho vzdel\u00e1vania\",\"isPartOf\":{\"@id\":\"https:\\\/\\\/archiv.siov.sk\\\/#website\"},\"primaryImageOfPage\":{\"@id\":\"https:\\\/\\\/archiv.siov.sk\\\/en\\\/cvicne-firmy\\\/aktuality-cvicne-firmy\\\/#primaryimage\"},\"image\":{\"@id\":\"https:\\\/\\\/archiv.siov.sk\\\/en\\\/cvicne-firmy\\\/aktuality-cvicne-firmy\\\/#primaryimage\"},\"thumbnailUrl\":\"https:\\\/\\\/archiv.siov.sk\\\/wp-content\\\/uploads\\\/2025\\\/08\\\/SIOV-BizStarter-1080-x-1080-px-380-x-380-px-1-150x150.jpg\",\"datePublished\":\"2019-01-25T09:39:52+00:00\",\"dateModified\":\"2026-01-27T14:08:10+00:00\",\"breadcrumb\":{\"@id\":\"https:\\\/\\\/archiv.siov.sk\\\/en\\\/cvicne-firmy\\\/aktuality-cvicne-firmy\\\/#breadcrumb\"},\"inLanguage\":\"en-GB\",\"potentialAction\":[{\"@type\":\"ReadAction\",\"target\":[\"https:\\\/\\\/archiv.siov.sk\\\/en\\\/cvicne-firmy\\\/aktuality-cvicne-firmy\\\/\"]}]},{\"@type\":\"ImageObject\",\"inLanguage\":\"en-GB\",\"@id\":\"https:\\\/\\\/archiv.siov.sk\\\/en\\\/cvicne-firmy\\\/aktuality-cvicne-firmy\\\/#primaryimage\",\"url\":\"https:\\\/\\\/archiv.siov.sk\\\/wp-content\\\/uploads\\\/2025\\\/08\\\/SIOV-BizStarter-1080-x-1080-px-380-x-380-px-1-150x150.jpg\",\"contentUrl\":\"https:\\\/\\\/archiv.siov.sk\\\/wp-content\\\/uploads\\\/2025\\\/08\\\/SIOV-BizStarter-1080-x-1080-px-380-x-380-px-1-150x150.jpg\"},{\"@type\":\"BreadcrumbList\",\"@id\":\"https:\\\/\\\/archiv.siov.sk\\\/en\\\/cvicne-firmy\\\/aktuality-cvicne-firmy\\\/#breadcrumb\",\"itemListElement\":[{\"@type\":\"ListItem\",\"position\":1,\"name\":\"Home\",\"item\":\"https:\\\/\\\/archiv.siov.sk\\\/\"},{\"@type\":\"ListItem\",\"position\":2,\"name\":\"SLOVENSK\u00c9 CENTRUM CVI\u010cN\u00ddCH FIRIEM\",\"item\":\"https:\\\/\\\/archiv.siov.sk\\\/cvicne-firmy\\\/\"},{\"@type\":\"ListItem\",\"position\":3,\"name\":\"Aktuality &#8211; cvi\u010dn\u00e9 firmy\"}]},{\"@type\":\"WebSite\",\"@id\":\"https:\\\/\\\/archiv.siov.sk\\\/#website\",\"url\":\"https:\\\/\\\/archiv.siov.sk\\\/\",\"name\":\"\u0160IOV - \u0161t\u00e1tny in\u0161tit\u00fat odborn\u00e9ho vzdel\u00e1vania\",\"description\":\"\",\"publisher\":{\"@id\":\"https:\\\/\\\/archiv.siov.sk\\\/#organization\"},\"potentialAction\":[{\"@type\":\"SearchAction\",\"target\":{\"@type\":\"EntryPoint\",\"urlTemplate\":\"https:\\\/\\\/archiv.siov.sk\\\/?s={search_term_string}\"},\"query-input\":{\"@type\":\"PropertyValueSpecification\",\"valueRequired\":true,\"valueName\":\"search_term_string\"}}],\"inLanguage\":\"en-GB\"},{\"@type\":\"Organization\",\"@id\":\"https:\\\/\\\/archiv.siov.sk\\\/#organization\",\"name\":\"\u0160IOV - \u0161t\u00e1tny in\u0161tit\u00fat odborn\u00e9ho vzdel\u00e1vania\",\"url\":\"https:\\\/\\\/archiv.siov.sk\\\/\",\"logo\":{\"@type\":\"ImageObject\",\"inLanguage\":\"en-GB\",\"@id\":\"https:\\\/\\\/archiv.siov.sk\\\/#\\\/schema\\\/logo\\\/image\\\/\",\"url\":\"https:\\\/\\\/archiv.siov.sk\\\/wp-content\\\/uploads\\\/2024\\\/02\\\/logo-SIOV.png\",\"contentUrl\":\"https:\\\/\\\/archiv.siov.sk\\\/wp-content\\\/uploads\\\/2024\\\/02\\\/logo-SIOV.png\",\"width\":431,\"height\":143,\"caption\":\"\u0160IOV - \u0161t\u00e1tny in\u0161tit\u00fat odborn\u00e9ho vzdel\u00e1vania\"},\"image\":{\"@id\":\"https:\\\/\\\/archiv.siov.sk\\\/#\\\/schema\\\/logo\\\/image\\\/\"},\"sameAs\":[\"https:\\\/\\\/www.facebook.com\\\/Statnyinstitutodbornehovzdelavania\"]}]}<\/script>\n<!-- \/ Yoast SEO plugin. -->","yoast_head_json":{"title":"Aktuality - cvi\u010dn\u00e9 firmy - \u0160IOV - \u0161t\u00e1tny in\u0161tit\u00fat odborn\u00e9ho vzdel\u00e1vania","robots":{"index":"index","follow":"follow","max-snippet":"max-snippet:-1","max-image-preview":"max-image-preview:large","max-video-preview":"max-video-preview:-1"},"canonical":"https:\/\/archiv.siov.sk\/en\/cvicne-firmy\/aktuality-cvicne-firmy\/","og_locale":"en_GB","og_type":"article","og_title":"Aktuality - cvi\u010dn\u00e9 firmy - \u0160IOV - \u0161t\u00e1tny in\u0161tit\u00fat odborn\u00e9ho vzdel\u00e1vania","og_description":"Aktuality &#8211; cvi\u010dn\u00e9 firmy &nbsp; Slovensk\u00e9 centrum cvi\u010dn\u00fdch firiem a finan\u010dn\u00e1 gramotnos\u0165 Slovensk\u00e9 centrum cvi\u010dn\u00fdch firiem (SCCF) ako s\u00fa\u010das\u0165 \u0160t\u00e1tneho in\u0161tit\u00fatu odborn\u00e9ho vzdel\u00e1vania pos\u00fava podnikate\u013esk\u00e9 vzdel\u00e1vanie a finan\u010dn\u00fa gramotnos\u0165 na Slovensku na nov\u00fa \u00farove\u0148. Prin\u00e1\u0161ame do \u0161k\u00f4l modern\u00e9 podnikate\u013esk\u00e9 vzdel\u00e1vanie a finan\u010dn\u00fa gramotnos\u0165, ktor\u00e9 pripravuj\u00fa mlad\u00fdch \u013eud\u00ed na re\u00e1lny \u017eivot. Na\u0161ou \u00falohou je, aby podnikate\u013esk\u00e9 [&hellip;]","og_url":"https:\/\/archiv.siov.sk\/en\/cvicne-firmy\/aktuality-cvicne-firmy\/","og_site_name":"\u0160IOV - \u0161t\u00e1tny in\u0161tit\u00fat odborn\u00e9ho vzdel\u00e1vania","article_publisher":"https:\/\/www.facebook.com\/Statnyinstitutodbornehovzdelavania","article_modified_time":"2026-01-27T14:08:10+00:00","og_image":[{"url":"https:\/\/archiv.siov.sk\/wp-content\/uploads\/2025\/08\/SIOV-BizStarter-1080-x-1080-px-380-x-380-px-1-150x150.jpg","type":"","width":"","height":""}],"twitter_card":"summary_large_image","twitter_misc":{"Estimated reading time":"5 minutes"},"schema":{"@context":"https:\/\/schema.org","@graph":[{"@type":"WebPage","@id":"https:\/\/archiv.siov.sk\/en\/cvicne-firmy\/aktuality-cvicne-firmy\/","url":"https:\/\/archiv.siov.sk\/en\/cvicne-firmy\/aktuality-cvicne-firmy\/","name":"Aktuality - cvi\u010dn\u00e9 firmy - \u0160IOV - \u0161t\u00e1tny in\u0161tit\u00fat odborn\u00e9ho vzdel\u00e1vania","isPartOf":{"@id":"https:\/\/archiv.siov.sk\/#website"},"primaryImageOfPage":{"@id":"https:\/\/archiv.siov.sk\/en\/cvicne-firmy\/aktuality-cvicne-firmy\/#primaryimage"},"image":{"@id":"https:\/\/archiv.siov.sk\/en\/cvicne-firmy\/aktuality-cvicne-firmy\/#primaryimage"},"thumbnailUrl":"https:\/\/archiv.siov.sk\/wp-content\/uploads\/2025\/08\/SIOV-BizStarter-1080-x-1080-px-380-x-380-px-1-150x150.jpg","datePublished":"2019-01-25T09:39:52+00:00","dateModified":"2026-01-27T14:08:10+00:00","breadcrumb":{"@id":"https:\/\/archiv.siov.sk\/en\/cvicne-firmy\/aktuality-cvicne-firmy\/#breadcrumb"},"inLanguage":"en-GB","potentialAction":[{"@type":"ReadAction","target":["https:\/\/archiv.siov.sk\/en\/cvicne-firmy\/aktuality-cvicne-firmy\/"]}]},{"@type":"ImageObject","inLanguage":"en-GB","@id":"https:\/\/archiv.siov.sk\/en\/cvicne-firmy\/aktuality-cvicne-firmy\/#primaryimage","url":"https:\/\/archiv.siov.sk\/wp-content\/uploads\/2025\/08\/SIOV-BizStarter-1080-x-1080-px-380-x-380-px-1-150x150.jpg","contentUrl":"https:\/\/archiv.siov.sk\/wp-content\/uploads\/2025\/08\/SIOV-BizStarter-1080-x-1080-px-380-x-380-px-1-150x150.jpg"},{"@type":"BreadcrumbList","@id":"https:\/\/archiv.siov.sk\/en\/cvicne-firmy\/aktuality-cvicne-firmy\/#breadcrumb","itemListElement":[{"@type":"ListItem","position":1,"name":"Home","item":"https:\/\/archiv.siov.sk\/"},{"@type":"ListItem","position":2,"name":"SLOVENSK\u00c9 CENTRUM CVI\u010cN\u00ddCH FIRIEM","item":"https:\/\/archiv.siov.sk\/cvicne-firmy\/"},{"@type":"ListItem","position":3,"name":"Aktuality &#8211; cvi\u010dn\u00e9 firmy"}]},{"@type":"WebSite","@id":"https:\/\/archiv.siov.sk\/#website","url":"https:\/\/archiv.siov.sk\/","name":"\u0160IOV - \u0161t\u00e1tny in\u0161tit\u00fat odborn\u00e9ho vzdel\u00e1vania","description":"","publisher":{"@id":"https:\/\/archiv.siov.sk\/#organization"},"potentialAction":[{"@type":"SearchAction","target":{"@type":"EntryPoint","urlTemplate":"https:\/\/archiv.siov.sk\/?s={search_term_string}"},"query-input":{"@type":"PropertyValueSpecification","valueRequired":true,"valueName":"search_term_string"}}],"inLanguage":"en-GB"},{"@type":"Organization","@id":"https:\/\/archiv.siov.sk\/#organization","name":"\u0160IOV - \u0161t\u00e1tny in\u0161tit\u00fat odborn\u00e9ho vzdel\u00e1vania","url":"https:\/\/archiv.siov.sk\/","logo":{"@type":"ImageObject","inLanguage":"en-GB","@id":"https:\/\/archiv.siov.sk\/#\/schema\/logo\/image\/","url":"https:\/\/archiv.siov.sk\/wp-content\/uploads\/2024\/02\/logo-SIOV.png","contentUrl":"https:\/\/archiv.siov.sk\/wp-content\/uploads\/2024\/02\/logo-SIOV.png","width":431,"height":143,"caption":"\u0160IOV - \u0161t\u00e1tny in\u0161tit\u00fat odborn\u00e9ho vzdel\u00e1vania"},"image":{"@id":"https:\/\/archiv.siov.sk\/#\/schema\/logo\/image\/"},"sameAs":["https:\/\/www.facebook.com\/Statnyinstitutodbornehovzdelavania"]}]}},"_links":{"self":[{"href":"https:\/\/archiv.siov.sk\/en\/wp-json\/wp\/v2\/pages\/108","targetHints":{"allow":["GET"]}}],"collection":[{"href":"https:\/\/archiv.siov.sk\/en\/wp-json\/wp\/v2\/pages"}],"about":[{"href":"https:\/\/archiv.siov.sk\/en\/wp-json\/wp\/v2\/types\/page"}],"author":[{"embeddable":true,"href":"https:\/\/archiv.siov.sk\/en\/wp-json\/wp\/v2\/users\/1"}],"replies":[{"embeddable":true,"href":"https:\/\/archiv.siov.sk\/en\/wp-json\/wp\/v2\/comments?post=108"}],"version-history":[{"count":187,"href":"https:\/\/archiv.siov.sk\/en\/wp-json\/wp\/v2\/pages\/108\/revisions"}],"predecessor-version":[{"id":22435,"href":"https:\/\/archiv.siov.sk\/en\/wp-json\/wp\/v2\/pages\/108\/revisions\/22435"}],"up":[{"embeddable":true,"href":"https:\/\/archiv.siov.sk\/en\/wp-json\/wp\/v2\/pages\/103"}],"wp:attachment":[{"href":"https:\/\/archiv.siov.sk\/en\/wp-json\/wp\/v2\/media?parent=108"}],"curies":[{"name":"wp","href":"https:\/\/api.w.org\/{rel}","templated":true}]}}